{"id":385,"date":"2017-12-04T01:29:05","date_gmt":"2017-12-04T01:29:05","guid":{"rendered":"http:\/\/hardouvelis.gr\/?page_id=385"},"modified":"2025-12-11T12:07:11","modified_gmt":"2025-12-11T10:07:11","slug":"photo-gallery","status":"publish","type":"page","link":"https:\/\/hardouvelis.gr\/el\/photo-gallery\/","title":{"rendered":"\u03a6\u03c9\u03c4\u03bf\u03b3\u03c1\u03b1\u03c6\u03af\u03b5\u03c2"},"content":{"rendered":"<div class=\"wpb-content-wrapper\"><p>\u0395\u03b3\u03ba\u03b1\u03af\u03bd\u03b9\u03b1 \u03b3\u03b9\u03b1 \u03c4\u03b7\u03bd \u03bf\u03bb\u03bf\u03ba\u03bb\u03ae\u03c1\u03c9\u03c3\u03b7 \u03c4\u03b7\u03c2 \u0391\u2019 \u03c6\u03ac\u03c3\u03b7\u03c2 \u03c4\u03c9\u03bd \u03ad\u03c1\u03b3\u03c9\u03bd \u03b1\u03bd\u03b1\u03ba\u03b1\u03b9\u03bd\u03af\u03c3\u03b5\u03c9\u03c2 \u03ba\u03b1\u03b9 \u03c3\u03b5\u03b9\u03c3\u03bc\u03b9\u03ba\u03ae\u03c2 \u03b8\u03c9\u03c1\u03b1\u03ba\u03af\u03c3\u03b5\u03c9\u03c2 \u03c4\u03bf\u03c5 \u03ba\u03c4\u03b7\u03c1\u03af\u03bf\u03c5 \u03c4\u03bf\u03c5 \u03b9\u03c3\u03c4\u03bf\u03c1\u03b9\u03ba\u03bf\u03cd \u0396\u03c9\u03b3\u03c1\u03b1\u03c6\u03b5\u03af\u03bf\u03c5.\">\n\t\t\t\t\t\t\t\t\n\t\t\t\t\t\t\t\t\t\t\t\t\t\t\t\t\t<img loading=\"lazy\" decoding=\"async\" width=\"627\" height=\"468\" src=\"https:\/\/hardouvelis.gr\/wp-content\/uploads\/inauguration-ceremony-zografeion-building.jpeg\" class=\"wd-gallery-image image-4 attachment-full\" alt=\"\" title=\"\u0395\u03b3\u03ba\u03b1\u03af\u03bd\u03b9\u03b1 \u03b3\u03b9\u03b1 \u03c4\u03b7\u03bd \u03bf\u03bb\u03bf\u03ba\u03bb\u03ae\u03c1\u03c9\u03c3\u03b7 \u03c4\u03b7\u03c2 \u0391\u2019 \u03c6\u03ac\u03c3\u03b7\u03c2 \u03c4\u03c9\u03bd \u03ad\u03c1\u03b3\u03c9\u03bd \u03b1\u03bd\u03b1\u03ba\u03b1\u03b9\u03bd\u03af\u03c3\u03b5\u03c9\u03c2 \u03ba\u03b1\u03b9 \u03c3\u03b5\u03b9\u03c3\u03bc\u03b9\u03ba\u03ae\u03c2 \u03b8\u03c9\u03c1\u03b1\u03ba\u03af\u03c3\u03b5\u03c9\u03c2 \u03c4\u03bf\u03c5 \u03ba\u03c4\u03b7\u03c1\u03af\u03bf\u03c5 \u03c4\u03bf\u03c5 \u03b9\u03c3\u03c4\u03bf\u03c1\u03b9\u03ba\u03bf\u03cd \u0396\u03c9\u03b3\u03c1\u03b1\u03c6\u03b5\u03af\u03bf\u03c5.\" srcset=\"https:\/\/hardouvelis.gr\/wp-content\/uploads\/inauguration-ceremony-zografeion-building.jpeg 627w, https:\/\/hardouvelis.gr\/wp-content\/uploads\/inauguration-ceremony-zografeion-building-300x224.jpeg 300w\" sizes=\"auto, (max-width: 627px) 100vw, 627px\" \/>\t\t\t\t\t\t\t\t\n\n\t\t\t\t\t\t\t\t\t\t\t\t\t\t\t<\/a>\n\t\t\t\t\t\t\t\t\t\t\t\t<\/div>\n\t\t\t\t\t\t\t\t\t\t\t<div class=\"wd-gallery-item\">\n\t\t\t\t\t\t\t\t\t\t\t\t\t\t<a href=\"https:\/\/hardouvelis.gr\/wp-content\/uploads\/hellenic-american-chamber-of-commerce-gkikas-hardouvelis-kimberly-guilfoyle-1.jpg\" data-elementor-open-lightbox=\"no\" data-index=\"5\" data-width=\"1000\" data-height=\"750\"  title=\"Mr. Gikas Hardouvelis attended a closed dinner organized by the Hellenic-American Chamber of Commerce for AmCham GR Board Members, with guest of honor U.S. Ambassador Kimberly Guilfoyle.\">\n\t\t\t\t\t\t\t\t\n\t\t\t\t\t\t\t\t\t\t\t\t\t\t\t\t\t<img loading=\"lazy\" decoding=\"async\" width=\"1000\" height=\"750\" src=\"https:\/\/hardouvelis.gr\/wp-content\/uploads\/hellenic-american-chamber-of-commerce-gkikas-hardouvelis-kimberly-guilfoyle-1.jpg\" class=\"wd-gallery-image image-5 attachment-full\" alt=\"\" title=\"Mr. Gikas Hardouvelis attended a closed dinner organized by the Hellenic-American Chamber of Commerce for AmCham GR Board Members, with guest of honor U.S. Ambassador Kimberly Guilfoyle.\" srcset=\"https:\/\/hardouvelis.gr\/wp-content\/uploads\/hellenic-american-chamber-of-commerce-gkikas-hardouvelis-kimberly-guilfoyle-1.jpg 1000w, https:\/\/hardouvelis.gr\/wp-content\/uploads\/hellenic-american-chamber-of-commerce-gkikas-hardouvelis-kimberly-guilfoyle-1-300x225.jpg 300w, https:\/\/hardouvelis.gr\/wp-content\/uploads\/hellenic-american-chamber-of-commerce-gkikas-hardouvelis-kimberly-guilfoyle-1-768x576.jpg 768w\" sizes=\"auto, (max-width: 1000px) 100vw, 1000px\" \/>\t\t\t\t\t\t\t\t\n\n\t\t\t\t\t\t\t\t\t\t\t\t\t\t\t<\/a>\n\t\t\t\t\t\t\t\t\t\t\t\t<\/div>\n\t\t\t\t\t\t\t\t\t\t\t\t<\/div>\n\t\t<\/div>\n\t\t\t\t\t<link rel=\"stylesheet\" id=\"wd-justified-css\" href=\"https:\/\/hardouvelis.gr\/wp-content\/themes\/woodmart\/css\/parts\/lib-justified-gallery.min.css?ver=7.2.2\" type=\"text\/css\" media=\"all\" \/> \t\t\t\t\t[\/vc_tta_section][vc_tta_section title=&#8221;2024&#8243; tab_id=&#8221;1749832876983-f08beabe-89d2&#8243;]\t\t<div id=\"gallery_450\" class=\"wd-images-gallery wd-rs-67af7337269a8 wd-justify-center wd-items-middle view-justified photoswipe-images\" >\n\t\t\t<div class=\"gallery-images\">\n\t\t\t\t\t\t\t\t\t\t\t\t\t\t\t<div class=\"wd-gallery-item\">\n\t\t\t\t\t\t\t\t\t\t\t\t\t\t<a href=\"https:\/\/hardouvelis.gr\/wp-content\/uploads\/GJ9Y0426.jpg\" data-elementor-open-lightbox=\"no\" data-index=\"1\" data-width=\"1500\" data-height=\"1000\"  title=\"The Hellenic Bank Association edited and hosted, on April 15, 2024,  the book launch of Charles H. Dallara&#039;s latest work, entitled &quot;Euroshock, how the largest Debt Restructuring in History Helped Save Greece and Preserve the Eurozone&quot;. Under the coordination of Professor Mr. Gikas Hardouvelis (from left to right), the debate was attended by, apart from the author Mr. Dallara himself, the former Prime Minister Mr. Loukas Papademos and the Professor and former Deputy Prime Minister Mr. Evangelos Venizelos.\">\n\t\t\t\t\t\t\t\t\n\t\t\t\t\t\t\t\t\t\t\t\t\t\t\t\t\t<img loading=\"lazy\" decoding=\"async\" width=\"1500\" height=\"1000\" src=\"https:\/\/hardouvelis.gr\/wp-content\/uploads\/GJ9Y0426.jpg\" class=\"wd-gallery-image image-1 attachment-full\" alt=\"\" title=\"The Hellenic Bank Association edited and hosted, on April 15, 2024,  the book launch of Charles H. Dallara&#039;s latest work, entitled &quot;Euroshock, how the largest Debt Restructuring in History Helped Save Greece and Preserve the Eurozone&quot;. Under the coordination of Professor Mr. Gikas Hardouvelis (from left to right), the debate was attended by, apart from the author Mr. Dallara himself, the former Prime Minister Mr. Loukas Papademos and the Professor and former Deputy Prime Minister Mr. Evangelos Venizelos.\" srcset=\"https:\/\/hardouvelis.gr\/wp-content\/uploads\/GJ9Y0426.jpg 1500w, https:\/\/hardouvelis.gr\/wp-content\/uploads\/GJ9Y0426-300x200.jpg 300w, https:\/\/hardouvelis.gr\/wp-content\/uploads\/GJ9Y0426-1024x683.jpg 1024w, https:\/\/hardouvelis.gr\/wp-content\/uploads\/GJ9Y0426-768x512.jpg 768w, https:\/\/hardouvelis.gr\/wp-content\/uploads\/GJ9Y0426-272x182.jpg 272w\" sizes=\"auto, (max-width: 1500px) 100vw, 1500px\" \/>\t\t\t\t\t\t\t\t\n\n\t\t\t\t\t\t\t\t\t\t\t\t\t\t\t<\/a>\n\t\t\t\t\t\t\t\t\t\t\t\t<\/div>\n\t\t\t\t\t\t\t\t\t\t\t<div class=\"wd-gallery-item\">\n\t\t\t\t\t\t\t\t\t\t\t\t\t\t<a href=\"https:\/\/hardouvelis.gr\/wp-content\/uploads\/16-Copy-scaled.jpg\" data-elementor-open-lightbox=\"no\" data-index=\"2\" data-width=\"2560\" data-height=\"1708\"  title=\"From the opening of the &quot;Endyma Psihis&quot; (Clothes of the Soul) Exhibition of the Papageorgiou Foundation, which was hosted at the Educational Foundation of the National Bank (MIET). In the photo Mr. Georgios N. Papageorgiou, Chairman of the BoD of the Papageorgiou Foundation and Mr. Gikas Hardouvelis.\">\n\t\t\t\t\t\t\t\t\n\t\t\t\t\t\t\t\t\t\t\t\t\t\t\t\t\t<img loading=\"lazy\" decoding=\"async\" width=\"2560\" height=\"1708\" src=\"https:\/\/hardouvelis.gr\/wp-content\/uploads\/16-Copy-scaled.jpg\" class=\"wd-gallery-image image-2 attachment-full\" alt=\"\" title=\"From the opening of the &quot;Endyma Psihis&quot; (Clothes of the Soul) Exhibition of the Papageorgiou Foundation, which was hosted at the Educational Foundation of the National Bank (MIET). In the photo Mr. Georgios N. Papageorgiou, Chairman of the BoD of the Papageorgiou Foundation and Mr. Gikas Hardouvelis.\" srcset=\"https:\/\/hardouvelis.gr\/wp-content\/uploads\/16-Copy-scaled.jpg 2560w, https:\/\/hardouvelis.gr\/wp-content\/uploads\/16-Copy-300x200.jpg 300w, https:\/\/hardouvelis.gr\/wp-content\/uploads\/16-Copy-1024x683.jpg 1024w, https:\/\/hardouvelis.gr\/wp-content\/uploads\/16-Copy-768x512.jpg 768w, https:\/\/hardouvelis.gr\/wp-content\/uploads\/16-Copy-1536x1025.jpg 1536w, https:\/\/hardouvelis.gr\/wp-content\/uploads\/16-Copy-2048x1366.jpg 2048w, https:\/\/hardouvelis.gr\/wp-content\/uploads\/16-Copy-272x182.jpg 272w\" sizes=\"auto, (max-width: 2560px) 100vw, 2560px\" \/>\t\t\t\t\t\t\t\t\n\n\t\t\t\t\t\t\t\t\t\t\t\t\t\t\t<\/a>\n\t\t\t\t\t\t\t\t\t\t\t\t<\/div>\n\t\t\t\t\t\t\t\t\t\t\t<div class=\"wd-gallery-item\">\n\t\t\t\t\t\t\t\t\t\t\t\t\t\t<a href=\"https:\/\/hardouvelis.gr\/wp-content\/uploads\/07-004-scaled.jpg\" data-elementor-open-lightbox=\"no\" data-index=\"3\" data-width=\"2560\" data-height=\"1708\"  title=\"From the opening of the &quot;Clothing of the Soul&quot; Exhibition of the Papageorgiou Foundation, hosted at the National Bank Educational Foundation. In the photo, Mr. Gikas Hardouvelis (Chairman of the Board of Directors of National Bank and Chairman of the Board of Directors of the National Bank Educational Foundation MIET), his wife, Ms. Susan Hardouveli, Mr. Costas Kostis (Director of MIET) and Ms. Zoe Psarra Papageorgiou, (member of the Board of Directors of the Papageorgiou Foundation).\">\n\t\t\t\t\t\t\t\t\n\t\t\t\t\t\t\t\t\t\t\t\t\t\t\t\t\t<img loading=\"lazy\" decoding=\"async\" width=\"2560\" height=\"1708\" src=\"https:\/\/hardouvelis.gr\/wp-content\/uploads\/07-004-scaled.jpg\" class=\"wd-gallery-image image-3 attachment-full\" alt=\"\" title=\"From the opening of the &quot;Clothing of the Soul&quot; Exhibition of the Papageorgiou Foundation, hosted at the National Bank Educational Foundation. In the photo, Mr. Gikas Hardouvelis (Chairman of the Board of Directors of National Bank and Chairman of the Board of Directors of the National Bank Educational Foundation MIET), his wife, Ms. Susan Hardouveli, Mr. Costas Kostis (Director of MIET) and Ms. Zoe Psarra Papageorgiou, (member of the Board of Directors of the Papageorgiou Foundation).\" srcset=\"https:\/\/hardouvelis.gr\/wp-content\/uploads\/07-004-scaled.jpg 2560w, https:\/\/hardouvelis.gr\/wp-content\/uploads\/07-004-300x200.jpg 300w, https:\/\/hardouvelis.gr\/wp-content\/uploads\/07-004-1024x683.jpg 1024w, https:\/\/hardouvelis.gr\/wp-content\/uploads\/07-004-768x512.jpg 768w, https:\/\/hardouvelis.gr\/wp-content\/uploads\/07-004-1536x1025.jpg 1536w, https:\/\/hardouvelis.gr\/wp-content\/uploads\/07-004-2048x1366.jpg 2048w, https:\/\/hardouvelis.gr\/wp-content\/uploads\/07-004-272x182.jpg 272w\" sizes=\"auto, (max-width: 2560px) 100vw, 2560px\" \/>\t\t\t\t\t\t\t\t\n\n\t\t\t\t\t\t\t\t\t\t\t\t\t\t\t<\/a>\n\t\t\t\t\t\t\t\t\t\t\t\t<\/div>\n\t\t\t\t\t\t\t\t\t\t\t\t<\/div>\n\t\t<\/div>\n\t\t\t\t[\/vc_tta_section][vc_tta_section title=&#8221;2023&#8243; tab_id=&#8221;1721732725498-246e4871-024d&#8221;]\t\t<div id=\"gallery_872\" class=\"wd-images-gallery wd-rs-66a248a72a7cc wd-justify-center wd-items-middle view-justified photoswipe-images\" >\n\t\t\t<div class=\"gallery-images\">\n\t\t\t\t\t\t\t\t\t\t\t\t\t\t\t<div class=\"wd-gallery-item\">\n\t\t\t\t\t\t\t\t\t\t\t\t\t\t<a href=\"https:\/\/hardouvelis.gr\/wp-content\/uploads\/web-R6SG1960.jpg\" data-elementor-open-lightbox=\"no\" data-index=\"1\" data-width=\"1800\" data-height=\"1200\"  title=\"\u00abProf. Gikas Hardouvelis, participated in the 27th Annual Economist Government Roundtable, in a panel entitled: \u201cAn update on Europe\u2019s financial landscape in times of turmoil.   In dialogue with (from left to right): Colin Ellis Global Credit Strategist, Moody\u2019s Investors Service,  Gikas A. Hardouvelis &amp; Daniel Franklin, Executive Editor, The Economist.\u201d\">\n\t\t\t\t\t\t\t\t\n\t\t\t\t\t\t\t\t\t\t\t\t\t\t\t\t\t<img loading=\"lazy\" decoding=\"async\" width=\"1800\" height=\"1200\" src=\"https:\/\/hardouvelis.gr\/wp-content\/uploads\/web-R6SG1960.jpg\" class=\"wd-gallery-image image-1 attachment-full\" alt=\"\" title=\"\u00abProf. Gikas Hardouvelis, participated in the 27th Annual Economist Government Roundtable, in a panel entitled: \u201cAn update on Europe\u2019s financial landscape in times of turmoil.   In dialogue with (from left to right): Colin Ellis Global Credit Strategist, Moody\u2019s Investors Service,  Gikas A. Hardouvelis &amp; Daniel Franklin, Executive Editor, The Economist.\u201d\" srcset=\"https:\/\/hardouvelis.gr\/wp-content\/uploads\/web-R6SG1960.jpg 1800w, https:\/\/hardouvelis.gr\/wp-content\/uploads\/web-R6SG1960-300x200.jpg 300w, https:\/\/hardouvelis.gr\/wp-content\/uploads\/web-R6SG1960-1024x683.jpg 1024w, https:\/\/hardouvelis.gr\/wp-content\/uploads\/web-R6SG1960-768x512.jpg 768w, https:\/\/hardouvelis.gr\/wp-content\/uploads\/web-R6SG1960-1536x1024.jpg 1536w, https:\/\/hardouvelis.gr\/wp-content\/uploads\/web-R6SG1960-272x182.jpg 272w\" sizes=\"auto, (max-width: 1800px) 100vw, 1800px\" \/>\t\t\t\t\t\t\t\t\n\n\t\t\t\t\t\t\t\t\t\t\t\t\t\t\t<\/a>\n\t\t\t\t\t\t\t\t\t\t\t\t<\/div>\n\t\t\t\t\t\t\t\t\t\t\t<div class=\"wd-gallery-item\">\n\t\t\t\t\t\t\t\t\t\t\t\t\t\t<a href=\"https:\/\/hardouvelis.gr\/wp-content\/uploads\/JIM_0197-scaled.jpg\" data-elementor-open-lightbox=\"no\" data-index=\"2\" data-width=\"2560\" data-height=\"1615\"  title=\"Professor Mr. Gikas A. Hardouvelis with the President, Prof. Ms. Seraina Anagnostopoulou,(8th of the first row) and the members of the Department of Finance and Banking Administration of the University of Piraeus, at the 24th Scholarship Awarding Ceremony.\">\n\t\t\t\t\t\t\t\t\n\t\t\t\t\t\t\t\t\t\t\t\t\t\t\t\t\t<img loading=\"lazy\" decoding=\"async\" width=\"2560\" height=\"1615\" src=\"https:\/\/hardouvelis.gr\/wp-content\/uploads\/JIM_0197-scaled.jpg\" class=\"wd-gallery-image image-2 attachment-full\" alt=\"\" title=\"Professor Mr. Gikas A. Hardouvelis with the President, Prof. Ms. Seraina Anagnostopoulou,(8th of the first row) and the members of the Department of Finance and Banking Administration of the University of Piraeus, at the 24th Scholarship Awarding Ceremony.\" srcset=\"https:\/\/hardouvelis.gr\/wp-content\/uploads\/JIM_0197-scaled.jpg 2560w, https:\/\/hardouvelis.gr\/wp-content\/uploads\/JIM_0197-300x189.jpg 300w, https:\/\/hardouvelis.gr\/wp-content\/uploads\/JIM_0197-1024x646.jpg 1024w, https:\/\/hardouvelis.gr\/wp-content\/uploads\/JIM_0197-768x485.jpg 768w, https:\/\/hardouvelis.gr\/wp-content\/uploads\/JIM_0197-1536x969.jpg 1536w, https:\/\/hardouvelis.gr\/wp-content\/uploads\/JIM_0197-2048x1292.jpg 2048w\" sizes=\"auto, (max-width: 2560px) 100vw, 2560px\" \/>\t\t\t\t\t\t\t\t\n\n\t\t\t\t\t\t\t\t\t\t\t\t\t\t\t<\/a>\n\t\t\t\t\t\t\t\t\t\t\t\t<\/div>\n\t\t\t\t\t\t\t\t\t\t\t<div class=\"wd-gallery-item\">\n\t\t\t\t\t\t\t\t\t\t\t\t\t\t<a href=\"https:\/\/hardouvelis.gr\/wp-content\/uploads\/miet_kostis.jpg\" data-elementor-open-lightbox=\"no\" data-index=\"3\" data-width=\"2028\" data-height=\"1706\"  title=\"Prof. Gikas A. Hardouvelis during his visit to MIET with the new director Mr. Kostis (left)\">\n\t\t\t\t\t\t\t\t\n\t\t\t\t\t\t\t\t\t\t\t\t\t\t\t\t\t<img loading=\"lazy\" decoding=\"async\" width=\"2028\" height=\"1706\" src=\"https:\/\/hardouvelis.gr\/wp-content\/uploads\/miet_kostis.jpg\" class=\"wd-gallery-image image-3 attachment-full\" alt=\"\" title=\"Prof. Gikas A. Hardouvelis during his visit to MIET with the new director Mr. Kostis (left)\" srcset=\"https:\/\/hardouvelis.gr\/wp-content\/uploads\/miet_kostis.jpg 2028w, https:\/\/hardouvelis.gr\/wp-content\/uploads\/miet_kostis-300x252.jpg 300w, https:\/\/hardouvelis.gr\/wp-content\/uploads\/miet_kostis-1024x861.jpg 1024w, https:\/\/hardouvelis.gr\/wp-content\/uploads\/miet_kostis-768x646.jpg 768w, https:\/\/hardouvelis.gr\/wp-content\/uploads\/miet_kostis-1536x1292.jpg 1536w\" sizes=\"auto, (max-width: 2028px) 100vw, 2028px\" \/>\t\t\t\t\t\t\t\t\n\n\t\t\t\t\t\t\t\t\t\t\t\t\t\t\t<\/a>\n\t\t\t\t\t\t\t\t\t\t\t\t<\/div>\n\t\t\t\t\t\t\t\t\t\t\t\t<\/div>\n\t\t<\/div>\n\t\t\t\t[\/vc_tta_section][vc_tta_section title=&#8221;2020&#8243; tab_id=&#8221;1684148964080-58cd8576-0131&#8243;]\t\t<div id=\"gallery_293\" class=\"wd-images-gallery wd-rs-646213fff3468 wd-justify-center wd-items-middle view-justified photoswipe-images\" >\n\t\t\t<div class=\"gallery-images\">\n\t\t\t\t\t\t\t\t\t\t\t\t\t\t\t<div class=\"wd-gallery-item\">\n\t\t\t\t\t\t\t\t\t\t\t\t\t\t<a href=\"https:\/\/hardouvelis.gr\/wp-content\/uploads\/2023\/01\/IFFR-Forum-Financial-Technology-Advances-and-Challenges-February-3-2020-Athens-Greece-from-left-to-right-Iossif-Papadogiannis-Gikas-Hardouvelis-George-Skiadopoulos-Michael-Anthropelos.jpg\" data-elementor-open-lightbox=\"no\" data-index=\"1\" data-width=\"1619\" data-height=\"1416\"  title=\"IFFR Forum \u201cFinancial Technology Advances and Challenges\u201d, February 3, 2020, Athens, Greece (from left to right) Iossif Papadogiannis, Gikas Hardouvelis, George Skiadopoulos, Michael Anthropelos\">\n\t\t\t\t\t\t\t\t\n\t\t\t\t\t\t\t\t\t\t\t\t\t\t\t\t\t<img loading=\"lazy\" decoding=\"async\" width=\"1619\" height=\"1416\" src=\"https:\/\/hardouvelis.gr\/wp-content\/uploads\/2023\/01\/IFFR-Forum-Financial-Technology-Advances-and-Challenges-February-3-2020-Athens-Greece-from-left-to-right-Iossif-Papadogiannis-Gikas-Hardouvelis-George-Skiadopoulos-Michael-Anthropelos.jpg\" class=\"wd-gallery-image image-1 attachment-full\" alt=\"\" title=\"IFFR Forum \u201cFinancial Technology Advances and Challenges\u201d, February 3, 2020, Athens, Greece (from left to right) Iossif Papadogiannis, Gikas Hardouvelis, George Skiadopoulos, Michael Anthropelos\" srcset=\"https:\/\/hardouvelis.gr\/wp-content\/uploads\/2023\/01\/IFFR-Forum-Financial-Technology-Advances-and-Challenges-February-3-2020-Athens-Greece-from-left-to-right-Iossif-Papadogiannis-Gikas-Hardouvelis-George-Skiadopoulos-Michael-Anthropelos.jpg 1619w, https:\/\/hardouvelis.gr\/wp-content\/uploads\/2023\/01\/IFFR-Forum-Financial-Technology-Advances-and-Challenges-February-3-2020-Athens-Greece-from-left-to-right-Iossif-Papadogiannis-Gikas-Hardouvelis-George-Skiadopoulos-Michael-Anthropelos-300x262.jpg 300w, https:\/\/hardouvelis.gr\/wp-content\/uploads\/2023\/01\/IFFR-Forum-Financial-Technology-Advances-and-Challenges-February-3-2020-Athens-Greece-from-left-to-right-Iossif-Papadogiannis-Gikas-Hardouvelis-George-Skiadopoulos-Michael-Anthropelos-1024x896.jpg 1024w, https:\/\/hardouvelis.gr\/wp-content\/uploads\/2023\/01\/IFFR-Forum-Financial-Technology-Advances-and-Challenges-February-3-2020-Athens-Greece-from-left-to-right-Iossif-Papadogiannis-Gikas-Hardouvelis-George-Skiadopoulos-Michael-Anthropelos-768x672.jpg 768w, https:\/\/hardouvelis.gr\/wp-content\/uploads\/2023\/01\/IFFR-Forum-Financial-Technology-Advances-and-Challenges-February-3-2020-Athens-Greece-from-left-to-right-Iossif-Papadogiannis-Gikas-Hardouvelis-George-Skiadopoulos-Michael-Anthropelos-1536x1343.jpg 1536w\" sizes=\"auto, (max-width: 1619px) 100vw, 1619px\" \/>\t\t\t\t\t\t\t\t\n\n\t\t\t\t\t\t\t\t\t\t\t\t\t\t\t<\/a>\n\t\t\t\t\t\t\t\t\t\t\t\t<\/div>\n\t\t\t\t\t\t\t\t\t\t\t\t<\/div>\n\t\t<\/div>\n\t\t\t\t[\/vc_tta_section][vc_tta_section title=&#8221;2019&#8243; tab_id=&#8221;1684148964092-a160107b-0759&#8243;]\t\t<div id=\"gallery_861\" class=\"wd-images-gallery wd-rs-64621cb2eadee wd-justify-center wd-items-middle view-justified photoswipe-images\" >\n\t\t\t<div class=\"gallery-images\">\n\t\t\t\t\t\t\t\t\t\t\t\t\t\t\t<div class=\"wd-gallery-item\">\n\t\t\t\t\t\t\t\t\t\t\t\t\t\t<a href=\"https:\/\/hardouvelis.gr\/wp-content\/uploads\/2021\/04\/4th-Delphi-Economic-Forum-March-1st-2019_From-left-Jeroen-Dijssebloem-Antonis-Papagiannidis-Paul-Mylonas-Gikas-Hardouvelis-1.jpg\" data-elementor-open-lightbox=\"no\" data-index=\"1\" data-width=\"1024\" data-height=\"529\"  title=\"4th Delphi Economic Forum, \u201cThe Challenge of Inclusive Growth\u201d, Panel: \u201cWhat\u2019s Next for the European Banks\u201d, Speakers (L to R) Jeroen Dijssebloem, Antonis Papagiannidis (Commentator), Paul Mylonas, Gikas Hardouvelis, March 1st, 2019, Delphi, Greece\">\n\t\t\t\t\t\t\t\t\n\t\t\t\t\t\t\t\t\t\t\t\t\t\t\t\t\t<img loading=\"lazy\" decoding=\"async\" width=\"1024\" height=\"529\" src=\"https:\/\/hardouvelis.gr\/wp-content\/uploads\/2021\/04\/4th-Delphi-Economic-Forum-March-1st-2019_From-left-Jeroen-Dijssebloem-Antonis-Papagiannidis-Paul-Mylonas-Gikas-Hardouvelis-1.jpg\" class=\"wd-gallery-image image-1 attachment-full\" alt=\"20191_1\" title=\"4th Delphi Economic Forum, \u201cThe Challenge of Inclusive Growth\u201d, Panel: \u201cWhat\u2019s Next for the European Banks\u201d, Speakers (L to R) Jeroen Dijssebloem, Antonis Papagiannidis (Commentator), Paul Mylonas, Gikas Hardouvelis, March 1st, 2019, Delphi, Greece\" srcset=\"https:\/\/hardouvelis.gr\/wp-content\/uploads\/2021\/04\/4th-Delphi-Economic-Forum-March-1st-2019_From-left-Jeroen-Dijssebloem-Antonis-Papagiannidis-Paul-Mylonas-Gikas-Hardouvelis-1.jpg 1024w, https:\/\/hardouvelis.gr\/wp-content\/uploads\/2021\/04\/4th-Delphi-Economic-Forum-March-1st-2019_From-left-Jeroen-Dijssebloem-Antonis-Papagiannidis-Paul-Mylonas-Gikas-Hardouvelis-1-300x155.jpg 300w, https:\/\/hardouvelis.gr\/wp-content\/uploads\/2021\/04\/4th-Delphi-Economic-Forum-March-1st-2019_From-left-Jeroen-Dijssebloem-Antonis-Papagiannidis-Paul-Mylonas-Gikas-Hardouvelis-1-768x397.jpg 768w\" sizes=\"auto, (max-width: 1024px) 100vw, 1024px\" \/>\t\t\t\t\t\t\t\t\n\n\t\t\t\t\t\t\t\t\t\t\t\t\t\t\t<\/a>\n\t\t\t\t\t\t\t\t\t\t\t\t<\/div>\n\t\t\t\t\t\t\t\t\t\t\t<div class=\"wd-gallery-item\">\n\t\t\t\t\t\t\t\t\t\t\t\t\t\t<a href=\"https:\/\/hardouvelis.gr\/wp-content\/uploads\/2021\/04\/Cyprus_Economist_Conference_Nov_5_2019.jpg\" data-elementor-open-lightbox=\"no\" data-index=\"2\" data-width=\"1920\" data-height=\"1280\"  title=\"Cyprus Economist Conference,  G. Hardouvelis on the podium discusses international and Cypriot banking developments , November 5, 2019, Nicosia, Cyprus\">\n\t\t\t\t\t\t\t\t\n\t\t\t\t\t\t\t\t\t\t\t\t\t\t\t\t\t<img loading=\"lazy\" decoding=\"async\" width=\"1920\" height=\"1280\" src=\"https:\/\/hardouvelis.gr\/wp-content\/uploads\/2021\/04\/Cyprus_Economist_Conference_Nov_5_2019.jpg\" class=\"wd-gallery-image image-2 attachment-full\" alt=\"20191_2\" title=\"Cyprus Economist Conference,  G. Hardouvelis on the podium discusses international and Cypriot banking developments , November 5, 2019, Nicosia, Cyprus\" srcset=\"https:\/\/hardouvelis.gr\/wp-content\/uploads\/2021\/04\/Cyprus_Economist_Conference_Nov_5_2019.jpg 1920w, https:\/\/hardouvelis.gr\/wp-content\/uploads\/2021\/04\/Cyprus_Economist_Conference_Nov_5_2019-300x200.jpg 300w, https:\/\/hardouvelis.gr\/wp-content\/uploads\/2021\/04\/Cyprus_Economist_Conference_Nov_5_2019-768x512.jpg 768w, https:\/\/hardouvelis.gr\/wp-content\/uploads\/2021\/04\/Cyprus_Economist_Conference_Nov_5_2019-1024x683.jpg 1024w, https:\/\/hardouvelis.gr\/wp-content\/uploads\/2021\/04\/Cyprus_Economist_Conference_Nov_5_2019-272x182.jpg 272w\" sizes=\"auto, (max-width: 1920px) 100vw, 1920px\" \/>\t\t\t\t\t\t\t\t\n\n\t\t\t\t\t\t\t\t\t\t\t\t\t\t\t<\/a>\n\t\t\t\t\t\t\t\t\t\t\t\t<\/div>\n\t\t\t\t\t\t\t\t\t\t\t<div class=\"wd-gallery-item\">\n\t\t\t\t\t\t\t\t\t\t\t\t\t\t<a href=\"https:\/\/hardouvelis.gr\/wp-content\/uploads\/2021\/04\/Gikas-Hardouvelis-Speaker-at-Thessaloniki-Summit-2019-November-14th.jpg\" data-elementor-open-lightbox=\"no\" data-index=\"3\" data-width=\"1024\" data-height=\"503\"  title=\"Thessaloniki Summit 2019 on  \u201cSouth East Europe,\u201d  Session: \u201cGreece 2025: Developmental and Social Goals,\u201d Hardouvelis on the podium with Yiannis Papadogiannis (moderator) among others, November 14, 2019, Thessaloniki, Greece\">\n\t\t\t\t\t\t\t\t\n\t\t\t\t\t\t\t\t\t\t\t\t\t\t\t\t\t<img loading=\"lazy\" decoding=\"async\" width=\"1024\" height=\"503\" src=\"https:\/\/hardouvelis.gr\/wp-content\/uploads\/2021\/04\/Gikas-Hardouvelis-Speaker-at-Thessaloniki-Summit-2019-November-14th.jpg\" class=\"wd-gallery-image image-3 attachment-full\" alt=\"20191_3\" title=\"Thessaloniki Summit 2019 on  \u201cSouth East Europe,\u201d  Session: \u201cGreece 2025: Developmental and Social Goals,\u201d Hardouvelis on the podium with Yiannis Papadogiannis (moderator) among others, November 14, 2019, Thessaloniki, Greece\" srcset=\"https:\/\/hardouvelis.gr\/wp-content\/uploads\/2021\/04\/Gikas-Hardouvelis-Speaker-at-Thessaloniki-Summit-2019-November-14th.jpg 1024w, https:\/\/hardouvelis.gr\/wp-content\/uploads\/2021\/04\/Gikas-Hardouvelis-Speaker-at-Thessaloniki-Summit-2019-November-14th-300x147.jpg 300w, https:\/\/hardouvelis.gr\/wp-content\/uploads\/2021\/04\/Gikas-Hardouvelis-Speaker-at-Thessaloniki-Summit-2019-November-14th-768x377.jpg 768w\" sizes=\"auto, (max-width: 1024px) 100vw, 1024px\" \/>\t\t\t\t\t\t\t\t\n\n\t\t\t\t\t\t\t\t\t\t\t\t\t\t\t<\/a>\n\t\t\t\t\t\t\t\t\t\t\t\t<\/div>\n\t\t\t\t\t\t\t\t\t\t\t<div class=\"wd-gallery-item\">\n\t\t\t\t\t\t\t\t\t\t\t\t\t\t<a href=\"https:\/\/hardouvelis.gr\/wp-content\/uploads\/2021\/04\/EYA_9052.jpg\" data-elementor-open-lightbox=\"no\" data-index=\"4\" data-width=\"1200\" data-height=\"600\"  title=\"Thessaloniki Summit 2019 on \u201cSouth East Europe\u201d, Session: \u201cGreece 2025: Developmental and Social Goals\u201d, November 14, 2019, Thessaloniki, Greece.  Panelist group photo:(L to R) Yiannis Papadogiannis (Moderator), Adonis-Spyridon Georgiadis, Domna Michailidou, Chris Allen, Gikas Hardouvelis, Panos Tsakloglou\">\n\t\t\t\t\t\t\t\t\n\t\t\t\t\t\t\t\t\t\t\t\t\t\t\t\t\t<img loading=\"lazy\" decoding=\"async\" width=\"1200\" height=\"600\" src=\"https:\/\/hardouvelis.gr\/wp-content\/uploads\/2021\/04\/EYA_9052.jpg\" class=\"wd-gallery-image image-4 attachment-full\" alt=\"20191_4\" title=\"Thessaloniki Summit 2019 on \u201cSouth East Europe\u201d, Session: \u201cGreece 2025: Developmental and Social Goals\u201d, November 14, 2019, Thessaloniki, Greece.  Panelist group photo:(L to R) Yiannis Papadogiannis (Moderator), Adonis-Spyridon Georgiadis, Domna Michailidou, Chris Allen, Gikas Hardouvelis, Panos Tsakloglou\" srcset=\"https:\/\/hardouvelis.gr\/wp-content\/uploads\/2021\/04\/EYA_9052.jpg 1200w, https:\/\/hardouvelis.gr\/wp-content\/uploads\/2021\/04\/EYA_9052-300x150.jpg 300w, https:\/\/hardouvelis.gr\/wp-content\/uploads\/2021\/04\/EYA_9052-768x384.jpg 768w, https:\/\/hardouvelis.gr\/wp-content\/uploads\/2021\/04\/EYA_9052-1024x512.jpg 1024w\" sizes=\"auto, (max-width: 1200px) 100vw, 1200px\" \/>\t\t\t\t\t\t\t\t\n\n\t\t\t\t\t\t\t\t\t\t\t\t\t\t\t<\/a>\n\t\t\t\t\t\t\t\t\t\t\t\t<\/div>\n\t\t\t\t\t\t\t\t\t\t\t<div class=\"wd-gallery-item\">\n\t\t\t\t\t\t\t\t\t\t\t\t\t\t<a href=\"https:\/\/hardouvelis.gr\/wp-content\/uploads\/2021\/04\/MARCH-6-2019-ACG.jpg\" data-elementor-open-lightbox=\"no\" data-index=\"5\" data-width=\"882\" data-height=\"588\"  title=\"Book presentation by author Katerina Sokou: \u201cThe US role in the Greek Debt Crisis.\u201d From left: Panagiotis Pikramenos (discussant), Alexis Papahelas (moderator), Katerina Sokou (author), Gikas Hardouvelis (discussant). March 4, 2019, American College of Greece, Athens, Greece.\">\n\t\t\t\t\t\t\t\t\n\t\t\t\t\t\t\t\t\t\t\t\t\t\t\t\t\t<img loading=\"lazy\" decoding=\"async\" width=\"882\" height=\"588\" src=\"https:\/\/hardouvelis.gr\/wp-content\/uploads\/2021\/04\/MARCH-6-2019-ACG.jpg\" class=\"wd-gallery-image image-5 attachment-full\" alt=\"20191_5\" title=\"Book presentation by author Katerina Sokou: \u201cThe US role in the Greek Debt Crisis.\u201d From left: Panagiotis Pikramenos (discussant), Alexis Papahelas (moderator), Katerina Sokou (author), Gikas Hardouvelis (discussant). March 4, 2019, American College of Greece, Athens, Greece.\" srcset=\"https:\/\/hardouvelis.gr\/wp-content\/uploads\/2021\/04\/MARCH-6-2019-ACG.jpg 882w, https:\/\/hardouvelis.gr\/wp-content\/uploads\/2021\/04\/MARCH-6-2019-ACG-300x200.jpg 300w, https:\/\/hardouvelis.gr\/wp-content\/uploads\/2021\/04\/MARCH-6-2019-ACG-768x512.jpg 768w, https:\/\/hardouvelis.gr\/wp-content\/uploads\/2021\/04\/MARCH-6-2019-ACG-272x182.jpg 272w\" sizes=\"auto, (max-width: 882px) 100vw, 882px\" \/>\t\t\t\t\t\t\t\t\n\n\t\t\t\t\t\t\t\t\t\t\t\t\t\t\t<\/a>\n\t\t\t\t\t\t\t\t\t\t\t\t<\/div>\n\t\t\t\t\t\t\t\t\t\t\t<div class=\"wd-gallery-item\">\n\t\t\t\t\t\t\t\t\t\t\t\t\t\t<a href=\"https:\/\/hardouvelis.gr\/wp-content\/uploads\/2021\/04\/IFFR_Understanding-challenges-for-the-greek-economy-conference_September-12-2019_2nd-session.jpg\" data-elementor-open-lightbox=\"no\" data-index=\"6\" data-width=\"6016\" data-height=\"4016\"  title=\"IFFR Conference \u201cUnderstanding challenges for the Greek economy\u201d, Session 2 &quot;Economy and the Markets&quot;, September 12, 2019, Athens, Greece (from left) Dimitris Papanikolaou, Filippos Papakonstantinou, Nikolaos Panigirtzoglou, Gikas Hardouvelis (Chair)\">\n\t\t\t\t\t\t\t\t\n\t\t\t\t\t\t\t\t\t\t\t\t\t\t\t\t\t<img loading=\"lazy\" decoding=\"async\" width=\"6016\" height=\"4016\" src=\"https:\/\/hardouvelis.gr\/wp-content\/uploads\/2021\/04\/IFFR_Understanding-challenges-for-the-greek-economy-conference_September-12-2019_2nd-session.jpg\" class=\"wd-gallery-image image-6 attachment-full\" alt=\"20192_1\" title=\"IFFR Conference \u201cUnderstanding challenges for the Greek economy\u201d, Session 2 &quot;Economy and the Markets&quot;, September 12, 2019, Athens, Greece (from left) Dimitris Papanikolaou, Filippos Papakonstantinou, Nikolaos Panigirtzoglou, Gikas Hardouvelis (Chair)\" srcset=\"https:\/\/hardouvelis.gr\/wp-content\/uploads\/2021\/04\/IFFR_Understanding-challenges-for-the-greek-economy-conference_September-12-2019_2nd-session.jpg 6016w, https:\/\/hardouvelis.gr\/wp-content\/uploads\/2021\/04\/IFFR_Understanding-challenges-for-the-greek-economy-conference_September-12-2019_2nd-session-300x200.jpg 300w, https:\/\/hardouvelis.gr\/wp-content\/uploads\/2021\/04\/IFFR_Understanding-challenges-for-the-greek-economy-conference_September-12-2019_2nd-session-768x513.jpg 768w, https:\/\/hardouvelis.gr\/wp-content\/uploads\/2021\/04\/IFFR_Understanding-challenges-for-the-greek-economy-conference_September-12-2019_2nd-session-1024x684.jpg 1024w, https:\/\/hardouvelis.gr\/wp-content\/uploads\/2021\/04\/IFFR_Understanding-challenges-for-the-greek-economy-conference_September-12-2019_2nd-session-272x182.jpg 272w\" sizes=\"auto, (max-width: 6016px) 100vw, 6016px\" \/>\t\t\t\t\t\t\t\t\n\n\t\t\t\t\t\t\t\t\t\t\t\t\t\t\t<\/a>\n\t\t\t\t\t\t\t\t\t\t\t\t<\/div>\n\t\t\t\t\t\t\t\t\t\t\t<div class=\"wd-gallery-item\">\n\t\t\t\t\t\t\t\t\t\t\t\t\t\t<a href=\"https:\/\/hardouvelis.gr\/wp-content\/uploads\/2021\/04\/IFFR_Sept_12_2019_BoG_BoG_audience-3.jpg\" data-elementor-open-lightbox=\"no\" data-index=\"7\" data-width=\"6016\" data-height=\"4016\"  title=\"IFFR Conference \u201cUnderstanding challenges for the Greek economy\u201d, the audience September 12, 2019, Athens, Greece\">\n\t\t\t\t\t\t\t\t\n\t\t\t\t\t\t\t\t\t\t\t\t\t\t\t\t\t<img loading=\"lazy\" decoding=\"async\" width=\"6016\" height=\"4016\" src=\"https:\/\/hardouvelis.gr\/wp-content\/uploads\/2021\/04\/IFFR_Sept_12_2019_BoG_BoG_audience-3.jpg\" class=\"wd-gallery-image image-7 attachment-full\" alt=\"20192_2\" title=\"IFFR Conference \u201cUnderstanding challenges for the Greek economy\u201d, the audience September 12, 2019, Athens, Greece\" srcset=\"https:\/\/hardouvelis.gr\/wp-content\/uploads\/2021\/04\/IFFR_Sept_12_2019_BoG_BoG_audience-3.jpg 6016w, https:\/\/hardouvelis.gr\/wp-content\/uploads\/2021\/04\/IFFR_Sept_12_2019_BoG_BoG_audience-3-300x200.jpg 300w, https:\/\/hardouvelis.gr\/wp-content\/uploads\/2021\/04\/IFFR_Sept_12_2019_BoG_BoG_audience-3-768x513.jpg 768w, https:\/\/hardouvelis.gr\/wp-content\/uploads\/2021\/04\/IFFR_Sept_12_2019_BoG_BoG_audience-3-1024x684.jpg 1024w, https:\/\/hardouvelis.gr\/wp-content\/uploads\/2021\/04\/IFFR_Sept_12_2019_BoG_BoG_audience-3-272x182.jpg 272w\" sizes=\"auto, (max-width: 6016px) 100vw, 6016px\" \/>\t\t\t\t\t\t\t\t\n\n\t\t\t\t\t\t\t\t\t\t\t\t\t\t\t<\/a>\n\t\t\t\t\t\t\t\t\t\t\t\t<\/div>\n\t\t\t\t\t\t\t\t\t\t\t<div class=\"wd-gallery-item\">\n\t\t\t\t\t\t\t\t\t\t\t\t\t\t<a href=\"https:\/\/hardouvelis.gr\/wp-content\/uploads\/2021\/04\/Serres_Commercial-Law-Conference_Oct-5-2019.jpg\" data-elementor-open-lightbox=\"no\" data-index=\"8\" data-width=\"1280\" data-height=\"960\"  title=\"Hellenic Commercial Lawyers\u2019 Annual Conference, G. Hardouvelis Speaker, \u201cFinancial Crisis and Non-performing Exposures in Greece\u201d, October 5, 2019, Elpida hotel, Serres, Greece.\">\n\t\t\t\t\t\t\t\t\n\t\t\t\t\t\t\t\t\t\t\t\t\t\t\t\t\t<img loading=\"lazy\" decoding=\"async\" width=\"1280\" height=\"960\" src=\"https:\/\/hardouvelis.gr\/wp-content\/uploads\/2021\/04\/Serres_Commercial-Law-Conference_Oct-5-2019.jpg\" class=\"wd-gallery-image image-8 attachment-full\" alt=\"20192_3\" title=\"Hellenic Commercial Lawyers\u2019 Annual Conference, G. Hardouvelis Speaker, \u201cFinancial Crisis and Non-performing Exposures in Greece\u201d, October 5, 2019, Elpida hotel, Serres, Greece.\" srcset=\"https:\/\/hardouvelis.gr\/wp-content\/uploads\/2021\/04\/Serres_Commercial-Law-Conference_Oct-5-2019.jpg 1280w, https:\/\/hardouvelis.gr\/wp-content\/uploads\/2021\/04\/Serres_Commercial-Law-Conference_Oct-5-2019-300x225.jpg 300w, https:\/\/hardouvelis.gr\/wp-content\/uploads\/2021\/04\/Serres_Commercial-Law-Conference_Oct-5-2019-768x576.jpg 768w, https:\/\/hardouvelis.gr\/wp-content\/uploads\/2021\/04\/Serres_Commercial-Law-Conference_Oct-5-2019-1024x768.jpg 1024w, https:\/\/hardouvelis.gr\/wp-content\/uploads\/2021\/04\/Serres_Commercial-Law-Conference_Oct-5-2019-350x263.jpg 350w, https:\/\/hardouvelis.gr\/wp-content\/uploads\/2021\/04\/Serres_Commercial-Law-Conference_Oct-5-2019-780x586.jpg 780w, https:\/\/hardouvelis.gr\/wp-content\/uploads\/2021\/04\/Serres_Commercial-Law-Conference_Oct-5-2019-250x188.jpg 250w\" sizes=\"auto, (max-width: 1280px) 100vw, 1280px\" \/>\t\t\t\t\t\t\t\t\n\n\t\t\t\t\t\t\t\t\t\t\t\t\t\t\t<\/a>\n\t\t\t\t\t\t\t\t\t\t\t\t<\/div>\n\t\t\t\t\t\t\t\t\t\t\t<div class=\"wd-gallery-item\">\n\t\t\t\t\t\t\t\t\t\t\t\t\t\t<a href=\"https:\/\/hardouvelis.gr\/wp-content\/uploads\/2021\/04\/Serres_Commercial-Law-Conference_Oct-5-2019-2.jpg\" data-elementor-open-lightbox=\"no\" data-index=\"9\" data-width=\"1280\" data-height=\"960\"  title=\"Hellenic Commercial Lawyers\u2019 Annual Conference, session speakers (from left) Dimitrios Spirakos, Aimilios Avgouleas, Georgios Triantafyllakis (chair), Gikas Hardouvelis, Konstantinos Botopoulos, October 5, 2019, Elpida hotel, Serres, Greece\">\n\t\t\t\t\t\t\t\t\n\t\t\t\t\t\t\t\t\t\t\t\t\t\t\t\t\t<img loading=\"lazy\" decoding=\"async\" width=\"1280\" height=\"960\" src=\"https:\/\/hardouvelis.gr\/wp-content\/uploads\/2021\/04\/Serres_Commercial-Law-Conference_Oct-5-2019-2.jpg\" class=\"wd-gallery-image image-9 attachment-full\" alt=\"20192_4\" title=\"Hellenic Commercial Lawyers\u2019 Annual Conference, session speakers (from left) Dimitrios Spirakos, Aimilios Avgouleas, Georgios Triantafyllakis (chair), Gikas Hardouvelis, Konstantinos Botopoulos, October 5, 2019, Elpida hotel, Serres, Greece\" srcset=\"https:\/\/hardouvelis.gr\/wp-content\/uploads\/2021\/04\/Serres_Commercial-Law-Conference_Oct-5-2019-2.jpg 1280w, https:\/\/hardouvelis.gr\/wp-content\/uploads\/2021\/04\/Serres_Commercial-Law-Conference_Oct-5-2019-2-300x225.jpg 300w, https:\/\/hardouvelis.gr\/wp-content\/uploads\/2021\/04\/Serres_Commercial-Law-Conference_Oct-5-2019-2-768x576.jpg 768w, https:\/\/hardouvelis.gr\/wp-content\/uploads\/2021\/04\/Serres_Commercial-Law-Conference_Oct-5-2019-2-1024x768.jpg 1024w, https:\/\/hardouvelis.gr\/wp-content\/uploads\/2021\/04\/Serres_Commercial-Law-Conference_Oct-5-2019-2-350x263.jpg 350w, https:\/\/hardouvelis.gr\/wp-content\/uploads\/2021\/04\/Serres_Commercial-Law-Conference_Oct-5-2019-2-780x586.jpg 780w, https:\/\/hardouvelis.gr\/wp-content\/uploads\/2021\/04\/Serres_Commercial-Law-Conference_Oct-5-2019-2-250x188.jpg 250w\" sizes=\"auto, (max-width: 1280px) 100vw, 1280px\" \/>\t\t\t\t\t\t\t\t\n\n\t\t\t\t\t\t\t\t\t\t\t\t\t\t\t<\/a>\n\t\t\t\t\t\t\t\t\t\t\t\t<\/div>\n\t\t\t\t\t\t\t\t\t\t\t<div class=\"wd-gallery-item\">\n\t\t\t\t\t\t\t\t\t\t\t\t\t\t<a href=\"https:\/\/hardouvelis.gr\/wp-content\/uploads\/2021\/04\/Dec-13-2019_Get-Involved-Conference.jpg\" data-elementor-open-lightbox=\"no\" data-index=\"10\" data-width=\"6192\" data-height=\"4128\"  title=\"3rd ECB Simulation Conference at the Bank of Greece by the \u201cGet Involved\u201d student association.  Group photo of discussants and organizers, December 13, 2019\">\n\t\t\t\t\t\t\t\t\n\t\t\t\t\t\t\t\t\t\t\t\t\t\t\t\t\t<img loading=\"lazy\" decoding=\"async\" width=\"6192\" height=\"4128\" src=\"https:\/\/hardouvelis.gr\/wp-content\/uploads\/2021\/04\/Dec-13-2019_Get-Involved-Conference.jpg\" class=\"wd-gallery-image image-10 attachment-full\" alt=\"20192_5\" title=\"3rd ECB Simulation Conference at the Bank of Greece by the \u201cGet Involved\u201d student association.  Group photo of discussants and organizers, December 13, 2019\" srcset=\"https:\/\/hardouvelis.gr\/wp-content\/uploads\/2021\/04\/Dec-13-2019_Get-Involved-Conference.jpg 6192w, https:\/\/hardouvelis.gr\/wp-content\/uploads\/2021\/04\/Dec-13-2019_Get-Involved-Conference-300x200.jpg 300w, https:\/\/hardouvelis.gr\/wp-content\/uploads\/2021\/04\/Dec-13-2019_Get-Involved-Conference-768x512.jpg 768w, https:\/\/hardouvelis.gr\/wp-content\/uploads\/2021\/04\/Dec-13-2019_Get-Involved-Conference-1024x683.jpg 1024w, https:\/\/hardouvelis.gr\/wp-content\/uploads\/2021\/04\/Dec-13-2019_Get-Involved-Conference-272x182.jpg 272w\" sizes=\"auto, (max-width: 6192px) 100vw, 6192px\" \/>\t\t\t\t\t\t\t\t\n\n\t\t\t\t\t\t\t\t\t\t\t\t\t\t\t<\/a>\n\t\t\t\t\t\t\t\t\t\t\t\t<\/div>\n\t\t\t\t\t\t\t\t\t\t\t<div class=\"wd-gallery-item\">\n\t\t\t\t\t\t\t\t\t\t\t\t\t\t<a href=\"https:\/\/hardouvelis.gr\/wp-content\/uploads\/2021\/04\/Speaker-at-ekyklos-conference_A-new-beginning-for-the-Greek-Economy19-6-2019.jpg\" data-elementor-open-lightbox=\"no\" data-index=\"11\" data-width=\"3000\" data-height=\"1996\"  title=\"3rd Annual by \u0395-Kyklos (\u0395-\u039a\u03cd\u03ba\u03bb\u03bf\u03c2), Conference on \u201cThe reconstitution of the Greek middle class.\u201d Hardouvelis Speaker: \u201cA new beginning for the Greek Economy \u201c, June 19, 2019, Athens, Greece\">\n\t\t\t\t\t\t\t\t\n\t\t\t\t\t\t\t\t\t\t\t\t\t\t\t\t\t<img loading=\"lazy\" decoding=\"async\" width=\"3000\" height=\"1996\" src=\"https:\/\/hardouvelis.gr\/wp-content\/uploads\/2021\/04\/Speaker-at-ekyklos-conference_A-new-beginning-for-the-Greek-Economy19-6-2019.jpg\" class=\"wd-gallery-image image-11 attachment-full\" alt=\"20193_1\" title=\"3rd Annual by \u0395-Kyklos (\u0395-\u039a\u03cd\u03ba\u03bb\u03bf\u03c2), Conference on \u201cThe reconstitution of the Greek middle class.\u201d Hardouvelis Speaker: \u201cA new beginning for the Greek Economy \u201c, June 19, 2019, Athens, Greece\" srcset=\"https:\/\/hardouvelis.gr\/wp-content\/uploads\/2021\/04\/Speaker-at-ekyklos-conference_A-new-beginning-for-the-Greek-Economy19-6-2019.jpg 3000w, https:\/\/hardouvelis.gr\/wp-content\/uploads\/2021\/04\/Speaker-at-ekyklos-conference_A-new-beginning-for-the-Greek-Economy19-6-2019-300x200.jpg 300w, https:\/\/hardouvelis.gr\/wp-content\/uploads\/2021\/04\/Speaker-at-ekyklos-conference_A-new-beginning-for-the-Greek-Economy19-6-2019-768x511.jpg 768w, https:\/\/hardouvelis.gr\/wp-content\/uploads\/2021\/04\/Speaker-at-ekyklos-conference_A-new-beginning-for-the-Greek-Economy19-6-2019-1024x681.jpg 1024w, https:\/\/hardouvelis.gr\/wp-content\/uploads\/2021\/04\/Speaker-at-ekyklos-conference_A-new-beginning-for-the-Greek-Economy19-6-2019-272x182.jpg 272w\" sizes=\"auto, (max-width: 3000px) 100vw, 3000px\" \/>\t\t\t\t\t\t\t\t\n\n\t\t\t\t\t\t\t\t\t\t\t\t\t\t\t<\/a>\n\t\t\t\t\t\t\t\t\t\t\t\t<\/div>\n\t\t\t\t\t\t\t\t\t\t\t<div class=\"wd-gallery-item\">\n\t\t\t\t\t\t\t\t\t\t\t\t\t\t<a href=\"https:\/\/hardouvelis.gr\/wp-content\/uploads\/2021\/04\/19-6-2019_e-kyklos.jpg\" data-elementor-open-lightbox=\"no\" data-index=\"12\" data-width=\"3000\" data-height=\"1996\"  title=\"3rd Annual \u0395-Kyklos (\u0395-\u039a\u03cd\u03ba\u03bb\u03bf\u03c2), Conference on \u201cThe reconstitution of the Greek middle class,\u201d panelists from left: Theodore Pelagidis, Gikas Hardouvelis, Elena Laskari (moderator), Nicholas Economides, Panos Tsakloglou, Miltiades Nektarios, and George Stratopoulos, June 19, 2019, Athens, Greece.\">\n\t\t\t\t\t\t\t\t\n\t\t\t\t\t\t\t\t\t\t\t\t\t\t\t\t\t<img loading=\"lazy\" decoding=\"async\" width=\"3000\" height=\"1996\" src=\"https:\/\/hardouvelis.gr\/wp-content\/uploads\/2021\/04\/19-6-2019_e-kyklos.jpg\" class=\"wd-gallery-image image-12 attachment-full\" alt=\"20193_2\" title=\"3rd Annual \u0395-Kyklos (\u0395-\u039a\u03cd\u03ba\u03bb\u03bf\u03c2), Conference on \u201cThe reconstitution of the Greek middle class,\u201d panelists from left: Theodore Pelagidis, Gikas Hardouvelis, Elena Laskari (moderator), Nicholas Economides, Panos Tsakloglou, Miltiades Nektarios, and George Stratopoulos, June 19, 2019, Athens, Greece.\" srcset=\"https:\/\/hardouvelis.gr\/wp-content\/uploads\/2021\/04\/19-6-2019_e-kyklos.jpg 3000w, https:\/\/hardouvelis.gr\/wp-content\/uploads\/2021\/04\/19-6-2019_e-kyklos-300x200.jpg 300w, https:\/\/hardouvelis.gr\/wp-content\/uploads\/2021\/04\/19-6-2019_e-kyklos-768x511.jpg 768w, https:\/\/hardouvelis.gr\/wp-content\/uploads\/2021\/04\/19-6-2019_e-kyklos-1024x681.jpg 1024w, https:\/\/hardouvelis.gr\/wp-content\/uploads\/2021\/04\/19-6-2019_e-kyklos-272x182.jpg 272w\" sizes=\"auto, (max-width: 3000px) 100vw, 3000px\" \/>\t\t\t\t\t\t\t\t\n\n\t\t\t\t\t\t\t\t\t\t\t\t\t\t\t<\/a>\n\t\t\t\t\t\t\t\t\t\t\t\t<\/div>\n\t\t\t\t\t\t\t\t\t\t\t<div class=\"wd-gallery-item\">\n\t\t\t\t\t\t\t\t\t\t\t\t\t\t<a href=\"https:\/\/hardouvelis.gr\/wp-content\/uploads\/2021\/04\/Sept_20_2019_Rodhes_Household-Finane-Conference-IMG_0623.jpg\" data-elementor-open-lightbox=\"no\" data-index=\"13\" data-width=\"4032\" data-height=\"3024\"  title=\"Excursion with conference participants after the CEPR Fifth European Conference on Household Finance, September 20, 2019, Rhodes island, Greece\">\n\t\t\t\t\t\t\t\t\n\t\t\t\t\t\t\t\t\t\t\t\t\t\t\t\t\t<img loading=\"lazy\" decoding=\"async\" width=\"4032\" height=\"3024\" src=\"https:\/\/hardouvelis.gr\/wp-content\/uploads\/2021\/04\/Sept_20_2019_Rodhes_Household-Finane-Conference-IMG_0623.jpg\" class=\"wd-gallery-image image-13 attachment-full\" alt=\"20193_3\" title=\"Excursion with conference participants after the CEPR Fifth European Conference on Household Finance, September 20, 2019, Rhodes island, Greece\" srcset=\"https:\/\/hardouvelis.gr\/wp-content\/uploads\/2021\/04\/Sept_20_2019_Rodhes_Household-Finane-Conference-IMG_0623.jpg 4032w, https:\/\/hardouvelis.gr\/wp-content\/uploads\/2021\/04\/Sept_20_2019_Rodhes_Household-Finane-Conference-IMG_0623-300x225.jpg 300w, https:\/\/hardouvelis.gr\/wp-content\/uploads\/2021\/04\/Sept_20_2019_Rodhes_Household-Finane-Conference-IMG_0623-768x576.jpg 768w, https:\/\/hardouvelis.gr\/wp-content\/uploads\/2021\/04\/Sept_20_2019_Rodhes_Household-Finane-Conference-IMG_0623-1024x768.jpg 1024w, https:\/\/hardouvelis.gr\/wp-content\/uploads\/2021\/04\/Sept_20_2019_Rodhes_Household-Finane-Conference-IMG_0623-350x263.jpg 350w, https:\/\/hardouvelis.gr\/wp-content\/uploads\/2021\/04\/Sept_20_2019_Rodhes_Household-Finane-Conference-IMG_0623-780x586.jpg 780w, https:\/\/hardouvelis.gr\/wp-content\/uploads\/2021\/04\/Sept_20_2019_Rodhes_Household-Finane-Conference-IMG_0623-250x188.jpg 250w\" sizes=\"auto, (max-width: 4032px) 100vw, 4032px\" \/>\t\t\t\t\t\t\t\t\n\n\t\t\t\t\t\t\t\t\t\t\t\t\t\t\t<\/a>\n\t\t\t\t\t\t\t\t\t\t\t\t<\/div>\n\t\t\t\t\t\t\t\t\t\t\t<div class=\"wd-gallery-item\">\n\t\t\t\t\t\t\t\t\t\t\t\t\t\t<a href=\"https:\/\/hardouvelis.gr\/wp-content\/uploads\/2021\/04\/Anatolia-College-Alma-Mater-Annual-Trustees-Meeting-June-8-2019-Thessaloniki-Greece.jpg\" data-elementor-open-lightbox=\"no\" data-index=\"14\" data-width=\"859\" data-height=\"569\"  title=\"Anatolia College Trustees, Semi-Annual Meeting, June 8, 2019, Thessaloniki, Greece\">\n\t\t\t\t\t\t\t\t\n\t\t\t\t\t\t\t\t\t\t\t\t\t\t\t\t\t<img loading=\"lazy\" decoding=\"async\" width=\"859\" height=\"569\" src=\"https:\/\/hardouvelis.gr\/wp-content\/uploads\/2021\/04\/Anatolia-College-Alma-Mater-Annual-Trustees-Meeting-June-8-2019-Thessaloniki-Greece.jpg\" class=\"wd-gallery-image image-14 attachment-full\" alt=\"20193_4\" title=\"Anatolia College Trustees, Semi-Annual Meeting, June 8, 2019, Thessaloniki, Greece\" srcset=\"https:\/\/hardouvelis.gr\/wp-content\/uploads\/2021\/04\/Anatolia-College-Alma-Mater-Annual-Trustees-Meeting-June-8-2019-Thessaloniki-Greece.jpg 859w, https:\/\/hardouvelis.gr\/wp-content\/uploads\/2021\/04\/Anatolia-College-Alma-Mater-Annual-Trustees-Meeting-June-8-2019-Thessaloniki-Greece-300x199.jpg 300w, https:\/\/hardouvelis.gr\/wp-content\/uploads\/2021\/04\/Anatolia-College-Alma-Mater-Annual-Trustees-Meeting-June-8-2019-Thessaloniki-Greece-768x509.jpg 768w\" sizes=\"auto, (max-width: 859px) 100vw, 859px\" \/>\t\t\t\t\t\t\t\t\n\n\t\t\t\t\t\t\t\t\t\t\t\t\t\t\t<\/a>\n\t\t\t\t\t\t\t\t\t\t\t\t<\/div>\n\t\t\t\t\t\t\t\t\t\t\t<div class=\"wd-gallery-item\">\n\t\t\t\t\t\t\t\t\t\t\t\t\t\t<a href=\"https:\/\/hardouvelis.gr\/wp-content\/uploads\/2021\/04\/Gikas-Hardouvelis-with-Dartmouth-Students_National-Bank-of-Greece_Dec-4-2019.jpg\" data-elementor-open-lightbox=\"no\" data-index=\"15\" data-width=\"1600\" data-height=\"1384\"  title=\"After a seminar on Greek Banking and the Economy, Group photo: Gikas Hardouvelis with visiting undergraduate students from Dartmouth College (NH, USA), inside the historical board room of the National Bank of Greece, December 4, 2019\">\n\t\t\t\t\t\t\t\t\n\t\t\t\t\t\t\t\t\t\t\t\t\t\t\t\t\t<img loading=\"lazy\" decoding=\"async\" width=\"1600\" height=\"1384\" src=\"https:\/\/hardouvelis.gr\/wp-content\/uploads\/2021\/04\/Gikas-Hardouvelis-with-Dartmouth-Students_National-Bank-of-Greece_Dec-4-2019.jpg\" class=\"wd-gallery-image image-15 attachment-full\" alt=\"20193_5\" title=\"After a seminar on Greek Banking and the Economy, Group photo: Gikas Hardouvelis with visiting undergraduate students from Dartmouth College (NH, USA), inside the historical board room of the National Bank of Greece, December 4, 2019\" srcset=\"https:\/\/hardouvelis.gr\/wp-content\/uploads\/2021\/04\/Gikas-Hardouvelis-with-Dartmouth-Students_National-Bank-of-Greece_Dec-4-2019.jpg 1600w, https:\/\/hardouvelis.gr\/wp-content\/uploads\/2021\/04\/Gikas-Hardouvelis-with-Dartmouth-Students_National-Bank-of-Greece_Dec-4-2019-300x260.jpg 300w, https:\/\/hardouvelis.gr\/wp-content\/uploads\/2021\/04\/Gikas-Hardouvelis-with-Dartmouth-Students_National-Bank-of-Greece_Dec-4-2019-768x664.jpg 768w, https:\/\/hardouvelis.gr\/wp-content\/uploads\/2021\/04\/Gikas-Hardouvelis-with-Dartmouth-Students_National-Bank-of-Greece_Dec-4-2019-1024x886.jpg 1024w\" sizes=\"auto, (max-width: 1600px) 100vw, 1600px\" \/>\t\t\t\t\t\t\t\t\n\n\t\t\t\t\t\t\t\t\t\t\t\t\t\t\t<\/a>\n\t\t\t\t\t\t\t\t\t\t\t\t<\/div>\n\t\t\t\t\t\t\t\t\t\t\t\t<\/div>\n\t\t<\/div>\n\t\t\t\t[\/vc_tta_section][vc_tta_section title=&#8221;2018 &#8211; 2017&#8243; tab_id=&#8221;1684149576551-2521da9d-6e22&#8243;]\t\t<div id=\"gallery_211\" class=\"wd-images-gallery wd-rs-64621d23cc1f8 wd-justify-center wd-items-middle view-justified photoswipe-images\" >\n\t\t\t<div class=\"gallery-images\">\n\t\t\t\t\t\t\t\t\t\t\t\t\t\t\t<div class=\"wd-gallery-item\">\n\t\t\t\t\t\t\t\t\t\t\t\t\t\t<a href=\"https:\/\/hardouvelis.gr\/wp-content\/uploads\/2021\/04\/Gikas-Hardouvelis-with-Christopher-Pissaridis-in-Academy-of-Athens-May-8-2018.jpg\" data-elementor-open-lightbox=\"no\" data-index=\"1\" data-width=\"1772\" data-height=\"1181\"  title=\"Gikas Hardouvelis with Nobel Laureate Sir Christopher Pissarides in the Academy of Athens, on May 8, 2018\">\n\t\t\t\t\t\t\t\t\n\t\t\t\t\t\t\t\t\t\t\t\t\t\t\t\t\t<img loading=\"lazy\" decoding=\"async\" width=\"1772\" height=\"1181\" src=\"https:\/\/hardouvelis.gr\/wp-content\/uploads\/2021\/04\/Gikas-Hardouvelis-with-Christopher-Pissaridis-in-Academy-of-Athens-May-8-2018.jpg\" class=\"wd-gallery-image image-1 attachment-full\" alt=\"\" title=\"Gikas Hardouvelis with Nobel Laureate Sir Christopher Pissarides in the Academy of Athens, on May 8, 2018\" srcset=\"https:\/\/hardouvelis.gr\/wp-content\/uploads\/2021\/04\/Gikas-Hardouvelis-with-Christopher-Pissaridis-in-Academy-of-Athens-May-8-2018.jpg 1772w, https:\/\/hardouvelis.gr\/wp-content\/uploads\/2021\/04\/Gikas-Hardouvelis-with-Christopher-Pissaridis-in-Academy-of-Athens-May-8-2018-300x200.jpg 300w, https:\/\/hardouvelis.gr\/wp-content\/uploads\/2021\/04\/Gikas-Hardouvelis-with-Christopher-Pissaridis-in-Academy-of-Athens-May-8-2018-768x512.jpg 768w, https:\/\/hardouvelis.gr\/wp-content\/uploads\/2021\/04\/Gikas-Hardouvelis-with-Christopher-Pissaridis-in-Academy-of-Athens-May-8-2018-1024x682.jpg 1024w, https:\/\/hardouvelis.gr\/wp-content\/uploads\/2021\/04\/Gikas-Hardouvelis-with-Christopher-Pissaridis-in-Academy-of-Athens-May-8-2018-272x182.jpg 272w\" sizes=\"auto, (max-width: 1772px) 100vw, 1772px\" \/>\t\t\t\t\t\t\t\t\n\n\t\t\t\t\t\t\t\t\t\t\t\t\t\t\t<\/a>\n\t\t\t\t\t\t\t\t\t\t\t\t<\/div>\n\t\t\t\t\t\t\t\t\t\t\t<div class=\"wd-gallery-item\">\n\t\t\t\t\t\t\t\t\t\t\t\t\t\t<a href=\"https:\/\/hardouvelis.gr\/wp-content\/uploads\/2021\/04\/snh_9882_32288053868_o.jpg\" data-elementor-open-lightbox=\"no\" data-index=\"2\" data-width=\"4639\" data-height=\"3088\"  title=\"Conference on \u201cGrowth Strategies for Greece and Cyprus,\u201d hosted by LSE and University of Cyprus, (from left) Vassilis Monastiriotis,  Andreas Charitou, Dimitris Vayanos, Constantinos Petrides, Sir Christopher Pissarides, and Gikas Hardouvelis,on  November 27,2018, in Nicosia, Cyprus.\">\n\t\t\t\t\t\t\t\t\n\t\t\t\t\t\t\t\t\t\t\t\t\t\t\t\t\t<img loading=\"lazy\" decoding=\"async\" width=\"4639\" height=\"3088\" src=\"https:\/\/hardouvelis.gr\/wp-content\/uploads\/2021\/04\/snh_9882_32288053868_o.jpg\" class=\"wd-gallery-image image-2 attachment-full\" alt=\"\" title=\"Conference on \u201cGrowth Strategies for Greece and Cyprus,\u201d hosted by LSE and University of Cyprus, (from left) Vassilis Monastiriotis,  Andreas Charitou, Dimitris Vayanos, Constantinos Petrides, Sir Christopher Pissarides, and Gikas Hardouvelis,on  November 27,2018, in Nicosia, Cyprus.\" srcset=\"https:\/\/hardouvelis.gr\/wp-content\/uploads\/2021\/04\/snh_9882_32288053868_o.jpg 4639w, https:\/\/hardouvelis.gr\/wp-content\/uploads\/2021\/04\/snh_9882_32288053868_o-300x200.jpg 300w, https:\/\/hardouvelis.gr\/wp-content\/uploads\/2021\/04\/snh_9882_32288053868_o-768x511.jpg 768w, https:\/\/hardouvelis.gr\/wp-content\/uploads\/2021\/04\/snh_9882_32288053868_o-1024x682.jpg 1024w, https:\/\/hardouvelis.gr\/wp-content\/uploads\/2021\/04\/snh_9882_32288053868_o-272x182.jpg 272w\" sizes=\"auto, (max-width: 4639px) 100vw, 4639px\" \/>\t\t\t\t\t\t\t\t\n\n\t\t\t\t\t\t\t\t\t\t\t\t\t\t\t<\/a>\n\t\t\t\t\t\t\t\t\t\t\t\t<\/div>\n\t\t\t\t\t\t\t\t\t\t\t<div class=\"wd-gallery-item\">\n\t\t\t\t\t\t\t\t\t\t\t\t\t\t<a href=\"https:\/\/hardouvelis.gr\/wp-content\/uploads\/2021\/04\/Growth-Strategies-for-Greece-and-Cyprus-hosted-by-LSE-and-University-of-Cyprus-School-of-Economics-and-Management-November-27th-2018.jpg\" data-elementor-open-lightbox=\"no\" data-index=\"3\" data-width=\"1016\" data-height=\"657\"  title=\"Conference on  \u201cGrowth Strategies for Greece and Cyprus,\u201d hosted by LSE and University of Cyprus, Auditorium B108 A.Leventis Council \u2013 Senate Building Aglantzia Campus, University of Cyprus, November 27,2018, Nicosia, Cyprus\">\n\t\t\t\t\t\t\t\t\n\t\t\t\t\t\t\t\t\t\t\t\t\t\t\t\t\t<img loading=\"lazy\" decoding=\"async\" width=\"1016\" height=\"657\" src=\"https:\/\/hardouvelis.gr\/wp-content\/uploads\/2021\/04\/Growth-Strategies-for-Greece-and-Cyprus-hosted-by-LSE-and-University-of-Cyprus-School-of-Economics-and-Management-November-27th-2018.jpg\" class=\"wd-gallery-image image-3 attachment-full\" alt=\"\" title=\"Conference on  \u201cGrowth Strategies for Greece and Cyprus,\u201d hosted by LSE and University of Cyprus, Auditorium B108 A.Leventis Council \u2013 Senate Building Aglantzia Campus, University of Cyprus, November 27,2018, Nicosia, Cyprus\" srcset=\"https:\/\/hardouvelis.gr\/wp-content\/uploads\/2021\/04\/Growth-Strategies-for-Greece-and-Cyprus-hosted-by-LSE-and-University-of-Cyprus-School-of-Economics-and-Management-November-27th-2018.jpg 1016w, https:\/\/hardouvelis.gr\/wp-content\/uploads\/2021\/04\/Growth-Strategies-for-Greece-and-Cyprus-hosted-by-LSE-and-University-of-Cyprus-School-of-Economics-and-Management-November-27th-2018-300x194.jpg 300w, https:\/\/hardouvelis.gr\/wp-content\/uploads\/2021\/04\/Growth-Strategies-for-Greece-and-Cyprus-hosted-by-LSE-and-University-of-Cyprus-School-of-Economics-and-Management-November-27th-2018-768x497.jpg 768w\" sizes=\"auto, (max-width: 1016px) 100vw, 1016px\" \/>\t\t\t\t\t\t\t\t\n\n\t\t\t\t\t\t\t\t\t\t\t\t\t\t\t<\/a>\n\t\t\t\t\t\t\t\t\t\t\t\t<\/div>\n\t\t\t\t\t\t\t\t\t\t\t<div class=\"wd-gallery-item\">\n\t\t\t\t\t\t\t\t\t\t\t\t\t\t<a href=\"https:\/\/hardouvelis.gr\/wp-content\/uploads\/2021\/04\/Gikas-Hardouvelis-at-University-of-Massachusetts-Amherst_October-4-2018.jpg\" data-elementor-open-lightbox=\"no\" data-index=\"4\" data-width=\"2587\" data-height=\"1306\"  title=\"CISDM Conference: \u201cThe 2007-2008 Global Financial Crisis Revisited\u201d, Isenberg School of Management, University of Massachusetts Amherst, G. Hardouvelis speaker, October 4,2018, Amherst, Massachusetts, USA.\">\n\t\t\t\t\t\t\t\t\n\t\t\t\t\t\t\t\t\t\t\t\t\t\t\t\t\t<img loading=\"lazy\" decoding=\"async\" width=\"2587\" height=\"1306\" src=\"https:\/\/hardouvelis.gr\/wp-content\/uploads\/2021\/04\/Gikas-Hardouvelis-at-University-of-Massachusetts-Amherst_October-4-2018.jpg\" class=\"wd-gallery-image image-4 attachment-full\" alt=\"\" title=\"CISDM Conference: \u201cThe 2007-2008 Global Financial Crisis Revisited\u201d, Isenberg School of Management, University of Massachusetts Amherst, G. Hardouvelis speaker, October 4,2018, Amherst, Massachusetts, USA.\" srcset=\"https:\/\/hardouvelis.gr\/wp-content\/uploads\/2021\/04\/Gikas-Hardouvelis-at-University-of-Massachusetts-Amherst_October-4-2018.jpg 2587w, https:\/\/hardouvelis.gr\/wp-content\/uploads\/2021\/04\/Gikas-Hardouvelis-at-University-of-Massachusetts-Amherst_October-4-2018-300x151.jpg 300w, https:\/\/hardouvelis.gr\/wp-content\/uploads\/2021\/04\/Gikas-Hardouvelis-at-University-of-Massachusetts-Amherst_October-4-2018-768x388.jpg 768w, https:\/\/hardouvelis.gr\/wp-content\/uploads\/2021\/04\/Gikas-Hardouvelis-at-University-of-Massachusetts-Amherst_October-4-2018-1024x517.jpg 1024w\" sizes=\"auto, (max-width: 2587px) 100vw, 2587px\" \/>\t\t\t\t\t\t\t\t\n\n\t\t\t\t\t\t\t\t\t\t\t\t\t\t\t<\/a>\n\t\t\t\t\t\t\t\t\t\t\t\t<\/div>\n\t\t\t\t\t\t\t\t\t\t\t<div class=\"wd-gallery-item\">\n\t\t\t\t\t\t\t\t\t\t\t\t\t\t<a href=\"https:\/\/hardouvelis.gr\/wp-content\/uploads\/2021\/04\/Un-of-Massachusetts-Amherst-Conference-on-the-Great-Financial-Crisis-of-2007-2009_-October-5-2018.jpg\" data-elementor-open-lightbox=\"no\" data-index=\"5\" data-width=\"1658\" data-height=\"1104\"  title=\"CISDM Conference: \u201cThe 2007-2008 Global Financial Crisis Revisited\u201d, Isenberg School of Management, University of Massachusetts Amherst, G. Hardouvelis speaker, October 4,2018, Amherst, Massachusetts, USA.\">\n\t\t\t\t\t\t\t\t\n\t\t\t\t\t\t\t\t\t\t\t\t\t\t\t\t\t<img loading=\"lazy\" decoding=\"async\" width=\"1658\" height=\"1104\" src=\"https:\/\/hardouvelis.gr\/wp-content\/uploads\/2021\/04\/Un-of-Massachusetts-Amherst-Conference-on-the-Great-Financial-Crisis-of-2007-2009_-October-5-2018.jpg\" class=\"wd-gallery-image image-5 attachment-full\" alt=\"\" title=\"CISDM Conference: \u201cThe 2007-2008 Global Financial Crisis Revisited\u201d, Isenberg School of Management, University of Massachusetts Amherst, G. Hardouvelis speaker, October 4,2018, Amherst, Massachusetts, USA.\" srcset=\"https:\/\/hardouvelis.gr\/wp-content\/uploads\/2021\/04\/Un-of-Massachusetts-Amherst-Conference-on-the-Great-Financial-Crisis-of-2007-2009_-October-5-2018.jpg 1658w, https:\/\/hardouvelis.gr\/wp-content\/uploads\/2021\/04\/Un-of-Massachusetts-Amherst-Conference-on-the-Great-Financial-Crisis-of-2007-2009_-October-5-2018-300x200.jpg 300w, https:\/\/hardouvelis.gr\/wp-content\/uploads\/2021\/04\/Un-of-Massachusetts-Amherst-Conference-on-the-Great-Financial-Crisis-of-2007-2009_-October-5-2018-768x511.jpg 768w, https:\/\/hardouvelis.gr\/wp-content\/uploads\/2021\/04\/Un-of-Massachusetts-Amherst-Conference-on-the-Great-Financial-Crisis-of-2007-2009_-October-5-2018-1024x682.jpg 1024w, https:\/\/hardouvelis.gr\/wp-content\/uploads\/2021\/04\/Un-of-Massachusetts-Amherst-Conference-on-the-Great-Financial-Crisis-of-2007-2009_-October-5-2018-272x182.jpg 272w\" sizes=\"auto, (max-width: 1658px) 100vw, 1658px\" \/>\t\t\t\t\t\t\t\t\n\n\t\t\t\t\t\t\t\t\t\t\t\t\t\t\t<\/a>\n\t\t\t\t\t\t\t\t\t\t\t\t<\/div>\n\t\t\t\t\t\t\t\t\t\t\t<div class=\"wd-gallery-item\">\n\t\t\t\t\t\t\t\t\t\t\t\t\t\t<a href=\"https:\/\/hardouvelis.gr\/wp-content\/uploads\/2021\/04\/Gikas-Hardouvelis-at-J.-Dijessbloem-book-presentation-with-Pappagiannidis-Liakos-Vettas-Fessas-Oct-23-2018.jpg\" data-elementor-open-lightbox=\"no\" data-index=\"6\" data-width=\"6016\" data-height=\"4016\"  title=\"Public discussion of book written by  former President of Eurogroup Jeroen Dijsselbloem: \u201cThe Euro Crisis: The Inside Story\u201d at Cotsen Hall, American School of Classical Studies at Athens. From left: A. Papagiannidis (moderator), Jeroen Dijsselbloem (author), followed by discussants D. Liakos, G.Hardouvelis, N. Vettas, and T. Fessas.  October 23, 2018, Athens, Greece.\">\n\t\t\t\t\t\t\t\t\n\t\t\t\t\t\t\t\t\t\t\t\t\t\t\t\t\t<img loading=\"lazy\" decoding=\"async\" width=\"6016\" height=\"4016\" src=\"https:\/\/hardouvelis.gr\/wp-content\/uploads\/2021\/04\/Gikas-Hardouvelis-at-J.-Dijessbloem-book-presentation-with-Pappagiannidis-Liakos-Vettas-Fessas-Oct-23-2018.jpg\" class=\"wd-gallery-image image-6 attachment-full\" alt=\"\" title=\"Public discussion of book written by  former President of Eurogroup Jeroen Dijsselbloem: \u201cThe Euro Crisis: The Inside Story\u201d at Cotsen Hall, American School of Classical Studies at Athens. From left: A. Papagiannidis (moderator), Jeroen Dijsselbloem (author), followed by discussants D. Liakos, G.Hardouvelis, N. Vettas, and T. Fessas.  October 23, 2018, Athens, Greece.\" srcset=\"https:\/\/hardouvelis.gr\/wp-content\/uploads\/2021\/04\/Gikas-Hardouvelis-at-J.-Dijessbloem-book-presentation-with-Pappagiannidis-Liakos-Vettas-Fessas-Oct-23-2018.jpg 6016w, https:\/\/hardouvelis.gr\/wp-content\/uploads\/2021\/04\/Gikas-Hardouvelis-at-J.-Dijessbloem-book-presentation-with-Pappagiannidis-Liakos-Vettas-Fessas-Oct-23-2018-300x200.jpg 300w, https:\/\/hardouvelis.gr\/wp-content\/uploads\/2021\/04\/Gikas-Hardouvelis-at-J.-Dijessbloem-book-presentation-with-Pappagiannidis-Liakos-Vettas-Fessas-Oct-23-2018-768x513.jpg 768w, https:\/\/hardouvelis.gr\/wp-content\/uploads\/2021\/04\/Gikas-Hardouvelis-at-J.-Dijessbloem-book-presentation-with-Pappagiannidis-Liakos-Vettas-Fessas-Oct-23-2018-1024x684.jpg 1024w, https:\/\/hardouvelis.gr\/wp-content\/uploads\/2021\/04\/Gikas-Hardouvelis-at-J.-Dijessbloem-book-presentation-with-Pappagiannidis-Liakos-Vettas-Fessas-Oct-23-2018-272x182.jpg 272w\" sizes=\"auto, (max-width: 6016px) 100vw, 6016px\" \/>\t\t\t\t\t\t\t\t\n\n\t\t\t\t\t\t\t\t\t\t\t\t\t\t\t<\/a>\n\t\t\t\t\t\t\t\t\t\t\t\t<\/div>\n\t\t\t\t\t\t\t\t\t\t\t<div class=\"wd-gallery-item\">\n\t\t\t\t\t\t\t\t\t\t\t\t\t\t<a href=\"https:\/\/hardouvelis.gr\/wp-content\/uploads\/2021\/04\/Jan-29-2018-with-Finance-Dept-Scholarship-students-and-Professors.jpg\" data-elementor-open-lightbox=\"no\" data-index=\"7\" data-width=\"4928\" data-height=\"3280\"  title=\"University of Piraeus, Department of Banking and Finance Scholarship awards to students. Group photo of awarded students with professors, January 29, 2018, Piraeus, Greece.\">\n\t\t\t\t\t\t\t\t\n\t\t\t\t\t\t\t\t\t\t\t\t\t\t\t\t\t<img loading=\"lazy\" decoding=\"async\" width=\"4928\" height=\"3280\" src=\"https:\/\/hardouvelis.gr\/wp-content\/uploads\/2021\/04\/Jan-29-2018-with-Finance-Dept-Scholarship-students-and-Professors.jpg\" class=\"wd-gallery-image image-7 attachment-full\" alt=\"\" title=\"University of Piraeus, Department of Banking and Finance Scholarship awards to students. Group photo of awarded students with professors, January 29, 2018, Piraeus, Greece.\" srcset=\"https:\/\/hardouvelis.gr\/wp-content\/uploads\/2021\/04\/Jan-29-2018-with-Finance-Dept-Scholarship-students-and-Professors.jpg 4928w, https:\/\/hardouvelis.gr\/wp-content\/uploads\/2021\/04\/Jan-29-2018-with-Finance-Dept-Scholarship-students-and-Professors-300x200.jpg 300w, https:\/\/hardouvelis.gr\/wp-content\/uploads\/2021\/04\/Jan-29-2018-with-Finance-Dept-Scholarship-students-and-Professors-768x511.jpg 768w, https:\/\/hardouvelis.gr\/wp-content\/uploads\/2021\/04\/Jan-29-2018-with-Finance-Dept-Scholarship-students-and-Professors-1024x682.jpg 1024w, https:\/\/hardouvelis.gr\/wp-content\/uploads\/2021\/04\/Jan-29-2018-with-Finance-Dept-Scholarship-students-and-Professors-272x182.jpg 272w\" sizes=\"auto, (max-width: 4928px) 100vw, 4928px\" \/>\t\t\t\t\t\t\t\t\n\n\t\t\t\t\t\t\t\t\t\t\t\t\t\t\t<\/a>\n\t\t\t\t\t\t\t\t\t\t\t\t<\/div>\n\t\t\t\t\t\t\t\t\t\t\t<div class=\"wd-gallery-item\">\n\t\t\t\t\t\t\t\t\t\t\t\t\t\t<a href=\"https:\/\/hardouvelis.gr\/wp-content\/uploads\/2021\/04\/July-7-2018-Athns-Policy-Forum-discussion.jpg\" data-elementor-open-lightbox=\"no\" data-index=\"8\" data-width=\"1000\" data-height=\"665\"  title=\"14th Biennial Conference of the Athenian Policy Forum, round-table discussion on \u201cFinancial frictions, sovereign debt crises and the role of the ECB,\u201d from left: J. Choi (chair), and panelists G. Georgopoulos, G. Hardouvelis (speaker), A. Malliaris,  D. Vayanos, and M. Delis. University of Piraeus, July 7, 2018, Piraeus, Greece\">\n\t\t\t\t\t\t\t\t\n\t\t\t\t\t\t\t\t\t\t\t\t\t\t\t\t\t<img loading=\"lazy\" decoding=\"async\" width=\"1000\" height=\"665\" src=\"https:\/\/hardouvelis.gr\/wp-content\/uploads\/2021\/04\/July-7-2018-Athns-Policy-Forum-discussion.jpg\" class=\"wd-gallery-image image-8 attachment-full\" alt=\"\" title=\"14th Biennial Conference of the Athenian Policy Forum, round-table discussion on \u201cFinancial frictions, sovereign debt crises and the role of the ECB,\u201d from left: J. Choi (chair), and panelists G. Georgopoulos, G. Hardouvelis (speaker), A. Malliaris,  D. Vayanos, and M. Delis. University of Piraeus, July 7, 2018, Piraeus, Greece\" srcset=\"https:\/\/hardouvelis.gr\/wp-content\/uploads\/2021\/04\/July-7-2018-Athns-Policy-Forum-discussion.jpg 1000w, https:\/\/hardouvelis.gr\/wp-content\/uploads\/2021\/04\/July-7-2018-Athns-Policy-Forum-discussion-300x200.jpg 300w, https:\/\/hardouvelis.gr\/wp-content\/uploads\/2021\/04\/July-7-2018-Athns-Policy-Forum-discussion-768x511.jpg 768w, https:\/\/hardouvelis.gr\/wp-content\/uploads\/2021\/04\/July-7-2018-Athns-Policy-Forum-discussion-272x182.jpg 272w\" sizes=\"auto, (max-width: 1000px) 100vw, 1000px\" \/>\t\t\t\t\t\t\t\t\n\n\t\t\t\t\t\t\t\t\t\t\t\t\t\t\t<\/a>\n\t\t\t\t\t\t\t\t\t\t\t\t<\/div>\n\t\t\t\t\t\t\t\t\t\t\t<div class=\"wd-gallery-item\">\n\t\t\t\t\t\t\t\t\t\t\t\t\t\t<a href=\"https:\/\/hardouvelis.gr\/wp-content\/uploads\/2021\/04\/March-3-2018-with-Finance-Professors-and-ex-students-Stefanos-Delikouras-Nikos-Artavanis-San-Antonio-Texas.jpg\" data-elementor-open-lightbox=\"no\" data-index=\"9\" data-width=\"1280\" data-height=\"960\"  title=\"Gikas Hardouvelis  with his ex-students and current Finance-Professors Stefanos Delikouras and Nikos Artavanis, after the Mid-West Finance association meetings, on March 3, 2018, in San Antonio, Texas\">\n\t\t\t\t\t\t\t\t\n\t\t\t\t\t\t\t\t\t\t\t\t\t\t\t\t\t<img loading=\"lazy\" decoding=\"async\" width=\"1280\" height=\"960\" src=\"https:\/\/hardouvelis.gr\/wp-content\/uploads\/2021\/04\/March-3-2018-with-Finance-Professors-and-ex-students-Stefanos-Delikouras-Nikos-Artavanis-San-Antonio-Texas.jpg\" class=\"wd-gallery-image image-9 attachment-full\" alt=\"\" title=\"Gikas Hardouvelis  with his ex-students and current Finance-Professors Stefanos Delikouras and Nikos Artavanis, after the Mid-West Finance association meetings, on March 3, 2018, in San Antonio, Texas\" srcset=\"https:\/\/hardouvelis.gr\/wp-content\/uploads\/2021\/04\/March-3-2018-with-Finance-Professors-and-ex-students-Stefanos-Delikouras-Nikos-Artavanis-San-Antonio-Texas.jpg 1280w, https:\/\/hardouvelis.gr\/wp-content\/uploads\/2021\/04\/March-3-2018-with-Finance-Professors-and-ex-students-Stefanos-Delikouras-Nikos-Artavanis-San-Antonio-Texas-300x225.jpg 300w, https:\/\/hardouvelis.gr\/wp-content\/uploads\/2021\/04\/March-3-2018-with-Finance-Professors-and-ex-students-Stefanos-Delikouras-Nikos-Artavanis-San-Antonio-Texas-768x576.jpg 768w, https:\/\/hardouvelis.gr\/wp-content\/uploads\/2021\/04\/March-3-2018-with-Finance-Professors-and-ex-students-Stefanos-Delikouras-Nikos-Artavanis-San-Antonio-Texas-1024x768.jpg 1024w, https:\/\/hardouvelis.gr\/wp-content\/uploads\/2021\/04\/March-3-2018-with-Finance-Professors-and-ex-students-Stefanos-Delikouras-Nikos-Artavanis-San-Antonio-Texas-350x263.jpg 350w, https:\/\/hardouvelis.gr\/wp-content\/uploads\/2021\/04\/March-3-2018-with-Finance-Professors-and-ex-students-Stefanos-Delikouras-Nikos-Artavanis-San-Antonio-Texas-780x586.jpg 780w, https:\/\/hardouvelis.gr\/wp-content\/uploads\/2021\/04\/March-3-2018-with-Finance-Professors-and-ex-students-Stefanos-Delikouras-Nikos-Artavanis-San-Antonio-Texas-250x188.jpg 250w\" sizes=\"auto, (max-width: 1280px) 100vw, 1280px\" \/>\t\t\t\t\t\t\t\t\n\n\t\t\t\t\t\t\t\t\t\t\t\t\t\t\t<\/a>\n\t\t\t\t\t\t\t\t\t\t\t\t<\/div>\n\t\t\t\t\t\t\t\t\t\t\t<div class=\"wd-gallery-item\">\n\t\t\t\t\t\t\t\t\t\t\t\t\t\t<a href=\"https:\/\/hardouvelis.gr\/wp-content\/uploads\/2021\/04\/May-5-2018_SBC-interview_-with-Sofia-Rodopoulou.jpg\" data-elementor-open-lightbox=\"no\" data-index=\"10\" data-width=\"5312\" data-height=\"2988\"  title=\"Gikas Hardouvelis\u2019 interview with Sofia Rodopoulou on SBC TV, May 5, 2018, Athens, Greece\">\n\t\t\t\t\t\t\t\t\n\t\t\t\t\t\t\t\t\t\t\t\t\t\t\t\t\t<img loading=\"lazy\" decoding=\"async\" width=\"5312\" height=\"2988\" src=\"https:\/\/hardouvelis.gr\/wp-content\/uploads\/2021\/04\/May-5-2018_SBC-interview_-with-Sofia-Rodopoulou.jpg\" class=\"wd-gallery-image image-10 attachment-full\" alt=\"\" title=\"Gikas Hardouvelis\u2019 interview with Sofia Rodopoulou on SBC TV, May 5, 2018, Athens, Greece\" srcset=\"https:\/\/hardouvelis.gr\/wp-content\/uploads\/2021\/04\/May-5-2018_SBC-interview_-with-Sofia-Rodopoulou.jpg 5312w, https:\/\/hardouvelis.gr\/wp-content\/uploads\/2021\/04\/May-5-2018_SBC-interview_-with-Sofia-Rodopoulou-300x169.jpg 300w, https:\/\/hardouvelis.gr\/wp-content\/uploads\/2021\/04\/May-5-2018_SBC-interview_-with-Sofia-Rodopoulou-768x432.jpg 768w, https:\/\/hardouvelis.gr\/wp-content\/uploads\/2021\/04\/May-5-2018_SBC-interview_-with-Sofia-Rodopoulou-1024x576.jpg 1024w\" sizes=\"auto, (max-width: 5312px) 100vw, 5312px\" \/>\t\t\t\t\t\t\t\t\n\n\t\t\t\t\t\t\t\t\t\t\t\t\t\t\t<\/a>\n\t\t\t\t\t\t\t\t\t\t\t\t<\/div>\n\t\t\t\t\t\t\t\t\t\t\t<div class=\"wd-gallery-item\">\n\t\t\t\t\t\t\t\t\t\t\t\t\t\t<a href=\"https:\/\/hardouvelis.gr\/wp-content\/uploads\/2018\/02\/MFS_Apr_7-9_2017_LIMASOOL-CYPRUS_with-Conference-participants-1.jpg\" data-elementor-open-lightbox=\"no\" data-index=\"11\" data-width=\"3264\" data-height=\"2448\"  title=\"Multinational Financial Society, with Conference participants, April 7-9, 2017, Limassol, Cyprus\">\n\t\t\t\t\t\t\t\t\n\t\t\t\t\t\t\t\t\t\t\t\t\t\t\t\t\t<img loading=\"lazy\" decoding=\"async\" width=\"3264\" height=\"2448\" src=\"https:\/\/hardouvelis.gr\/wp-content\/uploads\/2018\/02\/MFS_Apr_7-9_2017_LIMASOOL-CYPRUS_with-Conference-participants-1.jpg\" class=\"wd-gallery-image image-11 attachment-full\" alt=\"\" title=\"Multinational Financial Society, with Conference participants, April 7-9, 2017, Limassol, Cyprus\" srcset=\"https:\/\/hardouvelis.gr\/wp-content\/uploads\/2018\/02\/MFS_Apr_7-9_2017_LIMASOOL-CYPRUS_with-Conference-participants-1.jpg 3264w, https:\/\/hardouvelis.gr\/wp-content\/uploads\/2018\/02\/MFS_Apr_7-9_2017_LIMASOOL-CYPRUS_with-Conference-participants-1-300x225.jpg 300w, https:\/\/hardouvelis.gr\/wp-content\/uploads\/2018\/02\/MFS_Apr_7-9_2017_LIMASOOL-CYPRUS_with-Conference-participants-1-768x576.jpg 768w, https:\/\/hardouvelis.gr\/wp-content\/uploads\/2018\/02\/MFS_Apr_7-9_2017_LIMASOOL-CYPRUS_with-Conference-participants-1-1024x768.jpg 1024w, https:\/\/hardouvelis.gr\/wp-content\/uploads\/2018\/02\/MFS_Apr_7-9_2017_LIMASOOL-CYPRUS_with-Conference-participants-1-350x263.jpg 350w, https:\/\/hardouvelis.gr\/wp-content\/uploads\/2018\/02\/MFS_Apr_7-9_2017_LIMASOOL-CYPRUS_with-Conference-participants-1-780x586.jpg 780w, https:\/\/hardouvelis.gr\/wp-content\/uploads\/2018\/02\/MFS_Apr_7-9_2017_LIMASOOL-CYPRUS_with-Conference-participants-1-250x188.jpg 250w\" sizes=\"auto, (max-width: 3264px) 100vw, 3264px\" \/>\t\t\t\t\t\t\t\t\n\n\t\t\t\t\t\t\t\t\t\t\t\t\t\t\t<\/a>\n\t\t\t\t\t\t\t\t\t\t\t\t<\/div>\n\t\t\t\t\t\t\t\t\t\t\t<div class=\"wd-gallery-item\">\n\t\t\t\t\t\t\t\t\t\t\t\t\t\t<a href=\"https:\/\/hardouvelis.gr\/wp-content\/uploads\/2018\/02\/MFS_Apr_7-9_G-Hardouvelis_Sh-Sunder_A-Charitou_2017.jpg\" data-elementor-open-lightbox=\"no\" data-index=\"12\" data-width=\"320\" data-height=\"240\"  title=\"Multinational Financial Society, April 7-9, 2017, Limassol, Cyprus, (from left) G. Hardouvelis, Sh. Sunder, A. Charitou\">\n\t\t\t\t\t\t\t\t\n\t\t\t\t\t\t\t\t\t\t\t\t\t\t\t\t\t<img loading=\"lazy\" decoding=\"async\" width=\"320\" height=\"240\" src=\"https:\/\/hardouvelis.gr\/wp-content\/uploads\/2018\/02\/MFS_Apr_7-9_G-Hardouvelis_Sh-Sunder_A-Charitou_2017.jpg\" class=\"wd-gallery-image image-12 attachment-full\" alt=\"\" title=\"Multinational Financial Society, April 7-9, 2017, Limassol, Cyprus, (from left) G. Hardouvelis, Sh. Sunder, A. Charitou\" srcset=\"https:\/\/hardouvelis.gr\/wp-content\/uploads\/2018\/02\/MFS_Apr_7-9_G-Hardouvelis_Sh-Sunder_A-Charitou_2017.jpg 320w, https:\/\/hardouvelis.gr\/wp-content\/uploads\/2018\/02\/MFS_Apr_7-9_G-Hardouvelis_Sh-Sunder_A-Charitou_2017-300x225.jpg 300w, https:\/\/hardouvelis.gr\/wp-content\/uploads\/2018\/02\/MFS_Apr_7-9_G-Hardouvelis_Sh-Sunder_A-Charitou_2017-250x188.jpg 250w\" sizes=\"auto, (max-width: 320px) 100vw, 320px\" \/>\t\t\t\t\t\t\t\t\n\n\t\t\t\t\t\t\t\t\t\t\t\t\t\t\t<\/a>\n\t\t\t\t\t\t\t\t\t\t\t\t<\/div>\n\t\t\t\t\t\t\t\t\t\t\t<div class=\"wd-gallery-item\">\n\t\t\t\t\t\t\t\t\t\t\t\t\t\t<a href=\"https:\/\/hardouvelis.gr\/wp-content\/uploads\/2018\/02\/EFMA_June_30_2017_A-Andrianopoulos_G-Hardouvelis_Pl-Monokrousos-1.jpg\" data-elementor-open-lightbox=\"no\" data-index=\"13\" data-width=\"640\" data-height=\"428\"  title=\"European Financial Management Association Annual Meetings, Panel Discussion on growth prospects, (from left) A. Andrianopoulos, G. Hardouvelis, Pl. Monokrousos. American College of Greece, June 30, 2017, Athens, Greece\">\n\t\t\t\t\t\t\t\t\n\t\t\t\t\t\t\t\t\t\t\t\t\t\t\t\t\t<img loading=\"lazy\" decoding=\"async\" width=\"640\" height=\"428\" src=\"https:\/\/hardouvelis.gr\/wp-content\/uploads\/2018\/02\/EFMA_June_30_2017_A-Andrianopoulos_G-Hardouvelis_Pl-Monokrousos-1.jpg\" class=\"wd-gallery-image image-13 attachment-full\" alt=\"\" title=\"European Financial Management Association Annual Meetings, Panel Discussion on growth prospects, (from left) A. Andrianopoulos, G. Hardouvelis, Pl. Monokrousos. American College of Greece, June 30, 2017, Athens, Greece\" srcset=\"https:\/\/hardouvelis.gr\/wp-content\/uploads\/2018\/02\/EFMA_June_30_2017_A-Andrianopoulos_G-Hardouvelis_Pl-Monokrousos-1.jpg 640w, https:\/\/hardouvelis.gr\/wp-content\/uploads\/2018\/02\/EFMA_June_30_2017_A-Andrianopoulos_G-Hardouvelis_Pl-Monokrousos-1-300x201.jpg 300w, https:\/\/hardouvelis.gr\/wp-content\/uploads\/2018\/02\/EFMA_June_30_2017_A-Andrianopoulos_G-Hardouvelis_Pl-Monokrousos-1-272x182.jpg 272w\" sizes=\"auto, (max-width: 640px) 100vw, 640px\" \/>\t\t\t\t\t\t\t\t\n\n\t\t\t\t\t\t\t\t\t\t\t\t\t\t\t<\/a>\n\t\t\t\t\t\t\t\t\t\t\t\t<\/div>\n\t\t\t\t\t\t\t\t\t\t\t<div class=\"wd-gallery-item\">\n\t\t\t\t\t\t\t\t\t\t\t\t\t\t<a href=\"https:\/\/hardouvelis.gr\/wp-content\/uploads\/2021\/04\/Nov-13-2017-Un-of-Piraeus-Dept-of-Finance-meets-in-a-Tavern-\u039a\u0391\u039b\u03a9\u03a3\u039f\u03a1\u0399\u03a3\u039c\u0391-\u0391\u039d\u03a4\u03a9\u039d\u0397.jpg\" data-elementor-open-lightbox=\"no\" data-index=\"14\" data-width=\"4096\" data-height=\"2304\"  title=\"With Professors from University of Piraeus, Department of Banking and Financial Management, meeting in a Tavern, November 13, 2017, Athens, Greece\">\n\t\t\t\t\t\t\t\t\n\t\t\t\t\t\t\t\t\t\t\t\t\t\t\t\t\t<img loading=\"lazy\" decoding=\"async\" width=\"4096\" height=\"2304\" src=\"https:\/\/hardouvelis.gr\/wp-content\/uploads\/2021\/04\/Nov-13-2017-Un-of-Piraeus-Dept-of-Finance-meets-in-a-Tavern-\u039a\u0391\u039b\u03a9\u03a3\u039f\u03a1\u0399\u03a3\u039c\u0391-\u0391\u039d\u03a4\u03a9\u039d\u0397.jpg\" class=\"wd-gallery-image image-14 attachment-full\" alt=\"\" title=\"With Professors from University of Piraeus, Department of Banking and Financial Management, meeting in a Tavern, November 13, 2017, Athens, Greece\" srcset=\"https:\/\/hardouvelis.gr\/wp-content\/uploads\/2021\/04\/Nov-13-2017-Un-of-Piraeus-Dept-of-Finance-meets-in-a-Tavern-\u039a\u0391\u039b\u03a9\u03a3\u039f\u03a1\u0399\u03a3\u039c\u0391-\u0391\u039d\u03a4\u03a9\u039d\u0397.jpg 4096w, https:\/\/hardouvelis.gr\/wp-content\/uploads\/2021\/04\/Nov-13-2017-Un-of-Piraeus-Dept-of-Finance-meets-in-a-Tavern-\u039a\u0391\u039b\u03a9\u03a3\u039f\u03a1\u0399\u03a3\u039c\u0391-\u0391\u039d\u03a4\u03a9\u039d\u0397-300x169.jpg 300w, https:\/\/hardouvelis.gr\/wp-content\/uploads\/2021\/04\/Nov-13-2017-Un-of-Piraeus-Dept-of-Finance-meets-in-a-Tavern-\u039a\u0391\u039b\u03a9\u03a3\u039f\u03a1\u0399\u03a3\u039c\u0391-\u0391\u039d\u03a4\u03a9\u039d\u0397-768x432.jpg 768w, https:\/\/hardouvelis.gr\/wp-content\/uploads\/2021\/04\/Nov-13-2017-Un-of-Piraeus-Dept-of-Finance-meets-in-a-Tavern-\u039a\u0391\u039b\u03a9\u03a3\u039f\u03a1\u0399\u03a3\u039c\u0391-\u0391\u039d\u03a4\u03a9\u039d\u0397-1024x576.jpg 1024w\" sizes=\"auto, (max-width: 4096px) 100vw, 4096px\" \/>\t\t\t\t\t\t\t\t\n\n\t\t\t\t\t\t\t\t\t\t\t\t\t\t\t<\/a>\n\t\t\t\t\t\t\t\t\t\t\t\t<\/div>\n\t\t\t\t\t\t\t\t\t\t\t<div class=\"wd-gallery-item\">\n\t\t\t\t\t\t\t\t\t\t\t\t\t\t<a href=\"https:\/\/hardouvelis.gr\/wp-content\/uploads\/2021\/04\/Dec-2014-Christmas-Finance-Dept-Student-Party.jpg\" data-elementor-open-lightbox=\"no\" data-index=\"15\" data-width=\"3264\" data-height=\"2448\"  title=\"With Students from University of Piraeus, Department of Banking and Financial Management, at a Christmas party celebration inside the University, Piraeus, Greece\">\n\t\t\t\t\t\t\t\t\n\t\t\t\t\t\t\t\t\t\t\t\t\t\t\t\t\t<img loading=\"lazy\" decoding=\"async\" width=\"3264\" height=\"2448\" src=\"https:\/\/hardouvelis.gr\/wp-content\/uploads\/2021\/04\/Dec-2014-Christmas-Finance-Dept-Student-Party.jpg\" class=\"wd-gallery-image image-15 attachment-full\" alt=\"\" title=\"With Students from University of Piraeus, Department of Banking and Financial Management, at a Christmas party celebration inside the University, Piraeus, Greece\" srcset=\"https:\/\/hardouvelis.gr\/wp-content\/uploads\/2021\/04\/Dec-2014-Christmas-Finance-Dept-Student-Party.jpg 3264w, https:\/\/hardouvelis.gr\/wp-content\/uploads\/2021\/04\/Dec-2014-Christmas-Finance-Dept-Student-Party-300x225.jpg 300w, https:\/\/hardouvelis.gr\/wp-content\/uploads\/2021\/04\/Dec-2014-Christmas-Finance-Dept-Student-Party-768x576.jpg 768w, https:\/\/hardouvelis.gr\/wp-content\/uploads\/2021\/04\/Dec-2014-Christmas-Finance-Dept-Student-Party-1024x768.jpg 1024w, https:\/\/hardouvelis.gr\/wp-content\/uploads\/2021\/04\/Dec-2014-Christmas-Finance-Dept-Student-Party-350x263.jpg 350w, https:\/\/hardouvelis.gr\/wp-content\/uploads\/2021\/04\/Dec-2014-Christmas-Finance-Dept-Student-Party-780x586.jpg 780w, https:\/\/hardouvelis.gr\/wp-content\/uploads\/2021\/04\/Dec-2014-Christmas-Finance-Dept-Student-Party-250x188.jpg 250w\" sizes=\"auto, (max-width: 3264px) 100vw, 3264px\" \/>\t\t\t\t\t\t\t\t\n\n\t\t\t\t\t\t\t\t\t\t\t\t\t\t\t<\/a>\n\t\t\t\t\t\t\t\t\t\t\t\t<\/div>\n\t\t\t\t\t\t\t\t\t\t\t<div class=\"wd-gallery-item\">\n\t\t\t\t\t\t\t\t\t\t\t\t\t\t<a href=\"https:\/\/hardouvelis.gr\/wp-content\/uploads\/2021\/04\/Anatolia-Board-of-Trustees-meeting-Spring-2018.jpg\" data-elementor-open-lightbox=\"no\" data-index=\"16\" data-width=\"947\" data-height=\"618\"  title=\"With members of the Anatolia Board of Trustees during the Annual Spring meeting, May 2018,Thessaloniki, Greece \u00a9 Trustees of Anatolia College\/\u0388\u03c6\u03bf\u03c1\u03bf\u03b9 \u03c4\u03bf\u03c5 \u039a\u03bf\u03bb\u03bb\u03b5\u03b3\u03af\u03bf\u03c5 \u0391\u03bd\u03b1\u03c4\u03cc\u03bb\u03b9\u03b1\">\n\t\t\t\t\t\t\t\t\n\t\t\t\t\t\t\t\t\t\t\t\t\t\t\t\t\t<img loading=\"lazy\" decoding=\"async\" width=\"947\" height=\"618\" src=\"https:\/\/hardouvelis.gr\/wp-content\/uploads\/2021\/04\/Anatolia-Board-of-Trustees-meeting-Spring-2018.jpg\" class=\"wd-gallery-image image-16 attachment-full\" alt=\"\" title=\"With members of the Anatolia Board of Trustees during the Annual Spring meeting, May 2018,Thessaloniki, Greece \u00a9 Trustees of Anatolia College\/\u0388\u03c6\u03bf\u03c1\u03bf\u03b9 \u03c4\u03bf\u03c5 \u039a\u03bf\u03bb\u03bb\u03b5\u03b3\u03af\u03bf\u03c5 \u0391\u03bd\u03b1\u03c4\u03cc\u03bb\u03b9\u03b1\" srcset=\"https:\/\/hardouvelis.gr\/wp-content\/uploads\/2021\/04\/Anatolia-Board-of-Trustees-meeting-Spring-2018.jpg 947w, https:\/\/hardouvelis.gr\/wp-content\/uploads\/2021\/04\/Anatolia-Board-of-Trustees-meeting-Spring-2018-300x196.jpg 300w, https:\/\/hardouvelis.gr\/wp-content\/uploads\/2021\/04\/Anatolia-Board-of-Trustees-meeting-Spring-2018-768x501.jpg 768w\" sizes=\"auto, (max-width: 947px) 100vw, 947px\" \/>\t\t\t\t\t\t\t\t\n\n\t\t\t\t\t\t\t\t\t\t\t\t\t\t\t<\/a>\n\t\t\t\t\t\t\t\t\t\t\t\t<\/div>\n\t\t\t\t\t\t\t\t\t\t\t\t<\/div>\n\t\t<\/div>\n\t\t\t\t[\/vc_tta_section][vc_tta_section title=&#8221;2016&#8243; tab_id=&#8221;1684151666877-975659c2-2d4a&#8221;]\t\t<div id=\"gallery_400\" class=\"wd-images-gallery wd-rs-64621d887333e wd-justify-center wd-items-middle view-justified photoswipe-images\" >\n\t\t\t<div class=\"gallery-images\">\n\t\t\t\t\t\t\t\t\t\t\t\t\t\t\t<div class=\"wd-gallery-item\">\n\t\t\t\t\t\t\t\t\t\t\t\t\t\t<a href=\"https:\/\/hardouvelis.gr\/wp-content\/uploads\/2021\/04\/Gikas-Hardouvelis-with-K.-Regling-economist-2016.jpg\" data-elementor-open-lightbox=\"no\" data-index=\"1\" data-width=\"960\" data-height=\"720\"  title=\"Economist Conference, \u201cUnfinished Business: The Greek Economy\u201d, G. Hardouvelis C0-Speaker with Klaus Regling, Managing Director, European Stability Mechanism (ESM), June 22, 2016, Lagonisi, Greece\">\n\t\t\t\t\t\t\t\t\n\t\t\t\t\t\t\t\t\t\t\t\t\t\t\t\t\t<img loading=\"lazy\" decoding=\"async\" width=\"960\" height=\"720\" src=\"https:\/\/hardouvelis.gr\/wp-content\/uploads\/2021\/04\/Gikas-Hardouvelis-with-K.-Regling-economist-2016.jpg\" class=\"wd-gallery-image image-1 attachment-full\" alt=\"\" title=\"Economist Conference, \u201cUnfinished Business: The Greek Economy\u201d, G. Hardouvelis C0-Speaker with Klaus Regling, Managing Director, European Stability Mechanism (ESM), June 22, 2016, Lagonisi, Greece\" srcset=\"https:\/\/hardouvelis.gr\/wp-content\/uploads\/2021\/04\/Gikas-Hardouvelis-with-K.-Regling-economist-2016.jpg 960w, https:\/\/hardouvelis.gr\/wp-content\/uploads\/2021\/04\/Gikas-Hardouvelis-with-K.-Regling-economist-2016-300x225.jpg 300w, https:\/\/hardouvelis.gr\/wp-content\/uploads\/2021\/04\/Gikas-Hardouvelis-with-K.-Regling-economist-2016-768x576.jpg 768w, https:\/\/hardouvelis.gr\/wp-content\/uploads\/2021\/04\/Gikas-Hardouvelis-with-K.-Regling-economist-2016-350x263.jpg 350w, https:\/\/hardouvelis.gr\/wp-content\/uploads\/2021\/04\/Gikas-Hardouvelis-with-K.-Regling-economist-2016-780x586.jpg 780w, https:\/\/hardouvelis.gr\/wp-content\/uploads\/2021\/04\/Gikas-Hardouvelis-with-K.-Regling-economist-2016-250x188.jpg 250w\" sizes=\"auto, (max-width: 960px) 100vw, 960px\" \/>\t\t\t\t\t\t\t\t\n\n\t\t\t\t\t\t\t\t\t\t\t\t\t\t\t<\/a>\n\t\t\t\t\t\t\t\t\t\t\t\t<\/div>\n\t\t\t\t\t\t\t\t\t\t\t<div class=\"wd-gallery-item\">\n\t\t\t\t\t\t\t\t\t\t\t\t\t\t<a href=\"https:\/\/hardouvelis.gr\/wp-content\/uploads\/2021\/04\/2016-ECONOMIST-20th-Economist-Greek-Government-Roundtable.jpg\" data-elementor-open-lightbox=\"no\" data-index=\"2\" data-width=\"1024\" data-height=\"549\"  title=\"Economist Conference, \u201cUnfinished Business: The Greek Economy\u201d, G. Hardouvelis Speaker, June 22, 2016, Lagonisi, Greece\">\n\t\t\t\t\t\t\t\t\n\t\t\t\t\t\t\t\t\t\t\t\t\t\t\t\t\t<img loading=\"lazy\" decoding=\"async\" width=\"1024\" height=\"549\" src=\"https:\/\/hardouvelis.gr\/wp-content\/uploads\/2021\/04\/2016-ECONOMIST-20th-Economist-Greek-Government-Roundtable.jpg\" class=\"wd-gallery-image image-2 attachment-full\" alt=\"\" title=\"Economist Conference, \u201cUnfinished Business: The Greek Economy\u201d, G. Hardouvelis Speaker, June 22, 2016, Lagonisi, Greece\" srcset=\"https:\/\/hardouvelis.gr\/wp-content\/uploads\/2021\/04\/2016-ECONOMIST-20th-Economist-Greek-Government-Roundtable.jpg 1024w, https:\/\/hardouvelis.gr\/wp-content\/uploads\/2021\/04\/2016-ECONOMIST-20th-Economist-Greek-Government-Roundtable-300x161.jpg 300w, https:\/\/hardouvelis.gr\/wp-content\/uploads\/2021\/04\/2016-ECONOMIST-20th-Economist-Greek-Government-Roundtable-768x412.jpg 768w\" sizes=\"auto, (max-width: 1024px) 100vw, 1024px\" \/>\t\t\t\t\t\t\t\t\n\n\t\t\t\t\t\t\t\t\t\t\t\t\t\t\t<\/a>\n\t\t\t\t\t\t\t\t\t\t\t\t<\/div>\n\t\t\t\t\t\t\t\t\t\t\t<div class=\"wd-gallery-item\">\n\t\t\t\t\t\t\t\t\t\t\t\t\t\t<a href=\"https:\/\/hardouvelis.gr\/wp-content\/uploads\/2018\/02\/Delphi_Feb_27_2016_G-Hardouvelis_S-1-1.jpg\" data-elementor-open-lightbox=\"no\" data-index=\"3\" data-width=\"3264\" data-height=\"2448\"  title=\"With Peter Spiegel, Brussels Bureau Chief, Financial Times, at Delphi Forum, February 27, 2016, Delphi, Greece\">\n\t\t\t\t\t\t\t\t\n\t\t\t\t\t\t\t\t\t\t\t\t\t\t\t\t\t<img loading=\"lazy\" decoding=\"async\" width=\"3264\" height=\"2448\" src=\"https:\/\/hardouvelis.gr\/wp-content\/uploads\/2018\/02\/Delphi_Feb_27_2016_G-Hardouvelis_S-1-1.jpg\" class=\"wd-gallery-image image-3 attachment-full\" alt=\"\" title=\"With Peter Spiegel, Brussels Bureau Chief, Financial Times, at Delphi Forum, February 27, 2016, Delphi, Greece\" srcset=\"https:\/\/hardouvelis.gr\/wp-content\/uploads\/2018\/02\/Delphi_Feb_27_2016_G-Hardouvelis_S-1-1.jpg 3264w, https:\/\/hardouvelis.gr\/wp-content\/uploads\/2018\/02\/Delphi_Feb_27_2016_G-Hardouvelis_S-1-1-300x225.jpg 300w, https:\/\/hardouvelis.gr\/wp-content\/uploads\/2018\/02\/Delphi_Feb_27_2016_G-Hardouvelis_S-1-1-768x576.jpg 768w, https:\/\/hardouvelis.gr\/wp-content\/uploads\/2018\/02\/Delphi_Feb_27_2016_G-Hardouvelis_S-1-1-1024x768.jpg 1024w, https:\/\/hardouvelis.gr\/wp-content\/uploads\/2018\/02\/Delphi_Feb_27_2016_G-Hardouvelis_S-1-1-350x263.jpg 350w, https:\/\/hardouvelis.gr\/wp-content\/uploads\/2018\/02\/Delphi_Feb_27_2016_G-Hardouvelis_S-1-1-780x586.jpg 780w, https:\/\/hardouvelis.gr\/wp-content\/uploads\/2018\/02\/Delphi_Feb_27_2016_G-Hardouvelis_S-1-1-250x188.jpg 250w\" sizes=\"auto, (max-width: 3264px) 100vw, 3264px\" \/>\t\t\t\t\t\t\t\t\n\n\t\t\t\t\t\t\t\t\t\t\t\t\t\t\t<\/a>\n\t\t\t\t\t\t\t\t\t\t\t\t<\/div>\n\t\t\t\t\t\t\t\t\t\t\t<div class=\"wd-gallery-item\">\n\t\t\t\t\t\t\t\t\t\t\t\t\t\t<a href=\"https:\/\/hardouvelis.gr\/wp-content\/uploads\/2018\/02\/Delphi-lecture_Feb_27_2016-1.jpg\" data-elementor-open-lightbox=\"no\" data-index=\"4\" data-width=\"3264\" data-height=\"2448\"  title=\"Delphi Economic Forum, G. Hardouvelis, Speaker \u201cDebt Overhang and Growth Implications\u201d, February 27, 2016, Delphi, Greece\">\n\t\t\t\t\t\t\t\t\n\t\t\t\t\t\t\t\t\t\t\t\t\t\t\t\t\t<img loading=\"lazy\" decoding=\"async\" width=\"3264\" height=\"2448\" src=\"https:\/\/hardouvelis.gr\/wp-content\/uploads\/2018\/02\/Delphi-lecture_Feb_27_2016-1.jpg\" class=\"wd-gallery-image image-4 attachment-full\" alt=\"\" title=\"Delphi Economic Forum, G. Hardouvelis, Speaker \u201cDebt Overhang and Growth Implications\u201d, February 27, 2016, Delphi, Greece\" srcset=\"https:\/\/hardouvelis.gr\/wp-content\/uploads\/2018\/02\/Delphi-lecture_Feb_27_2016-1.jpg 3264w, https:\/\/hardouvelis.gr\/wp-content\/uploads\/2018\/02\/Delphi-lecture_Feb_27_2016-1-300x225.jpg 300w, https:\/\/hardouvelis.gr\/wp-content\/uploads\/2018\/02\/Delphi-lecture_Feb_27_2016-1-768x576.jpg 768w, https:\/\/hardouvelis.gr\/wp-content\/uploads\/2018\/02\/Delphi-lecture_Feb_27_2016-1-1024x768.jpg 1024w, https:\/\/hardouvelis.gr\/wp-content\/uploads\/2018\/02\/Delphi-lecture_Feb_27_2016-1-350x263.jpg 350w, https:\/\/hardouvelis.gr\/wp-content\/uploads\/2018\/02\/Delphi-lecture_Feb_27_2016-1-780x586.jpg 780w, https:\/\/hardouvelis.gr\/wp-content\/uploads\/2018\/02\/Delphi-lecture_Feb_27_2016-1-250x188.jpg 250w\" sizes=\"auto, (max-width: 3264px) 100vw, 3264px\" \/>\t\t\t\t\t\t\t\t\n\n\t\t\t\t\t\t\t\t\t\t\t\t\t\t\t<\/a>\n\t\t\t\t\t\t\t\t\t\t\t\t<\/div>\n\t\t\t\t\t\t\t\t\t\t\t<div class=\"wd-gallery-item\">\n\t\t\t\t\t\t\t\t\t\t\t\t\t\t<a href=\"https:\/\/hardouvelis.gr\/wp-content\/uploads\/2021\/04\/DELPHI-2016.jpg\" data-elementor-open-lightbox=\"no\" data-index=\"5\" data-width=\"884\" data-height=\"462\"  title=\"Delphi Economic Forum, G. Hardouvelis, Speaker \u201cDebt Overhang and Growth Implications\u201d, February 27, 2016, Delphi, Greece\">\n\t\t\t\t\t\t\t\t\n\t\t\t\t\t\t\t\t\t\t\t\t\t\t\t\t\t<img loading=\"lazy\" decoding=\"async\" width=\"884\" height=\"462\" src=\"https:\/\/hardouvelis.gr\/wp-content\/uploads\/2021\/04\/DELPHI-2016.jpg\" class=\"wd-gallery-image image-5 attachment-full\" alt=\"\" title=\"Delphi Economic Forum, G. Hardouvelis, Speaker \u201cDebt Overhang and Growth Implications\u201d, February 27, 2016, Delphi, Greece\" srcset=\"https:\/\/hardouvelis.gr\/wp-content\/uploads\/2021\/04\/DELPHI-2016.jpg 884w, https:\/\/hardouvelis.gr\/wp-content\/uploads\/2021\/04\/DELPHI-2016-300x157.jpg 300w, https:\/\/hardouvelis.gr\/wp-content\/uploads\/2021\/04\/DELPHI-2016-768x401.jpg 768w\" sizes=\"auto, (max-width: 884px) 100vw, 884px\" \/>\t\t\t\t\t\t\t\t\n\n\t\t\t\t\t\t\t\t\t\t\t\t\t\t\t<\/a>\n\t\t\t\t\t\t\t\t\t\t\t\t<\/div>\n\t\t\t\t\t\t\t\t\t\t\t<div class=\"wd-gallery-item\">\n\t\t\t\t\t\t\t\t\t\t\t\t\t\t<a href=\"https:\/\/hardouvelis.gr\/wp-content\/uploads\/2018\/02\/Hardouvelis_2.jpg\" data-elementor-open-lightbox=\"no\" data-index=\"6\" data-width=\"1024\" data-height=\"684\"  title=\"Thessaloniki International Symposium: The World in 2017 and Beyond, Speaker Gikas Hardouvelis \u201cThe new Greek economic crisis: Can we hope for a recovery?\u201d, October 22, 2016, Thessaloniki, Greece\">\n\t\t\t\t\t\t\t\t\n\t\t\t\t\t\t\t\t\t\t\t\t\t\t\t\t\t<img loading=\"lazy\" decoding=\"async\" width=\"1024\" height=\"684\" src=\"https:\/\/hardouvelis.gr\/wp-content\/uploads\/2018\/02\/Hardouvelis_2.jpg\" class=\"wd-gallery-image image-6 attachment-full\" alt=\"\" title=\"Thessaloniki International Symposium: The World in 2017 and Beyond, Speaker Gikas Hardouvelis \u201cThe new Greek economic crisis: Can we hope for a recovery?\u201d, October 22, 2016, Thessaloniki, Greece\" srcset=\"https:\/\/hardouvelis.gr\/wp-content\/uploads\/2018\/02\/Hardouvelis_2.jpg 1024w, https:\/\/hardouvelis.gr\/wp-content\/uploads\/2018\/02\/Hardouvelis_2-300x200.jpg 300w, https:\/\/hardouvelis.gr\/wp-content\/uploads\/2018\/02\/Hardouvelis_2-768x513.jpg 768w, https:\/\/hardouvelis.gr\/wp-content\/uploads\/2018\/02\/Hardouvelis_2-272x182.jpg 272w\" sizes=\"auto, (max-width: 1024px) 100vw, 1024px\" \/>\t\t\t\t\t\t\t\t\n\n\t\t\t\t\t\t\t\t\t\t\t\t\t\t\t<\/a>\n\t\t\t\t\t\t\t\t\t\t\t\t<\/div>\n\t\t\t\t\t\t\t\t\t\t\t<div class=\"wd-gallery-item\">\n\t\t\t\t\t\t\t\t\t\t\t\t\t\t<a href=\"https:\/\/hardouvelis.gr\/wp-content\/uploads\/2018\/02\/panel.jpg\" data-elementor-open-lightbox=\"no\" data-index=\"7\" data-width=\"1024\" data-height=\"683\"  title=\"Thessaloniki International Symposium: The World in 2017 and Beyond, Speaker Gikas Hardouvelis \u201cThe new Greek economic crisis: Can we hope for a recovery?\u201d, October 22, 2016, Thessaloniki, Greece.\">\n\t\t\t\t\t\t\t\t\n\t\t\t\t\t\t\t\t\t\t\t\t\t\t\t\t\t<img loading=\"lazy\" decoding=\"async\" width=\"1024\" height=\"683\" src=\"https:\/\/hardouvelis.gr\/wp-content\/uploads\/2018\/02\/panel.jpg\" class=\"wd-gallery-image image-7 attachment-full\" alt=\"\" title=\"Thessaloniki International Symposium: The World in 2017 and Beyond, Speaker Gikas Hardouvelis \u201cThe new Greek economic crisis: Can we hope for a recovery?\u201d, October 22, 2016, Thessaloniki, Greece.\" srcset=\"https:\/\/hardouvelis.gr\/wp-content\/uploads\/2018\/02\/panel.jpg 1024w, https:\/\/hardouvelis.gr\/wp-content\/uploads\/2018\/02\/panel-300x200.jpg 300w, https:\/\/hardouvelis.gr\/wp-content\/uploads\/2018\/02\/panel-768x512.jpg 768w, https:\/\/hardouvelis.gr\/wp-content\/uploads\/2018\/02\/panel-272x182.jpg 272w\" sizes=\"auto, (max-width: 1024px) 100vw, 1024px\" \/>\t\t\t\t\t\t\t\t\n\n\t\t\t\t\t\t\t\t\t\t\t\t\t\t\t<\/a>\n\t\t\t\t\t\t\t\t\t\t\t\t<\/div>\n\t\t\t\t\t\t\t\t\t\t\t<div class=\"wd-gallery-item\">\n\t\t\t\t\t\t\t\t\t\t\t\t\t\t<a href=\"https:\/\/hardouvelis.gr\/wp-content\/uploads\/2021\/04\/Gikas-Hardouvelis-speaker-at-4th-Cyprus-Banking-Forum_December-1st-2016.jpg\" data-elementor-open-lightbox=\"no\" data-index=\"8\" data-width=\"1023\" data-height=\"637\"  title=\"4th Cyprus Banking Forum, Speaker G. Hardouvelis \u201cFinancial Crisis: Challenges for Greece and Cyprus\u201d, December 1 2016, Nicosia, Cyprus\">\n\t\t\t\t\t\t\t\t\n\t\t\t\t\t\t\t\t\t\t\t\t\t\t\t\t\t<img loading=\"lazy\" decoding=\"async\" width=\"1023\" height=\"637\" src=\"https:\/\/hardouvelis.gr\/wp-content\/uploads\/2021\/04\/Gikas-Hardouvelis-speaker-at-4th-Cyprus-Banking-Forum_December-1st-2016.jpg\" class=\"wd-gallery-image image-8 attachment-full\" alt=\"\" title=\"4th Cyprus Banking Forum, Speaker G. Hardouvelis \u201cFinancial Crisis: Challenges for Greece and Cyprus\u201d, December 1 2016, Nicosia, Cyprus\" srcset=\"https:\/\/hardouvelis.gr\/wp-content\/uploads\/2021\/04\/Gikas-Hardouvelis-speaker-at-4th-Cyprus-Banking-Forum_December-1st-2016.jpg 1023w, https:\/\/hardouvelis.gr\/wp-content\/uploads\/2021\/04\/Gikas-Hardouvelis-speaker-at-4th-Cyprus-Banking-Forum_December-1st-2016-300x187.jpg 300w, https:\/\/hardouvelis.gr\/wp-content\/uploads\/2021\/04\/Gikas-Hardouvelis-speaker-at-4th-Cyprus-Banking-Forum_December-1st-2016-768x478.jpg 768w\" sizes=\"auto, (max-width: 1023px) 100vw, 1023px\" \/>\t\t\t\t\t\t\t\t\n\n\t\t\t\t\t\t\t\t\t\t\t\t\t\t\t<\/a>\n\t\t\t\t\t\t\t\t\t\t\t\t<\/div>\n\t\t\t\t\t\t\t\t\t\t\t<div class=\"wd-gallery-item\">\n\t\t\t\t\t\t\t\t\t\t\t\t\t\t<a href=\"https:\/\/hardouvelis.gr\/wp-content\/uploads\/2018\/02\/CAAL_GH-lecture-at-AUB_-25-Feb-2016-1.jpg\" data-elementor-open-lightbox=\"no\" data-index=\"9\" data-width=\"2448\" data-height=\"3264\"  title=\"American University of Beirut (AUB), Olayan School of Business, G. Hardouvelis Keynote Speaker, \u201cGreece in the Post-Crisis European Monetary Union\u201d, February 25, 2016, Beirut, Lebanon\">\n\t\t\t\t\t\t\t\t\n\t\t\t\t\t\t\t\t\t\t\t\t\t\t\t\t\t<img loading=\"lazy\" decoding=\"async\" width=\"2448\" height=\"3264\" src=\"https:\/\/hardouvelis.gr\/wp-content\/uploads\/2018\/02\/CAAL_GH-lecture-at-AUB_-25-Feb-2016-1.jpg\" class=\"wd-gallery-image image-9 attachment-full\" alt=\"\" title=\"American University of Beirut (AUB), Olayan School of Business, G. Hardouvelis Keynote Speaker, \u201cGreece in the Post-Crisis European Monetary Union\u201d, February 25, 2016, Beirut, Lebanon\" srcset=\"https:\/\/hardouvelis.gr\/wp-content\/uploads\/2018\/02\/CAAL_GH-lecture-at-AUB_-25-Feb-2016-1.jpg 2448w, https:\/\/hardouvelis.gr\/wp-content\/uploads\/2018\/02\/CAAL_GH-lecture-at-AUB_-25-Feb-2016-1-225x300.jpg 225w, https:\/\/hardouvelis.gr\/wp-content\/uploads\/2018\/02\/CAAL_GH-lecture-at-AUB_-25-Feb-2016-1-768x1024.jpg 768w\" sizes=\"auto, (max-width: 2448px) 100vw, 2448px\" \/>\t\t\t\t\t\t\t\t\n\n\t\t\t\t\t\t\t\t\t\t\t\t\t\t\t<\/a>\n\t\t\t\t\t\t\t\t\t\t\t\t<\/div>\n\t\t\t\t\t\t\t\t\t\t\t<div class=\"wd-gallery-item\">\n\t\t\t\t\t\t\t\t\t\t\t\t\t\t<a href=\"https:\/\/hardouvelis.gr\/wp-content\/uploads\/2018\/02\/AUB_lecture_Feb_25_2016-1.jpg\" data-elementor-open-lightbox=\"no\" data-index=\"10\" data-width=\"2448\" data-height=\"3264\"  title=\"American University of Beirut (AUB), Olayan School of Business, G. Hardouvelis Keynote Speaker, \u201cGreece in the Post-Crisis European Monetary Union\u201d, February 25, 2016, Beirut, Lebanon\">\n\t\t\t\t\t\t\t\t\n\t\t\t\t\t\t\t\t\t\t\t\t\t\t\t\t\t<img loading=\"lazy\" decoding=\"async\" width=\"2448\" height=\"3264\" src=\"https:\/\/hardouvelis.gr\/wp-content\/uploads\/2018\/02\/AUB_lecture_Feb_25_2016-1.jpg\" class=\"wd-gallery-image image-10 attachment-full\" alt=\"\" title=\"American University of Beirut (AUB), Olayan School of Business, G. Hardouvelis Keynote Speaker, \u201cGreece in the Post-Crisis European Monetary Union\u201d, February 25, 2016, Beirut, Lebanon\" srcset=\"https:\/\/hardouvelis.gr\/wp-content\/uploads\/2018\/02\/AUB_lecture_Feb_25_2016-1.jpg 2448w, https:\/\/hardouvelis.gr\/wp-content\/uploads\/2018\/02\/AUB_lecture_Feb_25_2016-1-225x300.jpg 225w, https:\/\/hardouvelis.gr\/wp-content\/uploads\/2018\/02\/AUB_lecture_Feb_25_2016-1-768x1024.jpg 768w\" sizes=\"auto, (max-width: 2448px) 100vw, 2448px\" \/>\t\t\t\t\t\t\t\t\n\n\t\t\t\t\t\t\t\t\t\t\t\t\t\t\t<\/a>\n\t\t\t\t\t\t\t\t\t\t\t\t<\/div>\n\t\t\t\t\t\t\t\t\t\t\t<div class=\"wd-gallery-item\">\n\t\t\t\t\t\t\t\t\t\t\t\t\t\t<a href=\"https:\/\/hardouvelis.gr\/wp-content\/uploads\/2018\/02\/CAAL_GH-lecture_-25-Feb-2016_DINNER.jpg\" data-elementor-open-lightbox=\"no\" data-index=\"11\" data-width=\"1600\" data-height=\"1200\"  title=\"CAAL_GH lecture_ 25 Feb 2016_DINNER\">\n\t\t\t\t\t\t\t\t\n\t\t\t\t\t\t\t\t\t\t\t\t\t\t\t\t\t<img loading=\"lazy\" decoding=\"async\" width=\"1600\" height=\"1200\" src=\"https:\/\/hardouvelis.gr\/wp-content\/uploads\/2018\/02\/CAAL_GH-lecture_-25-Feb-2016_DINNER.jpg\" class=\"wd-gallery-image image-11 attachment-full\" alt=\"\" title=\"CAAL_GH lecture_ 25 Feb 2016_DINNER\" srcset=\"https:\/\/hardouvelis.gr\/wp-content\/uploads\/2018\/02\/CAAL_GH-lecture_-25-Feb-2016_DINNER.jpg 1600w, https:\/\/hardouvelis.gr\/wp-content\/uploads\/2018\/02\/CAAL_GH-lecture_-25-Feb-2016_DINNER-300x225.jpg 300w, https:\/\/hardouvelis.gr\/wp-content\/uploads\/2018\/02\/CAAL_GH-lecture_-25-Feb-2016_DINNER-768x576.jpg 768w, https:\/\/hardouvelis.gr\/wp-content\/uploads\/2018\/02\/CAAL_GH-lecture_-25-Feb-2016_DINNER-1024x768.jpg 1024w, https:\/\/hardouvelis.gr\/wp-content\/uploads\/2018\/02\/CAAL_GH-lecture_-25-Feb-2016_DINNER-350x263.jpg 350w, https:\/\/hardouvelis.gr\/wp-content\/uploads\/2018\/02\/CAAL_GH-lecture_-25-Feb-2016_DINNER-780x586.jpg 780w, https:\/\/hardouvelis.gr\/wp-content\/uploads\/2018\/02\/CAAL_GH-lecture_-25-Feb-2016_DINNER-250x188.jpg 250w\" sizes=\"auto, (max-width: 1600px) 100vw, 1600px\" \/>\t\t\t\t\t\t\t\t\n\n\t\t\t\t\t\t\t\t\t\t\t\t\t\t\t<\/a>\n\t\t\t\t\t\t\t\t\t\t\t\t<\/div>\n\t\t\t\t\t\t\t\t\t\t\t<div class=\"wd-gallery-item\">\n\t\t\t\t\t\t\t\t\t\t\t\t\t\t<a href=\"https:\/\/hardouvelis.gr\/wp-content\/uploads\/2021\/04\/Dec-16-2016_Un-Piraeous-FINANCE-DEPT.-Scholashops-recipients-sponsors-professors.jpg\" data-elementor-open-lightbox=\"no\" data-index=\"12\" data-width=\"3696\" data-height=\"2456\"  title=\"Student Scholarship Ceremony, University of Piraeus, Department of Finance, Sponsors and Professors, December 16, 2016, Piraeus, Greece\">\n\t\t\t\t\t\t\t\t\n\t\t\t\t\t\t\t\t\t\t\t\t\t\t\t\t\t<img loading=\"lazy\" decoding=\"async\" width=\"3696\" height=\"2456\" src=\"https:\/\/hardouvelis.gr\/wp-content\/uploads\/2021\/04\/Dec-16-2016_Un-Piraeous-FINANCE-DEPT.-Scholashops-recipients-sponsors-professors.jpg\" class=\"wd-gallery-image image-12 attachment-full\" alt=\"\" title=\"Student Scholarship Ceremony, University of Piraeus, Department of Finance, Sponsors and Professors, December 16, 2016, Piraeus, Greece\" srcset=\"https:\/\/hardouvelis.gr\/wp-content\/uploads\/2021\/04\/Dec-16-2016_Un-Piraeous-FINANCE-DEPT.-Scholashops-recipients-sponsors-professors.jpg 3696w, https:\/\/hardouvelis.gr\/wp-content\/uploads\/2021\/04\/Dec-16-2016_Un-Piraeous-FINANCE-DEPT.-Scholashops-recipients-sponsors-professors-300x199.jpg 300w, https:\/\/hardouvelis.gr\/wp-content\/uploads\/2021\/04\/Dec-16-2016_Un-Piraeous-FINANCE-DEPT.-Scholashops-recipients-sponsors-professors-768x510.jpg 768w, https:\/\/hardouvelis.gr\/wp-content\/uploads\/2021\/04\/Dec-16-2016_Un-Piraeous-FINANCE-DEPT.-Scholashops-recipients-sponsors-professors-1024x680.jpg 1024w, https:\/\/hardouvelis.gr\/wp-content\/uploads\/2021\/04\/Dec-16-2016_Un-Piraeous-FINANCE-DEPT.-Scholashops-recipients-sponsors-professors-272x182.jpg 272w\" sizes=\"auto, (max-width: 3696px) 100vw, 3696px\" \/>\t\t\t\t\t\t\t\t\n\n\t\t\t\t\t\t\t\t\t\t\t\t\t\t\t<\/a>\n\t\t\t\t\t\t\t\t\t\t\t\t<\/div>\n\t\t\t\t\t\t\t\t\t\t\t\t<\/div>\n\t\t<\/div>\n\t\t\t\t[\/vc_tta_section][vc_tta_section title=&#8221;2015&#8243; tab_id=&#8221;1684151864837-531b0648-0d99&#8243;]\t\t<div id=\"gallery_925\" class=\"wd-images-gallery wd-rs-64621e67a8157 wd-justify-center wd-items-middle view-justified photoswipe-images\" >\n\t\t\t<div class=\"gallery-images\">\n\t\t\t\t\t\t\t\t\t\t\t\t\t\t\t<div class=\"wd-gallery-item\">\n\t\t\t\t\t\t\t\t\t\t\t\t\t\t<a href=\"https:\/\/hardouvelis.gr\/wp-content\/uploads\/2018\/02\/DSC06225.jpg\" data-elementor-open-lightbox=\"no\" data-index=\"1\" data-width=\"2174\" data-height=\"1739\"  title=\"International House at UC Berkeley, \u201c27th annual Celebration &amp; Awards Gala\u201d, Honorees 2015: Gikas Hardouvelis (right), Susan Bezjian Hardouvelis (second right) and E. Anthony Wayne, United States Ambassador to Mexico (left) with U.C. Berkeley Chancellor Nicholas B. Dirks (center), April 30, 2015, UC Berkeley, California, USA\">\n\t\t\t\t\t\t\t\t\n\t\t\t\t\t\t\t\t\t\t\t\t\t\t\t\t\t<img loading=\"lazy\" decoding=\"async\" width=\"2174\" height=\"1739\" src=\"https:\/\/hardouvelis.gr\/wp-content\/uploads\/2018\/02\/DSC06225.jpg\" class=\"wd-gallery-image image-1 attachment-full\" alt=\"\" title=\"International House at UC Berkeley, \u201c27th annual Celebration &amp; Awards Gala\u201d, Honorees 2015: Gikas Hardouvelis (right), Susan Bezjian Hardouvelis (second right) and E. Anthony Wayne, United States Ambassador to Mexico (left) with U.C. Berkeley Chancellor Nicholas B. Dirks (center), April 30, 2015, UC Berkeley, California, USA\" srcset=\"https:\/\/hardouvelis.gr\/wp-content\/uploads\/2018\/02\/DSC06225.jpg 2174w, https:\/\/hardouvelis.gr\/wp-content\/uploads\/2018\/02\/DSC06225-300x240.jpg 300w, https:\/\/hardouvelis.gr\/wp-content\/uploads\/2018\/02\/DSC06225-768x614.jpg 768w, https:\/\/hardouvelis.gr\/wp-content\/uploads\/2018\/02\/DSC06225-1024x819.jpg 1024w\" sizes=\"auto, (max-width: 2174px) 100vw, 2174px\" \/>\t\t\t\t\t\t\t\t\n\n\t\t\t\t\t\t\t\t\t\t\t\t\t\t\t<\/a>\n\t\t\t\t\t\t\t\t\t\t\t\t<\/div>\n\t\t\t\t\t\t\t\t\t\t\t<div class=\"wd-gallery-item\">\n\t\t\t\t\t\t\t\t\t\t\t\t\t\t<a href=\"https:\/\/hardouvelis.gr\/wp-content\/uploads\/2018\/02\/Hardouvelis-Then-and-Now.jpg\" data-elementor-open-lightbox=\"no\" data-index=\"2\" data-width=\"2768\" data-height=\"1848\"  title=\"International House at UC Berkeley, Recognition Award \u201c2015 Alumni Couple of the Year \u201c, Susan and Gikas Hardouvelis: Then (1978) and Now (2015) April 30, 2015, UC Berkeley, California, USA\">\n\t\t\t\t\t\t\t\t\n\t\t\t\t\t\t\t\t\t\t\t\t\t\t\t\t\t<img loading=\"lazy\" decoding=\"async\" width=\"2768\" height=\"1848\" src=\"https:\/\/hardouvelis.gr\/wp-content\/uploads\/2018\/02\/Hardouvelis-Then-and-Now.jpg\" class=\"wd-gallery-image image-2 attachment-full\" alt=\"\" title=\"International House at UC Berkeley, Recognition Award \u201c2015 Alumni Couple of the Year \u201c, Susan and Gikas Hardouvelis: Then (1978) and Now (2015) April 30, 2015, UC Berkeley, California, USA\" srcset=\"https:\/\/hardouvelis.gr\/wp-content\/uploads\/2018\/02\/Hardouvelis-Then-and-Now.jpg 2768w, https:\/\/hardouvelis.gr\/wp-content\/uploads\/2018\/02\/Hardouvelis-Then-and-Now-300x200.jpg 300w, https:\/\/hardouvelis.gr\/wp-content\/uploads\/2018\/02\/Hardouvelis-Then-and-Now-768x513.jpg 768w, https:\/\/hardouvelis.gr\/wp-content\/uploads\/2018\/02\/Hardouvelis-Then-and-Now-1024x684.jpg 1024w, https:\/\/hardouvelis.gr\/wp-content\/uploads\/2018\/02\/Hardouvelis-Then-and-Now-272x182.jpg 272w\" sizes=\"auto, (max-width: 2768px) 100vw, 2768px\" \/>\t\t\t\t\t\t\t\t\n\n\t\t\t\t\t\t\t\t\t\t\t\t\t\t\t<\/a>\n\t\t\t\t\t\t\t\t\t\t\t\t<\/div>\n\t\t\t\t\t\t\t\t\t\t\t<div class=\"wd-gallery-item\">\n\t\t\t\t\t\t\t\t\t\t\t\t\t\t<a href=\"https:\/\/hardouvelis.gr\/wp-content\/uploads\/2018\/02\/Hardouvelis_Gikas-Susan_and_Giesecke_Susan-Hans-e1518626081830.jpg\" data-elementor-open-lightbox=\"no\" data-index=\"3\" data-width=\"4801\" data-height=\"3201\"  title=\"Susan and Gikas Hardouvelis with Hans Giesecke, Executive Director of the International House at UC Berkeley and Susan Giesecke Director of Global Engagement at University of California Berkeley, April 30, 2015, UC Berkeley, California, USA\">\n\t\t\t\t\t\t\t\t\n\t\t\t\t\t\t\t\t\t\t\t\t\t\t\t\t\t<img loading=\"lazy\" decoding=\"async\" width=\"4801\" height=\"3201\" src=\"https:\/\/hardouvelis.gr\/wp-content\/uploads\/2018\/02\/Hardouvelis_Gikas-Susan_and_Giesecke_Susan-Hans-e1518626081830.jpg\" class=\"wd-gallery-image image-3 attachment-full\" alt=\"\" title=\"Susan and Gikas Hardouvelis with Hans Giesecke, Executive Director of the International House at UC Berkeley and Susan Giesecke Director of Global Engagement at University of California Berkeley, April 30, 2015, UC Berkeley, California, USA\" srcset=\"https:\/\/hardouvelis.gr\/wp-content\/uploads\/2018\/02\/Hardouvelis_Gikas-Susan_and_Giesecke_Susan-Hans-e1518626081830.jpg 4801w, https:\/\/hardouvelis.gr\/wp-content\/uploads\/2018\/02\/Hardouvelis_Gikas-Susan_and_Giesecke_Susan-Hans-e1518626081830-300x200.jpg 300w, https:\/\/hardouvelis.gr\/wp-content\/uploads\/2018\/02\/Hardouvelis_Gikas-Susan_and_Giesecke_Susan-Hans-e1518626081830-768x512.jpg 768w, https:\/\/hardouvelis.gr\/wp-content\/uploads\/2018\/02\/Hardouvelis_Gikas-Susan_and_Giesecke_Susan-Hans-e1518626081830-1024x683.jpg 1024w, https:\/\/hardouvelis.gr\/wp-content\/uploads\/2018\/02\/Hardouvelis_Gikas-Susan_and_Giesecke_Susan-Hans-e1518626081830-272x182.jpg 272w\" sizes=\"auto, (max-width: 4801px) 100vw, 4801px\" \/>\t\t\t\t\t\t\t\t\n\n\t\t\t\t\t\t\t\t\t\t\t\t\t\t\t<\/a>\n\t\t\t\t\t\t\t\t\t\t\t\t<\/div>\n\t\t\t\t\t\t\t\t\t\t\t<div class=\"wd-gallery-item\">\n\t\t\t\t\t\t\t\t\t\t\t\t\t\t<a href=\"https:\/\/hardouvelis.gr\/wp-content\/uploads\/2021\/04\/Gikas-Hardouvelis-discussant-at-Bill-McGrew\u2019s-research-book-review-Educating-Across-Cultures-at-Anatolia-College-October-122015-Thessaloniki-Greece.jpg\" data-elementor-open-lightbox=\"no\" data-index=\"4\" data-width=\"1243\" data-height=\"799\"  title=\"Gikas Hardouvelis on the podium describes Bill McGrew\u2019s research history book: \u201cEducating Across Cultures: Anatolia College in Turkey and Greece,\u201d during the book\u2019s public presentation at Anatolia College on October 12, 2015 in Thessaloniki, Greece\">\n\t\t\t\t\t\t\t\t\n\t\t\t\t\t\t\t\t\t\t\t\t\t\t\t\t\t<img loading=\"lazy\" decoding=\"async\" width=\"1243\" height=\"799\" src=\"https:\/\/hardouvelis.gr\/wp-content\/uploads\/2021\/04\/Gikas-Hardouvelis-discussant-at-Bill-McGrew\u2019s-research-book-review-Educating-Across-Cultures-at-Anatolia-College-October-122015-Thessaloniki-Greece.jpg\" class=\"wd-gallery-image image-4 attachment-full\" alt=\"\" title=\"Gikas Hardouvelis on the podium describes Bill McGrew\u2019s research history book: \u201cEducating Across Cultures: Anatolia College in Turkey and Greece,\u201d during the book\u2019s public presentation at Anatolia College on October 12, 2015 in Thessaloniki, Greece\" srcset=\"https:\/\/hardouvelis.gr\/wp-content\/uploads\/2021\/04\/Gikas-Hardouvelis-discussant-at-Bill-McGrew\u2019s-research-book-review-Educating-Across-Cultures-at-Anatolia-College-October-122015-Thessaloniki-Greece.jpg 1243w, https:\/\/hardouvelis.gr\/wp-content\/uploads\/2021\/04\/Gikas-Hardouvelis-discussant-at-Bill-McGrew\u2019s-research-book-review-Educating-Across-Cultures-at-Anatolia-College-October-122015-Thessaloniki-Greece-300x193.jpg 300w, https:\/\/hardouvelis.gr\/wp-content\/uploads\/2021\/04\/Gikas-Hardouvelis-discussant-at-Bill-McGrew\u2019s-research-book-review-Educating-Across-Cultures-at-Anatolia-College-October-122015-Thessaloniki-Greece-768x494.jpg 768w, https:\/\/hardouvelis.gr\/wp-content\/uploads\/2021\/04\/Gikas-Hardouvelis-discussant-at-Bill-McGrew\u2019s-research-book-review-Educating-Across-Cultures-at-Anatolia-College-October-122015-Thessaloniki-Greece-1024x658.jpg 1024w\" sizes=\"auto, (max-width: 1243px) 100vw, 1243px\" \/>\t\t\t\t\t\t\t\t\n\n\t\t\t\t\t\t\t\t\t\t\t\t\t\t\t<\/a>\n\t\t\t\t\t\t\t\t\t\t\t\t<\/div>\n\t\t\t\t\t\t\t\t\t\t\t<div class=\"wd-gallery-item\">\n\t\t\t\t\t\t\t\t\t\t\t\t\t\t<a href=\"https:\/\/hardouvelis.gr\/wp-content\/uploads\/2021\/04\/Oct-12-2015-on-Bill-McGrews-research-book-about-Anatolia-College-from-left-Vlahos_Dedes_McGrew_Hardouvelis_Plousios.jpg\" data-elementor-open-lightbox=\"no\" data-index=\"5\" data-width=\"2147\" data-height=\"1334\"  title=\"Group photo of book review panelists on Bill McGrew\u2019s research history book: \u201cEducating Across Cultures: Anatolia College in Turkey and Greece.\u201d  From left:   Panos Vlahos (President of Anatolia),  George Dedes (discussant), Bill McGrew (author and ex-President of Anatolia), Gikas Hardouvelis (discussant) and   Christos Plousios (discussant), on October 12, 2015, in Thessaloniki, Greece\">\n\t\t\t\t\t\t\t\t\n\t\t\t\t\t\t\t\t\t\t\t\t\t\t\t\t\t<img loading=\"lazy\" decoding=\"async\" width=\"2147\" height=\"1334\" src=\"https:\/\/hardouvelis.gr\/wp-content\/uploads\/2021\/04\/Oct-12-2015-on-Bill-McGrews-research-book-about-Anatolia-College-from-left-Vlahos_Dedes_McGrew_Hardouvelis_Plousios.jpg\" class=\"wd-gallery-image image-5 attachment-full\" alt=\"\" title=\"Group photo of book review panelists on Bill McGrew\u2019s research history book: \u201cEducating Across Cultures: Anatolia College in Turkey and Greece.\u201d  From left:   Panos Vlahos (President of Anatolia),  George Dedes (discussant), Bill McGrew (author and ex-President of Anatolia), Gikas Hardouvelis (discussant) and   Christos Plousios (discussant), on October 12, 2015, in Thessaloniki, Greece\" srcset=\"https:\/\/hardouvelis.gr\/wp-content\/uploads\/2021\/04\/Oct-12-2015-on-Bill-McGrews-research-book-about-Anatolia-College-from-left-Vlahos_Dedes_McGrew_Hardouvelis_Plousios.jpg 2147w, https:\/\/hardouvelis.gr\/wp-content\/uploads\/2021\/04\/Oct-12-2015-on-Bill-McGrews-research-book-about-Anatolia-College-from-left-Vlahos_Dedes_McGrew_Hardouvelis_Plousios-300x186.jpg 300w, https:\/\/hardouvelis.gr\/wp-content\/uploads\/2021\/04\/Oct-12-2015-on-Bill-McGrews-research-book-about-Anatolia-College-from-left-Vlahos_Dedes_McGrew_Hardouvelis_Plousios-768x477.jpg 768w, https:\/\/hardouvelis.gr\/wp-content\/uploads\/2021\/04\/Oct-12-2015-on-Bill-McGrews-research-book-about-Anatolia-College-from-left-Vlahos_Dedes_McGrew_Hardouvelis_Plousios-1024x636.jpg 1024w\" sizes=\"auto, (max-width: 2147px) 100vw, 2147px\" \/>\t\t\t\t\t\t\t\t\n\n\t\t\t\t\t\t\t\t\t\t\t\t\t\t\t<\/a>\n\t\t\t\t\t\t\t\t\t\t\t\t<\/div>\n\t\t\t\t\t\t\t\t\t\t\t<div class=\"wd-gallery-item\">\n\t\t\t\t\t\t\t\t\t\t\t\t\t\t<a href=\"https:\/\/hardouvelis.gr\/wp-content\/uploads\/2018\/02\/GH_DSC00575.jpg\" data-elementor-open-lightbox=\"no\" data-index=\"6\" data-width=\"4224\" data-height=\"2816\"  title=\"Gikas Hardouvelis: Honoree by the Financial Engineering and Banking Society (FEBS) during the 6th National FEBS Conference at University of Piraeus, December 20, 2015, Piraeus, Greece.\">\n\t\t\t\t\t\t\t\t\n\t\t\t\t\t\t\t\t\t\t\t\t\t\t\t\t\t<img loading=\"lazy\" decoding=\"async\" width=\"4224\" height=\"2816\" src=\"https:\/\/hardouvelis.gr\/wp-content\/uploads\/2018\/02\/GH_DSC00575.jpg\" class=\"wd-gallery-image image-6 attachment-full\" alt=\"\" title=\"Gikas Hardouvelis: Honoree by the Financial Engineering and Banking Society (FEBS) during the 6th National FEBS Conference at University of Piraeus, December 20, 2015, Piraeus, Greece.\" srcset=\"https:\/\/hardouvelis.gr\/wp-content\/uploads\/2018\/02\/GH_DSC00575.jpg 4224w, https:\/\/hardouvelis.gr\/wp-content\/uploads\/2018\/02\/GH_DSC00575-300x200.jpg 300w, https:\/\/hardouvelis.gr\/wp-content\/uploads\/2018\/02\/GH_DSC00575-768x512.jpg 768w, https:\/\/hardouvelis.gr\/wp-content\/uploads\/2018\/02\/GH_DSC00575-1024x683.jpg 1024w, https:\/\/hardouvelis.gr\/wp-content\/uploads\/2018\/02\/GH_DSC00575-272x182.jpg 272w\" sizes=\"auto, (max-width: 4224px) 100vw, 4224px\" \/>\t\t\t\t\t\t\t\t\n\n\t\t\t\t\t\t\t\t\t\t\t\t\t\t\t<\/a>\n\t\t\t\t\t\t\t\t\t\t\t\t<\/div>\n\t\t\t\t\t\t\t\t\t\t\t<div class=\"wd-gallery-item\">\n\t\t\t\t\t\t\t\t\t\t\t\t\t\t<a href=\"https:\/\/hardouvelis.gr\/wp-content\/uploads\/2018\/02\/GH_DSC00579.jpg\" data-elementor-open-lightbox=\"no\" data-index=\"7\" data-width=\"4224\" data-height=\"3168\"  title=\"Gikas Hardouvelis: Honoree by the Financial Engineering and Banking Society (FEBS) during the 6th National FEBS Conference at University of Piraeus, December 20, 2015, Piraeus, Greece\">\n\t\t\t\t\t\t\t\t\n\t\t\t\t\t\t\t\t\t\t\t\t\t\t\t\t\t<img loading=\"lazy\" decoding=\"async\" width=\"4224\" height=\"3168\" src=\"https:\/\/hardouvelis.gr\/wp-content\/uploads\/2018\/02\/GH_DSC00579.jpg\" class=\"wd-gallery-image image-7 attachment-full\" alt=\"\" title=\"Gikas Hardouvelis: Honoree by the Financial Engineering and Banking Society (FEBS) during the 6th National FEBS Conference at University of Piraeus, December 20, 2015, Piraeus, Greece\" srcset=\"https:\/\/hardouvelis.gr\/wp-content\/uploads\/2018\/02\/GH_DSC00579.jpg 4224w, https:\/\/hardouvelis.gr\/wp-content\/uploads\/2018\/02\/GH_DSC00579-300x225.jpg 300w, https:\/\/hardouvelis.gr\/wp-content\/uploads\/2018\/02\/GH_DSC00579-768x576.jpg 768w, https:\/\/hardouvelis.gr\/wp-content\/uploads\/2018\/02\/GH_DSC00579-1024x768.jpg 1024w, https:\/\/hardouvelis.gr\/wp-content\/uploads\/2018\/02\/GH_DSC00579-350x263.jpg 350w, https:\/\/hardouvelis.gr\/wp-content\/uploads\/2018\/02\/GH_DSC00579-780x586.jpg 780w, https:\/\/hardouvelis.gr\/wp-content\/uploads\/2018\/02\/GH_DSC00579-250x188.jpg 250w\" sizes=\"auto, (max-width: 4224px) 100vw, 4224px\" \/>\t\t\t\t\t\t\t\t\n\n\t\t\t\t\t\t\t\t\t\t\t\t\t\t\t<\/a>\n\t\t\t\t\t\t\t\t\t\t\t\t<\/div>\n\t\t\t\t\t\t\t\t\t\t\t<div class=\"wd-gallery-item\">\n\t\t\t\t\t\t\t\t\t\t\t\t\t\t<a href=\"https:\/\/hardouvelis.gr\/wp-content\/uploads\/2021\/04\/Dec-20-2015-Honoree-by-the-Hellenic-Finance-Association.jpg\" data-elementor-open-lightbox=\"no\" data-index=\"8\" data-width=\"4224\" data-height=\"3168\"  title=\"Gikas Hardouvelis: Honoree by the Financial Engineering and Banking Society (FEBS) during the 6th National FEBS Conference at University of Piraeus, with Prof. Zopounidis (Chair) and Prof. Angelos Kanas (right), on December 20, 2015, in Piraeus, Greece\">\n\t\t\t\t\t\t\t\t\n\t\t\t\t\t\t\t\t\t\t\t\t\t\t\t\t\t<img loading=\"lazy\" decoding=\"async\" width=\"4224\" height=\"3168\" src=\"https:\/\/hardouvelis.gr\/wp-content\/uploads\/2021\/04\/Dec-20-2015-Honoree-by-the-Hellenic-Finance-Association.jpg\" class=\"wd-gallery-image image-8 attachment-full\" alt=\"\" title=\"Gikas Hardouvelis: Honoree by the Financial Engineering and Banking Society (FEBS) during the 6th National FEBS Conference at University of Piraeus, with Prof. Zopounidis (Chair) and Prof. Angelos Kanas (right), on December 20, 2015, in Piraeus, Greece\" srcset=\"https:\/\/hardouvelis.gr\/wp-content\/uploads\/2021\/04\/Dec-20-2015-Honoree-by-the-Hellenic-Finance-Association.jpg 4224w, https:\/\/hardouvelis.gr\/wp-content\/uploads\/2021\/04\/Dec-20-2015-Honoree-by-the-Hellenic-Finance-Association-300x225.jpg 300w, https:\/\/hardouvelis.gr\/wp-content\/uploads\/2021\/04\/Dec-20-2015-Honoree-by-the-Hellenic-Finance-Association-768x576.jpg 768w, https:\/\/hardouvelis.gr\/wp-content\/uploads\/2021\/04\/Dec-20-2015-Honoree-by-the-Hellenic-Finance-Association-1024x768.jpg 1024w, https:\/\/hardouvelis.gr\/wp-content\/uploads\/2021\/04\/Dec-20-2015-Honoree-by-the-Hellenic-Finance-Association-350x263.jpg 350w, https:\/\/hardouvelis.gr\/wp-content\/uploads\/2021\/04\/Dec-20-2015-Honoree-by-the-Hellenic-Finance-Association-780x586.jpg 780w, https:\/\/hardouvelis.gr\/wp-content\/uploads\/2021\/04\/Dec-20-2015-Honoree-by-the-Hellenic-Finance-Association-250x188.jpg 250w\" sizes=\"auto, (max-width: 4224px) 100vw, 4224px\" \/>\t\t\t\t\t\t\t\t\n\n\t\t\t\t\t\t\t\t\t\t\t\t\t\t\t<\/a>\n\t\t\t\t\t\t\t\t\t\t\t\t<\/div>\n\t\t\t\t\t\t\t\t\t\t\t<div class=\"wd-gallery-item\">\n\t\t\t\t\t\t\t\t\t\t\t\t\t\t<a href=\"https:\/\/hardouvelis.gr\/wp-content\/uploads\/2018\/02\/GH_DSC00584.jpg\" data-elementor-open-lightbox=\"no\" data-index=\"9\" data-width=\"4224\" data-height=\"3168\"  title=\"Gikas Hardouvelis: Honoree by the Financial Engineering and Banking Society (FEBS) during the 6th National FEBS Conference at University of Piraeus, with Prof. Zopounidis (Chair) and Prof. Angelos Kanas (right), on December 20, 2015, in  Piraeus, Greece\">\n\t\t\t\t\t\t\t\t\n\t\t\t\t\t\t\t\t\t\t\t\t\t\t\t\t\t<img loading=\"lazy\" decoding=\"async\" width=\"4224\" height=\"3168\" src=\"https:\/\/hardouvelis.gr\/wp-content\/uploads\/2018\/02\/GH_DSC00584.jpg\" class=\"wd-gallery-image image-9 attachment-full\" alt=\"\" title=\"Gikas Hardouvelis: Honoree by the Financial Engineering and Banking Society (FEBS) during the 6th National FEBS Conference at University of Piraeus, with Prof. Zopounidis (Chair) and Prof. Angelos Kanas (right), on December 20, 2015, in  Piraeus, Greece\" srcset=\"https:\/\/hardouvelis.gr\/wp-content\/uploads\/2018\/02\/GH_DSC00584.jpg 4224w, https:\/\/hardouvelis.gr\/wp-content\/uploads\/2018\/02\/GH_DSC00584-300x225.jpg 300w, https:\/\/hardouvelis.gr\/wp-content\/uploads\/2018\/02\/GH_DSC00584-768x576.jpg 768w, https:\/\/hardouvelis.gr\/wp-content\/uploads\/2018\/02\/GH_DSC00584-1024x768.jpg 1024w, https:\/\/hardouvelis.gr\/wp-content\/uploads\/2018\/02\/GH_DSC00584-350x263.jpg 350w, https:\/\/hardouvelis.gr\/wp-content\/uploads\/2018\/02\/GH_DSC00584-780x586.jpg 780w, https:\/\/hardouvelis.gr\/wp-content\/uploads\/2018\/02\/GH_DSC00584-250x188.jpg 250w\" sizes=\"auto, (max-width: 4224px) 100vw, 4224px\" \/>\t\t\t\t\t\t\t\t\n\n\t\t\t\t\t\t\t\t\t\t\t\t\t\t\t<\/a>\n\t\t\t\t\t\t\t\t\t\t\t\t<\/div>\n\t\t\t\t\t\t\t\t\t\t\t<div class=\"wd-gallery-item\">\n\t\t\t\t\t\t\t\t\t\t\t\t\t\t<a href=\"https:\/\/hardouvelis.gr\/wp-content\/uploads\/2021\/04\/Dec-18-2015-Professor-Travlos-receives-Departmental-Honor-through-Hardouvelis.jpg\" data-elementor-open-lightbox=\"no\" data-index=\"10\" data-width=\"3696\" data-height=\"2456\"  title=\"(from left) Professor Nickolaos Travlos receives the Departmental Honor, recognizing  his past contributions to the Department by  Professor Gikas Hardouvelis at the University of Piraeus, Department of Banking and Finance, on December 18, 2015, in Piraeus, Greece\">\n\t\t\t\t\t\t\t\t\n\t\t\t\t\t\t\t\t\t\t\t\t\t\t\t\t\t<img loading=\"lazy\" decoding=\"async\" width=\"3696\" height=\"2456\" src=\"https:\/\/hardouvelis.gr\/wp-content\/uploads\/2021\/04\/Dec-18-2015-Professor-Travlos-receives-Departmental-Honor-through-Hardouvelis.jpg\" class=\"wd-gallery-image image-10 attachment-full\" alt=\"\" title=\"(from left) Professor Nickolaos Travlos receives the Departmental Honor, recognizing  his past contributions to the Department by  Professor Gikas Hardouvelis at the University of Piraeus, Department of Banking and Finance, on December 18, 2015, in Piraeus, Greece\" srcset=\"https:\/\/hardouvelis.gr\/wp-content\/uploads\/2021\/04\/Dec-18-2015-Professor-Travlos-receives-Departmental-Honor-through-Hardouvelis.jpg 3696w, https:\/\/hardouvelis.gr\/wp-content\/uploads\/2021\/04\/Dec-18-2015-Professor-Travlos-receives-Departmental-Honor-through-Hardouvelis-300x199.jpg 300w, https:\/\/hardouvelis.gr\/wp-content\/uploads\/2021\/04\/Dec-18-2015-Professor-Travlos-receives-Departmental-Honor-through-Hardouvelis-768x510.jpg 768w, https:\/\/hardouvelis.gr\/wp-content\/uploads\/2021\/04\/Dec-18-2015-Professor-Travlos-receives-Departmental-Honor-through-Hardouvelis-1024x680.jpg 1024w, https:\/\/hardouvelis.gr\/wp-content\/uploads\/2021\/04\/Dec-18-2015-Professor-Travlos-receives-Departmental-Honor-through-Hardouvelis-272x182.jpg 272w\" sizes=\"auto, (max-width: 3696px) 100vw, 3696px\" \/>\t\t\t\t\t\t\t\t\n\n\t\t\t\t\t\t\t\t\t\t\t\t\t\t\t<\/a>\n\t\t\t\t\t\t\t\t\t\t\t\t<\/div>\n\t\t\t\t\t\t\t\t\t\t\t<div class=\"wd-gallery-item\">\n\t\t\t\t\t\t\t\t\t\t\t\t\t\t<a href=\"https:\/\/hardouvelis.gr\/wp-content\/uploads\/2021\/04\/Fall-2015_University-of-Piraeus_Finance-Dept-Scholarship-recipients-donors-professors.jpg\" data-elementor-open-lightbox=\"no\" data-index=\"11\" data-width=\"3696\" data-height=\"2456\"  title=\"After the Department of Banking and Finance Scholarship Awards ceremony, Group photo:  Scholarship recipients, Donors and Professors at the University of Piraeus.   , Fall 2015, Piraeus, Greece.\">\n\t\t\t\t\t\t\t\t\n\t\t\t\t\t\t\t\t\t\t\t\t\t\t\t\t\t<img loading=\"lazy\" decoding=\"async\" width=\"3696\" height=\"2456\" src=\"https:\/\/hardouvelis.gr\/wp-content\/uploads\/2021\/04\/Fall-2015_University-of-Piraeus_Finance-Dept-Scholarship-recipients-donors-professors.jpg\" class=\"wd-gallery-image image-11 attachment-full\" alt=\"\" title=\"After the Department of Banking and Finance Scholarship Awards ceremony, Group photo:  Scholarship recipients, Donors and Professors at the University of Piraeus.   , Fall 2015, Piraeus, Greece.\" srcset=\"https:\/\/hardouvelis.gr\/wp-content\/uploads\/2021\/04\/Fall-2015_University-of-Piraeus_Finance-Dept-Scholarship-recipients-donors-professors.jpg 3696w, https:\/\/hardouvelis.gr\/wp-content\/uploads\/2021\/04\/Fall-2015_University-of-Piraeus_Finance-Dept-Scholarship-recipients-donors-professors-300x199.jpg 300w, https:\/\/hardouvelis.gr\/wp-content\/uploads\/2021\/04\/Fall-2015_University-of-Piraeus_Finance-Dept-Scholarship-recipients-donors-professors-768x510.jpg 768w, https:\/\/hardouvelis.gr\/wp-content\/uploads\/2021\/04\/Fall-2015_University-of-Piraeus_Finance-Dept-Scholarship-recipients-donors-professors-1024x680.jpg 1024w, https:\/\/hardouvelis.gr\/wp-content\/uploads\/2021\/04\/Fall-2015_University-of-Piraeus_Finance-Dept-Scholarship-recipients-donors-professors-272x182.jpg 272w\" sizes=\"auto, (max-width: 3696px) 100vw, 3696px\" \/>\t\t\t\t\t\t\t\t\n\n\t\t\t\t\t\t\t\t\t\t\t\t\t\t\t<\/a>\n\t\t\t\t\t\t\t\t\t\t\t\t<\/div>\n\t\t\t\t\t\t\t\t\t\t\t<div class=\"wd-gallery-item\">\n\t\t\t\t\t\t\t\t\t\t\t\t\t\t<a href=\"https:\/\/hardouvelis.gr\/wp-content\/uploads\/2021\/05\/GRG_0255-1.jpg\" data-elementor-open-lightbox=\"no\" data-index=\"12\" data-width=\"4256\" data-height=\"2832\"  title=\"Gikas Hardouvelis speaking at Athens Stock Exchange Group,on the \u201cFirst Bell Ring of the Year\u201d event, January 2, 2015, Athens, Greece\">\n\t\t\t\t\t\t\t\t\n\t\t\t\t\t\t\t\t\t\t\t\t\t\t\t\t\t<img loading=\"lazy\" decoding=\"async\" width=\"4256\" height=\"2832\" src=\"https:\/\/hardouvelis.gr\/wp-content\/uploads\/2021\/05\/GRG_0255-1.jpg\" class=\"wd-gallery-image image-12 attachment-full\" alt=\"\" title=\"Gikas Hardouvelis speaking at Athens Stock Exchange Group,on the \u201cFirst Bell Ring of the Year\u201d event, January 2, 2015, Athens, Greece\" srcset=\"https:\/\/hardouvelis.gr\/wp-content\/uploads\/2021\/05\/GRG_0255-1.jpg 4256w, https:\/\/hardouvelis.gr\/wp-content\/uploads\/2021\/05\/GRG_0255-1-300x200.jpg 300w, https:\/\/hardouvelis.gr\/wp-content\/uploads\/2021\/05\/GRG_0255-1-768x511.jpg 768w, https:\/\/hardouvelis.gr\/wp-content\/uploads\/2021\/05\/GRG_0255-1-1024x681.jpg 1024w, https:\/\/hardouvelis.gr\/wp-content\/uploads\/2021\/05\/GRG_0255-1-272x182.jpg 272w\" sizes=\"auto, (max-width: 4256px) 100vw, 4256px\" \/>\t\t\t\t\t\t\t\t\n\n\t\t\t\t\t\t\t\t\t\t\t\t\t\t\t<\/a>\n\t\t\t\t\t\t\t\t\t\t\t\t<\/div>\n\t\t\t\t\t\t\t\t\t\t\t<div class=\"wd-gallery-item\">\n\t\t\t\t\t\t\t\t\t\t\t\t\t\t<a href=\"https:\/\/hardouvelis.gr\/wp-content\/uploads\/2018\/02\/GH_ATHENS-STOCK-EXCHANGE_JAN_2_2015_FIRST-BELL-RING-OF-THE-YEAR.jpg\" data-elementor-open-lightbox=\"no\" data-index=\"13\" data-width=\"2832\" data-height=\"4256\"  title=\"Gikas Hardouvelis at Athens Stock Exchange Group, \u201cFirst Bell Ring of the Year\u201d, January 2, 2015, Athens, Greece\">\n\t\t\t\t\t\t\t\t\n\t\t\t\t\t\t\t\t\t\t\t\t\t\t\t\t\t<img loading=\"lazy\" decoding=\"async\" width=\"2832\" height=\"4256\" src=\"https:\/\/hardouvelis.gr\/wp-content\/uploads\/2018\/02\/GH_ATHENS-STOCK-EXCHANGE_JAN_2_2015_FIRST-BELL-RING-OF-THE-YEAR.jpg\" class=\"wd-gallery-image image-13 attachment-full\" alt=\"\" title=\"Gikas Hardouvelis at Athens Stock Exchange Group, \u201cFirst Bell Ring of the Year\u201d, January 2, 2015, Athens, Greece\" srcset=\"https:\/\/hardouvelis.gr\/wp-content\/uploads\/2018\/02\/GH_ATHENS-STOCK-EXCHANGE_JAN_2_2015_FIRST-BELL-RING-OF-THE-YEAR.jpg 2832w, https:\/\/hardouvelis.gr\/wp-content\/uploads\/2018\/02\/GH_ATHENS-STOCK-EXCHANGE_JAN_2_2015_FIRST-BELL-RING-OF-THE-YEAR-200x300.jpg 200w, https:\/\/hardouvelis.gr\/wp-content\/uploads\/2018\/02\/GH_ATHENS-STOCK-EXCHANGE_JAN_2_2015_FIRST-BELL-RING-OF-THE-YEAR-768x1154.jpg 768w, https:\/\/hardouvelis.gr\/wp-content\/uploads\/2018\/02\/GH_ATHENS-STOCK-EXCHANGE_JAN_2_2015_FIRST-BELL-RING-OF-THE-YEAR-681x1024.jpg 681w\" sizes=\"auto, (max-width: 2832px) 100vw, 2832px\" \/>\t\t\t\t\t\t\t\t\n\n\t\t\t\t\t\t\t\t\t\t\t\t\t\t\t<\/a>\n\t\t\t\t\t\t\t\t\t\t\t\t<\/div>\n\t\t\t\t\t\t\t\t\t\t\t<div class=\"wd-gallery-item\">\n\t\t\t\t\t\t\t\t\t\t\t\t\t\t<a href=\"https:\/\/hardouvelis.gr\/wp-content\/uploads\/2018\/02\/GH_GRG_0331.jpg\" data-elementor-open-lightbox=\"no\" data-index=\"14\" data-width=\"4256\" data-height=\"2832\"  title=\"Athens Stock Exchange Group, \u201cFirst Bell Ring of the Year\u201d, from left I. Georganas, G. Hardouvelis, S. Lazarides, January 2, 2015, Athens, Greece\">\n\t\t\t\t\t\t\t\t\n\t\t\t\t\t\t\t\t\t\t\t\t\t\t\t\t\t<img loading=\"lazy\" decoding=\"async\" width=\"4256\" height=\"2832\" src=\"https:\/\/hardouvelis.gr\/wp-content\/uploads\/2018\/02\/GH_GRG_0331.jpg\" class=\"wd-gallery-image image-14 attachment-full\" alt=\"\" title=\"Athens Stock Exchange Group, \u201cFirst Bell Ring of the Year\u201d, from left I. Georganas, G. Hardouvelis, S. Lazarides, January 2, 2015, Athens, Greece\" srcset=\"https:\/\/hardouvelis.gr\/wp-content\/uploads\/2018\/02\/GH_GRG_0331.jpg 4256w, https:\/\/hardouvelis.gr\/wp-content\/uploads\/2018\/02\/GH_GRG_0331-300x200.jpg 300w, https:\/\/hardouvelis.gr\/wp-content\/uploads\/2018\/02\/GH_GRG_0331-768x511.jpg 768w, https:\/\/hardouvelis.gr\/wp-content\/uploads\/2018\/02\/GH_GRG_0331-1024x681.jpg 1024w, https:\/\/hardouvelis.gr\/wp-content\/uploads\/2018\/02\/GH_GRG_0331-272x182.jpg 272w\" sizes=\"auto, (max-width: 4256px) 100vw, 4256px\" \/>\t\t\t\t\t\t\t\t\n\n\t\t\t\t\t\t\t\t\t\t\t\t\t\t\t<\/a>\n\t\t\t\t\t\t\t\t\t\t\t\t<\/div>\n\t\t\t\t\t\t\t\t\t\t\t<div class=\"wd-gallery-item\">\n\t\t\t\t\t\t\t\t\t\t\t\t\t\t<a href=\"https:\/\/hardouvelis.gr\/wp-content\/uploads\/2018\/02\/GH_Gr-St-Mrkt_with_Georganas-Fessas_Jan_2015.jpg\" data-elementor-open-lightbox=\"no\" data-index=\"15\" data-width=\"4256\" data-height=\"2832\"  title=\"Athens Stock Exchange Group, \u201cFirst Bell Ring of the Year\u201d, from left I. Georganas, T. Fessas, G. Hardouvelis, January 2, 2015, Athens, Greece\">\n\t\t\t\t\t\t\t\t\n\t\t\t\t\t\t\t\t\t\t\t\t\t\t\t\t\t<img loading=\"lazy\" decoding=\"async\" width=\"4256\" height=\"2832\" src=\"https:\/\/hardouvelis.gr\/wp-content\/uploads\/2018\/02\/GH_Gr-St-Mrkt_with_Georganas-Fessas_Jan_2015.jpg\" class=\"wd-gallery-image image-15 attachment-full\" alt=\"\" title=\"Athens Stock Exchange Group, \u201cFirst Bell Ring of the Year\u201d, from left I. Georganas, T. Fessas, G. Hardouvelis, January 2, 2015, Athens, Greece\" srcset=\"https:\/\/hardouvelis.gr\/wp-content\/uploads\/2018\/02\/GH_Gr-St-Mrkt_with_Georganas-Fessas_Jan_2015.jpg 4256w, https:\/\/hardouvelis.gr\/wp-content\/uploads\/2018\/02\/GH_Gr-St-Mrkt_with_Georganas-Fessas_Jan_2015-300x200.jpg 300w, https:\/\/hardouvelis.gr\/wp-content\/uploads\/2018\/02\/GH_Gr-St-Mrkt_with_Georganas-Fessas_Jan_2015-768x511.jpg 768w, https:\/\/hardouvelis.gr\/wp-content\/uploads\/2018\/02\/GH_Gr-St-Mrkt_with_Georganas-Fessas_Jan_2015-1024x681.jpg 1024w, https:\/\/hardouvelis.gr\/wp-content\/uploads\/2018\/02\/GH_Gr-St-Mrkt_with_Georganas-Fessas_Jan_2015-272x182.jpg 272w\" sizes=\"auto, (max-width: 4256px) 100vw, 4256px\" \/>\t\t\t\t\t\t\t\t\n\n\t\t\t\t\t\t\t\t\t\t\t\t\t\t\t<\/a>\n\t\t\t\t\t\t\t\t\t\t\t\t<\/div>\n\t\t\t\t\t\t\t\t\t\t\t<div class=\"wd-gallery-item\">\n\t\t\t\t\t\t\t\t\t\t\t\t\t\t<a href=\"https:\/\/hardouvelis.gr\/wp-content\/uploads\/2018\/02\/GH_ATHENS-STOCK-EXCHANGE_VASILOPITA-JAN-2_FIRST-DAY-OF-THE-YEAR.jpg\" data-elementor-open-lightbox=\"no\" data-index=\"16\" data-width=\"4256\" data-height=\"2832\"  title=\"Athens Stock Exchange Group, \u201cFirst Bell Ring of the Year\u201d, from left S. Lazarides, A. Moraitakis, G. Hardouvelis, I. Georganas, G. Zanias, Th. Fessas, January 2, 2015, Athens, Greece\">\n\t\t\t\t\t\t\t\t\n\t\t\t\t\t\t\t\t\t\t\t\t\t\t\t\t\t<img loading=\"lazy\" decoding=\"async\" width=\"4256\" height=\"2832\" src=\"https:\/\/hardouvelis.gr\/wp-content\/uploads\/2018\/02\/GH_ATHENS-STOCK-EXCHANGE_VASILOPITA-JAN-2_FIRST-DAY-OF-THE-YEAR.jpg\" class=\"wd-gallery-image image-16 attachment-full\" alt=\"\" title=\"Athens Stock Exchange Group, \u201cFirst Bell Ring of the Year\u201d, from left S. Lazarides, A. Moraitakis, G. Hardouvelis, I. Georganas, G. Zanias, Th. Fessas, January 2, 2015, Athens, Greece\" srcset=\"https:\/\/hardouvelis.gr\/wp-content\/uploads\/2018\/02\/GH_ATHENS-STOCK-EXCHANGE_VASILOPITA-JAN-2_FIRST-DAY-OF-THE-YEAR.jpg 4256w, https:\/\/hardouvelis.gr\/wp-content\/uploads\/2018\/02\/GH_ATHENS-STOCK-EXCHANGE_VASILOPITA-JAN-2_FIRST-DAY-OF-THE-YEAR-300x200.jpg 300w, https:\/\/hardouvelis.gr\/wp-content\/uploads\/2018\/02\/GH_ATHENS-STOCK-EXCHANGE_VASILOPITA-JAN-2_FIRST-DAY-OF-THE-YEAR-768x511.jpg 768w, https:\/\/hardouvelis.gr\/wp-content\/uploads\/2018\/02\/GH_ATHENS-STOCK-EXCHANGE_VASILOPITA-JAN-2_FIRST-DAY-OF-THE-YEAR-1024x681.jpg 1024w, https:\/\/hardouvelis.gr\/wp-content\/uploads\/2018\/02\/GH_ATHENS-STOCK-EXCHANGE_VASILOPITA-JAN-2_FIRST-DAY-OF-THE-YEAR-272x182.jpg 272w\" sizes=\"auto, (max-width: 4256px) 100vw, 4256px\" \/>\t\t\t\t\t\t\t\t\n\n\t\t\t\t\t\t\t\t\t\t\t\t\t\t\t<\/a>\n\t\t\t\t\t\t\t\t\t\t\t\t<\/div>\n\t\t\t\t\t\t\t\t\t\t\t<div class=\"wd-gallery-item\">\n\t\t\t\t\t\t\t\t\t\t\t\t\t\t<a href=\"https:\/\/hardouvelis.gr\/wp-content\/uploads\/2021\/04\/Gikas-Hardouvelis-Greek-Minister-for-Finance-with-Jeroen-Dijsselbloem-President-of-the-Eurogroup-by-EU-Council-Eurozone-1.jpg\" data-elementor-open-lightbox=\"no\" data-index=\"17\" data-width=\"787\" data-height=\"598\"  title=\"Gikas Hardouvelis, Greek Minister of Finance, with Jeroen Dijsselbloem, President of Eurogroup, at Eurogroup, January 26, 2015, Brussels, Belgium. \u00a9 EU Council Eurozone\">\n\t\t\t\t\t\t\t\t\n\t\t\t\t\t\t\t\t\t\t\t\t\t\t\t\t\t<img loading=\"lazy\" decoding=\"async\" width=\"787\" height=\"598\" src=\"https:\/\/hardouvelis.gr\/wp-content\/uploads\/2021\/04\/Gikas-Hardouvelis-Greek-Minister-for-Finance-with-Jeroen-Dijsselbloem-President-of-the-Eurogroup-by-EU-Council-Eurozone-1.jpg\" class=\"wd-gallery-image image-17 attachment-full\" alt=\"\" title=\"Gikas Hardouvelis, Greek Minister of Finance, with Jeroen Dijsselbloem, President of Eurogroup, at Eurogroup, January 26, 2015, Brussels, Belgium. \u00a9 EU Council Eurozone\" srcset=\"https:\/\/hardouvelis.gr\/wp-content\/uploads\/2021\/04\/Gikas-Hardouvelis-Greek-Minister-for-Finance-with-Jeroen-Dijsselbloem-President-of-the-Eurogroup-by-EU-Council-Eurozone-1.jpg 787w, https:\/\/hardouvelis.gr\/wp-content\/uploads\/2021\/04\/Gikas-Hardouvelis-Greek-Minister-for-Finance-with-Jeroen-Dijsselbloem-President-of-the-Eurogroup-by-EU-Council-Eurozone-1-300x228.jpg 300w, https:\/\/hardouvelis.gr\/wp-content\/uploads\/2021\/04\/Gikas-Hardouvelis-Greek-Minister-for-Finance-with-Jeroen-Dijsselbloem-President-of-the-Eurogroup-by-EU-Council-Eurozone-1-768x584.jpg 768w\" sizes=\"auto, (max-width: 787px) 100vw, 787px\" \/>\t\t\t\t\t\t\t\t\n\n\t\t\t\t\t\t\t\t\t\t\t\t\t\t\t<\/a>\n\t\t\t\t\t\t\t\t\t\t\t\t<\/div>\n\t\t\t\t\t\t\t\t\t\t\t<div class=\"wd-gallery-item\">\n\t\t\t\t\t\t\t\t\t\t\t\t\t\t<a href=\"https:\/\/hardouvelis.gr\/wp-content\/uploads\/2021\/05\/\u00a9-Bloomberg-via-Getty-Images-Ideal-Image.jpg\" data-elementor-open-lightbox=\"no\" data-index=\"18\" data-width=\"4000\" data-height=\"2675\"  title=\"Gikas Hardouvelis, Greek Minister of Finance, left, with Pierre Moscovici, European Union\u2019s economic commissioner, right, and Luis de Guindos, Minister for Economic Affairs and Competitiveness of Spain, center, Eurogroup, January 26, 2015, Brussels, Belgium. Photographer: Jasper Juinen \u00a9 Bloomberg via Getty Images\/ Ideal Image\">\n\t\t\t\t\t\t\t\t\n\t\t\t\t\t\t\t\t\t\t\t\t\t\t\t\t\t<img loading=\"lazy\" decoding=\"async\" width=\"4000\" height=\"2675\" src=\"https:\/\/hardouvelis.gr\/wp-content\/uploads\/2021\/05\/\u00a9-Bloomberg-via-Getty-Images-Ideal-Image.jpg\" class=\"wd-gallery-image image-18 attachment-full\" alt=\"\" title=\"Gikas Hardouvelis, Greek Minister of Finance, left, with Pierre Moscovici, European Union\u2019s economic commissioner, right, and Luis de Guindos, Minister for Economic Affairs and Competitiveness of Spain, center, Eurogroup, January 26, 2015, Brussels, Belgium. Photographer: Jasper Juinen \u00a9 Bloomberg via Getty Images\/ Ideal Image\" srcset=\"https:\/\/hardouvelis.gr\/wp-content\/uploads\/2021\/05\/\u00a9-Bloomberg-via-Getty-Images-Ideal-Image.jpg 4000w, https:\/\/hardouvelis.gr\/wp-content\/uploads\/2021\/05\/\u00a9-Bloomberg-via-Getty-Images-Ideal-Image-300x201.jpg 300w, https:\/\/hardouvelis.gr\/wp-content\/uploads\/2021\/05\/\u00a9-Bloomberg-via-Getty-Images-Ideal-Image-768x514.jpg 768w, https:\/\/hardouvelis.gr\/wp-content\/uploads\/2021\/05\/\u00a9-Bloomberg-via-Getty-Images-Ideal-Image-1024x685.jpg 1024w, https:\/\/hardouvelis.gr\/wp-content\/uploads\/2021\/05\/\u00a9-Bloomberg-via-Getty-Images-Ideal-Image-272x182.jpg 272w\" sizes=\"auto, (max-width: 4000px) 100vw, 4000px\" \/>\t\t\t\t\t\t\t\t\n\n\t\t\t\t\t\t\t\t\t\t\t\t\t\t\t<\/a>\n\t\t\t\t\t\t\t\t\t\t\t\t<\/div>\n\t\t\t\t\t\t\t\t\t\t\t<div class=\"wd-gallery-item\">\n\t\t\t\t\t\t\t\t\t\t\t\t\t\t<a href=\"https:\/\/hardouvelis.gr\/wp-content\/uploads\/2021\/04\/Gikas-HardouvelisGreek-Minister-of-Finance-with-Jeroen-Dijssebloem-President-of-the-Eurogroup-and-Haris-Georgiades-Cyprus-Minister-of-Finance-by-EU-Council-Eurozone.jpg\" data-elementor-open-lightbox=\"no\" data-index=\"19\" data-width=\"901\" data-height=\"596\"  title=\"Gikas Hardouvelis, Greek Minister of Finance, with Jeroen Dijsselbloem, President of Eurogroup, and Harris Georgiades, Minister of Finance of Cyprus, at Eurogroup, January 26, 2015, Brussels, Belgium. \u00a9 EU Council Eurozone\">\n\t\t\t\t\t\t\t\t\n\t\t\t\t\t\t\t\t\t\t\t\t\t\t\t\t\t<img loading=\"lazy\" decoding=\"async\" width=\"901\" height=\"596\" src=\"https:\/\/hardouvelis.gr\/wp-content\/uploads\/2021\/04\/Gikas-HardouvelisGreek-Minister-of-Finance-with-Jeroen-Dijssebloem-President-of-the-Eurogroup-and-Haris-Georgiades-Cyprus-Minister-of-Finance-by-EU-Council-Eurozone.jpg\" class=\"wd-gallery-image image-19 attachment-full\" alt=\"\" title=\"Gikas Hardouvelis, Greek Minister of Finance, with Jeroen Dijsselbloem, President of Eurogroup, and Harris Georgiades, Minister of Finance of Cyprus, at Eurogroup, January 26, 2015, Brussels, Belgium. \u00a9 EU Council Eurozone\" srcset=\"https:\/\/hardouvelis.gr\/wp-content\/uploads\/2021\/04\/Gikas-HardouvelisGreek-Minister-of-Finance-with-Jeroen-Dijssebloem-President-of-the-Eurogroup-and-Haris-Georgiades-Cyprus-Minister-of-Finance-by-EU-Council-Eurozone.jpg 901w, https:\/\/hardouvelis.gr\/wp-content\/uploads\/2021\/04\/Gikas-HardouvelisGreek-Minister-of-Finance-with-Jeroen-Dijssebloem-President-of-the-Eurogroup-and-Haris-Georgiades-Cyprus-Minister-of-Finance-by-EU-Council-Eurozone-300x198.jpg 300w, https:\/\/hardouvelis.gr\/wp-content\/uploads\/2021\/04\/Gikas-HardouvelisGreek-Minister-of-Finance-with-Jeroen-Dijssebloem-President-of-the-Eurogroup-and-Haris-Georgiades-Cyprus-Minister-of-Finance-by-EU-Council-Eurozone-768x508.jpg 768w\" sizes=\"auto, (max-width: 901px) 100vw, 901px\" \/>\t\t\t\t\t\t\t\t\n\n\t\t\t\t\t\t\t\t\t\t\t\t\t\t\t<\/a>\n\t\t\t\t\t\t\t\t\t\t\t\t<\/div>\n\t\t\t\t\t\t\t\t\t\t\t<div class=\"wd-gallery-item\">\n\t\t\t\t\t\t\t\t\t\t\t\t\t\t<a href=\"https:\/\/hardouvelis.gr\/wp-content\/uploads\/2021\/04\/Jan-2015-Ministry-of-Finance-Family-Photo.jpg\" data-elementor-open-lightbox=\"no\" data-index=\"20\" data-width=\"3264\" data-height=\"2448\"  title=\"The Ministry of Finance team, January 2015, Athens, Greece\">\n\t\t\t\t\t\t\t\t\n\t\t\t\t\t\t\t\t\t\t\t\t\t\t\t\t\t<img loading=\"lazy\" decoding=\"async\" width=\"3264\" height=\"2448\" src=\"https:\/\/hardouvelis.gr\/wp-content\/uploads\/2021\/04\/Jan-2015-Ministry-of-Finance-Family-Photo.jpg\" class=\"wd-gallery-image image-20 attachment-full\" alt=\"\" title=\"The Ministry of Finance team, January 2015, Athens, Greece\" srcset=\"https:\/\/hardouvelis.gr\/wp-content\/uploads\/2021\/04\/Jan-2015-Ministry-of-Finance-Family-Photo.jpg 3264w, https:\/\/hardouvelis.gr\/wp-content\/uploads\/2021\/04\/Jan-2015-Ministry-of-Finance-Family-Photo-300x225.jpg 300w, https:\/\/hardouvelis.gr\/wp-content\/uploads\/2021\/04\/Jan-2015-Ministry-of-Finance-Family-Photo-768x576.jpg 768w, https:\/\/hardouvelis.gr\/wp-content\/uploads\/2021\/04\/Jan-2015-Ministry-of-Finance-Family-Photo-1024x768.jpg 1024w, https:\/\/hardouvelis.gr\/wp-content\/uploads\/2021\/04\/Jan-2015-Ministry-of-Finance-Family-Photo-350x263.jpg 350w, https:\/\/hardouvelis.gr\/wp-content\/uploads\/2021\/04\/Jan-2015-Ministry-of-Finance-Family-Photo-780x586.jpg 780w, https:\/\/hardouvelis.gr\/wp-content\/uploads\/2021\/04\/Jan-2015-Ministry-of-Finance-Family-Photo-250x188.jpg 250w\" sizes=\"auto, (max-width: 3264px) 100vw, 3264px\" \/>\t\t\t\t\t\t\t\t\n\n\t\t\t\t\t\t\t\t\t\t\t\t\t\t\t<\/a>\n\t\t\t\t\t\t\t\t\t\t\t\t<\/div>\n\t\t\t\t\t\t\t\t\t\t\t<div class=\"wd-gallery-item\">\n\t\t\t\t\t\t\t\t\t\t\t\t\t\t<a href=\"https:\/\/hardouvelis.gr\/wp-content\/uploads\/2021\/04\/IMG_1051.jpg\" data-elementor-open-lightbox=\"no\" data-index=\"21\" data-width=\"3048\" data-height=\"1919\"  title=\"With the Ministry of Finance Team, celebrating the new year with a \u201cVasilopita,\u201dJanuary 2015, Athens, Greece\">\n\t\t\t\t\t\t\t\t\n\t\t\t\t\t\t\t\t\t\t\t\t\t\t\t\t\t<img loading=\"lazy\" decoding=\"async\" width=\"3048\" height=\"1919\" src=\"https:\/\/hardouvelis.gr\/wp-content\/uploads\/2021\/04\/IMG_1051.jpg\" class=\"wd-gallery-image image-21 attachment-full\" alt=\"\" title=\"With the Ministry of Finance Team, celebrating the new year with a \u201cVasilopita,\u201dJanuary 2015, Athens, Greece\" srcset=\"https:\/\/hardouvelis.gr\/wp-content\/uploads\/2021\/04\/IMG_1051.jpg 3048w, https:\/\/hardouvelis.gr\/wp-content\/uploads\/2021\/04\/IMG_1051-300x189.jpg 300w, https:\/\/hardouvelis.gr\/wp-content\/uploads\/2021\/04\/IMG_1051-768x484.jpg 768w, https:\/\/hardouvelis.gr\/wp-content\/uploads\/2021\/04\/IMG_1051-1024x645.jpg 1024w\" sizes=\"auto, (max-width: 3048px) 100vw, 3048px\" \/>\t\t\t\t\t\t\t\t\n\n\t\t\t\t\t\t\t\t\t\t\t\t\t\t\t<\/a>\n\t\t\t\t\t\t\t\t\t\t\t\t<\/div>\n\t\t\t\t\t\t\t\t\t\t\t\t<\/div>\n\t\t<\/div>\n\t\t\t\t[\/vc_tta_section][vc_tta_section title=&#8221;2014&#8243; tab_id=&#8221;1684152081275-790c8e04-c901&#8243;]\t\t<div id=\"gallery_533\" class=\"wd-images-gallery wd-rs-64621f305aa97 wd-justify-center wd-items-middle view-justified photoswipe-images\" >\n\t\t\t<div class=\"gallery-images\">\n\t\t\t\t\t\t\t\t\t\t\t\t\t\t\t<div class=\"wd-gallery-item\">\n\t\t\t\t\t\t\t\t\t\t\t\t\t\t<a href=\"https:\/\/hardouvelis.gr\/wp-content\/uploads\/2021\/04\/Oct-12-2014-with-Christine-Lagarde.jpg\" data-elementor-open-lightbox=\"no\" data-index=\"1\" data-width=\"1024\" data-height=\"724\"  title=\"(L) International Monetary Fund Managing Director Christine Lagarde greets (R) Minister of Finance of Greece Gikas Hardouvelis prior to their meeting during the 2014 IMF World Bank Annual Meetings October 12, 2014 at IMF Headquarters in Washington DC.\u00a9IMF Photo\">\n\t\t\t\t\t\t\t\t\n\t\t\t\t\t\t\t\t\t\t\t\t\t\t\t\t\t<img loading=\"lazy\" decoding=\"async\" width=\"1024\" height=\"724\" src=\"https:\/\/hardouvelis.gr\/wp-content\/uploads\/2021\/04\/Oct-12-2014-with-Christine-Lagarde.jpg\" class=\"wd-gallery-image image-1 attachment-full\" alt=\"\" title=\"(L) International Monetary Fund Managing Director Christine Lagarde greets (R) Minister of Finance of Greece Gikas Hardouvelis prior to their meeting during the 2014 IMF World Bank Annual Meetings October 12, 2014 at IMF Headquarters in Washington DC.\u00a9IMF Photo\" srcset=\"https:\/\/hardouvelis.gr\/wp-content\/uploads\/2021\/04\/Oct-12-2014-with-Christine-Lagarde.jpg 1024w, https:\/\/hardouvelis.gr\/wp-content\/uploads\/2021\/04\/Oct-12-2014-with-Christine-Lagarde-300x212.jpg 300w, https:\/\/hardouvelis.gr\/wp-content\/uploads\/2021\/04\/Oct-12-2014-with-Christine-Lagarde-768x543.jpg 768w\" sizes=\"auto, (max-width: 1024px) 100vw, 1024px\" \/>\t\t\t\t\t\t\t\t\n\n\t\t\t\t\t\t\t\t\t\t\t\t\t\t\t<\/a>\n\t\t\t\t\t\t\t\t\t\t\t\t<\/div>\n\t\t\t\t\t\t\t\t\t\t\t<div class=\"wd-gallery-item\">\n\t\t\t\t\t\t\t\t\t\t\t\t\t\t<a href=\"https:\/\/hardouvelis.gr\/wp-content\/uploads\/2021\/04\/Gikas-Hardouvelis-with-Mario-Draghi-the-President-of-the-European-Central-Bank-ECB.jpg\" data-elementor-open-lightbox=\"no\" data-index=\"2\" data-width=\"777\" data-height=\"437\"  title=\"Gikas Hardouvelis (left) with Mario Draghi (right), the President of the European Central Bank (ECB), at Eurogroup, September 12, 2014, Milan, Italy\">\n\t\t\t\t\t\t\t\t\n\t\t\t\t\t\t\t\t\t\t\t\t\t\t\t\t\t<img loading=\"lazy\" decoding=\"async\" width=\"777\" height=\"437\" src=\"https:\/\/hardouvelis.gr\/wp-content\/uploads\/2021\/04\/Gikas-Hardouvelis-with-Mario-Draghi-the-President-of-the-European-Central-Bank-ECB.jpg\" class=\"wd-gallery-image image-2 attachment-full\" alt=\"\" title=\"Gikas Hardouvelis (left) with Mario Draghi (right), the President of the European Central Bank (ECB), at Eurogroup, September 12, 2014, Milan, Italy\" srcset=\"https:\/\/hardouvelis.gr\/wp-content\/uploads\/2021\/04\/Gikas-Hardouvelis-with-Mario-Draghi-the-President-of-the-European-Central-Bank-ECB.jpg 777w, https:\/\/hardouvelis.gr\/wp-content\/uploads\/2021\/04\/Gikas-Hardouvelis-with-Mario-Draghi-the-President-of-the-European-Central-Bank-ECB-300x169.jpg 300w, https:\/\/hardouvelis.gr\/wp-content\/uploads\/2021\/04\/Gikas-Hardouvelis-with-Mario-Draghi-the-President-of-the-European-Central-Bank-ECB-768x432.jpg 768w\" sizes=\"auto, (max-width: 777px) 100vw, 777px\" \/>\t\t\t\t\t\t\t\t\n\n\t\t\t\t\t\t\t\t\t\t\t\t\t\t\t<\/a>\n\t\t\t\t\t\t\t\t\t\t\t\t<\/div>\n\t\t\t\t\t\t\t\t\t\t\t<div class=\"wd-gallery-item\">\n\t\t\t\t\t\t\t\t\t\t\t\t\t\t<a href=\"https:\/\/hardouvelis.gr\/wp-content\/uploads\/2021\/04\/July-2014-with-Michel-Sapin-French-Finance-Minister.jpg\" data-elementor-open-lightbox=\"no\" data-index=\"3\" data-width=\"5184\" data-height=\"3456\"  title=\"(from left) Michel Sapin, Minister of Finance of France with Gikas Hardouvelis, Minister of Finance of Greece, at a Press Conference at the Greek Ministry of Finance, July 25 2014, Athens, Greece\">\n\t\t\t\t\t\t\t\t\n\t\t\t\t\t\t\t\t\t\t\t\t\t\t\t\t\t<img loading=\"lazy\" decoding=\"async\" width=\"5184\" height=\"3456\" src=\"https:\/\/hardouvelis.gr\/wp-content\/uploads\/2021\/04\/July-2014-with-Michel-Sapin-French-Finance-Minister.jpg\" class=\"wd-gallery-image image-3 attachment-full\" alt=\"\" title=\"(from left) Michel Sapin, Minister of Finance of France with Gikas Hardouvelis, Minister of Finance of Greece, at a Press Conference at the Greek Ministry of Finance, July 25 2014, Athens, Greece\" srcset=\"https:\/\/hardouvelis.gr\/wp-content\/uploads\/2021\/04\/July-2014-with-Michel-Sapin-French-Finance-Minister.jpg 5184w, https:\/\/hardouvelis.gr\/wp-content\/uploads\/2021\/04\/July-2014-with-Michel-Sapin-French-Finance-Minister-300x200.jpg 300w, https:\/\/hardouvelis.gr\/wp-content\/uploads\/2021\/04\/July-2014-with-Michel-Sapin-French-Finance-Minister-768x512.jpg 768w, https:\/\/hardouvelis.gr\/wp-content\/uploads\/2021\/04\/July-2014-with-Michel-Sapin-French-Finance-Minister-1024x683.jpg 1024w, https:\/\/hardouvelis.gr\/wp-content\/uploads\/2021\/04\/July-2014-with-Michel-Sapin-French-Finance-Minister-272x182.jpg 272w\" sizes=\"auto, (max-width: 5184px) 100vw, 5184px\" \/>\t\t\t\t\t\t\t\t\n\n\t\t\t\t\t\t\t\t\t\t\t\t\t\t\t<\/a>\n\t\t\t\t\t\t\t\t\t\t\t\t<\/div>\n\t\t\t\t\t\t\t\t\t\t\t<div class=\"wd-gallery-item\">\n\t\t\t\t\t\t\t\t\t\t\t\t\t\t<a href=\"https:\/\/hardouvelis.gr\/wp-content\/uploads\/2021\/04\/Gikas-Hardouvelis-at-ESM-June-2014.jpg\" data-elementor-open-lightbox=\"no\" data-index=\"4\" data-width=\"600\" data-height=\"399\"  title=\"European Stability Mechanism (ESM) Meeting, June 19, 2014, Luxembourg City, Luxembourg. (from left back) Mr Harris Georgiades, Minister of Finance, Cyprus, Mr Michael Noonan, Minister of Finance, Ireland, Mr Gikas Hardouvelis, Minister of Finance, Greece, Ms Maria Lu\u00eds Casanova Morgado Dias de Albuquerque, Minister of Finance, Portugal, Mr Klaus Regling, ESM Managing Director, Mr Peter Ka\u017eim\u00edr, Minister of Finance, Slovakia\">\n\t\t\t\t\t\t\t\t\n\t\t\t\t\t\t\t\t\t\t\t\t\t\t\t\t\t<img loading=\"lazy\" decoding=\"async\" width=\"600\" height=\"399\" src=\"https:\/\/hardouvelis.gr\/wp-content\/uploads\/2021\/04\/Gikas-Hardouvelis-at-ESM-June-2014.jpg\" class=\"wd-gallery-image image-4 attachment-full\" alt=\"\" title=\"European Stability Mechanism (ESM) Meeting, June 19, 2014, Luxembourg City, Luxembourg. (from left back) Mr Harris Georgiades, Minister of Finance, Cyprus, Mr Michael Noonan, Minister of Finance, Ireland, Mr Gikas Hardouvelis, Minister of Finance, Greece, Ms Maria Lu\u00eds Casanova Morgado Dias de Albuquerque, Minister of Finance, Portugal, Mr Klaus Regling, ESM Managing Director, Mr Peter Ka\u017eim\u00edr, Minister of Finance, Slovakia\" srcset=\"https:\/\/hardouvelis.gr\/wp-content\/uploads\/2021\/04\/Gikas-Hardouvelis-at-ESM-June-2014.jpg 600w, https:\/\/hardouvelis.gr\/wp-content\/uploads\/2021\/04\/Gikas-Hardouvelis-at-ESM-June-2014-300x200.jpg 300w, https:\/\/hardouvelis.gr\/wp-content\/uploads\/2021\/04\/Gikas-Hardouvelis-at-ESM-June-2014-272x182.jpg 272w\" sizes=\"auto, (max-width: 600px) 100vw, 600px\" \/>\t\t\t\t\t\t\t\t\n\n\t\t\t\t\t\t\t\t\t\t\t\t\t\t\t<\/a>\n\t\t\t\t\t\t\t\t\t\t\t\t<\/div>\n\t\t\t\t\t\t\t\t\t\t\t<div class=\"wd-gallery-item\">\n\t\t\t\t\t\t\t\t\t\t\t\t\t\t<a href=\"https:\/\/hardouvelis.gr\/wp-content\/uploads\/2021\/04\/Gikas-Hardouvelis-at-ESM-June-19-2014.jpg\" data-elementor-open-lightbox=\"no\" data-index=\"5\" data-width=\"919\" data-height=\"613\"  title=\"European Stability Mechanism (ESM) Meeting, June 19, 2014, Luxembourg City, Luxembourg(1st row from left) Dr. Thomas Steffen, Alternate ESM Governor, Germany, Mr Rado Genorio, Ambassador - Permanent Representative of the Republic of Slovenia to the EU, Mr Peter Ka\u017eim\u00edr, Minister of Finance, Slovakia, Mr I\u00f1igo Fernandez de Mesa Vargas, ESM Director for Spain, Mr J\u00fcrgen Ligi, Minister of Finance, Estonia (middle row row from left) Mr Michael Noonan, Minister of Finance, Ireland, Mr Gikas Hardouvelis, Minister of Finance, Greece, Mr Jeroen Dijsselbloem, Chairman of the Board of Governors ESM, President of the Eurogroup, Mr Klaus Regling, ESM Managing Director, Ms Maria Lu\u00eds Casanova Morgado Dias de Albuquerque, Minister of Finance, Portugal, Mr Pier Carlo Padoan, Minister of Finance, Italy, Mr Jozef Kortleven, Counselor, General, ESM Director, Belgium (top row from left) Mr Michael Spindelegger, Minister of Finance, Austria, Mr Harris Georgiades, Minister of Finance, Cyprus, Mr Michel Sapin, Minister of Finance, France, Mr Andris Vilks, Minister of Finance, Latvia, Mr Tuomas Saarenheimo, ESM Alte\">\n\t\t\t\t\t\t\t\t\n\t\t\t\t\t\t\t\t\t\t\t\t\t\t\t\t\t<img loading=\"lazy\" decoding=\"async\" width=\"919\" height=\"613\" src=\"https:\/\/hardouvelis.gr\/wp-content\/uploads\/2021\/04\/Gikas-Hardouvelis-at-ESM-June-19-2014.jpg\" class=\"wd-gallery-image image-5 attachment-full\" alt=\"\" title=\"European Stability Mechanism (ESM) Meeting, June 19, 2014, Luxembourg City, Luxembourg(1st row from left) Dr. Thomas Steffen, Alternate ESM Governor, Germany, Mr Rado Genorio, Ambassador - Permanent Representative of the Republic of Slovenia to the EU, Mr Peter Ka\u017eim\u00edr, Minister of Finance, Slovakia, Mr I\u00f1igo Fernandez de Mesa Vargas, ESM Director for Spain, Mr J\u00fcrgen Ligi, Minister of Finance, Estonia (middle row row from left) Mr Michael Noonan, Minister of Finance, Ireland, Mr Gikas Hardouvelis, Minister of Finance, Greece, Mr Jeroen Dijsselbloem, Chairman of the Board of Governors ESM, President of the Eurogroup, Mr Klaus Regling, ESM Managing Director, Ms Maria Lu\u00eds Casanova Morgado Dias de Albuquerque, Minister of Finance, Portugal, Mr Pier Carlo Padoan, Minister of Finance, Italy, Mr Jozef Kortleven, Counselor, General, ESM Director, Belgium (top row from left) Mr Michael Spindelegger, Minister of Finance, Austria, Mr Harris Georgiades, Minister of Finance, Cyprus, Mr Michel Sapin, Minister of Finance, France, Mr Andris Vilks, Minister of Finance, Latvia, Mr Tuomas Saarenheimo, ESM Alte\" srcset=\"https:\/\/hardouvelis.gr\/wp-content\/uploads\/2021\/04\/Gikas-Hardouvelis-at-ESM-June-19-2014.jpg 919w, https:\/\/hardouvelis.gr\/wp-content\/uploads\/2021\/04\/Gikas-Hardouvelis-at-ESM-June-19-2014-300x200.jpg 300w, https:\/\/hardouvelis.gr\/wp-content\/uploads\/2021\/04\/Gikas-Hardouvelis-at-ESM-June-19-2014-768x512.jpg 768w, https:\/\/hardouvelis.gr\/wp-content\/uploads\/2021\/04\/Gikas-Hardouvelis-at-ESM-June-19-2014-272x182.jpg 272w\" sizes=\"auto, (max-width: 919px) 100vw, 919px\" \/>\t\t\t\t\t\t\t\t\n\n\t\t\t\t\t\t\t\t\t\t\t\t\t\t\t<\/a>\n\t\t\t\t\t\t\t\t\t\t\t\t<\/div>\n\t\t\t\t\t\t\t\t\t\t\t<div class=\"wd-gallery-item\">\n\t\t\t\t\t\t\t\t\t\t\t\t\t\t<a href=\"https:\/\/hardouvelis.gr\/wp-content\/uploads\/2021\/04\/20150126_165922-1-e1619467178345.jpg\" data-elementor-open-lightbox=\"no\" data-index=\"6\" data-width=\"3264\" data-height=\"1836\"  title=\"Gikas Hardouvelis, Greek Minister of Finance at Eurogroup, 2014, Brussels, Belgium\">\n\t\t\t\t\t\t\t\t\n\t\t\t\t\t\t\t\t\t\t\t\t\t\t\t\t\t<img loading=\"lazy\" decoding=\"async\" width=\"3264\" height=\"1836\" src=\"https:\/\/hardouvelis.gr\/wp-content\/uploads\/2021\/04\/20150126_165922-1-e1619467178345.jpg\" class=\"wd-gallery-image image-6 attachment-full\" alt=\"\" title=\"Gikas Hardouvelis, Greek Minister of Finance at Eurogroup, 2014, Brussels, Belgium\" srcset=\"https:\/\/hardouvelis.gr\/wp-content\/uploads\/2021\/04\/20150126_165922-1-e1619467178345.jpg 3264w, https:\/\/hardouvelis.gr\/wp-content\/uploads\/2021\/04\/20150126_165922-1-e1619467178345-300x169.jpg 300w, https:\/\/hardouvelis.gr\/wp-content\/uploads\/2021\/04\/20150126_165922-1-e1619467178345-768x432.jpg 768w, https:\/\/hardouvelis.gr\/wp-content\/uploads\/2021\/04\/20150126_165922-1-e1619467178345-1024x576.jpg 1024w\" sizes=\"auto, (max-width: 3264px) 100vw, 3264px\" \/>\t\t\t\t\t\t\t\t\n\n\t\t\t\t\t\t\t\t\t\t\t\t\t\t\t<\/a>\n\t\t\t\t\t\t\t\t\t\t\t\t<\/div>\n\t\t\t\t\t\t\t\t\t\t\t<div class=\"wd-gallery-item\">\n\t\t\t\t\t\t\t\t\t\t\t\t\t\t<a href=\"https:\/\/hardouvelis.gr\/wp-content\/uploads\/2021\/04\/15102963196_b920ce7208_o.jpeg\" data-elementor-open-lightbox=\"no\" data-index=\"7\" data-width=\"534\" data-height=\"481\"  title=\"Gikas Hardouvelis, Greek Minister of Finance and Angel Gurr\u00eda, Secretary-General of the OECD, in the OECD offices, September 3, 2014, Paris, France\">\n\t\t\t\t\t\t\t\t\n\t\t\t\t\t\t\t\t\t\t\t\t\t\t\t\t\t<img loading=\"lazy\" decoding=\"async\" width=\"534\" height=\"481\" src=\"https:\/\/hardouvelis.gr\/wp-content\/uploads\/2021\/04\/15102963196_b920ce7208_o.jpeg\" class=\"wd-gallery-image image-7 attachment-full\" alt=\"\" title=\"Gikas Hardouvelis, Greek Minister of Finance and Angel Gurr\u00eda, Secretary-General of the OECD, in the OECD offices, September 3, 2014, Paris, France\" srcset=\"https:\/\/hardouvelis.gr\/wp-content\/uploads\/2021\/04\/15102963196_b920ce7208_o.jpeg 534w, https:\/\/hardouvelis.gr\/wp-content\/uploads\/2021\/04\/15102963196_b920ce7208_o-300x270.jpeg 300w\" sizes=\"auto, (max-width: 534px) 100vw, 534px\" \/>\t\t\t\t\t\t\t\t\n\n\t\t\t\t\t\t\t\t\t\t\t\t\t\t\t<\/a>\n\t\t\t\t\t\t\t\t\t\t\t\t<\/div>\n\t\t\t\t\t\t\t\t\t\t\t<div class=\"wd-gallery-item\">\n\t\t\t\t\t\t\t\t\t\t\t\t\t\t<a href=\"https:\/\/hardouvelis.gr\/wp-content\/uploads\/2021\/04\/IMG_2774-1.jpg\" data-elementor-open-lightbox=\"no\" data-index=\"8\" data-width=\"3264\" data-height=\"2448\"  title=\"Gikas Hardouvelis, Greek Minister of Finance, signs the book of visitors in the OECD headquarters in Paris, with Angel Gurr\u00eda, Secretary-General of the OECD, September 3, 2014, OECD, Paris, France\">\n\t\t\t\t\t\t\t\t\n\t\t\t\t\t\t\t\t\t\t\t\t\t\t\t\t\t<img loading=\"lazy\" decoding=\"async\" width=\"3264\" height=\"2448\" src=\"https:\/\/hardouvelis.gr\/wp-content\/uploads\/2021\/04\/IMG_2774-1.jpg\" class=\"wd-gallery-image image-8 attachment-full\" alt=\"\" title=\"Gikas Hardouvelis, Greek Minister of Finance, signs the book of visitors in the OECD headquarters in Paris, with Angel Gurr\u00eda, Secretary-General of the OECD, September 3, 2014, OECD, Paris, France\" srcset=\"https:\/\/hardouvelis.gr\/wp-content\/uploads\/2021\/04\/IMG_2774-1.jpg 3264w, https:\/\/hardouvelis.gr\/wp-content\/uploads\/2021\/04\/IMG_2774-1-300x225.jpg 300w, https:\/\/hardouvelis.gr\/wp-content\/uploads\/2021\/04\/IMG_2774-1-768x576.jpg 768w, https:\/\/hardouvelis.gr\/wp-content\/uploads\/2021\/04\/IMG_2774-1-1024x768.jpg 1024w, https:\/\/hardouvelis.gr\/wp-content\/uploads\/2021\/04\/IMG_2774-1-350x263.jpg 350w, https:\/\/hardouvelis.gr\/wp-content\/uploads\/2021\/04\/IMG_2774-1-780x586.jpg 780w, https:\/\/hardouvelis.gr\/wp-content\/uploads\/2021\/04\/IMG_2774-1-250x188.jpg 250w\" sizes=\"auto, (max-width: 3264px) 100vw, 3264px\" \/>\t\t\t\t\t\t\t\t\n\n\t\t\t\t\t\t\t\t\t\t\t\t\t\t\t<\/a>\n\t\t\t\t\t\t\t\t\t\t\t\t<\/div>\n\t\t\t\t\t\t\t\t\t\t\t<div class=\"wd-gallery-item\">\n\t\t\t\t\t\t\t\t\t\t\t\t\t\t<a href=\"https:\/\/hardouvelis.gr\/wp-content\/uploads\/2021\/04\/IMG_2506.jpg\" data-elementor-open-lightbox=\"no\" data-index=\"9\" data-width=\"3264\" data-height=\"2448\"  title=\"In front of reporters, following the ECOFIN meeting in Luxembourg, Gikas Hardouvelis, Greek Finance Minster, representing the EU Presidency with Olli Rehn, EU Commissioner for Economic and Monetary Affairs\">\n\t\t\t\t\t\t\t\t\n\t\t\t\t\t\t\t\t\t\t\t\t\t\t\t\t\t<img loading=\"lazy\" decoding=\"async\" width=\"3264\" height=\"2448\" src=\"https:\/\/hardouvelis.gr\/wp-content\/uploads\/2021\/04\/IMG_2506.jpg\" class=\"wd-gallery-image image-9 attachment-full\" alt=\"\" title=\"In front of reporters, following the ECOFIN meeting in Luxembourg, Gikas Hardouvelis, Greek Finance Minster, representing the EU Presidency with Olli Rehn, EU Commissioner for Economic and Monetary Affairs\" srcset=\"https:\/\/hardouvelis.gr\/wp-content\/uploads\/2021\/04\/IMG_2506.jpg 3264w, https:\/\/hardouvelis.gr\/wp-content\/uploads\/2021\/04\/IMG_2506-300x225.jpg 300w, https:\/\/hardouvelis.gr\/wp-content\/uploads\/2021\/04\/IMG_2506-768x576.jpg 768w, https:\/\/hardouvelis.gr\/wp-content\/uploads\/2021\/04\/IMG_2506-1024x768.jpg 1024w, https:\/\/hardouvelis.gr\/wp-content\/uploads\/2021\/04\/IMG_2506-350x263.jpg 350w, https:\/\/hardouvelis.gr\/wp-content\/uploads\/2021\/04\/IMG_2506-780x586.jpg 780w, https:\/\/hardouvelis.gr\/wp-content\/uploads\/2021\/04\/IMG_2506-250x188.jpg 250w\" sizes=\"auto, (max-width: 3264px) 100vw, 3264px\" \/>\t\t\t\t\t\t\t\t\n\n\t\t\t\t\t\t\t\t\t\t\t\t\t\t\t<\/a>\n\t\t\t\t\t\t\t\t\t\t\t\t<\/div>\n\t\t\t\t\t\t\t\t\t\t\t<div class=\"wd-gallery-item\">\n\t\t\t\t\t\t\t\t\t\t\t\t\t\t<a href=\"https:\/\/hardouvelis.gr\/wp-content\/uploads\/2021\/04\/2014-12-09-10.40.35.jpg\" data-elementor-open-lightbox=\"no\" data-index=\"10\" data-width=\"3264\" data-height=\"2448\"  title=\"Gikas Hardouvelis, Greek Minister of Finance, with Tassos Anastasatos, the Euro-Working Group Greek Representative in and ECOFIN intermission, December 9, 2014,  Brussels, Belgium.\">\n\t\t\t\t\t\t\t\t\n\t\t\t\t\t\t\t\t\t\t\t\t\t\t\t\t\t<img loading=\"lazy\" decoding=\"async\" width=\"3264\" height=\"2448\" src=\"https:\/\/hardouvelis.gr\/wp-content\/uploads\/2021\/04\/2014-12-09-10.40.35.jpg\" class=\"wd-gallery-image image-10 attachment-full\" alt=\"\" title=\"Gikas Hardouvelis, Greek Minister of Finance, with Tassos Anastasatos, the Euro-Working Group Greek Representative in and ECOFIN intermission, December 9, 2014,  Brussels, Belgium.\" srcset=\"https:\/\/hardouvelis.gr\/wp-content\/uploads\/2021\/04\/2014-12-09-10.40.35.jpg 3264w, https:\/\/hardouvelis.gr\/wp-content\/uploads\/2021\/04\/2014-12-09-10.40.35-300x225.jpg 300w, https:\/\/hardouvelis.gr\/wp-content\/uploads\/2021\/04\/2014-12-09-10.40.35-768x576.jpg 768w, https:\/\/hardouvelis.gr\/wp-content\/uploads\/2021\/04\/2014-12-09-10.40.35-1024x768.jpg 1024w, https:\/\/hardouvelis.gr\/wp-content\/uploads\/2021\/04\/2014-12-09-10.40.35-350x263.jpg 350w, https:\/\/hardouvelis.gr\/wp-content\/uploads\/2021\/04\/2014-12-09-10.40.35-780x586.jpg 780w, https:\/\/hardouvelis.gr\/wp-content\/uploads\/2021\/04\/2014-12-09-10.40.35-250x188.jpg 250w\" sizes=\"auto, (max-width: 3264px) 100vw, 3264px\" \/>\t\t\t\t\t\t\t\t\n\n\t\t\t\t\t\t\t\t\t\t\t\t\t\t\t<\/a>\n\t\t\t\t\t\t\t\t\t\t\t\t<\/div>\n\t\t\t\t\t\t\t\t\t\t\t<div class=\"wd-gallery-item\">\n\t\t\t\t\t\t\t\t\t\t\t\t\t\t<a href=\"https:\/\/hardouvelis.gr\/wp-content\/uploads\/2021\/05\/IMG-9412.jpg\" data-elementor-open-lightbox=\"no\" data-index=\"11\" data-width=\"1018\" data-height=\"913\"  title=\"Gikas Hardouvelis, Minister of Finance, with Werner Hoyer, EIB President at a Press Conference on September 18, 2014, in Athens, Greece.\">\n\t\t\t\t\t\t\t\t\n\t\t\t\t\t\t\t\t\t\t\t\t\t\t\t\t\t<img loading=\"lazy\" decoding=\"async\" width=\"1018\" height=\"913\" src=\"https:\/\/hardouvelis.gr\/wp-content\/uploads\/2021\/05\/IMG-9412.jpg\" class=\"wd-gallery-image image-11 attachment-full\" alt=\"\" title=\"Gikas Hardouvelis, Minister of Finance, with Werner Hoyer, EIB President at a Press Conference on September 18, 2014, in Athens, Greece.\" srcset=\"https:\/\/hardouvelis.gr\/wp-content\/uploads\/2021\/05\/IMG-9412.jpg 1018w, https:\/\/hardouvelis.gr\/wp-content\/uploads\/2021\/05\/IMG-9412-300x269.jpg 300w, https:\/\/hardouvelis.gr\/wp-content\/uploads\/2021\/05\/IMG-9412-768x689.jpg 768w\" sizes=\"auto, (max-width: 1018px) 100vw, 1018px\" \/>\t\t\t\t\t\t\t\t\n\n\t\t\t\t\t\t\t\t\t\t\t\t\t\t\t<\/a>\n\t\t\t\t\t\t\t\t\t\t\t\t<\/div>\n\t\t\t\t\t\t\t\t\t\t\t<div class=\"wd-gallery-item\">\n\t\t\t\t\t\t\t\t\t\t\t\t\t\t<a href=\"https:\/\/hardouvelis.gr\/wp-content\/uploads\/2021\/05\/Gikas-Hardouvelis-greeting-Vener-Hoyer-President-of-European-Investment-Bank-EIB-during-his-official-visit-at-the-Ministry-of-Finance-September-2014-Athens-Greece.jpg\" data-elementor-open-lightbox=\"no\" data-index=\"12\" data-width=\"1252\" data-height=\"917\"  title=\"Gikas Hardouvelis, Greek Minister of Finance, greeting  Werner Hoyer, President of European Investment Bank (EIB), as he enters  his office on September 18, 2014, in the Greek Ministry of Finance, in Athens, Greece.\">\n\t\t\t\t\t\t\t\t\n\t\t\t\t\t\t\t\t\t\t\t\t\t\t\t\t\t<img loading=\"lazy\" decoding=\"async\" width=\"1252\" height=\"917\" src=\"https:\/\/hardouvelis.gr\/wp-content\/uploads\/2021\/05\/Gikas-Hardouvelis-greeting-Vener-Hoyer-President-of-European-Investment-Bank-EIB-during-his-official-visit-at-the-Ministry-of-Finance-September-2014-Athens-Greece.jpg\" class=\"wd-gallery-image image-12 attachment-full\" alt=\"\" title=\"Gikas Hardouvelis, Greek Minister of Finance, greeting  Werner Hoyer, President of European Investment Bank (EIB), as he enters  his office on September 18, 2014, in the Greek Ministry of Finance, in Athens, Greece.\" srcset=\"https:\/\/hardouvelis.gr\/wp-content\/uploads\/2021\/05\/Gikas-Hardouvelis-greeting-Vener-Hoyer-President-of-European-Investment-Bank-EIB-during-his-official-visit-at-the-Ministry-of-Finance-September-2014-Athens-Greece.jpg 1252w, https:\/\/hardouvelis.gr\/wp-content\/uploads\/2021\/05\/Gikas-Hardouvelis-greeting-Vener-Hoyer-President-of-European-Investment-Bank-EIB-during-his-official-visit-at-the-Ministry-of-Finance-September-2014-Athens-Greece-300x220.jpg 300w, https:\/\/hardouvelis.gr\/wp-content\/uploads\/2021\/05\/Gikas-Hardouvelis-greeting-Vener-Hoyer-President-of-European-Investment-Bank-EIB-during-his-official-visit-at-the-Ministry-of-Finance-September-2014-Athens-Greece-768x563.jpg 768w, https:\/\/hardouvelis.gr\/wp-content\/uploads\/2021\/05\/Gikas-Hardouvelis-greeting-Vener-Hoyer-President-of-European-Investment-Bank-EIB-during-his-official-visit-at-the-Ministry-of-Finance-September-2014-Athens-Greece-1024x750.jpg 1024w\" sizes=\"auto, (max-width: 1252px) 100vw, 1252px\" \/>\t\t\t\t\t\t\t\t\n\n\t\t\t\t\t\t\t\t\t\t\t\t\t\t\t<\/a>\n\t\t\t\t\t\t\t\t\t\t\t\t<\/div>\n\t\t\t\t\t\t\t\t\t\t\t<div class=\"wd-gallery-item\">\n\t\t\t\t\t\t\t\t\t\t\t\t\t\t<a href=\"https:\/\/hardouvelis.gr\/wp-content\/uploads\/2021\/04\/ML_Greek_Roadshow_Bloomberg_0237_0-en.JPG.jpg\" data-elementor-open-lightbox=\"no\" data-index=\"13\" data-width=\"2000\" data-height=\"3000\"  title=\"Gikas Hardouvelis, Greek Minister of Finance, speaker at the 9th Annual Greek Roadshow by Athens Stock Exchange, September 18-19, 2014, London, UK\">\n\t\t\t\t\t\t\t\t\n\t\t\t\t\t\t\t\t\t\t\t\t\t\t\t\t\t<img loading=\"lazy\" decoding=\"async\" width=\"2000\" height=\"3000\" src=\"https:\/\/hardouvelis.gr\/wp-content\/uploads\/2021\/04\/ML_Greek_Roadshow_Bloomberg_0237_0-en.JPG.jpg\" class=\"wd-gallery-image image-13 attachment-full\" alt=\"\" title=\"Gikas Hardouvelis, Greek Minister of Finance, speaker at the 9th Annual Greek Roadshow by Athens Stock Exchange, September 18-19, 2014, London, UK\" srcset=\"https:\/\/hardouvelis.gr\/wp-content\/uploads\/2021\/04\/ML_Greek_Roadshow_Bloomberg_0237_0-en.JPG.jpg 2000w, https:\/\/hardouvelis.gr\/wp-content\/uploads\/2021\/04\/ML_Greek_Roadshow_Bloomberg_0237_0-en.JPG-200x300.jpg 200w, https:\/\/hardouvelis.gr\/wp-content\/uploads\/2021\/04\/ML_Greek_Roadshow_Bloomberg_0237_0-en.JPG-768x1152.jpg 768w, https:\/\/hardouvelis.gr\/wp-content\/uploads\/2021\/04\/ML_Greek_Roadshow_Bloomberg_0237_0-en.JPG-683x1024.jpg 683w\" sizes=\"auto, (max-width: 2000px) 100vw, 2000px\" \/>\t\t\t\t\t\t\t\t\n\n\t\t\t\t\t\t\t\t\t\t\t\t\t\t\t<\/a>\n\t\t\t\t\t\t\t\t\t\t\t\t<\/div>\n\t\t\t\t\t\t\t\t\t\t\t<div class=\"wd-gallery-item\">\n\t\t\t\t\t\t\t\t\t\t\t\t\t\t<a href=\"https:\/\/hardouvelis.gr\/wp-content\/uploads\/2021\/05\/ML_Greek_Roadshow_Bloomberg_0236_Sep-19-2014.jpg\" data-elementor-open-lightbox=\"no\" data-index=\"14\" data-width=\"3000\" data-height=\"2000\"  title=\"Gikas Hardouvelis addresses the audience of the 9th Annual Greek Roadshow, organized by the Athens Stock Exchange, September 18-19, 2014, London, UK\">\n\t\t\t\t\t\t\t\t\n\t\t\t\t\t\t\t\t\t\t\t\t\t\t\t\t\t<img loading=\"lazy\" decoding=\"async\" width=\"3000\" height=\"2000\" src=\"https:\/\/hardouvelis.gr\/wp-content\/uploads\/2021\/05\/ML_Greek_Roadshow_Bloomberg_0236_Sep-19-2014.jpg\" class=\"wd-gallery-image image-14 attachment-full\" alt=\"\" title=\"Gikas Hardouvelis addresses the audience of the 9th Annual Greek Roadshow, organized by the Athens Stock Exchange, September 18-19, 2014, London, UK\" srcset=\"https:\/\/hardouvelis.gr\/wp-content\/uploads\/2021\/05\/ML_Greek_Roadshow_Bloomberg_0236_Sep-19-2014.jpg 3000w, https:\/\/hardouvelis.gr\/wp-content\/uploads\/2021\/05\/ML_Greek_Roadshow_Bloomberg_0236_Sep-19-2014-300x200.jpg 300w, https:\/\/hardouvelis.gr\/wp-content\/uploads\/2021\/05\/ML_Greek_Roadshow_Bloomberg_0236_Sep-19-2014-768x512.jpg 768w, https:\/\/hardouvelis.gr\/wp-content\/uploads\/2021\/05\/ML_Greek_Roadshow_Bloomberg_0236_Sep-19-2014-1024x683.jpg 1024w, https:\/\/hardouvelis.gr\/wp-content\/uploads\/2021\/05\/ML_Greek_Roadshow_Bloomberg_0236_Sep-19-2014-272x182.jpg 272w\" sizes=\"auto, (max-width: 3000px) 100vw, 3000px\" \/>\t\t\t\t\t\t\t\t\n\n\t\t\t\t\t\t\t\t\t\t\t\t\t\t\t<\/a>\n\t\t\t\t\t\t\t\t\t\t\t\t<\/div>\n\t\t\t\t\t\t\t\t\t\t\t<div class=\"wd-gallery-item\">\n\t\t\t\t\t\t\t\t\t\t\t\t\t\t<a href=\"https:\/\/hardouvelis.gr\/wp-content\/uploads\/2021\/05\/ELLHNOAMERICNIKOEPIMELITIRIO02DEC2014.jpg\" data-elementor-open-lightbox=\"no\" data-index=\"15\" data-width=\"622\" data-height=\"414\"  title=\"Gikas Hardouvelis, speaker at the \u201c25th Greek Economy Conference: The Greek Economy at a Turning Point: Setting a national Agenda for Economic Development.&quot; by the American -Hellenic Chamber of Commerce, December 2, 2014, Athens, Greece\">\n\t\t\t\t\t\t\t\t\n\t\t\t\t\t\t\t\t\t\t\t\t\t\t\t\t\t<img loading=\"lazy\" decoding=\"async\" width=\"622\" height=\"414\" src=\"https:\/\/hardouvelis.gr\/wp-content\/uploads\/2021\/05\/ELLHNOAMERICNIKOEPIMELITIRIO02DEC2014.jpg\" class=\"wd-gallery-image image-15 attachment-full\" alt=\"\" title=\"Gikas Hardouvelis, speaker at the \u201c25th Greek Economy Conference: The Greek Economy at a Turning Point: Setting a national Agenda for Economic Development.&quot; by the American -Hellenic Chamber of Commerce, December 2, 2014, Athens, Greece\" srcset=\"https:\/\/hardouvelis.gr\/wp-content\/uploads\/2021\/05\/ELLHNOAMERICNIKOEPIMELITIRIO02DEC2014.jpg 622w, https:\/\/hardouvelis.gr\/wp-content\/uploads\/2021\/05\/ELLHNOAMERICNIKOEPIMELITIRIO02DEC2014-300x200.jpg 300w, https:\/\/hardouvelis.gr\/wp-content\/uploads\/2021\/05\/ELLHNOAMERICNIKOEPIMELITIRIO02DEC2014-272x182.jpg 272w\" sizes=\"auto, (max-width: 622px) 100vw, 622px\" \/>\t\t\t\t\t\t\t\t\n\n\t\t\t\t\t\t\t\t\t\t\t\t\t\t\t<\/a>\n\t\t\t\t\t\t\t\t\t\t\t\t<\/div>\n\t\t\t\t\t\t\t\t\t\t\t<div class=\"wd-gallery-item\">\n\t\t\t\t\t\t\t\t\t\t\t\t\t\t<a href=\"https:\/\/hardouvelis.gr\/wp-content\/uploads\/2021\/05\/18th-Roundtable-with-the-Government-of-Greece-July-10-2014.jpg\" data-elementor-open-lightbox=\"no\" data-index=\"16\" data-width=\"721\" data-height=\"480\"  title=\"Gikas Hardouvelis, speaker at the Economist Event: \u201c18th roundtable with the Government of Greece: The Big Rethink for Europe - The Big Turning Point for Greece,\u201d July 9, 2014, Athens, Greece.\">\n\t\t\t\t\t\t\t\t\n\t\t\t\t\t\t\t\t\t\t\t\t\t\t\t\t\t<img loading=\"lazy\" decoding=\"async\" width=\"721\" height=\"480\" src=\"https:\/\/hardouvelis.gr\/wp-content\/uploads\/2021\/05\/18th-Roundtable-with-the-Government-of-Greece-July-10-2014.jpg\" class=\"wd-gallery-image image-16 attachment-full\" alt=\"\" title=\"Gikas Hardouvelis, speaker at the Economist Event: \u201c18th roundtable with the Government of Greece: The Big Rethink for Europe - The Big Turning Point for Greece,\u201d July 9, 2014, Athens, Greece.\" srcset=\"https:\/\/hardouvelis.gr\/wp-content\/uploads\/2021\/05\/18th-Roundtable-with-the-Government-of-Greece-July-10-2014.jpg 721w, https:\/\/hardouvelis.gr\/wp-content\/uploads\/2021\/05\/18th-Roundtable-with-the-Government-of-Greece-July-10-2014-300x200.jpg 300w, https:\/\/hardouvelis.gr\/wp-content\/uploads\/2021\/05\/18th-Roundtable-with-the-Government-of-Greece-July-10-2014-272x182.jpg 272w\" sizes=\"auto, (max-width: 721px) 100vw, 721px\" \/>\t\t\t\t\t\t\t\t\n\n\t\t\t\t\t\t\t\t\t\t\t\t\t\t\t<\/a>\n\t\t\t\t\t\t\t\t\t\t\t\t<\/div>\n\t\t\t\t\t\t\t\t\t\t\t<div class=\"wd-gallery-item\">\n\t\t\t\t\t\t\t\t\t\t\t\t\t\t<a href=\"https:\/\/hardouvelis.gr\/wp-content\/uploads\/2021\/04\/\u03a3\u03c5\u03bd\u03b4\u03b5\u03c3\u03bc\u03bf\u03c2_\u0391\u0395_\u0395\u03a0\u0395_\u0391\u0398\u0397\u039d\u0391\u03aa\u039a\u0397-\u039b\u0395\u03a3\u03a7\u0397_2014.jpg\" data-elementor-open-lightbox=\"no\" data-index=\"17\" data-width=\"960\" data-height=\"720\"  title=\"Gikas Hardouvelis with Representatives of the Greek Association of S.A. and Ltd Companies at the Athens Club, December 2014, Athens, Greece\">\n\t\t\t\t\t\t\t\t\n\t\t\t\t\t\t\t\t\t\t\t\t\t\t\t\t\t<img loading=\"lazy\" decoding=\"async\" width=\"960\" height=\"720\" src=\"https:\/\/hardouvelis.gr\/wp-content\/uploads\/2021\/04\/\u03a3\u03c5\u03bd\u03b4\u03b5\u03c3\u03bc\u03bf\u03c2_\u0391\u0395_\u0395\u03a0\u0395_\u0391\u0398\u0397\u039d\u0391\u03aa\u039a\u0397-\u039b\u0395\u03a3\u03a7\u0397_2014.jpg\" class=\"wd-gallery-image image-17 attachment-full\" alt=\"\" title=\"Gikas Hardouvelis with Representatives of the Greek Association of S.A. and Ltd Companies at the Athens Club, December 2014, Athens, Greece\" srcset=\"https:\/\/hardouvelis.gr\/wp-content\/uploads\/2021\/04\/\u03a3\u03c5\u03bd\u03b4\u03b5\u03c3\u03bc\u03bf\u03c2_\u0391\u0395_\u0395\u03a0\u0395_\u0391\u0398\u0397\u039d\u0391\u03aa\u039a\u0397-\u039b\u0395\u03a3\u03a7\u0397_2014.jpg 960w, https:\/\/hardouvelis.gr\/wp-content\/uploads\/2021\/04\/\u03a3\u03c5\u03bd\u03b4\u03b5\u03c3\u03bc\u03bf\u03c2_\u0391\u0395_\u0395\u03a0\u0395_\u0391\u0398\u0397\u039d\u0391\u03aa\u039a\u0397-\u039b\u0395\u03a3\u03a7\u0397_2014-300x225.jpg 300w, https:\/\/hardouvelis.gr\/wp-content\/uploads\/2021\/04\/\u03a3\u03c5\u03bd\u03b4\u03b5\u03c3\u03bc\u03bf\u03c2_\u0391\u0395_\u0395\u03a0\u0395_\u0391\u0398\u0397\u039d\u0391\u03aa\u039a\u0397-\u039b\u0395\u03a3\u03a7\u0397_2014-768x576.jpg 768w, https:\/\/hardouvelis.gr\/wp-content\/uploads\/2021\/04\/\u03a3\u03c5\u03bd\u03b4\u03b5\u03c3\u03bc\u03bf\u03c2_\u0391\u0395_\u0395\u03a0\u0395_\u0391\u0398\u0397\u039d\u0391\u03aa\u039a\u0397-\u039b\u0395\u03a3\u03a7\u0397_2014-350x263.jpg 350w, https:\/\/hardouvelis.gr\/wp-content\/uploads\/2021\/04\/\u03a3\u03c5\u03bd\u03b4\u03b5\u03c3\u03bc\u03bf\u03c2_\u0391\u0395_\u0395\u03a0\u0395_\u0391\u0398\u0397\u039d\u0391\u03aa\u039a\u0397-\u039b\u0395\u03a3\u03a7\u0397_2014-780x586.jpg 780w, https:\/\/hardouvelis.gr\/wp-content\/uploads\/2021\/04\/\u03a3\u03c5\u03bd\u03b4\u03b5\u03c3\u03bc\u03bf\u03c2_\u0391\u0395_\u0395\u03a0\u0395_\u0391\u0398\u0397\u039d\u0391\u03aa\u039a\u0397-\u039b\u0395\u03a3\u03a7\u0397_2014-250x188.jpg 250w\" sizes=\"auto, (max-width: 960px) 100vw, 960px\" \/>\t\t\t\t\t\t\t\t\n\n\t\t\t\t\t\t\t\t\t\t\t\t\t\t\t<\/a>\n\t\t\t\t\t\t\t\t\t\t\t\t<\/div>\n\t\t\t\t\t\t\t\t\t\t\t<div class=\"wd-gallery-item\">\n\t\t\t\t\t\t\t\t\t\t\t\t\t\t<a href=\"https:\/\/hardouvelis.gr\/wp-content\/uploads\/2021\/05\/SEV-JULY-2014.jpg\" data-elementor-open-lightbox=\"no\" data-index=\"18\" data-width=\"3264\" data-height=\"2448\"  title=\"Gikas Hardouvelis with Theodoros Fessas, Chairman of  Hellenic Federation of Enterprises or SEV (left) and with Haris Kyriazis, Deputy Chairman of SEV, at SEV premises, July 21, 2014, Athens, Greece\">\n\t\t\t\t\t\t\t\t\n\t\t\t\t\t\t\t\t\t\t\t\t\t\t\t\t\t<img loading=\"lazy\" decoding=\"async\" width=\"3264\" height=\"2448\" src=\"https:\/\/hardouvelis.gr\/wp-content\/uploads\/2021\/05\/SEV-JULY-2014.jpg\" class=\"wd-gallery-image image-18 attachment-full\" alt=\"\" title=\"Gikas Hardouvelis with Theodoros Fessas, Chairman of  Hellenic Federation of Enterprises or SEV (left) and with Haris Kyriazis, Deputy Chairman of SEV, at SEV premises, July 21, 2014, Athens, Greece\" srcset=\"https:\/\/hardouvelis.gr\/wp-content\/uploads\/2021\/05\/SEV-JULY-2014.jpg 3264w, https:\/\/hardouvelis.gr\/wp-content\/uploads\/2021\/05\/SEV-JULY-2014-300x225.jpg 300w, https:\/\/hardouvelis.gr\/wp-content\/uploads\/2021\/05\/SEV-JULY-2014-768x576.jpg 768w, https:\/\/hardouvelis.gr\/wp-content\/uploads\/2021\/05\/SEV-JULY-2014-1024x768.jpg 1024w, https:\/\/hardouvelis.gr\/wp-content\/uploads\/2021\/05\/SEV-JULY-2014-350x263.jpg 350w, https:\/\/hardouvelis.gr\/wp-content\/uploads\/2021\/05\/SEV-JULY-2014-780x586.jpg 780w, https:\/\/hardouvelis.gr\/wp-content\/uploads\/2021\/05\/SEV-JULY-2014-250x188.jpg 250w\" sizes=\"auto, (max-width: 3264px) 100vw, 3264px\" \/>\t\t\t\t\t\t\t\t\n\n\t\t\t\t\t\t\t\t\t\t\t\t\t\t\t<\/a>\n\t\t\t\t\t\t\t\t\t\t\t\t<\/div>\n\t\t\t\t\t\t\t\t\t\t\t<div class=\"wd-gallery-item\">\n\t\t\t\t\t\t\t\t\t\t\t\t\t\t<a href=\"https:\/\/hardouvelis.gr\/wp-content\/uploads\/2021\/05\/\u0394\u0395\u0398_-SEP-2014_2D09CE4A133FD0C90BE2F906773EAEB0.jpg\" data-elementor-open-lightbox=\"no\" data-index=\"19\" data-width=\"622\" data-height=\"414\"  title=\"Gikas Hardouvelis giving a speech during the \u201c79th Thessaloniki International Fair\u201d, at Makedonia Palace Hotel, September 2014, Thessaloniki, Greece\">\n\t\t\t\t\t\t\t\t\n\t\t\t\t\t\t\t\t\t\t\t\t\t\t\t\t\t<img loading=\"lazy\" decoding=\"async\" width=\"622\" height=\"414\" src=\"https:\/\/hardouvelis.gr\/wp-content\/uploads\/2021\/05\/\u0394\u0395\u0398_-SEP-2014_2D09CE4A133FD0C90BE2F906773EAEB0.jpg\" class=\"wd-gallery-image image-19 attachment-full\" alt=\"\" title=\"Gikas Hardouvelis giving a speech during the \u201c79th Thessaloniki International Fair\u201d, at Makedonia Palace Hotel, September 2014, Thessaloniki, Greece\" srcset=\"https:\/\/hardouvelis.gr\/wp-content\/uploads\/2021\/05\/\u0394\u0395\u0398_-SEP-2014_2D09CE4A133FD0C90BE2F906773EAEB0.jpg 622w, https:\/\/hardouvelis.gr\/wp-content\/uploads\/2021\/05\/\u0394\u0395\u0398_-SEP-2014_2D09CE4A133FD0C90BE2F906773EAEB0-300x200.jpg 300w, https:\/\/hardouvelis.gr\/wp-content\/uploads\/2021\/05\/\u0394\u0395\u0398_-SEP-2014_2D09CE4A133FD0C90BE2F906773EAEB0-272x182.jpg 272w\" sizes=\"auto, (max-width: 622px) 100vw, 622px\" \/>\t\t\t\t\t\t\t\t\n\n\t\t\t\t\t\t\t\t\t\t\t\t\t\t\t<\/a>\n\t\t\t\t\t\t\t\t\t\t\t\t<\/div>\n\t\t\t\t\t\t\t\t\t\t\t<div class=\"wd-gallery-item\">\n\t\t\t\t\t\t\t\t\t\t\t\t\t\t<a href=\"https:\/\/hardouvelis.gr\/wp-content\/uploads\/2021\/05\/capital-and-vision-Ocr-2014.jpg\" data-elementor-open-lightbox=\"no\" data-index=\"20\" data-width=\"3504\" data-height=\"2336\"  title=\"Gikas Hardouvelis, speaker at \u201cCapital and Vision Conference: \u201cInnovation and Entrepreneurship: The next step.\u201d October 31, 2014, Athens Greece\">\n\t\t\t\t\t\t\t\t\n\t\t\t\t\t\t\t\t\t\t\t\t\t\t\t\t\t<img loading=\"lazy\" decoding=\"async\" width=\"3504\" height=\"2336\" src=\"https:\/\/hardouvelis.gr\/wp-content\/uploads\/2021\/05\/capital-and-vision-Ocr-2014.jpg\" class=\"wd-gallery-image image-20 attachment-full\" alt=\"\" title=\"Gikas Hardouvelis, speaker at \u201cCapital and Vision Conference: \u201cInnovation and Entrepreneurship: The next step.\u201d October 31, 2014, Athens Greece\" srcset=\"https:\/\/hardouvelis.gr\/wp-content\/uploads\/2021\/05\/capital-and-vision-Ocr-2014.jpg 3504w, https:\/\/hardouvelis.gr\/wp-content\/uploads\/2021\/05\/capital-and-vision-Ocr-2014-300x200.jpg 300w, https:\/\/hardouvelis.gr\/wp-content\/uploads\/2021\/05\/capital-and-vision-Ocr-2014-768x512.jpg 768w, https:\/\/hardouvelis.gr\/wp-content\/uploads\/2021\/05\/capital-and-vision-Ocr-2014-1024x683.jpg 1024w, https:\/\/hardouvelis.gr\/wp-content\/uploads\/2021\/05\/capital-and-vision-Ocr-2014-272x182.jpg 272w\" sizes=\"auto, (max-width: 3504px) 100vw, 3504px\" \/>\t\t\t\t\t\t\t\t\n\n\t\t\t\t\t\t\t\t\t\t\t\t\t\t\t<\/a>\n\t\t\t\t\t\t\t\t\t\t\t\t<\/div>\n\t\t\t\t\t\t\t\t\t\t\t<div class=\"wd-gallery-item\">\n\t\t\t\t\t\t\t\t\t\t\t\t\t\t<a href=\"https:\/\/hardouvelis.gr\/wp-content\/uploads\/2021\/04\/Gikas-Hardouvelis-with-the-President-of-the-Hellenic-Republic-Karolos-Papoulias-and-the-Governor-of-the-Bank-of-Greece-Yiannis-Stournaras.jpg\" data-elementor-open-lightbox=\"no\" data-index=\"21\" data-width=\"820\" data-height=\"457\"  title=\"(from left) Gikas Hardouvelis, Minister of Finance, with Karolos Papoulias, President of the Hellenic Republic, and Yiannis Stournaras, Governor of the Bank of Greece, Athens, Greece\">\n\t\t\t\t\t\t\t\t\n\t\t\t\t\t\t\t\t\t\t\t\t\t\t\t\t\t<img loading=\"lazy\" decoding=\"async\" width=\"820\" height=\"457\" src=\"https:\/\/hardouvelis.gr\/wp-content\/uploads\/2021\/04\/Gikas-Hardouvelis-with-the-President-of-the-Hellenic-Republic-Karolos-Papoulias-and-the-Governor-of-the-Bank-of-Greece-Yiannis-Stournaras.jpg\" class=\"wd-gallery-image image-21 attachment-full\" alt=\"\" title=\"(from left) Gikas Hardouvelis, Minister of Finance, with Karolos Papoulias, President of the Hellenic Republic, and Yiannis Stournaras, Governor of the Bank of Greece, Athens, Greece\" srcset=\"https:\/\/hardouvelis.gr\/wp-content\/uploads\/2021\/04\/Gikas-Hardouvelis-with-the-President-of-the-Hellenic-Republic-Karolos-Papoulias-and-the-Governor-of-the-Bank-of-Greece-Yiannis-Stournaras.jpg 820w, https:\/\/hardouvelis.gr\/wp-content\/uploads\/2021\/04\/Gikas-Hardouvelis-with-the-President-of-the-Hellenic-Republic-Karolos-Papoulias-and-the-Governor-of-the-Bank-of-Greece-Yiannis-Stournaras-300x167.jpg 300w, https:\/\/hardouvelis.gr\/wp-content\/uploads\/2021\/04\/Gikas-Hardouvelis-with-the-President-of-the-Hellenic-Republic-Karolos-Papoulias-and-the-Governor-of-the-Bank-of-Greece-Yiannis-Stournaras-768x428.jpg 768w\" sizes=\"auto, (max-width: 820px) 100vw, 820px\" \/>\t\t\t\t\t\t\t\t\n\n\t\t\t\t\t\t\t\t\t\t\t\t\t\t\t<\/a>\n\t\t\t\t\t\t\t\t\t\t\t\t<\/div>\n\t\t\t\t\t\t\t\t\t\t\t<div class=\"wd-gallery-item\">\n\t\t\t\t\t\t\t\t\t\t\t\t\t\t<a href=\"https:\/\/hardouvelis.gr\/wp-content\/uploads\/2018\/02\/img_2014-11-21_\u03ba\u03b1\u03c4\u03b1\u03b8\u03b5\u03c3\u03b7-\u03c0\u03c1\u03bf\u03cb\u03c0\u03bf\u03bb\u03bf\u03b3\u03b9\u03c3\u03bc\u03bf\u03cd1.jpg\" data-elementor-open-lightbox=\"no\" data-index=\"22\" data-width=\"2953\" data-height=\"1969\"  title=\"G. Hardouvelis, Finance Minister, presenting the Government Budget for 2015 in the Hellenic Parliament, November 21, 2014, Athens, Greece\">\n\t\t\t\t\t\t\t\t\n\t\t\t\t\t\t\t\t\t\t\t\t\t\t\t\t\t<img loading=\"lazy\" decoding=\"async\" width=\"2953\" height=\"1969\" src=\"https:\/\/hardouvelis.gr\/wp-content\/uploads\/2018\/02\/img_2014-11-21_\u03ba\u03b1\u03c4\u03b1\u03b8\u03b5\u03c3\u03b7-\u03c0\u03c1\u03bf\u03cb\u03c0\u03bf\u03bb\u03bf\u03b3\u03b9\u03c3\u03bc\u03bf\u03cd1.jpg\" class=\"wd-gallery-image image-22 attachment-full\" alt=\"\" title=\"G. Hardouvelis, Finance Minister, presenting the Government Budget for 2015 in the Hellenic Parliament, November 21, 2014, Athens, Greece\" srcset=\"https:\/\/hardouvelis.gr\/wp-content\/uploads\/2018\/02\/img_2014-11-21_\u03ba\u03b1\u03c4\u03b1\u03b8\u03b5\u03c3\u03b7-\u03c0\u03c1\u03bf\u03cb\u03c0\u03bf\u03bb\u03bf\u03b3\u03b9\u03c3\u03bc\u03bf\u03cd1.jpg 2953w, https:\/\/hardouvelis.gr\/wp-content\/uploads\/2018\/02\/img_2014-11-21_\u03ba\u03b1\u03c4\u03b1\u03b8\u03b5\u03c3\u03b7-\u03c0\u03c1\u03bf\u03cb\u03c0\u03bf\u03bb\u03bf\u03b3\u03b9\u03c3\u03bc\u03bf\u03cd1-300x200.jpg 300w, https:\/\/hardouvelis.gr\/wp-content\/uploads\/2018\/02\/img_2014-11-21_\u03ba\u03b1\u03c4\u03b1\u03b8\u03b5\u03c3\u03b7-\u03c0\u03c1\u03bf\u03cb\u03c0\u03bf\u03bb\u03bf\u03b3\u03b9\u03c3\u03bc\u03bf\u03cd1-768x512.jpg 768w, https:\/\/hardouvelis.gr\/wp-content\/uploads\/2018\/02\/img_2014-11-21_\u03ba\u03b1\u03c4\u03b1\u03b8\u03b5\u03c3\u03b7-\u03c0\u03c1\u03bf\u03cb\u03c0\u03bf\u03bb\u03bf\u03b3\u03b9\u03c3\u03bc\u03bf\u03cd1-1024x683.jpg 1024w, https:\/\/hardouvelis.gr\/wp-content\/uploads\/2018\/02\/img_2014-11-21_\u03ba\u03b1\u03c4\u03b1\u03b8\u03b5\u03c3\u03b7-\u03c0\u03c1\u03bf\u03cb\u03c0\u03bf\u03bb\u03bf\u03b3\u03b9\u03c3\u03bc\u03bf\u03cd1-272x182.jpg 272w\" sizes=\"auto, (max-width: 2953px) 100vw, 2953px\" \/>\t\t\t\t\t\t\t\t\n\n\t\t\t\t\t\t\t\t\t\t\t\t\t\t\t<\/a>\n\t\t\t\t\t\t\t\t\t\t\t\t<\/div>\n\t\t\t\t\t\t\t\t\t\t\t<div class=\"wd-gallery-item\">\n\t\t\t\t\t\t\t\t\t\t\t\t\t\t<a href=\"https:\/\/hardouvelis.gr\/wp-content\/uploads\/2018\/02\/xardoubelis-ruthmisi-gia-tous-pleistiriasmous.w_l.jpg\" data-elementor-open-lightbox=\"no\" data-index=\"23\" data-width=\"777\" data-height=\"437\"  title=\"Gikas Hardouvelis, Minister of Finance, during his speech at Hellenic Parliament, October 2014\">\n\t\t\t\t\t\t\t\t\n\t\t\t\t\t\t\t\t\t\t\t\t\t\t\t\t\t<img loading=\"lazy\" decoding=\"async\" width=\"777\" height=\"437\" src=\"https:\/\/hardouvelis.gr\/wp-content\/uploads\/2018\/02\/xardoubelis-ruthmisi-gia-tous-pleistiriasmous.w_l.jpg\" class=\"wd-gallery-image image-23 attachment-full\" alt=\"\" title=\"Gikas Hardouvelis, Minister of Finance, during his speech at Hellenic Parliament, October 2014\" srcset=\"https:\/\/hardouvelis.gr\/wp-content\/uploads\/2018\/02\/xardoubelis-ruthmisi-gia-tous-pleistiriasmous.w_l.jpg 777w, https:\/\/hardouvelis.gr\/wp-content\/uploads\/2018\/02\/xardoubelis-ruthmisi-gia-tous-pleistiriasmous.w_l-300x169.jpg 300w, https:\/\/hardouvelis.gr\/wp-content\/uploads\/2018\/02\/xardoubelis-ruthmisi-gia-tous-pleistiriasmous.w_l-768x432.jpg 768w\" sizes=\"auto, (max-width: 777px) 100vw, 777px\" \/>\t\t\t\t\t\t\t\t\n\n\t\t\t\t\t\t\t\t\t\t\t\t\t\t\t<\/a>\n\t\t\t\t\t\t\t\t\t\t\t\t<\/div>\n\t\t\t\t\t\t\t\t\t\t\t<div class=\"wd-gallery-item\">\n\t\t\t\t\t\t\t\t\t\t\t\t\t\t<a href=\"https:\/\/hardouvelis.gr\/wp-content\/uploads\/2021\/04\/Gikas-Hardouvelis-with-Prime-Minister-Antonis-Samaras-and-Deputy-Prime-Minister-E.-Venizelos-3.jpeg\" data-elementor-open-lightbox=\"no\" data-index=\"24\" data-width=\"314\" data-height=\"161\"  title=\"Gikas Hardouvelis, Minister of Finance, with Antonis Samaras, Prime Minister, and Evangelos Venizelos, Deputy Prime Minister, 2014, Athens, Greece\">\n\t\t\t\t\t\t\t\t\n\t\t\t\t\t\t\t\t\t\t\t\t\t\t\t\t\t<img loading=\"lazy\" decoding=\"async\" width=\"314\" height=\"161\" src=\"https:\/\/hardouvelis.gr\/wp-content\/uploads\/2021\/04\/Gikas-Hardouvelis-with-Prime-Minister-Antonis-Samaras-and-Deputy-Prime-Minister-E.-Venizelos-3.jpeg\" class=\"wd-gallery-image image-24 attachment-full\" alt=\"\" title=\"Gikas Hardouvelis, Minister of Finance, with Antonis Samaras, Prime Minister, and Evangelos Venizelos, Deputy Prime Minister, 2014, Athens, Greece\" srcset=\"https:\/\/hardouvelis.gr\/wp-content\/uploads\/2021\/04\/Gikas-Hardouvelis-with-Prime-Minister-Antonis-Samaras-and-Deputy-Prime-Minister-E.-Venizelos-3.jpeg 314w, https:\/\/hardouvelis.gr\/wp-content\/uploads\/2021\/04\/Gikas-Hardouvelis-with-Prime-Minister-Antonis-Samaras-and-Deputy-Prime-Minister-E.-Venizelos-3-300x154.jpeg 300w\" sizes=\"auto, (max-width: 314px) 100vw, 314px\" \/>\t\t\t\t\t\t\t\t\n\n\t\t\t\t\t\t\t\t\t\t\t\t\t\t\t<\/a>\n\t\t\t\t\t\t\t\t\t\t\t\t<\/div>\n\t\t\t\t\t\t\t\t\t\t\t<div class=\"wd-gallery-item\">\n\t\t\t\t\t\t\t\t\t\t\t\t\t\t<a href=\"https:\/\/hardouvelis.gr\/wp-content\/uploads\/2018\/02\/xardoyvelis-samaras-5701409051096.jpg\" data-elementor-open-lightbox=\"no\" data-index=\"25\" data-width=\"2184\" data-height=\"1456\"  title=\"Gikas Hardouvelis, Minister of Finance, with Antonis Samaras, Prime Minister, 2014, Athens, Greece 2014\">\n\t\t\t\t\t\t\t\t\n\t\t\t\t\t\t\t\t\t\t\t\t\t\t\t\t\t<img loading=\"lazy\" decoding=\"async\" width=\"2184\" height=\"1456\" src=\"https:\/\/hardouvelis.gr\/wp-content\/uploads\/2018\/02\/xardoyvelis-samaras-5701409051096.jpg\" class=\"wd-gallery-image image-25 attachment-full\" alt=\"\" title=\"Gikas Hardouvelis, Minister of Finance, with Antonis Samaras, Prime Minister, 2014, Athens, Greece 2014\" srcset=\"https:\/\/hardouvelis.gr\/wp-content\/uploads\/2018\/02\/xardoyvelis-samaras-5701409051096.jpg 2184w, https:\/\/hardouvelis.gr\/wp-content\/uploads\/2018\/02\/xardoyvelis-samaras-5701409051096-300x200.jpg 300w, https:\/\/hardouvelis.gr\/wp-content\/uploads\/2018\/02\/xardoyvelis-samaras-5701409051096-768x512.jpg 768w, https:\/\/hardouvelis.gr\/wp-content\/uploads\/2018\/02\/xardoyvelis-samaras-5701409051096-1024x683.jpg 1024w, https:\/\/hardouvelis.gr\/wp-content\/uploads\/2018\/02\/xardoyvelis-samaras-5701409051096-272x182.jpg 272w\" sizes=\"auto, (max-width: 2184px) 100vw, 2184px\" \/>\t\t\t\t\t\t\t\t\n\n\t\t\t\t\t\t\t\t\t\t\t\t\t\t\t<\/a>\n\t\t\t\t\t\t\t\t\t\t\t\t<\/div>\n\t\t\t\t\t\t\t\t\t\t\t<div class=\"wd-gallery-item\">\n\t\t\t\t\t\t\t\t\t\t\t\t\t\t<a href=\"https:\/\/hardouvelis.gr\/wp-content\/uploads\/2017\/12\/140207_Nouvel_Observateur_Kathimerini_Hardouvelis_1.jpg\" data-elementor-open-lightbox=\"no\" data-index=\"26\" data-width=\"1000\" data-height=\"667\"  title=\"\u201cLes journ\u00e9es d\u2019ath\u00e8nes organis\u00e9es: Oser la D\u00e9mocratie\u201d by Le Nouvel Observateur and Kathimerini, Panel: \u201cL\u2019Europe sans l\u2019euro?\u201d (from left) Gikas Hardouvelis, Jean-Marc Daniel, February 7, 2014, Athens, Greece\">\n\t\t\t\t\t\t\t\t\n\t\t\t\t\t\t\t\t\t\t\t\t\t\t\t\t\t<img loading=\"lazy\" decoding=\"async\" width=\"1000\" height=\"667\" src=\"https:\/\/hardouvelis.gr\/wp-content\/uploads\/2017\/12\/140207_Nouvel_Observateur_Kathimerini_Hardouvelis_1.jpg\" class=\"wd-gallery-image image-26 attachment-full\" alt=\"\" title=\"\u201cLes journ\u00e9es d\u2019ath\u00e8nes organis\u00e9es: Oser la D\u00e9mocratie\u201d by Le Nouvel Observateur and Kathimerini, Panel: \u201cL\u2019Europe sans l\u2019euro?\u201d (from left) Gikas Hardouvelis, Jean-Marc Daniel, February 7, 2014, Athens, Greece\" srcset=\"https:\/\/hardouvelis.gr\/wp-content\/uploads\/2017\/12\/140207_Nouvel_Observateur_Kathimerini_Hardouvelis_1.jpg 1000w, https:\/\/hardouvelis.gr\/wp-content\/uploads\/2017\/12\/140207_Nouvel_Observateur_Kathimerini_Hardouvelis_1-300x200.jpg 300w, https:\/\/hardouvelis.gr\/wp-content\/uploads\/2017\/12\/140207_Nouvel_Observateur_Kathimerini_Hardouvelis_1-768x512.jpg 768w, https:\/\/hardouvelis.gr\/wp-content\/uploads\/2017\/12\/140207_Nouvel_Observateur_Kathimerini_Hardouvelis_1-272x182.jpg 272w\" sizes=\"auto, (max-width: 1000px) 100vw, 1000px\" \/>\t\t\t\t\t\t\t\t\n\n\t\t\t\t\t\t\t\t\t\t\t\t\t\t\t<\/a>\n\t\t\t\t\t\t\t\t\t\t\t\t<\/div>\n\t\t\t\t\t\t\t\t\t\t\t<div class=\"wd-gallery-item\">\n\t\t\t\t\t\t\t\t\t\t\t\t\t\t<a href=\"https:\/\/hardouvelis.gr\/wp-content\/uploads\/2017\/12\/140207_Nouvel_Observateur_Kathimerini_Hardouvelis_2.jpg\" data-elementor-open-lightbox=\"no\" data-index=\"27\" data-width=\"1000\" data-height=\"667\"  title=\"\u201cLes journ\u00e9es d\u2019ath\u00e8nes organis\u00e9es: Oser la D\u00e9mocratie\u201d by Le Nouvel Observateur and Kathimerini, Gikas Hardouvelis speaker at the Panel: \u201cL\u2019Europe sans l\u2019euro?\u201d, February 7, 2014, Athens, Greece\">\n\t\t\t\t\t\t\t\t\n\t\t\t\t\t\t\t\t\t\t\t\t\t\t\t\t\t<img loading=\"lazy\" decoding=\"async\" width=\"1000\" height=\"667\" src=\"https:\/\/hardouvelis.gr\/wp-content\/uploads\/2017\/12\/140207_Nouvel_Observateur_Kathimerini_Hardouvelis_2.jpg\" class=\"wd-gallery-image image-27 attachment-full\" alt=\"\" title=\"\u201cLes journ\u00e9es d\u2019ath\u00e8nes organis\u00e9es: Oser la D\u00e9mocratie\u201d by Le Nouvel Observateur and Kathimerini, Gikas Hardouvelis speaker at the Panel: \u201cL\u2019Europe sans l\u2019euro?\u201d, February 7, 2014, Athens, Greece\" srcset=\"https:\/\/hardouvelis.gr\/wp-content\/uploads\/2017\/12\/140207_Nouvel_Observateur_Kathimerini_Hardouvelis_2.jpg 1000w, https:\/\/hardouvelis.gr\/wp-content\/uploads\/2017\/12\/140207_Nouvel_Observateur_Kathimerini_Hardouvelis_2-300x200.jpg 300w, https:\/\/hardouvelis.gr\/wp-content\/uploads\/2017\/12\/140207_Nouvel_Observateur_Kathimerini_Hardouvelis_2-768x512.jpg 768w, https:\/\/hardouvelis.gr\/wp-content\/uploads\/2017\/12\/140207_Nouvel_Observateur_Kathimerini_Hardouvelis_2-272x182.jpg 272w\" sizes=\"auto, (max-width: 1000px) 100vw, 1000px\" \/>\t\t\t\t\t\t\t\t\n\n\t\t\t\t\t\t\t\t\t\t\t\t\t\t\t<\/a>\n\t\t\t\t\t\t\t\t\t\t\t\t<\/div>\n\t\t\t\t\t\t\t\t\t\t\t<div class=\"wd-gallery-item\">\n\t\t\t\t\t\t\t\t\t\t\t\t\t\t<a href=\"https:\/\/hardouvelis.gr\/wp-content\/uploads\/2017\/12\/140207_Nouvel_Observateur_Kathimerini_Hardouvelis_3.jpg\" data-elementor-open-lightbox=\"no\" data-index=\"28\" data-width=\"1000\" data-height=\"667\"  title=\"\u201cLes journ\u00e9es d\u2019ath\u00e8nes organis\u00e9es: Oser la D\u00e9mocratie\u201d by Le Nouvel Observateur and Kathimerini, Panel: \u201cL\u2019Europe sans l\u2019euro?\u201d (from left) George Pagoulatos , Dan O\u2019Brien, Gikas Hardouvelis, Jean-Marc Daniel , Kostas Botopoulos, February 7, 2014, Athens, Greece\">\n\t\t\t\t\t\t\t\t\n\t\t\t\t\t\t\t\t\t\t\t\t\t\t\t\t\t<img loading=\"lazy\" decoding=\"async\" width=\"1000\" height=\"667\" src=\"https:\/\/hardouvelis.gr\/wp-content\/uploads\/2017\/12\/140207_Nouvel_Observateur_Kathimerini_Hardouvelis_3.jpg\" class=\"wd-gallery-image image-28 attachment-full\" alt=\"\" title=\"\u201cLes journ\u00e9es d\u2019ath\u00e8nes organis\u00e9es: Oser la D\u00e9mocratie\u201d by Le Nouvel Observateur and Kathimerini, Panel: \u201cL\u2019Europe sans l\u2019euro?\u201d (from left) George Pagoulatos , Dan O\u2019Brien, Gikas Hardouvelis, Jean-Marc Daniel , Kostas Botopoulos, February 7, 2014, Athens, Greece\" srcset=\"https:\/\/hardouvelis.gr\/wp-content\/uploads\/2017\/12\/140207_Nouvel_Observateur_Kathimerini_Hardouvelis_3.jpg 1000w, https:\/\/hardouvelis.gr\/wp-content\/uploads\/2017\/12\/140207_Nouvel_Observateur_Kathimerini_Hardouvelis_3-300x200.jpg 300w, https:\/\/hardouvelis.gr\/wp-content\/uploads\/2017\/12\/140207_Nouvel_Observateur_Kathimerini_Hardouvelis_3-768x512.jpg 768w, https:\/\/hardouvelis.gr\/wp-content\/uploads\/2017\/12\/140207_Nouvel_Observateur_Kathimerini_Hardouvelis_3-272x182.jpg 272w\" sizes=\"auto, (max-width: 1000px) 100vw, 1000px\" \/>\t\t\t\t\t\t\t\t\n\n\t\t\t\t\t\t\t\t\t\t\t\t\t\t\t<\/a>\n\t\t\t\t\t\t\t\t\t\t\t\t<\/div>\n\t\t\t\t\t\t\t\t\t\t\t<div class=\"wd-gallery-item\">\n\t\t\t\t\t\t\t\t\t\t\t\t\t\t<a href=\"https:\/\/hardouvelis.gr\/wp-content\/uploads\/2021\/05\/forum-economique-francophone-oct-23-2014.jpg\" data-elementor-open-lightbox=\"no\" data-index=\"29\" data-width=\"622\" data-height=\"423\"  title=\"Gikas Hardouvelis, speaker at \u201cFrancophone Business Forum Conference\u201d, October 23, 2014, Athens, Greece\">\n\t\t\t\t\t\t\t\t\n\t\t\t\t\t\t\t\t\t\t\t\t\t\t\t\t\t<img loading=\"lazy\" decoding=\"async\" width=\"622\" height=\"423\" src=\"https:\/\/hardouvelis.gr\/wp-content\/uploads\/2021\/05\/forum-economique-francophone-oct-23-2014.jpg\" class=\"wd-gallery-image image-29 attachment-full\" alt=\"\" title=\"Gikas Hardouvelis, speaker at \u201cFrancophone Business Forum Conference\u201d, October 23, 2014, Athens, Greece\" srcset=\"https:\/\/hardouvelis.gr\/wp-content\/uploads\/2021\/05\/forum-economique-francophone-oct-23-2014.jpg 622w, https:\/\/hardouvelis.gr\/wp-content\/uploads\/2021\/05\/forum-economique-francophone-oct-23-2014-300x204.jpg 300w\" sizes=\"auto, (max-width: 622px) 100vw, 622px\" \/>\t\t\t\t\t\t\t\t\n\n\t\t\t\t\t\t\t\t\t\t\t\t\t\t\t<\/a>\n\t\t\t\t\t\t\t\t\t\t\t\t<\/div>\n\t\t\t\t\t\t\t\t\t\t\t<div class=\"wd-gallery-item\">\n\t\t\t\t\t\t\t\t\t\t\t\t\t\t<a href=\"https:\/\/hardouvelis.gr\/wp-content\/uploads\/2021\/05\/GH-forum-economique-francophone-oct-23-2014.jpg\" data-elementor-open-lightbox=\"no\" data-index=\"30\" data-width=\"958\" data-height=\"598\"  title=\"Gikas Hardouvelis, speaker at \u201cFrancophone Business Forum Conference\u201d, October 23, 2014, Athens, Greece\">\n\t\t\t\t\t\t\t\t\n\t\t\t\t\t\t\t\t\t\t\t\t\t\t\t\t\t<img loading=\"lazy\" decoding=\"async\" width=\"958\" height=\"598\" src=\"https:\/\/hardouvelis.gr\/wp-content\/uploads\/2021\/05\/GH-forum-economique-francophone-oct-23-2014.jpg\" class=\"wd-gallery-image image-30 attachment-full\" alt=\"\" title=\"Gikas Hardouvelis, speaker at \u201cFrancophone Business Forum Conference\u201d, October 23, 2014, Athens, Greece\" srcset=\"https:\/\/hardouvelis.gr\/wp-content\/uploads\/2021\/05\/GH-forum-economique-francophone-oct-23-2014.jpg 958w, https:\/\/hardouvelis.gr\/wp-content\/uploads\/2021\/05\/GH-forum-economique-francophone-oct-23-2014-300x187.jpg 300w, https:\/\/hardouvelis.gr\/wp-content\/uploads\/2021\/05\/GH-forum-economique-francophone-oct-23-2014-768x479.jpg 768w\" sizes=\"auto, (max-width: 958px) 100vw, 958px\" \/>\t\t\t\t\t\t\t\t\n\n\t\t\t\t\t\t\t\t\t\t\t\t\t\t\t<\/a>\n\t\t\t\t\t\t\t\t\t\t\t\t<\/div>\n\t\t\t\t\t\t\t\t\t\t\t<div class=\"wd-gallery-item\">\n\t\t\t\t\t\t\t\t\t\t\t\t\t\t<a href=\"https:\/\/hardouvelis.gr\/wp-content\/uploads\/2017\/12\/140113_Book_Presentation_1.jpg\" data-elementor-open-lightbox=\"no\" data-index=\"31\" data-width=\"500\" data-height=\"333\"  title=\"Book Presentation, January 13, 2014\">\n\t\t\t\t\t\t\t\t\n\t\t\t\t\t\t\t\t\t\t\t\t\t\t\t\t\t<img loading=\"lazy\" decoding=\"async\" width=\"500\" height=\"333\" src=\"https:\/\/hardouvelis.gr\/wp-content\/uploads\/2017\/12\/140113_Book_Presentation_1.jpg\" class=\"wd-gallery-image image-31 attachment-full\" alt=\"\" title=\"Book Presentation, January 13, 2014\" srcset=\"https:\/\/hardouvelis.gr\/wp-content\/uploads\/2017\/12\/140113_Book_Presentation_1.jpg 500w, https:\/\/hardouvelis.gr\/wp-content\/uploads\/2017\/12\/140113_Book_Presentation_1-300x200.jpg 300w, https:\/\/hardouvelis.gr\/wp-content\/uploads\/2017\/12\/140113_Book_Presentation_1-272x182.jpg 272w\" sizes=\"auto, (max-width: 500px) 100vw, 500px\" \/>\t\t\t\t\t\t\t\t\n\n\t\t\t\t\t\t\t\t\t\t\t\t\t\t\t<\/a>\n\t\t\t\t\t\t\t\t\t\t\t\t<\/div>\n\t\t\t\t\t\t\t\t\t\t\t<div class=\"wd-gallery-item\">\n\t\t\t\t\t\t\t\t\t\t\t\t\t\t<a href=\"https:\/\/hardouvelis.gr\/wp-content\/uploads\/2017\/12\/140113_Book_Presentation_3.jpg\" data-elementor-open-lightbox=\"no\" data-index=\"32\" data-width=\"500\" data-height=\"333\"  title=\"Elena Panayotarea\u2019s Book Presentation: \u201cGreece in the Euro: Economic Delinquency or System Failure?\u201d, January 13, 2014, Athens, Greece (from left) Loukas Tsoukalis, Elena Panayotarea, Kyriakos Mitsotakis, Gikas Hardouvelis\">\n\t\t\t\t\t\t\t\t\n\t\t\t\t\t\t\t\t\t\t\t\t\t\t\t\t\t<img loading=\"lazy\" decoding=\"async\" width=\"500\" height=\"333\" src=\"https:\/\/hardouvelis.gr\/wp-content\/uploads\/2017\/12\/140113_Book_Presentation_3.jpg\" class=\"wd-gallery-image image-32 attachment-full\" alt=\"\" title=\"Elena Panayotarea\u2019s Book Presentation: \u201cGreece in the Euro: Economic Delinquency or System Failure?\u201d, January 13, 2014, Athens, Greece (from left) Loukas Tsoukalis, Elena Panayotarea, Kyriakos Mitsotakis, Gikas Hardouvelis\" srcset=\"https:\/\/hardouvelis.gr\/wp-content\/uploads\/2017\/12\/140113_Book_Presentation_3.jpg 500w, https:\/\/hardouvelis.gr\/wp-content\/uploads\/2017\/12\/140113_Book_Presentation_3-300x200.jpg 300w, https:\/\/hardouvelis.gr\/wp-content\/uploads\/2017\/12\/140113_Book_Presentation_3-272x182.jpg 272w\" sizes=\"auto, (max-width: 500px) 100vw, 500px\" \/>\t\t\t\t\t\t\t\t\n\n\t\t\t\t\t\t\t\t\t\t\t\t\t\t\t<\/a>\n\t\t\t\t\t\t\t\t\t\t\t\t<\/div>\n\t\t\t\t\t\t\t\t\t\t\t<div class=\"wd-gallery-item\">\n\t\t\t\t\t\t\t\t\t\t\t\t\t\t<a href=\"https:\/\/hardouvelis.gr\/wp-content\/uploads\/2017\/12\/140113_Book_Presentation_4.jpg\" data-elementor-open-lightbox=\"no\" data-index=\"33\" data-width=\"500\" data-height=\"333\"  title=\"Elena Panayotarea\u2019s Book Presentation: \u201cGreece in the Euro: Economic Delinquency or System Failure?\u201d, January 13, 2014, Athens, Greece (from left) Kyriakos Mitsotakis, Gikas Hardouvelis\">\n\t\t\t\t\t\t\t\t\n\t\t\t\t\t\t\t\t\t\t\t\t\t\t\t\t\t<img loading=\"lazy\" decoding=\"async\" width=\"500\" height=\"333\" src=\"https:\/\/hardouvelis.gr\/wp-content\/uploads\/2017\/12\/140113_Book_Presentation_4.jpg\" class=\"wd-gallery-image image-33 attachment-full\" alt=\"\" title=\"Elena Panayotarea\u2019s Book Presentation: \u201cGreece in the Euro: Economic Delinquency or System Failure?\u201d, January 13, 2014, Athens, Greece (from left) Kyriakos Mitsotakis, Gikas Hardouvelis\" srcset=\"https:\/\/hardouvelis.gr\/wp-content\/uploads\/2017\/12\/140113_Book_Presentation_4.jpg 500w, https:\/\/hardouvelis.gr\/wp-content\/uploads\/2017\/12\/140113_Book_Presentation_4-300x200.jpg 300w, https:\/\/hardouvelis.gr\/wp-content\/uploads\/2017\/12\/140113_Book_Presentation_4-272x182.jpg 272w\" sizes=\"auto, (max-width: 500px) 100vw, 500px\" \/>\t\t\t\t\t\t\t\t\n\n\t\t\t\t\t\t\t\t\t\t\t\t\t\t\t<\/a>\n\t\t\t\t\t\t\t\t\t\t\t\t<\/div>\n\t\t\t\t\t\t\t\t\t\t\t\t<\/div>\n\t\t<\/div>\n\t\t\t\t[\/vc_tta_section][vc_tta_section title=&#8221;2013&#8243; tab_id=&#8221;1684152633405-ba198a14-e889&#8243;]\t\t<div id=\"gallery_313\" class=\"wd-images-gallery wd-rs-6462214ba2c1c wd-justify-center wd-items-middle view-justified photoswipe-images\" >\n\t\t\t<div class=\"gallery-images\">\n\t\t\t\t\t\t\t\t\t\t\t\t\t\t\t<div class=\"wd-gallery-item\">\n\t\t\t\t\t\t\t\t\t\t\t\t\t\t<a href=\"https:\/\/hardouvelis.gr\/wp-content\/uploads\/2021\/04\/Gikas-Hardouvelis-with-Michael-Bloomberg-Yiannos_Grammatidis-left-and-Socrates-Lazaridis-right-New-York-City-June-6-2013.jpg\" data-elementor-open-lightbox=\"no\" data-index=\"1\" data-width=\"2592\" data-height=\"1936\"  title=\"Gikas Hardouvelis with Michael Bloomberg, Mayor of New York City, Yiannos Gramatidis, Chairman of American-Hellenic Chamber of Commerce (left) and Socrates Lazaridis, Chairman of the Athens Stock Exchange (right) at  the 2nd Greek Investment Forum, on June 6, 2013, in New York City, USA\">\n\t\t\t\t\t\t\t\t\n\t\t\t\t\t\t\t\t\t\t\t\t\t\t\t\t\t<img loading=\"lazy\" decoding=\"async\" width=\"2592\" height=\"1936\" src=\"https:\/\/hardouvelis.gr\/wp-content\/uploads\/2021\/04\/Gikas-Hardouvelis-with-Michael-Bloomberg-Yiannos_Grammatidis-left-and-Socrates-Lazaridis-right-New-York-City-June-6-2013.jpg\" class=\"wd-gallery-image image-1 attachment-full\" alt=\"\" title=\"Gikas Hardouvelis with Michael Bloomberg, Mayor of New York City, Yiannos Gramatidis, Chairman of American-Hellenic Chamber of Commerce (left) and Socrates Lazaridis, Chairman of the Athens Stock Exchange (right) at  the 2nd Greek Investment Forum, on June 6, 2013, in New York City, USA\" srcset=\"https:\/\/hardouvelis.gr\/wp-content\/uploads\/2021\/04\/Gikas-Hardouvelis-with-Michael-Bloomberg-Yiannos_Grammatidis-left-and-Socrates-Lazaridis-right-New-York-City-June-6-2013.jpg 2592w, https:\/\/hardouvelis.gr\/wp-content\/uploads\/2021\/04\/Gikas-Hardouvelis-with-Michael-Bloomberg-Yiannos_Grammatidis-left-and-Socrates-Lazaridis-right-New-York-City-June-6-2013-300x224.jpg 300w, https:\/\/hardouvelis.gr\/wp-content\/uploads\/2021\/04\/Gikas-Hardouvelis-with-Michael-Bloomberg-Yiannos_Grammatidis-left-and-Socrates-Lazaridis-right-New-York-City-June-6-2013-768x574.jpg 768w, https:\/\/hardouvelis.gr\/wp-content\/uploads\/2021\/04\/Gikas-Hardouvelis-with-Michael-Bloomberg-Yiannos_Grammatidis-left-and-Socrates-Lazaridis-right-New-York-City-June-6-2013-1024x765.jpg 1024w, https:\/\/hardouvelis.gr\/wp-content\/uploads\/2021\/04\/Gikas-Hardouvelis-with-Michael-Bloomberg-Yiannos_Grammatidis-left-and-Socrates-Lazaridis-right-New-York-City-June-6-2013-250x188.jpg 250w\" sizes=\"auto, (max-width: 2592px) 100vw, 2592px\" \/>\t\t\t\t\t\t\t\t\n\n\t\t\t\t\t\t\t\t\t\t\t\t\t\t\t<\/a>\n\t\t\t\t\t\t\t\t\t\t\t\t<\/div>\n\t\t\t\t\t\t\t\t\t\t\t<div class=\"wd-gallery-item\">\n\t\t\t\t\t\t\t\t\t\t\t\t\t\t<a href=\"https:\/\/hardouvelis.gr\/wp-content\/uploads\/2021\/04\/Gikas-Hardouvelis_speaks.jpg\" data-elementor-open-lightbox=\"no\" data-index=\"2\" data-width=\"1024\" data-height=\"681\"  title=\"Gikas Hardouvelis, speaker at the 2nd Greek Investment Forum in NYC, on June 5, 2013, in New York City, USA\">\n\t\t\t\t\t\t\t\t\n\t\t\t\t\t\t\t\t\t\t\t\t\t\t\t\t\t<img loading=\"lazy\" decoding=\"async\" width=\"1024\" height=\"681\" src=\"https:\/\/hardouvelis.gr\/wp-content\/uploads\/2021\/04\/Gikas-Hardouvelis_speaks.jpg\" class=\"wd-gallery-image image-2 attachment-full\" alt=\"\" title=\"Gikas Hardouvelis, speaker at the 2nd Greek Investment Forum in NYC, on June 5, 2013, in New York City, USA\" srcset=\"https:\/\/hardouvelis.gr\/wp-content\/uploads\/2021\/04\/Gikas-Hardouvelis_speaks.jpg 1024w, https:\/\/hardouvelis.gr\/wp-content\/uploads\/2021\/04\/Gikas-Hardouvelis_speaks-300x200.jpg 300w, https:\/\/hardouvelis.gr\/wp-content\/uploads\/2021\/04\/Gikas-Hardouvelis_speaks-768x511.jpg 768w, https:\/\/hardouvelis.gr\/wp-content\/uploads\/2021\/04\/Gikas-Hardouvelis_speaks-272x182.jpg 272w\" sizes=\"auto, (max-width: 1024px) 100vw, 1024px\" \/>\t\t\t\t\t\t\t\t\n\n\t\t\t\t\t\t\t\t\t\t\t\t\t\t\t<\/a>\n\t\t\t\t\t\t\t\t\t\t\t\t<\/div>\n\t\t\t\t\t\t\t\t\t\t\t<div class=\"wd-gallery-item\">\n\t\t\t\t\t\t\t\t\t\t\t\t\t\t<a href=\"https:\/\/hardouvelis.gr\/wp-content\/uploads\/2021\/04\/June-5-2013-New-York-City-Conference-on-Greek-capital-markets-Gikas-Hardouvelis_Dan-Antonuci_CHERYL-CASONE.jpg\" data-elementor-open-lightbox=\"no\" data-index=\"3\" data-width=\"1024\" data-height=\"681\"  title=\"Gikas Hardouvelis, speaker at the 2nd Greek Investment Forum, with Dan Antonuci and Cheryl Casone, on June 5, 2013, in New York City, USA\">\n\t\t\t\t\t\t\t\t\n\t\t\t\t\t\t\t\t\t\t\t\t\t\t\t\t\t<img loading=\"lazy\" decoding=\"async\" width=\"1024\" height=\"681\" src=\"https:\/\/hardouvelis.gr\/wp-content\/uploads\/2021\/04\/June-5-2013-New-York-City-Conference-on-Greek-capital-markets-Gikas-Hardouvelis_Dan-Antonuci_CHERYL-CASONE.jpg\" class=\"wd-gallery-image image-3 attachment-full\" alt=\"\" title=\"Gikas Hardouvelis, speaker at the 2nd Greek Investment Forum, with Dan Antonuci and Cheryl Casone, on June 5, 2013, in New York City, USA\" srcset=\"https:\/\/hardouvelis.gr\/wp-content\/uploads\/2021\/04\/June-5-2013-New-York-City-Conference-on-Greek-capital-markets-Gikas-Hardouvelis_Dan-Antonuci_CHERYL-CASONE.jpg 1024w, https:\/\/hardouvelis.gr\/wp-content\/uploads\/2021\/04\/June-5-2013-New-York-City-Conference-on-Greek-capital-markets-Gikas-Hardouvelis_Dan-Antonuci_CHERYL-CASONE-300x200.jpg 300w, https:\/\/hardouvelis.gr\/wp-content\/uploads\/2021\/04\/June-5-2013-New-York-City-Conference-on-Greek-capital-markets-Gikas-Hardouvelis_Dan-Antonuci_CHERYL-CASONE-768x511.jpg 768w, https:\/\/hardouvelis.gr\/wp-content\/uploads\/2021\/04\/June-5-2013-New-York-City-Conference-on-Greek-capital-markets-Gikas-Hardouvelis_Dan-Antonuci_CHERYL-CASONE-272x182.jpg 272w\" sizes=\"auto, (max-width: 1024px) 100vw, 1024px\" \/>\t\t\t\t\t\t\t\t\n\n\t\t\t\t\t\t\t\t\t\t\t\t\t\t\t<\/a>\n\t\t\t\t\t\t\t\t\t\t\t\t<\/div>\n\t\t\t\t\t\t\t\t\t\t\t<div class=\"wd-gallery-item\">\n\t\t\t\t\t\t\t\t\t\t\t\t\t\t<a href=\"https:\/\/hardouvelis.gr\/wp-content\/uploads\/2021\/04\/2013-July-4th-celebration-with-American-Ambassador-his-spouse.jpg\" data-elementor-open-lightbox=\"no\" data-index=\"4\" data-width=\"640\" data-height=\"427\"  title=\"With Daniel Bennett Smith, the U.S. Ambassador to Greece, and his spouse during the July 4th Celebration at the US Embassy in Athens, on July 2, 2013, in Athens, Greece\">\n\t\t\t\t\t\t\t\t\n\t\t\t\t\t\t\t\t\t\t\t\t\t\t\t\t\t<img loading=\"lazy\" decoding=\"async\" width=\"640\" height=\"427\" src=\"https:\/\/hardouvelis.gr\/wp-content\/uploads\/2021\/04\/2013-July-4th-celebration-with-American-Ambassador-his-spouse.jpg\" class=\"wd-gallery-image image-4 attachment-full\" alt=\"\" title=\"With Daniel Bennett Smith, the U.S. Ambassador to Greece, and his spouse during the July 4th Celebration at the US Embassy in Athens, on July 2, 2013, in Athens, Greece\" srcset=\"https:\/\/hardouvelis.gr\/wp-content\/uploads\/2021\/04\/2013-July-4th-celebration-with-American-Ambassador-his-spouse.jpg 640w, https:\/\/hardouvelis.gr\/wp-content\/uploads\/2021\/04\/2013-July-4th-celebration-with-American-Ambassador-his-spouse-300x200.jpg 300w, https:\/\/hardouvelis.gr\/wp-content\/uploads\/2021\/04\/2013-July-4th-celebration-with-American-Ambassador-his-spouse-272x182.jpg 272w\" sizes=\"auto, (max-width: 640px) 100vw, 640px\" \/>\t\t\t\t\t\t\t\t\n\n\t\t\t\t\t\t\t\t\t\t\t\t\t\t\t<\/a>\n\t\t\t\t\t\t\t\t\t\t\t\t<\/div>\n\t\t\t\t\t\t\t\t\t\t\t<div class=\"wd-gallery-item\">\n\t\t\t\t\t\t\t\t\t\t\t\t\t\t<a href=\"https:\/\/hardouvelis.gr\/wp-content\/uploads\/2021\/04\/Nov-21-2013-Eurobank-Cyprus-conference-_M.Louis_G.Hardouvelis_Ch.Megalou_F.Karavias.jpg\" data-elementor-open-lightbox=\"no\" data-index=\"5\" data-width=\"2848\" data-height=\"3108\"  title=\"Eurobank Cyprus Conference with Eurobank executives, (from left) M. Louis, G. Hardouvelis, Ch. Megalou, F. Karavias, on November 21, 2013,  in Nicosia, Cyprus\">\n\t\t\t\t\t\t\t\t\n\t\t\t\t\t\t\t\t\t\t\t\t\t\t\t\t\t<img loading=\"lazy\" decoding=\"async\" width=\"2848\" height=\"3108\" src=\"https:\/\/hardouvelis.gr\/wp-content\/uploads\/2021\/04\/Nov-21-2013-Eurobank-Cyprus-conference-_M.Louis_G.Hardouvelis_Ch.Megalou_F.Karavias.jpg\" class=\"wd-gallery-image image-5 attachment-full\" alt=\"\" title=\"Eurobank Cyprus Conference with Eurobank executives, (from left) M. Louis, G. Hardouvelis, Ch. Megalou, F. Karavias, on November 21, 2013,  in Nicosia, Cyprus\" srcset=\"https:\/\/hardouvelis.gr\/wp-content\/uploads\/2021\/04\/Nov-21-2013-Eurobank-Cyprus-conference-_M.Louis_G.Hardouvelis_Ch.Megalou_F.Karavias.jpg 2848w, https:\/\/hardouvelis.gr\/wp-content\/uploads\/2021\/04\/Nov-21-2013-Eurobank-Cyprus-conference-_M.Louis_G.Hardouvelis_Ch.Megalou_F.Karavias-275x300.jpg 275w, https:\/\/hardouvelis.gr\/wp-content\/uploads\/2021\/04\/Nov-21-2013-Eurobank-Cyprus-conference-_M.Louis_G.Hardouvelis_Ch.Megalou_F.Karavias-768x838.jpg 768w, https:\/\/hardouvelis.gr\/wp-content\/uploads\/2021\/04\/Nov-21-2013-Eurobank-Cyprus-conference-_M.Louis_G.Hardouvelis_Ch.Megalou_F.Karavias-938x1024.jpg 938w\" sizes=\"auto, (max-width: 2848px) 100vw, 2848px\" \/>\t\t\t\t\t\t\t\t\n\n\t\t\t\t\t\t\t\t\t\t\t\t\t\t\t<\/a>\n\t\t\t\t\t\t\t\t\t\t\t\t<\/div>\n\t\t\t\t\t\t\t\t\t\t\t<div class=\"wd-gallery-item\">\n\t\t\t\t\t\t\t\t\t\t\t\t\t\t<a href=\"https:\/\/hardouvelis.gr\/wp-content\/uploads\/2021\/04\/May-23-24-2013-Bank-of-Greece-conference-on-the-Crisis.jpg\" data-elementor-open-lightbox=\"no\" data-index=\"6\" data-width=\"4032\" data-height=\"3024\"  title=\"Conference, entitled: \u201cThe Crisis in the Euro Area,\u201d organized by the Bank of Greece. Group photo with conference speakers and discussants. May 23-24, 2013, Athens, Greece\">\n\t\t\t\t\t\t\t\t\n\t\t\t\t\t\t\t\t\t\t\t\t\t\t\t\t\t<img loading=\"lazy\" decoding=\"async\" width=\"4032\" height=\"3024\" src=\"https:\/\/hardouvelis.gr\/wp-content\/uploads\/2021\/04\/May-23-24-2013-Bank-of-Greece-conference-on-the-Crisis.jpg\" class=\"wd-gallery-image image-6 attachment-full\" alt=\"\" title=\"Conference, entitled: \u201cThe Crisis in the Euro Area,\u201d organized by the Bank of Greece. Group photo with conference speakers and discussants. May 23-24, 2013, Athens, Greece\" srcset=\"https:\/\/hardouvelis.gr\/wp-content\/uploads\/2021\/04\/May-23-24-2013-Bank-of-Greece-conference-on-the-Crisis.jpg 4032w, https:\/\/hardouvelis.gr\/wp-content\/uploads\/2021\/04\/May-23-24-2013-Bank-of-Greece-conference-on-the-Crisis-300x225.jpg 300w, https:\/\/hardouvelis.gr\/wp-content\/uploads\/2021\/04\/May-23-24-2013-Bank-of-Greece-conference-on-the-Crisis-768x576.jpg 768w, https:\/\/hardouvelis.gr\/wp-content\/uploads\/2021\/04\/May-23-24-2013-Bank-of-Greece-conference-on-the-Crisis-1024x768.jpg 1024w, https:\/\/hardouvelis.gr\/wp-content\/uploads\/2021\/04\/May-23-24-2013-Bank-of-Greece-conference-on-the-Crisis-350x263.jpg 350w, https:\/\/hardouvelis.gr\/wp-content\/uploads\/2021\/04\/May-23-24-2013-Bank-of-Greece-conference-on-the-Crisis-780x586.jpg 780w, https:\/\/hardouvelis.gr\/wp-content\/uploads\/2021\/04\/May-23-24-2013-Bank-of-Greece-conference-on-the-Crisis-250x188.jpg 250w\" sizes=\"auto, (max-width: 4032px) 100vw, 4032px\" \/>\t\t\t\t\t\t\t\t\n\n\t\t\t\t\t\t\t\t\t\t\t\t\t\t\t<\/a>\n\t\t\t\t\t\t\t\t\t\t\t\t<\/div>\n\t\t\t\t\t\t\t\t\t\t\t<div class=\"wd-gallery-item\">\n\t\t\t\t\t\t\t\t\t\t\t\t\t\t<a href=\"https:\/\/hardouvelis.gr\/wp-content\/uploads\/2021\/04\/Jan-9-2013-with-Eurobank-Research-Team.jpg\" data-elementor-open-lightbox=\"no\" data-index=\"7\" data-width=\"2592\" data-height=\"1936\"  title=\"With Eurobank Research Team, on January 9, 2013, in Athens, Greece\">\n\t\t\t\t\t\t\t\t\n\t\t\t\t\t\t\t\t\t\t\t\t\t\t\t\t\t<img loading=\"lazy\" decoding=\"async\" width=\"2592\" height=\"1936\" src=\"https:\/\/hardouvelis.gr\/wp-content\/uploads\/2021\/04\/Jan-9-2013-with-Eurobank-Research-Team.jpg\" class=\"wd-gallery-image image-7 attachment-full\" alt=\"\" title=\"With Eurobank Research Team, on January 9, 2013, in Athens, Greece\" srcset=\"https:\/\/hardouvelis.gr\/wp-content\/uploads\/2021\/04\/Jan-9-2013-with-Eurobank-Research-Team.jpg 2592w, https:\/\/hardouvelis.gr\/wp-content\/uploads\/2021\/04\/Jan-9-2013-with-Eurobank-Research-Team-300x224.jpg 300w, https:\/\/hardouvelis.gr\/wp-content\/uploads\/2021\/04\/Jan-9-2013-with-Eurobank-Research-Team-768x574.jpg 768w, https:\/\/hardouvelis.gr\/wp-content\/uploads\/2021\/04\/Jan-9-2013-with-Eurobank-Research-Team-1024x765.jpg 1024w, https:\/\/hardouvelis.gr\/wp-content\/uploads\/2021\/04\/Jan-9-2013-with-Eurobank-Research-Team-250x188.jpg 250w\" sizes=\"auto, (max-width: 2592px) 100vw, 2592px\" \/>\t\t\t\t\t\t\t\t\n\n\t\t\t\t\t\t\t\t\t\t\t\t\t\t\t<\/a>\n\t\t\t\t\t\t\t\t\t\t\t\t<\/div>\n\t\t\t\t\t\t\t\t\t\t\t\t<\/div>\n\t\t<\/div>\n\t\t\t\t[\/vc_tta_section][vc_tta_section title=&#8221;2012&#8243; tab_id=&#8221;1684152717336-26e0236c-0f3d&#8221;]\t\t<div id=\"gallery_971\" class=\"wd-images-gallery wd-rs-646221a294070 wd-justify-center wd-items-middle view-justified photoswipe-images\" >\n\t\t\t<div class=\"gallery-images\">\n\t\t\t\t\t\t\t\t\t\t\t\t\t\t\t<div class=\"wd-gallery-item\">\n\t\t\t\t\t\t\t\t\t\t\t\t\t\t<a href=\"https:\/\/hardouvelis.gr\/wp-content\/uploads\/2021\/04\/Nov-1-2012-MEGARONPLUS-Eurobank-event-with-J-Pisani-Ferry-and-M-Pigasse.jpg\" data-elementor-open-lightbox=\"no\" data-index=\"1\" data-width=\"792\" data-height=\"419\"  title=\"Conference entitled: \u201cEurope, Eurozone and Greece: from crisis to growth\u201d; organized by Megaron Plus and Eurobank. Speakers (from left), Gikas Hardouvelis, Jean Pisani-Ferry, Mathieu Pigasse, and Nikos Karamouzis, on November 1, 2012, at the Megaron Music Hall, in Athens, Greece \u00a9Haris Akriviadis\">\n\t\t\t\t\t\t\t\t\n\t\t\t\t\t\t\t\t\t\t\t\t\t\t\t\t\t<img loading=\"lazy\" decoding=\"async\" width=\"792\" height=\"419\" src=\"https:\/\/hardouvelis.gr\/wp-content\/uploads\/2021\/04\/Nov-1-2012-MEGARONPLUS-Eurobank-event-with-J-Pisani-Ferry-and-M-Pigasse.jpg\" class=\"wd-gallery-image image-1 attachment-full\" alt=\"\" title=\"Conference entitled: \u201cEurope, Eurozone and Greece: from crisis to growth\u201d; organized by Megaron Plus and Eurobank. Speakers (from left), Gikas Hardouvelis, Jean Pisani-Ferry, Mathieu Pigasse, and Nikos Karamouzis, on November 1, 2012, at the Megaron Music Hall, in Athens, Greece \u00a9Haris Akriviadis\" srcset=\"https:\/\/hardouvelis.gr\/wp-content\/uploads\/2021\/04\/Nov-1-2012-MEGARONPLUS-Eurobank-event-with-J-Pisani-Ferry-and-M-Pigasse.jpg 792w, https:\/\/hardouvelis.gr\/wp-content\/uploads\/2021\/04\/Nov-1-2012-MEGARONPLUS-Eurobank-event-with-J-Pisani-Ferry-and-M-Pigasse-300x159.jpg 300w, https:\/\/hardouvelis.gr\/wp-content\/uploads\/2021\/04\/Nov-1-2012-MEGARONPLUS-Eurobank-event-with-J-Pisani-Ferry-and-M-Pigasse-768x406.jpg 768w\" sizes=\"auto, (max-width: 792px) 100vw, 792px\" \/>\t\t\t\t\t\t\t\t\n\n\t\t\t\t\t\t\t\t\t\t\t\t\t\t\t<\/a>\n\t\t\t\t\t\t\t\t\t\t\t\t<\/div>\n\t\t\t\t\t\t\t\t\t\t\t<div class=\"wd-gallery-item\">\n\t\t\t\t\t\t\t\t\t\t\t\t\t\t<a href=\"https:\/\/hardouvelis.gr\/wp-content\/uploads\/2021\/04\/DSC00147.jpg\" data-elementor-open-lightbox=\"no\" data-index=\"2\" data-width=\"4608\" data-height=\"3456\"  title=\"At the IESE Business School, in Barcelona, with Professor Xavier Vives, on June 27, 2012\">\n\t\t\t\t\t\t\t\t\n\t\t\t\t\t\t\t\t\t\t\t\t\t\t\t\t\t<img loading=\"lazy\" decoding=\"async\" width=\"4608\" height=\"3456\" src=\"https:\/\/hardouvelis.gr\/wp-content\/uploads\/2021\/04\/DSC00147.jpg\" class=\"wd-gallery-image image-2 attachment-full\" alt=\"\" title=\"At the IESE Business School, in Barcelona, with Professor Xavier Vives, on June 27, 2012\" srcset=\"https:\/\/hardouvelis.gr\/wp-content\/uploads\/2021\/04\/DSC00147.jpg 4608w, https:\/\/hardouvelis.gr\/wp-content\/uploads\/2021\/04\/DSC00147-300x225.jpg 300w, https:\/\/hardouvelis.gr\/wp-content\/uploads\/2021\/04\/DSC00147-768x576.jpg 768w, https:\/\/hardouvelis.gr\/wp-content\/uploads\/2021\/04\/DSC00147-1024x768.jpg 1024w, https:\/\/hardouvelis.gr\/wp-content\/uploads\/2021\/04\/DSC00147-350x263.jpg 350w, https:\/\/hardouvelis.gr\/wp-content\/uploads\/2021\/04\/DSC00147-780x586.jpg 780w, https:\/\/hardouvelis.gr\/wp-content\/uploads\/2021\/04\/DSC00147-250x188.jpg 250w\" sizes=\"auto, (max-width: 4608px) 100vw, 4608px\" \/>\t\t\t\t\t\t\t\t\n\n\t\t\t\t\t\t\t\t\t\t\t\t\t\t\t<\/a>\n\t\t\t\t\t\t\t\t\t\t\t\t<\/div>\n\t\t\t\t\t\t\t\t\t\t\t<div class=\"wd-gallery-item\">\n\t\t\t\t\t\t\t\t\t\t\t\t\t\t<a href=\"https:\/\/hardouvelis.gr\/wp-content\/uploads\/2021\/04\/DSC00160.jpg\" data-elementor-open-lightbox=\"no\" data-index=\"3\" data-width=\"4608\" data-height=\"3456\"  title=\"1.5\tGikas Hardouvelis during his lecture: \u201cGREXIT: A possibility that carries significant costs\u201d, with Professors Xavier Vives and Morten Olsen, on June 27, 2012, at the IESE Business School, in Barcelona, Spain\">\n\t\t\t\t\t\t\t\t\n\t\t\t\t\t\t\t\t\t\t\t\t\t\t\t\t\t<img loading=\"lazy\" decoding=\"async\" width=\"4608\" height=\"3456\" src=\"https:\/\/hardouvelis.gr\/wp-content\/uploads\/2021\/04\/DSC00160.jpg\" class=\"wd-gallery-image image-3 attachment-full\" alt=\"\" title=\"1.5\tGikas Hardouvelis during his lecture: \u201cGREXIT: A possibility that carries significant costs\u201d, with Professors Xavier Vives and Morten Olsen, on June 27, 2012, at the IESE Business School, in Barcelona, Spain\" srcset=\"https:\/\/hardouvelis.gr\/wp-content\/uploads\/2021\/04\/DSC00160.jpg 4608w, https:\/\/hardouvelis.gr\/wp-content\/uploads\/2021\/04\/DSC00160-300x225.jpg 300w, https:\/\/hardouvelis.gr\/wp-content\/uploads\/2021\/04\/DSC00160-768x576.jpg 768w, https:\/\/hardouvelis.gr\/wp-content\/uploads\/2021\/04\/DSC00160-1024x768.jpg 1024w, https:\/\/hardouvelis.gr\/wp-content\/uploads\/2021\/04\/DSC00160-350x263.jpg 350w, https:\/\/hardouvelis.gr\/wp-content\/uploads\/2021\/04\/DSC00160-780x586.jpg 780w, https:\/\/hardouvelis.gr\/wp-content\/uploads\/2021\/04\/DSC00160-250x188.jpg 250w\" sizes=\"auto, (max-width: 4608px) 100vw, 4608px\" \/>\t\t\t\t\t\t\t\t\n\n\t\t\t\t\t\t\t\t\t\t\t\t\t\t\t<\/a>\n\t\t\t\t\t\t\t\t\t\t\t\t<\/div>\n\t\t\t\t\t\t\t\t\t\t\t<div class=\"wd-gallery-item\">\n\t\t\t\t\t\t\t\t\t\t\t\t\t\t<a href=\"https:\/\/hardouvelis.gr\/wp-content\/uploads\/2021\/04\/IMG_4764.jpg\" data-elementor-open-lightbox=\"no\" data-index=\"4\" data-width=\"5616\" data-height=\"3744\"  title=\"Gikas Hardouvelis, speaker at Economist Conference, entitled \u201cCredit Risk Management for Banking and Business: Finding liquidity\u201d, November 9,2012, Athens, Greece\">\n\t\t\t\t\t\t\t\t\n\t\t\t\t\t\t\t\t\t\t\t\t\t\t\t\t\t<img loading=\"lazy\" decoding=\"async\" width=\"5616\" height=\"3744\" src=\"https:\/\/hardouvelis.gr\/wp-content\/uploads\/2021\/04\/IMG_4764.jpg\" class=\"wd-gallery-image image-4 attachment-full\" alt=\"\" title=\"Gikas Hardouvelis, speaker at Economist Conference, entitled \u201cCredit Risk Management for Banking and Business: Finding liquidity\u201d, November 9,2012, Athens, Greece\" srcset=\"https:\/\/hardouvelis.gr\/wp-content\/uploads\/2021\/04\/IMG_4764.jpg 5616w, https:\/\/hardouvelis.gr\/wp-content\/uploads\/2021\/04\/IMG_4764-300x200.jpg 300w, https:\/\/hardouvelis.gr\/wp-content\/uploads\/2021\/04\/IMG_4764-768x512.jpg 768w, https:\/\/hardouvelis.gr\/wp-content\/uploads\/2021\/04\/IMG_4764-1024x683.jpg 1024w, https:\/\/hardouvelis.gr\/wp-content\/uploads\/2021\/04\/IMG_4764-272x182.jpg 272w\" sizes=\"auto, (max-width: 5616px) 100vw, 5616px\" \/>\t\t\t\t\t\t\t\t\n\n\t\t\t\t\t\t\t\t\t\t\t\t\t\t\t<\/a>\n\t\t\t\t\t\t\t\t\t\t\t\t<\/div>\n\t\t\t\t\t\t\t\t\t\t\t<div class=\"wd-gallery-item\">\n\t\t\t\t\t\t\t\t\t\t\t\t\t\t<a href=\"https:\/\/hardouvelis.gr\/wp-content\/uploads\/2021\/04\/IMG_4771.jpg\" data-elementor-open-lightbox=\"no\" data-index=\"5\" data-width=\"5616\" data-height=\"3744\"  title=\"At the Economist Conference : \u201cCredit Risk Management for Banking and Business, Finding liquidity\u201d, November 9, 2012, (from left to right), Professors Michael Jacobides, Christos Gortsos and Gikas Hardouvelis.\">\n\t\t\t\t\t\t\t\t\n\t\t\t\t\t\t\t\t\t\t\t\t\t\t\t\t\t<img loading=\"lazy\" decoding=\"async\" width=\"5616\" height=\"3744\" src=\"https:\/\/hardouvelis.gr\/wp-content\/uploads\/2021\/04\/IMG_4771.jpg\" class=\"wd-gallery-image image-5 attachment-full\" alt=\"\" title=\"At the Economist Conference : \u201cCredit Risk Management for Banking and Business, Finding liquidity\u201d, November 9, 2012, (from left to right), Professors Michael Jacobides, Christos Gortsos and Gikas Hardouvelis.\" srcset=\"https:\/\/hardouvelis.gr\/wp-content\/uploads\/2021\/04\/IMG_4771.jpg 5616w, https:\/\/hardouvelis.gr\/wp-content\/uploads\/2021\/04\/IMG_4771-300x200.jpg 300w, https:\/\/hardouvelis.gr\/wp-content\/uploads\/2021\/04\/IMG_4771-768x512.jpg 768w, https:\/\/hardouvelis.gr\/wp-content\/uploads\/2021\/04\/IMG_4771-1024x683.jpg 1024w, https:\/\/hardouvelis.gr\/wp-content\/uploads\/2021\/04\/IMG_4771-272x182.jpg 272w\" sizes=\"auto, (max-width: 5616px) 100vw, 5616px\" \/>\t\t\t\t\t\t\t\t\n\n\t\t\t\t\t\t\t\t\t\t\t\t\t\t\t<\/a>\n\t\t\t\t\t\t\t\t\t\t\t\t<\/div>\n\t\t\t\t\t\t\t\t\t\t\t<div class=\"wd-gallery-item\">\n\t\t\t\t\t\t\t\t\t\t\t\t\t\t<a href=\"https:\/\/hardouvelis.gr\/wp-content\/uploads\/2021\/05\/MG_4016.jpg\" data-elementor-open-lightbox=\"no\" data-index=\"6\" data-width=\"3504\" data-height=\"2336\"  title=\"Gikas Hardouvelis, speaker at Capital and Vision Conference, September 29, 2012, Athens Greece\">\n\t\t\t\t\t\t\t\t\n\t\t\t\t\t\t\t\t\t\t\t\t\t\t\t\t\t<img loading=\"lazy\" decoding=\"async\" width=\"3504\" height=\"2336\" src=\"https:\/\/hardouvelis.gr\/wp-content\/uploads\/2021\/05\/MG_4016.jpg\" class=\"wd-gallery-image image-6 attachment-full\" alt=\"\" title=\"Gikas Hardouvelis, speaker at Capital and Vision Conference, September 29, 2012, Athens Greece\" srcset=\"https:\/\/hardouvelis.gr\/wp-content\/uploads\/2021\/05\/MG_4016.jpg 3504w, https:\/\/hardouvelis.gr\/wp-content\/uploads\/2021\/05\/MG_4016-300x200.jpg 300w, https:\/\/hardouvelis.gr\/wp-content\/uploads\/2021\/05\/MG_4016-768x512.jpg 768w, https:\/\/hardouvelis.gr\/wp-content\/uploads\/2021\/05\/MG_4016-1024x683.jpg 1024w, https:\/\/hardouvelis.gr\/wp-content\/uploads\/2021\/05\/MG_4016-272x182.jpg 272w\" sizes=\"auto, (max-width: 3504px) 100vw, 3504px\" \/>\t\t\t\t\t\t\t\t\n\n\t\t\t\t\t\t\t\t\t\t\t\t\t\t\t<\/a>\n\t\t\t\t\t\t\t\t\t\t\t\t<\/div>\n\t\t\t\t\t\t\t\t\t\t\t<div class=\"wd-gallery-item\">\n\t\t\t\t\t\t\t\t\t\t\t\t\t\t<a href=\"https:\/\/hardouvelis.gr\/wp-content\/uploads\/2021\/04\/Oct-31-2012-ICAP-lecture.jpg\" data-elementor-open-lightbox=\"no\" data-index=\"7\" data-width=\"2247\" data-height=\"1498\"  title=\"Gikas Hardouvelis speaker at the 5th  Symposium on Credit Risk Management by ICAP. October 31, 2012, Athens, Greece\">\n\t\t\t\t\t\t\t\t\n\t\t\t\t\t\t\t\t\t\t\t\t\t\t\t\t\t<img loading=\"lazy\" decoding=\"async\" width=\"2247\" height=\"1498\" src=\"https:\/\/hardouvelis.gr\/wp-content\/uploads\/2021\/04\/Oct-31-2012-ICAP-lecture.jpg\" class=\"wd-gallery-image image-7 attachment-full\" alt=\"\" title=\"Gikas Hardouvelis speaker at the 5th  Symposium on Credit Risk Management by ICAP. October 31, 2012, Athens, Greece\" srcset=\"https:\/\/hardouvelis.gr\/wp-content\/uploads\/2021\/04\/Oct-31-2012-ICAP-lecture.jpg 2247w, https:\/\/hardouvelis.gr\/wp-content\/uploads\/2021\/04\/Oct-31-2012-ICAP-lecture-300x200.jpg 300w, https:\/\/hardouvelis.gr\/wp-content\/uploads\/2021\/04\/Oct-31-2012-ICAP-lecture-768x512.jpg 768w, https:\/\/hardouvelis.gr\/wp-content\/uploads\/2021\/04\/Oct-31-2012-ICAP-lecture-1024x683.jpg 1024w, https:\/\/hardouvelis.gr\/wp-content\/uploads\/2021\/04\/Oct-31-2012-ICAP-lecture-272x182.jpg 272w\" sizes=\"auto, (max-width: 2247px) 100vw, 2247px\" \/>\t\t\t\t\t\t\t\t\n\n\t\t\t\t\t\t\t\t\t\t\t\t\t\t\t<\/a>\n\t\t\t\t\t\t\t\t\t\t\t\t<\/div>\n\t\t\t\t\t\t\t\t\t\t\t<div class=\"wd-gallery-item\">\n\t\t\t\t\t\t\t\t\t\t\t\t\t\t<a href=\"https:\/\/hardouvelis.gr\/wp-content\/uploads\/2021\/04\/Winter-2012-with-Prime-Minister-Lucas-Papademos.jpg\" data-elementor-open-lightbox=\"no\" data-index=\"8\" data-width=\"4032\" data-height=\"3024\"  title=\"Gikas Hardouvelis with the Prime Minister Lucas Papademos, Winter 2012, Athens, Greece\">\n\t\t\t\t\t\t\t\t\n\t\t\t\t\t\t\t\t\t\t\t\t\t\t\t\t\t<img loading=\"lazy\" decoding=\"async\" width=\"4032\" height=\"3024\" src=\"https:\/\/hardouvelis.gr\/wp-content\/uploads\/2021\/04\/Winter-2012-with-Prime-Minister-Lucas-Papademos.jpg\" class=\"wd-gallery-image image-8 attachment-full\" alt=\"\" title=\"Gikas Hardouvelis with the Prime Minister Lucas Papademos, Winter 2012, Athens, Greece\" srcset=\"https:\/\/hardouvelis.gr\/wp-content\/uploads\/2021\/04\/Winter-2012-with-Prime-Minister-Lucas-Papademos.jpg 4032w, https:\/\/hardouvelis.gr\/wp-content\/uploads\/2021\/04\/Winter-2012-with-Prime-Minister-Lucas-Papademos-300x225.jpg 300w, https:\/\/hardouvelis.gr\/wp-content\/uploads\/2021\/04\/Winter-2012-with-Prime-Minister-Lucas-Papademos-768x576.jpg 768w, https:\/\/hardouvelis.gr\/wp-content\/uploads\/2021\/04\/Winter-2012-with-Prime-Minister-Lucas-Papademos-1024x768.jpg 1024w, https:\/\/hardouvelis.gr\/wp-content\/uploads\/2021\/04\/Winter-2012-with-Prime-Minister-Lucas-Papademos-350x263.jpg 350w, https:\/\/hardouvelis.gr\/wp-content\/uploads\/2021\/04\/Winter-2012-with-Prime-Minister-Lucas-Papademos-780x586.jpg 780w, https:\/\/hardouvelis.gr\/wp-content\/uploads\/2021\/04\/Winter-2012-with-Prime-Minister-Lucas-Papademos-250x188.jpg 250w\" sizes=\"auto, (max-width: 4032px) 100vw, 4032px\" \/>\t\t\t\t\t\t\t\t\n\n\t\t\t\t\t\t\t\t\t\t\t\t\t\t\t<\/a>\n\t\t\t\t\t\t\t\t\t\t\t\t<\/div>\n\t\t\t\t\t\t\t\t\t\t\t<div class=\"wd-gallery-item\">\n\t\t\t\t\t\t\t\t\t\t\t\t\t\t<a href=\"https:\/\/hardouvelis.gr\/wp-content\/uploads\/2021\/04\/May-4-2012-with-Prime-Minister-Papademos-and-the-team-of-the-Economic-Office-1.jpg\" data-elementor-open-lightbox=\"no\" data-index=\"9\" data-width=\"3397\" data-height=\"2040\"  title=\"Prime Minister Lucas Papademos with Gikas Hardouvelis, the Director of his Economic Office and the Economic Office Team, in 2012 at the Maximos Mansion, in Athens, Greece\">\n\t\t\t\t\t\t\t\t\n\t\t\t\t\t\t\t\t\t\t\t\t\t\t\t\t\t<img loading=\"lazy\" decoding=\"async\" width=\"3397\" height=\"2040\" src=\"https:\/\/hardouvelis.gr\/wp-content\/uploads\/2021\/04\/May-4-2012-with-Prime-Minister-Papademos-and-the-team-of-the-Economic-Office-1.jpg\" class=\"wd-gallery-image image-9 attachment-full\" alt=\"\" title=\"Prime Minister Lucas Papademos with Gikas Hardouvelis, the Director of his Economic Office and the Economic Office Team, in 2012 at the Maximos Mansion, in Athens, Greece\" srcset=\"https:\/\/hardouvelis.gr\/wp-content\/uploads\/2021\/04\/May-4-2012-with-Prime-Minister-Papademos-and-the-team-of-the-Economic-Office-1.jpg 3397w, https:\/\/hardouvelis.gr\/wp-content\/uploads\/2021\/04\/May-4-2012-with-Prime-Minister-Papademos-and-the-team-of-the-Economic-Office-1-300x180.jpg 300w, https:\/\/hardouvelis.gr\/wp-content\/uploads\/2021\/04\/May-4-2012-with-Prime-Minister-Papademos-and-the-team-of-the-Economic-Office-1-768x461.jpg 768w, https:\/\/hardouvelis.gr\/wp-content\/uploads\/2021\/04\/May-4-2012-with-Prime-Minister-Papademos-and-the-team-of-the-Economic-Office-1-1024x615.jpg 1024w\" sizes=\"auto, (max-width: 3397px) 100vw, 3397px\" \/>\t\t\t\t\t\t\t\t\n\n\t\t\t\t\t\t\t\t\t\t\t\t\t\t\t<\/a>\n\t\t\t\t\t\t\t\t\t\t\t\t<\/div>\n\t\t\t\t\t\t\t\t\t\t\t<div class=\"wd-gallery-item\">\n\t\t\t\t\t\t\t\t\t\t\t\t\t\t<a href=\"https:\/\/hardouvelis.gr\/wp-content\/uploads\/2021\/04\/May-4-2012-with-team-of-advisers-economists-in-PM-office-1.jpg\" data-elementor-open-lightbox=\"no\" data-index=\"10\" data-width=\"3310\" data-height=\"2472\"  title=\"Gikas Hardouvelis, Director of the Prime Minister\u2019s Economic office, with the Economic Office Team at the Maximos Mansion, 2012, Athens, Greece\">\n\t\t\t\t\t\t\t\t\n\t\t\t\t\t\t\t\t\t\t\t\t\t\t\t\t\t<img loading=\"lazy\" decoding=\"async\" width=\"3310\" height=\"2472\" src=\"https:\/\/hardouvelis.gr\/wp-content\/uploads\/2021\/04\/May-4-2012-with-team-of-advisers-economists-in-PM-office-1.jpg\" class=\"wd-gallery-image image-10 attachment-full\" alt=\"\" title=\"Gikas Hardouvelis, Director of the Prime Minister\u2019s Economic office, with the Economic Office Team at the Maximos Mansion, 2012, Athens, Greece\" srcset=\"https:\/\/hardouvelis.gr\/wp-content\/uploads\/2021\/04\/May-4-2012-with-team-of-advisers-economists-in-PM-office-1.jpg 3310w, https:\/\/hardouvelis.gr\/wp-content\/uploads\/2021\/04\/May-4-2012-with-team-of-advisers-economists-in-PM-office-1-300x224.jpg 300w, https:\/\/hardouvelis.gr\/wp-content\/uploads\/2021\/04\/May-4-2012-with-team-of-advisers-economists-in-PM-office-1-768x574.jpg 768w, https:\/\/hardouvelis.gr\/wp-content\/uploads\/2021\/04\/May-4-2012-with-team-of-advisers-economists-in-PM-office-1-1024x765.jpg 1024w, https:\/\/hardouvelis.gr\/wp-content\/uploads\/2021\/04\/May-4-2012-with-team-of-advisers-economists-in-PM-office-1-250x188.jpg 250w\" sizes=\"auto, (max-width: 3310px) 100vw, 3310px\" \/>\t\t\t\t\t\t\t\t\n\n\t\t\t\t\t\t\t\t\t\t\t\t\t\t\t<\/a>\n\t\t\t\t\t\t\t\t\t\t\t\t<\/div>\n\t\t\t\t\t\t\t\t\t\t\t<div class=\"wd-gallery-item\">\n\t\t\t\t\t\t\t\t\t\t\t\t\t\t<a href=\"https:\/\/hardouvelis.gr\/wp-content\/uploads\/2021\/04\/May-7-2012-Prime-Minister-Economic-Office-goodbye-lunch.jpg\" data-elementor-open-lightbox=\"no\" data-index=\"11\" data-width=\"4224\" data-height=\"2816\"  title=\"Gikas Hardouvelis with the Prime Minister\u2019s Economic Office Team during the goodbye lunch, on May 7, 2012, in Athens, Greece\">\n\t\t\t\t\t\t\t\t\n\t\t\t\t\t\t\t\t\t\t\t\t\t\t\t\t\t<img loading=\"lazy\" decoding=\"async\" width=\"4224\" height=\"2816\" src=\"https:\/\/hardouvelis.gr\/wp-content\/uploads\/2021\/04\/May-7-2012-Prime-Minister-Economic-Office-goodbye-lunch.jpg\" class=\"wd-gallery-image image-11 attachment-full\" alt=\"\" title=\"Gikas Hardouvelis with the Prime Minister\u2019s Economic Office Team during the goodbye lunch, on May 7, 2012, in Athens, Greece\" srcset=\"https:\/\/hardouvelis.gr\/wp-content\/uploads\/2021\/04\/May-7-2012-Prime-Minister-Economic-Office-goodbye-lunch.jpg 4224w, https:\/\/hardouvelis.gr\/wp-content\/uploads\/2021\/04\/May-7-2012-Prime-Minister-Economic-Office-goodbye-lunch-300x200.jpg 300w, https:\/\/hardouvelis.gr\/wp-content\/uploads\/2021\/04\/May-7-2012-Prime-Minister-Economic-Office-goodbye-lunch-768x512.jpg 768w, https:\/\/hardouvelis.gr\/wp-content\/uploads\/2021\/04\/May-7-2012-Prime-Minister-Economic-Office-goodbye-lunch-1024x683.jpg 1024w, https:\/\/hardouvelis.gr\/wp-content\/uploads\/2021\/04\/May-7-2012-Prime-Minister-Economic-Office-goodbye-lunch-272x182.jpg 272w\" sizes=\"auto, (max-width: 4224px) 100vw, 4224px\" \/>\t\t\t\t\t\t\t\t\n\n\t\t\t\t\t\t\t\t\t\t\t\t\t\t\t<\/a>\n\t\t\t\t\t\t\t\t\t\t\t\t<\/div>\n\t\t\t\t\t\t\t\t\t\t\t\t<\/div>\n\t\t<\/div>\n\t\t\t\t[\/vc_tta_section][vc_tta_section title=&#8221;2011&#8243; tab_id=&#8221;1684152834633-70376c9e-d91e&#8221;]\t\t<div id=\"gallery_412\" class=\"wd-images-gallery wd-rs-6462221a350e4 wd-justify-center wd-items-middle view-justified photoswipe-images\" >\n\t\t\t<div class=\"gallery-images\">\n\t\t\t\t\t\t\t\t\t\t\t\t\t\t\t<div class=\"wd-gallery-item\">\n\t\t\t\t\t\t\t\t\t\t\t\t\t\t<a href=\"https:\/\/hardouvelis.gr\/wp-content\/uploads\/2021\/04\/Dec-23-2011-Maximou-from-left-Pantelis-Kapsis_Gikas-Hardouvelis_Shanna-Papademos_Prime-Minister-Lucas-Papademos.jpg\" data-elementor-open-lightbox=\"no\" data-index=\"1\" data-width=\"4896\" data-height=\"3264\"  title=\"(from left) Pantelis Kapsis, Gikas Hardouvelis, Shanna Papademos, and Prime Minister Lucas Papademos, December 23, 2011, Maximos Mansion, Athens, Greece\">\n\t\t\t\t\t\t\t\t\n\t\t\t\t\t\t\t\t\t\t\t\t\t\t\t\t\t<img loading=\"lazy\" decoding=\"async\" width=\"4896\" height=\"3264\" src=\"https:\/\/hardouvelis.gr\/wp-content\/uploads\/2021\/04\/Dec-23-2011-Maximou-from-left-Pantelis-Kapsis_Gikas-Hardouvelis_Shanna-Papademos_Prime-Minister-Lucas-Papademos.jpg\" class=\"wd-gallery-image image-1 attachment-full\" alt=\"\" title=\"(from left) Pantelis Kapsis, Gikas Hardouvelis, Shanna Papademos, and Prime Minister Lucas Papademos, December 23, 2011, Maximos Mansion, Athens, Greece\" srcset=\"https:\/\/hardouvelis.gr\/wp-content\/uploads\/2021\/04\/Dec-23-2011-Maximou-from-left-Pantelis-Kapsis_Gikas-Hardouvelis_Shanna-Papademos_Prime-Minister-Lucas-Papademos.jpg 4896w, https:\/\/hardouvelis.gr\/wp-content\/uploads\/2021\/04\/Dec-23-2011-Maximou-from-left-Pantelis-Kapsis_Gikas-Hardouvelis_Shanna-Papademos_Prime-Minister-Lucas-Papademos-300x200.jpg 300w, https:\/\/hardouvelis.gr\/wp-content\/uploads\/2021\/04\/Dec-23-2011-Maximou-from-left-Pantelis-Kapsis_Gikas-Hardouvelis_Shanna-Papademos_Prime-Minister-Lucas-Papademos-768x512.jpg 768w, https:\/\/hardouvelis.gr\/wp-content\/uploads\/2021\/04\/Dec-23-2011-Maximou-from-left-Pantelis-Kapsis_Gikas-Hardouvelis_Shanna-Papademos_Prime-Minister-Lucas-Papademos-1024x683.jpg 1024w, https:\/\/hardouvelis.gr\/wp-content\/uploads\/2021\/04\/Dec-23-2011-Maximou-from-left-Pantelis-Kapsis_Gikas-Hardouvelis_Shanna-Papademos_Prime-Minister-Lucas-Papademos-272x182.jpg 272w\" sizes=\"auto, (max-width: 4896px) 100vw, 4896px\" \/>\t\t\t\t\t\t\t\t\n\n\t\t\t\t\t\t\t\t\t\t\t\t\t\t\t<\/a>\n\t\t\t\t\t\t\t\t\t\t\t\t<\/div>\n\t\t\t\t\t\t\t\t\t\t\t<div class=\"wd-gallery-item\">\n\t\t\t\t\t\t\t\t\t\t\t\t\t\t<a href=\"https:\/\/hardouvelis.gr\/wp-content\/uploads\/2021\/04\/\u03a72641.jpg\" data-elementor-open-lightbox=\"no\" data-index=\"2\" data-width=\"4896\" data-height=\"3264\"  title=\"Christmas Carols for the  Prime Minister, Maximos Mansion, December 24, 2011, Athens, Greece\">\n\t\t\t\t\t\t\t\t\n\t\t\t\t\t\t\t\t\t\t\t\t\t\t\t\t\t<img loading=\"lazy\" decoding=\"async\" width=\"4896\" height=\"3264\" src=\"https:\/\/hardouvelis.gr\/wp-content\/uploads\/2021\/04\/\u03a72641.jpg\" class=\"wd-gallery-image image-2 attachment-full\" alt=\"\" title=\"Christmas Carols for the  Prime Minister, Maximos Mansion, December 24, 2011, Athens, Greece\" srcset=\"https:\/\/hardouvelis.gr\/wp-content\/uploads\/2021\/04\/\u03a72641.jpg 4896w, https:\/\/hardouvelis.gr\/wp-content\/uploads\/2021\/04\/\u03a72641-300x200.jpg 300w, https:\/\/hardouvelis.gr\/wp-content\/uploads\/2021\/04\/\u03a72641-768x512.jpg 768w, https:\/\/hardouvelis.gr\/wp-content\/uploads\/2021\/04\/\u03a72641-1024x683.jpg 1024w, https:\/\/hardouvelis.gr\/wp-content\/uploads\/2021\/04\/\u03a72641-272x182.jpg 272w\" sizes=\"auto, (max-width: 4896px) 100vw, 4896px\" \/>\t\t\t\t\t\t\t\t\n\n\t\t\t\t\t\t\t\t\t\t\t\t\t\t\t<\/a>\n\t\t\t\t\t\t\t\t\t\t\t\t<\/div>\n\t\t\t\t\t\t\t\t\t\t\t<div class=\"wd-gallery-item\">\n\t\t\t\t\t\t\t\t\t\t\t\t\t\t<a href=\"https:\/\/hardouvelis.gr\/wp-content\/uploads\/2021\/04\/\u03a72685.jpg\" data-elementor-open-lightbox=\"no\" data-index=\"3\" data-width=\"4896\" data-height=\"3264\"  title=\"Christmas Carols for the Prime Minister, Maximos Mansion, December 24, 2011, Athens, Greece\">\n\t\t\t\t\t\t\t\t\n\t\t\t\t\t\t\t\t\t\t\t\t\t\t\t\t\t<img loading=\"lazy\" decoding=\"async\" width=\"4896\" height=\"3264\" src=\"https:\/\/hardouvelis.gr\/wp-content\/uploads\/2021\/04\/\u03a72685.jpg\" class=\"wd-gallery-image image-3 attachment-full\" alt=\"\" title=\"Christmas Carols for the Prime Minister, Maximos Mansion, December 24, 2011, Athens, Greece\" srcset=\"https:\/\/hardouvelis.gr\/wp-content\/uploads\/2021\/04\/\u03a72685.jpg 4896w, https:\/\/hardouvelis.gr\/wp-content\/uploads\/2021\/04\/\u03a72685-300x200.jpg 300w, https:\/\/hardouvelis.gr\/wp-content\/uploads\/2021\/04\/\u03a72685-768x512.jpg 768w, https:\/\/hardouvelis.gr\/wp-content\/uploads\/2021\/04\/\u03a72685-1024x683.jpg 1024w, https:\/\/hardouvelis.gr\/wp-content\/uploads\/2021\/04\/\u03a72685-272x182.jpg 272w\" sizes=\"auto, (max-width: 4896px) 100vw, 4896px\" \/>\t\t\t\t\t\t\t\t\n\n\t\t\t\t\t\t\t\t\t\t\t\t\t\t\t<\/a>\n\t\t\t\t\t\t\t\t\t\t\t\t<\/div>\n\t\t\t\t\t\t\t\t\t\t\t<div class=\"wd-gallery-item\">\n\t\t\t\t\t\t\t\t\t\t\t\t\t\t<a href=\"https:\/\/hardouvelis.gr\/wp-content\/uploads\/2021\/04\/ONE-DAY-CRUISE-1.jpg\" data-elementor-open-lightbox=\"no\" data-index=\"4\" data-width=\"940\" data-height=\"1237\"  title=\"An excursion after an academic conference to the nearby Greek islands with  Economist Stephen Cecchetti (of Brandeis University and the Bank for International Settlements)\">\n\t\t\t\t\t\t\t\t\n\t\t\t\t\t\t\t\t\t\t\t\t\t\t\t\t\t<img loading=\"lazy\" decoding=\"async\" width=\"940\" height=\"1237\" src=\"https:\/\/hardouvelis.gr\/wp-content\/uploads\/2021\/04\/ONE-DAY-CRUISE-1.jpg\" class=\"wd-gallery-image image-4 attachment-full\" alt=\"\" title=\"An excursion after an academic conference to the nearby Greek islands with  Economist Stephen Cecchetti (of Brandeis University and the Bank for International Settlements)\" srcset=\"https:\/\/hardouvelis.gr\/wp-content\/uploads\/2021\/04\/ONE-DAY-CRUISE-1.jpg 940w, https:\/\/hardouvelis.gr\/wp-content\/uploads\/2021\/04\/ONE-DAY-CRUISE-1-228x300.jpg 228w, https:\/\/hardouvelis.gr\/wp-content\/uploads\/2021\/04\/ONE-DAY-CRUISE-1-768x1011.jpg 768w, https:\/\/hardouvelis.gr\/wp-content\/uploads\/2021\/04\/ONE-DAY-CRUISE-1-778x1024.jpg 778w\" sizes=\"auto, (max-width: 940px) 100vw, 940px\" \/>\t\t\t\t\t\t\t\t\n\n\t\t\t\t\t\t\t\t\t\t\t\t\t\t\t<\/a>\n\t\t\t\t\t\t\t\t\t\t\t\t<\/div>\n\t\t\t\t\t\t\t\t\t\t\t<div class=\"wd-gallery-item\">\n\t\t\t\t\t\t\t\t\t\t\t\t\t\t<a href=\"https:\/\/hardouvelis.gr\/wp-content\/uploads\/2021\/04\/Apr-2011-FT-Conference-Pavlos-Mylonas_Gikas-Hardouvelis.jpg\" data-elementor-open-lightbox=\"no\" data-index=\"5\" data-width=\"1024\" data-height=\"682\"  title=\"Financial Times Conference on Banking, (from left), Pavlos Milonas and Gikas Hardouvelis, April 2011\">\n\t\t\t\t\t\t\t\t\n\t\t\t\t\t\t\t\t\t\t\t\t\t\t\t\t\t<img loading=\"lazy\" decoding=\"async\" width=\"1024\" height=\"682\" src=\"https:\/\/hardouvelis.gr\/wp-content\/uploads\/2021\/04\/Apr-2011-FT-Conference-Pavlos-Mylonas_Gikas-Hardouvelis.jpg\" class=\"wd-gallery-image image-5 attachment-full\" alt=\"\" title=\"Financial Times Conference on Banking, (from left), Pavlos Milonas and Gikas Hardouvelis, April 2011\" srcset=\"https:\/\/hardouvelis.gr\/wp-content\/uploads\/2021\/04\/Apr-2011-FT-Conference-Pavlos-Mylonas_Gikas-Hardouvelis.jpg 1024w, https:\/\/hardouvelis.gr\/wp-content\/uploads\/2021\/04\/Apr-2011-FT-Conference-Pavlos-Mylonas_Gikas-Hardouvelis-300x200.jpg 300w, https:\/\/hardouvelis.gr\/wp-content\/uploads\/2021\/04\/Apr-2011-FT-Conference-Pavlos-Mylonas_Gikas-Hardouvelis-768x512.jpg 768w, https:\/\/hardouvelis.gr\/wp-content\/uploads\/2021\/04\/Apr-2011-FT-Conference-Pavlos-Mylonas_Gikas-Hardouvelis-272x182.jpg 272w\" sizes=\"auto, (max-width: 1024px) 100vw, 1024px\" \/>\t\t\t\t\t\t\t\t\n\n\t\t\t\t\t\t\t\t\t\t\t\t\t\t\t<\/a>\n\t\t\t\t\t\t\t\t\t\t\t\t<\/div>\n\t\t\t\t\t\t\t\t\t\t\t<div class=\"wd-gallery-item\">\n\t\t\t\t\t\t\t\t\t\t\t\t\t\t<a href=\"https:\/\/hardouvelis.gr\/wp-content\/uploads\/2021\/04\/July-6-2011-Hardouvelis-Gortsos-Book-Presentation-Hellenic-Bank-Association-discussion-at-NBG.jpg\" data-elementor-open-lightbox=\"no\" data-index=\"6\" data-width=\"4011\" data-height=\"2832\"  title=\"Hardouvelis on the podium during the Hardouvelis-Gortsos Book Presentation, organized by the Hellenic Bank Association at NBG, on July 6 2011, in Athens, Greece\">\n\t\t\t\t\t\t\t\t\n\t\t\t\t\t\t\t\t\t\t\t\t\t\t\t\t\t<img loading=\"lazy\" decoding=\"async\" width=\"4011\" height=\"2832\" src=\"https:\/\/hardouvelis.gr\/wp-content\/uploads\/2021\/04\/July-6-2011-Hardouvelis-Gortsos-Book-Presentation-Hellenic-Bank-Association-discussion-at-NBG.jpg\" class=\"wd-gallery-image image-6 attachment-full\" alt=\"\" title=\"Hardouvelis on the podium during the Hardouvelis-Gortsos Book Presentation, organized by the Hellenic Bank Association at NBG, on July 6 2011, in Athens, Greece\" srcset=\"https:\/\/hardouvelis.gr\/wp-content\/uploads\/2021\/04\/July-6-2011-Hardouvelis-Gortsos-Book-Presentation-Hellenic-Bank-Association-discussion-at-NBG.jpg 4011w, https:\/\/hardouvelis.gr\/wp-content\/uploads\/2021\/04\/July-6-2011-Hardouvelis-Gortsos-Book-Presentation-Hellenic-Bank-Association-discussion-at-NBG-300x212.jpg 300w, https:\/\/hardouvelis.gr\/wp-content\/uploads\/2021\/04\/July-6-2011-Hardouvelis-Gortsos-Book-Presentation-Hellenic-Bank-Association-discussion-at-NBG-768x542.jpg 768w, https:\/\/hardouvelis.gr\/wp-content\/uploads\/2021\/04\/July-6-2011-Hardouvelis-Gortsos-Book-Presentation-Hellenic-Bank-Association-discussion-at-NBG-1024x723.jpg 1024w\" sizes=\"auto, (max-width: 4011px) 100vw, 4011px\" \/>\t\t\t\t\t\t\t\t\n\n\t\t\t\t\t\t\t\t\t\t\t\t\t\t\t<\/a>\n\t\t\t\t\t\t\t\t\t\t\t\t<\/div>\n\t\t\t\t\t\t\t\t\t\t\t<div class=\"wd-gallery-item\">\n\t\t\t\t\t\t\t\t\t\t\t\t\t\t<a href=\"https:\/\/hardouvelis.gr\/wp-content\/uploads\/2021\/04\/July-6-2011-Hardouvelis-Gortsos-Book-Presentation-on-the-Crisis-Ch.Gortsos-V.Rapanos-B.Papademetriou-G.Hardouvelis.jpg\" data-elementor-open-lightbox=\"no\" data-index=\"7\" data-width=\"4032\" data-height=\"3024\"  title=\"Hardouvelis-Gortsos Book Presentation, organized by the Hellenic Bank Association at NBG, on July 6 2011, in Athens, Greece, (from left) Ch. Gortsos, V. Rappanos, B. Papademetriou and G. Hardouvelis.\">\n\t\t\t\t\t\t\t\t\n\t\t\t\t\t\t\t\t\t\t\t\t\t\t\t\t\t<img loading=\"lazy\" decoding=\"async\" width=\"4032\" height=\"3024\" src=\"https:\/\/hardouvelis.gr\/wp-content\/uploads\/2021\/04\/July-6-2011-Hardouvelis-Gortsos-Book-Presentation-on-the-Crisis-Ch.Gortsos-V.Rapanos-B.Papademetriou-G.Hardouvelis.jpg\" class=\"wd-gallery-image image-7 attachment-full\" alt=\"\" title=\"Hardouvelis-Gortsos Book Presentation, organized by the Hellenic Bank Association at NBG, on July 6 2011, in Athens, Greece, (from left) Ch. Gortsos, V. Rappanos, B. Papademetriou and G. Hardouvelis.\" srcset=\"https:\/\/hardouvelis.gr\/wp-content\/uploads\/2021\/04\/July-6-2011-Hardouvelis-Gortsos-Book-Presentation-on-the-Crisis-Ch.Gortsos-V.Rapanos-B.Papademetriou-G.Hardouvelis.jpg 4032w, https:\/\/hardouvelis.gr\/wp-content\/uploads\/2021\/04\/July-6-2011-Hardouvelis-Gortsos-Book-Presentation-on-the-Crisis-Ch.Gortsos-V.Rapanos-B.Papademetriou-G.Hardouvelis-300x225.jpg 300w, https:\/\/hardouvelis.gr\/wp-content\/uploads\/2021\/04\/July-6-2011-Hardouvelis-Gortsos-Book-Presentation-on-the-Crisis-Ch.Gortsos-V.Rapanos-B.Papademetriou-G.Hardouvelis-768x576.jpg 768w, https:\/\/hardouvelis.gr\/wp-content\/uploads\/2021\/04\/July-6-2011-Hardouvelis-Gortsos-Book-Presentation-on-the-Crisis-Ch.Gortsos-V.Rapanos-B.Papademetriou-G.Hardouvelis-1024x768.jpg 1024w, https:\/\/hardouvelis.gr\/wp-content\/uploads\/2021\/04\/July-6-2011-Hardouvelis-Gortsos-Book-Presentation-on-the-Crisis-Ch.Gortsos-V.Rapanos-B.Papademetriou-G.Hardouvelis-350x263.jpg 350w, https:\/\/hardouvelis.gr\/wp-content\/uploads\/2021\/04\/July-6-2011-Hardouvelis-Gortsos-Book-Presentation-on-the-Crisis-Ch.Gortsos-V.Rapanos-B.Papademetriou-G.Hardouvelis-780x586.jpg 780w, https:\/\/hardouvelis.gr\/wp-content\/uploads\/2021\/04\/July-6-2011-Hardouvelis-Gortsos-Book-Presentation-on-the-Crisis-Ch.Gortsos-V.Rapanos-B.Papademetriou-G.Hardouvelis-250x188.jpg 250w\" sizes=\"auto, (max-width: 4032px) 100vw, 4032px\" \/>\t\t\t\t\t\t\t\t\n\n\t\t\t\t\t\t\t\t\t\t\t\t\t\t\t<\/a>\n\t\t\t\t\t\t\t\t\t\t\t\t<\/div>\n\t\t\t\t\t\t\t\t\t\t\t<div class=\"wd-gallery-item\">\n\t\t\t\t\t\t\t\t\t\t\t\t\t\t<a href=\"https:\/\/hardouvelis.gr\/wp-content\/uploads\/2021\/04\/March-21-2011-Panelists-in-the-Hardouvelis-Karamouzis-Book-Presentation-on-the-Crisis.jpg\" data-elementor-open-lightbox=\"no\" data-index=\"8\" data-width=\"800\" data-height=\"533\"  title=\"Hardouvelis-Karamouzis Book Presentation on the Greek Crisis, (from left), Sp. Theodoropoulos, A. Iliades, V. Rappanos, P. Kapsis, N. Karamouzis, G. Hardouvelis, and E. Livanis, on March 21, 2011, in Athens, Greece\">\n\t\t\t\t\t\t\t\t\n\t\t\t\t\t\t\t\t\t\t\t\t\t\t\t\t\t<img loading=\"lazy\" decoding=\"async\" width=\"800\" height=\"533\" src=\"https:\/\/hardouvelis.gr\/wp-content\/uploads\/2021\/04\/March-21-2011-Panelists-in-the-Hardouvelis-Karamouzis-Book-Presentation-on-the-Crisis.jpg\" class=\"wd-gallery-image image-8 attachment-full\" alt=\"\" title=\"Hardouvelis-Karamouzis Book Presentation on the Greek Crisis, (from left), Sp. Theodoropoulos, A. Iliades, V. Rappanos, P. Kapsis, N. Karamouzis, G. Hardouvelis, and E. Livanis, on March 21, 2011, in Athens, Greece\" srcset=\"https:\/\/hardouvelis.gr\/wp-content\/uploads\/2021\/04\/March-21-2011-Panelists-in-the-Hardouvelis-Karamouzis-Book-Presentation-on-the-Crisis.jpg 800w, https:\/\/hardouvelis.gr\/wp-content\/uploads\/2021\/04\/March-21-2011-Panelists-in-the-Hardouvelis-Karamouzis-Book-Presentation-on-the-Crisis-300x200.jpg 300w, https:\/\/hardouvelis.gr\/wp-content\/uploads\/2021\/04\/March-21-2011-Panelists-in-the-Hardouvelis-Karamouzis-Book-Presentation-on-the-Crisis-768x512.jpg 768w, https:\/\/hardouvelis.gr\/wp-content\/uploads\/2021\/04\/March-21-2011-Panelists-in-the-Hardouvelis-Karamouzis-Book-Presentation-on-the-Crisis-272x182.jpg 272w\" sizes=\"auto, (max-width: 800px) 100vw, 800px\" \/>\t\t\t\t\t\t\t\t\n\n\t\t\t\t\t\t\t\t\t\t\t\t\t\t\t<\/a>\n\t\t\t\t\t\t\t\t\t\t\t\t<\/div>\n\t\t\t\t\t\t\t\t\t\t\t<div class=\"wd-gallery-item\">\n\t\t\t\t\t\t\t\t\t\t\t\t\t\t<a href=\"https:\/\/hardouvelis.gr\/wp-content\/uploads\/2021\/04\/March-21-2011-Audience-in-Hardouvelis-Karamouzis-Book-Presenttion-on-the-Crisis.jpg\" data-elementor-open-lightbox=\"no\" data-index=\"9\" data-width=\"800\" data-height=\"533\"  title=\"Audience from the Hardouvelis-Karamouzis Book Presentation on the Greek Crisis, on March 21, 2011, in Athens, Greece\">\n\t\t\t\t\t\t\t\t\n\t\t\t\t\t\t\t\t\t\t\t\t\t\t\t\t\t<img loading=\"lazy\" decoding=\"async\" width=\"800\" height=\"533\" src=\"https:\/\/hardouvelis.gr\/wp-content\/uploads\/2021\/04\/March-21-2011-Audience-in-Hardouvelis-Karamouzis-Book-Presenttion-on-the-Crisis.jpg\" class=\"wd-gallery-image image-9 attachment-full\" alt=\"\" title=\"Audience from the Hardouvelis-Karamouzis Book Presentation on the Greek Crisis, on March 21, 2011, in Athens, Greece\" srcset=\"https:\/\/hardouvelis.gr\/wp-content\/uploads\/2021\/04\/March-21-2011-Audience-in-Hardouvelis-Karamouzis-Book-Presenttion-on-the-Crisis.jpg 800w, https:\/\/hardouvelis.gr\/wp-content\/uploads\/2021\/04\/March-21-2011-Audience-in-Hardouvelis-Karamouzis-Book-Presenttion-on-the-Crisis-300x200.jpg 300w, https:\/\/hardouvelis.gr\/wp-content\/uploads\/2021\/04\/March-21-2011-Audience-in-Hardouvelis-Karamouzis-Book-Presenttion-on-the-Crisis-768x512.jpg 768w, https:\/\/hardouvelis.gr\/wp-content\/uploads\/2021\/04\/March-21-2011-Audience-in-Hardouvelis-Karamouzis-Book-Presenttion-on-the-Crisis-272x182.jpg 272w\" sizes=\"auto, (max-width: 800px) 100vw, 800px\" \/>\t\t\t\t\t\t\t\t\n\n\t\t\t\t\t\t\t\t\t\t\t\t\t\t\t<\/a>\n\t\t\t\t\t\t\t\t\t\t\t\t<\/div>\n\t\t\t\t\t\t\t\t\t\t\t\t<\/div>\n\t\t<\/div>\n\t\t\t\t[\/vc_tta_section][vc_tta_section title=&#8221;2010 &#8211; 2009&#8243; tab_id=&#8221;1684152960532-55bbe988-1018&#8243;]\t\t<div id=\"gallery_716\" class=\"wd-images-gallery wd-rs-6462229634663 wd-justify-center wd-items-middle view-justified photoswipe-images\" >\n\t\t\t<div class=\"gallery-images\">\n\t\t\t\t\t\t\t\t\t\t\t\t\t\t\t<div class=\"wd-gallery-item\">\n\t\t\t\t\t\t\t\t\t\t\t\t\t\t<a href=\"https:\/\/hardouvelis.gr\/wp-content\/uploads\/2021\/04\/May-11-2010-Gikas-Hardouvelis_with-journalist-Thomas-Friedman.jpg\" data-elementor-open-lightbox=\"no\" data-index=\"1\" data-width=\"4224\" data-height=\"3168\"  title=\"Gikas Hardouvelis with Thomas Friedman, political commentator and weekly columnist for the New York Times, May 11,2010, in Hardouvelis\u2019 Eurobank office, Athens, Greece\">\n\t\t\t\t\t\t\t\t\n\t\t\t\t\t\t\t\t\t\t\t\t\t\t\t\t\t<img loading=\"lazy\" decoding=\"async\" width=\"4224\" height=\"3168\" src=\"https:\/\/hardouvelis.gr\/wp-content\/uploads\/2021\/04\/May-11-2010-Gikas-Hardouvelis_with-journalist-Thomas-Friedman.jpg\" class=\"wd-gallery-image image-1 attachment-full\" alt=\"\" title=\"Gikas Hardouvelis with Thomas Friedman, political commentator and weekly columnist for the New York Times, May 11,2010, in Hardouvelis\u2019 Eurobank office, Athens, Greece\" srcset=\"https:\/\/hardouvelis.gr\/wp-content\/uploads\/2021\/04\/May-11-2010-Gikas-Hardouvelis_with-journalist-Thomas-Friedman.jpg 4224w, https:\/\/hardouvelis.gr\/wp-content\/uploads\/2021\/04\/May-11-2010-Gikas-Hardouvelis_with-journalist-Thomas-Friedman-300x225.jpg 300w, https:\/\/hardouvelis.gr\/wp-content\/uploads\/2021\/04\/May-11-2010-Gikas-Hardouvelis_with-journalist-Thomas-Friedman-768x576.jpg 768w, https:\/\/hardouvelis.gr\/wp-content\/uploads\/2021\/04\/May-11-2010-Gikas-Hardouvelis_with-journalist-Thomas-Friedman-1024x768.jpg 1024w, https:\/\/hardouvelis.gr\/wp-content\/uploads\/2021\/04\/May-11-2010-Gikas-Hardouvelis_with-journalist-Thomas-Friedman-350x263.jpg 350w, https:\/\/hardouvelis.gr\/wp-content\/uploads\/2021\/04\/May-11-2010-Gikas-Hardouvelis_with-journalist-Thomas-Friedman-780x586.jpg 780w, https:\/\/hardouvelis.gr\/wp-content\/uploads\/2021\/04\/May-11-2010-Gikas-Hardouvelis_with-journalist-Thomas-Friedman-250x188.jpg 250w\" sizes=\"auto, (max-width: 4224px) 100vw, 4224px\" \/>\t\t\t\t\t\t\t\t\n\n\t\t\t\t\t\t\t\t\t\t\t\t\t\t\t<\/a>\n\t\t\t\t\t\t\t\t\t\t\t\t<\/div>\n\t\t\t\t\t\t\t\t\t\t\t<div class=\"wd-gallery-item\">\n\t\t\t\t\t\t\t\t\t\t\t\t\t\t<a href=\"https:\/\/hardouvelis.gr\/wp-content\/uploads\/2021\/05\/Hardoubelis-II-_Serbian-Economic-Summit.jpg\" data-elementor-open-lightbox=\"no\" data-index=\"2\" data-width=\"1920\" data-height=\"1281\"  title=\"Conference on \u201cThe Post-Crisis Global Economic Environment &amp; the SEE Region,\u201d on October 5, 2010, in Belgrade, Serbia. From left: Kori Udovi\u010dki (Assistant Secretary General of the UN, Assistant Administrator and Director of the Bureau for Europe and CIS of UNDP), Gikas Hardouvelis, and Mirko Cvetkovic (Prime Minister of Serbia).\">\n\t\t\t\t\t\t\t\t\n\t\t\t\t\t\t\t\t\t\t\t\t\t\t\t\t\t<img loading=\"lazy\" decoding=\"async\" width=\"1920\" height=\"1281\" src=\"https:\/\/hardouvelis.gr\/wp-content\/uploads\/2021\/05\/Hardoubelis-II-_Serbian-Economic-Summit.jpg\" class=\"wd-gallery-image image-2 attachment-full\" alt=\"\" title=\"Conference on \u201cThe Post-Crisis Global Economic Environment &amp; the SEE Region,\u201d on October 5, 2010, in Belgrade, Serbia. From left: Kori Udovi\u010dki (Assistant Secretary General of the UN, Assistant Administrator and Director of the Bureau for Europe and CIS of UNDP), Gikas Hardouvelis, and Mirko Cvetkovic (Prime Minister of Serbia).\" srcset=\"https:\/\/hardouvelis.gr\/wp-content\/uploads\/2021\/05\/Hardoubelis-II-_Serbian-Economic-Summit.jpg 1920w, https:\/\/hardouvelis.gr\/wp-content\/uploads\/2021\/05\/Hardoubelis-II-_Serbian-Economic-Summit-300x200.jpg 300w, https:\/\/hardouvelis.gr\/wp-content\/uploads\/2021\/05\/Hardoubelis-II-_Serbian-Economic-Summit-768x512.jpg 768w, https:\/\/hardouvelis.gr\/wp-content\/uploads\/2021\/05\/Hardoubelis-II-_Serbian-Economic-Summit-1024x683.jpg 1024w, https:\/\/hardouvelis.gr\/wp-content\/uploads\/2021\/05\/Hardoubelis-II-_Serbian-Economic-Summit-272x182.jpg 272w\" sizes=\"auto, (max-width: 1920px) 100vw, 1920px\" \/>\t\t\t\t\t\t\t\t\n\n\t\t\t\t\t\t\t\t\t\t\t\t\t\t\t<\/a>\n\t\t\t\t\t\t\t\t\t\t\t\t<\/div>\n\t\t\t\t\t\t\t\t\t\t\t<div class=\"wd-gallery-item\">\n\t\t\t\t\t\t\t\t\t\t\t\t\t\t<a href=\"https:\/\/hardouvelis.gr\/wp-content\/uploads\/2021\/04\/Jan-21-2010-Financial-Times-Conference-on-Banking-in-a-Crisis.jpg\" data-elementor-open-lightbox=\"no\" data-index=\"3\" data-width=\"1280\" data-height=\"852\"  title=\"Jan 21-2010 Financial Times Conference on Banking in a Crisis\">\n\t\t\t\t\t\t\t\t\n\t\t\t\t\t\t\t\t\t\t\t\t\t\t\t\t\t<img loading=\"lazy\" decoding=\"async\" width=\"1280\" height=\"852\" src=\"https:\/\/hardouvelis.gr\/wp-content\/uploads\/2021\/04\/Jan-21-2010-Financial-Times-Conference-on-Banking-in-a-Crisis.jpg\" class=\"wd-gallery-image image-3 attachment-full\" alt=\"\" title=\"Jan 21-2010 Financial Times Conference on Banking in a Crisis\" srcset=\"https:\/\/hardouvelis.gr\/wp-content\/uploads\/2021\/04\/Jan-21-2010-Financial-Times-Conference-on-Banking-in-a-Crisis.jpg 1280w, https:\/\/hardouvelis.gr\/wp-content\/uploads\/2021\/04\/Jan-21-2010-Financial-Times-Conference-on-Banking-in-a-Crisis-300x200.jpg 300w, https:\/\/hardouvelis.gr\/wp-content\/uploads\/2021\/04\/Jan-21-2010-Financial-Times-Conference-on-Banking-in-a-Crisis-768x511.jpg 768w, https:\/\/hardouvelis.gr\/wp-content\/uploads\/2021\/04\/Jan-21-2010-Financial-Times-Conference-on-Banking-in-a-Crisis-1024x682.jpg 1024w, https:\/\/hardouvelis.gr\/wp-content\/uploads\/2021\/04\/Jan-21-2010-Financial-Times-Conference-on-Banking-in-a-Crisis-272x182.jpg 272w\" sizes=\"auto, (max-width: 1280px) 100vw, 1280px\" \/>\t\t\t\t\t\t\t\t\n\n\t\t\t\t\t\t\t\t\t\t\t\t\t\t\t<\/a>\n\t\t\t\t\t\t\t\t\t\t\t\t<\/div>\n\t\t\t\t\t\t\t\t\t\t\t<div class=\"wd-gallery-item\">\n\t\t\t\t\t\t\t\t\t\t\t\t\t\t<a href=\"https:\/\/hardouvelis.gr\/wp-content\/uploads\/2021\/04\/March-18-2009-Athens-Conference-lecture_The-Financial-crisis-Managing-in-Challenging-times-with-Paul-Krugman.jpg\" data-elementor-open-lightbox=\"no\" data-index=\"4\" data-width=\"1732\" data-height=\"1155\"  title=\"Gikas Hardouvelis speaker at the Pro-thesis Athens Conference: \u201cThe Financial Crisis: Managing in Challenging Times\u201d with Paul Krugman, March 18, 2009, Athens, Greece\">\n\t\t\t\t\t\t\t\t\n\t\t\t\t\t\t\t\t\t\t\t\t\t\t\t\t\t<img loading=\"lazy\" decoding=\"async\" width=\"1732\" height=\"1155\" src=\"https:\/\/hardouvelis.gr\/wp-content\/uploads\/2021\/04\/March-18-2009-Athens-Conference-lecture_The-Financial-crisis-Managing-in-Challenging-times-with-Paul-Krugman.jpg\" class=\"wd-gallery-image image-4 attachment-full\" alt=\"\" title=\"Gikas Hardouvelis speaker at the Pro-thesis Athens Conference: \u201cThe Financial Crisis: Managing in Challenging Times\u201d with Paul Krugman, March 18, 2009, Athens, Greece\" srcset=\"https:\/\/hardouvelis.gr\/wp-content\/uploads\/2021\/04\/March-18-2009-Athens-Conference-lecture_The-Financial-crisis-Managing-in-Challenging-times-with-Paul-Krugman.jpg 1732w, https:\/\/hardouvelis.gr\/wp-content\/uploads\/2021\/04\/March-18-2009-Athens-Conference-lecture_The-Financial-crisis-Managing-in-Challenging-times-with-Paul-Krugman-300x200.jpg 300w, https:\/\/hardouvelis.gr\/wp-content\/uploads\/2021\/04\/March-18-2009-Athens-Conference-lecture_The-Financial-crisis-Managing-in-Challenging-times-with-Paul-Krugman-768x512.jpg 768w, https:\/\/hardouvelis.gr\/wp-content\/uploads\/2021\/04\/March-18-2009-Athens-Conference-lecture_The-Financial-crisis-Managing-in-Challenging-times-with-Paul-Krugman-1024x683.jpg 1024w, https:\/\/hardouvelis.gr\/wp-content\/uploads\/2021\/04\/March-18-2009-Athens-Conference-lecture_The-Financial-crisis-Managing-in-Challenging-times-with-Paul-Krugman-272x182.jpg 272w\" sizes=\"auto, (max-width: 1732px) 100vw, 1732px\" \/>\t\t\t\t\t\t\t\t\n\n\t\t\t\t\t\t\t\t\t\t\t\t\t\t\t<\/a>\n\t\t\t\t\t\t\t\t\t\t\t\t<\/div>\n\t\t\t\t\t\t\t\t\t\t\t<div class=\"wd-gallery-item\">\n\t\t\t\t\t\t\t\t\t\t\t\t\t\t<a href=\"https:\/\/hardouvelis.gr\/wp-content\/uploads\/2021\/04\/Finance-Minister-Dr.-Ghikas-Hardouvelis-and-Basil-Tsaras.jpg\" data-elementor-open-lightbox=\"no\" data-index=\"5\" data-width=\"647\" data-height=\"600\"  title=\"Gikas Hardouvelis with Basil Tsaras at the Pro-thesis Athens Conference: \u201cThe Financial Crisis: Managing in Challenging Times\u201d with Paul Krugman, March 18, 2009, Athens, Greece\">\n\t\t\t\t\t\t\t\t\n\t\t\t\t\t\t\t\t\t\t\t\t\t\t\t\t\t<img loading=\"lazy\" decoding=\"async\" width=\"647\" height=\"600\" src=\"https:\/\/hardouvelis.gr\/wp-content\/uploads\/2021\/04\/Finance-Minister-Dr.-Ghikas-Hardouvelis-and-Basil-Tsaras.jpg\" class=\"wd-gallery-image image-5 attachment-full\" alt=\"\" title=\"Gikas Hardouvelis with Basil Tsaras at the Pro-thesis Athens Conference: \u201cThe Financial Crisis: Managing in Challenging Times\u201d with Paul Krugman, March 18, 2009, Athens, Greece\" srcset=\"https:\/\/hardouvelis.gr\/wp-content\/uploads\/2021\/04\/Finance-Minister-Dr.-Ghikas-Hardouvelis-and-Basil-Tsaras.jpg 647w, https:\/\/hardouvelis.gr\/wp-content\/uploads\/2021\/04\/Finance-Minister-Dr.-Ghikas-Hardouvelis-and-Basil-Tsaras-300x278.jpg 300w\" sizes=\"auto, (max-width: 647px) 100vw, 647px\" \/>\t\t\t\t\t\t\t\t\n\n\t\t\t\t\t\t\t\t\t\t\t\t\t\t\t<\/a>\n\t\t\t\t\t\t\t\t\t\t\t\t<\/div>\n\t\t\t\t\t\t\t\t\t\t\t<div class=\"wd-gallery-item\">\n\t\t\t\t\t\t\t\t\t\t\t\t\t\t<a href=\"https:\/\/hardouvelis.gr\/wp-content\/uploads\/2021\/04\/Nov-26-2009-with-Japanese-Ambassador-and-his-spouse-after-the-lecture-in-Megaron.jpg\" data-elementor-open-lightbox=\"no\" data-index=\"6\" data-width=\"617\" data-height=\"408\"  title=\"Gikas Hardouvelis with Takanori Kitamura, Japanese Ambassador (left), and his spouse (right), after a lecture on Japanese Business Management: \u201cFacing the Post-Crisis New Global Economic Environment\u201d organized at the Athens Music Hall (Megaron) on November 26, 2009, in Athens, Greece\">\n\t\t\t\t\t\t\t\t\n\t\t\t\t\t\t\t\t\t\t\t\t\t\t\t\t\t<img loading=\"lazy\" decoding=\"async\" width=\"617\" height=\"408\" src=\"https:\/\/hardouvelis.gr\/wp-content\/uploads\/2021\/04\/Nov-26-2009-with-Japanese-Ambassador-and-his-spouse-after-the-lecture-in-Megaron.jpg\" class=\"wd-gallery-image image-6 attachment-full\" alt=\"\" title=\"Gikas Hardouvelis with Takanori Kitamura, Japanese Ambassador (left), and his spouse (right), after a lecture on Japanese Business Management: \u201cFacing the Post-Crisis New Global Economic Environment\u201d organized at the Athens Music Hall (Megaron) on November 26, 2009, in Athens, Greece\" srcset=\"https:\/\/hardouvelis.gr\/wp-content\/uploads\/2021\/04\/Nov-26-2009-with-Japanese-Ambassador-and-his-spouse-after-the-lecture-in-Megaron.jpg 617w, https:\/\/hardouvelis.gr\/wp-content\/uploads\/2021\/04\/Nov-26-2009-with-Japanese-Ambassador-and-his-spouse-after-the-lecture-in-Megaron-300x198.jpg 300w\" sizes=\"auto, (max-width: 617px) 100vw, 617px\" \/>\t\t\t\t\t\t\t\t\n\n\t\t\t\t\t\t\t\t\t\t\t\t\t\t\t<\/a>\n\t\t\t\t\t\t\t\t\t\t\t\t<\/div>\n\t\t\t\t\t\t\t\t\t\t\t<div class=\"wd-gallery-item\">\n\t\t\t\t\t\t\t\t\t\t\t\t\t\t<a href=\"https:\/\/hardouvelis.gr\/wp-content\/uploads\/2021\/04\/Sept-24-2010-Conference-from-left-Gikas-Hardouvelis-Christos-Gortsos-Costas-Meghir-Dimitris-Vayanos.jpg\" data-elementor-open-lightbox=\"no\" data-index=\"7\" data-width=\"3822\" data-height=\"2536\"  title=\"Sept 24 2010 Conference, from left - Gikas Hardouvelis, Christos Gortsos, Costas Meghir, Dimitris Vayanos\">\n\t\t\t\t\t\t\t\t\n\t\t\t\t\t\t\t\t\t\t\t\t\t\t\t\t\t<img loading=\"lazy\" decoding=\"async\" width=\"3822\" height=\"2536\" src=\"https:\/\/hardouvelis.gr\/wp-content\/uploads\/2021\/04\/Sept-24-2010-Conference-from-left-Gikas-Hardouvelis-Christos-Gortsos-Costas-Meghir-Dimitris-Vayanos.jpg\" class=\"wd-gallery-image image-7 attachment-full\" alt=\"\" title=\"Sept 24 2010 Conference, from left - Gikas Hardouvelis, Christos Gortsos, Costas Meghir, Dimitris Vayanos\" srcset=\"https:\/\/hardouvelis.gr\/wp-content\/uploads\/2021\/04\/Sept-24-2010-Conference-from-left-Gikas-Hardouvelis-Christos-Gortsos-Costas-Meghir-Dimitris-Vayanos.jpg 3822w, https:\/\/hardouvelis.gr\/wp-content\/uploads\/2021\/04\/Sept-24-2010-Conference-from-left-Gikas-Hardouvelis-Christos-Gortsos-Costas-Meghir-Dimitris-Vayanos-300x199.jpg 300w, https:\/\/hardouvelis.gr\/wp-content\/uploads\/2021\/04\/Sept-24-2010-Conference-from-left-Gikas-Hardouvelis-Christos-Gortsos-Costas-Meghir-Dimitris-Vayanos-768x510.jpg 768w, https:\/\/hardouvelis.gr\/wp-content\/uploads\/2021\/04\/Sept-24-2010-Conference-from-left-Gikas-Hardouvelis-Christos-Gortsos-Costas-Meghir-Dimitris-Vayanos-1024x679.jpg 1024w\" sizes=\"auto, (max-width: 3822px) 100vw, 3822px\" \/>\t\t\t\t\t\t\t\t\n\n\t\t\t\t\t\t\t\t\t\t\t\t\t\t\t<\/a>\n\t\t\t\t\t\t\t\t\t\t\t\t<\/div>\n\t\t\t\t\t\t\t\t\t\t\t<div class=\"wd-gallery-item\">\n\t\t\t\t\t\t\t\t\t\t\t\t\t\t<a href=\"https:\/\/hardouvelis.gr\/wp-content\/uploads\/2021\/04\/Feb-18-2009-in-the-Czech-Embassy-from-the-left-Massourakis-Varvitsiotis-Zombanakis-Hardouvelis-Mylonas.bmp\" data-elementor-open-lightbox=\"no\" data-index=\"8\" data-width=\"1392\" data-height=\"778\"  title=\"Round-Table Discussion on \u201cProspects of the Greek Economy and the Financial Sector in Greece\u201d hosted by the Embassy of the Czech Republic in Athens. (from left) M. Massourakis, M. Varvitsiotis, M. Zombanakis, G. Hardouvelis, P. Mylonas. February 11, 2009, Athens, Greece\">\n\t\t\t\t\t\t\t\t\n\t\t\t\t\t\t\t\t\t\t\t\t\t\t\t\t\t<img loading=\"lazy\" decoding=\"async\" width=\"1392\" height=\"778\" src=\"https:\/\/hardouvelis.gr\/wp-content\/uploads\/2021\/04\/Feb-18-2009-in-the-Czech-Embassy-from-the-left-Massourakis-Varvitsiotis-Zombanakis-Hardouvelis-Mylonas.bmp\" class=\"wd-gallery-image image-8 attachment-full\" alt=\"\" title=\"Round-Table Discussion on \u201cProspects of the Greek Economy and the Financial Sector in Greece\u201d hosted by the Embassy of the Czech Republic in Athens. (from left) M. Massourakis, M. Varvitsiotis, M. Zombanakis, G. Hardouvelis, P. Mylonas. February 11, 2009, Athens, Greece\" \/>\t\t\t\t\t\t\t\t\n\n\t\t\t\t\t\t\t\t\t\t\t\t\t\t\t<\/a>\n\t\t\t\t\t\t\t\t\t\t\t\t<\/div>\n\t\t\t\t\t\t\t\t\t\t\t<div class=\"wd-gallery-item\">\n\t\t\t\t\t\t\t\t\t\t\t\t\t\t<a href=\"https:\/\/hardouvelis.gr\/wp-content\/uploads\/2021\/04\/Apr-7-2009_SEV-Forum_from-left-Nikos-Haritakis-Antonis-Karakousis-Gikas-Hardouvelis-Nikos-Angelopoulos.jpg\" data-elementor-open-lightbox=\"no\" data-index=\"9\" data-width=\"1062\" data-height=\"705\"  title=\"9th Open Forum on the Global Financial Crisis, organized by SEV (Hellenic Federation of Enterprises). (from left) Nikos Haritakis, Antonis Karakousis, Gikas Hardouvelis, Nikos Angelopoulos, April 7, 2009, Athens, Greece\">\n\t\t\t\t\t\t\t\t\n\t\t\t\t\t\t\t\t\t\t\t\t\t\t\t\t\t<img loading=\"lazy\" decoding=\"async\" width=\"1062\" height=\"705\" src=\"https:\/\/hardouvelis.gr\/wp-content\/uploads\/2021\/04\/Apr-7-2009_SEV-Forum_from-left-Nikos-Haritakis-Antonis-Karakousis-Gikas-Hardouvelis-Nikos-Angelopoulos.jpg\" class=\"wd-gallery-image image-9 attachment-full\" alt=\"\" title=\"9th Open Forum on the Global Financial Crisis, organized by SEV (Hellenic Federation of Enterprises). (from left) Nikos Haritakis, Antonis Karakousis, Gikas Hardouvelis, Nikos Angelopoulos, April 7, 2009, Athens, Greece\" srcset=\"https:\/\/hardouvelis.gr\/wp-content\/uploads\/2021\/04\/Apr-7-2009_SEV-Forum_from-left-Nikos-Haritakis-Antonis-Karakousis-Gikas-Hardouvelis-Nikos-Angelopoulos.jpg 1062w, https:\/\/hardouvelis.gr\/wp-content\/uploads\/2021\/04\/Apr-7-2009_SEV-Forum_from-left-Nikos-Haritakis-Antonis-Karakousis-Gikas-Hardouvelis-Nikos-Angelopoulos-300x199.jpg 300w, https:\/\/hardouvelis.gr\/wp-content\/uploads\/2021\/04\/Apr-7-2009_SEV-Forum_from-left-Nikos-Haritakis-Antonis-Karakousis-Gikas-Hardouvelis-Nikos-Angelopoulos-768x510.jpg 768w, https:\/\/hardouvelis.gr\/wp-content\/uploads\/2021\/04\/Apr-7-2009_SEV-Forum_from-left-Nikos-Haritakis-Antonis-Karakousis-Gikas-Hardouvelis-Nikos-Angelopoulos-1024x680.jpg 1024w, https:\/\/hardouvelis.gr\/wp-content\/uploads\/2021\/04\/Apr-7-2009_SEV-Forum_from-left-Nikos-Haritakis-Antonis-Karakousis-Gikas-Hardouvelis-Nikos-Angelopoulos-272x182.jpg 272w\" sizes=\"auto, (max-width: 1062px) 100vw, 1062px\" \/>\t\t\t\t\t\t\t\t\n\n\t\t\t\t\t\t\t\t\t\t\t\t\t\t\t<\/a>\n\t\t\t\t\t\t\t\t\t\t\t\t<\/div>\n\t\t\t\t\t\t\t\t\t\t\t<div class=\"wd-gallery-item\">\n\t\t\t\t\t\t\t\t\t\t\t\t\t\t<a href=\"https:\/\/hardouvelis.gr\/wp-content\/uploads\/2021\/04\/07-04-09_Forum_Workgroup-I_5735.jpg\" data-elementor-open-lightbox=\"no\" data-index=\"10\" data-width=\"1062\" data-height=\"705\"  title=\"9th Open Forum on Global Financial Crisis, organized by SEV (Hellenic Federation of Enterprises), April 7, 2009, Athens, Greece\">\n\t\t\t\t\t\t\t\t\n\t\t\t\t\t\t\t\t\t\t\t\t\t\t\t\t\t<img loading=\"lazy\" decoding=\"async\" width=\"1062\" height=\"705\" src=\"https:\/\/hardouvelis.gr\/wp-content\/uploads\/2021\/04\/07-04-09_Forum_Workgroup-I_5735.jpg\" class=\"wd-gallery-image image-10 attachment-full\" alt=\"\" title=\"9th Open Forum on Global Financial Crisis, organized by SEV (Hellenic Federation of Enterprises), April 7, 2009, Athens, Greece\" srcset=\"https:\/\/hardouvelis.gr\/wp-content\/uploads\/2021\/04\/07-04-09_Forum_Workgroup-I_5735.jpg 1062w, https:\/\/hardouvelis.gr\/wp-content\/uploads\/2021\/04\/07-04-09_Forum_Workgroup-I_5735-300x199.jpg 300w, https:\/\/hardouvelis.gr\/wp-content\/uploads\/2021\/04\/07-04-09_Forum_Workgroup-I_5735-768x510.jpg 768w, https:\/\/hardouvelis.gr\/wp-content\/uploads\/2021\/04\/07-04-09_Forum_Workgroup-I_5735-1024x680.jpg 1024w, https:\/\/hardouvelis.gr\/wp-content\/uploads\/2021\/04\/07-04-09_Forum_Workgroup-I_5735-272x182.jpg 272w\" sizes=\"auto, (max-width: 1062px) 100vw, 1062px\" \/>\t\t\t\t\t\t\t\t\n\n\t\t\t\t\t\t\t\t\t\t\t\t\t\t\t<\/a>\n\t\t\t\t\t\t\t\t\t\t\t\t<\/div>\n\t\t\t\t\t\t\t\t\t\t\t<div class=\"wd-gallery-item\">\n\t\t\t\t\t\t\t\t\t\t\t\t\t\t<a href=\"https:\/\/hardouvelis.gr\/wp-content\/uploads\/2021\/04\/07-04-09_Forum_Workgroup-I_5741.jpg\" data-elementor-open-lightbox=\"no\" data-index=\"11\" data-width=\"1062\" data-height=\"705\"  title=\"9th Open Forum on Global Financial Crisis, organized by SEV (Hellenic Federation of Enterprises). (from left) Antonis Karakousis, Gikas Hardouvelis, Nikos Angelopoulos, April 7, 2009, Athens, Greece\">\n\t\t\t\t\t\t\t\t\n\t\t\t\t\t\t\t\t\t\t\t\t\t\t\t\t\t<img loading=\"lazy\" decoding=\"async\" width=\"1062\" height=\"705\" src=\"https:\/\/hardouvelis.gr\/wp-content\/uploads\/2021\/04\/07-04-09_Forum_Workgroup-I_5741.jpg\" class=\"wd-gallery-image image-11 attachment-full\" alt=\"\" title=\"9th Open Forum on Global Financial Crisis, organized by SEV (Hellenic Federation of Enterprises). (from left) Antonis Karakousis, Gikas Hardouvelis, Nikos Angelopoulos, April 7, 2009, Athens, Greece\" srcset=\"https:\/\/hardouvelis.gr\/wp-content\/uploads\/2021\/04\/07-04-09_Forum_Workgroup-I_5741.jpg 1062w, https:\/\/hardouvelis.gr\/wp-content\/uploads\/2021\/04\/07-04-09_Forum_Workgroup-I_5741-300x199.jpg 300w, https:\/\/hardouvelis.gr\/wp-content\/uploads\/2021\/04\/07-04-09_Forum_Workgroup-I_5741-768x510.jpg 768w, https:\/\/hardouvelis.gr\/wp-content\/uploads\/2021\/04\/07-04-09_Forum_Workgroup-I_5741-1024x680.jpg 1024w, https:\/\/hardouvelis.gr\/wp-content\/uploads\/2021\/04\/07-04-09_Forum_Workgroup-I_5741-272x182.jpg 272w\" sizes=\"auto, (max-width: 1062px) 100vw, 1062px\" \/>\t\t\t\t\t\t\t\t\n\n\t\t\t\t\t\t\t\t\t\t\t\t\t\t\t<\/a>\n\t\t\t\t\t\t\t\t\t\t\t\t<\/div>\n\t\t\t\t\t\t\t\t\t\t\t<div class=\"wd-gallery-item\">\n\t\t\t\t\t\t\t\t\t\t\t\t\t\t<a href=\"https:\/\/hardouvelis.gr\/wp-content\/uploads\/2021\/04\/Sept-12-2010-Gikas-Hardouvelis-with-long-time-collaborator-and-PhD-economist-Theodore-Stamatiou-on-his-wedding-day.jpg\" data-elementor-open-lightbox=\"no\" data-index=\"12\" data-width=\"4224\" data-height=\"3168\"  title=\"With Theodore Stamatiou, a long-time collaborator and PhD Economist, on his wedding day, September 12, 2010, Athens, Greece\">\n\t\t\t\t\t\t\t\t\n\t\t\t\t\t\t\t\t\t\t\t\t\t\t\t\t\t<img loading=\"lazy\" decoding=\"async\" width=\"4224\" height=\"3168\" src=\"https:\/\/hardouvelis.gr\/wp-content\/uploads\/2021\/04\/Sept-12-2010-Gikas-Hardouvelis-with-long-time-collaborator-and-PhD-economist-Theodore-Stamatiou-on-his-wedding-day.jpg\" class=\"wd-gallery-image image-12 attachment-full\" alt=\"\" title=\"With Theodore Stamatiou, a long-time collaborator and PhD Economist, on his wedding day, September 12, 2010, Athens, Greece\" srcset=\"https:\/\/hardouvelis.gr\/wp-content\/uploads\/2021\/04\/Sept-12-2010-Gikas-Hardouvelis-with-long-time-collaborator-and-PhD-economist-Theodore-Stamatiou-on-his-wedding-day.jpg 4224w, https:\/\/hardouvelis.gr\/wp-content\/uploads\/2021\/04\/Sept-12-2010-Gikas-Hardouvelis-with-long-time-collaborator-and-PhD-economist-Theodore-Stamatiou-on-his-wedding-day-300x225.jpg 300w, https:\/\/hardouvelis.gr\/wp-content\/uploads\/2021\/04\/Sept-12-2010-Gikas-Hardouvelis-with-long-time-collaborator-and-PhD-economist-Theodore-Stamatiou-on-his-wedding-day-768x576.jpg 768w, https:\/\/hardouvelis.gr\/wp-content\/uploads\/2021\/04\/Sept-12-2010-Gikas-Hardouvelis-with-long-time-collaborator-and-PhD-economist-Theodore-Stamatiou-on-his-wedding-day-1024x768.jpg 1024w, https:\/\/hardouvelis.gr\/wp-content\/uploads\/2021\/04\/Sept-12-2010-Gikas-Hardouvelis-with-long-time-collaborator-and-PhD-economist-Theodore-Stamatiou-on-his-wedding-day-350x263.jpg 350w, https:\/\/hardouvelis.gr\/wp-content\/uploads\/2021\/04\/Sept-12-2010-Gikas-Hardouvelis-with-long-time-collaborator-and-PhD-economist-Theodore-Stamatiou-on-his-wedding-day-780x586.jpg 780w, https:\/\/hardouvelis.gr\/wp-content\/uploads\/2021\/04\/Sept-12-2010-Gikas-Hardouvelis-with-long-time-collaborator-and-PhD-economist-Theodore-Stamatiou-on-his-wedding-day-250x188.jpg 250w\" sizes=\"auto, (max-width: 4224px) 100vw, 4224px\" \/>\t\t\t\t\t\t\t\t\n\n\t\t\t\t\t\t\t\t\t\t\t\t\t\t\t<\/a>\n\t\t\t\t\t\t\t\t\t\t\t\t<\/div>\n\t\t\t\t\t\t\t\t\t\t\t<div class=\"wd-gallery-item\">\n\t\t\t\t\t\t\t\t\t\t\t\t\t\t<a href=\"https:\/\/hardouvelis.gr\/wp-content\/uploads\/2021\/04\/Sept-12-2010-Finance-Dept.-Professors-Panos-Staikouras_George_Skiadopoulos_Gikas-Hardouvelis.jpg\" data-elementor-open-lightbox=\"no\" data-index=\"13\" data-width=\"4224\" data-height=\"3168\"  title=\"With Professors from the  Department of Banking and Finance, University of Piraeus (from left), Panos Staikouras, George Skiadopoulos, Gikas Hardouvelis, September 12, 2010, Athens, Greece\">\n\t\t\t\t\t\t\t\t\n\t\t\t\t\t\t\t\t\t\t\t\t\t\t\t\t\t<img loading=\"lazy\" decoding=\"async\" width=\"4224\" height=\"3168\" src=\"https:\/\/hardouvelis.gr\/wp-content\/uploads\/2021\/04\/Sept-12-2010-Finance-Dept.-Professors-Panos-Staikouras_George_Skiadopoulos_Gikas-Hardouvelis.jpg\" class=\"wd-gallery-image image-13 attachment-full\" alt=\"\" title=\"With Professors from the  Department of Banking and Finance, University of Piraeus (from left), Panos Staikouras, George Skiadopoulos, Gikas Hardouvelis, September 12, 2010, Athens, Greece\" srcset=\"https:\/\/hardouvelis.gr\/wp-content\/uploads\/2021\/04\/Sept-12-2010-Finance-Dept.-Professors-Panos-Staikouras_George_Skiadopoulos_Gikas-Hardouvelis.jpg 4224w, https:\/\/hardouvelis.gr\/wp-content\/uploads\/2021\/04\/Sept-12-2010-Finance-Dept.-Professors-Panos-Staikouras_George_Skiadopoulos_Gikas-Hardouvelis-300x225.jpg 300w, https:\/\/hardouvelis.gr\/wp-content\/uploads\/2021\/04\/Sept-12-2010-Finance-Dept.-Professors-Panos-Staikouras_George_Skiadopoulos_Gikas-Hardouvelis-768x576.jpg 768w, https:\/\/hardouvelis.gr\/wp-content\/uploads\/2021\/04\/Sept-12-2010-Finance-Dept.-Professors-Panos-Staikouras_George_Skiadopoulos_Gikas-Hardouvelis-1024x768.jpg 1024w, https:\/\/hardouvelis.gr\/wp-content\/uploads\/2021\/04\/Sept-12-2010-Finance-Dept.-Professors-Panos-Staikouras_George_Skiadopoulos_Gikas-Hardouvelis-350x263.jpg 350w, https:\/\/hardouvelis.gr\/wp-content\/uploads\/2021\/04\/Sept-12-2010-Finance-Dept.-Professors-Panos-Staikouras_George_Skiadopoulos_Gikas-Hardouvelis-780x586.jpg 780w, https:\/\/hardouvelis.gr\/wp-content\/uploads\/2021\/04\/Sept-12-2010-Finance-Dept.-Professors-Panos-Staikouras_George_Skiadopoulos_Gikas-Hardouvelis-250x188.jpg 250w\" sizes=\"auto, (max-width: 4224px) 100vw, 4224px\" \/>\t\t\t\t\t\t\t\t\n\n\t\t\t\t\t\t\t\t\t\t\t\t\t\t\t<\/a>\n\t\t\t\t\t\t\t\t\t\t\t\t<\/div>\n\t\t\t\t\t\t\t\t\t\t\t<div class=\"wd-gallery-item\">\n\t\t\t\t\t\t\t\t\t\t\t\t\t\t<a href=\"https:\/\/hardouvelis.gr\/wp-content\/uploads\/2021\/04\/Jan-10-2009-Finance-Dept-George-Skiadopoulos_Manolis-Tsiritakis_Nikos-Kourogenis_Nikolas-Apergis_George-Katsimbris_Gikas-Hardouvelis.jpg\" data-elementor-open-lightbox=\"no\" data-index=\"14\" data-width=\"4224\" data-height=\"3168\"  title=\"With Professors of the Department of Banking &amp;Finance, University of Piraeus, (from left) George Skiadopoulos, Manolis Tsiritakis, Nikos Kourogenis, Nikos Apergis, George Katsimbris, and Gikas Hardouvelis, on January 10, 2009, Piraeus, Greece\">\n\t\t\t\t\t\t\t\t\n\t\t\t\t\t\t\t\t\t\t\t\t\t\t\t\t\t<img loading=\"lazy\" decoding=\"async\" width=\"4224\" height=\"3168\" src=\"https:\/\/hardouvelis.gr\/wp-content\/uploads\/2021\/04\/Jan-10-2009-Finance-Dept-George-Skiadopoulos_Manolis-Tsiritakis_Nikos-Kourogenis_Nikolas-Apergis_George-Katsimbris_Gikas-Hardouvelis.jpg\" class=\"wd-gallery-image image-14 attachment-full\" alt=\"\" title=\"With Professors of the Department of Banking &amp;Finance, University of Piraeus, (from left) George Skiadopoulos, Manolis Tsiritakis, Nikos Kourogenis, Nikos Apergis, George Katsimbris, and Gikas Hardouvelis, on January 10, 2009, Piraeus, Greece\" srcset=\"https:\/\/hardouvelis.gr\/wp-content\/uploads\/2021\/04\/Jan-10-2009-Finance-Dept-George-Skiadopoulos_Manolis-Tsiritakis_Nikos-Kourogenis_Nikolas-Apergis_George-Katsimbris_Gikas-Hardouvelis.jpg 4224w, https:\/\/hardouvelis.gr\/wp-content\/uploads\/2021\/04\/Jan-10-2009-Finance-Dept-George-Skiadopoulos_Manolis-Tsiritakis_Nikos-Kourogenis_Nikolas-Apergis_George-Katsimbris_Gikas-Hardouvelis-300x225.jpg 300w, https:\/\/hardouvelis.gr\/wp-content\/uploads\/2021\/04\/Jan-10-2009-Finance-Dept-George-Skiadopoulos_Manolis-Tsiritakis_Nikos-Kourogenis_Nikolas-Apergis_George-Katsimbris_Gikas-Hardouvelis-768x576.jpg 768w, https:\/\/hardouvelis.gr\/wp-content\/uploads\/2021\/04\/Jan-10-2009-Finance-Dept-George-Skiadopoulos_Manolis-Tsiritakis_Nikos-Kourogenis_Nikolas-Apergis_George-Katsimbris_Gikas-Hardouvelis-1024x768.jpg 1024w, https:\/\/hardouvelis.gr\/wp-content\/uploads\/2021\/04\/Jan-10-2009-Finance-Dept-George-Skiadopoulos_Manolis-Tsiritakis_Nikos-Kourogenis_Nikolas-Apergis_George-Katsimbris_Gikas-Hardouvelis-350x263.jpg 350w, https:\/\/hardouvelis.gr\/wp-content\/uploads\/2021\/04\/Jan-10-2009-Finance-Dept-George-Skiadopoulos_Manolis-Tsiritakis_Nikos-Kourogenis_Nikolas-Apergis_George-Katsimbris_Gikas-Hardouvelis-780x586.jpg 780w, https:\/\/hardouvelis.gr\/wp-content\/uploads\/2021\/04\/Jan-10-2009-Finance-Dept-George-Skiadopoulos_Manolis-Tsiritakis_Nikos-Kourogenis_Nikolas-Apergis_George-Katsimbris_Gikas-Hardouvelis-250x188.jpg 250w\" sizes=\"auto, (max-width: 4224px) 100vw, 4224px\" \/>\t\t\t\t\t\t\t\t\n\n\t\t\t\t\t\t\t\t\t\t\t\t\t\t\t<\/a>\n\t\t\t\t\t\t\t\t\t\t\t\t<\/div>\n\t\t\t\t\t\t\t\t\t\t\t<div class=\"wd-gallery-item\">\n\t\t\t\t\t\t\t\t\t\t\t\t\t\t<a href=\"https:\/\/hardouvelis.gr\/wp-content\/uploads\/2021\/04\/Easter-2009_Rewarding_our_Poulithra-Arcadia-Greece-1950s-1960s-village-elementary-school-teachers-Evangelos-and-Matina-Tsembelis.jpg\" data-elementor-open-lightbox=\"no\" data-index=\"15\" data-width=\"4224\" data-height=\"3168\"  title=\"Rewarding our elementary school (1950s-1960s) teachers, Evangelos and Matina Tsembelis of the village (Poulithra) elementary  school, during  Easter 2009, in Poulithra, Arcadia, Greece\">\n\t\t\t\t\t\t\t\t\n\t\t\t\t\t\t\t\t\t\t\t\t\t\t\t\t\t<img loading=\"lazy\" decoding=\"async\" width=\"4224\" height=\"3168\" src=\"https:\/\/hardouvelis.gr\/wp-content\/uploads\/2021\/04\/Easter-2009_Rewarding_our_Poulithra-Arcadia-Greece-1950s-1960s-village-elementary-school-teachers-Evangelos-and-Matina-Tsembelis.jpg\" class=\"wd-gallery-image image-15 attachment-full\" alt=\"\" title=\"Rewarding our elementary school (1950s-1960s) teachers, Evangelos and Matina Tsembelis of the village (Poulithra) elementary  school, during  Easter 2009, in Poulithra, Arcadia, Greece\" srcset=\"https:\/\/hardouvelis.gr\/wp-content\/uploads\/2021\/04\/Easter-2009_Rewarding_our_Poulithra-Arcadia-Greece-1950s-1960s-village-elementary-school-teachers-Evangelos-and-Matina-Tsembelis.jpg 4224w, https:\/\/hardouvelis.gr\/wp-content\/uploads\/2021\/04\/Easter-2009_Rewarding_our_Poulithra-Arcadia-Greece-1950s-1960s-village-elementary-school-teachers-Evangelos-and-Matina-Tsembelis-300x225.jpg 300w, https:\/\/hardouvelis.gr\/wp-content\/uploads\/2021\/04\/Easter-2009_Rewarding_our_Poulithra-Arcadia-Greece-1950s-1960s-village-elementary-school-teachers-Evangelos-and-Matina-Tsembelis-768x576.jpg 768w, https:\/\/hardouvelis.gr\/wp-content\/uploads\/2021\/04\/Easter-2009_Rewarding_our_Poulithra-Arcadia-Greece-1950s-1960s-village-elementary-school-teachers-Evangelos-and-Matina-Tsembelis-1024x768.jpg 1024w, https:\/\/hardouvelis.gr\/wp-content\/uploads\/2021\/04\/Easter-2009_Rewarding_our_Poulithra-Arcadia-Greece-1950s-1960s-village-elementary-school-teachers-Evangelos-and-Matina-Tsembelis-350x263.jpg 350w, https:\/\/hardouvelis.gr\/wp-content\/uploads\/2021\/04\/Easter-2009_Rewarding_our_Poulithra-Arcadia-Greece-1950s-1960s-village-elementary-school-teachers-Evangelos-and-Matina-Tsembelis-780x586.jpg 780w, https:\/\/hardouvelis.gr\/wp-content\/uploads\/2021\/04\/Easter-2009_Rewarding_our_Poulithra-Arcadia-Greece-1950s-1960s-village-elementary-school-teachers-Evangelos-and-Matina-Tsembelis-250x188.jpg 250w\" sizes=\"auto, (max-width: 4224px) 100vw, 4224px\" \/>\t\t\t\t\t\t\t\t\n\n\t\t\t\t\t\t\t\t\t\t\t\t\t\t\t<\/a>\n\t\t\t\t\t\t\t\t\t\t\t\t<\/div>\n\t\t\t\t\t\t\t\t\t\t\t<div class=\"wd-gallery-item\">\n\t\t\t\t\t\t\t\t\t\t\t\t\t\t<a href=\"https:\/\/hardouvelis.gr\/wp-content\/uploads\/2021\/04\/Gikas-Hardouvelis-Leonidio-Arcadia-Greece-2009.jpg\" data-elementor-open-lightbox=\"no\" data-index=\"16\" data-width=\"520\" data-height=\"683\"  title=\"Unveiling the Mayor of 25 years  Stylianos Merikakis\u2019 statue at Leonidio, on May 31, 2009.  From left: Mayor Dimitris Tsigounis and Gikas Hardouvelis, in Leonidion, Arcadia, Greece\">\n\t\t\t\t\t\t\t\t\n\t\t\t\t\t\t\t\t\t\t\t\t\t\t\t\t\t<img loading=\"lazy\" decoding=\"async\" width=\"520\" height=\"683\" src=\"https:\/\/hardouvelis.gr\/wp-content\/uploads\/2021\/04\/Gikas-Hardouvelis-Leonidio-Arcadia-Greece-2009.jpg\" class=\"wd-gallery-image image-16 attachment-full\" alt=\"\" title=\"Unveiling the Mayor of 25 years  Stylianos Merikakis\u2019 statue at Leonidio, on May 31, 2009.  From left: Mayor Dimitris Tsigounis and Gikas Hardouvelis, in Leonidion, Arcadia, Greece\" srcset=\"https:\/\/hardouvelis.gr\/wp-content\/uploads\/2021\/04\/Gikas-Hardouvelis-Leonidio-Arcadia-Greece-2009.jpg 520w, https:\/\/hardouvelis.gr\/wp-content\/uploads\/2021\/04\/Gikas-Hardouvelis-Leonidio-Arcadia-Greece-2009-228x300.jpg 228w\" sizes=\"auto, (max-width: 520px) 100vw, 520px\" \/>\t\t\t\t\t\t\t\t\n\n\t\t\t\t\t\t\t\t\t\t\t\t\t\t\t<\/a>\n\t\t\t\t\t\t\t\t\t\t\t\t<\/div>\n\t\t\t\t\t\t\t\t\t\t\t<div class=\"wd-gallery-item\">\n\t\t\t\t\t\t\t\t\t\t\t\t\t\t<a href=\"https:\/\/hardouvelis.gr\/wp-content\/uploads\/2021\/04\/Gikas-Hardouvelis_speech_-Leonidio-Arcadia-Greece-2009.jpg\" data-elementor-open-lightbox=\"no\" data-index=\"17\" data-width=\"912\" data-height=\"626\"  title=\"Gikas Hardouvelis discusses  the Mayor Stylianos Merikakis\u2019 25-year contribution to the local region and community, on May 31, 2009, in Leonidion, Arcadia, Greece\">\n\t\t\t\t\t\t\t\t\n\t\t\t\t\t\t\t\t\t\t\t\t\t\t\t\t\t<img loading=\"lazy\" decoding=\"async\" width=\"912\" height=\"626\" src=\"https:\/\/hardouvelis.gr\/wp-content\/uploads\/2021\/04\/Gikas-Hardouvelis_speech_-Leonidio-Arcadia-Greece-2009.jpg\" class=\"wd-gallery-image image-17 attachment-full\" alt=\"\" title=\"Gikas Hardouvelis discusses  the Mayor Stylianos Merikakis\u2019 25-year contribution to the local region and community, on May 31, 2009, in Leonidion, Arcadia, Greece\" srcset=\"https:\/\/hardouvelis.gr\/wp-content\/uploads\/2021\/04\/Gikas-Hardouvelis_speech_-Leonidio-Arcadia-Greece-2009.jpg 912w, https:\/\/hardouvelis.gr\/wp-content\/uploads\/2021\/04\/Gikas-Hardouvelis_speech_-Leonidio-Arcadia-Greece-2009-300x206.jpg 300w, https:\/\/hardouvelis.gr\/wp-content\/uploads\/2021\/04\/Gikas-Hardouvelis_speech_-Leonidio-Arcadia-Greece-2009-768x527.jpg 768w\" sizes=\"auto, (max-width: 912px) 100vw, 912px\" \/>\t\t\t\t\t\t\t\t\n\n\t\t\t\t\t\t\t\t\t\t\t\t\t\t\t<\/a>\n\t\t\t\t\t\t\t\t\t\t\t\t<\/div>\n\t\t\t\t\t\t\t\t\t\t\t<div class=\"wd-gallery-item\">\n\t\t\t\t\t\t\t\t\t\t\t\t\t\t<a href=\"https:\/\/hardouvelis.gr\/wp-content\/uploads\/2021\/04\/ANATOLIA.jpg\" data-elementor-open-lightbox=\"no\" data-index=\"18\" data-width=\"4224\" data-height=\"3168\"  title=\"Gikas Hardouvelis being nominated the \u201cAlumnus of the Year 2010\u201d by Anatolia College, in recognition of his outstanding accomplishments and contribution to his Alma Mater\u2019s ideals and vision, on May 29, 2010, in Thessaloniki, Greece\">\n\t\t\t\t\t\t\t\t\n\t\t\t\t\t\t\t\t\t\t\t\t\t\t\t\t\t<img loading=\"lazy\" decoding=\"async\" width=\"4224\" height=\"3168\" src=\"https:\/\/hardouvelis.gr\/wp-content\/uploads\/2021\/04\/ANATOLIA.jpg\" class=\"wd-gallery-image image-18 attachment-full\" alt=\"\" title=\"Gikas Hardouvelis being nominated the \u201cAlumnus of the Year 2010\u201d by Anatolia College, in recognition of his outstanding accomplishments and contribution to his Alma Mater\u2019s ideals and vision, on May 29, 2010, in Thessaloniki, Greece\" srcset=\"https:\/\/hardouvelis.gr\/wp-content\/uploads\/2021\/04\/ANATOLIA.jpg 4224w, https:\/\/hardouvelis.gr\/wp-content\/uploads\/2021\/04\/ANATOLIA-300x225.jpg 300w, https:\/\/hardouvelis.gr\/wp-content\/uploads\/2021\/04\/ANATOLIA-768x576.jpg 768w, https:\/\/hardouvelis.gr\/wp-content\/uploads\/2021\/04\/ANATOLIA-1024x768.jpg 1024w, https:\/\/hardouvelis.gr\/wp-content\/uploads\/2021\/04\/ANATOLIA-350x263.jpg 350w, https:\/\/hardouvelis.gr\/wp-content\/uploads\/2021\/04\/ANATOLIA-780x586.jpg 780w, https:\/\/hardouvelis.gr\/wp-content\/uploads\/2021\/04\/ANATOLIA-250x188.jpg 250w\" sizes=\"auto, (max-width: 4224px) 100vw, 4224px\" \/>\t\t\t\t\t\t\t\t\n\n\t\t\t\t\t\t\t\t\t\t\t\t\t\t\t<\/a>\n\t\t\t\t\t\t\t\t\t\t\t\t<\/div>\n\t\t\t\t\t\t\t\t\t\t\t<div class=\"wd-gallery-item\">\n\t\t\t\t\t\t\t\t\t\t\t\t\t\t<a href=\"https:\/\/hardouvelis.gr\/wp-content\/uploads\/2021\/04\/ANATOLIA-1.jpg\" data-elementor-open-lightbox=\"no\" data-index=\"19\" data-width=\"3591\" data-height=\"2457\"  title=\"ANATGikas Hardouvelis being nominated   the \u201cAlumnus of the Year 2010\u201d by Anatolia College, in recognition of his outstanding accomplishments and contribution to his Alma Mater\u2019s ideals and vision, on May 29, 2010, in Thessaloniki, GreeceOLIA (1)\">\n\t\t\t\t\t\t\t\t\n\t\t\t\t\t\t\t\t\t\t\t\t\t\t\t\t\t<img loading=\"lazy\" decoding=\"async\" width=\"3591\" height=\"2457\" src=\"https:\/\/hardouvelis.gr\/wp-content\/uploads\/2021\/04\/ANATOLIA-1.jpg\" class=\"wd-gallery-image image-19 attachment-full\" alt=\"\" title=\"ANATGikas Hardouvelis being nominated   the \u201cAlumnus of the Year 2010\u201d by Anatolia College, in recognition of his outstanding accomplishments and contribution to his Alma Mater\u2019s ideals and vision, on May 29, 2010, in Thessaloniki, GreeceOLIA (1)\" srcset=\"https:\/\/hardouvelis.gr\/wp-content\/uploads\/2021\/04\/ANATOLIA-1.jpg 3591w, https:\/\/hardouvelis.gr\/wp-content\/uploads\/2021\/04\/ANATOLIA-1-300x205.jpg 300w, https:\/\/hardouvelis.gr\/wp-content\/uploads\/2021\/04\/ANATOLIA-1-768x525.jpg 768w, https:\/\/hardouvelis.gr\/wp-content\/uploads\/2021\/04\/ANATOLIA-1-1024x701.jpg 1024w\" sizes=\"auto, (max-width: 3591px) 100vw, 3591px\" \/>\t\t\t\t\t\t\t\t\n\n\t\t\t\t\t\t\t\t\t\t\t\t\t\t\t<\/a>\n\t\t\t\t\t\t\t\t\t\t\t\t<\/div>\n\t\t\t\t\t\t\t\t\t\t\t<div class=\"wd-gallery-item\">\n\t\t\t\t\t\t\t\t\t\t\t\t\t\t<a href=\"https:\/\/hardouvelis.gr\/wp-content\/uploads\/2021\/04\/Gikas-Hardouvelis-speaker-at-American-Hellenic-Chamber-of-Commerce-2009.jpg\" data-elementor-open-lightbox=\"no\" data-index=\"20\" data-width=\"541\" data-height=\"768\"  title=\"Gikas Hardouvelis speaks on \u201cGreek banks after the crisis,\u201d during the American Hellenic Chamber of Commerce Conference on the Greek economy, on December 1, 2009, in Athens, Greece.\">\n\t\t\t\t\t\t\t\t\n\t\t\t\t\t\t\t\t\t\t\t\t\t\t\t\t\t<img loading=\"lazy\" decoding=\"async\" width=\"541\" height=\"768\" src=\"https:\/\/hardouvelis.gr\/wp-content\/uploads\/2021\/04\/Gikas-Hardouvelis-speaker-at-American-Hellenic-Chamber-of-Commerce-2009.jpg\" class=\"wd-gallery-image image-20 attachment-full\" alt=\"\" title=\"Gikas Hardouvelis speaks on \u201cGreek banks after the crisis,\u201d during the American Hellenic Chamber of Commerce Conference on the Greek economy, on December 1, 2009, in Athens, Greece.\" srcset=\"https:\/\/hardouvelis.gr\/wp-content\/uploads\/2021\/04\/Gikas-Hardouvelis-speaker-at-American-Hellenic-Chamber-of-Commerce-2009.jpg 541w, https:\/\/hardouvelis.gr\/wp-content\/uploads\/2021\/04\/Gikas-Hardouvelis-speaker-at-American-Hellenic-Chamber-of-Commerce-2009-211x300.jpg 211w\" sizes=\"auto, (max-width: 541px) 100vw, 541px\" \/>\t\t\t\t\t\t\t\t\n\n\t\t\t\t\t\t\t\t\t\t\t\t\t\t\t<\/a>\n\t\t\t\t\t\t\t\t\t\t\t\t<\/div>\n\t\t\t\t\t\t\t\t\t\t\t<div class=\"wd-gallery-item\">\n\t\t\t\t\t\t\t\t\t\t\t\t\t\t<a href=\"https:\/\/hardouvelis.gr\/wp-content\/uploads\/2021\/04\/\u0397\u03bc\u03b5\u03c1\u03af\u03b4\u03b1-\u03a3\u03c5\u03bd\u03b4\u03ad\u03c3\u03bc\u03bf\u03c5-\u0395\u03ba\u03c0\u03c1\u03bf\u03c3\u03ce\u03c0\u03c9\u03bd-\u03ba\u03b1\u03b9-\u03a3\u03c4\u03b5\u03bb\u03b5\u03c7\u03ce\u03bd-\u0391\u03c6\u03b1\u03bb\u03b9\u03c3\u03c4\u03b9\u03ba\u03ce\u03bd-\u0395\u03c4\u03b1\u03b9\u03c1\u03b9\u03ce\u03bd-27.1.2010-6.jpg\" data-elementor-open-lightbox=\"no\" data-index=\"21\" data-width=\"809\" data-height=\"557\"  title=\"Gikas Hardouvelis\u2019 lecture: \u201cGlobal Crisis &amp; Greek Financial System\u201d at SESAE (Association of Representatives &amp; Executives of Insurance Companies) Conference, January 27, 2010, Thessaloniki, Greece\">\n\t\t\t\t\t\t\t\t\n\t\t\t\t\t\t\t\t\t\t\t\t\t\t\t\t\t<img loading=\"lazy\" decoding=\"async\" width=\"809\" height=\"557\" src=\"https:\/\/hardouvelis.gr\/wp-content\/uploads\/2021\/04\/\u0397\u03bc\u03b5\u03c1\u03af\u03b4\u03b1-\u03a3\u03c5\u03bd\u03b4\u03ad\u03c3\u03bc\u03bf\u03c5-\u0395\u03ba\u03c0\u03c1\u03bf\u03c3\u03ce\u03c0\u03c9\u03bd-\u03ba\u03b1\u03b9-\u03a3\u03c4\u03b5\u03bb\u03b5\u03c7\u03ce\u03bd-\u0391\u03c6\u03b1\u03bb\u03b9\u03c3\u03c4\u03b9\u03ba\u03ce\u03bd-\u0395\u03c4\u03b1\u03b9\u03c1\u03b9\u03ce\u03bd-27.1.2010-6.jpg\" class=\"wd-gallery-image image-21 attachment-full\" alt=\"\" title=\"Gikas Hardouvelis\u2019 lecture: \u201cGlobal Crisis &amp; Greek Financial System\u201d at SESAE (Association of Representatives &amp; Executives of Insurance Companies) Conference, January 27, 2010, Thessaloniki, Greece\" srcset=\"https:\/\/hardouvelis.gr\/wp-content\/uploads\/2021\/04\/\u0397\u03bc\u03b5\u03c1\u03af\u03b4\u03b1-\u03a3\u03c5\u03bd\u03b4\u03ad\u03c3\u03bc\u03bf\u03c5-\u0395\u03ba\u03c0\u03c1\u03bf\u03c3\u03ce\u03c0\u03c9\u03bd-\u03ba\u03b1\u03b9-\u03a3\u03c4\u03b5\u03bb\u03b5\u03c7\u03ce\u03bd-\u0391\u03c6\u03b1\u03bb\u03b9\u03c3\u03c4\u03b9\u03ba\u03ce\u03bd-\u0395\u03c4\u03b1\u03b9\u03c1\u03b9\u03ce\u03bd-27.1.2010-6.jpg 809w, https:\/\/hardouvelis.gr\/wp-content\/uploads\/2021\/04\/\u0397\u03bc\u03b5\u03c1\u03af\u03b4\u03b1-\u03a3\u03c5\u03bd\u03b4\u03ad\u03c3\u03bc\u03bf\u03c5-\u0395\u03ba\u03c0\u03c1\u03bf\u03c3\u03ce\u03c0\u03c9\u03bd-\u03ba\u03b1\u03b9-\u03a3\u03c4\u03b5\u03bb\u03b5\u03c7\u03ce\u03bd-\u0391\u03c6\u03b1\u03bb\u03b9\u03c3\u03c4\u03b9\u03ba\u03ce\u03bd-\u0395\u03c4\u03b1\u03b9\u03c1\u03b9\u03ce\u03bd-27.1.2010-6-300x207.jpg 300w, https:\/\/hardouvelis.gr\/wp-content\/uploads\/2021\/04\/\u0397\u03bc\u03b5\u03c1\u03af\u03b4\u03b1-\u03a3\u03c5\u03bd\u03b4\u03ad\u03c3\u03bc\u03bf\u03c5-\u0395\u03ba\u03c0\u03c1\u03bf\u03c3\u03ce\u03c0\u03c9\u03bd-\u03ba\u03b1\u03b9-\u03a3\u03c4\u03b5\u03bb\u03b5\u03c7\u03ce\u03bd-\u0391\u03c6\u03b1\u03bb\u03b9\u03c3\u03c4\u03b9\u03ba\u03ce\u03bd-\u0395\u03c4\u03b1\u03b9\u03c1\u03b9\u03ce\u03bd-27.1.2010-6-768x529.jpg 768w\" sizes=\"auto, (max-width: 809px) 100vw, 809px\" \/>\t\t\t\t\t\t\t\t\n\n\t\t\t\t\t\t\t\t\t\t\t\t\t\t\t<\/a>\n\t\t\t\t\t\t\t\t\t\t\t\t<\/div>\n\t\t\t\t\t\t\t\t\t\t\t\t<\/div>\n\t\t<\/div>\n\t\t\t\t[\/vc_tta_section][vc_tta_section title=&#8221;2008 &#8211; 2005&#8243; tab_id=&#8221;1684153288753-a022fc37-391d&#8221;]\t\t<div id=\"gallery_141\" class=\"wd-images-gallery wd-rs-646223e464bf5 wd-justify-center wd-items-middle view-justified photoswipe-images\" >\n\t\t\t<div class=\"gallery-images\">\n\t\t\t\t\t\t\t\t\t\t\t\t\t\t\t<div class=\"wd-gallery-item\">\n\t\t\t\t\t\t\t\t\t\t\t\t\t\t<a href=\"https:\/\/hardouvelis.gr\/wp-content\/uploads\/2021\/04\/Gikas-Hardouvelis-with-Nobel-Laureate-Myron-Scholes_EFA-CONF-Aug-2008-1.jpg\" data-elementor-open-lightbox=\"no\" data-index=\"1\" data-width=\"961\" data-height=\"664\"  title=\"Gikas Hardouvelis with Nobel Laureate Myron Scholes at the 35th Annual Meeting of the European Finance Association, on August 27, 2008, in Athens, Greece\">\n\t\t\t\t\t\t\t\t\n\t\t\t\t\t\t\t\t\t\t\t\t\t\t\t\t\t<img loading=\"lazy\" decoding=\"async\" width=\"961\" height=\"664\" src=\"https:\/\/hardouvelis.gr\/wp-content\/uploads\/2021\/04\/Gikas-Hardouvelis-with-Nobel-Laureate-Myron-Scholes_EFA-CONF-Aug-2008-1.jpg\" class=\"wd-gallery-image image-1 attachment-full\" alt=\"\" title=\"Gikas Hardouvelis with Nobel Laureate Myron Scholes at the 35th Annual Meeting of the European Finance Association, on August 27, 2008, in Athens, Greece\" srcset=\"https:\/\/hardouvelis.gr\/wp-content\/uploads\/2021\/04\/Gikas-Hardouvelis-with-Nobel-Laureate-Myron-Scholes_EFA-CONF-Aug-2008-1.jpg 961w, https:\/\/hardouvelis.gr\/wp-content\/uploads\/2021\/04\/Gikas-Hardouvelis-with-Nobel-Laureate-Myron-Scholes_EFA-CONF-Aug-2008-1-300x207.jpg 300w, https:\/\/hardouvelis.gr\/wp-content\/uploads\/2021\/04\/Gikas-Hardouvelis-with-Nobel-Laureate-Myron-Scholes_EFA-CONF-Aug-2008-1-768x531.jpg 768w\" sizes=\"auto, (max-width: 961px) 100vw, 961px\" \/>\t\t\t\t\t\t\t\t\n\n\t\t\t\t\t\t\t\t\t\t\t\t\t\t\t<\/a>\n\t\t\t\t\t\t\t\t\t\t\t\t<\/div>\n\t\t\t\t\t\t\t\t\t\t\t<div class=\"wd-gallery-item\">\n\t\t\t\t\t\t\t\t\t\t\t\t\t\t<a href=\"https:\/\/hardouvelis.gr\/wp-content\/uploads\/2021\/04\/Gikas-Hardouvelis-with-Nobel-Laureate-Myron-Scholes_EFA-CONF-Aug-2008.jpg\" data-elementor-open-lightbox=\"no\" data-index=\"2\" data-width=\"425\" data-height=\"283\"  title=\"Gikas Hardouvelis with Nobel Laureate Myron Scholes at the 35th Annual Meeting of the European Finance Association, on August 27, 2008, in Athens, Greece\">\n\t\t\t\t\t\t\t\t\n\t\t\t\t\t\t\t\t\t\t\t\t\t\t\t\t\t<img loading=\"lazy\" decoding=\"async\" width=\"425\" height=\"283\" src=\"https:\/\/hardouvelis.gr\/wp-content\/uploads\/2021\/04\/Gikas-Hardouvelis-with-Nobel-Laureate-Myron-Scholes_EFA-CONF-Aug-2008.jpg\" class=\"wd-gallery-image image-2 attachment-full\" alt=\"\" title=\"Gikas Hardouvelis with Nobel Laureate Myron Scholes at the 35th Annual Meeting of the European Finance Association, on August 27, 2008, in Athens, Greece\" srcset=\"https:\/\/hardouvelis.gr\/wp-content\/uploads\/2021\/04\/Gikas-Hardouvelis-with-Nobel-Laureate-Myron-Scholes_EFA-CONF-Aug-2008.jpg 425w, https:\/\/hardouvelis.gr\/wp-content\/uploads\/2021\/04\/Gikas-Hardouvelis-with-Nobel-Laureate-Myron-Scholes_EFA-CONF-Aug-2008-300x200.jpg 300w, https:\/\/hardouvelis.gr\/wp-content\/uploads\/2021\/04\/Gikas-Hardouvelis-with-Nobel-Laureate-Myron-Scholes_EFA-CONF-Aug-2008-272x182.jpg 272w\" sizes=\"auto, (max-width: 425px) 100vw, 425px\" \/>\t\t\t\t\t\t\t\t\n\n\t\t\t\t\t\t\t\t\t\t\t\t\t\t\t<\/a>\n\t\t\t\t\t\t\t\t\t\t\t\t<\/div>\n\t\t\t\t\t\t\t\t\t\t\t<div class=\"wd-gallery-item\">\n\t\t\t\t\t\t\t\t\t\t\t\t\t\t<a href=\"https:\/\/hardouvelis.gr\/wp-content\/uploads\/2021\/05\/with-Greenspan.jpg\" data-elementor-open-lightbox=\"no\" data-index=\"3\" data-width=\"1006\" data-height=\"692\"  title=\"Gikas Hardouvelis, as the moderator of the Capital Leaders Forum: \u201cInterviewing Alan Greenspan\u201d, in live connection with Alan Greenspan, on May 20, 2008, in the Athens Music Hall, Athens, Greece.\">\n\t\t\t\t\t\t\t\t\n\t\t\t\t\t\t\t\t\t\t\t\t\t\t\t\t\t<img loading=\"lazy\" decoding=\"async\" width=\"1006\" height=\"692\" src=\"https:\/\/hardouvelis.gr\/wp-content\/uploads\/2021\/05\/with-Greenspan.jpg\" class=\"wd-gallery-image image-3 attachment-full\" alt=\"\" title=\"Gikas Hardouvelis, as the moderator of the Capital Leaders Forum: \u201cInterviewing Alan Greenspan\u201d, in live connection with Alan Greenspan, on May 20, 2008, in the Athens Music Hall, Athens, Greece.\" srcset=\"https:\/\/hardouvelis.gr\/wp-content\/uploads\/2021\/05\/with-Greenspan.jpg 1006w, https:\/\/hardouvelis.gr\/wp-content\/uploads\/2021\/05\/with-Greenspan-300x206.jpg 300w, https:\/\/hardouvelis.gr\/wp-content\/uploads\/2021\/05\/with-Greenspan-768x528.jpg 768w\" sizes=\"auto, (max-width: 1006px) 100vw, 1006px\" \/>\t\t\t\t\t\t\t\t\n\n\t\t\t\t\t\t\t\t\t\t\t\t\t\t\t<\/a>\n\t\t\t\t\t\t\t\t\t\t\t\t<\/div>\n\t\t\t\t\t\t\t\t\t\t\t<div class=\"wd-gallery-item\">\n\t\t\t\t\t\t\t\t\t\t\t\t\t\t<a href=\"https:\/\/hardouvelis.gr\/wp-content\/uploads\/2021\/05\/GH-with-Greenspan.jpg\" data-elementor-open-lightbox=\"no\" data-index=\"4\" data-width=\"624\" data-height=\"498\"  title=\"Gikas Hardouvelis, as the moderator of the Capital Leaders Forum: \u201cInterviewing Alan Greenspan\u201d, in live connection with Alan Greenspan, on May 20, 2008, in the Athens Music Hall, Athens, Greece.\">\n\t\t\t\t\t\t\t\t\n\t\t\t\t\t\t\t\t\t\t\t\t\t\t\t\t\t<img loading=\"lazy\" decoding=\"async\" width=\"624\" height=\"498\" src=\"https:\/\/hardouvelis.gr\/wp-content\/uploads\/2021\/05\/GH-with-Greenspan.jpg\" class=\"wd-gallery-image image-4 attachment-full\" alt=\"\" title=\"Gikas Hardouvelis, as the moderator of the Capital Leaders Forum: \u201cInterviewing Alan Greenspan\u201d, in live connection with Alan Greenspan, on May 20, 2008, in the Athens Music Hall, Athens, Greece.\" srcset=\"https:\/\/hardouvelis.gr\/wp-content\/uploads\/2021\/05\/GH-with-Greenspan.jpg 624w, https:\/\/hardouvelis.gr\/wp-content\/uploads\/2021\/05\/GH-with-Greenspan-300x239.jpg 300w\" sizes=\"auto, (max-width: 624px) 100vw, 624px\" \/>\t\t\t\t\t\t\t\t\n\n\t\t\t\t\t\t\t\t\t\t\t\t\t\t\t<\/a>\n\t\t\t\t\t\t\t\t\t\t\t\t<\/div>\n\t\t\t\t\t\t\t\t\t\t\t<div class=\"wd-gallery-item\">\n\t\t\t\t\t\t\t\t\t\t\t\t\t\t<a href=\"https:\/\/hardouvelis.gr\/wp-content\/uploads\/2021\/04\/1.with-Professor-Jeffrey-Sachs-in-EASE-conference.jpg\" data-elementor-open-lightbox=\"no\" data-index=\"5\" data-width=\"334\" data-height=\"468\"  title=\"Gikas Hardouvelis with Professor Jeffrey Sachs at EASE (Association of Chief Executive Officers) Conference, on May 19, 2005, in Athens, Greece\">\n\t\t\t\t\t\t\t\t\n\t\t\t\t\t\t\t\t\t\t\t\t\t\t\t\t\t<img loading=\"lazy\" decoding=\"async\" width=\"334\" height=\"468\" src=\"https:\/\/hardouvelis.gr\/wp-content\/uploads\/2021\/04\/1.with-Professor-Jeffrey-Sachs-in-EASE-conference.jpg\" class=\"wd-gallery-image image-5 attachment-full\" alt=\"\" title=\"Gikas Hardouvelis with Professor Jeffrey Sachs at EASE (Association of Chief Executive Officers) Conference, on May 19, 2005, in Athens, Greece\" srcset=\"https:\/\/hardouvelis.gr\/wp-content\/uploads\/2021\/04\/1.with-Professor-Jeffrey-Sachs-in-EASE-conference.jpg 334w, https:\/\/hardouvelis.gr\/wp-content\/uploads\/2021\/04\/1.with-Professor-Jeffrey-Sachs-in-EASE-conference-214x300.jpg 214w\" sizes=\"auto, (max-width: 334px) 100vw, 334px\" \/>\t\t\t\t\t\t\t\t\n\n\t\t\t\t\t\t\t\t\t\t\t\t\t\t\t<\/a>\n\t\t\t\t\t\t\t\t\t\t\t\t<\/div>\n\t\t\t\t\t\t\t\t\t\t\t<div class=\"wd-gallery-item\">\n\t\t\t\t\t\t\t\t\t\t\t\t\t\t<a href=\"https:\/\/hardouvelis.gr\/wp-content\/uploads\/2021\/04\/2.EASE-Conference-Pelagidis-Boutaris-Sachs-Hardouvelis-Bitros.jpg\" data-elementor-open-lightbox=\"no\" data-index=\"6\" data-width=\"627\" data-height=\"459\"  title=\"Gikas Hardouvelis, speaker at EASE (Association of Chief Executive Officers) Conference,(from left) Th. Pelagidis, Y. Boutaris, G. Hardouvelis, J. Sachs, G. Bitros, on May 19, 2005, in Athens, Greece\">\n\t\t\t\t\t\t\t\t\n\t\t\t\t\t\t\t\t\t\t\t\t\t\t\t\t\t<img loading=\"lazy\" decoding=\"async\" width=\"627\" height=\"459\" src=\"https:\/\/hardouvelis.gr\/wp-content\/uploads\/2021\/04\/2.EASE-Conference-Pelagidis-Boutaris-Sachs-Hardouvelis-Bitros.jpg\" class=\"wd-gallery-image image-6 attachment-full\" alt=\"\" title=\"Gikas Hardouvelis, speaker at EASE (Association of Chief Executive Officers) Conference,(from left) Th. Pelagidis, Y. Boutaris, G. Hardouvelis, J. Sachs, G. Bitros, on May 19, 2005, in Athens, Greece\" srcset=\"https:\/\/hardouvelis.gr\/wp-content\/uploads\/2021\/04\/2.EASE-Conference-Pelagidis-Boutaris-Sachs-Hardouvelis-Bitros.jpg 627w, https:\/\/hardouvelis.gr\/wp-content\/uploads\/2021\/04\/2.EASE-Conference-Pelagidis-Boutaris-Sachs-Hardouvelis-Bitros-300x220.jpg 300w\" sizes=\"auto, (max-width: 627px) 100vw, 627px\" \/>\t\t\t\t\t\t\t\t\n\n\t\t\t\t\t\t\t\t\t\t\t\t\t\t\t<\/a>\n\t\t\t\t\t\t\t\t\t\t\t\t<\/div>\n\t\t\t\t\t\t\t\t\t\t\t<div class=\"wd-gallery-item\">\n\t\t\t\t\t\t\t\t\t\t\t\t\t\t<a href=\"https:\/\/hardouvelis.gr\/wp-content\/uploads\/2021\/04\/1.awarding-Best-Paper-authors-in-2008-European-Finance-Association.jpg\" data-elementor-open-lightbox=\"no\" data-index=\"7\" data-width=\"622\" data-height=\"435\"  title=\"Prof. Gikas Hardouvelis presents the Best Conference Paper Prize to Prof. Amit Seru (left) and Prof. Vikrant  Vig (right) during  the 35th Annual Meeting of the European Finance Association, on August 27, 2008, in Athens, Greece\">\n\t\t\t\t\t\t\t\t\n\t\t\t\t\t\t\t\t\t\t\t\t\t\t\t\t\t<img loading=\"lazy\" decoding=\"async\" width=\"622\" height=\"435\" src=\"https:\/\/hardouvelis.gr\/wp-content\/uploads\/2021\/04\/1.awarding-Best-Paper-authors-in-2008-European-Finance-Association.jpg\" class=\"wd-gallery-image image-7 attachment-full\" alt=\"\" title=\"Prof. Gikas Hardouvelis presents the Best Conference Paper Prize to Prof. Amit Seru (left) and Prof. Vikrant  Vig (right) during  the 35th Annual Meeting of the European Finance Association, on August 27, 2008, in Athens, Greece\" srcset=\"https:\/\/hardouvelis.gr\/wp-content\/uploads\/2021\/04\/1.awarding-Best-Paper-authors-in-2008-European-Finance-Association.jpg 622w, https:\/\/hardouvelis.gr\/wp-content\/uploads\/2021\/04\/1.awarding-Best-Paper-authors-in-2008-European-Finance-Association-300x210.jpg 300w\" sizes=\"auto, (max-width: 622px) 100vw, 622px\" \/>\t\t\t\t\t\t\t\t\n\n\t\t\t\t\t\t\t\t\t\t\t\t\t\t\t<\/a>\n\t\t\t\t\t\t\t\t\t\t\t\t<\/div>\n\t\t\t\t\t\t\t\t\t\t\t<div class=\"wd-gallery-item\">\n\t\t\t\t\t\t\t\t\t\t\t\t\t\t<a href=\"https:\/\/hardouvelis.gr\/wp-content\/uploads\/2021\/04\/4.Multinational-Finance-Society-meetings-in-Athens.jpg\" data-elementor-open-lightbox=\"no\" data-index=\"8\" data-width=\"623\" data-height=\"424\"  title=\"Post conference  dinner during the Multinational Finance Society annual meetings in Athens, Greece\">\n\t\t\t\t\t\t\t\t\n\t\t\t\t\t\t\t\t\t\t\t\t\t\t\t\t\t<img loading=\"lazy\" decoding=\"async\" width=\"623\" height=\"424\" src=\"https:\/\/hardouvelis.gr\/wp-content\/uploads\/2021\/04\/4.Multinational-Finance-Society-meetings-in-Athens.jpg\" class=\"wd-gallery-image image-8 attachment-full\" alt=\"\" title=\"Post conference  dinner during the Multinational Finance Society annual meetings in Athens, Greece\" srcset=\"https:\/\/hardouvelis.gr\/wp-content\/uploads\/2021\/04\/4.Multinational-Finance-Society-meetings-in-Athens.jpg 623w, https:\/\/hardouvelis.gr\/wp-content\/uploads\/2021\/04\/4.Multinational-Finance-Society-meetings-in-Athens-300x204.jpg 300w\" sizes=\"auto, (max-width: 623px) 100vw, 623px\" \/>\t\t\t\t\t\t\t\t\n\n\t\t\t\t\t\t\t\t\t\t\t\t\t\t\t<\/a>\n\t\t\t\t\t\t\t\t\t\t\t\t<\/div>\n\t\t\t\t\t\t\t\t\t\t\t<div class=\"wd-gallery-item\">\n\t\t\t\t\t\t\t\t\t\t\t\t\t\t<a href=\"https:\/\/hardouvelis.gr\/wp-content\/uploads\/2021\/04\/August-2008-with-Professor-Maria-Vassalou-organizer-of-European-Finance-Association-meetings-in-Athens.jpg\" data-elementor-open-lightbox=\"no\" data-index=\"9\" data-width=\"337\" data-height=\"480\"  title=\"With Professor Maria Vassalou, organizer of the 35th Annual Meeting of the European Finance Association, on August 27, 2008, in Athens, Greece\">\n\t\t\t\t\t\t\t\t\n\t\t\t\t\t\t\t\t\t\t\t\t\t\t\t\t\t<img loading=\"lazy\" decoding=\"async\" width=\"337\" height=\"480\" src=\"https:\/\/hardouvelis.gr\/wp-content\/uploads\/2021\/04\/August-2008-with-Professor-Maria-Vassalou-organizer-of-European-Finance-Association-meetings-in-Athens.jpg\" class=\"wd-gallery-image image-9 attachment-full\" alt=\"\" title=\"With Professor Maria Vassalou, organizer of the 35th Annual Meeting of the European Finance Association, on August 27, 2008, in Athens, Greece\" srcset=\"https:\/\/hardouvelis.gr\/wp-content\/uploads\/2021\/04\/August-2008-with-Professor-Maria-Vassalou-organizer-of-European-Finance-Association-meetings-in-Athens.jpg 337w, https:\/\/hardouvelis.gr\/wp-content\/uploads\/2021\/04\/August-2008-with-Professor-Maria-Vassalou-organizer-of-European-Finance-Association-meetings-in-Athens-211x300.jpg 211w\" sizes=\"auto, (max-width: 337px) 100vw, 337px\" \/>\t\t\t\t\t\t\t\t\n\n\t\t\t\t\t\t\t\t\t\t\t\t\t\t\t<\/a>\n\t\t\t\t\t\t\t\t\t\t\t\t<\/div>\n\t\t\t\t\t\t\t\t\t\t\t<div class=\"wd-gallery-item\">\n\t\t\t\t\t\t\t\t\t\t\t\t\t\t<a href=\"https:\/\/hardouvelis.gr\/wp-content\/uploads\/2021\/04\/DSCN1860-1.jpg\" data-elementor-open-lightbox=\"no\" data-index=\"10\" data-width=\"2272\" data-height=\"1704\"  title=\"Dinner with Sa\u00efd Business School Professors after a seminar at the Sa\u00efd Business School, Oxford University,  on May 12, 2005,  UK\">\n\t\t\t\t\t\t\t\t\n\t\t\t\t\t\t\t\t\t\t\t\t\t\t\t\t\t<img loading=\"lazy\" decoding=\"async\" width=\"2272\" height=\"1704\" src=\"https:\/\/hardouvelis.gr\/wp-content\/uploads\/2021\/04\/DSCN1860-1.jpg\" class=\"wd-gallery-image image-10 attachment-full\" alt=\"\" title=\"Dinner with Sa\u00efd Business School Professors after a seminar at the Sa\u00efd Business School, Oxford University,  on May 12, 2005,  UK\" srcset=\"https:\/\/hardouvelis.gr\/wp-content\/uploads\/2021\/04\/DSCN1860-1.jpg 2272w, https:\/\/hardouvelis.gr\/wp-content\/uploads\/2021\/04\/DSCN1860-1-300x225.jpg 300w, https:\/\/hardouvelis.gr\/wp-content\/uploads\/2021\/04\/DSCN1860-1-768x576.jpg 768w, https:\/\/hardouvelis.gr\/wp-content\/uploads\/2021\/04\/DSCN1860-1-1024x768.jpg 1024w, https:\/\/hardouvelis.gr\/wp-content\/uploads\/2021\/04\/DSCN1860-1-350x263.jpg 350w, https:\/\/hardouvelis.gr\/wp-content\/uploads\/2021\/04\/DSCN1860-1-780x586.jpg 780w, https:\/\/hardouvelis.gr\/wp-content\/uploads\/2021\/04\/DSCN1860-1-250x188.jpg 250w\" sizes=\"auto, (max-width: 2272px) 100vw, 2272px\" \/>\t\t\t\t\t\t\t\t\n\n\t\t\t\t\t\t\t\t\t\t\t\t\t\t\t<\/a>\n\t\t\t\t\t\t\t\t\t\t\t\t<\/div>\n\t\t\t\t\t\t\t\t\t\t\t<div class=\"wd-gallery-item\">\n\t\t\t\t\t\t\t\t\t\t\t\t\t\t<a href=\"https:\/\/hardouvelis.gr\/wp-content\/uploads\/2021\/04\/3.Sept-23-2008-FT_Conference-in-Athens.jpg\" data-elementor-open-lightbox=\"no\" data-index=\"11\" data-width=\"3184\" data-height=\"2120\"  title=\"Gikas Hardouvelis speaker at Financial Times Conference: \u201cBanking on Greece: Maximizing opportunities for growth and expansion,\u201d on September 23, 2008, in Athens, Greece\">\n\t\t\t\t\t\t\t\t\n\t\t\t\t\t\t\t\t\t\t\t\t\t\t\t\t\t<img loading=\"lazy\" decoding=\"async\" width=\"3184\" height=\"2120\" src=\"https:\/\/hardouvelis.gr\/wp-content\/uploads\/2021\/04\/3.Sept-23-2008-FT_Conference-in-Athens.jpg\" class=\"wd-gallery-image image-11 attachment-full\" alt=\"\" title=\"Gikas Hardouvelis speaker at Financial Times Conference: \u201cBanking on Greece: Maximizing opportunities for growth and expansion,\u201d on September 23, 2008, in Athens, Greece\" srcset=\"https:\/\/hardouvelis.gr\/wp-content\/uploads\/2021\/04\/3.Sept-23-2008-FT_Conference-in-Athens.jpg 3184w, https:\/\/hardouvelis.gr\/wp-content\/uploads\/2021\/04\/3.Sept-23-2008-FT_Conference-in-Athens-300x200.jpg 300w, https:\/\/hardouvelis.gr\/wp-content\/uploads\/2021\/04\/3.Sept-23-2008-FT_Conference-in-Athens-768x511.jpg 768w, https:\/\/hardouvelis.gr\/wp-content\/uploads\/2021\/04\/3.Sept-23-2008-FT_Conference-in-Athens-1024x682.jpg 1024w, https:\/\/hardouvelis.gr\/wp-content\/uploads\/2021\/04\/3.Sept-23-2008-FT_Conference-in-Athens-272x182.jpg 272w\" sizes=\"auto, (max-width: 3184px) 100vw, 3184px\" \/>\t\t\t\t\t\t\t\t\n\n\t\t\t\t\t\t\t\t\t\t\t\t\t\t\t<\/a>\n\t\t\t\t\t\t\t\t\t\t\t\t<\/div>\n\t\t\t\t\t\t\t\t\t\t\t<div class=\"wd-gallery-item\">\n\t\t\t\t\t\t\t\t\t\t\t\t\t\t<a href=\"https:\/\/hardouvelis.gr\/wp-content\/uploads\/2021\/04\/0104.jpg\" data-elementor-open-lightbox=\"no\" data-index=\"12\" data-width=\"2246\" data-height=\"1498\"  title=\"Eurobank private banking speaker on June 2, 2008 at Anatolia College, in Thessaloniki, Greece\">\n\t\t\t\t\t\t\t\t\n\t\t\t\t\t\t\t\t\t\t\t\t\t\t\t\t\t<img loading=\"lazy\" decoding=\"async\" width=\"2246\" height=\"1498\" src=\"https:\/\/hardouvelis.gr\/wp-content\/uploads\/2021\/04\/0104.jpg\" class=\"wd-gallery-image image-12 attachment-full\" alt=\"\" title=\"Eurobank private banking speaker on June 2, 2008 at Anatolia College, in Thessaloniki, Greece\" srcset=\"https:\/\/hardouvelis.gr\/wp-content\/uploads\/2021\/04\/0104.jpg 2246w, https:\/\/hardouvelis.gr\/wp-content\/uploads\/2021\/04\/0104-300x200.jpg 300w, https:\/\/hardouvelis.gr\/wp-content\/uploads\/2021\/04\/0104-768x512.jpg 768w, https:\/\/hardouvelis.gr\/wp-content\/uploads\/2021\/04\/0104-1024x683.jpg 1024w, https:\/\/hardouvelis.gr\/wp-content\/uploads\/2021\/04\/0104-272x182.jpg 272w\" sizes=\"auto, (max-width: 2246px) 100vw, 2246px\" \/>\t\t\t\t\t\t\t\t\n\n\t\t\t\t\t\t\t\t\t\t\t\t\t\t\t<\/a>\n\t\t\t\t\t\t\t\t\t\t\t\t<\/div>\n\t\t\t\t\t\t\t\t\t\t\t<div class=\"wd-gallery-item\">\n\t\t\t\t\t\t\t\t\t\t\t\t\t\t<a href=\"https:\/\/hardouvelis.gr\/wp-content\/uploads\/2021\/04\/0124.jpg\" data-elementor-open-lightbox=\"no\" data-index=\"13\" data-width=\"2246\" data-height=\"1498\"  title=\"The Anatolia audience of a Eurobank Private Banking conference on June 2, 2008 at Anatolia College, in Thessaloniki, Greece\">\n\t\t\t\t\t\t\t\t\n\t\t\t\t\t\t\t\t\t\t\t\t\t\t\t\t\t<img loading=\"lazy\" decoding=\"async\" width=\"2246\" height=\"1498\" src=\"https:\/\/hardouvelis.gr\/wp-content\/uploads\/2021\/04\/0124.jpg\" class=\"wd-gallery-image image-13 attachment-full\" alt=\"\" title=\"The Anatolia audience of a Eurobank Private Banking conference on June 2, 2008 at Anatolia College, in Thessaloniki, Greece\" srcset=\"https:\/\/hardouvelis.gr\/wp-content\/uploads\/2021\/04\/0124.jpg 2246w, https:\/\/hardouvelis.gr\/wp-content\/uploads\/2021\/04\/0124-300x200.jpg 300w, https:\/\/hardouvelis.gr\/wp-content\/uploads\/2021\/04\/0124-768x512.jpg 768w, https:\/\/hardouvelis.gr\/wp-content\/uploads\/2021\/04\/0124-1024x683.jpg 1024w, https:\/\/hardouvelis.gr\/wp-content\/uploads\/2021\/04\/0124-272x182.jpg 272w\" sizes=\"auto, (max-width: 2246px) 100vw, 2246px\" \/>\t\t\t\t\t\t\t\t\n\n\t\t\t\t\t\t\t\t\t\t\t\t\t\t\t<\/a>\n\t\t\t\t\t\t\t\t\t\t\t\t<\/div>\n\t\t\t\t\t\t\t\t\t\t\t<div class=\"wd-gallery-item\">\n\t\t\t\t\t\t\t\t\t\t\t\t\t\t<a href=\"https:\/\/hardouvelis.gr\/wp-content\/uploads\/2021\/04\/Jan-20-2006-Eurobank-Research-Department-Conference-on-Real-Estate.jpg\" data-elementor-open-lightbox=\"no\" data-index=\"14\" data-width=\"2244\" data-height=\"1500\"  title=\"Global Real Estate conference organized by the Eurobank Research Department on January 20, 2006 in Athens, Greece.  Group photo, from left: K. Tsatsaronis, I. Markus, N. Karamouzis, N. Nanopoulos, D. Malliaropulos, M. Iacoviello, G. Hardouvelis, J. McCarthy, F. Restoy, M. Walton\">\n\t\t\t\t\t\t\t\t\n\t\t\t\t\t\t\t\t\t\t\t\t\t\t\t\t\t<img loading=\"lazy\" decoding=\"async\" width=\"2244\" height=\"1500\" src=\"https:\/\/hardouvelis.gr\/wp-content\/uploads\/2021\/04\/Jan-20-2006-Eurobank-Research-Department-Conference-on-Real-Estate.jpg\" class=\"wd-gallery-image image-14 attachment-full\" alt=\"\" title=\"Global Real Estate conference organized by the Eurobank Research Department on January 20, 2006 in Athens, Greece.  Group photo, from left: K. Tsatsaronis, I. Markus, N. Karamouzis, N. Nanopoulos, D. Malliaropulos, M. Iacoviello, G. Hardouvelis, J. McCarthy, F. Restoy, M. Walton\" srcset=\"https:\/\/hardouvelis.gr\/wp-content\/uploads\/2021\/04\/Jan-20-2006-Eurobank-Research-Department-Conference-on-Real-Estate.jpg 2244w, https:\/\/hardouvelis.gr\/wp-content\/uploads\/2021\/04\/Jan-20-2006-Eurobank-Research-Department-Conference-on-Real-Estate-300x201.jpg 300w, https:\/\/hardouvelis.gr\/wp-content\/uploads\/2021\/04\/Jan-20-2006-Eurobank-Research-Department-Conference-on-Real-Estate-768x513.jpg 768w, https:\/\/hardouvelis.gr\/wp-content\/uploads\/2021\/04\/Jan-20-2006-Eurobank-Research-Department-Conference-on-Real-Estate-1024x684.jpg 1024w, https:\/\/hardouvelis.gr\/wp-content\/uploads\/2021\/04\/Jan-20-2006-Eurobank-Research-Department-Conference-on-Real-Estate-272x182.jpg 272w\" sizes=\"auto, (max-width: 2244px) 100vw, 2244px\" \/>\t\t\t\t\t\t\t\t\n\n\t\t\t\t\t\t\t\t\t\t\t\t\t\t\t<\/a>\n\t\t\t\t\t\t\t\t\t\t\t\t<\/div>\n\t\t\t\t\t\t\t\t\t\t\t<div class=\"wd-gallery-item\">\n\t\t\t\t\t\t\t\t\t\t\t\t\t\t<a href=\"https:\/\/hardouvelis.gr\/wp-content\/uploads\/2021\/04\/Jan-20-2006-MatteoIacoviello-Kostas-Tsatsaronis-Gikas-Hardouvelis-Fernando-Restoy.jpg\" data-elementor-open-lightbox=\"no\" data-index=\"15\" data-width=\"640\" data-height=\"433\"  title=\"Global Real Estate conference organized by the Eurobank Research Department on January 20, 2006 in Athens, Greece.  From left:  Matteo Iacoviello, Kostas Tsatsaronis, Gikas Hardouvelis, Fernando Restoy\">\n\t\t\t\t\t\t\t\t\n\t\t\t\t\t\t\t\t\t\t\t\t\t\t\t\t\t<img loading=\"lazy\" decoding=\"async\" width=\"640\" height=\"433\" src=\"https:\/\/hardouvelis.gr\/wp-content\/uploads\/2021\/04\/Jan-20-2006-MatteoIacoviello-Kostas-Tsatsaronis-Gikas-Hardouvelis-Fernando-Restoy.jpg\" class=\"wd-gallery-image image-15 attachment-full\" alt=\"\" title=\"Global Real Estate conference organized by the Eurobank Research Department on January 20, 2006 in Athens, Greece.  From left:  Matteo Iacoviello, Kostas Tsatsaronis, Gikas Hardouvelis, Fernando Restoy\" srcset=\"https:\/\/hardouvelis.gr\/wp-content\/uploads\/2021\/04\/Jan-20-2006-MatteoIacoviello-Kostas-Tsatsaronis-Gikas-Hardouvelis-Fernando-Restoy.jpg 640w, https:\/\/hardouvelis.gr\/wp-content\/uploads\/2021\/04\/Jan-20-2006-MatteoIacoviello-Kostas-Tsatsaronis-Gikas-Hardouvelis-Fernando-Restoy-300x203.jpg 300w\" sizes=\"auto, (max-width: 640px) 100vw, 640px\" \/>\t\t\t\t\t\t\t\t\n\n\t\t\t\t\t\t\t\t\t\t\t\t\t\t\t<\/a>\n\t\t\t\t\t\t\t\t\t\t\t\t<\/div>\n\t\t\t\t\t\t\t\t\t\t\t<div class=\"wd-gallery-item\">\n\t\t\t\t\t\t\t\t\t\t\t\t\t\t<a href=\"https:\/\/hardouvelis.gr\/wp-content\/uploads\/2021\/04\/5.KPMG-conference-on-Insurance.jpg\" data-elementor-open-lightbox=\"no\" data-index=\"16\" data-width=\"1623\" data-height=\"1189\"  title=\"Hardouvelis as a speaker at the KPMG 5th CFO Forum,  \u201cThe Business Environment in Greece: Risks and Opportunities,\u201d on May 23, 2006, in Athens, Greece\">\n\t\t\t\t\t\t\t\t\n\t\t\t\t\t\t\t\t\t\t\t\t\t\t\t\t\t<img loading=\"lazy\" decoding=\"async\" width=\"1623\" height=\"1189\" src=\"https:\/\/hardouvelis.gr\/wp-content\/uploads\/2021\/04\/5.KPMG-conference-on-Insurance.jpg\" class=\"wd-gallery-image image-16 attachment-full\" alt=\"\" title=\"Hardouvelis as a speaker at the KPMG 5th CFO Forum,  \u201cThe Business Environment in Greece: Risks and Opportunities,\u201d on May 23, 2006, in Athens, Greece\" srcset=\"https:\/\/hardouvelis.gr\/wp-content\/uploads\/2021\/04\/5.KPMG-conference-on-Insurance.jpg 1623w, https:\/\/hardouvelis.gr\/wp-content\/uploads\/2021\/04\/5.KPMG-conference-on-Insurance-300x220.jpg 300w, https:\/\/hardouvelis.gr\/wp-content\/uploads\/2021\/04\/5.KPMG-conference-on-Insurance-768x563.jpg 768w, https:\/\/hardouvelis.gr\/wp-content\/uploads\/2021\/04\/5.KPMG-conference-on-Insurance-1024x750.jpg 1024w\" sizes=\"auto, (max-width: 1623px) 100vw, 1623px\" \/>\t\t\t\t\t\t\t\t\n\n\t\t\t\t\t\t\t\t\t\t\t\t\t\t\t<\/a>\n\t\t\t\t\t\t\t\t\t\t\t\t<\/div>\n\t\t\t\t\t\t\t\t\t\t\t<div class=\"wd-gallery-item\">\n\t\t\t\t\t\t\t\t\t\t\t\t\t\t<a href=\"https:\/\/hardouvelis.gr\/wp-content\/uploads\/2021\/04\/Kitty-Michael-Dukakis-discuss-with-Gikas-Hardouvelis-and-Susan-Bezjian-Hardouvelis.jpg\" data-elementor-open-lightbox=\"no\" data-index=\"17\" data-width=\"626\" data-height=\"417\"  title=\"Kitty and Michael Dukakis in conversation with Gikas and Susan Bezjian Hardouvelis at the US embassy in Athens\">\n\t\t\t\t\t\t\t\t\n\t\t\t\t\t\t\t\t\t\t\t\t\t\t\t\t\t<img loading=\"lazy\" decoding=\"async\" width=\"626\" height=\"417\" src=\"https:\/\/hardouvelis.gr\/wp-content\/uploads\/2021\/04\/Kitty-Michael-Dukakis-discuss-with-Gikas-Hardouvelis-and-Susan-Bezjian-Hardouvelis.jpg\" class=\"wd-gallery-image image-17 attachment-full\" alt=\"\" title=\"Kitty and Michael Dukakis in conversation with Gikas and Susan Bezjian Hardouvelis at the US embassy in Athens\" srcset=\"https:\/\/hardouvelis.gr\/wp-content\/uploads\/2021\/04\/Kitty-Michael-Dukakis-discuss-with-Gikas-Hardouvelis-and-Susan-Bezjian-Hardouvelis.jpg 626w, https:\/\/hardouvelis.gr\/wp-content\/uploads\/2021\/04\/Kitty-Michael-Dukakis-discuss-with-Gikas-Hardouvelis-and-Susan-Bezjian-Hardouvelis-300x200.jpg 300w, https:\/\/hardouvelis.gr\/wp-content\/uploads\/2021\/04\/Kitty-Michael-Dukakis-discuss-with-Gikas-Hardouvelis-and-Susan-Bezjian-Hardouvelis-272x182.jpg 272w\" sizes=\"auto, (max-width: 626px) 100vw, 626px\" \/>\t\t\t\t\t\t\t\t\n\n\t\t\t\t\t\t\t\t\t\t\t\t\t\t\t<\/a>\n\t\t\t\t\t\t\t\t\t\t\t\t<\/div>\n\t\t\t\t\t\t\t\t\t\t\t<div class=\"wd-gallery-item\">\n\t\t\t\t\t\t\t\t\t\t\t\t\t\t<a href=\"https:\/\/hardouvelis.gr\/wp-content\/uploads\/2021\/04\/Gikas-Hardouvelis-with-Michael-Dukakis.jpg\" data-elementor-open-lightbox=\"no\" data-index=\"18\" data-width=\"614\" data-height=\"408\"  title=\"Gikas Hardouvelis with Michael Dukakis at the US embassy in Athens\">\n\t\t\t\t\t\t\t\t\n\t\t\t\t\t\t\t\t\t\t\t\t\t\t\t\t\t<img loading=\"lazy\" decoding=\"async\" width=\"614\" height=\"408\" src=\"https:\/\/hardouvelis.gr\/wp-content\/uploads\/2021\/04\/Gikas-Hardouvelis-with-Michael-Dukakis.jpg\" class=\"wd-gallery-image image-18 attachment-full\" alt=\"\" title=\"Gikas Hardouvelis with Michael Dukakis at the US embassy in Athens\" srcset=\"https:\/\/hardouvelis.gr\/wp-content\/uploads\/2021\/04\/Gikas-Hardouvelis-with-Michael-Dukakis.jpg 614w, https:\/\/hardouvelis.gr\/wp-content\/uploads\/2021\/04\/Gikas-Hardouvelis-with-Michael-Dukakis-300x199.jpg 300w, https:\/\/hardouvelis.gr\/wp-content\/uploads\/2021\/04\/Gikas-Hardouvelis-with-Michael-Dukakis-272x182.jpg 272w\" sizes=\"auto, (max-width: 614px) 100vw, 614px\" \/>\t\t\t\t\t\t\t\t\n\n\t\t\t\t\t\t\t\t\t\t\t\t\t\t\t<\/a>\n\t\t\t\t\t\t\t\t\t\t\t\t<\/div>\n\t\t\t\t\t\t\t\t\t\t\t<div class=\"wd-gallery-item\">\n\t\t\t\t\t\t\t\t\t\t\t\t\t\t<a href=\"https:\/\/hardouvelis.gr\/wp-content\/uploads\/2021\/05\/2806.jpg\" data-elementor-open-lightbox=\"no\" data-index=\"19\" data-width=\"1772\" data-height=\"1181\"  title=\"Gikas Hardouvelis giving a speech on the \u201cGlobal Financial Crisis and its Economic Impact\u201d at the American -Hellenic Chamber of Commerce, Thessaloniki, Greece, March 31, 2008\">\n\t\t\t\t\t\t\t\t\n\t\t\t\t\t\t\t\t\t\t\t\t\t\t\t\t\t<img loading=\"lazy\" decoding=\"async\" width=\"1772\" height=\"1181\" src=\"https:\/\/hardouvelis.gr\/wp-content\/uploads\/2021\/05\/2806.jpg\" class=\"wd-gallery-image image-19 attachment-full\" alt=\"\" title=\"Gikas Hardouvelis giving a speech on the \u201cGlobal Financial Crisis and its Economic Impact\u201d at the American -Hellenic Chamber of Commerce, Thessaloniki, Greece, March 31, 2008\" srcset=\"https:\/\/hardouvelis.gr\/wp-content\/uploads\/2021\/05\/2806.jpg 1772w, https:\/\/hardouvelis.gr\/wp-content\/uploads\/2021\/05\/2806-300x200.jpg 300w, https:\/\/hardouvelis.gr\/wp-content\/uploads\/2021\/05\/2806-768x512.jpg 768w, https:\/\/hardouvelis.gr\/wp-content\/uploads\/2021\/05\/2806-1024x682.jpg 1024w, https:\/\/hardouvelis.gr\/wp-content\/uploads\/2021\/05\/2806-272x182.jpg 272w\" sizes=\"auto, (max-width: 1772px) 100vw, 1772px\" \/>\t\t\t\t\t\t\t\t\n\n\t\t\t\t\t\t\t\t\t\t\t\t\t\t\t<\/a>\n\t\t\t\t\t\t\t\t\t\t\t\t<\/div>\n\t\t\t\t\t\t\t\t\t\t\t<div class=\"wd-gallery-item\">\n\t\t\t\t\t\t\t\t\t\t\t\t\t\t<a href=\"https:\/\/hardouvelis.gr\/wp-content\/uploads\/2021\/05\/2819.jpg\" data-elementor-open-lightbox=\"no\" data-index=\"20\" data-width=\"1772\" data-height=\"1181\"  title=\"Audience attending \u201cGlobal Financial Crisis and Economic Impact\u201d at American -Hellenic Chamber of Commerce Thessaloniki, March 31, 2008\">\n\t\t\t\t\t\t\t\t\n\t\t\t\t\t\t\t\t\t\t\t\t\t\t\t\t\t<img loading=\"lazy\" decoding=\"async\" width=\"1772\" height=\"1181\" src=\"https:\/\/hardouvelis.gr\/wp-content\/uploads\/2021\/05\/2819.jpg\" class=\"wd-gallery-image image-20 attachment-full\" alt=\"\" title=\"Audience attending \u201cGlobal Financial Crisis and Economic Impact\u201d at American -Hellenic Chamber of Commerce Thessaloniki, March 31, 2008\" srcset=\"https:\/\/hardouvelis.gr\/wp-content\/uploads\/2021\/05\/2819.jpg 1772w, https:\/\/hardouvelis.gr\/wp-content\/uploads\/2021\/05\/2819-300x200.jpg 300w, https:\/\/hardouvelis.gr\/wp-content\/uploads\/2021\/05\/2819-768x512.jpg 768w, https:\/\/hardouvelis.gr\/wp-content\/uploads\/2021\/05\/2819-1024x682.jpg 1024w, https:\/\/hardouvelis.gr\/wp-content\/uploads\/2021\/05\/2819-272x182.jpg 272w\" sizes=\"auto, (max-width: 1772px) 100vw, 1772px\" \/>\t\t\t\t\t\t\t\t\n\n\t\t\t\t\t\t\t\t\t\t\t\t\t\t\t<\/a>\n\t\t\t\t\t\t\t\t\t\t\t\t<\/div>\n\t\t\t\t\t\t\t\t\t\t\t<div class=\"wd-gallery-item\">\n\t\t\t\t\t\t\t\t\t\t\t\t\t\t<a href=\"https:\/\/hardouvelis.gr\/wp-content\/uploads\/2021\/05\/2815.jpg\" data-elementor-open-lightbox=\"no\" data-index=\"21\" data-width=\"1772\" data-height=\"1181\"  title=\"Audience attending \u201cGlobal Financial Crisis and Economic Impact\u201d at American -Hellenic Chamber of Commerce Thessaloniki, March 31, 2008\">\n\t\t\t\t\t\t\t\t\n\t\t\t\t\t\t\t\t\t\t\t\t\t\t\t\t\t<img loading=\"lazy\" decoding=\"async\" width=\"1772\" height=\"1181\" src=\"https:\/\/hardouvelis.gr\/wp-content\/uploads\/2021\/05\/2815.jpg\" class=\"wd-gallery-image image-21 attachment-full\" alt=\"\" title=\"Audience attending \u201cGlobal Financial Crisis and Economic Impact\u201d at American -Hellenic Chamber of Commerce Thessaloniki, March 31, 2008\" srcset=\"https:\/\/hardouvelis.gr\/wp-content\/uploads\/2021\/05\/2815.jpg 1772w, https:\/\/hardouvelis.gr\/wp-content\/uploads\/2021\/05\/2815-300x200.jpg 300w, https:\/\/hardouvelis.gr\/wp-content\/uploads\/2021\/05\/2815-768x512.jpg 768w, https:\/\/hardouvelis.gr\/wp-content\/uploads\/2021\/05\/2815-1024x682.jpg 1024w, https:\/\/hardouvelis.gr\/wp-content\/uploads\/2021\/05\/2815-272x182.jpg 272w\" sizes=\"auto, (max-width: 1772px) 100vw, 1772px\" \/>\t\t\t\t\t\t\t\t\n\n\t\t\t\t\t\t\t\t\t\t\t\t\t\t\t<\/a>\n\t\t\t\t\t\t\t\t\t\t\t\t<\/div>\n\t\t\t\t\t\t\t\t\t\t\t<div class=\"wd-gallery-item\">\n\t\t\t\t\t\t\t\t\t\t\t\t\t\t<a href=\"https:\/\/hardouvelis.gr\/wp-content\/uploads\/2021\/04\/Nikolopoulos-Hardouvelis-Stournaras-Mrsnik-American-Hellenic-Chamber-of-Commerce.jpg\" data-elementor-open-lightbox=\"no\" data-index=\"22\" data-width=\"640\" data-height=\"469\"  title=\"American Hellenic Chamber of Commerce, discussion on the International Financial Crisis, from Left:  Greg Nikolopoulos (moderator), Gikas Hardouvelis, Yannis Stournaras, and Marko Mrsnik,  on November 24, 2008, in Athens, Greece.\">\n\t\t\t\t\t\t\t\t\n\t\t\t\t\t\t\t\t\t\t\t\t\t\t\t\t\t<img loading=\"lazy\" decoding=\"async\" width=\"640\" height=\"469\" src=\"https:\/\/hardouvelis.gr\/wp-content\/uploads\/2021\/04\/Nikolopoulos-Hardouvelis-Stournaras-Mrsnik-American-Hellenic-Chamber-of-Commerce.jpg\" class=\"wd-gallery-image image-22 attachment-full\" alt=\"\" title=\"American Hellenic Chamber of Commerce, discussion on the International Financial Crisis, from Left:  Greg Nikolopoulos (moderator), Gikas Hardouvelis, Yannis Stournaras, and Marko Mrsnik,  on November 24, 2008, in Athens, Greece.\" srcset=\"https:\/\/hardouvelis.gr\/wp-content\/uploads\/2021\/04\/Nikolopoulos-Hardouvelis-Stournaras-Mrsnik-American-Hellenic-Chamber-of-Commerce.jpg 640w, https:\/\/hardouvelis.gr\/wp-content\/uploads\/2021\/04\/Nikolopoulos-Hardouvelis-Stournaras-Mrsnik-American-Hellenic-Chamber-of-Commerce-300x220.jpg 300w\" sizes=\"auto, (max-width: 640px) 100vw, 640px\" \/>\t\t\t\t\t\t\t\t\n\n\t\t\t\t\t\t\t\t\t\t\t\t\t\t\t<\/a>\n\t\t\t\t\t\t\t\t\t\t\t\t<\/div>\n\t\t\t\t\t\t\t\t\t\t\t\t<\/div>\n\t\t<\/div>\n\t\t\t\t[\/vc_tta_section][vc_tta_section title=&#8221;2004 &#8211; 2000&#8243; tab_id=&#8221;1684153584830-5d8c5d83-bec7&#8243;]\t\t<div id=\"gallery_983\" class=\"wd-images-gallery wd-rs-64622517136d6 wd-justify-center wd-items-middle view-justified photoswipe-images\" >\n\t\t\t<div class=\"gallery-images\">\n\t\t\t\t\t\t\t\t\t\t\t\t\t\t\t<div class=\"wd-gallery-item\">\n\t\t\t\t\t\t\t\t\t\t\t\t\t\t<a href=\"https:\/\/hardouvelis.gr\/wp-content\/uploads\/2021\/04\/June-3-2002-greeting-Mr.-ZHU-Rongji-Prime-Minister-of-the-Peoples-Republic-of-China-PM-Simitis-on-the-right.jpg\" data-elementor-open-lightbox=\"no\" data-index=\"1\" data-width=\"1639\" data-height=\"1186\"  title=\"Gikas Hardouvelis greeting Mr. Zhu Rongji, Premier of the People&#039;s Republic of China, and Costas Simitis, Greek Prime Minister (on the right), during an official visit in China, June 3, 2002, China\">\n\t\t\t\t\t\t\t\t\n\t\t\t\t\t\t\t\t\t\t\t\t\t\t\t\t\t<img loading=\"lazy\" decoding=\"async\" width=\"1639\" height=\"1186\" src=\"https:\/\/hardouvelis.gr\/wp-content\/uploads\/2021\/04\/June-3-2002-greeting-Mr.-ZHU-Rongji-Prime-Minister-of-the-Peoples-Republic-of-China-PM-Simitis-on-the-right.jpg\" class=\"wd-gallery-image image-1 attachment-full\" alt=\"\" title=\"Gikas Hardouvelis greeting Mr. Zhu Rongji, Premier of the People&#039;s Republic of China, and Costas Simitis, Greek Prime Minister (on the right), during an official visit in China, June 3, 2002, China\" srcset=\"https:\/\/hardouvelis.gr\/wp-content\/uploads\/2021\/04\/June-3-2002-greeting-Mr.-ZHU-Rongji-Prime-Minister-of-the-Peoples-Republic-of-China-PM-Simitis-on-the-right.jpg 1639w, https:\/\/hardouvelis.gr\/wp-content\/uploads\/2021\/04\/June-3-2002-greeting-Mr.-ZHU-Rongji-Prime-Minister-of-the-Peoples-Republic-of-China-PM-Simitis-on-the-right-300x217.jpg 300w, https:\/\/hardouvelis.gr\/wp-content\/uploads\/2021\/04\/June-3-2002-greeting-Mr.-ZHU-Rongji-Prime-Minister-of-the-Peoples-Republic-of-China-PM-Simitis-on-the-right-768x556.jpg 768w, https:\/\/hardouvelis.gr\/wp-content\/uploads\/2021\/04\/June-3-2002-greeting-Mr.-ZHU-Rongji-Prime-Minister-of-the-Peoples-Republic-of-China-PM-Simitis-on-the-right-1024x741.jpg 1024w\" sizes=\"auto, (max-width: 1639px) 100vw, 1639px\" \/>\t\t\t\t\t\t\t\t\n\n\t\t\t\t\t\t\t\t\t\t\t\t\t\t\t<\/a>\n\t\t\t\t\t\t\t\t\t\t\t\t<\/div>\n\t\t\t\t\t\t\t\t\t\t\t<div class=\"wd-gallery-item\">\n\t\t\t\t\t\t\t\t\t\t\t\t\t\t<a href=\"https:\/\/hardouvelis.gr\/wp-content\/uploads\/2021\/04\/June-3-2002-Greeting-Mr.-Jiang-Zemin-President-of-the-Peoples-Republic-of-China_-PM-Simitis-_For.-Min-Papandreou-in-the-background.jpg\" data-elementor-open-lightbox=\"no\" data-index=\"2\" data-width=\"1643\" data-height=\"1179\"  title=\"Gikas Hardouvelis greeting Mr. Jiang Zemin President of the People&#039;s Republic of China during an official visit in China with Costas Simitis, Greek Prime Minister (centre), and G. Papandreou, Minister of Foreign Affairs, June 3, 2002, China\">\n\t\t\t\t\t\t\t\t\n\t\t\t\t\t\t\t\t\t\t\t\t\t\t\t\t\t<img loading=\"lazy\" decoding=\"async\" width=\"1643\" height=\"1179\" src=\"https:\/\/hardouvelis.gr\/wp-content\/uploads\/2021\/04\/June-3-2002-Greeting-Mr.-Jiang-Zemin-President-of-the-Peoples-Republic-of-China_-PM-Simitis-_For.-Min-Papandreou-in-the-background.jpg\" class=\"wd-gallery-image image-2 attachment-full\" alt=\"\" title=\"Gikas Hardouvelis greeting Mr. Jiang Zemin President of the People&#039;s Republic of China during an official visit in China with Costas Simitis, Greek Prime Minister (centre), and G. Papandreou, Minister of Foreign Affairs, June 3, 2002, China\" srcset=\"https:\/\/hardouvelis.gr\/wp-content\/uploads\/2021\/04\/June-3-2002-Greeting-Mr.-Jiang-Zemin-President-of-the-Peoples-Republic-of-China_-PM-Simitis-_For.-Min-Papandreou-in-the-background.jpg 1643w, https:\/\/hardouvelis.gr\/wp-content\/uploads\/2021\/04\/June-3-2002-Greeting-Mr.-Jiang-Zemin-President-of-the-Peoples-Republic-of-China_-PM-Simitis-_For.-Min-Papandreou-in-the-background-300x215.jpg 300w, https:\/\/hardouvelis.gr\/wp-content\/uploads\/2021\/04\/June-3-2002-Greeting-Mr.-Jiang-Zemin-President-of-the-Peoples-Republic-of-China_-PM-Simitis-_For.-Min-Papandreou-in-the-background-768x551.jpg 768w, https:\/\/hardouvelis.gr\/wp-content\/uploads\/2021\/04\/June-3-2002-Greeting-Mr.-Jiang-Zemin-President-of-the-Peoples-Republic-of-China_-PM-Simitis-_For.-Min-Papandreou-in-the-background-1024x735.jpg 1024w\" sizes=\"auto, (max-width: 1643px) 100vw, 1643px\" \/>\t\t\t\t\t\t\t\t\n\n\t\t\t\t\t\t\t\t\t\t\t\t\t\t\t<\/a>\n\t\t\t\t\t\t\t\t\t\t\t\t<\/div>\n\t\t\t\t\t\t\t\t\t\t\t<div class=\"wd-gallery-item\">\n\t\t\t\t\t\t\t\t\t\t\t\t\t\t<a href=\"https:\/\/hardouvelis.gr\/wp-content\/uploads\/2021\/04\/\u03a7\u03b1\u03c1\u03b4\u03bf\u03cd\u03b2\u03b5\u03bb\u03b7\u03c2-\u0398\u03ad\u03bc\u03b5\u03bb\u03b7\u03c2-\u03a3\u03b7\u03bc\u03af\u03c4\u03b7\u03c2.png\" data-elementor-open-lightbox=\"no\" data-index=\"3\" data-width=\"638\" data-height=\"419\"  title=\"Gikas Hardouvelis (left), Nikos Themelis (centre) and Costas Simitis, Greek Prime Minister, during an official visit in China, June 3, 2002\">\n\t\t\t\t\t\t\t\t\n\t\t\t\t\t\t\t\t\t\t\t\t\t\t\t\t\t<img loading=\"lazy\" decoding=\"async\" width=\"638\" height=\"419\" src=\"https:\/\/hardouvelis.gr\/wp-content\/uploads\/2021\/04\/\u03a7\u03b1\u03c1\u03b4\u03bf\u03cd\u03b2\u03b5\u03bb\u03b7\u03c2-\u0398\u03ad\u03bc\u03b5\u03bb\u03b7\u03c2-\u03a3\u03b7\u03bc\u03af\u03c4\u03b7\u03c2.png\" class=\"wd-gallery-image image-3 attachment-full\" alt=\"\" title=\"Gikas Hardouvelis (left), Nikos Themelis (centre) and Costas Simitis, Greek Prime Minister, during an official visit in China, June 3, 2002\" srcset=\"https:\/\/hardouvelis.gr\/wp-content\/uploads\/2021\/04\/\u03a7\u03b1\u03c1\u03b4\u03bf\u03cd\u03b2\u03b5\u03bb\u03b7\u03c2-\u0398\u03ad\u03bc\u03b5\u03bb\u03b7\u03c2-\u03a3\u03b7\u03bc\u03af\u03c4\u03b7\u03c2.png 638w, https:\/\/hardouvelis.gr\/wp-content\/uploads\/2021\/04\/\u03a7\u03b1\u03c1\u03b4\u03bf\u03cd\u03b2\u03b5\u03bb\u03b7\u03c2-\u0398\u03ad\u03bc\u03b5\u03bb\u03b7\u03c2-\u03a3\u03b7\u03bc\u03af\u03c4\u03b7\u03c2-300x197.png 300w\" sizes=\"auto, (max-width: 638px) 100vw, 638px\" \/>\t\t\t\t\t\t\t\t\n\n\t\t\t\t\t\t\t\t\t\t\t\t\t\t\t<\/a>\n\t\t\t\t\t\t\t\t\t\t\t\t<\/div>\n\t\t\t\t\t\t\t\t\t\t\t<div class=\"wd-gallery-item\">\n\t\t\t\t\t\t\t\t\t\t\t\t\t\t<a href=\"https:\/\/hardouvelis.gr\/wp-content\/uploads\/2021\/04\/April-2004-Economic-Office-of-the-Prime-Minister-fro-left-Sp-Zarkos-I-Gkionis-G-Hardouvelis-Th-Sampaniotis-Ph-Sachinidis.jpg\" data-elementor-open-lightbox=\"no\" data-index=\"4\" data-width=\"1024\" data-height=\"768\"  title=\"The Economics Office Team of the Prime Minister, from left:  Spyros Zarkos, Ioannis Gkionis, Gikas Hardouvelis (the director), Theodossios Sampaniotis, and Philippos Sachinidis, in the Stathatos Mansion, Athens, March 2004\">\n\t\t\t\t\t\t\t\t\n\t\t\t\t\t\t\t\t\t\t\t\t\t\t\t\t\t<img loading=\"lazy\" decoding=\"async\" width=\"1024\" height=\"768\" src=\"https:\/\/hardouvelis.gr\/wp-content\/uploads\/2021\/04\/April-2004-Economic-Office-of-the-Prime-Minister-fro-left-Sp-Zarkos-I-Gkionis-G-Hardouvelis-Th-Sampaniotis-Ph-Sachinidis.jpg\" class=\"wd-gallery-image image-4 attachment-full\" alt=\"\" title=\"The Economics Office Team of the Prime Minister, from left:  Spyros Zarkos, Ioannis Gkionis, Gikas Hardouvelis (the director), Theodossios Sampaniotis, and Philippos Sachinidis, in the Stathatos Mansion, Athens, March 2004\" srcset=\"https:\/\/hardouvelis.gr\/wp-content\/uploads\/2021\/04\/April-2004-Economic-Office-of-the-Prime-Minister-fro-left-Sp-Zarkos-I-Gkionis-G-Hardouvelis-Th-Sampaniotis-Ph-Sachinidis.jpg 1024w, https:\/\/hardouvelis.gr\/wp-content\/uploads\/2021\/04\/April-2004-Economic-Office-of-the-Prime-Minister-fro-left-Sp-Zarkos-I-Gkionis-G-Hardouvelis-Th-Sampaniotis-Ph-Sachinidis-300x225.jpg 300w, https:\/\/hardouvelis.gr\/wp-content\/uploads\/2021\/04\/April-2004-Economic-Office-of-the-Prime-Minister-fro-left-Sp-Zarkos-I-Gkionis-G-Hardouvelis-Th-Sampaniotis-Ph-Sachinidis-768x576.jpg 768w, https:\/\/hardouvelis.gr\/wp-content\/uploads\/2021\/04\/April-2004-Economic-Office-of-the-Prime-Minister-fro-left-Sp-Zarkos-I-Gkionis-G-Hardouvelis-Th-Sampaniotis-Ph-Sachinidis-350x263.jpg 350w, https:\/\/hardouvelis.gr\/wp-content\/uploads\/2021\/04\/April-2004-Economic-Office-of-the-Prime-Minister-fro-left-Sp-Zarkos-I-Gkionis-G-Hardouvelis-Th-Sampaniotis-Ph-Sachinidis-780x586.jpg 780w, https:\/\/hardouvelis.gr\/wp-content\/uploads\/2021\/04\/April-2004-Economic-Office-of-the-Prime-Minister-fro-left-Sp-Zarkos-I-Gkionis-G-Hardouvelis-Th-Sampaniotis-Ph-Sachinidis-250x188.jpg 250w\" sizes=\"auto, (max-width: 1024px) 100vw, 1024px\" \/>\t\t\t\t\t\t\t\t\n\n\t\t\t\t\t\t\t\t\t\t\t\t\t\t\t<\/a>\n\t\t\t\t\t\t\t\t\t\t\t\t<\/div>\n\t\t\t\t\t\t\t\t\t\t\t<div class=\"wd-gallery-item\">\n\t\t\t\t\t\t\t\t\t\t\t\t\t\t<a href=\"https:\/\/hardouvelis.gr\/wp-content\/uploads\/2021\/04\/June-2004-Cyprus-Academic-Council-Professors-of-International-Institute-of-Management.jpg\" data-elementor-open-lightbox=\"no\" data-index=\"5\" data-width=\"2272\" data-height=\"1704\"  title=\"Members of the Cyprus Institute of Management Academic Council, from left: Costas Markides, Theodore Panayotou (Dean, sitting), Gikas Hardouvelis, Gorge Constantinides, Panayiotis Theodossiou (sitting), December 2004\">\n\t\t\t\t\t\t\t\t\n\t\t\t\t\t\t\t\t\t\t\t\t\t\t\t\t\t<img loading=\"lazy\" decoding=\"async\" width=\"2272\" height=\"1704\" src=\"https:\/\/hardouvelis.gr\/wp-content\/uploads\/2021\/04\/June-2004-Cyprus-Academic-Council-Professors-of-International-Institute-of-Management.jpg\" class=\"wd-gallery-image image-5 attachment-full\" alt=\"\" title=\"Members of the Cyprus Institute of Management Academic Council, from left: Costas Markides, Theodore Panayotou (Dean, sitting), Gikas Hardouvelis, Gorge Constantinides, Panayiotis Theodossiou (sitting), December 2004\" srcset=\"https:\/\/hardouvelis.gr\/wp-content\/uploads\/2021\/04\/June-2004-Cyprus-Academic-Council-Professors-of-International-Institute-of-Management.jpg 2272w, https:\/\/hardouvelis.gr\/wp-content\/uploads\/2021\/04\/June-2004-Cyprus-Academic-Council-Professors-of-International-Institute-of-Management-300x225.jpg 300w, https:\/\/hardouvelis.gr\/wp-content\/uploads\/2021\/04\/June-2004-Cyprus-Academic-Council-Professors-of-International-Institute-of-Management-768x576.jpg 768w, https:\/\/hardouvelis.gr\/wp-content\/uploads\/2021\/04\/June-2004-Cyprus-Academic-Council-Professors-of-International-Institute-of-Management-1024x768.jpg 1024w, https:\/\/hardouvelis.gr\/wp-content\/uploads\/2021\/04\/June-2004-Cyprus-Academic-Council-Professors-of-International-Institute-of-Management-350x263.jpg 350w, https:\/\/hardouvelis.gr\/wp-content\/uploads\/2021\/04\/June-2004-Cyprus-Academic-Council-Professors-of-International-Institute-of-Management-780x586.jpg 780w, https:\/\/hardouvelis.gr\/wp-content\/uploads\/2021\/04\/June-2004-Cyprus-Academic-Council-Professors-of-International-Institute-of-Management-250x188.jpg 250w\" sizes=\"auto, (max-width: 2272px) 100vw, 2272px\" \/>\t\t\t\t\t\t\t\t\n\n\t\t\t\t\t\t\t\t\t\t\t\t\t\t\t<\/a>\n\t\t\t\t\t\t\t\t\t\t\t\t<\/div>\n\t\t\t\t\t\t\t\t\t\t\t<div class=\"wd-gallery-item\">\n\t\t\t\t\t\t\t\t\t\t\t\t\t\t<a href=\"https:\/\/hardouvelis.gr\/wp-content\/uploads\/2021\/04\/Christmas-2003-Univeristy-of-Piraeus-Finance-Dept-students.jpg\" data-elementor-open-lightbox=\"no\" data-index=\"6\" data-width=\"2288\" data-height=\"1712\"  title=\"University of Piraeus, Department of Banking and Finance students on a pre-Christmas gathering in 2004\">\n\t\t\t\t\t\t\t\t\n\t\t\t\t\t\t\t\t\t\t\t\t\t\t\t\t\t<img loading=\"lazy\" decoding=\"async\" width=\"2288\" height=\"1712\" src=\"https:\/\/hardouvelis.gr\/wp-content\/uploads\/2021\/04\/Christmas-2003-Univeristy-of-Piraeus-Finance-Dept-students.jpg\" class=\"wd-gallery-image image-6 attachment-full\" alt=\"\" title=\"University of Piraeus, Department of Banking and Finance students on a pre-Christmas gathering in 2004\" srcset=\"https:\/\/hardouvelis.gr\/wp-content\/uploads\/2021\/04\/Christmas-2003-Univeristy-of-Piraeus-Finance-Dept-students.jpg 2288w, https:\/\/hardouvelis.gr\/wp-content\/uploads\/2021\/04\/Christmas-2003-Univeristy-of-Piraeus-Finance-Dept-students-300x224.jpg 300w, https:\/\/hardouvelis.gr\/wp-content\/uploads\/2021\/04\/Christmas-2003-Univeristy-of-Piraeus-Finance-Dept-students-768x575.jpg 768w, https:\/\/hardouvelis.gr\/wp-content\/uploads\/2021\/04\/Christmas-2003-Univeristy-of-Piraeus-Finance-Dept-students-1024x766.jpg 1024w, https:\/\/hardouvelis.gr\/wp-content\/uploads\/2021\/04\/Christmas-2003-Univeristy-of-Piraeus-Finance-Dept-students-350x263.jpg 350w, https:\/\/hardouvelis.gr\/wp-content\/uploads\/2021\/04\/Christmas-2003-Univeristy-of-Piraeus-Finance-Dept-students-250x188.jpg 250w\" sizes=\"auto, (max-width: 2288px) 100vw, 2288px\" \/>\t\t\t\t\t\t\t\t\n\n\t\t\t\t\t\t\t\t\t\t\t\t\t\t\t<\/a>\n\t\t\t\t\t\t\t\t\t\t\t\t<\/div>\n\t\t\t\t\t\t\t\t\t\t\t\t<\/div>\n\t\t<\/div>\n\t\t\t\t[\/vc_tta_section][\/vc_tta_tabs][\/vc_column][vc_column][\/vc_column][\/vc_row]<\/p>\n<p><\/p>\n<p>[vc_row][vc_column][vc_tta_tabs active_section=&#8221;1&#8243; el_id=&#8221;photos-collection&#8221;][vc_tta_section title=&#8221;2025&#8243; tab_id=&#8221;1721822880461-aa10c484-04e8&#8243;]\t\t<div id=\"gallery_498\" class=\"wd-images-gallery wd-rs-693a95c3bc9b8 wd-justify-center wd-items-middle view-justified photoswipe-images\" >\n\t\t\t<div class=\"gallery-images\">\n\t\t\t\t\t\t\t\t\t\t\t\t\t\t\t<div class=\"wd-gallery-item\">\n\t\t\t\t\t\t\t\t\t\t\t\t\t\t<a href=\"https:\/\/hardouvelis.gr\/wp-content\/uploads\/gikas-hardouvelis-hellenic-bank-association-mitsotakis-school-blessing_el.jpg\" data-elementor-open-lightbox=\"no\" data-index=\"1\" data-width=\"1295\" data-height=\"1693\"  title=\"\u039f \u03ba. \u0393\u03ba\u03af\u03ba\u03b1\u03c2 \u03a7\u03b1\u03c1\u03b4\u03bf\u03cd\u03b2\u03b5\u03bb\u03b7\u03c2 \u03bc\u03b5 \u03c4\u03bf\u03bd \u03a0\u03c1\u03c9\u03b8\u03c5\u03c0\u03bf\u03c5\u03c1\u03b3\u03cc \u03ba. \u039a\u03c5\u03c1\u03b9\u03ac\u03ba\u03bf \u039c\u03b7\u03c4\u03c3\u03bf\u03c4\u03ac\u03ba\u03b7, \u03c3\u03b5 \u03b1\u03b3\u03b9\u03b1\u03c3\u03bc\u03cc \u03c3\u03c7\u03bf\u03bb\u03b5\u03af\u03bf\u03c5. \u0397 \u03c3\u03c5\u03bd\u03ac\u03bd\u03c4\u03b7\u03c3\u03b7 \u03ad\u03b3\u03b9\u03bd\u03b5 \u03c3\u03c4\u03bf \u03c0\u03bb\u03b1\u03af\u03c3\u03b9\u03bf \u03b4\u03c9\u03c1\u03b5\u03ac\u03c2 \u03c4\u03b7\u03c2 \u0395\u0395\u03a4 \u03b3\u03b9\u03b1 \u03b1\u03bd\u03b1\u03ba\u03b1\u03af\u03bd\u03b9\u03c3\u03b7 \u03c3\u03c7\u03bf\u03bb\u03b5\u03af\u03c9\u03bd.\">\n\t\t\t\t\t\t\t\t\n\t\t\t\t\t\t\t\t\t\t\t\t\t\t\t\t\t<img loading=\"lazy\" decoding=\"async\" width=\"1295\" height=\"1693\" src=\"https:\/\/hardouvelis.gr\/wp-content\/uploads\/gikas-hardouvelis-hellenic-bank-association-mitsotakis-school-blessing_el.jpg\" class=\"wd-gallery-image image-1 attachment-full\" alt=\"\" title=\"\u039f \u03ba. \u0393\u03ba\u03af\u03ba\u03b1\u03c2 \u03a7\u03b1\u03c1\u03b4\u03bf\u03cd\u03b2\u03b5\u03bb\u03b7\u03c2 \u03bc\u03b5 \u03c4\u03bf\u03bd \u03a0\u03c1\u03c9\u03b8\u03c5\u03c0\u03bf\u03c5\u03c1\u03b3\u03cc \u03ba. \u039a\u03c5\u03c1\u03b9\u03ac\u03ba\u03bf \u039c\u03b7\u03c4\u03c3\u03bf\u03c4\u03ac\u03ba\u03b7, \u03c3\u03b5 \u03b1\u03b3\u03b9\u03b1\u03c3\u03bc\u03cc \u03c3\u03c7\u03bf\u03bb\u03b5\u03af\u03bf\u03c5. \u0397 \u03c3\u03c5\u03bd\u03ac\u03bd\u03c4\u03b7\u03c3\u03b7 \u03ad\u03b3\u03b9\u03bd\u03b5 \u03c3\u03c4\u03bf \u03c0\u03bb\u03b1\u03af\u03c3\u03b9\u03bf \u03b4\u03c9\u03c1\u03b5\u03ac\u03c2 \u03c4\u03b7\u03c2 \u0395\u0395\u03a4 \u03b3\u03b9\u03b1 \u03b1\u03bd\u03b1\u03ba\u03b1\u03af\u03bd\u03b9\u03c3\u03b7 \u03c3\u03c7\u03bf\u03bb\u03b5\u03af\u03c9\u03bd.\" srcset=\"https:\/\/hardouvelis.gr\/wp-content\/uploads\/gikas-hardouvelis-hellenic-bank-association-mitsotakis-school-blessing_el.jpg 1295w, https:\/\/hardouvelis.gr\/wp-content\/uploads\/gikas-hardouvelis-hellenic-bank-association-mitsotakis-school-blessing_el-229x300.jpg 229w, https:\/\/hardouvelis.gr\/wp-content\/uploads\/gikas-hardouvelis-hellenic-bank-association-mitsotakis-school-blessing_el-783x1024.jpg 783w, https:\/\/hardouvelis.gr\/wp-content\/uploads\/gikas-hardouvelis-hellenic-bank-association-mitsotakis-school-blessing_el-768x1004.jpg 768w, https:\/\/hardouvelis.gr\/wp-content\/uploads\/gikas-hardouvelis-hellenic-bank-association-mitsotakis-school-blessing_el-1175x1536.jpg 1175w\" sizes=\"auto, (max-width: 1295px) 100vw, 1295px\" \/>\t\t\t\t\t\t\t\t\n\n\t\t\t\t\t\t\t\t\t\t\t\t\t\t\t<\/a>\n\t\t\t\t\t\t\t\t\t\t\t\t<\/div>\n\t\t\t\t\t\t\t\t\t\t\t<div class=\"wd-gallery-item\">\n\t\t\t\t\t\t\t\t\t\t\t\t\t\t<a href=\"https:\/\/hardouvelis.gr\/wp-content\/uploads\/esp__DSC5847-scaled.jpeg\" data-elementor-open-lightbox=\"no\" data-index=\"2\" data-width=\"2560\" data-height=\"1703\"  title=\"\u039f \u03ba. \u0393\u03ba\u03af\u03ba\u03b1\u03c2 \u0391. \u03a7\u03b1\u03c1\u03b4\u03bf\u03cd\u03b2\u03b5\u03bb\u03b7\u03c2 \u03c0\u03b1\u03c1\u03b1\u03bb\u03b1\u03bc\u03b2\u03ac\u03bd\u03b5\u03b9 \u03c4\u03bf\u03bd \u03c4\u03b9\u03bc\u03b7\u03c4\u03b9\u03ba\u03cc \u03c0\u03ac\u03c0\u03c5\u03c1\u03bf \u03ba\u03b1\u03c4\u03ac \u03c4\u03b7\u03bd \u03b1\u03bd\u03b1\u03b3\u03cc\u03c1\u03b5\u03c5\u03c3\u03ae \u03c4\u03bf\u03c5 \u03c3\u03b5 \u0395\u03c0\u03af\u03c4\u03b9\u03bc\u03bf \u0394\u03b9\u03b4\u03ac\u03ba\u03c4\u03bf\u03c1\u03b1 \u03c4\u03bf\u03c5 \u03a0\u03b1\u03bd\u03b5\u03c0\u03b9\u03c3\u03c4\u03b7\u03bc\u03af\u03bf\u03c5 \u039c\u03b1\u03ba\u03b5\u03b4\u03bf\u03bd\u03af\u03b1\u03c2\">\n\t\t\t\t\t\t\t\t\n\t\t\t\t\t\t\t\t\t\t\t\t\t\t\t\t\t<img loading=\"lazy\" decoding=\"async\" width=\"2560\" height=\"1703\" src=\"https:\/\/hardouvelis.gr\/wp-content\/uploads\/esp__DSC5847-scaled.jpeg\" class=\"wd-gallery-image image-2 attachment-full\" alt=\"\" title=\"\u039f \u03ba. \u0393\u03ba\u03af\u03ba\u03b1\u03c2 \u0391. \u03a7\u03b1\u03c1\u03b4\u03bf\u03cd\u03b2\u03b5\u03bb\u03b7\u03c2 \u03c0\u03b1\u03c1\u03b1\u03bb\u03b1\u03bc\u03b2\u03ac\u03bd\u03b5\u03b9 \u03c4\u03bf\u03bd \u03c4\u03b9\u03bc\u03b7\u03c4\u03b9\u03ba\u03cc \u03c0\u03ac\u03c0\u03c5\u03c1\u03bf \u03ba\u03b1\u03c4\u03ac \u03c4\u03b7\u03bd \u03b1\u03bd\u03b1\u03b3\u03cc\u03c1\u03b5\u03c5\u03c3\u03ae \u03c4\u03bf\u03c5 \u03c3\u03b5 \u0395\u03c0\u03af\u03c4\u03b9\u03bc\u03bf \u0394\u03b9\u03b4\u03ac\u03ba\u03c4\u03bf\u03c1\u03b1 \u03c4\u03bf\u03c5 \u03a0\u03b1\u03bd\u03b5\u03c0\u03b9\u03c3\u03c4\u03b7\u03bc\u03af\u03bf\u03c5 \u039c\u03b1\u03ba\u03b5\u03b4\u03bf\u03bd\u03af\u03b1\u03c2\" srcset=\"https:\/\/hardouvelis.gr\/wp-content\/uploads\/esp__DSC5847-scaled.jpeg 2560w, https:\/\/hardouvelis.gr\/wp-content\/uploads\/esp__DSC5847-300x200.jpeg 300w, https:\/\/hardouvelis.gr\/wp-content\/uploads\/esp__DSC5847-1024x681.jpeg 1024w, https:\/\/hardouvelis.gr\/wp-content\/uploads\/esp__DSC5847-768x511.jpeg 768w, https:\/\/hardouvelis.gr\/wp-content\/uploads\/esp__DSC5847-1536x1022.jpeg 1536w, https:\/\/hardouvelis.gr\/wp-content\/uploads\/esp__DSC5847-2048x1363.jpeg 2048w, https:\/\/hardouvelis.gr\/wp-content\/uploads\/esp__DSC5847-272x182.jpeg 272w\" sizes=\"auto, (max-width: 2560px) 100vw, 2560px\" \/>\t\t\t\t\t\t\t\t\n\n\t\t\t\t\t\t\t\t\t\t\t\t\t\t\t<\/a>\n\t\t\t\t\t\t\t\t\t\t\t\t<\/div>\n\t\t\t\t\t\t\t\t\t\t\t<div class=\"wd-gallery-item\">\n\t\t\t\t\t\t\t\t\t\t\t\t\t\t<a href=\"https:\/\/hardouvelis.gr\/wp-content\/uploads\/zografeio-lykeio-konstantinoupolis-1.jpeg\" data-elementor-open-lightbox=\"no\" data-index=\"3\" data-width=\"1600\" data-height=\"1066\"  title=\"\u0391\u03c0\u03cc \u03b1\u03c1\u03b9\u03c3\u03c4\u03b5\u03c1\u03ac: \u03b7 \u0393\u03b5\u03bd\u03b9\u03ba\u03ae \u0394\u03b9\u03b5\u03c5\u03b8\u03cd\u03bd\u03c4\u03c1\u03b9\u03b1 \u0395\u03c4\u03b1\u03b9\u03c1\u03b9\u03ba\u03ae\u03c2 \u03a5\u03c0\u03b5\u03c5\u03b8\u03c5\u03bd\u03cc\u03c4\u03b7\u03c4\u03b1\u03c2-Corporate Responsibility \u03c4\u03b7\u03c2 \u03a4\u03c1\u03ac\u03c0\u03b5\u03b6\u03b1\u03c2 \u03a0\u03b5\u03b9\u03c1\u03b1\u03b9\u03ce\u03c2 \u03ba\u03b1 \u0391\u03b3\u03b3\u03b5\u03bb\u03b9\u03ba\u03ae \u039c\u03c0\u03bf\u03cd\u03ba\u03b7, \u03bf \u0391\u03bd\u03b1\u03c0\u03bb\u03b7\u03c1\u03c9\u03c4\u03ae\u03c2 \u0394\u03b9\u03b5\u03c5\u03b8\u03cd\u03bd\u03c9\u03bd \u03a3\u03cd\u03bc\u03b2\u03bf\u03c5\u03bb\u03bf\u03c2 \u03c4\u03b7\u03c2 Alpha Bank \u03ba. \u039b\u03ac\u03b6\u03b1\u03c1\u03bf\u03c2 \u03a0\u03b1\u03c0\u03b1\u03b3\u03b1\u03c1\u03c5\u03c6\u03ac\u03bb\u03bb\u03bf\u03c5, \u03bf \u03a0\u03c1\u03cc\u03b5\u03b4\u03c1\u03bf\u03c2 \u03c4\u03bf\u03c5 \u0394\u03a3 \u03c4\u03b7\u03c2 Optima Bank \u03ba. \u0393\u03b5\u03ce\u03c1\u03b3\u03b9\u03bf\u03c2 \u03a4\u03b1\u03bd\u03b9\u03c3\u03ba\u03af\u03b4\u03b7\u03c2, \u03bf \u03a0\u03c1\u03cc\u03b5\u03b4\u03c1\u03bf\u03c2 \u03c4\u03bf\u03c5 \u0394\u03a3 \u03c4\u03b7\u03c2 \u0395\u0395\u03a4 \u03ba\u03b1\u03b9 \u03c4\u03bf\u03c5 \u0394\u03a3 \u03c4\u03b7\u03c2 \u0395\u03b8\u03bd\u03b9\u03ba\u03ae\u03c2 \u03a4\u03c1\u03ac\u03c0\u03b5\u03b6\u03b1\u03c2 \u03ba. \u0393\u03ba\u03af\u03ba\u03b1\u03c2 \u03a7\u03b1\u03c1\u03b4\u03bf\u03cd\u03b2\u03b5\u03bb\u03b7\u03c2, \u03bf \u039f\u03b9\u03ba\u03bf\u03c5\u03bc\u03b5\u03bd\u03b9\u03ba\u03cc\u03c2 \u03a0\u03b1\u03c4\u03c1\u03b9\u03ac\u03c1\u03c7\u03b7\u03c2 \u0392\u03b1\u03c1\u03b8\u03bf\u03bb\u03bf\u03bc\u03b1\u03af\u03bf\u03c2, \u03bf \u03a0\u03c1\u03cc\u03b5\u03b4\u03c1\u03bf\u03c2 \u03c4\u03bf\u03c5 \u03a0\u03bf\u03bb\u03b9\u03c4\u03b9\u03c3\u03c4\u03b9\u03ba\u03bf\u03cd \u0399\u03b4\u03c1\u03cd\u03bc\u03b1\u03c4\u03bf\u03c2 \u03c4\u03b7\u03c2 Alpha Bank \u03ba. \u0392\u03b1\u03c3\u03af\u03bb\u03b7\u03c2 \u03a1\u03ac\u03c0\u03b1\u03bd\u03bf\u03c2, \u03bf \u03a0\u03c1\u03cc\u03b5\u03b4\u03c1\u03bf\u03c2 \u03c4\u03bf\u03c5 \u0394\u03a3 \u03c4\u03b7\u03c2 Eurobank \u03ba. \u0393\u03b5\u03ce\u03c1\u03b3\u03b9\u03bf\u03c2 \u0396\u03b1\u03bd\u03b9\u03ac\u03c2 \u03b7 Acting \u0393\u03b5\u03bd\u03b9\u03ba\u03ae \u0394\u03b9\u03b5\u03c5\u03b8\u03cd\u03bd\u03c4\u03c1\u03b9\u03b1 \u03c4\u03b7\u03c2 \u0395\u0395\u03a4 \u03ba\u03b1 \u03a7\u03b1\u03c1\u03bf\u03cd\u03bb\u03b1 \u0391\u03c0\u03b1\u03bb\u03b1\u03b3\u03ac\u03ba\u03b7 \u03ba\u03b1\u03b9 \u03bf \u03bf Chief Retail and Wealth Management Officer \u03c4\u03b7\u03c2 CrediaBank \u03ba. \u03a3\u03c4\u03c5\u03bb\u03b9\u03b1\u03bd\u03cc\u03c2 \u0397\u03bb\u03b9\u03ac\u03b4\u03b7\u03c2.\">\n\t\t\t\t\t\t\t\t\n\t\t\t\t\t\t\t\t\t\t\t\t\t\t\t\t\t<img loading=\"lazy\" decoding=\"async\" width=\"1600\" height=\"1066\" src=\"https:\/\/hardouvelis.gr\/wp-content\/uploads\/zografeio-lykeio-konstantinoupolis-1.jpeg\" class=\"wd-gallery-image image-3 attachment-full\" alt=\"\" title=\"\u0391\u03c0\u03cc \u03b1\u03c1\u03b9\u03c3\u03c4\u03b5\u03c1\u03ac: \u03b7 \u0393\u03b5\u03bd\u03b9\u03ba\u03ae \u0394\u03b9\u03b5\u03c5\u03b8\u03cd\u03bd\u03c4\u03c1\u03b9\u03b1 \u0395\u03c4\u03b1\u03b9\u03c1\u03b9\u03ba\u03ae\u03c2 \u03a5\u03c0\u03b5\u03c5\u03b8\u03c5\u03bd\u03cc\u03c4\u03b7\u03c4\u03b1\u03c2-Corporate Responsibility \u03c4\u03b7\u03c2 \u03a4\u03c1\u03ac\u03c0\u03b5\u03b6\u03b1\u03c2 \u03a0\u03b5\u03b9\u03c1\u03b1\u03b9\u03ce\u03c2 \u03ba\u03b1 \u0391\u03b3\u03b3\u03b5\u03bb\u03b9\u03ba\u03ae \u039c\u03c0\u03bf\u03cd\u03ba\u03b7, \u03bf \u0391\u03bd\u03b1\u03c0\u03bb\u03b7\u03c1\u03c9\u03c4\u03ae\u03c2 \u0394\u03b9\u03b5\u03c5\u03b8\u03cd\u03bd\u03c9\u03bd \u03a3\u03cd\u03bc\u03b2\u03bf\u03c5\u03bb\u03bf\u03c2 \u03c4\u03b7\u03c2 Alpha Bank \u03ba. \u039b\u03ac\u03b6\u03b1\u03c1\u03bf\u03c2 \u03a0\u03b1\u03c0\u03b1\u03b3\u03b1\u03c1\u03c5\u03c6\u03ac\u03bb\u03bb\u03bf\u03c5, \u03bf \u03a0\u03c1\u03cc\u03b5\u03b4\u03c1\u03bf\u03c2 \u03c4\u03bf\u03c5 \u0394\u03a3 \u03c4\u03b7\u03c2 Optima Bank \u03ba. \u0393\u03b5\u03ce\u03c1\u03b3\u03b9\u03bf\u03c2 \u03a4\u03b1\u03bd\u03b9\u03c3\u03ba\u03af\u03b4\u03b7\u03c2, \u03bf \u03a0\u03c1\u03cc\u03b5\u03b4\u03c1\u03bf\u03c2 \u03c4\u03bf\u03c5 \u0394\u03a3 \u03c4\u03b7\u03c2 \u0395\u0395\u03a4 \u03ba\u03b1\u03b9 \u03c4\u03bf\u03c5 \u0394\u03a3 \u03c4\u03b7\u03c2 \u0395\u03b8\u03bd\u03b9\u03ba\u03ae\u03c2 \u03a4\u03c1\u03ac\u03c0\u03b5\u03b6\u03b1\u03c2 \u03ba. \u0393\u03ba\u03af\u03ba\u03b1\u03c2 \u03a7\u03b1\u03c1\u03b4\u03bf\u03cd\u03b2\u03b5\u03bb\u03b7\u03c2, \u03bf \u039f\u03b9\u03ba\u03bf\u03c5\u03bc\u03b5\u03bd\u03b9\u03ba\u03cc\u03c2 \u03a0\u03b1\u03c4\u03c1\u03b9\u03ac\u03c1\u03c7\u03b7\u03c2 \u0392\u03b1\u03c1\u03b8\u03bf\u03bb\u03bf\u03bc\u03b1\u03af\u03bf\u03c2, \u03bf \u03a0\u03c1\u03cc\u03b5\u03b4\u03c1\u03bf\u03c2 \u03c4\u03bf\u03c5 \u03a0\u03bf\u03bb\u03b9\u03c4\u03b9\u03c3\u03c4\u03b9\u03ba\u03bf\u03cd \u0399\u03b4\u03c1\u03cd\u03bc\u03b1\u03c4\u03bf\u03c2 \u03c4\u03b7\u03c2 Alpha Bank \u03ba. \u0392\u03b1\u03c3\u03af\u03bb\u03b7\u03c2 \u03a1\u03ac\u03c0\u03b1\u03bd\u03bf\u03c2, \u03bf \u03a0\u03c1\u03cc\u03b5\u03b4\u03c1\u03bf\u03c2 \u03c4\u03bf\u03c5 \u0394\u03a3 \u03c4\u03b7\u03c2 Eurobank \u03ba. \u0393\u03b5\u03ce\u03c1\u03b3\u03b9\u03bf\u03c2 \u0396\u03b1\u03bd\u03b9\u03ac\u03c2 \u03b7 Acting \u0393\u03b5\u03bd\u03b9\u03ba\u03ae \u0394\u03b9\u03b5\u03c5\u03b8\u03cd\u03bd\u03c4\u03c1\u03b9\u03b1 \u03c4\u03b7\u03c2 \u0395\u0395\u03a4 \u03ba\u03b1 \u03a7\u03b1\u03c1\u03bf\u03cd\u03bb\u03b1 \u0391\u03c0\u03b1\u03bb\u03b1\u03b3\u03ac\u03ba\u03b7 \u03ba\u03b1\u03b9 \u03bf \u03bf Chief Retail and Wealth Management Officer \u03c4\u03b7\u03c2 CrediaBank \u03ba. \u03a3\u03c4\u03c5\u03bb\u03b9\u03b1\u03bd\u03cc\u03c2 \u0397\u03bb\u03b9\u03ac\u03b4\u03b7\u03c2.\" srcset=\"https:\/\/hardouvelis.gr\/wp-content\/uploads\/zografeio-lykeio-konstantinoupolis-1.jpeg 1600w, https:\/\/hardouvelis.gr\/wp-content\/uploads\/zografeio-lykeio-konstantinoupolis-1-300x200.jpeg 300w, https:\/\/hardouvelis.gr\/wp-content\/uploads\/zografeio-lykeio-konstantinoupolis-1-1024x682.jpeg 1024w, https:\/\/hardouvelis.gr\/wp-content\/uploads\/zografeio-lykeio-konstantinoupolis-1-768x512.jpeg 768w, https:\/\/hardouvelis.gr\/wp-content\/uploads\/zografeio-lykeio-konstantinoupolis-1-1536x1023.jpeg 1536w, https:\/\/hardouvelis.gr\/wp-content\/uploads\/zografeio-lykeio-konstantinoupolis-1-272x182.jpeg 272w\" sizes=\"auto, (max-width: 1600px) 100vw, 1600px\" \/>\t\t\t\t\t\t\t\t\n\n\t\t\t\t\t\t\t\t\t\t\t\t\t\t\t<\/a>\n\t\t\t\t\t\t\t\t\t\t\t\t<\/div>\n\t\t\t\t\t\t\t\t\t\t\t<div class=\"wd-gallery-item\">\n\t\t\t\t\t\t\t\t\t\t\t\t\t\t<a href=\"https:\/\/hardouvelis.gr\/wp-content\/uploads\/inauguration-ceremony-zografeion-building-1.jpeg\" data-elementor-open-lightbox=\"no\" data-index=\"4\" data-width=\"627\" data-height=\"468\"  title=\"\u0395\u03b3\u03ba\u03b1\u03af\u03bd\u03b9\u03b1 \u03b3\u03b9\u03b1 \u03c4\u03b7\u03bd \u03bf\u03bb\u03bf\u03ba\u03bb\u03ae\u03c1\u03c9\u03c3\u03b7 \u03c4\u03b7\u03c2 \u0391\u2019 \u03c6\u03ac\u03c3\u03b7\u03c2 \u03c4\u03c9\u03bd \u03ad\u03c1\u03b3\u03c9\u03bd \u03b1\u03bd\u03b1\u03ba\u03b1\u03b9\u03bd\u03af\u03c3\u03b5\u03c9\u03c2 \u03ba\u03b1\u03b9 \u03c3\u03b5\u03b9\u03c3\u03bc\u03b9\u03ba\u03ae\u03c2 \u03b8\u03c9\u03c1\u03b1\u03ba\u03af\u03c3\u03b5\u03c9\u03c2 \u03c4\u03bf\u03c5 \u03ba\u03c4\u03b7\u03c1\u03af\u03bf\u03c5 \u03c4\u03bf\u03c5 \u03b9\u03c3\u03c4\u03bf\u03c1\u03b9\u03ba\u03bf\u03cd \u0396\u03c9\u03b3\u03c1\u03b1\u03c6\u03b5\u03af\u03bf\u03c5.\">\n\t\t\t\t\t\t\t\t\n\t\t\t\t\t\t\t\t\t\t\t\t\t\t\t\t\t<img loading=\"lazy\" decoding=\"async\" width=\"627\" height=\"468\" src=\"https:\/\/hardouvelis.gr\/wp-content\/uploads\/inauguration-ceremony-zografeion-building-1.jpeg\" class=\"wd-gallery-image image-4 attachment-full\" alt=\"\" title=\"\u0395\u03b3\u03ba\u03b1\u03af\u03bd\u03b9\u03b1 \u03b3\u03b9\u03b1 \u03c4\u03b7\u03bd \u03bf\u03bb\u03bf\u03ba\u03bb\u03ae\u03c1\u03c9\u03c3\u03b7 \u03c4\u03b7\u03c2 \u0391\u2019 \u03c6\u03ac\u03c3\u03b7\u03c2 \u03c4\u03c9\u03bd \u03ad\u03c1\u03b3\u03c9\u03bd \u03b1\u03bd\u03b1\u03ba\u03b1\u03b9\u03bd\u03af\u03c3\u03b5\u03c9\u03c2 \u03ba\u03b1\u03b9 \u03c3\u03b5\u03b9\u03c3\u03bc\u03b9\u03ba\u03ae\u03c2 \u03b8\u03c9\u03c1\u03b1\u03ba\u03af\u03c3\u03b5\u03c9\u03c2 \u03c4\u03bf\u03c5 \u03ba\u03c4\u03b7\u03c1\u03af\u03bf\u03c5 \u03c4\u03bf\u03c5 \u03b9\u03c3\u03c4\u03bf\u03c1\u03b9\u03ba\u03bf\u03cd \u0396\u03c9\u03b3\u03c1\u03b1\u03c6\u03b5\u03af\u03bf\u03c5.\" srcset=\"https:\/\/hardouvelis.gr\/wp-content\/uploads\/inauguration-ceremony-zografeion-building-1.jpeg 627w, https:\/\/hardouvelis.gr\/wp-content\/uploads\/inauguration-ceremony-zografeion-building-1-300x224.jpeg 300w\" sizes=\"auto, (max-width: 627px) 100vw, 627px\" \/>\t\t\t\t\t\t\t\t\n\n\t\t\t\t\t\t\t\t\t\t\t\t\t\t\t<\/a>\n\t\t\t\t\t\t\t\t\t\t\t\t<\/div>\n\t\t\t\t\t\t\t\t\t\t\t<div class=\"wd-gallery-item\">\n\t\t\t\t\t\t\t\t\t\t\t\t\t\t<a href=\"https:\/\/hardouvelis.gr\/wp-content\/uploads\/hellenic-american-chamber-of-commerce-gkikas-hardouvelis-kimberly-guilfoyle.jpg\" data-elementor-open-lightbox=\"no\" data-index=\"5\" data-width=\"1000\" data-height=\"750\"  title=\"\u039f \u03ba. \u0393\u03ba\u03af\u03ba\u03b1\u03c2 \u03a7\u03b1\u03c1\u03b4\u03bf\u03cd\u03b2\u03b5\u03bb\u03b7\u03c2 \u03c0\u03b1\u03c1\u03b5\u03c5\u03c1\u03ad\u03b8\u03b7\u03ba\u03b5 \u03c3\u03b5 \u03ba\u03bb\u03b5\u03b9\u03c3\u03c4\u03cc \u03b4\u03b5\u03af\u03c0\u03bd\u03bf \u03c0\u03bf\u03c5 \u03b4\u03b9\u03bf\u03c1\u03b3\u03ac\u03bd\u03c9\u03c3\u03b5 \u03c4\u03bf \u0395\u03bb\u03bb\u03b7\u03bd\u03bf\u03b1\u03bc\u03b5\u03c1\u03b9\u03ba\u03b1\u03bd\u03b9\u03ba\u03cc \u0395\u03c0\u03b9\u03bc\u03b5\u03bb\u03b7\u03c4\u03ae\u03c1\u03b9\u03bf \u03b3\u03b9\u03b1 \u03c4\u03b1 \u03bc\u03ad\u03bb\u03b7 \u03c4\u03bf\u03c5 \u0394.\u03a3. \u03c4\u03bf\u03c5 \u0395\u03bb\u03bb\u03b7\u03bd\u03bf\u03b1\u03bc\u03b5\u03c1\u03b9\u03ba\u03b1\u03bd\u03b9\u03ba\u03bf\u03cd \u0395\u03c0\u03b9\u03bc\u03b5\u03bb\u03b7\u03c4\u03b7\u03c1\u03af\u03bf\u03c5, \u03bc\u03b5 \u03b5\u03c0\u03af\u03c4\u03b9\u03bc\u03b7 \u03c0\u03c1\u03bf\u03c3\u03ba\u03b5\u03ba\u03bb\u03b7\u03bc\u03ad\u03bd\u03b7 \u03c4\u03b7\u03bd \u03a0\u03c1\u03ad\u03c3\u03b2\u03b7 \u03c4\u03c9\u03bd \u0397\u03a0\u0391 Kimberly Guilfoyle.\">\n\t\t\t\t\t\t\t\t\n\t\t\t\t\t\t\t\t\t\t\t\t\t\t\t\t\t<img loading=\"lazy\" decoding=\"async\" width=\"1000\" height=\"750\" src=\"https:\/\/hardouvelis.gr\/wp-content\/uploads\/hellenic-american-chamber-of-commerce-gkikas-hardouvelis-kimberly-guilfoyle.jpg\" class=\"wd-gallery-image image-5 attachment-full\" alt=\"\" title=\"\u039f \u03ba. \u0393\u03ba\u03af\u03ba\u03b1\u03c2 \u03a7\u03b1\u03c1\u03b4\u03bf\u03cd\u03b2\u03b5\u03bb\u03b7\u03c2 \u03c0\u03b1\u03c1\u03b5\u03c5\u03c1\u03ad\u03b8\u03b7\u03ba\u03b5 \u03c3\u03b5 \u03ba\u03bb\u03b5\u03b9\u03c3\u03c4\u03cc \u03b4\u03b5\u03af\u03c0\u03bd\u03bf \u03c0\u03bf\u03c5 \u03b4\u03b9\u03bf\u03c1\u03b3\u03ac\u03bd\u03c9\u03c3\u03b5 \u03c4\u03bf \u0395\u03bb\u03bb\u03b7\u03bd\u03bf\u03b1\u03bc\u03b5\u03c1\u03b9\u03ba\u03b1\u03bd\u03b9\u03ba\u03cc \u0395\u03c0\u03b9\u03bc\u03b5\u03bb\u03b7\u03c4\u03ae\u03c1\u03b9\u03bf \u03b3\u03b9\u03b1 \u03c4\u03b1 \u03bc\u03ad\u03bb\u03b7 \u03c4\u03bf\u03c5 \u0394.\u03a3. \u03c4\u03bf\u03c5 \u0395\u03bb\u03bb\u03b7\u03bd\u03bf\u03b1\u03bc\u03b5\u03c1\u03b9\u03ba\u03b1\u03bd\u03b9\u03ba\u03bf\u03cd \u0395\u03c0\u03b9\u03bc\u03b5\u03bb\u03b7\u03c4\u03b7\u03c1\u03af\u03bf\u03c5, \u03bc\u03b5 \u03b5\u03c0\u03af\u03c4\u03b9\u03bc\u03b7 \u03c0\u03c1\u03bf\u03c3\u03ba\u03b5\u03ba\u03bb\u03b7\u03bc\u03ad\u03bd\u03b7 \u03c4\u03b7\u03bd \u03a0\u03c1\u03ad\u03c3\u03b2\u03b7 \u03c4\u03c9\u03bd \u0397\u03a0\u0391 Kimberly Guilfoyle.\" srcset=\"https:\/\/hardouvelis.gr\/wp-content\/uploads\/hellenic-american-chamber-of-commerce-gkikas-hardouvelis-kimberly-guilfoyle.jpg 1000w, https:\/\/hardouvelis.gr\/wp-content\/uploads\/hellenic-american-chamber-of-commerce-gkikas-hardouvelis-kimberly-guilfoyle-300x225.jpg 300w, https:\/\/hardouvelis.gr\/wp-content\/uploads\/hellenic-american-chamber-of-commerce-gkikas-hardouvelis-kimberly-guilfoyle-768x576.jpg 768w\" sizes=\"auto, (max-width: 1000px) 100vw, 1000px\" \/>\t\t\t\t\t\t\t\t\n\n\t\t\t\t\t\t\t\t\t\t\t\t\t\t\t<\/a>\n\t\t\t\t\t\t\t\t\t\t\t\t<\/div>\n\t\t\t\t\t\t\t\t\t\t\t\t<\/div>\n\t\t<\/div>\n\t\t\t\t[\/vc_tta_section][vc_tta_section title=&#8221;2024&#8243; tab_id=&#8221;1749832876983-f08beabe-89d2&#8243;]\t\t<div id=\"gallery_296\" class=\"wd-images-gallery wd-rs-67af7337269a8 wd-justify-center wd-items-middle view-justified photoswipe-images\" >\n\t\t\t<div class=\"gallery-images\">\n\t\t\t\t\t\t\t\t\t\t\t\t\t\t\t<div class=\"wd-gallery-item\">\n\t\t\t\t\t\t\t\t\t\t\t\t\t\t<a href=\"https:\/\/hardouvelis.gr\/wp-content\/uploads\/GJ9Y0426.jpg\" data-elementor-open-lightbox=\"no\" data-index=\"1\" data-width=\"1500\" data-height=\"1000\"  title=\"The Hellenic Bank Association edited and hosted, on April 15, 2024,  the book launch of Charles H. Dallara&#039;s latest work, entitled &quot;Euroshock, how the largest Debt Restructuring in History Helped Save Greece and Preserve the Eurozone&quot;. Under the coordination of Professor Mr. Gikas Hardouvelis (from left to right), the debate was attended by, apart from the author Mr. Dallara himself, the former Prime Minister Mr. Loukas Papademos and the Professor and former Deputy Prime Minister Mr. Evangelos Venizelos.\">\n\t\t\t\t\t\t\t\t\n\t\t\t\t\t\t\t\t\t\t\t\t\t\t\t\t\t<img loading=\"lazy\" decoding=\"async\" width=\"1500\" height=\"1000\" src=\"https:\/\/hardouvelis.gr\/wp-content\/uploads\/GJ9Y0426.jpg\" class=\"wd-gallery-image image-1 attachment-full\" alt=\"\" title=\"The Hellenic Bank Association edited and hosted, on April 15, 2024,  the book launch of Charles H. Dallara&#039;s latest work, entitled &quot;Euroshock, how the largest Debt Restructuring in History Helped Save Greece and Preserve the Eurozone&quot;. Under the coordination of Professor Mr. Gikas Hardouvelis (from left to right), the debate was attended by, apart from the author Mr. Dallara himself, the former Prime Minister Mr. Loukas Papademos and the Professor and former Deputy Prime Minister Mr. Evangelos Venizelos.\" srcset=\"https:\/\/hardouvelis.gr\/wp-content\/uploads\/GJ9Y0426.jpg 1500w, https:\/\/hardouvelis.gr\/wp-content\/uploads\/GJ9Y0426-300x200.jpg 300w, https:\/\/hardouvelis.gr\/wp-content\/uploads\/GJ9Y0426-1024x683.jpg 1024w, https:\/\/hardouvelis.gr\/wp-content\/uploads\/GJ9Y0426-768x512.jpg 768w, https:\/\/hardouvelis.gr\/wp-content\/uploads\/GJ9Y0426-272x182.jpg 272w\" sizes=\"auto, (max-width: 1500px) 100vw, 1500px\" \/>\t\t\t\t\t\t\t\t\n\n\t\t\t\t\t\t\t\t\t\t\t\t\t\t\t<\/a>\n\t\t\t\t\t\t\t\t\t\t\t\t<\/div>\n\t\t\t\t\t\t\t\t\t\t\t<div class=\"wd-gallery-item\">\n\t\t\t\t\t\t\t\t\t\t\t\t\t\t<a href=\"https:\/\/hardouvelis.gr\/wp-content\/uploads\/16-Copy-scaled.jpg\" data-elementor-open-lightbox=\"no\" data-index=\"2\" data-width=\"2560\" data-height=\"1708\"  title=\"From the opening of the &quot;Endyma Psihis&quot; (Clothes of the Soul) Exhibition of the Papageorgiou Foundation, which was hosted at the Educational Foundation of the National Bank (MIET). In the photo Mr. Georgios N. Papageorgiou, Chairman of the BoD of the Papageorgiou Foundation and Mr. Gikas Hardouvelis.\">\n\t\t\t\t\t\t\t\t\n\t\t\t\t\t\t\t\t\t\t\t\t\t\t\t\t\t<img loading=\"lazy\" decoding=\"async\" width=\"2560\" height=\"1708\" src=\"https:\/\/hardouvelis.gr\/wp-content\/uploads\/16-Copy-scaled.jpg\" class=\"wd-gallery-image image-2 attachment-full\" alt=\"\" title=\"From the opening of the &quot;Endyma Psihis&quot; (Clothes of the Soul) Exhibition of the Papageorgiou Foundation, which was hosted at the Educational Foundation of the National Bank (MIET). In the photo Mr. Georgios N. Papageorgiou, Chairman of the BoD of the Papageorgiou Foundation and Mr. Gikas Hardouvelis.\" srcset=\"https:\/\/hardouvelis.gr\/wp-content\/uploads\/16-Copy-scaled.jpg 2560w, https:\/\/hardouvelis.gr\/wp-content\/uploads\/16-Copy-300x200.jpg 300w, https:\/\/hardouvelis.gr\/wp-content\/uploads\/16-Copy-1024x683.jpg 1024w, https:\/\/hardouvelis.gr\/wp-content\/uploads\/16-Copy-768x512.jpg 768w, https:\/\/hardouvelis.gr\/wp-content\/uploads\/16-Copy-1536x1025.jpg 1536w, https:\/\/hardouvelis.gr\/wp-content\/uploads\/16-Copy-2048x1366.jpg 2048w, https:\/\/hardouvelis.gr\/wp-content\/uploads\/16-Copy-272x182.jpg 272w\" sizes=\"auto, (max-width: 2560px) 100vw, 2560px\" \/>\t\t\t\t\t\t\t\t\n\n\t\t\t\t\t\t\t\t\t\t\t\t\t\t\t<\/a>\n\t\t\t\t\t\t\t\t\t\t\t\t<\/div>\n\t\t\t\t\t\t\t\t\t\t\t<div class=\"wd-gallery-item\">\n\t\t\t\t\t\t\t\t\t\t\t\t\t\t<a href=\"https:\/\/hardouvelis.gr\/wp-content\/uploads\/07-004-scaled.jpg\" data-elementor-open-lightbox=\"no\" data-index=\"3\" data-width=\"2560\" data-height=\"1708\"  title=\"From the opening of the &quot;Clothing of the Soul&quot; Exhibition of the Papageorgiou Foundation, hosted at the National Bank Educational Foundation. In the photo, Mr. Gikas Hardouvelis (Chairman of the Board of Directors of National Bank and Chairman of the Board of Directors of the National Bank Educational Foundation MIET), his wife, Ms. Susan Hardouveli, Mr. Costas Kostis (Director of MIET) and Ms. Zoe Psarra Papageorgiou, (member of the Board of Directors of the Papageorgiou Foundation).\">\n\t\t\t\t\t\t\t\t\n\t\t\t\t\t\t\t\t\t\t\t\t\t\t\t\t\t<img loading=\"lazy\" decoding=\"async\" width=\"2560\" height=\"1708\" src=\"https:\/\/hardouvelis.gr\/wp-content\/uploads\/07-004-scaled.jpg\" class=\"wd-gallery-image image-3 attachment-full\" alt=\"\" title=\"From the opening of the &quot;Clothing of the Soul&quot; Exhibition of the Papageorgiou Foundation, hosted at the National Bank Educational Foundation. In the photo, Mr. Gikas Hardouvelis (Chairman of the Board of Directors of National Bank and Chairman of the Board of Directors of the National Bank Educational Foundation MIET), his wife, Ms. Susan Hardouveli, Mr. Costas Kostis (Director of MIET) and Ms. Zoe Psarra Papageorgiou, (member of the Board of Directors of the Papageorgiou Foundation).\" srcset=\"https:\/\/hardouvelis.gr\/wp-content\/uploads\/07-004-scaled.jpg 2560w, https:\/\/hardouvelis.gr\/wp-content\/uploads\/07-004-300x200.jpg 300w, https:\/\/hardouvelis.gr\/wp-content\/uploads\/07-004-1024x683.jpg 1024w, https:\/\/hardouvelis.gr\/wp-content\/uploads\/07-004-768x512.jpg 768w, https:\/\/hardouvelis.gr\/wp-content\/uploads\/07-004-1536x1025.jpg 1536w, https:\/\/hardouvelis.gr\/wp-content\/uploads\/07-004-2048x1366.jpg 2048w, https:\/\/hardouvelis.gr\/wp-content\/uploads\/07-004-272x182.jpg 272w\" sizes=\"auto, (max-width: 2560px) 100vw, 2560px\" \/>\t\t\t\t\t\t\t\t\n\n\t\t\t\t\t\t\t\t\t\t\t\t\t\t\t<\/a>\n\t\t\t\t\t\t\t\t\t\t\t\t<\/div>\n\t\t\t\t\t\t\t\t\t\t\t\t<\/div>\n\t\t<\/div>\n\t\t\t\t[\/vc_tta_section][vc_tta_section title=&#8221;2023&#8243; tab_id=&#8221;1721732725498-246e4871-024d&#8221;]\t\t<div id=\"gallery_221\" class=\"wd-images-gallery wd-rs-66a248a72a7cc wd-justify-center wd-items-middle view-justified photoswipe-images\" >\n\t\t\t<div class=\"gallery-images\">\n\t\t\t\t\t\t\t\t\t\t\t\t\t\t\t<div class=\"wd-gallery-item\">\n\t\t\t\t\t\t\t\t\t\t\t\t\t\t<a href=\"https:\/\/hardouvelis.gr\/wp-content\/uploads\/web-R6SG1960.jpg\" data-elementor-open-lightbox=\"no\" data-index=\"1\" data-width=\"1800\" data-height=\"1200\"  title=\"\u00abProf. Gikas Hardouvelis, participated in the 27th Annual Economist Government Roundtable, in a panel entitled: \u201cAn update on Europe\u2019s financial landscape in times of turmoil.   In dialogue with (from left to right): Colin Ellis Global Credit Strategist, Moody\u2019s Investors Service,  Gikas A. Hardouvelis &amp; Daniel Franklin, Executive Editor, The Economist.\u201d\">\n\t\t\t\t\t\t\t\t\n\t\t\t\t\t\t\t\t\t\t\t\t\t\t\t\t\t<img loading=\"lazy\" decoding=\"async\" width=\"1800\" height=\"1200\" src=\"https:\/\/hardouvelis.gr\/wp-content\/uploads\/web-R6SG1960.jpg\" class=\"wd-gallery-image image-1 attachment-full\" alt=\"\" title=\"\u00abProf. Gikas Hardouvelis, participated in the 27th Annual Economist Government Roundtable, in a panel entitled: \u201cAn update on Europe\u2019s financial landscape in times of turmoil.   In dialogue with (from left to right): Colin Ellis Global Credit Strategist, Moody\u2019s Investors Service,  Gikas A. Hardouvelis &amp; Daniel Franklin, Executive Editor, The Economist.\u201d\" srcset=\"https:\/\/hardouvelis.gr\/wp-content\/uploads\/web-R6SG1960.jpg 1800w, https:\/\/hardouvelis.gr\/wp-content\/uploads\/web-R6SG1960-300x200.jpg 300w, https:\/\/hardouvelis.gr\/wp-content\/uploads\/web-R6SG1960-1024x683.jpg 1024w, https:\/\/hardouvelis.gr\/wp-content\/uploads\/web-R6SG1960-768x512.jpg 768w, https:\/\/hardouvelis.gr\/wp-content\/uploads\/web-R6SG1960-1536x1024.jpg 1536w, https:\/\/hardouvelis.gr\/wp-content\/uploads\/web-R6SG1960-272x182.jpg 272w\" sizes=\"auto, (max-width: 1800px) 100vw, 1800px\" \/>\t\t\t\t\t\t\t\t\n\n\t\t\t\t\t\t\t\t\t\t\t\t\t\t\t<\/a>\n\t\t\t\t\t\t\t\t\t\t\t\t<\/div>\n\t\t\t\t\t\t\t\t\t\t\t<div class=\"wd-gallery-item\">\n\t\t\t\t\t\t\t\t\t\t\t\t\t\t<a href=\"https:\/\/hardouvelis.gr\/wp-content\/uploads\/JIM_0197-scaled.jpg\" data-elementor-open-lightbox=\"no\" data-index=\"2\" data-width=\"2560\" data-height=\"1615\"  title=\"Professor Mr. Gikas A. Hardouvelis with the President, Prof. Ms. Seraina Anagnostopoulou,(8th of the first row) and the members of the Department of Finance and Banking Administration of the University of Piraeus, at the 24th Scholarship Awarding Ceremony.\">\n\t\t\t\t\t\t\t\t\n\t\t\t\t\t\t\t\t\t\t\t\t\t\t\t\t\t<img loading=\"lazy\" decoding=\"async\" width=\"2560\" height=\"1615\" src=\"https:\/\/hardouvelis.gr\/wp-content\/uploads\/JIM_0197-scaled.jpg\" class=\"wd-gallery-image image-2 attachment-full\" alt=\"\" title=\"Professor Mr. Gikas A. Hardouvelis with the President, Prof. Ms. Seraina Anagnostopoulou,(8th of the first row) and the members of the Department of Finance and Banking Administration of the University of Piraeus, at the 24th Scholarship Awarding Ceremony.\" srcset=\"https:\/\/hardouvelis.gr\/wp-content\/uploads\/JIM_0197-scaled.jpg 2560w, https:\/\/hardouvelis.gr\/wp-content\/uploads\/JIM_0197-300x189.jpg 300w, https:\/\/hardouvelis.gr\/wp-content\/uploads\/JIM_0197-1024x646.jpg 1024w, https:\/\/hardouvelis.gr\/wp-content\/uploads\/JIM_0197-768x485.jpg 768w, https:\/\/hardouvelis.gr\/wp-content\/uploads\/JIM_0197-1536x969.jpg 1536w, https:\/\/hardouvelis.gr\/wp-content\/uploads\/JIM_0197-2048x1292.jpg 2048w\" sizes=\"auto, (max-width: 2560px) 100vw, 2560px\" \/>\t\t\t\t\t\t\t\t\n\n\t\t\t\t\t\t\t\t\t\t\t\t\t\t\t<\/a>\n\t\t\t\t\t\t\t\t\t\t\t\t<\/div>\n\t\t\t\t\t\t\t\t\t\t\t<div class=\"wd-gallery-item\">\n\t\t\t\t\t\t\t\t\t\t\t\t\t\t<a href=\"https:\/\/hardouvelis.gr\/wp-content\/uploads\/miet_kostis.jpg\" data-elementor-open-lightbox=\"no\" data-index=\"3\" data-width=\"2028\" data-height=\"1706\"  title=\"Prof. Gikas A. Hardouvelis during his visit to MIET with the new director Mr. Kostis (left)\">\n\t\t\t\t\t\t\t\t\n\t\t\t\t\t\t\t\t\t\t\t\t\t\t\t\t\t<img loading=\"lazy\" decoding=\"async\" width=\"2028\" height=\"1706\" src=\"https:\/\/hardouvelis.gr\/wp-content\/uploads\/miet_kostis.jpg\" class=\"wd-gallery-image image-3 attachment-full\" alt=\"\" title=\"Prof. Gikas A. Hardouvelis during his visit to MIET with the new director Mr. Kostis (left)\" srcset=\"https:\/\/hardouvelis.gr\/wp-content\/uploads\/miet_kostis.jpg 2028w, https:\/\/hardouvelis.gr\/wp-content\/uploads\/miet_kostis-300x252.jpg 300w, https:\/\/hardouvelis.gr\/wp-content\/uploads\/miet_kostis-1024x861.jpg 1024w, https:\/\/hardouvelis.gr\/wp-content\/uploads\/miet_kostis-768x646.jpg 768w, https:\/\/hardouvelis.gr\/wp-content\/uploads\/miet_kostis-1536x1292.jpg 1536w\" sizes=\"auto, (max-width: 2028px) 100vw, 2028px\" \/>\t\t\t\t\t\t\t\t\n\n\t\t\t\t\t\t\t\t\t\t\t\t\t\t\t<\/a>\n\t\t\t\t\t\t\t\t\t\t\t\t<\/div>\n\t\t\t\t\t\t\t\t\t\t\t\t<\/div>\n\t\t<\/div>\n\t\t\t\t[\/vc_tta_section][vc_tta_section title=&#8221;2020&#8243; tab_id=&#8221;1684148964080-58cd8576-0131&#8243;]\t\t<div id=\"gallery_961\" class=\"wd-images-gallery wd-rs-646213fff3468 wd-justify-center wd-items-middle view-justified photoswipe-images\" >\n\t\t\t<div class=\"gallery-images\">\n\t\t\t\t\t\t\t\t\t\t\t\t\t\t\t<div class=\"wd-gallery-item\">\n\t\t\t\t\t\t\t\t\t\t\t\t\t\t<a href=\"https:\/\/hardouvelis.gr\/wp-content\/uploads\/2023\/01\/IFFR-Forum-Financial-Technology-Advances-and-Challenges-February-3-2020-Athens-Greece-from-left-to-right-Iossif-Papadogiannis-Gikas-Hardouvelis-George-Skiadopoulos-Michael-Anthropelos.jpg\" data-elementor-open-lightbox=\"no\" data-index=\"1\" data-width=\"1619\" data-height=\"1416\"  title=\"IFFR Forum \u201cFinancial Technology Advances and Challenges\u201d, February 3, 2020, Athens, Greece (from left to right) Iossif Papadogiannis, Gikas Hardouvelis, George Skiadopoulos, Michael Anthropelos\">\n\t\t\t\t\t\t\t\t\n\t\t\t\t\t\t\t\t\t\t\t\t\t\t\t\t\t<img loading=\"lazy\" decoding=\"async\" width=\"1619\" height=\"1416\" src=\"https:\/\/hardouvelis.gr\/wp-content\/uploads\/2023\/01\/IFFR-Forum-Financial-Technology-Advances-and-Challenges-February-3-2020-Athens-Greece-from-left-to-right-Iossif-Papadogiannis-Gikas-Hardouvelis-George-Skiadopoulos-Michael-Anthropelos.jpg\" class=\"wd-gallery-image image-1 attachment-full\" alt=\"\" title=\"IFFR Forum \u201cFinancial Technology Advances and Challenges\u201d, February 3, 2020, Athens, Greece (from left to right) Iossif Papadogiannis, Gikas Hardouvelis, George Skiadopoulos, Michael Anthropelos\" srcset=\"https:\/\/hardouvelis.gr\/wp-content\/uploads\/2023\/01\/IFFR-Forum-Financial-Technology-Advances-and-Challenges-February-3-2020-Athens-Greece-from-left-to-right-Iossif-Papadogiannis-Gikas-Hardouvelis-George-Skiadopoulos-Michael-Anthropelos.jpg 1619w, https:\/\/hardouvelis.gr\/wp-content\/uploads\/2023\/01\/IFFR-Forum-Financial-Technology-Advances-and-Challenges-February-3-2020-Athens-Greece-from-left-to-right-Iossif-Papadogiannis-Gikas-Hardouvelis-George-Skiadopoulos-Michael-Anthropelos-300x262.jpg 300w, https:\/\/hardouvelis.gr\/wp-content\/uploads\/2023\/01\/IFFR-Forum-Financial-Technology-Advances-and-Challenges-February-3-2020-Athens-Greece-from-left-to-right-Iossif-Papadogiannis-Gikas-Hardouvelis-George-Skiadopoulos-Michael-Anthropelos-1024x896.jpg 1024w, https:\/\/hardouvelis.gr\/wp-content\/uploads\/2023\/01\/IFFR-Forum-Financial-Technology-Advances-and-Challenges-February-3-2020-Athens-Greece-from-left-to-right-Iossif-Papadogiannis-Gikas-Hardouvelis-George-Skiadopoulos-Michael-Anthropelos-768x672.jpg 768w, https:\/\/hardouvelis.gr\/wp-content\/uploads\/2023\/01\/IFFR-Forum-Financial-Technology-Advances-and-Challenges-February-3-2020-Athens-Greece-from-left-to-right-Iossif-Papadogiannis-Gikas-Hardouvelis-George-Skiadopoulos-Michael-Anthropelos-1536x1343.jpg 1536w\" sizes=\"auto, (max-width: 1619px) 100vw, 1619px\" \/>\t\t\t\t\t\t\t\t\n\n\t\t\t\t\t\t\t\t\t\t\t\t\t\t\t<\/a>\n\t\t\t\t\t\t\t\t\t\t\t\t<\/div>\n\t\t\t\t\t\t\t\t\t\t\t\t<\/div>\n\t\t<\/div>\n\t\t\t\t[\/vc_tta_section][vc_tta_section title=&#8221;2019&#8243; tab_id=&#8221;1684148964092-a160107b-0759&#8243;]\t\t<div id=\"gallery_414\" class=\"wd-images-gallery wd-rs-64621cb2eadee wd-justify-center wd-items-middle view-justified photoswipe-images\" >\n\t\t\t<div class=\"gallery-images\">\n\t\t\t\t\t\t\t\t\t\t\t\t\t\t\t<div class=\"wd-gallery-item\">\n\t\t\t\t\t\t\t\t\t\t\t\t\t\t<a href=\"https:\/\/hardouvelis.gr\/wp-content\/uploads\/2021\/04\/4th-Delphi-Economic-Forum-March-1st-2019_From-left-Jeroen-Dijssebloem-Antonis-Papagiannidis-Paul-Mylonas-Gikas-Hardouvelis-1.jpg\" data-elementor-open-lightbox=\"no\" data-index=\"1\" data-width=\"1024\" data-height=\"529\"  title=\"4th Delphi Economic Forum, \u201cThe Challenge of Inclusive Growth\u201d, Panel: \u201cWhat\u2019s Next for the European Banks\u201d, Speakers (L to R) Jeroen Dijssebloem, Antonis Papagiannidis (Commentator), Paul Mylonas, Gikas Hardouvelis, March 1st, 2019, Delphi, Greece\">\n\t\t\t\t\t\t\t\t\n\t\t\t\t\t\t\t\t\t\t\t\t\t\t\t\t\t<img loading=\"lazy\" decoding=\"async\" width=\"1024\" height=\"529\" src=\"https:\/\/hardouvelis.gr\/wp-content\/uploads\/2021\/04\/4th-Delphi-Economic-Forum-March-1st-2019_From-left-Jeroen-Dijssebloem-Antonis-Papagiannidis-Paul-Mylonas-Gikas-Hardouvelis-1.jpg\" class=\"wd-gallery-image image-1 attachment-full\" alt=\"20191_1\" title=\"4th Delphi Economic Forum, \u201cThe Challenge of Inclusive Growth\u201d, Panel: \u201cWhat\u2019s Next for the European Banks\u201d, Speakers (L to R) Jeroen Dijssebloem, Antonis Papagiannidis (Commentator), Paul Mylonas, Gikas Hardouvelis, March 1st, 2019, Delphi, Greece\" srcset=\"https:\/\/hardouvelis.gr\/wp-content\/uploads\/2021\/04\/4th-Delphi-Economic-Forum-March-1st-2019_From-left-Jeroen-Dijssebloem-Antonis-Papagiannidis-Paul-Mylonas-Gikas-Hardouvelis-1.jpg 1024w, https:\/\/hardouvelis.gr\/wp-content\/uploads\/2021\/04\/4th-Delphi-Economic-Forum-March-1st-2019_From-left-Jeroen-Dijssebloem-Antonis-Papagiannidis-Paul-Mylonas-Gikas-Hardouvelis-1-300x155.jpg 300w, https:\/\/hardouvelis.gr\/wp-content\/uploads\/2021\/04\/4th-Delphi-Economic-Forum-March-1st-2019_From-left-Jeroen-Dijssebloem-Antonis-Papagiannidis-Paul-Mylonas-Gikas-Hardouvelis-1-768x397.jpg 768w\" sizes=\"auto, (max-width: 1024px) 100vw, 1024px\" \/>\t\t\t\t\t\t\t\t\n\n\t\t\t\t\t\t\t\t\t\t\t\t\t\t\t<\/a>\n\t\t\t\t\t\t\t\t\t\t\t\t<\/div>\n\t\t\t\t\t\t\t\t\t\t\t<div class=\"wd-gallery-item\">\n\t\t\t\t\t\t\t\t\t\t\t\t\t\t<a href=\"https:\/\/hardouvelis.gr\/wp-content\/uploads\/2021\/04\/Cyprus_Economist_Conference_Nov_5_2019.jpg\" data-elementor-open-lightbox=\"no\" data-index=\"2\" data-width=\"1920\" data-height=\"1280\"  title=\"Cyprus Economist Conference,  G. Hardouvelis on the podium discusses international and Cypriot banking developments , November 5, 2019, Nicosia, Cyprus\">\n\t\t\t\t\t\t\t\t\n\t\t\t\t\t\t\t\t\t\t\t\t\t\t\t\t\t<img loading=\"lazy\" decoding=\"async\" width=\"1920\" height=\"1280\" src=\"https:\/\/hardouvelis.gr\/wp-content\/uploads\/2021\/04\/Cyprus_Economist_Conference_Nov_5_2019.jpg\" class=\"wd-gallery-image image-2 attachment-full\" alt=\"20191_2\" title=\"Cyprus Economist Conference,  G. Hardouvelis on the podium discusses international and Cypriot banking developments , November 5, 2019, Nicosia, Cyprus\" srcset=\"https:\/\/hardouvelis.gr\/wp-content\/uploads\/2021\/04\/Cyprus_Economist_Conference_Nov_5_2019.jpg 1920w, https:\/\/hardouvelis.gr\/wp-content\/uploads\/2021\/04\/Cyprus_Economist_Conference_Nov_5_2019-300x200.jpg 300w, https:\/\/hardouvelis.gr\/wp-content\/uploads\/2021\/04\/Cyprus_Economist_Conference_Nov_5_2019-768x512.jpg 768w, https:\/\/hardouvelis.gr\/wp-content\/uploads\/2021\/04\/Cyprus_Economist_Conference_Nov_5_2019-1024x683.jpg 1024w, https:\/\/hardouvelis.gr\/wp-content\/uploads\/2021\/04\/Cyprus_Economist_Conference_Nov_5_2019-272x182.jpg 272w\" sizes=\"auto, (max-width: 1920px) 100vw, 1920px\" \/>\t\t\t\t\t\t\t\t\n\n\t\t\t\t\t\t\t\t\t\t\t\t\t\t\t<\/a>\n\t\t\t\t\t\t\t\t\t\t\t\t<\/div>\n\t\t\t\t\t\t\t\t\t\t\t<div class=\"wd-gallery-item\">\n\t\t\t\t\t\t\t\t\t\t\t\t\t\t<a href=\"https:\/\/hardouvelis.gr\/wp-content\/uploads\/2021\/04\/Gikas-Hardouvelis-Speaker-at-Thessaloniki-Summit-2019-November-14th.jpg\" data-elementor-open-lightbox=\"no\" data-index=\"3\" data-width=\"1024\" data-height=\"503\"  title=\"Thessaloniki Summit 2019 on  \u201cSouth East Europe,\u201d  Session: \u201cGreece 2025: Developmental and Social Goals,\u201d Hardouvelis on the podium with Yiannis Papadogiannis (moderator) among others, November 14, 2019, Thessaloniki, Greece\">\n\t\t\t\t\t\t\t\t\n\t\t\t\t\t\t\t\t\t\t\t\t\t\t\t\t\t<img loading=\"lazy\" decoding=\"async\" width=\"1024\" height=\"503\" src=\"https:\/\/hardouvelis.gr\/wp-content\/uploads\/2021\/04\/Gikas-Hardouvelis-Speaker-at-Thessaloniki-Summit-2019-November-14th.jpg\" class=\"wd-gallery-image image-3 attachment-full\" alt=\"20191_3\" title=\"Thessaloniki Summit 2019 on  \u201cSouth East Europe,\u201d  Session: \u201cGreece 2025: Developmental and Social Goals,\u201d Hardouvelis on the podium with Yiannis Papadogiannis (moderator) among others, November 14, 2019, Thessaloniki, Greece\" srcset=\"https:\/\/hardouvelis.gr\/wp-content\/uploads\/2021\/04\/Gikas-Hardouvelis-Speaker-at-Thessaloniki-Summit-2019-November-14th.jpg 1024w, https:\/\/hardouvelis.gr\/wp-content\/uploads\/2021\/04\/Gikas-Hardouvelis-Speaker-at-Thessaloniki-Summit-2019-November-14th-300x147.jpg 300w, https:\/\/hardouvelis.gr\/wp-content\/uploads\/2021\/04\/Gikas-Hardouvelis-Speaker-at-Thessaloniki-Summit-2019-November-14th-768x377.jpg 768w\" sizes=\"auto, (max-width: 1024px) 100vw, 1024px\" \/>\t\t\t\t\t\t\t\t\n\n\t\t\t\t\t\t\t\t\t\t\t\t\t\t\t<\/a>\n\t\t\t\t\t\t\t\t\t\t\t\t<\/div>\n\t\t\t\t\t\t\t\t\t\t\t<div class=\"wd-gallery-item\">\n\t\t\t\t\t\t\t\t\t\t\t\t\t\t<a href=\"https:\/\/hardouvelis.gr\/wp-content\/uploads\/2021\/04\/EYA_9052.jpg\" data-elementor-open-lightbox=\"no\" data-index=\"4\" data-width=\"1200\" data-height=\"600\"  title=\"Thessaloniki Summit 2019 on \u201cSouth East Europe\u201d, Session: \u201cGreece 2025: Developmental and Social Goals\u201d, November 14, 2019, Thessaloniki, Greece.  Panelist group photo:(L to R) Yiannis Papadogiannis (Moderator), Adonis-Spyridon Georgiadis, Domna Michailidou, Chris Allen, Gikas Hardouvelis, Panos Tsakloglou\">\n\t\t\t\t\t\t\t\t\n\t\t\t\t\t\t\t\t\t\t\t\t\t\t\t\t\t<img loading=\"lazy\" decoding=\"async\" width=\"1200\" height=\"600\" src=\"https:\/\/hardouvelis.gr\/wp-content\/uploads\/2021\/04\/EYA_9052.jpg\" class=\"wd-gallery-image image-4 attachment-full\" alt=\"20191_4\" title=\"Thessaloniki Summit 2019 on \u201cSouth East Europe\u201d, Session: \u201cGreece 2025: Developmental and Social Goals\u201d, November 14, 2019, Thessaloniki, Greece.  Panelist group photo:(L to R) Yiannis Papadogiannis (Moderator), Adonis-Spyridon Georgiadis, Domna Michailidou, Chris Allen, Gikas Hardouvelis, Panos Tsakloglou\" srcset=\"https:\/\/hardouvelis.gr\/wp-content\/uploads\/2021\/04\/EYA_9052.jpg 1200w, https:\/\/hardouvelis.gr\/wp-content\/uploads\/2021\/04\/EYA_9052-300x150.jpg 300w, https:\/\/hardouvelis.gr\/wp-content\/uploads\/2021\/04\/EYA_9052-768x384.jpg 768w, https:\/\/hardouvelis.gr\/wp-content\/uploads\/2021\/04\/EYA_9052-1024x512.jpg 1024w\" sizes=\"auto, (max-width: 1200px) 100vw, 1200px\" \/>\t\t\t\t\t\t\t\t\n\n\t\t\t\t\t\t\t\t\t\t\t\t\t\t\t<\/a>\n\t\t\t\t\t\t\t\t\t\t\t\t<\/div>\n\t\t\t\t\t\t\t\t\t\t\t<div class=\"wd-gallery-item\">\n\t\t\t\t\t\t\t\t\t\t\t\t\t\t<a href=\"https:\/\/hardouvelis.gr\/wp-content\/uploads\/2021\/04\/MARCH-6-2019-ACG.jpg\" data-elementor-open-lightbox=\"no\" data-index=\"5\" data-width=\"882\" data-height=\"588\"  title=\"Book presentation by author Katerina Sokou: \u201cThe US role in the Greek Debt Crisis.\u201d From left: Panagiotis Pikramenos (discussant), Alexis Papahelas (moderator), Katerina Sokou (author), Gikas Hardouvelis (discussant). March 4, 2019, American College of Greece, Athens, Greece.\">\n\t\t\t\t\t\t\t\t\n\t\t\t\t\t\t\t\t\t\t\t\t\t\t\t\t\t<img loading=\"lazy\" decoding=\"async\" width=\"882\" height=\"588\" src=\"https:\/\/hardouvelis.gr\/wp-content\/uploads\/2021\/04\/MARCH-6-2019-ACG.jpg\" class=\"wd-gallery-image image-5 attachment-full\" alt=\"20191_5\" title=\"Book presentation by author Katerina Sokou: \u201cThe US role in the Greek Debt Crisis.\u201d From left: Panagiotis Pikramenos (discussant), Alexis Papahelas (moderator), Katerina Sokou (author), Gikas Hardouvelis (discussant). March 4, 2019, American College of Greece, Athens, Greece.\" srcset=\"https:\/\/hardouvelis.gr\/wp-content\/uploads\/2021\/04\/MARCH-6-2019-ACG.jpg 882w, https:\/\/hardouvelis.gr\/wp-content\/uploads\/2021\/04\/MARCH-6-2019-ACG-300x200.jpg 300w, https:\/\/hardouvelis.gr\/wp-content\/uploads\/2021\/04\/MARCH-6-2019-ACG-768x512.jpg 768w, https:\/\/hardouvelis.gr\/wp-content\/uploads\/2021\/04\/MARCH-6-2019-ACG-272x182.jpg 272w\" sizes=\"auto, (max-width: 882px) 100vw, 882px\" \/>\t\t\t\t\t\t\t\t\n\n\t\t\t\t\t\t\t\t\t\t\t\t\t\t\t<\/a>\n\t\t\t\t\t\t\t\t\t\t\t\t<\/div>\n\t\t\t\t\t\t\t\t\t\t\t<div class=\"wd-gallery-item\">\n\t\t\t\t\t\t\t\t\t\t\t\t\t\t<a href=\"https:\/\/hardouvelis.gr\/wp-content\/uploads\/2021\/04\/IFFR_Understanding-challenges-for-the-greek-economy-conference_September-12-2019_2nd-session.jpg\" data-elementor-open-lightbox=\"no\" data-index=\"6\" data-width=\"6016\" data-height=\"4016\"  title=\"IFFR Conference \u201cUnderstanding challenges for the Greek economy\u201d, Session 2 &quot;Economy and the Markets&quot;, September 12, 2019, Athens, Greece (from left) Dimitris Papanikolaou, Filippos Papakonstantinou, Nikolaos Panigirtzoglou, Gikas Hardouvelis (Chair)\">\n\t\t\t\t\t\t\t\t\n\t\t\t\t\t\t\t\t\t\t\t\t\t\t\t\t\t<img loading=\"lazy\" decoding=\"async\" width=\"6016\" height=\"4016\" src=\"https:\/\/hardouvelis.gr\/wp-content\/uploads\/2021\/04\/IFFR_Understanding-challenges-for-the-greek-economy-conference_September-12-2019_2nd-session.jpg\" class=\"wd-gallery-image image-6 attachment-full\" alt=\"20192_1\" title=\"IFFR Conference \u201cUnderstanding challenges for the Greek economy\u201d, Session 2 &quot;Economy and the Markets&quot;, September 12, 2019, Athens, Greece (from left) Dimitris Papanikolaou, Filippos Papakonstantinou, Nikolaos Panigirtzoglou, Gikas Hardouvelis (Chair)\" srcset=\"https:\/\/hardouvelis.gr\/wp-content\/uploads\/2021\/04\/IFFR_Understanding-challenges-for-the-greek-economy-conference_September-12-2019_2nd-session.jpg 6016w, https:\/\/hardouvelis.gr\/wp-content\/uploads\/2021\/04\/IFFR_Understanding-challenges-for-the-greek-economy-conference_September-12-2019_2nd-session-300x200.jpg 300w, https:\/\/hardouvelis.gr\/wp-content\/uploads\/2021\/04\/IFFR_Understanding-challenges-for-the-greek-economy-conference_September-12-2019_2nd-session-768x513.jpg 768w, https:\/\/hardouvelis.gr\/wp-content\/uploads\/2021\/04\/IFFR_Understanding-challenges-for-the-greek-economy-conference_September-12-2019_2nd-session-1024x684.jpg 1024w, https:\/\/hardouvelis.gr\/wp-content\/uploads\/2021\/04\/IFFR_Understanding-challenges-for-the-greek-economy-conference_September-12-2019_2nd-session-272x182.jpg 272w\" sizes=\"auto, (max-width: 6016px) 100vw, 6016px\" \/>\t\t\t\t\t\t\t\t\n\n\t\t\t\t\t\t\t\t\t\t\t\t\t\t\t<\/a>\n\t\t\t\t\t\t\t\t\t\t\t\t<\/div>\n\t\t\t\t\t\t\t\t\t\t\t<div class=\"wd-gallery-item\">\n\t\t\t\t\t\t\t\t\t\t\t\t\t\t<a href=\"https:\/\/hardouvelis.gr\/wp-content\/uploads\/2021\/04\/IFFR_Sept_12_2019_BoG_BoG_audience-3.jpg\" data-elementor-open-lightbox=\"no\" data-index=\"7\" data-width=\"6016\" data-height=\"4016\"  title=\"IFFR Conference \u201cUnderstanding challenges for the Greek economy\u201d, the audience September 12, 2019, Athens, Greece\">\n\t\t\t\t\t\t\t\t\n\t\t\t\t\t\t\t\t\t\t\t\t\t\t\t\t\t<img loading=\"lazy\" decoding=\"async\" width=\"6016\" height=\"4016\" src=\"https:\/\/hardouvelis.gr\/wp-content\/uploads\/2021\/04\/IFFR_Sept_12_2019_BoG_BoG_audience-3.jpg\" class=\"wd-gallery-image image-7 attachment-full\" alt=\"20192_2\" title=\"IFFR Conference \u201cUnderstanding challenges for the Greek economy\u201d, the audience September 12, 2019, Athens, Greece\" srcset=\"https:\/\/hardouvelis.gr\/wp-content\/uploads\/2021\/04\/IFFR_Sept_12_2019_BoG_BoG_audience-3.jpg 6016w, https:\/\/hardouvelis.gr\/wp-content\/uploads\/2021\/04\/IFFR_Sept_12_2019_BoG_BoG_audience-3-300x200.jpg 300w, https:\/\/hardouvelis.gr\/wp-content\/uploads\/2021\/04\/IFFR_Sept_12_2019_BoG_BoG_audience-3-768x513.jpg 768w, https:\/\/hardouvelis.gr\/wp-content\/uploads\/2021\/04\/IFFR_Sept_12_2019_BoG_BoG_audience-3-1024x684.jpg 1024w, https:\/\/hardouvelis.gr\/wp-content\/uploads\/2021\/04\/IFFR_Sept_12_2019_BoG_BoG_audience-3-272x182.jpg 272w\" sizes=\"auto, (max-width: 6016px) 100vw, 6016px\" \/>\t\t\t\t\t\t\t\t\n\n\t\t\t\t\t\t\t\t\t\t\t\t\t\t\t<\/a>\n\t\t\t\t\t\t\t\t\t\t\t\t<\/div>\n\t\t\t\t\t\t\t\t\t\t\t<div class=\"wd-gallery-item\">\n\t\t\t\t\t\t\t\t\t\t\t\t\t\t<a href=\"https:\/\/hardouvelis.gr\/wp-content\/uploads\/2021\/04\/Serres_Commercial-Law-Conference_Oct-5-2019.jpg\" data-elementor-open-lightbox=\"no\" data-index=\"8\" data-width=\"1280\" data-height=\"960\"  title=\"Hellenic Commercial Lawyers\u2019 Annual Conference, G. Hardouvelis Speaker, \u201cFinancial Crisis and Non-performing Exposures in Greece\u201d, October 5, 2019, Elpida hotel, Serres, Greece.\">\n\t\t\t\t\t\t\t\t\n\t\t\t\t\t\t\t\t\t\t\t\t\t\t\t\t\t<img loading=\"lazy\" decoding=\"async\" width=\"1280\" height=\"960\" src=\"https:\/\/hardouvelis.gr\/wp-content\/uploads\/2021\/04\/Serres_Commercial-Law-Conference_Oct-5-2019.jpg\" class=\"wd-gallery-image image-8 attachment-full\" alt=\"20192_3\" title=\"Hellenic Commercial Lawyers\u2019 Annual Conference, G. Hardouvelis Speaker, \u201cFinancial Crisis and Non-performing Exposures in Greece\u201d, October 5, 2019, Elpida hotel, Serres, Greece.\" srcset=\"https:\/\/hardouvelis.gr\/wp-content\/uploads\/2021\/04\/Serres_Commercial-Law-Conference_Oct-5-2019.jpg 1280w, https:\/\/hardouvelis.gr\/wp-content\/uploads\/2021\/04\/Serres_Commercial-Law-Conference_Oct-5-2019-300x225.jpg 300w, https:\/\/hardouvelis.gr\/wp-content\/uploads\/2021\/04\/Serres_Commercial-Law-Conference_Oct-5-2019-768x576.jpg 768w, https:\/\/hardouvelis.gr\/wp-content\/uploads\/2021\/04\/Serres_Commercial-Law-Conference_Oct-5-2019-1024x768.jpg 1024w, https:\/\/hardouvelis.gr\/wp-content\/uploads\/2021\/04\/Serres_Commercial-Law-Conference_Oct-5-2019-350x263.jpg 350w, https:\/\/hardouvelis.gr\/wp-content\/uploads\/2021\/04\/Serres_Commercial-Law-Conference_Oct-5-2019-780x586.jpg 780w, https:\/\/hardouvelis.gr\/wp-content\/uploads\/2021\/04\/Serres_Commercial-Law-Conference_Oct-5-2019-250x188.jpg 250w\" sizes=\"auto, (max-width: 1280px) 100vw, 1280px\" \/>\t\t\t\t\t\t\t\t\n\n\t\t\t\t\t\t\t\t\t\t\t\t\t\t\t<\/a>\n\t\t\t\t\t\t\t\t\t\t\t\t<\/div>\n\t\t\t\t\t\t\t\t\t\t\t<div class=\"wd-gallery-item\">\n\t\t\t\t\t\t\t\t\t\t\t\t\t\t<a href=\"https:\/\/hardouvelis.gr\/wp-content\/uploads\/2021\/04\/Serres_Commercial-Law-Conference_Oct-5-2019-2.jpg\" data-elementor-open-lightbox=\"no\" data-index=\"9\" data-width=\"1280\" data-height=\"960\"  title=\"Hellenic Commercial Lawyers\u2019 Annual Conference, session speakers (from left) Dimitrios Spirakos, Aimilios Avgouleas, Georgios Triantafyllakis (chair), Gikas Hardouvelis, Konstantinos Botopoulos, October 5, 2019, Elpida hotel, Serres, Greece\">\n\t\t\t\t\t\t\t\t\n\t\t\t\t\t\t\t\t\t\t\t\t\t\t\t\t\t<img loading=\"lazy\" decoding=\"async\" width=\"1280\" height=\"960\" src=\"https:\/\/hardouvelis.gr\/wp-content\/uploads\/2021\/04\/Serres_Commercial-Law-Conference_Oct-5-2019-2.jpg\" class=\"wd-gallery-image image-9 attachment-full\" alt=\"20192_4\" title=\"Hellenic Commercial Lawyers\u2019 Annual Conference, session speakers (from left) Dimitrios Spirakos, Aimilios Avgouleas, Georgios Triantafyllakis (chair), Gikas Hardouvelis, Konstantinos Botopoulos, October 5, 2019, Elpida hotel, Serres, Greece\" srcset=\"https:\/\/hardouvelis.gr\/wp-content\/uploads\/2021\/04\/Serres_Commercial-Law-Conference_Oct-5-2019-2.jpg 1280w, https:\/\/hardouvelis.gr\/wp-content\/uploads\/2021\/04\/Serres_Commercial-Law-Conference_Oct-5-2019-2-300x225.jpg 300w, https:\/\/hardouvelis.gr\/wp-content\/uploads\/2021\/04\/Serres_Commercial-Law-Conference_Oct-5-2019-2-768x576.jpg 768w, https:\/\/hardouvelis.gr\/wp-content\/uploads\/2021\/04\/Serres_Commercial-Law-Conference_Oct-5-2019-2-1024x768.jpg 1024w, https:\/\/hardouvelis.gr\/wp-content\/uploads\/2021\/04\/Serres_Commercial-Law-Conference_Oct-5-2019-2-350x263.jpg 350w, https:\/\/hardouvelis.gr\/wp-content\/uploads\/2021\/04\/Serres_Commercial-Law-Conference_Oct-5-2019-2-780x586.jpg 780w, https:\/\/hardouvelis.gr\/wp-content\/uploads\/2021\/04\/Serres_Commercial-Law-Conference_Oct-5-2019-2-250x188.jpg 250w\" sizes=\"auto, (max-width: 1280px) 100vw, 1280px\" \/>\t\t\t\t\t\t\t\t\n\n\t\t\t\t\t\t\t\t\t\t\t\t\t\t\t<\/a>\n\t\t\t\t\t\t\t\t\t\t\t\t<\/div>\n\t\t\t\t\t\t\t\t\t\t\t<div class=\"wd-gallery-item\">\n\t\t\t\t\t\t\t\t\t\t\t\t\t\t<a href=\"https:\/\/hardouvelis.gr\/wp-content\/uploads\/2021\/04\/Dec-13-2019_Get-Involved-Conference.jpg\" data-elementor-open-lightbox=\"no\" data-index=\"10\" data-width=\"6192\" data-height=\"4128\"  title=\"3rd ECB Simulation Conference at the Bank of Greece by the \u201cGet Involved\u201d student association.  Group photo of discussants and organizers, December 13, 2019\">\n\t\t\t\t\t\t\t\t\n\t\t\t\t\t\t\t\t\t\t\t\t\t\t\t\t\t<img loading=\"lazy\" decoding=\"async\" width=\"6192\" height=\"4128\" src=\"https:\/\/hardouvelis.gr\/wp-content\/uploads\/2021\/04\/Dec-13-2019_Get-Involved-Conference.jpg\" class=\"wd-gallery-image image-10 attachment-full\" alt=\"20192_5\" title=\"3rd ECB Simulation Conference at the Bank of Greece by the \u201cGet Involved\u201d student association.  Group photo of discussants and organizers, December 13, 2019\" srcset=\"https:\/\/hardouvelis.gr\/wp-content\/uploads\/2021\/04\/Dec-13-2019_Get-Involved-Conference.jpg 6192w, https:\/\/hardouvelis.gr\/wp-content\/uploads\/2021\/04\/Dec-13-2019_Get-Involved-Conference-300x200.jpg 300w, https:\/\/hardouvelis.gr\/wp-content\/uploads\/2021\/04\/Dec-13-2019_Get-Involved-Conference-768x512.jpg 768w, https:\/\/hardouvelis.gr\/wp-content\/uploads\/2021\/04\/Dec-13-2019_Get-Involved-Conference-1024x683.jpg 1024w, https:\/\/hardouvelis.gr\/wp-content\/uploads\/2021\/04\/Dec-13-2019_Get-Involved-Conference-272x182.jpg 272w\" sizes=\"auto, (max-width: 6192px) 100vw, 6192px\" \/>\t\t\t\t\t\t\t\t\n\n\t\t\t\t\t\t\t\t\t\t\t\t\t\t\t<\/a>\n\t\t\t\t\t\t\t\t\t\t\t\t<\/div>\n\t\t\t\t\t\t\t\t\t\t\t<div class=\"wd-gallery-item\">\n\t\t\t\t\t\t\t\t\t\t\t\t\t\t<a href=\"https:\/\/hardouvelis.gr\/wp-content\/uploads\/2021\/04\/Speaker-at-ekyklos-conference_A-new-beginning-for-the-Greek-Economy19-6-2019.jpg\" data-elementor-open-lightbox=\"no\" data-index=\"11\" data-width=\"3000\" data-height=\"1996\"  title=\"3rd Annual by \u0395-Kyklos (\u0395-\u039a\u03cd\u03ba\u03bb\u03bf\u03c2), Conference on \u201cThe reconstitution of the Greek middle class.\u201d Hardouvelis Speaker: \u201cA new beginning for the Greek Economy \u201c, June 19, 2019, Athens, Greece\">\n\t\t\t\t\t\t\t\t\n\t\t\t\t\t\t\t\t\t\t\t\t\t\t\t\t\t<img loading=\"lazy\" decoding=\"async\" width=\"3000\" height=\"1996\" src=\"https:\/\/hardouvelis.gr\/wp-content\/uploads\/2021\/04\/Speaker-at-ekyklos-conference_A-new-beginning-for-the-Greek-Economy19-6-2019.jpg\" class=\"wd-gallery-image image-11 attachment-full\" alt=\"20193_1\" title=\"3rd Annual by \u0395-Kyklos (\u0395-\u039a\u03cd\u03ba\u03bb\u03bf\u03c2), Conference on \u201cThe reconstitution of the Greek middle class.\u201d Hardouvelis Speaker: \u201cA new beginning for the Greek Economy \u201c, June 19, 2019, Athens, Greece\" srcset=\"https:\/\/hardouvelis.gr\/wp-content\/uploads\/2021\/04\/Speaker-at-ekyklos-conference_A-new-beginning-for-the-Greek-Economy19-6-2019.jpg 3000w, https:\/\/hardouvelis.gr\/wp-content\/uploads\/2021\/04\/Speaker-at-ekyklos-conference_A-new-beginning-for-the-Greek-Economy19-6-2019-300x200.jpg 300w, https:\/\/hardouvelis.gr\/wp-content\/uploads\/2021\/04\/Speaker-at-ekyklos-conference_A-new-beginning-for-the-Greek-Economy19-6-2019-768x511.jpg 768w, https:\/\/hardouvelis.gr\/wp-content\/uploads\/2021\/04\/Speaker-at-ekyklos-conference_A-new-beginning-for-the-Greek-Economy19-6-2019-1024x681.jpg 1024w, https:\/\/hardouvelis.gr\/wp-content\/uploads\/2021\/04\/Speaker-at-ekyklos-conference_A-new-beginning-for-the-Greek-Economy19-6-2019-272x182.jpg 272w\" sizes=\"auto, (max-width: 3000px) 100vw, 3000px\" \/>\t\t\t\t\t\t\t\t\n\n\t\t\t\t\t\t\t\t\t\t\t\t\t\t\t<\/a>\n\t\t\t\t\t\t\t\t\t\t\t\t<\/div>\n\t\t\t\t\t\t\t\t\t\t\t<div class=\"wd-gallery-item\">\n\t\t\t\t\t\t\t\t\t\t\t\t\t\t<a href=\"https:\/\/hardouvelis.gr\/wp-content\/uploads\/2021\/04\/19-6-2019_e-kyklos.jpg\" data-elementor-open-lightbox=\"no\" data-index=\"12\" data-width=\"3000\" data-height=\"1996\"  title=\"3rd Annual \u0395-Kyklos (\u0395-\u039a\u03cd\u03ba\u03bb\u03bf\u03c2), Conference on \u201cThe reconstitution of the Greek middle class,\u201d panelists from left: Theodore Pelagidis, Gikas Hardouvelis, Elena Laskari (moderator), Nicholas Economides, Panos Tsakloglou, Miltiades Nektarios, and George Stratopoulos, June 19, 2019, Athens, Greece.\">\n\t\t\t\t\t\t\t\t\n\t\t\t\t\t\t\t\t\t\t\t\t\t\t\t\t\t<img loading=\"lazy\" decoding=\"async\" width=\"3000\" height=\"1996\" src=\"https:\/\/hardouvelis.gr\/wp-content\/uploads\/2021\/04\/19-6-2019_e-kyklos.jpg\" class=\"wd-gallery-image image-12 attachment-full\" alt=\"20193_2\" title=\"3rd Annual \u0395-Kyklos (\u0395-\u039a\u03cd\u03ba\u03bb\u03bf\u03c2), Conference on \u201cThe reconstitution of the Greek middle class,\u201d panelists from left: Theodore Pelagidis, Gikas Hardouvelis, Elena Laskari (moderator), Nicholas Economides, Panos Tsakloglou, Miltiades Nektarios, and George Stratopoulos, June 19, 2019, Athens, Greece.\" srcset=\"https:\/\/hardouvelis.gr\/wp-content\/uploads\/2021\/04\/19-6-2019_e-kyklos.jpg 3000w, https:\/\/hardouvelis.gr\/wp-content\/uploads\/2021\/04\/19-6-2019_e-kyklos-300x200.jpg 300w, https:\/\/hardouvelis.gr\/wp-content\/uploads\/2021\/04\/19-6-2019_e-kyklos-768x511.jpg 768w, https:\/\/hardouvelis.gr\/wp-content\/uploads\/2021\/04\/19-6-2019_e-kyklos-1024x681.jpg 1024w, https:\/\/hardouvelis.gr\/wp-content\/uploads\/2021\/04\/19-6-2019_e-kyklos-272x182.jpg 272w\" sizes=\"auto, (max-width: 3000px) 100vw, 3000px\" \/>\t\t\t\t\t\t\t\t\n\n\t\t\t\t\t\t\t\t\t\t\t\t\t\t\t<\/a>\n\t\t\t\t\t\t\t\t\t\t\t\t<\/div>\n\t\t\t\t\t\t\t\t\t\t\t<div class=\"wd-gallery-item\">\n\t\t\t\t\t\t\t\t\t\t\t\t\t\t<a href=\"https:\/\/hardouvelis.gr\/wp-content\/uploads\/2021\/04\/Sept_20_2019_Rodhes_Household-Finane-Conference-IMG_0623.jpg\" data-elementor-open-lightbox=\"no\" data-index=\"13\" data-width=\"4032\" data-height=\"3024\"  title=\"Excursion with conference participants after the CEPR Fifth European Conference on Household Finance, September 20, 2019, Rhodes island, Greece\">\n\t\t\t\t\t\t\t\t\n\t\t\t\t\t\t\t\t\t\t\t\t\t\t\t\t\t<img loading=\"lazy\" decoding=\"async\" width=\"4032\" height=\"3024\" src=\"https:\/\/hardouvelis.gr\/wp-content\/uploads\/2021\/04\/Sept_20_2019_Rodhes_Household-Finane-Conference-IMG_0623.jpg\" class=\"wd-gallery-image image-13 attachment-full\" alt=\"20193_3\" title=\"Excursion with conference participants after the CEPR Fifth European Conference on Household Finance, September 20, 2019, Rhodes island, Greece\" srcset=\"https:\/\/hardouvelis.gr\/wp-content\/uploads\/2021\/04\/Sept_20_2019_Rodhes_Household-Finane-Conference-IMG_0623.jpg 4032w, https:\/\/hardouvelis.gr\/wp-content\/uploads\/2021\/04\/Sept_20_2019_Rodhes_Household-Finane-Conference-IMG_0623-300x225.jpg 300w, https:\/\/hardouvelis.gr\/wp-content\/uploads\/2021\/04\/Sept_20_2019_Rodhes_Household-Finane-Conference-IMG_0623-768x576.jpg 768w, https:\/\/hardouvelis.gr\/wp-content\/uploads\/2021\/04\/Sept_20_2019_Rodhes_Household-Finane-Conference-IMG_0623-1024x768.jpg 1024w, https:\/\/hardouvelis.gr\/wp-content\/uploads\/2021\/04\/Sept_20_2019_Rodhes_Household-Finane-Conference-IMG_0623-350x263.jpg 350w, https:\/\/hardouvelis.gr\/wp-content\/uploads\/2021\/04\/Sept_20_2019_Rodhes_Household-Finane-Conference-IMG_0623-780x586.jpg 780w, https:\/\/hardouvelis.gr\/wp-content\/uploads\/2021\/04\/Sept_20_2019_Rodhes_Household-Finane-Conference-IMG_0623-250x188.jpg 250w\" sizes=\"auto, (max-width: 4032px) 100vw, 4032px\" \/>\t\t\t\t\t\t\t\t\n\n\t\t\t\t\t\t\t\t\t\t\t\t\t\t\t<\/a>\n\t\t\t\t\t\t\t\t\t\t\t\t<\/div>\n\t\t\t\t\t\t\t\t\t\t\t<div class=\"wd-gallery-item\">\n\t\t\t\t\t\t\t\t\t\t\t\t\t\t<a href=\"https:\/\/hardouvelis.gr\/wp-content\/uploads\/2021\/04\/Anatolia-College-Alma-Mater-Annual-Trustees-Meeting-June-8-2019-Thessaloniki-Greece.jpg\" data-elementor-open-lightbox=\"no\" data-index=\"14\" data-width=\"859\" data-height=\"569\"  title=\"Anatolia College Trustees, Semi-Annual Meeting, June 8, 2019, Thessaloniki, Greece\">\n\t\t\t\t\t\t\t\t\n\t\t\t\t\t\t\t\t\t\t\t\t\t\t\t\t\t<img loading=\"lazy\" decoding=\"async\" width=\"859\" height=\"569\" src=\"https:\/\/hardouvelis.gr\/wp-content\/uploads\/2021\/04\/Anatolia-College-Alma-Mater-Annual-Trustees-Meeting-June-8-2019-Thessaloniki-Greece.jpg\" class=\"wd-gallery-image image-14 attachment-full\" alt=\"20193_4\" title=\"Anatolia College Trustees, Semi-Annual Meeting, June 8, 2019, Thessaloniki, Greece\" srcset=\"https:\/\/hardouvelis.gr\/wp-content\/uploads\/2021\/04\/Anatolia-College-Alma-Mater-Annual-Trustees-Meeting-June-8-2019-Thessaloniki-Greece.jpg 859w, https:\/\/hardouvelis.gr\/wp-content\/uploads\/2021\/04\/Anatolia-College-Alma-Mater-Annual-Trustees-Meeting-June-8-2019-Thessaloniki-Greece-300x199.jpg 300w, https:\/\/hardouvelis.gr\/wp-content\/uploads\/2021\/04\/Anatolia-College-Alma-Mater-Annual-Trustees-Meeting-June-8-2019-Thessaloniki-Greece-768x509.jpg 768w\" sizes=\"auto, (max-width: 859px) 100vw, 859px\" \/>\t\t\t\t\t\t\t\t\n\n\t\t\t\t\t\t\t\t\t\t\t\t\t\t\t<\/a>\n\t\t\t\t\t\t\t\t\t\t\t\t<\/div>\n\t\t\t\t\t\t\t\t\t\t\t<div class=\"wd-gallery-item\">\n\t\t\t\t\t\t\t\t\t\t\t\t\t\t<a href=\"https:\/\/hardouvelis.gr\/wp-content\/uploads\/2021\/04\/Gikas-Hardouvelis-with-Dartmouth-Students_National-Bank-of-Greece_Dec-4-2019.jpg\" data-elementor-open-lightbox=\"no\" data-index=\"15\" data-width=\"1600\" data-height=\"1384\"  title=\"After a seminar on Greek Banking and the Economy, Group photo: Gikas Hardouvelis with visiting undergraduate students from Dartmouth College (NH, USA), inside the historical board room of the National Bank of Greece, December 4, 2019\">\n\t\t\t\t\t\t\t\t\n\t\t\t\t\t\t\t\t\t\t\t\t\t\t\t\t\t<img loading=\"lazy\" decoding=\"async\" width=\"1600\" height=\"1384\" src=\"https:\/\/hardouvelis.gr\/wp-content\/uploads\/2021\/04\/Gikas-Hardouvelis-with-Dartmouth-Students_National-Bank-of-Greece_Dec-4-2019.jpg\" class=\"wd-gallery-image image-15 attachment-full\" alt=\"20193_5\" title=\"After a seminar on Greek Banking and the Economy, Group photo: Gikas Hardouvelis with visiting undergraduate students from Dartmouth College (NH, USA), inside the historical board room of the National Bank of Greece, December 4, 2019\" srcset=\"https:\/\/hardouvelis.gr\/wp-content\/uploads\/2021\/04\/Gikas-Hardouvelis-with-Dartmouth-Students_National-Bank-of-Greece_Dec-4-2019.jpg 1600w, https:\/\/hardouvelis.gr\/wp-content\/uploads\/2021\/04\/Gikas-Hardouvelis-with-Dartmouth-Students_National-Bank-of-Greece_Dec-4-2019-300x260.jpg 300w, https:\/\/hardouvelis.gr\/wp-content\/uploads\/2021\/04\/Gikas-Hardouvelis-with-Dartmouth-Students_National-Bank-of-Greece_Dec-4-2019-768x664.jpg 768w, https:\/\/hardouvelis.gr\/wp-content\/uploads\/2021\/04\/Gikas-Hardouvelis-with-Dartmouth-Students_National-Bank-of-Greece_Dec-4-2019-1024x886.jpg 1024w\" sizes=\"auto, (max-width: 1600px) 100vw, 1600px\" \/>\t\t\t\t\t\t\t\t\n\n\t\t\t\t\t\t\t\t\t\t\t\t\t\t\t<\/a>\n\t\t\t\t\t\t\t\t\t\t\t\t<\/div>\n\t\t\t\t\t\t\t\t\t\t\t\t<\/div>\n\t\t<\/div>\n\t\t\t\t[\/vc_tta_section][vc_tta_section title=&#8221;2018 &#8211; 2017&#8243; tab_id=&#8221;1684149576551-2521da9d-6e22&#8243;]\t\t<div id=\"gallery_767\" class=\"wd-images-gallery wd-rs-64621d23cc1f8 wd-justify-center wd-items-middle view-justified photoswipe-images\" >\n\t\t\t<div class=\"gallery-images\">\n\t\t\t\t\t\t\t\t\t\t\t\t\t\t\t<div class=\"wd-gallery-item\">\n\t\t\t\t\t\t\t\t\t\t\t\t\t\t<a href=\"https:\/\/hardouvelis.gr\/wp-content\/uploads\/2021\/04\/Gikas-Hardouvelis-with-Christopher-Pissaridis-in-Academy-of-Athens-May-8-2018.jpg\" data-elementor-open-lightbox=\"no\" data-index=\"1\" data-width=\"1772\" data-height=\"1181\"  title=\"Gikas Hardouvelis with Nobel Laureate Sir Christopher Pissarides in the Academy of Athens, on May 8, 2018\">\n\t\t\t\t\t\t\t\t\n\t\t\t\t\t\t\t\t\t\t\t\t\t\t\t\t\t<img loading=\"lazy\" decoding=\"async\" width=\"1772\" height=\"1181\" src=\"https:\/\/hardouvelis.gr\/wp-content\/uploads\/2021\/04\/Gikas-Hardouvelis-with-Christopher-Pissaridis-in-Academy-of-Athens-May-8-2018.jpg\" class=\"wd-gallery-image image-1 attachment-full\" alt=\"\" title=\"Gikas Hardouvelis with Nobel Laureate Sir Christopher Pissarides in the Academy of Athens, on May 8, 2018\" srcset=\"https:\/\/hardouvelis.gr\/wp-content\/uploads\/2021\/04\/Gikas-Hardouvelis-with-Christopher-Pissaridis-in-Academy-of-Athens-May-8-2018.jpg 1772w, https:\/\/hardouvelis.gr\/wp-content\/uploads\/2021\/04\/Gikas-Hardouvelis-with-Christopher-Pissaridis-in-Academy-of-Athens-May-8-2018-300x200.jpg 300w, https:\/\/hardouvelis.gr\/wp-content\/uploads\/2021\/04\/Gikas-Hardouvelis-with-Christopher-Pissaridis-in-Academy-of-Athens-May-8-2018-768x512.jpg 768w, https:\/\/hardouvelis.gr\/wp-content\/uploads\/2021\/04\/Gikas-Hardouvelis-with-Christopher-Pissaridis-in-Academy-of-Athens-May-8-2018-1024x682.jpg 1024w, https:\/\/hardouvelis.gr\/wp-content\/uploads\/2021\/04\/Gikas-Hardouvelis-with-Christopher-Pissaridis-in-Academy-of-Athens-May-8-2018-272x182.jpg 272w\" sizes=\"auto, (max-width: 1772px) 100vw, 1772px\" \/>\t\t\t\t\t\t\t\t\n\n\t\t\t\t\t\t\t\t\t\t\t\t\t\t\t<\/a>\n\t\t\t\t\t\t\t\t\t\t\t\t<\/div>\n\t\t\t\t\t\t\t\t\t\t\t<div class=\"wd-gallery-item\">\n\t\t\t\t\t\t\t\t\t\t\t\t\t\t<a href=\"https:\/\/hardouvelis.gr\/wp-content\/uploads\/2021\/04\/snh_9882_32288053868_o.jpg\" data-elementor-open-lightbox=\"no\" data-index=\"2\" data-width=\"4639\" data-height=\"3088\"  title=\"Conference on \u201cGrowth Strategies for Greece and Cyprus,\u201d hosted by LSE and University of Cyprus, (from left) Vassilis Monastiriotis,  Andreas Charitou, Dimitris Vayanos, Constantinos Petrides, Sir Christopher Pissarides, and Gikas Hardouvelis,on  November 27,2018, in Nicosia, Cyprus.\">\n\t\t\t\t\t\t\t\t\n\t\t\t\t\t\t\t\t\t\t\t\t\t\t\t\t\t<img loading=\"lazy\" decoding=\"async\" width=\"4639\" height=\"3088\" src=\"https:\/\/hardouvelis.gr\/wp-content\/uploads\/2021\/04\/snh_9882_32288053868_o.jpg\" class=\"wd-gallery-image image-2 attachment-full\" alt=\"\" title=\"Conference on \u201cGrowth Strategies for Greece and Cyprus,\u201d hosted by LSE and University of Cyprus, (from left) Vassilis Monastiriotis,  Andreas Charitou, Dimitris Vayanos, Constantinos Petrides, Sir Christopher Pissarides, and Gikas Hardouvelis,on  November 27,2018, in Nicosia, Cyprus.\" srcset=\"https:\/\/hardouvelis.gr\/wp-content\/uploads\/2021\/04\/snh_9882_32288053868_o.jpg 4639w, https:\/\/hardouvelis.gr\/wp-content\/uploads\/2021\/04\/snh_9882_32288053868_o-300x200.jpg 300w, https:\/\/hardouvelis.gr\/wp-content\/uploads\/2021\/04\/snh_9882_32288053868_o-768x511.jpg 768w, https:\/\/hardouvelis.gr\/wp-content\/uploads\/2021\/04\/snh_9882_32288053868_o-1024x682.jpg 1024w, https:\/\/hardouvelis.gr\/wp-content\/uploads\/2021\/04\/snh_9882_32288053868_o-272x182.jpg 272w\" sizes=\"auto, (max-width: 4639px) 100vw, 4639px\" \/>\t\t\t\t\t\t\t\t\n\n\t\t\t\t\t\t\t\t\t\t\t\t\t\t\t<\/a>\n\t\t\t\t\t\t\t\t\t\t\t\t<\/div>\n\t\t\t\t\t\t\t\t\t\t\t<div class=\"wd-gallery-item\">\n\t\t\t\t\t\t\t\t\t\t\t\t\t\t<a href=\"https:\/\/hardouvelis.gr\/wp-content\/uploads\/2021\/04\/Growth-Strategies-for-Greece-and-Cyprus-hosted-by-LSE-and-University-of-Cyprus-School-of-Economics-and-Management-November-27th-2018.jpg\" data-elementor-open-lightbox=\"no\" data-index=\"3\" data-width=\"1016\" data-height=\"657\"  title=\"Conference on  \u201cGrowth Strategies for Greece and Cyprus,\u201d hosted by LSE and University of Cyprus, Auditorium B108 A.Leventis Council \u2013 Senate Building Aglantzia Campus, University of Cyprus, November 27,2018, Nicosia, Cyprus\">\n\t\t\t\t\t\t\t\t\n\t\t\t\t\t\t\t\t\t\t\t\t\t\t\t\t\t<img loading=\"lazy\" decoding=\"async\" width=\"1016\" height=\"657\" src=\"https:\/\/hardouvelis.gr\/wp-content\/uploads\/2021\/04\/Growth-Strategies-for-Greece-and-Cyprus-hosted-by-LSE-and-University-of-Cyprus-School-of-Economics-and-Management-November-27th-2018.jpg\" class=\"wd-gallery-image image-3 attachment-full\" alt=\"\" title=\"Conference on  \u201cGrowth Strategies for Greece and Cyprus,\u201d hosted by LSE and University of Cyprus, Auditorium B108 A.Leventis Council \u2013 Senate Building Aglantzia Campus, University of Cyprus, November 27,2018, Nicosia, Cyprus\" srcset=\"https:\/\/hardouvelis.gr\/wp-content\/uploads\/2021\/04\/Growth-Strategies-for-Greece-and-Cyprus-hosted-by-LSE-and-University-of-Cyprus-School-of-Economics-and-Management-November-27th-2018.jpg 1016w, https:\/\/hardouvelis.gr\/wp-content\/uploads\/2021\/04\/Growth-Strategies-for-Greece-and-Cyprus-hosted-by-LSE-and-University-of-Cyprus-School-of-Economics-and-Management-November-27th-2018-300x194.jpg 300w, https:\/\/hardouvelis.gr\/wp-content\/uploads\/2021\/04\/Growth-Strategies-for-Greece-and-Cyprus-hosted-by-LSE-and-University-of-Cyprus-School-of-Economics-and-Management-November-27th-2018-768x497.jpg 768w\" sizes=\"auto, (max-width: 1016px) 100vw, 1016px\" \/>\t\t\t\t\t\t\t\t\n\n\t\t\t\t\t\t\t\t\t\t\t\t\t\t\t<\/a>\n\t\t\t\t\t\t\t\t\t\t\t\t<\/div>\n\t\t\t\t\t\t\t\t\t\t\t<div class=\"wd-gallery-item\">\n\t\t\t\t\t\t\t\t\t\t\t\t\t\t<a href=\"https:\/\/hardouvelis.gr\/wp-content\/uploads\/2021\/04\/Gikas-Hardouvelis-at-University-of-Massachusetts-Amherst_October-4-2018.jpg\" data-elementor-open-lightbox=\"no\" data-index=\"4\" data-width=\"2587\" data-height=\"1306\"  title=\"CISDM Conference: \u201cThe 2007-2008 Global Financial Crisis Revisited\u201d, Isenberg School of Management, University of Massachusetts Amherst, G. Hardouvelis speaker, October 4,2018, Amherst, Massachusetts, USA.\">\n\t\t\t\t\t\t\t\t\n\t\t\t\t\t\t\t\t\t\t\t\t\t\t\t\t\t<img loading=\"lazy\" decoding=\"async\" width=\"2587\" height=\"1306\" src=\"https:\/\/hardouvelis.gr\/wp-content\/uploads\/2021\/04\/Gikas-Hardouvelis-at-University-of-Massachusetts-Amherst_October-4-2018.jpg\" class=\"wd-gallery-image image-4 attachment-full\" alt=\"\" title=\"CISDM Conference: \u201cThe 2007-2008 Global Financial Crisis Revisited\u201d, Isenberg School of Management, University of Massachusetts Amherst, G. Hardouvelis speaker, October 4,2018, Amherst, Massachusetts, USA.\" srcset=\"https:\/\/hardouvelis.gr\/wp-content\/uploads\/2021\/04\/Gikas-Hardouvelis-at-University-of-Massachusetts-Amherst_October-4-2018.jpg 2587w, https:\/\/hardouvelis.gr\/wp-content\/uploads\/2021\/04\/Gikas-Hardouvelis-at-University-of-Massachusetts-Amherst_October-4-2018-300x151.jpg 300w, https:\/\/hardouvelis.gr\/wp-content\/uploads\/2021\/04\/Gikas-Hardouvelis-at-University-of-Massachusetts-Amherst_October-4-2018-768x388.jpg 768w, https:\/\/hardouvelis.gr\/wp-content\/uploads\/2021\/04\/Gikas-Hardouvelis-at-University-of-Massachusetts-Amherst_October-4-2018-1024x517.jpg 1024w\" sizes=\"auto, (max-width: 2587px) 100vw, 2587px\" \/>\t\t\t\t\t\t\t\t\n\n\t\t\t\t\t\t\t\t\t\t\t\t\t\t\t<\/a>\n\t\t\t\t\t\t\t\t\t\t\t\t<\/div>\n\t\t\t\t\t\t\t\t\t\t\t<div class=\"wd-gallery-item\">\n\t\t\t\t\t\t\t\t\t\t\t\t\t\t<a href=\"https:\/\/hardouvelis.gr\/wp-content\/uploads\/2021\/04\/Un-of-Massachusetts-Amherst-Conference-on-the-Great-Financial-Crisis-of-2007-2009_-October-5-2018.jpg\" data-elementor-open-lightbox=\"no\" data-index=\"5\" data-width=\"1658\" data-height=\"1104\"  title=\"CISDM Conference: \u201cThe 2007-2008 Global Financial Crisis Revisited\u201d, Isenberg School of Management, University of Massachusetts Amherst, G. Hardouvelis speaker, October 4,2018, Amherst, Massachusetts, USA.\">\n\t\t\t\t\t\t\t\t\n\t\t\t\t\t\t\t\t\t\t\t\t\t\t\t\t\t<img loading=\"lazy\" decoding=\"async\" width=\"1658\" height=\"1104\" src=\"https:\/\/hardouvelis.gr\/wp-content\/uploads\/2021\/04\/Un-of-Massachusetts-Amherst-Conference-on-the-Great-Financial-Crisis-of-2007-2009_-October-5-2018.jpg\" class=\"wd-gallery-image image-5 attachment-full\" alt=\"\" title=\"CISDM Conference: \u201cThe 2007-2008 Global Financial Crisis Revisited\u201d, Isenberg School of Management, University of Massachusetts Amherst, G. Hardouvelis speaker, October 4,2018, Amherst, Massachusetts, USA.\" srcset=\"https:\/\/hardouvelis.gr\/wp-content\/uploads\/2021\/04\/Un-of-Massachusetts-Amherst-Conference-on-the-Great-Financial-Crisis-of-2007-2009_-October-5-2018.jpg 1658w, https:\/\/hardouvelis.gr\/wp-content\/uploads\/2021\/04\/Un-of-Massachusetts-Amherst-Conference-on-the-Great-Financial-Crisis-of-2007-2009_-October-5-2018-300x200.jpg 300w, https:\/\/hardouvelis.gr\/wp-content\/uploads\/2021\/04\/Un-of-Massachusetts-Amherst-Conference-on-the-Great-Financial-Crisis-of-2007-2009_-October-5-2018-768x511.jpg 768w, https:\/\/hardouvelis.gr\/wp-content\/uploads\/2021\/04\/Un-of-Massachusetts-Amherst-Conference-on-the-Great-Financial-Crisis-of-2007-2009_-October-5-2018-1024x682.jpg 1024w, https:\/\/hardouvelis.gr\/wp-content\/uploads\/2021\/04\/Un-of-Massachusetts-Amherst-Conference-on-the-Great-Financial-Crisis-of-2007-2009_-October-5-2018-272x182.jpg 272w\" sizes=\"auto, (max-width: 1658px) 100vw, 1658px\" \/>\t\t\t\t\t\t\t\t\n\n\t\t\t\t\t\t\t\t\t\t\t\t\t\t\t<\/a>\n\t\t\t\t\t\t\t\t\t\t\t\t<\/div>\n\t\t\t\t\t\t\t\t\t\t\t<div class=\"wd-gallery-item\">\n\t\t\t\t\t\t\t\t\t\t\t\t\t\t<a href=\"https:\/\/hardouvelis.gr\/wp-content\/uploads\/2021\/04\/Gikas-Hardouvelis-at-J.-Dijessbloem-book-presentation-with-Pappagiannidis-Liakos-Vettas-Fessas-Oct-23-2018.jpg\" data-elementor-open-lightbox=\"no\" data-index=\"6\" data-width=\"6016\" data-height=\"4016\"  title=\"Public discussion of book written by  former President of Eurogroup Jeroen Dijsselbloem: \u201cThe Euro Crisis: The Inside Story\u201d at Cotsen Hall, American School of Classical Studies at Athens. From left: A. Papagiannidis (moderator), Jeroen Dijsselbloem (author), followed by discussants D. Liakos, G.Hardouvelis, N. Vettas, and T. Fessas.  October 23, 2018, Athens, Greece.\">\n\t\t\t\t\t\t\t\t\n\t\t\t\t\t\t\t\t\t\t\t\t\t\t\t\t\t<img loading=\"lazy\" decoding=\"async\" width=\"6016\" height=\"4016\" src=\"https:\/\/hardouvelis.gr\/wp-content\/uploads\/2021\/04\/Gikas-Hardouvelis-at-J.-Dijessbloem-book-presentation-with-Pappagiannidis-Liakos-Vettas-Fessas-Oct-23-2018.jpg\" class=\"wd-gallery-image image-6 attachment-full\" alt=\"\" title=\"Public discussion of book written by  former President of Eurogroup Jeroen Dijsselbloem: \u201cThe Euro Crisis: The Inside Story\u201d at Cotsen Hall, American School of Classical Studies at Athens. From left: A. Papagiannidis (moderator), Jeroen Dijsselbloem (author), followed by discussants D. Liakos, G.Hardouvelis, N. Vettas, and T. Fessas.  October 23, 2018, Athens, Greece.\" srcset=\"https:\/\/hardouvelis.gr\/wp-content\/uploads\/2021\/04\/Gikas-Hardouvelis-at-J.-Dijessbloem-book-presentation-with-Pappagiannidis-Liakos-Vettas-Fessas-Oct-23-2018.jpg 6016w, https:\/\/hardouvelis.gr\/wp-content\/uploads\/2021\/04\/Gikas-Hardouvelis-at-J.-Dijessbloem-book-presentation-with-Pappagiannidis-Liakos-Vettas-Fessas-Oct-23-2018-300x200.jpg 300w, https:\/\/hardouvelis.gr\/wp-content\/uploads\/2021\/04\/Gikas-Hardouvelis-at-J.-Dijessbloem-book-presentation-with-Pappagiannidis-Liakos-Vettas-Fessas-Oct-23-2018-768x513.jpg 768w, https:\/\/hardouvelis.gr\/wp-content\/uploads\/2021\/04\/Gikas-Hardouvelis-at-J.-Dijessbloem-book-presentation-with-Pappagiannidis-Liakos-Vettas-Fessas-Oct-23-2018-1024x684.jpg 1024w, https:\/\/hardouvelis.gr\/wp-content\/uploads\/2021\/04\/Gikas-Hardouvelis-at-J.-Dijessbloem-book-presentation-with-Pappagiannidis-Liakos-Vettas-Fessas-Oct-23-2018-272x182.jpg 272w\" sizes=\"auto, (max-width: 6016px) 100vw, 6016px\" \/>\t\t\t\t\t\t\t\t\n\n\t\t\t\t\t\t\t\t\t\t\t\t\t\t\t<\/a>\n\t\t\t\t\t\t\t\t\t\t\t\t<\/div>\n\t\t\t\t\t\t\t\t\t\t\t<div class=\"wd-gallery-item\">\n\t\t\t\t\t\t\t\t\t\t\t\t\t\t<a href=\"https:\/\/hardouvelis.gr\/wp-content\/uploads\/2021\/04\/Jan-29-2018-with-Finance-Dept-Scholarship-students-and-Professors.jpg\" data-elementor-open-lightbox=\"no\" data-index=\"7\" data-width=\"4928\" data-height=\"3280\"  title=\"University of Piraeus, Department of Banking and Finance Scholarship awards to students. Group photo of awarded students with professors, January 29, 2018, Piraeus, Greece.\">\n\t\t\t\t\t\t\t\t\n\t\t\t\t\t\t\t\t\t\t\t\t\t\t\t\t\t<img loading=\"lazy\" decoding=\"async\" width=\"4928\" height=\"3280\" src=\"https:\/\/hardouvelis.gr\/wp-content\/uploads\/2021\/04\/Jan-29-2018-with-Finance-Dept-Scholarship-students-and-Professors.jpg\" class=\"wd-gallery-image image-7 attachment-full\" alt=\"\" title=\"University of Piraeus, Department of Banking and Finance Scholarship awards to students. Group photo of awarded students with professors, January 29, 2018, Piraeus, Greece.\" srcset=\"https:\/\/hardouvelis.gr\/wp-content\/uploads\/2021\/04\/Jan-29-2018-with-Finance-Dept-Scholarship-students-and-Professors.jpg 4928w, https:\/\/hardouvelis.gr\/wp-content\/uploads\/2021\/04\/Jan-29-2018-with-Finance-Dept-Scholarship-students-and-Professors-300x200.jpg 300w, https:\/\/hardouvelis.gr\/wp-content\/uploads\/2021\/04\/Jan-29-2018-with-Finance-Dept-Scholarship-students-and-Professors-768x511.jpg 768w, https:\/\/hardouvelis.gr\/wp-content\/uploads\/2021\/04\/Jan-29-2018-with-Finance-Dept-Scholarship-students-and-Professors-1024x682.jpg 1024w, https:\/\/hardouvelis.gr\/wp-content\/uploads\/2021\/04\/Jan-29-2018-with-Finance-Dept-Scholarship-students-and-Professors-272x182.jpg 272w\" sizes=\"auto, (max-width: 4928px) 100vw, 4928px\" \/>\t\t\t\t\t\t\t\t\n\n\t\t\t\t\t\t\t\t\t\t\t\t\t\t\t<\/a>\n\t\t\t\t\t\t\t\t\t\t\t\t<\/div>\n\t\t\t\t\t\t\t\t\t\t\t<div class=\"wd-gallery-item\">\n\t\t\t\t\t\t\t\t\t\t\t\t\t\t<a href=\"https:\/\/hardouvelis.gr\/wp-content\/uploads\/2021\/04\/July-7-2018-Athns-Policy-Forum-discussion.jpg\" data-elementor-open-lightbox=\"no\" data-index=\"8\" data-width=\"1000\" data-height=\"665\"  title=\"14th Biennial Conference of the Athenian Policy Forum, round-table discussion on \u201cFinancial frictions, sovereign debt crises and the role of the ECB,\u201d from left: J. Choi (chair), and panelists G. Georgopoulos, G. Hardouvelis (speaker), A. Malliaris,  D. Vayanos, and M. Delis. University of Piraeus, July 7, 2018, Piraeus, Greece\">\n\t\t\t\t\t\t\t\t\n\t\t\t\t\t\t\t\t\t\t\t\t\t\t\t\t\t<img loading=\"lazy\" decoding=\"async\" width=\"1000\" height=\"665\" src=\"https:\/\/hardouvelis.gr\/wp-content\/uploads\/2021\/04\/July-7-2018-Athns-Policy-Forum-discussion.jpg\" class=\"wd-gallery-image image-8 attachment-full\" alt=\"\" title=\"14th Biennial Conference of the Athenian Policy Forum, round-table discussion on \u201cFinancial frictions, sovereign debt crises and the role of the ECB,\u201d from left: J. Choi (chair), and panelists G. Georgopoulos, G. Hardouvelis (speaker), A. Malliaris,  D. Vayanos, and M. Delis. University of Piraeus, July 7, 2018, Piraeus, Greece\" srcset=\"https:\/\/hardouvelis.gr\/wp-content\/uploads\/2021\/04\/July-7-2018-Athns-Policy-Forum-discussion.jpg 1000w, https:\/\/hardouvelis.gr\/wp-content\/uploads\/2021\/04\/July-7-2018-Athns-Policy-Forum-discussion-300x200.jpg 300w, https:\/\/hardouvelis.gr\/wp-content\/uploads\/2021\/04\/July-7-2018-Athns-Policy-Forum-discussion-768x511.jpg 768w, https:\/\/hardouvelis.gr\/wp-content\/uploads\/2021\/04\/July-7-2018-Athns-Policy-Forum-discussion-272x182.jpg 272w\" sizes=\"auto, (max-width: 1000px) 100vw, 1000px\" \/>\t\t\t\t\t\t\t\t\n\n\t\t\t\t\t\t\t\t\t\t\t\t\t\t\t<\/a>\n\t\t\t\t\t\t\t\t\t\t\t\t<\/div>\n\t\t\t\t\t\t\t\t\t\t\t<div class=\"wd-gallery-item\">\n\t\t\t\t\t\t\t\t\t\t\t\t\t\t<a href=\"https:\/\/hardouvelis.gr\/wp-content\/uploads\/2021\/04\/March-3-2018-with-Finance-Professors-and-ex-students-Stefanos-Delikouras-Nikos-Artavanis-San-Antonio-Texas.jpg\" data-elementor-open-lightbox=\"no\" data-index=\"9\" data-width=\"1280\" data-height=\"960\"  title=\"Gikas Hardouvelis  with his ex-students and current Finance-Professors Stefanos Delikouras and Nikos Artavanis, after the Mid-West Finance association meetings, on March 3, 2018, in San Antonio, Texas\">\n\t\t\t\t\t\t\t\t\n\t\t\t\t\t\t\t\t\t\t\t\t\t\t\t\t\t<img loading=\"lazy\" decoding=\"async\" width=\"1280\" height=\"960\" src=\"https:\/\/hardouvelis.gr\/wp-content\/uploads\/2021\/04\/March-3-2018-with-Finance-Professors-and-ex-students-Stefanos-Delikouras-Nikos-Artavanis-San-Antonio-Texas.jpg\" class=\"wd-gallery-image image-9 attachment-full\" alt=\"\" title=\"Gikas Hardouvelis  with his ex-students and current Finance-Professors Stefanos Delikouras and Nikos Artavanis, after the Mid-West Finance association meetings, on March 3, 2018, in San Antonio, Texas\" srcset=\"https:\/\/hardouvelis.gr\/wp-content\/uploads\/2021\/04\/March-3-2018-with-Finance-Professors-and-ex-students-Stefanos-Delikouras-Nikos-Artavanis-San-Antonio-Texas.jpg 1280w, https:\/\/hardouvelis.gr\/wp-content\/uploads\/2021\/04\/March-3-2018-with-Finance-Professors-and-ex-students-Stefanos-Delikouras-Nikos-Artavanis-San-Antonio-Texas-300x225.jpg 300w, https:\/\/hardouvelis.gr\/wp-content\/uploads\/2021\/04\/March-3-2018-with-Finance-Professors-and-ex-students-Stefanos-Delikouras-Nikos-Artavanis-San-Antonio-Texas-768x576.jpg 768w, https:\/\/hardouvelis.gr\/wp-content\/uploads\/2021\/04\/March-3-2018-with-Finance-Professors-and-ex-students-Stefanos-Delikouras-Nikos-Artavanis-San-Antonio-Texas-1024x768.jpg 1024w, https:\/\/hardouvelis.gr\/wp-content\/uploads\/2021\/04\/March-3-2018-with-Finance-Professors-and-ex-students-Stefanos-Delikouras-Nikos-Artavanis-San-Antonio-Texas-350x263.jpg 350w, https:\/\/hardouvelis.gr\/wp-content\/uploads\/2021\/04\/March-3-2018-with-Finance-Professors-and-ex-students-Stefanos-Delikouras-Nikos-Artavanis-San-Antonio-Texas-780x586.jpg 780w, https:\/\/hardouvelis.gr\/wp-content\/uploads\/2021\/04\/March-3-2018-with-Finance-Professors-and-ex-students-Stefanos-Delikouras-Nikos-Artavanis-San-Antonio-Texas-250x188.jpg 250w\" sizes=\"auto, (max-width: 1280px) 100vw, 1280px\" \/>\t\t\t\t\t\t\t\t\n\n\t\t\t\t\t\t\t\t\t\t\t\t\t\t\t<\/a>\n\t\t\t\t\t\t\t\t\t\t\t\t<\/div>\n\t\t\t\t\t\t\t\t\t\t\t<div class=\"wd-gallery-item\">\n\t\t\t\t\t\t\t\t\t\t\t\t\t\t<a href=\"https:\/\/hardouvelis.gr\/wp-content\/uploads\/2021\/04\/May-5-2018_SBC-interview_-with-Sofia-Rodopoulou.jpg\" data-elementor-open-lightbox=\"no\" data-index=\"10\" data-width=\"5312\" data-height=\"2988\"  title=\"Gikas Hardouvelis\u2019 interview with Sofia Rodopoulou on SBC TV, May 5, 2018, Athens, Greece\">\n\t\t\t\t\t\t\t\t\n\t\t\t\t\t\t\t\t\t\t\t\t\t\t\t\t\t<img loading=\"lazy\" decoding=\"async\" width=\"5312\" height=\"2988\" src=\"https:\/\/hardouvelis.gr\/wp-content\/uploads\/2021\/04\/May-5-2018_SBC-interview_-with-Sofia-Rodopoulou.jpg\" class=\"wd-gallery-image image-10 attachment-full\" alt=\"\" title=\"Gikas Hardouvelis\u2019 interview with Sofia Rodopoulou on SBC TV, May 5, 2018, Athens, Greece\" srcset=\"https:\/\/hardouvelis.gr\/wp-content\/uploads\/2021\/04\/May-5-2018_SBC-interview_-with-Sofia-Rodopoulou.jpg 5312w, https:\/\/hardouvelis.gr\/wp-content\/uploads\/2021\/04\/May-5-2018_SBC-interview_-with-Sofia-Rodopoulou-300x169.jpg 300w, https:\/\/hardouvelis.gr\/wp-content\/uploads\/2021\/04\/May-5-2018_SBC-interview_-with-Sofia-Rodopoulou-768x432.jpg 768w, https:\/\/hardouvelis.gr\/wp-content\/uploads\/2021\/04\/May-5-2018_SBC-interview_-with-Sofia-Rodopoulou-1024x576.jpg 1024w\" sizes=\"auto, (max-width: 5312px) 100vw, 5312px\" \/>\t\t\t\t\t\t\t\t\n\n\t\t\t\t\t\t\t\t\t\t\t\t\t\t\t<\/a>\n\t\t\t\t\t\t\t\t\t\t\t\t<\/div>\n\t\t\t\t\t\t\t\t\t\t\t<div class=\"wd-gallery-item\">\n\t\t\t\t\t\t\t\t\t\t\t\t\t\t<a href=\"https:\/\/hardouvelis.gr\/wp-content\/uploads\/2018\/02\/MFS_Apr_7-9_2017_LIMASOOL-CYPRUS_with-Conference-participants-1.jpg\" data-elementor-open-lightbox=\"no\" data-index=\"11\" data-width=\"3264\" data-height=\"2448\"  title=\"Multinational Financial Society, with Conference participants, April 7-9, 2017, Limassol, Cyprus\">\n\t\t\t\t\t\t\t\t\n\t\t\t\t\t\t\t\t\t\t\t\t\t\t\t\t\t<img loading=\"lazy\" decoding=\"async\" width=\"3264\" height=\"2448\" src=\"https:\/\/hardouvelis.gr\/wp-content\/uploads\/2018\/02\/MFS_Apr_7-9_2017_LIMASOOL-CYPRUS_with-Conference-participants-1.jpg\" class=\"wd-gallery-image image-11 attachment-full\" alt=\"\" title=\"Multinational Financial Society, with Conference participants, April 7-9, 2017, Limassol, Cyprus\" srcset=\"https:\/\/hardouvelis.gr\/wp-content\/uploads\/2018\/02\/MFS_Apr_7-9_2017_LIMASOOL-CYPRUS_with-Conference-participants-1.jpg 3264w, https:\/\/hardouvelis.gr\/wp-content\/uploads\/2018\/02\/MFS_Apr_7-9_2017_LIMASOOL-CYPRUS_with-Conference-participants-1-300x225.jpg 300w, https:\/\/hardouvelis.gr\/wp-content\/uploads\/2018\/02\/MFS_Apr_7-9_2017_LIMASOOL-CYPRUS_with-Conference-participants-1-768x576.jpg 768w, https:\/\/hardouvelis.gr\/wp-content\/uploads\/2018\/02\/MFS_Apr_7-9_2017_LIMASOOL-CYPRUS_with-Conference-participants-1-1024x768.jpg 1024w, https:\/\/hardouvelis.gr\/wp-content\/uploads\/2018\/02\/MFS_Apr_7-9_2017_LIMASOOL-CYPRUS_with-Conference-participants-1-350x263.jpg 350w, https:\/\/hardouvelis.gr\/wp-content\/uploads\/2018\/02\/MFS_Apr_7-9_2017_LIMASOOL-CYPRUS_with-Conference-participants-1-780x586.jpg 780w, https:\/\/hardouvelis.gr\/wp-content\/uploads\/2018\/02\/MFS_Apr_7-9_2017_LIMASOOL-CYPRUS_with-Conference-participants-1-250x188.jpg 250w\" sizes=\"auto, (max-width: 3264px) 100vw, 3264px\" \/>\t\t\t\t\t\t\t\t\n\n\t\t\t\t\t\t\t\t\t\t\t\t\t\t\t<\/a>\n\t\t\t\t\t\t\t\t\t\t\t\t<\/div>\n\t\t\t\t\t\t\t\t\t\t\t<div class=\"wd-gallery-item\">\n\t\t\t\t\t\t\t\t\t\t\t\t\t\t<a href=\"https:\/\/hardouvelis.gr\/wp-content\/uploads\/2018\/02\/MFS_Apr_7-9_G-Hardouvelis_Sh-Sunder_A-Charitou_2017.jpg\" data-elementor-open-lightbox=\"no\" data-index=\"12\" data-width=\"320\" data-height=\"240\"  title=\"Multinational Financial Society, April 7-9, 2017, Limassol, Cyprus, (from left) G. Hardouvelis, Sh. Sunder, A. Charitou\">\n\t\t\t\t\t\t\t\t\n\t\t\t\t\t\t\t\t\t\t\t\t\t\t\t\t\t<img loading=\"lazy\" decoding=\"async\" width=\"320\" height=\"240\" src=\"https:\/\/hardouvelis.gr\/wp-content\/uploads\/2018\/02\/MFS_Apr_7-9_G-Hardouvelis_Sh-Sunder_A-Charitou_2017.jpg\" class=\"wd-gallery-image image-12 attachment-full\" alt=\"\" title=\"Multinational Financial Society, April 7-9, 2017, Limassol, Cyprus, (from left) G. Hardouvelis, Sh. Sunder, A. Charitou\" srcset=\"https:\/\/hardouvelis.gr\/wp-content\/uploads\/2018\/02\/MFS_Apr_7-9_G-Hardouvelis_Sh-Sunder_A-Charitou_2017.jpg 320w, https:\/\/hardouvelis.gr\/wp-content\/uploads\/2018\/02\/MFS_Apr_7-9_G-Hardouvelis_Sh-Sunder_A-Charitou_2017-300x225.jpg 300w, https:\/\/hardouvelis.gr\/wp-content\/uploads\/2018\/02\/MFS_Apr_7-9_G-Hardouvelis_Sh-Sunder_A-Charitou_2017-250x188.jpg 250w\" sizes=\"auto, (max-width: 320px) 100vw, 320px\" \/>\t\t\t\t\t\t\t\t\n\n\t\t\t\t\t\t\t\t\t\t\t\t\t\t\t<\/a>\n\t\t\t\t\t\t\t\t\t\t\t\t<\/div>\n\t\t\t\t\t\t\t\t\t\t\t<div class=\"wd-gallery-item\">\n\t\t\t\t\t\t\t\t\t\t\t\t\t\t<a href=\"https:\/\/hardouvelis.gr\/wp-content\/uploads\/2018\/02\/EFMA_June_30_2017_A-Andrianopoulos_G-Hardouvelis_Pl-Monokrousos-1.jpg\" data-elementor-open-lightbox=\"no\" data-index=\"13\" data-width=\"640\" data-height=\"428\"  title=\"European Financial Management Association Annual Meetings, Panel Discussion on growth prospects, (from left) A. Andrianopoulos, G. Hardouvelis, Pl. Monokrousos. American College of Greece, June 30, 2017, Athens, Greece\">\n\t\t\t\t\t\t\t\t\n\t\t\t\t\t\t\t\t\t\t\t\t\t\t\t\t\t<img loading=\"lazy\" decoding=\"async\" width=\"640\" height=\"428\" src=\"https:\/\/hardouvelis.gr\/wp-content\/uploads\/2018\/02\/EFMA_June_30_2017_A-Andrianopoulos_G-Hardouvelis_Pl-Monokrousos-1.jpg\" class=\"wd-gallery-image image-13 attachment-full\" alt=\"\" title=\"European Financial Management Association Annual Meetings, Panel Discussion on growth prospects, (from left) A. Andrianopoulos, G. Hardouvelis, Pl. Monokrousos. American College of Greece, June 30, 2017, Athens, Greece\" srcset=\"https:\/\/hardouvelis.gr\/wp-content\/uploads\/2018\/02\/EFMA_June_30_2017_A-Andrianopoulos_G-Hardouvelis_Pl-Monokrousos-1.jpg 640w, https:\/\/hardouvelis.gr\/wp-content\/uploads\/2018\/02\/EFMA_June_30_2017_A-Andrianopoulos_G-Hardouvelis_Pl-Monokrousos-1-300x201.jpg 300w, https:\/\/hardouvelis.gr\/wp-content\/uploads\/2018\/02\/EFMA_June_30_2017_A-Andrianopoulos_G-Hardouvelis_Pl-Monokrousos-1-272x182.jpg 272w\" sizes=\"auto, (max-width: 640px) 100vw, 640px\" \/>\t\t\t\t\t\t\t\t\n\n\t\t\t\t\t\t\t\t\t\t\t\t\t\t\t<\/a>\n\t\t\t\t\t\t\t\t\t\t\t\t<\/div>\n\t\t\t\t\t\t\t\t\t\t\t<div class=\"wd-gallery-item\">\n\t\t\t\t\t\t\t\t\t\t\t\t\t\t<a href=\"https:\/\/hardouvelis.gr\/wp-content\/uploads\/2021\/04\/Nov-13-2017-Un-of-Piraeus-Dept-of-Finance-meets-in-a-Tavern-\u039a\u0391\u039b\u03a9\u03a3\u039f\u03a1\u0399\u03a3\u039c\u0391-\u0391\u039d\u03a4\u03a9\u039d\u0397.jpg\" data-elementor-open-lightbox=\"no\" data-index=\"14\" data-width=\"4096\" data-height=\"2304\"  title=\"With Professors from University of Piraeus, Department of Banking and Financial Management, meeting in a Tavern, November 13, 2017, Athens, Greece\">\n\t\t\t\t\t\t\t\t\n\t\t\t\t\t\t\t\t\t\t\t\t\t\t\t\t\t<img loading=\"lazy\" decoding=\"async\" width=\"4096\" height=\"2304\" src=\"https:\/\/hardouvelis.gr\/wp-content\/uploads\/2021\/04\/Nov-13-2017-Un-of-Piraeus-Dept-of-Finance-meets-in-a-Tavern-\u039a\u0391\u039b\u03a9\u03a3\u039f\u03a1\u0399\u03a3\u039c\u0391-\u0391\u039d\u03a4\u03a9\u039d\u0397.jpg\" class=\"wd-gallery-image image-14 attachment-full\" alt=\"\" title=\"With Professors from University of Piraeus, Department of Banking and Financial Management, meeting in a Tavern, November 13, 2017, Athens, Greece\" srcset=\"https:\/\/hardouvelis.gr\/wp-content\/uploads\/2021\/04\/Nov-13-2017-Un-of-Piraeus-Dept-of-Finance-meets-in-a-Tavern-\u039a\u0391\u039b\u03a9\u03a3\u039f\u03a1\u0399\u03a3\u039c\u0391-\u0391\u039d\u03a4\u03a9\u039d\u0397.jpg 4096w, https:\/\/hardouvelis.gr\/wp-content\/uploads\/2021\/04\/Nov-13-2017-Un-of-Piraeus-Dept-of-Finance-meets-in-a-Tavern-\u039a\u0391\u039b\u03a9\u03a3\u039f\u03a1\u0399\u03a3\u039c\u0391-\u0391\u039d\u03a4\u03a9\u039d\u0397-300x169.jpg 300w, https:\/\/hardouvelis.gr\/wp-content\/uploads\/2021\/04\/Nov-13-2017-Un-of-Piraeus-Dept-of-Finance-meets-in-a-Tavern-\u039a\u0391\u039b\u03a9\u03a3\u039f\u03a1\u0399\u03a3\u039c\u0391-\u0391\u039d\u03a4\u03a9\u039d\u0397-768x432.jpg 768w, https:\/\/hardouvelis.gr\/wp-content\/uploads\/2021\/04\/Nov-13-2017-Un-of-Piraeus-Dept-of-Finance-meets-in-a-Tavern-\u039a\u0391\u039b\u03a9\u03a3\u039f\u03a1\u0399\u03a3\u039c\u0391-\u0391\u039d\u03a4\u03a9\u039d\u0397-1024x576.jpg 1024w\" sizes=\"auto, (max-width: 4096px) 100vw, 4096px\" \/>\t\t\t\t\t\t\t\t\n\n\t\t\t\t\t\t\t\t\t\t\t\t\t\t\t<\/a>\n\t\t\t\t\t\t\t\t\t\t\t\t<\/div>\n\t\t\t\t\t\t\t\t\t\t\t<div class=\"wd-gallery-item\">\n\t\t\t\t\t\t\t\t\t\t\t\t\t\t<a href=\"https:\/\/hardouvelis.gr\/wp-content\/uploads\/2021\/04\/Dec-2014-Christmas-Finance-Dept-Student-Party.jpg\" data-elementor-open-lightbox=\"no\" data-index=\"15\" data-width=\"3264\" data-height=\"2448\"  title=\"With Students from University of Piraeus, Department of Banking and Financial Management, at a Christmas party celebration inside the University, Piraeus, Greece\">\n\t\t\t\t\t\t\t\t\n\t\t\t\t\t\t\t\t\t\t\t\t\t\t\t\t\t<img loading=\"lazy\" decoding=\"async\" width=\"3264\" height=\"2448\" src=\"https:\/\/hardouvelis.gr\/wp-content\/uploads\/2021\/04\/Dec-2014-Christmas-Finance-Dept-Student-Party.jpg\" class=\"wd-gallery-image image-15 attachment-full\" alt=\"\" title=\"With Students from University of Piraeus, Department of Banking and Financial Management, at a Christmas party celebration inside the University, Piraeus, Greece\" srcset=\"https:\/\/hardouvelis.gr\/wp-content\/uploads\/2021\/04\/Dec-2014-Christmas-Finance-Dept-Student-Party.jpg 3264w, https:\/\/hardouvelis.gr\/wp-content\/uploads\/2021\/04\/Dec-2014-Christmas-Finance-Dept-Student-Party-300x225.jpg 300w, https:\/\/hardouvelis.gr\/wp-content\/uploads\/2021\/04\/Dec-2014-Christmas-Finance-Dept-Student-Party-768x576.jpg 768w, https:\/\/hardouvelis.gr\/wp-content\/uploads\/2021\/04\/Dec-2014-Christmas-Finance-Dept-Student-Party-1024x768.jpg 1024w, https:\/\/hardouvelis.gr\/wp-content\/uploads\/2021\/04\/Dec-2014-Christmas-Finance-Dept-Student-Party-350x263.jpg 350w, https:\/\/hardouvelis.gr\/wp-content\/uploads\/2021\/04\/Dec-2014-Christmas-Finance-Dept-Student-Party-780x586.jpg 780w, https:\/\/hardouvelis.gr\/wp-content\/uploads\/2021\/04\/Dec-2014-Christmas-Finance-Dept-Student-Party-250x188.jpg 250w\" sizes=\"auto, (max-width: 3264px) 100vw, 3264px\" \/>\t\t\t\t\t\t\t\t\n\n\t\t\t\t\t\t\t\t\t\t\t\t\t\t\t<\/a>\n\t\t\t\t\t\t\t\t\t\t\t\t<\/div>\n\t\t\t\t\t\t\t\t\t\t\t<div class=\"wd-gallery-item\">\n\t\t\t\t\t\t\t\t\t\t\t\t\t\t<a href=\"https:\/\/hardouvelis.gr\/wp-content\/uploads\/2021\/04\/Anatolia-Board-of-Trustees-meeting-Spring-2018.jpg\" data-elementor-open-lightbox=\"no\" data-index=\"16\" data-width=\"947\" data-height=\"618\"  title=\"With members of the Anatolia Board of Trustees during the Annual Spring meeting, May 2018,Thessaloniki, Greece \u00a9 Trustees of Anatolia College\/\u0388\u03c6\u03bf\u03c1\u03bf\u03b9 \u03c4\u03bf\u03c5 \u039a\u03bf\u03bb\u03bb\u03b5\u03b3\u03af\u03bf\u03c5 \u0391\u03bd\u03b1\u03c4\u03cc\u03bb\u03b9\u03b1\">\n\t\t\t\t\t\t\t\t\n\t\t\t\t\t\t\t\t\t\t\t\t\t\t\t\t\t<img loading=\"lazy\" decoding=\"async\" width=\"947\" height=\"618\" src=\"https:\/\/hardouvelis.gr\/wp-content\/uploads\/2021\/04\/Anatolia-Board-of-Trustees-meeting-Spring-2018.jpg\" class=\"wd-gallery-image image-16 attachment-full\" alt=\"\" title=\"With members of the Anatolia Board of Trustees during the Annual Spring meeting, May 2018,Thessaloniki, Greece \u00a9 Trustees of Anatolia College\/\u0388\u03c6\u03bf\u03c1\u03bf\u03b9 \u03c4\u03bf\u03c5 \u039a\u03bf\u03bb\u03bb\u03b5\u03b3\u03af\u03bf\u03c5 \u0391\u03bd\u03b1\u03c4\u03cc\u03bb\u03b9\u03b1\" srcset=\"https:\/\/hardouvelis.gr\/wp-content\/uploads\/2021\/04\/Anatolia-Board-of-Trustees-meeting-Spring-2018.jpg 947w, https:\/\/hardouvelis.gr\/wp-content\/uploads\/2021\/04\/Anatolia-Board-of-Trustees-meeting-Spring-2018-300x196.jpg 300w, https:\/\/hardouvelis.gr\/wp-content\/uploads\/2021\/04\/Anatolia-Board-of-Trustees-meeting-Spring-2018-768x501.jpg 768w\" sizes=\"auto, (max-width: 947px) 100vw, 947px\" \/>\t\t\t\t\t\t\t\t\n\n\t\t\t\t\t\t\t\t\t\t\t\t\t\t\t<\/a>\n\t\t\t\t\t\t\t\t\t\t\t\t<\/div>\n\t\t\t\t\t\t\t\t\t\t\t\t<\/div>\n\t\t<\/div>\n\t\t\t\t[\/vc_tta_section][vc_tta_section title=&#8221;2016&#8243; tab_id=&#8221;1684151666877-975659c2-2d4a&#8221;]\t\t<div id=\"gallery_655\" class=\"wd-images-gallery wd-rs-64621d887333e wd-justify-center wd-items-middle view-justified photoswipe-images\" >\n\t\t\t<div class=\"gallery-images\">\n\t\t\t\t\t\t\t\t\t\t\t\t\t\t\t<div class=\"wd-gallery-item\">\n\t\t\t\t\t\t\t\t\t\t\t\t\t\t<a href=\"https:\/\/hardouvelis.gr\/wp-content\/uploads\/2021\/04\/Gikas-Hardouvelis-with-K.-Regling-economist-2016.jpg\" data-elementor-open-lightbox=\"no\" data-index=\"1\" data-width=\"960\" data-height=\"720\"  title=\"Economist Conference, \u201cUnfinished Business: The Greek Economy\u201d, G. Hardouvelis C0-Speaker with Klaus Regling, Managing Director, European Stability Mechanism (ESM), June 22, 2016, Lagonisi, Greece\">\n\t\t\t\t\t\t\t\t\n\t\t\t\t\t\t\t\t\t\t\t\t\t\t\t\t\t<img loading=\"lazy\" decoding=\"async\" width=\"960\" height=\"720\" src=\"https:\/\/hardouvelis.gr\/wp-content\/uploads\/2021\/04\/Gikas-Hardouvelis-with-K.-Regling-economist-2016.jpg\" class=\"wd-gallery-image image-1 attachment-full\" alt=\"\" title=\"Economist Conference, \u201cUnfinished Business: The Greek Economy\u201d, G. Hardouvelis C0-Speaker with Klaus Regling, Managing Director, European Stability Mechanism (ESM), June 22, 2016, Lagonisi, Greece\" srcset=\"https:\/\/hardouvelis.gr\/wp-content\/uploads\/2021\/04\/Gikas-Hardouvelis-with-K.-Regling-economist-2016.jpg 960w, https:\/\/hardouvelis.gr\/wp-content\/uploads\/2021\/04\/Gikas-Hardouvelis-with-K.-Regling-economist-2016-300x225.jpg 300w, https:\/\/hardouvelis.gr\/wp-content\/uploads\/2021\/04\/Gikas-Hardouvelis-with-K.-Regling-economist-2016-768x576.jpg 768w, https:\/\/hardouvelis.gr\/wp-content\/uploads\/2021\/04\/Gikas-Hardouvelis-with-K.-Regling-economist-2016-350x263.jpg 350w, https:\/\/hardouvelis.gr\/wp-content\/uploads\/2021\/04\/Gikas-Hardouvelis-with-K.-Regling-economist-2016-780x586.jpg 780w, https:\/\/hardouvelis.gr\/wp-content\/uploads\/2021\/04\/Gikas-Hardouvelis-with-K.-Regling-economist-2016-250x188.jpg 250w\" sizes=\"auto, (max-width: 960px) 100vw, 960px\" \/>\t\t\t\t\t\t\t\t\n\n\t\t\t\t\t\t\t\t\t\t\t\t\t\t\t<\/a>\n\t\t\t\t\t\t\t\t\t\t\t\t<\/div>\n\t\t\t\t\t\t\t\t\t\t\t<div class=\"wd-gallery-item\">\n\t\t\t\t\t\t\t\t\t\t\t\t\t\t<a href=\"https:\/\/hardouvelis.gr\/wp-content\/uploads\/2021\/04\/2016-ECONOMIST-20th-Economist-Greek-Government-Roundtable.jpg\" data-elementor-open-lightbox=\"no\" data-index=\"2\" data-width=\"1024\" data-height=\"549\"  title=\"Economist Conference, \u201cUnfinished Business: The Greek Economy\u201d, G. Hardouvelis Speaker, June 22, 2016, Lagonisi, Greece\">\n\t\t\t\t\t\t\t\t\n\t\t\t\t\t\t\t\t\t\t\t\t\t\t\t\t\t<img loading=\"lazy\" decoding=\"async\" width=\"1024\" height=\"549\" src=\"https:\/\/hardouvelis.gr\/wp-content\/uploads\/2021\/04\/2016-ECONOMIST-20th-Economist-Greek-Government-Roundtable.jpg\" class=\"wd-gallery-image image-2 attachment-full\" alt=\"\" title=\"Economist Conference, \u201cUnfinished Business: The Greek Economy\u201d, G. Hardouvelis Speaker, June 22, 2016, Lagonisi, Greece\" srcset=\"https:\/\/hardouvelis.gr\/wp-content\/uploads\/2021\/04\/2016-ECONOMIST-20th-Economist-Greek-Government-Roundtable.jpg 1024w, https:\/\/hardouvelis.gr\/wp-content\/uploads\/2021\/04\/2016-ECONOMIST-20th-Economist-Greek-Government-Roundtable-300x161.jpg 300w, https:\/\/hardouvelis.gr\/wp-content\/uploads\/2021\/04\/2016-ECONOMIST-20th-Economist-Greek-Government-Roundtable-768x412.jpg 768w\" sizes=\"auto, (max-width: 1024px) 100vw, 1024px\" \/>\t\t\t\t\t\t\t\t\n\n\t\t\t\t\t\t\t\t\t\t\t\t\t\t\t<\/a>\n\t\t\t\t\t\t\t\t\t\t\t\t<\/div>\n\t\t\t\t\t\t\t\t\t\t\t<div class=\"wd-gallery-item\">\n\t\t\t\t\t\t\t\t\t\t\t\t\t\t<a href=\"https:\/\/hardouvelis.gr\/wp-content\/uploads\/2018\/02\/Delphi_Feb_27_2016_G-Hardouvelis_S-1-1.jpg\" data-elementor-open-lightbox=\"no\" data-index=\"3\" data-width=\"3264\" data-height=\"2448\"  title=\"With Peter Spiegel, Brussels Bureau Chief, Financial Times, at Delphi Forum, February 27, 2016, Delphi, Greece\">\n\t\t\t\t\t\t\t\t\n\t\t\t\t\t\t\t\t\t\t\t\t\t\t\t\t\t<img loading=\"lazy\" decoding=\"async\" width=\"3264\" height=\"2448\" src=\"https:\/\/hardouvelis.gr\/wp-content\/uploads\/2018\/02\/Delphi_Feb_27_2016_G-Hardouvelis_S-1-1.jpg\" class=\"wd-gallery-image image-3 attachment-full\" alt=\"\" title=\"With Peter Spiegel, Brussels Bureau Chief, Financial Times, at Delphi Forum, February 27, 2016, Delphi, Greece\" srcset=\"https:\/\/hardouvelis.gr\/wp-content\/uploads\/2018\/02\/Delphi_Feb_27_2016_G-Hardouvelis_S-1-1.jpg 3264w, https:\/\/hardouvelis.gr\/wp-content\/uploads\/2018\/02\/Delphi_Feb_27_2016_G-Hardouvelis_S-1-1-300x225.jpg 300w, https:\/\/hardouvelis.gr\/wp-content\/uploads\/2018\/02\/Delphi_Feb_27_2016_G-Hardouvelis_S-1-1-768x576.jpg 768w, https:\/\/hardouvelis.gr\/wp-content\/uploads\/2018\/02\/Delphi_Feb_27_2016_G-Hardouvelis_S-1-1-1024x768.jpg 1024w, https:\/\/hardouvelis.gr\/wp-content\/uploads\/2018\/02\/Delphi_Feb_27_2016_G-Hardouvelis_S-1-1-350x263.jpg 350w, https:\/\/hardouvelis.gr\/wp-content\/uploads\/2018\/02\/Delphi_Feb_27_2016_G-Hardouvelis_S-1-1-780x586.jpg 780w, https:\/\/hardouvelis.gr\/wp-content\/uploads\/2018\/02\/Delphi_Feb_27_2016_G-Hardouvelis_S-1-1-250x188.jpg 250w\" sizes=\"auto, (max-width: 3264px) 100vw, 3264px\" \/>\t\t\t\t\t\t\t\t\n\n\t\t\t\t\t\t\t\t\t\t\t\t\t\t\t<\/a>\n\t\t\t\t\t\t\t\t\t\t\t\t<\/div>\n\t\t\t\t\t\t\t\t\t\t\t<div class=\"wd-gallery-item\">\n\t\t\t\t\t\t\t\t\t\t\t\t\t\t<a href=\"https:\/\/hardouvelis.gr\/wp-content\/uploads\/2018\/02\/Delphi-lecture_Feb_27_2016-1.jpg\" data-elementor-open-lightbox=\"no\" data-index=\"4\" data-width=\"3264\" data-height=\"2448\"  title=\"Delphi Economic Forum, G. Hardouvelis, Speaker \u201cDebt Overhang and Growth Implications\u201d, February 27, 2016, Delphi, Greece\">\n\t\t\t\t\t\t\t\t\n\t\t\t\t\t\t\t\t\t\t\t\t\t\t\t\t\t<img loading=\"lazy\" decoding=\"async\" width=\"3264\" height=\"2448\" src=\"https:\/\/hardouvelis.gr\/wp-content\/uploads\/2018\/02\/Delphi-lecture_Feb_27_2016-1.jpg\" class=\"wd-gallery-image image-4 attachment-full\" alt=\"\" title=\"Delphi Economic Forum, G. Hardouvelis, Speaker \u201cDebt Overhang and Growth Implications\u201d, February 27, 2016, Delphi, Greece\" srcset=\"https:\/\/hardouvelis.gr\/wp-content\/uploads\/2018\/02\/Delphi-lecture_Feb_27_2016-1.jpg 3264w, https:\/\/hardouvelis.gr\/wp-content\/uploads\/2018\/02\/Delphi-lecture_Feb_27_2016-1-300x225.jpg 300w, https:\/\/hardouvelis.gr\/wp-content\/uploads\/2018\/02\/Delphi-lecture_Feb_27_2016-1-768x576.jpg 768w, https:\/\/hardouvelis.gr\/wp-content\/uploads\/2018\/02\/Delphi-lecture_Feb_27_2016-1-1024x768.jpg 1024w, https:\/\/hardouvelis.gr\/wp-content\/uploads\/2018\/02\/Delphi-lecture_Feb_27_2016-1-350x263.jpg 350w, https:\/\/hardouvelis.gr\/wp-content\/uploads\/2018\/02\/Delphi-lecture_Feb_27_2016-1-780x586.jpg 780w, https:\/\/hardouvelis.gr\/wp-content\/uploads\/2018\/02\/Delphi-lecture_Feb_27_2016-1-250x188.jpg 250w\" sizes=\"auto, (max-width: 3264px) 100vw, 3264px\" \/>\t\t\t\t\t\t\t\t\n\n\t\t\t\t\t\t\t\t\t\t\t\t\t\t\t<\/a>\n\t\t\t\t\t\t\t\t\t\t\t\t<\/div>\n\t\t\t\t\t\t\t\t\t\t\t<div class=\"wd-gallery-item\">\n\t\t\t\t\t\t\t\t\t\t\t\t\t\t<a href=\"https:\/\/hardouvelis.gr\/wp-content\/uploads\/2021\/04\/DELPHI-2016.jpg\" data-elementor-open-lightbox=\"no\" data-index=\"5\" data-width=\"884\" data-height=\"462\"  title=\"Delphi Economic Forum, G. Hardouvelis, Speaker \u201cDebt Overhang and Growth Implications\u201d, February 27, 2016, Delphi, Greece\">\n\t\t\t\t\t\t\t\t\n\t\t\t\t\t\t\t\t\t\t\t\t\t\t\t\t\t<img loading=\"lazy\" decoding=\"async\" width=\"884\" height=\"462\" src=\"https:\/\/hardouvelis.gr\/wp-content\/uploads\/2021\/04\/DELPHI-2016.jpg\" class=\"wd-gallery-image image-5 attachment-full\" alt=\"\" title=\"Delphi Economic Forum, G. Hardouvelis, Speaker \u201cDebt Overhang and Growth Implications\u201d, February 27, 2016, Delphi, Greece\" srcset=\"https:\/\/hardouvelis.gr\/wp-content\/uploads\/2021\/04\/DELPHI-2016.jpg 884w, https:\/\/hardouvelis.gr\/wp-content\/uploads\/2021\/04\/DELPHI-2016-300x157.jpg 300w, https:\/\/hardouvelis.gr\/wp-content\/uploads\/2021\/04\/DELPHI-2016-768x401.jpg 768w\" sizes=\"auto, (max-width: 884px) 100vw, 884px\" \/>\t\t\t\t\t\t\t\t\n\n\t\t\t\t\t\t\t\t\t\t\t\t\t\t\t<\/a>\n\t\t\t\t\t\t\t\t\t\t\t\t<\/div>\n\t\t\t\t\t\t\t\t\t\t\t<div class=\"wd-gallery-item\">\n\t\t\t\t\t\t\t\t\t\t\t\t\t\t<a href=\"https:\/\/hardouvelis.gr\/wp-content\/uploads\/2018\/02\/Hardouvelis_2.jpg\" data-elementor-open-lightbox=\"no\" data-index=\"6\" data-width=\"1024\" data-height=\"684\"  title=\"Thessaloniki International Symposium: The World in 2017 and Beyond, Speaker Gikas Hardouvelis \u201cThe new Greek economic crisis: Can we hope for a recovery?\u201d, October 22, 2016, Thessaloniki, Greece\">\n\t\t\t\t\t\t\t\t\n\t\t\t\t\t\t\t\t\t\t\t\t\t\t\t\t\t<img loading=\"lazy\" decoding=\"async\" width=\"1024\" height=\"684\" src=\"https:\/\/hardouvelis.gr\/wp-content\/uploads\/2018\/02\/Hardouvelis_2.jpg\" class=\"wd-gallery-image image-6 attachment-full\" alt=\"\" title=\"Thessaloniki International Symposium: The World in 2017 and Beyond, Speaker Gikas Hardouvelis \u201cThe new Greek economic crisis: Can we hope for a recovery?\u201d, October 22, 2016, Thessaloniki, Greece\" srcset=\"https:\/\/hardouvelis.gr\/wp-content\/uploads\/2018\/02\/Hardouvelis_2.jpg 1024w, https:\/\/hardouvelis.gr\/wp-content\/uploads\/2018\/02\/Hardouvelis_2-300x200.jpg 300w, https:\/\/hardouvelis.gr\/wp-content\/uploads\/2018\/02\/Hardouvelis_2-768x513.jpg 768w, https:\/\/hardouvelis.gr\/wp-content\/uploads\/2018\/02\/Hardouvelis_2-272x182.jpg 272w\" sizes=\"auto, (max-width: 1024px) 100vw, 1024px\" \/>\t\t\t\t\t\t\t\t\n\n\t\t\t\t\t\t\t\t\t\t\t\t\t\t\t<\/a>\n\t\t\t\t\t\t\t\t\t\t\t\t<\/div>\n\t\t\t\t\t\t\t\t\t\t\t<div class=\"wd-gallery-item\">\n\t\t\t\t\t\t\t\t\t\t\t\t\t\t<a href=\"https:\/\/hardouvelis.gr\/wp-content\/uploads\/2018\/02\/panel.jpg\" data-elementor-open-lightbox=\"no\" data-index=\"7\" data-width=\"1024\" data-height=\"683\"  title=\"Thessaloniki International Symposium: The World in 2017 and Beyond, Speaker Gikas Hardouvelis \u201cThe new Greek economic crisis: Can we hope for a recovery?\u201d, October 22, 2016, Thessaloniki, Greece.\">\n\t\t\t\t\t\t\t\t\n\t\t\t\t\t\t\t\t\t\t\t\t\t\t\t\t\t<img loading=\"lazy\" decoding=\"async\" width=\"1024\" height=\"683\" src=\"https:\/\/hardouvelis.gr\/wp-content\/uploads\/2018\/02\/panel.jpg\" class=\"wd-gallery-image image-7 attachment-full\" alt=\"\" title=\"Thessaloniki International Symposium: The World in 2017 and Beyond, Speaker Gikas Hardouvelis \u201cThe new Greek economic crisis: Can we hope for a recovery?\u201d, October 22, 2016, Thessaloniki, Greece.\" srcset=\"https:\/\/hardouvelis.gr\/wp-content\/uploads\/2018\/02\/panel.jpg 1024w, https:\/\/hardouvelis.gr\/wp-content\/uploads\/2018\/02\/panel-300x200.jpg 300w, https:\/\/hardouvelis.gr\/wp-content\/uploads\/2018\/02\/panel-768x512.jpg 768w, https:\/\/hardouvelis.gr\/wp-content\/uploads\/2018\/02\/panel-272x182.jpg 272w\" sizes=\"auto, (max-width: 1024px) 100vw, 1024px\" \/>\t\t\t\t\t\t\t\t\n\n\t\t\t\t\t\t\t\t\t\t\t\t\t\t\t<\/a>\n\t\t\t\t\t\t\t\t\t\t\t\t<\/div>\n\t\t\t\t\t\t\t\t\t\t\t<div class=\"wd-gallery-item\">\n\t\t\t\t\t\t\t\t\t\t\t\t\t\t<a href=\"https:\/\/hardouvelis.gr\/wp-content\/uploads\/2021\/04\/Gikas-Hardouvelis-speaker-at-4th-Cyprus-Banking-Forum_December-1st-2016.jpg\" data-elementor-open-lightbox=\"no\" data-index=\"8\" data-width=\"1023\" data-height=\"637\"  title=\"4th Cyprus Banking Forum, Speaker G. Hardouvelis \u201cFinancial Crisis: Challenges for Greece and Cyprus\u201d, December 1 2016, Nicosia, Cyprus\">\n\t\t\t\t\t\t\t\t\n\t\t\t\t\t\t\t\t\t\t\t\t\t\t\t\t\t<img loading=\"lazy\" decoding=\"async\" width=\"1023\" height=\"637\" src=\"https:\/\/hardouvelis.gr\/wp-content\/uploads\/2021\/04\/Gikas-Hardouvelis-speaker-at-4th-Cyprus-Banking-Forum_December-1st-2016.jpg\" class=\"wd-gallery-image image-8 attachment-full\" alt=\"\" title=\"4th Cyprus Banking Forum, Speaker G. Hardouvelis \u201cFinancial Crisis: Challenges for Greece and Cyprus\u201d, December 1 2016, Nicosia, Cyprus\" srcset=\"https:\/\/hardouvelis.gr\/wp-content\/uploads\/2021\/04\/Gikas-Hardouvelis-speaker-at-4th-Cyprus-Banking-Forum_December-1st-2016.jpg 1023w, https:\/\/hardouvelis.gr\/wp-content\/uploads\/2021\/04\/Gikas-Hardouvelis-speaker-at-4th-Cyprus-Banking-Forum_December-1st-2016-300x187.jpg 300w, https:\/\/hardouvelis.gr\/wp-content\/uploads\/2021\/04\/Gikas-Hardouvelis-speaker-at-4th-Cyprus-Banking-Forum_December-1st-2016-768x478.jpg 768w\" sizes=\"auto, (max-width: 1023px) 100vw, 1023px\" \/>\t\t\t\t\t\t\t\t\n\n\t\t\t\t\t\t\t\t\t\t\t\t\t\t\t<\/a>\n\t\t\t\t\t\t\t\t\t\t\t\t<\/div>\n\t\t\t\t\t\t\t\t\t\t\t<div class=\"wd-gallery-item\">\n\t\t\t\t\t\t\t\t\t\t\t\t\t\t<a href=\"https:\/\/hardouvelis.gr\/wp-content\/uploads\/2018\/02\/CAAL_GH-lecture-at-AUB_-25-Feb-2016-1.jpg\" data-elementor-open-lightbox=\"no\" data-index=\"9\" data-width=\"2448\" data-height=\"3264\"  title=\"American University of Beirut (AUB), Olayan School of Business, G. Hardouvelis Keynote Speaker, \u201cGreece in the Post-Crisis European Monetary Union\u201d, February 25, 2016, Beirut, Lebanon\">\n\t\t\t\t\t\t\t\t\n\t\t\t\t\t\t\t\t\t\t\t\t\t\t\t\t\t<img loading=\"lazy\" decoding=\"async\" width=\"2448\" height=\"3264\" src=\"https:\/\/hardouvelis.gr\/wp-content\/uploads\/2018\/02\/CAAL_GH-lecture-at-AUB_-25-Feb-2016-1.jpg\" class=\"wd-gallery-image image-9 attachment-full\" alt=\"\" title=\"American University of Beirut (AUB), Olayan School of Business, G. Hardouvelis Keynote Speaker, \u201cGreece in the Post-Crisis European Monetary Union\u201d, February 25, 2016, Beirut, Lebanon\" srcset=\"https:\/\/hardouvelis.gr\/wp-content\/uploads\/2018\/02\/CAAL_GH-lecture-at-AUB_-25-Feb-2016-1.jpg 2448w, https:\/\/hardouvelis.gr\/wp-content\/uploads\/2018\/02\/CAAL_GH-lecture-at-AUB_-25-Feb-2016-1-225x300.jpg 225w, https:\/\/hardouvelis.gr\/wp-content\/uploads\/2018\/02\/CAAL_GH-lecture-at-AUB_-25-Feb-2016-1-768x1024.jpg 768w\" sizes=\"auto, (max-width: 2448px) 100vw, 2448px\" \/>\t\t\t\t\t\t\t\t\n\n\t\t\t\t\t\t\t\t\t\t\t\t\t\t\t<\/a>\n\t\t\t\t\t\t\t\t\t\t\t\t<\/div>\n\t\t\t\t\t\t\t\t\t\t\t<div class=\"wd-gallery-item\">\n\t\t\t\t\t\t\t\t\t\t\t\t\t\t<a href=\"https:\/\/hardouvelis.gr\/wp-content\/uploads\/2018\/02\/AUB_lecture_Feb_25_2016-1.jpg\" data-elementor-open-lightbox=\"no\" data-index=\"10\" data-width=\"2448\" data-height=\"3264\"  title=\"American University of Beirut (AUB), Olayan School of Business, G. Hardouvelis Keynote Speaker, \u201cGreece in the Post-Crisis European Monetary Union\u201d, February 25, 2016, Beirut, Lebanon\">\n\t\t\t\t\t\t\t\t\n\t\t\t\t\t\t\t\t\t\t\t\t\t\t\t\t\t<img loading=\"lazy\" decoding=\"async\" width=\"2448\" height=\"3264\" src=\"https:\/\/hardouvelis.gr\/wp-content\/uploads\/2018\/02\/AUB_lecture_Feb_25_2016-1.jpg\" class=\"wd-gallery-image image-10 attachment-full\" alt=\"\" title=\"American University of Beirut (AUB), Olayan School of Business, G. Hardouvelis Keynote Speaker, \u201cGreece in the Post-Crisis European Monetary Union\u201d, February 25, 2016, Beirut, Lebanon\" srcset=\"https:\/\/hardouvelis.gr\/wp-content\/uploads\/2018\/02\/AUB_lecture_Feb_25_2016-1.jpg 2448w, https:\/\/hardouvelis.gr\/wp-content\/uploads\/2018\/02\/AUB_lecture_Feb_25_2016-1-225x300.jpg 225w, https:\/\/hardouvelis.gr\/wp-content\/uploads\/2018\/02\/AUB_lecture_Feb_25_2016-1-768x1024.jpg 768w\" sizes=\"auto, (max-width: 2448px) 100vw, 2448px\" \/>\t\t\t\t\t\t\t\t\n\n\t\t\t\t\t\t\t\t\t\t\t\t\t\t\t<\/a>\n\t\t\t\t\t\t\t\t\t\t\t\t<\/div>\n\t\t\t\t\t\t\t\t\t\t\t<div class=\"wd-gallery-item\">\n\t\t\t\t\t\t\t\t\t\t\t\t\t\t<a href=\"https:\/\/hardouvelis.gr\/wp-content\/uploads\/2018\/02\/CAAL_GH-lecture_-25-Feb-2016_DINNER.jpg\" data-elementor-open-lightbox=\"no\" data-index=\"11\" data-width=\"1600\" data-height=\"1200\"  title=\"CAAL_GH lecture_ 25 Feb 2016_DINNER\">\n\t\t\t\t\t\t\t\t\n\t\t\t\t\t\t\t\t\t\t\t\t\t\t\t\t\t<img loading=\"lazy\" decoding=\"async\" width=\"1600\" height=\"1200\" src=\"https:\/\/hardouvelis.gr\/wp-content\/uploads\/2018\/02\/CAAL_GH-lecture_-25-Feb-2016_DINNER.jpg\" class=\"wd-gallery-image image-11 attachment-full\" alt=\"\" title=\"CAAL_GH lecture_ 25 Feb 2016_DINNER\" srcset=\"https:\/\/hardouvelis.gr\/wp-content\/uploads\/2018\/02\/CAAL_GH-lecture_-25-Feb-2016_DINNER.jpg 1600w, https:\/\/hardouvelis.gr\/wp-content\/uploads\/2018\/02\/CAAL_GH-lecture_-25-Feb-2016_DINNER-300x225.jpg 300w, https:\/\/hardouvelis.gr\/wp-content\/uploads\/2018\/02\/CAAL_GH-lecture_-25-Feb-2016_DINNER-768x576.jpg 768w, https:\/\/hardouvelis.gr\/wp-content\/uploads\/2018\/02\/CAAL_GH-lecture_-25-Feb-2016_DINNER-1024x768.jpg 1024w, https:\/\/hardouvelis.gr\/wp-content\/uploads\/2018\/02\/CAAL_GH-lecture_-25-Feb-2016_DINNER-350x263.jpg 350w, https:\/\/hardouvelis.gr\/wp-content\/uploads\/2018\/02\/CAAL_GH-lecture_-25-Feb-2016_DINNER-780x586.jpg 780w, https:\/\/hardouvelis.gr\/wp-content\/uploads\/2018\/02\/CAAL_GH-lecture_-25-Feb-2016_DINNER-250x188.jpg 250w\" sizes=\"auto, (max-width: 1600px) 100vw, 1600px\" \/>\t\t\t\t\t\t\t\t\n\n\t\t\t\t\t\t\t\t\t\t\t\t\t\t\t<\/a>\n\t\t\t\t\t\t\t\t\t\t\t\t<\/div>\n\t\t\t\t\t\t\t\t\t\t\t<div class=\"wd-gallery-item\">\n\t\t\t\t\t\t\t\t\t\t\t\t\t\t<a href=\"https:\/\/hardouvelis.gr\/wp-content\/uploads\/2021\/04\/Dec-16-2016_Un-Piraeous-FINANCE-DEPT.-Scholashops-recipients-sponsors-professors.jpg\" data-elementor-open-lightbox=\"no\" data-index=\"12\" data-width=\"3696\" data-height=\"2456\"  title=\"Student Scholarship Ceremony, University of Piraeus, Department of Finance, Sponsors and Professors, December 16, 2016, Piraeus, Greece\">\n\t\t\t\t\t\t\t\t\n\t\t\t\t\t\t\t\t\t\t\t\t\t\t\t\t\t<img loading=\"lazy\" decoding=\"async\" width=\"3696\" height=\"2456\" src=\"https:\/\/hardouvelis.gr\/wp-content\/uploads\/2021\/04\/Dec-16-2016_Un-Piraeous-FINANCE-DEPT.-Scholashops-recipients-sponsors-professors.jpg\" class=\"wd-gallery-image image-12 attachment-full\" alt=\"\" title=\"Student Scholarship Ceremony, University of Piraeus, Department of Finance, Sponsors and Professors, December 16, 2016, Piraeus, Greece\" srcset=\"https:\/\/hardouvelis.gr\/wp-content\/uploads\/2021\/04\/Dec-16-2016_Un-Piraeous-FINANCE-DEPT.-Scholashops-recipients-sponsors-professors.jpg 3696w, https:\/\/hardouvelis.gr\/wp-content\/uploads\/2021\/04\/Dec-16-2016_Un-Piraeous-FINANCE-DEPT.-Scholashops-recipients-sponsors-professors-300x199.jpg 300w, https:\/\/hardouvelis.gr\/wp-content\/uploads\/2021\/04\/Dec-16-2016_Un-Piraeous-FINANCE-DEPT.-Scholashops-recipients-sponsors-professors-768x510.jpg 768w, https:\/\/hardouvelis.gr\/wp-content\/uploads\/2021\/04\/Dec-16-2016_Un-Piraeous-FINANCE-DEPT.-Scholashops-recipients-sponsors-professors-1024x680.jpg 1024w, https:\/\/hardouvelis.gr\/wp-content\/uploads\/2021\/04\/Dec-16-2016_Un-Piraeous-FINANCE-DEPT.-Scholashops-recipients-sponsors-professors-272x182.jpg 272w\" sizes=\"auto, (max-width: 3696px) 100vw, 3696px\" \/>\t\t\t\t\t\t\t\t\n\n\t\t\t\t\t\t\t\t\t\t\t\t\t\t\t<\/a>\n\t\t\t\t\t\t\t\t\t\t\t\t<\/div>\n\t\t\t\t\t\t\t\t\t\t\t\t<\/div>\n\t\t<\/div>\n\t\t\t\t[\/vc_tta_section][vc_tta_section title=&#8221;2015&#8243; tab_id=&#8221;1684151864837-531b0648-0d99&#8243;]\t\t<div id=\"gallery_156\" class=\"wd-images-gallery wd-rs-64621e67a8157 wd-justify-center wd-items-middle view-justified photoswipe-images\" >\n\t\t\t<div class=\"gallery-images\">\n\t\t\t\t\t\t\t\t\t\t\t\t\t\t\t<div class=\"wd-gallery-item\">\n\t\t\t\t\t\t\t\t\t\t\t\t\t\t<a href=\"https:\/\/hardouvelis.gr\/wp-content\/uploads\/2018\/02\/DSC06225.jpg\" data-elementor-open-lightbox=\"no\" data-index=\"1\" data-width=\"2174\" data-height=\"1739\"  title=\"International House at UC Berkeley, \u201c27th annual Celebration &amp; Awards Gala\u201d, Honorees 2015: Gikas Hardouvelis (right), Susan Bezjian Hardouvelis (second right) and E. Anthony Wayne, United States Ambassador to Mexico (left) with U.C. Berkeley Chancellor Nicholas B. Dirks (center), April 30, 2015, UC Berkeley, California, USA\">\n\t\t\t\t\t\t\t\t\n\t\t\t\t\t\t\t\t\t\t\t\t\t\t\t\t\t<img loading=\"lazy\" decoding=\"async\" width=\"2174\" height=\"1739\" src=\"https:\/\/hardouvelis.gr\/wp-content\/uploads\/2018\/02\/DSC06225.jpg\" class=\"wd-gallery-image image-1 attachment-full\" alt=\"\" title=\"International House at UC Berkeley, \u201c27th annual Celebration &amp; Awards Gala\u201d, Honorees 2015: Gikas Hardouvelis (right), Susan Bezjian Hardouvelis (second right) and E. Anthony Wayne, United States Ambassador to Mexico (left) with U.C. Berkeley Chancellor Nicholas B. Dirks (center), April 30, 2015, UC Berkeley, California, USA\" srcset=\"https:\/\/hardouvelis.gr\/wp-content\/uploads\/2018\/02\/DSC06225.jpg 2174w, https:\/\/hardouvelis.gr\/wp-content\/uploads\/2018\/02\/DSC06225-300x240.jpg 300w, https:\/\/hardouvelis.gr\/wp-content\/uploads\/2018\/02\/DSC06225-768x614.jpg 768w, https:\/\/hardouvelis.gr\/wp-content\/uploads\/2018\/02\/DSC06225-1024x819.jpg 1024w\" sizes=\"auto, (max-width: 2174px) 100vw, 2174px\" \/>\t\t\t\t\t\t\t\t\n\n\t\t\t\t\t\t\t\t\t\t\t\t\t\t\t<\/a>\n\t\t\t\t\t\t\t\t\t\t\t\t<\/div>\n\t\t\t\t\t\t\t\t\t\t\t<div class=\"wd-gallery-item\">\n\t\t\t\t\t\t\t\t\t\t\t\t\t\t<a href=\"https:\/\/hardouvelis.gr\/wp-content\/uploads\/2018\/02\/Hardouvelis-Then-and-Now.jpg\" data-elementor-open-lightbox=\"no\" data-index=\"2\" data-width=\"2768\" data-height=\"1848\"  title=\"International House at UC Berkeley, Recognition Award \u201c2015 Alumni Couple of the Year \u201c, Susan and Gikas Hardouvelis: Then (1978) and Now (2015) April 30, 2015, UC Berkeley, California, USA\">\n\t\t\t\t\t\t\t\t\n\t\t\t\t\t\t\t\t\t\t\t\t\t\t\t\t\t<img loading=\"lazy\" decoding=\"async\" width=\"2768\" height=\"1848\" src=\"https:\/\/hardouvelis.gr\/wp-content\/uploads\/2018\/02\/Hardouvelis-Then-and-Now.jpg\" class=\"wd-gallery-image image-2 attachment-full\" alt=\"\" title=\"International House at UC Berkeley, Recognition Award \u201c2015 Alumni Couple of the Year \u201c, Susan and Gikas Hardouvelis: Then (1978) and Now (2015) April 30, 2015, UC Berkeley, California, USA\" srcset=\"https:\/\/hardouvelis.gr\/wp-content\/uploads\/2018\/02\/Hardouvelis-Then-and-Now.jpg 2768w, https:\/\/hardouvelis.gr\/wp-content\/uploads\/2018\/02\/Hardouvelis-Then-and-Now-300x200.jpg 300w, https:\/\/hardouvelis.gr\/wp-content\/uploads\/2018\/02\/Hardouvelis-Then-and-Now-768x513.jpg 768w, https:\/\/hardouvelis.gr\/wp-content\/uploads\/2018\/02\/Hardouvelis-Then-and-Now-1024x684.jpg 1024w, https:\/\/hardouvelis.gr\/wp-content\/uploads\/2018\/02\/Hardouvelis-Then-and-Now-272x182.jpg 272w\" sizes=\"auto, (max-width: 2768px) 100vw, 2768px\" \/>\t\t\t\t\t\t\t\t\n\n\t\t\t\t\t\t\t\t\t\t\t\t\t\t\t<\/a>\n\t\t\t\t\t\t\t\t\t\t\t\t<\/div>\n\t\t\t\t\t\t\t\t\t\t\t<div class=\"wd-gallery-item\">\n\t\t\t\t\t\t\t\t\t\t\t\t\t\t<a href=\"https:\/\/hardouvelis.gr\/wp-content\/uploads\/2018\/02\/Hardouvelis_Gikas-Susan_and_Giesecke_Susan-Hans-e1518626081830.jpg\" data-elementor-open-lightbox=\"no\" data-index=\"3\" data-width=\"4801\" data-height=\"3201\"  title=\"Susan and Gikas Hardouvelis with Hans Giesecke, Executive Director of the International House at UC Berkeley and Susan Giesecke Director of Global Engagement at University of California Berkeley, April 30, 2015, UC Berkeley, California, USA\">\n\t\t\t\t\t\t\t\t\n\t\t\t\t\t\t\t\t\t\t\t\t\t\t\t\t\t<img loading=\"lazy\" decoding=\"async\" width=\"4801\" height=\"3201\" src=\"https:\/\/hardouvelis.gr\/wp-content\/uploads\/2018\/02\/Hardouvelis_Gikas-Susan_and_Giesecke_Susan-Hans-e1518626081830.jpg\" class=\"wd-gallery-image image-3 attachment-full\" alt=\"\" title=\"Susan and Gikas Hardouvelis with Hans Giesecke, Executive Director of the International House at UC Berkeley and Susan Giesecke Director of Global Engagement at University of California Berkeley, April 30, 2015, UC Berkeley, California, USA\" srcset=\"https:\/\/hardouvelis.gr\/wp-content\/uploads\/2018\/02\/Hardouvelis_Gikas-Susan_and_Giesecke_Susan-Hans-e1518626081830.jpg 4801w, https:\/\/hardouvelis.gr\/wp-content\/uploads\/2018\/02\/Hardouvelis_Gikas-Susan_and_Giesecke_Susan-Hans-e1518626081830-300x200.jpg 300w, https:\/\/hardouvelis.gr\/wp-content\/uploads\/2018\/02\/Hardouvelis_Gikas-Susan_and_Giesecke_Susan-Hans-e1518626081830-768x512.jpg 768w, https:\/\/hardouvelis.gr\/wp-content\/uploads\/2018\/02\/Hardouvelis_Gikas-Susan_and_Giesecke_Susan-Hans-e1518626081830-1024x683.jpg 1024w, https:\/\/hardouvelis.gr\/wp-content\/uploads\/2018\/02\/Hardouvelis_Gikas-Susan_and_Giesecke_Susan-Hans-e1518626081830-272x182.jpg 272w\" sizes=\"auto, (max-width: 4801px) 100vw, 4801px\" \/>\t\t\t\t\t\t\t\t\n\n\t\t\t\t\t\t\t\t\t\t\t\t\t\t\t<\/a>\n\t\t\t\t\t\t\t\t\t\t\t\t<\/div>\n\t\t\t\t\t\t\t\t\t\t\t<div class=\"wd-gallery-item\">\n\t\t\t\t\t\t\t\t\t\t\t\t\t\t<a href=\"https:\/\/hardouvelis.gr\/wp-content\/uploads\/2021\/04\/Gikas-Hardouvelis-discussant-at-Bill-McGrew\u2019s-research-book-review-Educating-Across-Cultures-at-Anatolia-College-October-122015-Thessaloniki-Greece.jpg\" data-elementor-open-lightbox=\"no\" data-index=\"4\" data-width=\"1243\" data-height=\"799\"  title=\"Gikas Hardouvelis on the podium describes Bill McGrew\u2019s research history book: \u201cEducating Across Cultures: Anatolia College in Turkey and Greece,\u201d during the book\u2019s public presentation at Anatolia College on October 12, 2015 in Thessaloniki, Greece\">\n\t\t\t\t\t\t\t\t\n\t\t\t\t\t\t\t\t\t\t\t\t\t\t\t\t\t<img loading=\"lazy\" decoding=\"async\" width=\"1243\" height=\"799\" src=\"https:\/\/hardouvelis.gr\/wp-content\/uploads\/2021\/04\/Gikas-Hardouvelis-discussant-at-Bill-McGrew\u2019s-research-book-review-Educating-Across-Cultures-at-Anatolia-College-October-122015-Thessaloniki-Greece.jpg\" class=\"wd-gallery-image image-4 attachment-full\" alt=\"\" title=\"Gikas Hardouvelis on the podium describes Bill McGrew\u2019s research history book: \u201cEducating Across Cultures: Anatolia College in Turkey and Greece,\u201d during the book\u2019s public presentation at Anatolia College on October 12, 2015 in Thessaloniki, Greece\" srcset=\"https:\/\/hardouvelis.gr\/wp-content\/uploads\/2021\/04\/Gikas-Hardouvelis-discussant-at-Bill-McGrew\u2019s-research-book-review-Educating-Across-Cultures-at-Anatolia-College-October-122015-Thessaloniki-Greece.jpg 1243w, https:\/\/hardouvelis.gr\/wp-content\/uploads\/2021\/04\/Gikas-Hardouvelis-discussant-at-Bill-McGrew\u2019s-research-book-review-Educating-Across-Cultures-at-Anatolia-College-October-122015-Thessaloniki-Greece-300x193.jpg 300w, https:\/\/hardouvelis.gr\/wp-content\/uploads\/2021\/04\/Gikas-Hardouvelis-discussant-at-Bill-McGrew\u2019s-research-book-review-Educating-Across-Cultures-at-Anatolia-College-October-122015-Thessaloniki-Greece-768x494.jpg 768w, https:\/\/hardouvelis.gr\/wp-content\/uploads\/2021\/04\/Gikas-Hardouvelis-discussant-at-Bill-McGrew\u2019s-research-book-review-Educating-Across-Cultures-at-Anatolia-College-October-122015-Thessaloniki-Greece-1024x658.jpg 1024w\" sizes=\"auto, (max-width: 1243px) 100vw, 1243px\" \/>\t\t\t\t\t\t\t\t\n\n\t\t\t\t\t\t\t\t\t\t\t\t\t\t\t<\/a>\n\t\t\t\t\t\t\t\t\t\t\t\t<\/div>\n\t\t\t\t\t\t\t\t\t\t\t<div class=\"wd-gallery-item\">\n\t\t\t\t\t\t\t\t\t\t\t\t\t\t<a href=\"https:\/\/hardouvelis.gr\/wp-content\/uploads\/2021\/04\/Oct-12-2015-on-Bill-McGrews-research-book-about-Anatolia-College-from-left-Vlahos_Dedes_McGrew_Hardouvelis_Plousios.jpg\" data-elementor-open-lightbox=\"no\" data-index=\"5\" data-width=\"2147\" data-height=\"1334\"  title=\"Group photo of book review panelists on Bill McGrew\u2019s research history book: \u201cEducating Across Cultures: Anatolia College in Turkey and Greece.\u201d  From left:   Panos Vlahos (President of Anatolia),  George Dedes (discussant), Bill McGrew (author and ex-President of Anatolia), Gikas Hardouvelis (discussant) and   Christos Plousios (discussant), on October 12, 2015, in Thessaloniki, Greece\">\n\t\t\t\t\t\t\t\t\n\t\t\t\t\t\t\t\t\t\t\t\t\t\t\t\t\t<img loading=\"lazy\" decoding=\"async\" width=\"2147\" height=\"1334\" src=\"https:\/\/hardouvelis.gr\/wp-content\/uploads\/2021\/04\/Oct-12-2015-on-Bill-McGrews-research-book-about-Anatolia-College-from-left-Vlahos_Dedes_McGrew_Hardouvelis_Plousios.jpg\" class=\"wd-gallery-image image-5 attachment-full\" alt=\"\" title=\"Group photo of book review panelists on Bill McGrew\u2019s research history book: \u201cEducating Across Cultures: Anatolia College in Turkey and Greece.\u201d  From left:   Panos Vlahos (President of Anatolia),  George Dedes (discussant), Bill McGrew (author and ex-President of Anatolia), Gikas Hardouvelis (discussant) and   Christos Plousios (discussant), on October 12, 2015, in Thessaloniki, Greece\" srcset=\"https:\/\/hardouvelis.gr\/wp-content\/uploads\/2021\/04\/Oct-12-2015-on-Bill-McGrews-research-book-about-Anatolia-College-from-left-Vlahos_Dedes_McGrew_Hardouvelis_Plousios.jpg 2147w, https:\/\/hardouvelis.gr\/wp-content\/uploads\/2021\/04\/Oct-12-2015-on-Bill-McGrews-research-book-about-Anatolia-College-from-left-Vlahos_Dedes_McGrew_Hardouvelis_Plousios-300x186.jpg 300w, https:\/\/hardouvelis.gr\/wp-content\/uploads\/2021\/04\/Oct-12-2015-on-Bill-McGrews-research-book-about-Anatolia-College-from-left-Vlahos_Dedes_McGrew_Hardouvelis_Plousios-768x477.jpg 768w, https:\/\/hardouvelis.gr\/wp-content\/uploads\/2021\/04\/Oct-12-2015-on-Bill-McGrews-research-book-about-Anatolia-College-from-left-Vlahos_Dedes_McGrew_Hardouvelis_Plousios-1024x636.jpg 1024w\" sizes=\"auto, (max-width: 2147px) 100vw, 2147px\" \/>\t\t\t\t\t\t\t\t\n\n\t\t\t\t\t\t\t\t\t\t\t\t\t\t\t<\/a>\n\t\t\t\t\t\t\t\t\t\t\t\t<\/div>\n\t\t\t\t\t\t\t\t\t\t\t<div class=\"wd-gallery-item\">\n\t\t\t\t\t\t\t\t\t\t\t\t\t\t<a href=\"https:\/\/hardouvelis.gr\/wp-content\/uploads\/2018\/02\/GH_DSC00575.jpg\" data-elementor-open-lightbox=\"no\" data-index=\"6\" data-width=\"4224\" data-height=\"2816\"  title=\"Gikas Hardouvelis: Honoree by the Financial Engineering and Banking Society (FEBS) during the 6th National FEBS Conference at University of Piraeus, December 20, 2015, Piraeus, Greece.\">\n\t\t\t\t\t\t\t\t\n\t\t\t\t\t\t\t\t\t\t\t\t\t\t\t\t\t<img loading=\"lazy\" decoding=\"async\" width=\"4224\" height=\"2816\" src=\"https:\/\/hardouvelis.gr\/wp-content\/uploads\/2018\/02\/GH_DSC00575.jpg\" class=\"wd-gallery-image image-6 attachment-full\" alt=\"\" title=\"Gikas Hardouvelis: Honoree by the Financial Engineering and Banking Society (FEBS) during the 6th National FEBS Conference at University of Piraeus, December 20, 2015, Piraeus, Greece.\" srcset=\"https:\/\/hardouvelis.gr\/wp-content\/uploads\/2018\/02\/GH_DSC00575.jpg 4224w, https:\/\/hardouvelis.gr\/wp-content\/uploads\/2018\/02\/GH_DSC00575-300x200.jpg 300w, https:\/\/hardouvelis.gr\/wp-content\/uploads\/2018\/02\/GH_DSC00575-768x512.jpg 768w, https:\/\/hardouvelis.gr\/wp-content\/uploads\/2018\/02\/GH_DSC00575-1024x683.jpg 1024w, https:\/\/hardouvelis.gr\/wp-content\/uploads\/2018\/02\/GH_DSC00575-272x182.jpg 272w\" sizes=\"auto, (max-width: 4224px) 100vw, 4224px\" \/>\t\t\t\t\t\t\t\t\n\n\t\t\t\t\t\t\t\t\t\t\t\t\t\t\t<\/a>\n\t\t\t\t\t\t\t\t\t\t\t\t<\/div>\n\t\t\t\t\t\t\t\t\t\t\t<div class=\"wd-gallery-item\">\n\t\t\t\t\t\t\t\t\t\t\t\t\t\t<a href=\"https:\/\/hardouvelis.gr\/wp-content\/uploads\/2018\/02\/GH_DSC00579.jpg\" data-elementor-open-lightbox=\"no\" data-index=\"7\" data-width=\"4224\" data-height=\"3168\"  title=\"Gikas Hardouvelis: Honoree by the Financial Engineering and Banking Society (FEBS) during the 6th National FEBS Conference at University of Piraeus, December 20, 2015, Piraeus, Greece\">\n\t\t\t\t\t\t\t\t\n\t\t\t\t\t\t\t\t\t\t\t\t\t\t\t\t\t<img loading=\"lazy\" decoding=\"async\" width=\"4224\" height=\"3168\" src=\"https:\/\/hardouvelis.gr\/wp-content\/uploads\/2018\/02\/GH_DSC00579.jpg\" class=\"wd-gallery-image image-7 attachment-full\" alt=\"\" title=\"Gikas Hardouvelis: Honoree by the Financial Engineering and Banking Society (FEBS) during the 6th National FEBS Conference at University of Piraeus, December 20, 2015, Piraeus, Greece\" srcset=\"https:\/\/hardouvelis.gr\/wp-content\/uploads\/2018\/02\/GH_DSC00579.jpg 4224w, https:\/\/hardouvelis.gr\/wp-content\/uploads\/2018\/02\/GH_DSC00579-300x225.jpg 300w, https:\/\/hardouvelis.gr\/wp-content\/uploads\/2018\/02\/GH_DSC00579-768x576.jpg 768w, https:\/\/hardouvelis.gr\/wp-content\/uploads\/2018\/02\/GH_DSC00579-1024x768.jpg 1024w, https:\/\/hardouvelis.gr\/wp-content\/uploads\/2018\/02\/GH_DSC00579-350x263.jpg 350w, https:\/\/hardouvelis.gr\/wp-content\/uploads\/2018\/02\/GH_DSC00579-780x586.jpg 780w, https:\/\/hardouvelis.gr\/wp-content\/uploads\/2018\/02\/GH_DSC00579-250x188.jpg 250w\" sizes=\"auto, (max-width: 4224px) 100vw, 4224px\" \/>\t\t\t\t\t\t\t\t\n\n\t\t\t\t\t\t\t\t\t\t\t\t\t\t\t<\/a>\n\t\t\t\t\t\t\t\t\t\t\t\t<\/div>\n\t\t\t\t\t\t\t\t\t\t\t<div class=\"wd-gallery-item\">\n\t\t\t\t\t\t\t\t\t\t\t\t\t\t<a href=\"https:\/\/hardouvelis.gr\/wp-content\/uploads\/2021\/04\/Dec-20-2015-Honoree-by-the-Hellenic-Finance-Association.jpg\" data-elementor-open-lightbox=\"no\" data-index=\"8\" data-width=\"4224\" data-height=\"3168\"  title=\"Gikas Hardouvelis: Honoree by the Financial Engineering and Banking Society (FEBS) during the 6th National FEBS Conference at University of Piraeus, with Prof. Zopounidis (Chair) and Prof. Angelos Kanas (right), on December 20, 2015, in Piraeus, Greece\">\n\t\t\t\t\t\t\t\t\n\t\t\t\t\t\t\t\t\t\t\t\t\t\t\t\t\t<img loading=\"lazy\" decoding=\"async\" width=\"4224\" height=\"3168\" src=\"https:\/\/hardouvelis.gr\/wp-content\/uploads\/2021\/04\/Dec-20-2015-Honoree-by-the-Hellenic-Finance-Association.jpg\" class=\"wd-gallery-image image-8 attachment-full\" alt=\"\" title=\"Gikas Hardouvelis: Honoree by the Financial Engineering and Banking Society (FEBS) during the 6th National FEBS Conference at University of Piraeus, with Prof. Zopounidis (Chair) and Prof. Angelos Kanas (right), on December 20, 2015, in Piraeus, Greece\" srcset=\"https:\/\/hardouvelis.gr\/wp-content\/uploads\/2021\/04\/Dec-20-2015-Honoree-by-the-Hellenic-Finance-Association.jpg 4224w, https:\/\/hardouvelis.gr\/wp-content\/uploads\/2021\/04\/Dec-20-2015-Honoree-by-the-Hellenic-Finance-Association-300x225.jpg 300w, https:\/\/hardouvelis.gr\/wp-content\/uploads\/2021\/04\/Dec-20-2015-Honoree-by-the-Hellenic-Finance-Association-768x576.jpg 768w, https:\/\/hardouvelis.gr\/wp-content\/uploads\/2021\/04\/Dec-20-2015-Honoree-by-the-Hellenic-Finance-Association-1024x768.jpg 1024w, https:\/\/hardouvelis.gr\/wp-content\/uploads\/2021\/04\/Dec-20-2015-Honoree-by-the-Hellenic-Finance-Association-350x263.jpg 350w, https:\/\/hardouvelis.gr\/wp-content\/uploads\/2021\/04\/Dec-20-2015-Honoree-by-the-Hellenic-Finance-Association-780x586.jpg 780w, https:\/\/hardouvelis.gr\/wp-content\/uploads\/2021\/04\/Dec-20-2015-Honoree-by-the-Hellenic-Finance-Association-250x188.jpg 250w\" sizes=\"auto, (max-width: 4224px) 100vw, 4224px\" \/>\t\t\t\t\t\t\t\t\n\n\t\t\t\t\t\t\t\t\t\t\t\t\t\t\t<\/a>\n\t\t\t\t\t\t\t\t\t\t\t\t<\/div>\n\t\t\t\t\t\t\t\t\t\t\t<div class=\"wd-gallery-item\">\n\t\t\t\t\t\t\t\t\t\t\t\t\t\t<a href=\"https:\/\/hardouvelis.gr\/wp-content\/uploads\/2018\/02\/GH_DSC00584.jpg\" data-elementor-open-lightbox=\"no\" data-index=\"9\" data-width=\"4224\" data-height=\"3168\"  title=\"Gikas Hardouvelis: Honoree by the Financial Engineering and Banking Society (FEBS) during the 6th National FEBS Conference at University of Piraeus, with Prof. Zopounidis (Chair) and Prof. Angelos Kanas (right), on December 20, 2015, in  Piraeus, Greece\">\n\t\t\t\t\t\t\t\t\n\t\t\t\t\t\t\t\t\t\t\t\t\t\t\t\t\t<img loading=\"lazy\" decoding=\"async\" width=\"4224\" height=\"3168\" src=\"https:\/\/hardouvelis.gr\/wp-content\/uploads\/2018\/02\/GH_DSC00584.jpg\" class=\"wd-gallery-image image-9 attachment-full\" alt=\"\" title=\"Gikas Hardouvelis: Honoree by the Financial Engineering and Banking Society (FEBS) during the 6th National FEBS Conference at University of Piraeus, with Prof. Zopounidis (Chair) and Prof. Angelos Kanas (right), on December 20, 2015, in  Piraeus, Greece\" srcset=\"https:\/\/hardouvelis.gr\/wp-content\/uploads\/2018\/02\/GH_DSC00584.jpg 4224w, https:\/\/hardouvelis.gr\/wp-content\/uploads\/2018\/02\/GH_DSC00584-300x225.jpg 300w, https:\/\/hardouvelis.gr\/wp-content\/uploads\/2018\/02\/GH_DSC00584-768x576.jpg 768w, https:\/\/hardouvelis.gr\/wp-content\/uploads\/2018\/02\/GH_DSC00584-1024x768.jpg 1024w, https:\/\/hardouvelis.gr\/wp-content\/uploads\/2018\/02\/GH_DSC00584-350x263.jpg 350w, https:\/\/hardouvelis.gr\/wp-content\/uploads\/2018\/02\/GH_DSC00584-780x586.jpg 780w, https:\/\/hardouvelis.gr\/wp-content\/uploads\/2018\/02\/GH_DSC00584-250x188.jpg 250w\" sizes=\"auto, (max-width: 4224px) 100vw, 4224px\" \/>\t\t\t\t\t\t\t\t\n\n\t\t\t\t\t\t\t\t\t\t\t\t\t\t\t<\/a>\n\t\t\t\t\t\t\t\t\t\t\t\t<\/div>\n\t\t\t\t\t\t\t\t\t\t\t<div class=\"wd-gallery-item\">\n\t\t\t\t\t\t\t\t\t\t\t\t\t\t<a href=\"https:\/\/hardouvelis.gr\/wp-content\/uploads\/2021\/04\/Dec-18-2015-Professor-Travlos-receives-Departmental-Honor-through-Hardouvelis.jpg\" data-elementor-open-lightbox=\"no\" data-index=\"10\" data-width=\"3696\" data-height=\"2456\"  title=\"(from left) Professor Nickolaos Travlos receives the Departmental Honor, recognizing  his past contributions to the Department by  Professor Gikas Hardouvelis at the University of Piraeus, Department of Banking and Finance, on December 18, 2015, in Piraeus, Greece\">\n\t\t\t\t\t\t\t\t\n\t\t\t\t\t\t\t\t\t\t\t\t\t\t\t\t\t<img loading=\"lazy\" decoding=\"async\" width=\"3696\" height=\"2456\" src=\"https:\/\/hardouvelis.gr\/wp-content\/uploads\/2021\/04\/Dec-18-2015-Professor-Travlos-receives-Departmental-Honor-through-Hardouvelis.jpg\" class=\"wd-gallery-image image-10 attachment-full\" alt=\"\" title=\"(from left) Professor Nickolaos Travlos receives the Departmental Honor, recognizing  his past contributions to the Department by  Professor Gikas Hardouvelis at the University of Piraeus, Department of Banking and Finance, on December 18, 2015, in Piraeus, Greece\" srcset=\"https:\/\/hardouvelis.gr\/wp-content\/uploads\/2021\/04\/Dec-18-2015-Professor-Travlos-receives-Departmental-Honor-through-Hardouvelis.jpg 3696w, https:\/\/hardouvelis.gr\/wp-content\/uploads\/2021\/04\/Dec-18-2015-Professor-Travlos-receives-Departmental-Honor-through-Hardouvelis-300x199.jpg 300w, https:\/\/hardouvelis.gr\/wp-content\/uploads\/2021\/04\/Dec-18-2015-Professor-Travlos-receives-Departmental-Honor-through-Hardouvelis-768x510.jpg 768w, https:\/\/hardouvelis.gr\/wp-content\/uploads\/2021\/04\/Dec-18-2015-Professor-Travlos-receives-Departmental-Honor-through-Hardouvelis-1024x680.jpg 1024w, https:\/\/hardouvelis.gr\/wp-content\/uploads\/2021\/04\/Dec-18-2015-Professor-Travlos-receives-Departmental-Honor-through-Hardouvelis-272x182.jpg 272w\" sizes=\"auto, (max-width: 3696px) 100vw, 3696px\" \/>\t\t\t\t\t\t\t\t\n\n\t\t\t\t\t\t\t\t\t\t\t\t\t\t\t<\/a>\n\t\t\t\t\t\t\t\t\t\t\t\t<\/div>\n\t\t\t\t\t\t\t\t\t\t\t<div class=\"wd-gallery-item\">\n\t\t\t\t\t\t\t\t\t\t\t\t\t\t<a href=\"https:\/\/hardouvelis.gr\/wp-content\/uploads\/2021\/04\/Fall-2015_University-of-Piraeus_Finance-Dept-Scholarship-recipients-donors-professors.jpg\" data-elementor-open-lightbox=\"no\" data-index=\"11\" data-width=\"3696\" data-height=\"2456\"  title=\"After the Department of Banking and Finance Scholarship Awards ceremony, Group photo:  Scholarship recipients, Donors and Professors at the University of Piraeus.   , Fall 2015, Piraeus, Greece.\">\n\t\t\t\t\t\t\t\t\n\t\t\t\t\t\t\t\t\t\t\t\t\t\t\t\t\t<img loading=\"lazy\" decoding=\"async\" width=\"3696\" height=\"2456\" src=\"https:\/\/hardouvelis.gr\/wp-content\/uploads\/2021\/04\/Fall-2015_University-of-Piraeus_Finance-Dept-Scholarship-recipients-donors-professors.jpg\" class=\"wd-gallery-image image-11 attachment-full\" alt=\"\" title=\"After the Department of Banking and Finance Scholarship Awards ceremony, Group photo:  Scholarship recipients, Donors and Professors at the University of Piraeus.   , Fall 2015, Piraeus, Greece.\" srcset=\"https:\/\/hardouvelis.gr\/wp-content\/uploads\/2021\/04\/Fall-2015_University-of-Piraeus_Finance-Dept-Scholarship-recipients-donors-professors.jpg 3696w, https:\/\/hardouvelis.gr\/wp-content\/uploads\/2021\/04\/Fall-2015_University-of-Piraeus_Finance-Dept-Scholarship-recipients-donors-professors-300x199.jpg 300w, https:\/\/hardouvelis.gr\/wp-content\/uploads\/2021\/04\/Fall-2015_University-of-Piraeus_Finance-Dept-Scholarship-recipients-donors-professors-768x510.jpg 768w, https:\/\/hardouvelis.gr\/wp-content\/uploads\/2021\/04\/Fall-2015_University-of-Piraeus_Finance-Dept-Scholarship-recipients-donors-professors-1024x680.jpg 1024w, https:\/\/hardouvelis.gr\/wp-content\/uploads\/2021\/04\/Fall-2015_University-of-Piraeus_Finance-Dept-Scholarship-recipients-donors-professors-272x182.jpg 272w\" sizes=\"auto, (max-width: 3696px) 100vw, 3696px\" \/>\t\t\t\t\t\t\t\t\n\n\t\t\t\t\t\t\t\t\t\t\t\t\t\t\t<\/a>\n\t\t\t\t\t\t\t\t\t\t\t\t<\/div>\n\t\t\t\t\t\t\t\t\t\t\t<div class=\"wd-gallery-item\">\n\t\t\t\t\t\t\t\t\t\t\t\t\t\t<a href=\"https:\/\/hardouvelis.gr\/wp-content\/uploads\/2021\/05\/GRG_0255-1.jpg\" data-elementor-open-lightbox=\"no\" data-index=\"12\" data-width=\"4256\" data-height=\"2832\"  title=\"Gikas Hardouvelis speaking at Athens Stock Exchange Group,on the \u201cFirst Bell Ring of the Year\u201d event, January 2, 2015, Athens, Greece\">\n\t\t\t\t\t\t\t\t\n\t\t\t\t\t\t\t\t\t\t\t\t\t\t\t\t\t<img loading=\"lazy\" decoding=\"async\" width=\"4256\" height=\"2832\" src=\"https:\/\/hardouvelis.gr\/wp-content\/uploads\/2021\/05\/GRG_0255-1.jpg\" class=\"wd-gallery-image image-12 attachment-full\" alt=\"\" title=\"Gikas Hardouvelis speaking at Athens Stock Exchange Group,on the \u201cFirst Bell Ring of the Year\u201d event, January 2, 2015, Athens, Greece\" srcset=\"https:\/\/hardouvelis.gr\/wp-content\/uploads\/2021\/05\/GRG_0255-1.jpg 4256w, https:\/\/hardouvelis.gr\/wp-content\/uploads\/2021\/05\/GRG_0255-1-300x200.jpg 300w, https:\/\/hardouvelis.gr\/wp-content\/uploads\/2021\/05\/GRG_0255-1-768x511.jpg 768w, https:\/\/hardouvelis.gr\/wp-content\/uploads\/2021\/05\/GRG_0255-1-1024x681.jpg 1024w, https:\/\/hardouvelis.gr\/wp-content\/uploads\/2021\/05\/GRG_0255-1-272x182.jpg 272w\" sizes=\"auto, (max-width: 4256px) 100vw, 4256px\" \/>\t\t\t\t\t\t\t\t\n\n\t\t\t\t\t\t\t\t\t\t\t\t\t\t\t<\/a>\n\t\t\t\t\t\t\t\t\t\t\t\t<\/div>\n\t\t\t\t\t\t\t\t\t\t\t<div class=\"wd-gallery-item\">\n\t\t\t\t\t\t\t\t\t\t\t\t\t\t<a href=\"https:\/\/hardouvelis.gr\/wp-content\/uploads\/2018\/02\/GH_ATHENS-STOCK-EXCHANGE_JAN_2_2015_FIRST-BELL-RING-OF-THE-YEAR.jpg\" data-elementor-open-lightbox=\"no\" data-index=\"13\" data-width=\"2832\" data-height=\"4256\"  title=\"Gikas Hardouvelis at Athens Stock Exchange Group, \u201cFirst Bell Ring of the Year\u201d, January 2, 2015, Athens, Greece\">\n\t\t\t\t\t\t\t\t\n\t\t\t\t\t\t\t\t\t\t\t\t\t\t\t\t\t<img loading=\"lazy\" decoding=\"async\" width=\"2832\" height=\"4256\" src=\"https:\/\/hardouvelis.gr\/wp-content\/uploads\/2018\/02\/GH_ATHENS-STOCK-EXCHANGE_JAN_2_2015_FIRST-BELL-RING-OF-THE-YEAR.jpg\" class=\"wd-gallery-image image-13 attachment-full\" alt=\"\" title=\"Gikas Hardouvelis at Athens Stock Exchange Group, \u201cFirst Bell Ring of the Year\u201d, January 2, 2015, Athens, Greece\" srcset=\"https:\/\/hardouvelis.gr\/wp-content\/uploads\/2018\/02\/GH_ATHENS-STOCK-EXCHANGE_JAN_2_2015_FIRST-BELL-RING-OF-THE-YEAR.jpg 2832w, https:\/\/hardouvelis.gr\/wp-content\/uploads\/2018\/02\/GH_ATHENS-STOCK-EXCHANGE_JAN_2_2015_FIRST-BELL-RING-OF-THE-YEAR-200x300.jpg 200w, https:\/\/hardouvelis.gr\/wp-content\/uploads\/2018\/02\/GH_ATHENS-STOCK-EXCHANGE_JAN_2_2015_FIRST-BELL-RING-OF-THE-YEAR-768x1154.jpg 768w, https:\/\/hardouvelis.gr\/wp-content\/uploads\/2018\/02\/GH_ATHENS-STOCK-EXCHANGE_JAN_2_2015_FIRST-BELL-RING-OF-THE-YEAR-681x1024.jpg 681w\" sizes=\"auto, (max-width: 2832px) 100vw, 2832px\" \/>\t\t\t\t\t\t\t\t\n\n\t\t\t\t\t\t\t\t\t\t\t\t\t\t\t<\/a>\n\t\t\t\t\t\t\t\t\t\t\t\t<\/div>\n\t\t\t\t\t\t\t\t\t\t\t<div class=\"wd-gallery-item\">\n\t\t\t\t\t\t\t\t\t\t\t\t\t\t<a href=\"https:\/\/hardouvelis.gr\/wp-content\/uploads\/2018\/02\/GH_GRG_0331.jpg\" data-elementor-open-lightbox=\"no\" data-index=\"14\" data-width=\"4256\" data-height=\"2832\"  title=\"Athens Stock Exchange Group, \u201cFirst Bell Ring of the Year\u201d, from left I. Georganas, G. Hardouvelis, S. Lazarides, January 2, 2015, Athens, Greece\">\n\t\t\t\t\t\t\t\t\n\t\t\t\t\t\t\t\t\t\t\t\t\t\t\t\t\t<img loading=\"lazy\" decoding=\"async\" width=\"4256\" height=\"2832\" src=\"https:\/\/hardouvelis.gr\/wp-content\/uploads\/2018\/02\/GH_GRG_0331.jpg\" class=\"wd-gallery-image image-14 attachment-full\" alt=\"\" title=\"Athens Stock Exchange Group, \u201cFirst Bell Ring of the Year\u201d, from left I. Georganas, G. Hardouvelis, S. Lazarides, January 2, 2015, Athens, Greece\" srcset=\"https:\/\/hardouvelis.gr\/wp-content\/uploads\/2018\/02\/GH_GRG_0331.jpg 4256w, https:\/\/hardouvelis.gr\/wp-content\/uploads\/2018\/02\/GH_GRG_0331-300x200.jpg 300w, https:\/\/hardouvelis.gr\/wp-content\/uploads\/2018\/02\/GH_GRG_0331-768x511.jpg 768w, https:\/\/hardouvelis.gr\/wp-content\/uploads\/2018\/02\/GH_GRG_0331-1024x681.jpg 1024w, https:\/\/hardouvelis.gr\/wp-content\/uploads\/2018\/02\/GH_GRG_0331-272x182.jpg 272w\" sizes=\"auto, (max-width: 4256px) 100vw, 4256px\" \/>\t\t\t\t\t\t\t\t\n\n\t\t\t\t\t\t\t\t\t\t\t\t\t\t\t<\/a>\n\t\t\t\t\t\t\t\t\t\t\t\t<\/div>\n\t\t\t\t\t\t\t\t\t\t\t<div class=\"wd-gallery-item\">\n\t\t\t\t\t\t\t\t\t\t\t\t\t\t<a href=\"https:\/\/hardouvelis.gr\/wp-content\/uploads\/2018\/02\/GH_Gr-St-Mrkt_with_Georganas-Fessas_Jan_2015.jpg\" data-elementor-open-lightbox=\"no\" data-index=\"15\" data-width=\"4256\" data-height=\"2832\"  title=\"Athens Stock Exchange Group, \u201cFirst Bell Ring of the Year\u201d, from left I. Georganas, T. Fessas, G. Hardouvelis, January 2, 2015, Athens, Greece\">\n\t\t\t\t\t\t\t\t\n\t\t\t\t\t\t\t\t\t\t\t\t\t\t\t\t\t<img loading=\"lazy\" decoding=\"async\" width=\"4256\" height=\"2832\" src=\"https:\/\/hardouvelis.gr\/wp-content\/uploads\/2018\/02\/GH_Gr-St-Mrkt_with_Georganas-Fessas_Jan_2015.jpg\" class=\"wd-gallery-image image-15 attachment-full\" alt=\"\" title=\"Athens Stock Exchange Group, \u201cFirst Bell Ring of the Year\u201d, from left I. Georganas, T. Fessas, G. Hardouvelis, January 2, 2015, Athens, Greece\" srcset=\"https:\/\/hardouvelis.gr\/wp-content\/uploads\/2018\/02\/GH_Gr-St-Mrkt_with_Georganas-Fessas_Jan_2015.jpg 4256w, https:\/\/hardouvelis.gr\/wp-content\/uploads\/2018\/02\/GH_Gr-St-Mrkt_with_Georganas-Fessas_Jan_2015-300x200.jpg 300w, https:\/\/hardouvelis.gr\/wp-content\/uploads\/2018\/02\/GH_Gr-St-Mrkt_with_Georganas-Fessas_Jan_2015-768x511.jpg 768w, https:\/\/hardouvelis.gr\/wp-content\/uploads\/2018\/02\/GH_Gr-St-Mrkt_with_Georganas-Fessas_Jan_2015-1024x681.jpg 1024w, https:\/\/hardouvelis.gr\/wp-content\/uploads\/2018\/02\/GH_Gr-St-Mrkt_with_Georganas-Fessas_Jan_2015-272x182.jpg 272w\" sizes=\"auto, (max-width: 4256px) 100vw, 4256px\" \/>\t\t\t\t\t\t\t\t\n\n\t\t\t\t\t\t\t\t\t\t\t\t\t\t\t<\/a>\n\t\t\t\t\t\t\t\t\t\t\t\t<\/div>\n\t\t\t\t\t\t\t\t\t\t\t<div class=\"wd-gallery-item\">\n\t\t\t\t\t\t\t\t\t\t\t\t\t\t<a href=\"https:\/\/hardouvelis.gr\/wp-content\/uploads\/2018\/02\/GH_ATHENS-STOCK-EXCHANGE_VASILOPITA-JAN-2_FIRST-DAY-OF-THE-YEAR.jpg\" data-elementor-open-lightbox=\"no\" data-index=\"16\" data-width=\"4256\" data-height=\"2832\"  title=\"Athens Stock Exchange Group, \u201cFirst Bell Ring of the Year\u201d, from left S. Lazarides, A. Moraitakis, G. Hardouvelis, I. Georganas, G. Zanias, Th. Fessas, January 2, 2015, Athens, Greece\">\n\t\t\t\t\t\t\t\t\n\t\t\t\t\t\t\t\t\t\t\t\t\t\t\t\t\t<img loading=\"lazy\" decoding=\"async\" width=\"4256\" height=\"2832\" src=\"https:\/\/hardouvelis.gr\/wp-content\/uploads\/2018\/02\/GH_ATHENS-STOCK-EXCHANGE_VASILOPITA-JAN-2_FIRST-DAY-OF-THE-YEAR.jpg\" class=\"wd-gallery-image image-16 attachment-full\" alt=\"\" title=\"Athens Stock Exchange Group, \u201cFirst Bell Ring of the Year\u201d, from left S. Lazarides, A. Moraitakis, G. Hardouvelis, I. Georganas, G. Zanias, Th. Fessas, January 2, 2015, Athens, Greece\" srcset=\"https:\/\/hardouvelis.gr\/wp-content\/uploads\/2018\/02\/GH_ATHENS-STOCK-EXCHANGE_VASILOPITA-JAN-2_FIRST-DAY-OF-THE-YEAR.jpg 4256w, https:\/\/hardouvelis.gr\/wp-content\/uploads\/2018\/02\/GH_ATHENS-STOCK-EXCHANGE_VASILOPITA-JAN-2_FIRST-DAY-OF-THE-YEAR-300x200.jpg 300w, https:\/\/hardouvelis.gr\/wp-content\/uploads\/2018\/02\/GH_ATHENS-STOCK-EXCHANGE_VASILOPITA-JAN-2_FIRST-DAY-OF-THE-YEAR-768x511.jpg 768w, https:\/\/hardouvelis.gr\/wp-content\/uploads\/2018\/02\/GH_ATHENS-STOCK-EXCHANGE_VASILOPITA-JAN-2_FIRST-DAY-OF-THE-YEAR-1024x681.jpg 1024w, https:\/\/hardouvelis.gr\/wp-content\/uploads\/2018\/02\/GH_ATHENS-STOCK-EXCHANGE_VASILOPITA-JAN-2_FIRST-DAY-OF-THE-YEAR-272x182.jpg 272w\" sizes=\"auto, (max-width: 4256px) 100vw, 4256px\" \/>\t\t\t\t\t\t\t\t\n\n\t\t\t\t\t\t\t\t\t\t\t\t\t\t\t<\/a>\n\t\t\t\t\t\t\t\t\t\t\t\t<\/div>\n\t\t\t\t\t\t\t\t\t\t\t<div class=\"wd-gallery-item\">\n\t\t\t\t\t\t\t\t\t\t\t\t\t\t<a href=\"https:\/\/hardouvelis.gr\/wp-content\/uploads\/2021\/04\/Gikas-Hardouvelis-Greek-Minister-for-Finance-with-Jeroen-Dijsselbloem-President-of-the-Eurogroup-by-EU-Council-Eurozone-1.jpg\" data-elementor-open-lightbox=\"no\" data-index=\"17\" data-width=\"787\" data-height=\"598\"  title=\"Gikas Hardouvelis, Greek Minister of Finance, with Jeroen Dijsselbloem, President of Eurogroup, at Eurogroup, January 26, 2015, Brussels, Belgium. \u00a9 EU Council Eurozone\">\n\t\t\t\t\t\t\t\t\n\t\t\t\t\t\t\t\t\t\t\t\t\t\t\t\t\t<img loading=\"lazy\" decoding=\"async\" width=\"787\" height=\"598\" src=\"https:\/\/hardouvelis.gr\/wp-content\/uploads\/2021\/04\/Gikas-Hardouvelis-Greek-Minister-for-Finance-with-Jeroen-Dijsselbloem-President-of-the-Eurogroup-by-EU-Council-Eurozone-1.jpg\" class=\"wd-gallery-image image-17 attachment-full\" alt=\"\" title=\"Gikas Hardouvelis, Greek Minister of Finance, with Jeroen Dijsselbloem, President of Eurogroup, at Eurogroup, January 26, 2015, Brussels, Belgium. \u00a9 EU Council Eurozone\" srcset=\"https:\/\/hardouvelis.gr\/wp-content\/uploads\/2021\/04\/Gikas-Hardouvelis-Greek-Minister-for-Finance-with-Jeroen-Dijsselbloem-President-of-the-Eurogroup-by-EU-Council-Eurozone-1.jpg 787w, https:\/\/hardouvelis.gr\/wp-content\/uploads\/2021\/04\/Gikas-Hardouvelis-Greek-Minister-for-Finance-with-Jeroen-Dijsselbloem-President-of-the-Eurogroup-by-EU-Council-Eurozone-1-300x228.jpg 300w, https:\/\/hardouvelis.gr\/wp-content\/uploads\/2021\/04\/Gikas-Hardouvelis-Greek-Minister-for-Finance-with-Jeroen-Dijsselbloem-President-of-the-Eurogroup-by-EU-Council-Eurozone-1-768x584.jpg 768w\" sizes=\"auto, (max-width: 787px) 100vw, 787px\" \/>\t\t\t\t\t\t\t\t\n\n\t\t\t\t\t\t\t\t\t\t\t\t\t\t\t<\/a>\n\t\t\t\t\t\t\t\t\t\t\t\t<\/div>\n\t\t\t\t\t\t\t\t\t\t\t<div class=\"wd-gallery-item\">\n\t\t\t\t\t\t\t\t\t\t\t\t\t\t<a href=\"https:\/\/hardouvelis.gr\/wp-content\/uploads\/2021\/05\/\u00a9-Bloomberg-via-Getty-Images-Ideal-Image.jpg\" data-elementor-open-lightbox=\"no\" data-index=\"18\" data-width=\"4000\" data-height=\"2675\"  title=\"Gikas Hardouvelis, Greek Minister of Finance, left, with Pierre Moscovici, European Union\u2019s economic commissioner, right, and Luis de Guindos, Minister for Economic Affairs and Competitiveness of Spain, center, Eurogroup, January 26, 2015, Brussels, Belgium. Photographer: Jasper Juinen \u00a9 Bloomberg via Getty Images\/ Ideal Image\">\n\t\t\t\t\t\t\t\t\n\t\t\t\t\t\t\t\t\t\t\t\t\t\t\t\t\t<img loading=\"lazy\" decoding=\"async\" width=\"4000\" height=\"2675\" src=\"https:\/\/hardouvelis.gr\/wp-content\/uploads\/2021\/05\/\u00a9-Bloomberg-via-Getty-Images-Ideal-Image.jpg\" class=\"wd-gallery-image image-18 attachment-full\" alt=\"\" title=\"Gikas Hardouvelis, Greek Minister of Finance, left, with Pierre Moscovici, European Union\u2019s economic commissioner, right, and Luis de Guindos, Minister for Economic Affairs and Competitiveness of Spain, center, Eurogroup, January 26, 2015, Brussels, Belgium. Photographer: Jasper Juinen \u00a9 Bloomberg via Getty Images\/ Ideal Image\" srcset=\"https:\/\/hardouvelis.gr\/wp-content\/uploads\/2021\/05\/\u00a9-Bloomberg-via-Getty-Images-Ideal-Image.jpg 4000w, https:\/\/hardouvelis.gr\/wp-content\/uploads\/2021\/05\/\u00a9-Bloomberg-via-Getty-Images-Ideal-Image-300x201.jpg 300w, https:\/\/hardouvelis.gr\/wp-content\/uploads\/2021\/05\/\u00a9-Bloomberg-via-Getty-Images-Ideal-Image-768x514.jpg 768w, https:\/\/hardouvelis.gr\/wp-content\/uploads\/2021\/05\/\u00a9-Bloomberg-via-Getty-Images-Ideal-Image-1024x685.jpg 1024w, https:\/\/hardouvelis.gr\/wp-content\/uploads\/2021\/05\/\u00a9-Bloomberg-via-Getty-Images-Ideal-Image-272x182.jpg 272w\" sizes=\"auto, (max-width: 4000px) 100vw, 4000px\" \/>\t\t\t\t\t\t\t\t\n\n\t\t\t\t\t\t\t\t\t\t\t\t\t\t\t<\/a>\n\t\t\t\t\t\t\t\t\t\t\t\t<\/div>\n\t\t\t\t\t\t\t\t\t\t\t<div class=\"wd-gallery-item\">\n\t\t\t\t\t\t\t\t\t\t\t\t\t\t<a href=\"https:\/\/hardouvelis.gr\/wp-content\/uploads\/2021\/04\/Gikas-HardouvelisGreek-Minister-of-Finance-with-Jeroen-Dijssebloem-President-of-the-Eurogroup-and-Haris-Georgiades-Cyprus-Minister-of-Finance-by-EU-Council-Eurozone.jpg\" data-elementor-open-lightbox=\"no\" data-index=\"19\" data-width=\"901\" data-height=\"596\"  title=\"Gikas Hardouvelis, Greek Minister of Finance, with Jeroen Dijsselbloem, President of Eurogroup, and Harris Georgiades, Minister of Finance of Cyprus, at Eurogroup, January 26, 2015, Brussels, Belgium. \u00a9 EU Council Eurozone\">\n\t\t\t\t\t\t\t\t\n\t\t\t\t\t\t\t\t\t\t\t\t\t\t\t\t\t<img loading=\"lazy\" decoding=\"async\" width=\"901\" height=\"596\" src=\"https:\/\/hardouvelis.gr\/wp-content\/uploads\/2021\/04\/Gikas-HardouvelisGreek-Minister-of-Finance-with-Jeroen-Dijssebloem-President-of-the-Eurogroup-and-Haris-Georgiades-Cyprus-Minister-of-Finance-by-EU-Council-Eurozone.jpg\" class=\"wd-gallery-image image-19 attachment-full\" alt=\"\" title=\"Gikas Hardouvelis, Greek Minister of Finance, with Jeroen Dijsselbloem, President of Eurogroup, and Harris Georgiades, Minister of Finance of Cyprus, at Eurogroup, January 26, 2015, Brussels, Belgium. \u00a9 EU Council Eurozone\" srcset=\"https:\/\/hardouvelis.gr\/wp-content\/uploads\/2021\/04\/Gikas-HardouvelisGreek-Minister-of-Finance-with-Jeroen-Dijssebloem-President-of-the-Eurogroup-and-Haris-Georgiades-Cyprus-Minister-of-Finance-by-EU-Council-Eurozone.jpg 901w, https:\/\/hardouvelis.gr\/wp-content\/uploads\/2021\/04\/Gikas-HardouvelisGreek-Minister-of-Finance-with-Jeroen-Dijssebloem-President-of-the-Eurogroup-and-Haris-Georgiades-Cyprus-Minister-of-Finance-by-EU-Council-Eurozone-300x198.jpg 300w, https:\/\/hardouvelis.gr\/wp-content\/uploads\/2021\/04\/Gikas-HardouvelisGreek-Minister-of-Finance-with-Jeroen-Dijssebloem-President-of-the-Eurogroup-and-Haris-Georgiades-Cyprus-Minister-of-Finance-by-EU-Council-Eurozone-768x508.jpg 768w\" sizes=\"auto, (max-width: 901px) 100vw, 901px\" \/>\t\t\t\t\t\t\t\t\n\n\t\t\t\t\t\t\t\t\t\t\t\t\t\t\t<\/a>\n\t\t\t\t\t\t\t\t\t\t\t\t<\/div>\n\t\t\t\t\t\t\t\t\t\t\t<div class=\"wd-gallery-item\">\n\t\t\t\t\t\t\t\t\t\t\t\t\t\t<a href=\"https:\/\/hardouvelis.gr\/wp-content\/uploads\/2021\/04\/Jan-2015-Ministry-of-Finance-Family-Photo.jpg\" data-elementor-open-lightbox=\"no\" data-index=\"20\" data-width=\"3264\" data-height=\"2448\"  title=\"The Ministry of Finance team, January 2015, Athens, Greece\">\n\t\t\t\t\t\t\t\t\n\t\t\t\t\t\t\t\t\t\t\t\t\t\t\t\t\t<img loading=\"lazy\" decoding=\"async\" width=\"3264\" height=\"2448\" src=\"https:\/\/hardouvelis.gr\/wp-content\/uploads\/2021\/04\/Jan-2015-Ministry-of-Finance-Family-Photo.jpg\" class=\"wd-gallery-image image-20 attachment-full\" alt=\"\" title=\"The Ministry of Finance team, January 2015, Athens, Greece\" srcset=\"https:\/\/hardouvelis.gr\/wp-content\/uploads\/2021\/04\/Jan-2015-Ministry-of-Finance-Family-Photo.jpg 3264w, https:\/\/hardouvelis.gr\/wp-content\/uploads\/2021\/04\/Jan-2015-Ministry-of-Finance-Family-Photo-300x225.jpg 300w, https:\/\/hardouvelis.gr\/wp-content\/uploads\/2021\/04\/Jan-2015-Ministry-of-Finance-Family-Photo-768x576.jpg 768w, https:\/\/hardouvelis.gr\/wp-content\/uploads\/2021\/04\/Jan-2015-Ministry-of-Finance-Family-Photo-1024x768.jpg 1024w, https:\/\/hardouvelis.gr\/wp-content\/uploads\/2021\/04\/Jan-2015-Ministry-of-Finance-Family-Photo-350x263.jpg 350w, https:\/\/hardouvelis.gr\/wp-content\/uploads\/2021\/04\/Jan-2015-Ministry-of-Finance-Family-Photo-780x586.jpg 780w, https:\/\/hardouvelis.gr\/wp-content\/uploads\/2021\/04\/Jan-2015-Ministry-of-Finance-Family-Photo-250x188.jpg 250w\" sizes=\"auto, (max-width: 3264px) 100vw, 3264px\" \/>\t\t\t\t\t\t\t\t\n\n\t\t\t\t\t\t\t\t\t\t\t\t\t\t\t<\/a>\n\t\t\t\t\t\t\t\t\t\t\t\t<\/div>\n\t\t\t\t\t\t\t\t\t\t\t<div class=\"wd-gallery-item\">\n\t\t\t\t\t\t\t\t\t\t\t\t\t\t<a href=\"https:\/\/hardouvelis.gr\/wp-content\/uploads\/2021\/04\/IMG_1051.jpg\" data-elementor-open-lightbox=\"no\" data-index=\"21\" data-width=\"3048\" data-height=\"1919\"  title=\"With the Ministry of Finance Team, celebrating the new year with a \u201cVasilopita,\u201dJanuary 2015, Athens, Greece\">\n\t\t\t\t\t\t\t\t\n\t\t\t\t\t\t\t\t\t\t\t\t\t\t\t\t\t<img loading=\"lazy\" decoding=\"async\" width=\"3048\" height=\"1919\" src=\"https:\/\/hardouvelis.gr\/wp-content\/uploads\/2021\/04\/IMG_1051.jpg\" class=\"wd-gallery-image image-21 attachment-full\" alt=\"\" title=\"With the Ministry of Finance Team, celebrating the new year with a \u201cVasilopita,\u201dJanuary 2015, Athens, Greece\" srcset=\"https:\/\/hardouvelis.gr\/wp-content\/uploads\/2021\/04\/IMG_1051.jpg 3048w, https:\/\/hardouvelis.gr\/wp-content\/uploads\/2021\/04\/IMG_1051-300x189.jpg 300w, https:\/\/hardouvelis.gr\/wp-content\/uploads\/2021\/04\/IMG_1051-768x484.jpg 768w, https:\/\/hardouvelis.gr\/wp-content\/uploads\/2021\/04\/IMG_1051-1024x645.jpg 1024w\" sizes=\"auto, (max-width: 3048px) 100vw, 3048px\" \/>\t\t\t\t\t\t\t\t\n\n\t\t\t\t\t\t\t\t\t\t\t\t\t\t\t<\/a>\n\t\t\t\t\t\t\t\t\t\t\t\t<\/div>\n\t\t\t\t\t\t\t\t\t\t\t\t<\/div>\n\t\t<\/div>\n\t\t\t\t[\/vc_tta_section][vc_tta_section title=&#8221;2014&#8243; tab_id=&#8221;1684152081275-790c8e04-c901&#8243;]\t\t<div id=\"gallery_818\" class=\"wd-images-gallery wd-rs-64621f305aa97 wd-justify-center wd-items-middle view-justified photoswipe-images\" >\n\t\t\t<div class=\"gallery-images\">\n\t\t\t\t\t\t\t\t\t\t\t\t\t\t\t<div class=\"wd-gallery-item\">\n\t\t\t\t\t\t\t\t\t\t\t\t\t\t<a href=\"https:\/\/hardouvelis.gr\/wp-content\/uploads\/2021\/04\/Oct-12-2014-with-Christine-Lagarde.jpg\" data-elementor-open-lightbox=\"no\" data-index=\"1\" data-width=\"1024\" data-height=\"724\"  title=\"(L) International Monetary Fund Managing Director Christine Lagarde greets (R) Minister of Finance of Greece Gikas Hardouvelis prior to their meeting during the 2014 IMF World Bank Annual Meetings October 12, 2014 at IMF Headquarters in Washington DC.\u00a9IMF Photo\">\n\t\t\t\t\t\t\t\t\n\t\t\t\t\t\t\t\t\t\t\t\t\t\t\t\t\t<img loading=\"lazy\" decoding=\"async\" width=\"1024\" height=\"724\" src=\"https:\/\/hardouvelis.gr\/wp-content\/uploads\/2021\/04\/Oct-12-2014-with-Christine-Lagarde.jpg\" class=\"wd-gallery-image image-1 attachment-full\" alt=\"\" title=\"(L) International Monetary Fund Managing Director Christine Lagarde greets (R) Minister of Finance of Greece Gikas Hardouvelis prior to their meeting during the 2014 IMF World Bank Annual Meetings October 12, 2014 at IMF Headquarters in Washington DC.\u00a9IMF Photo\" srcset=\"https:\/\/hardouvelis.gr\/wp-content\/uploads\/2021\/04\/Oct-12-2014-with-Christine-Lagarde.jpg 1024w, https:\/\/hardouvelis.gr\/wp-content\/uploads\/2021\/04\/Oct-12-2014-with-Christine-Lagarde-300x212.jpg 300w, https:\/\/hardouvelis.gr\/wp-content\/uploads\/2021\/04\/Oct-12-2014-with-Christine-Lagarde-768x543.jpg 768w\" sizes=\"auto, (max-width: 1024px) 100vw, 1024px\" \/>\t\t\t\t\t\t\t\t\n\n\t\t\t\t\t\t\t\t\t\t\t\t\t\t\t<\/a>\n\t\t\t\t\t\t\t\t\t\t\t\t<\/div>\n\t\t\t\t\t\t\t\t\t\t\t<div class=\"wd-gallery-item\">\n\t\t\t\t\t\t\t\t\t\t\t\t\t\t<a href=\"https:\/\/hardouvelis.gr\/wp-content\/uploads\/2021\/04\/Gikas-Hardouvelis-with-Mario-Draghi-the-President-of-the-European-Central-Bank-ECB.jpg\" data-elementor-open-lightbox=\"no\" data-index=\"2\" data-width=\"777\" data-height=\"437\"  title=\"Gikas Hardouvelis (left) with Mario Draghi (right), the President of the European Central Bank (ECB), at Eurogroup, September 12, 2014, Milan, Italy\">\n\t\t\t\t\t\t\t\t\n\t\t\t\t\t\t\t\t\t\t\t\t\t\t\t\t\t<img loading=\"lazy\" decoding=\"async\" width=\"777\" height=\"437\" src=\"https:\/\/hardouvelis.gr\/wp-content\/uploads\/2021\/04\/Gikas-Hardouvelis-with-Mario-Draghi-the-President-of-the-European-Central-Bank-ECB.jpg\" class=\"wd-gallery-image image-2 attachment-full\" alt=\"\" title=\"Gikas Hardouvelis (left) with Mario Draghi (right), the President of the European Central Bank (ECB), at Eurogroup, September 12, 2014, Milan, Italy\" srcset=\"https:\/\/hardouvelis.gr\/wp-content\/uploads\/2021\/04\/Gikas-Hardouvelis-with-Mario-Draghi-the-President-of-the-European-Central-Bank-ECB.jpg 777w, https:\/\/hardouvelis.gr\/wp-content\/uploads\/2021\/04\/Gikas-Hardouvelis-with-Mario-Draghi-the-President-of-the-European-Central-Bank-ECB-300x169.jpg 300w, https:\/\/hardouvelis.gr\/wp-content\/uploads\/2021\/04\/Gikas-Hardouvelis-with-Mario-Draghi-the-President-of-the-European-Central-Bank-ECB-768x432.jpg 768w\" sizes=\"auto, (max-width: 777px) 100vw, 777px\" \/>\t\t\t\t\t\t\t\t\n\n\t\t\t\t\t\t\t\t\t\t\t\t\t\t\t<\/a>\n\t\t\t\t\t\t\t\t\t\t\t\t<\/div>\n\t\t\t\t\t\t\t\t\t\t\t<div class=\"wd-gallery-item\">\n\t\t\t\t\t\t\t\t\t\t\t\t\t\t<a href=\"https:\/\/hardouvelis.gr\/wp-content\/uploads\/2021\/04\/July-2014-with-Michel-Sapin-French-Finance-Minister.jpg\" data-elementor-open-lightbox=\"no\" data-index=\"3\" data-width=\"5184\" data-height=\"3456\"  title=\"(from left) Michel Sapin, Minister of Finance of France with Gikas Hardouvelis, Minister of Finance of Greece, at a Press Conference at the Greek Ministry of Finance, July 25 2014, Athens, Greece\">\n\t\t\t\t\t\t\t\t\n\t\t\t\t\t\t\t\t\t\t\t\t\t\t\t\t\t<img loading=\"lazy\" decoding=\"async\" width=\"5184\" height=\"3456\" src=\"https:\/\/hardouvelis.gr\/wp-content\/uploads\/2021\/04\/July-2014-with-Michel-Sapin-French-Finance-Minister.jpg\" class=\"wd-gallery-image image-3 attachment-full\" alt=\"\" title=\"(from left) Michel Sapin, Minister of Finance of France with Gikas Hardouvelis, Minister of Finance of Greece, at a Press Conference at the Greek Ministry of Finance, July 25 2014, Athens, Greece\" srcset=\"https:\/\/hardouvelis.gr\/wp-content\/uploads\/2021\/04\/July-2014-with-Michel-Sapin-French-Finance-Minister.jpg 5184w, https:\/\/hardouvelis.gr\/wp-content\/uploads\/2021\/04\/July-2014-with-Michel-Sapin-French-Finance-Minister-300x200.jpg 300w, https:\/\/hardouvelis.gr\/wp-content\/uploads\/2021\/04\/July-2014-with-Michel-Sapin-French-Finance-Minister-768x512.jpg 768w, https:\/\/hardouvelis.gr\/wp-content\/uploads\/2021\/04\/July-2014-with-Michel-Sapin-French-Finance-Minister-1024x683.jpg 1024w, https:\/\/hardouvelis.gr\/wp-content\/uploads\/2021\/04\/July-2014-with-Michel-Sapin-French-Finance-Minister-272x182.jpg 272w\" sizes=\"auto, (max-width: 5184px) 100vw, 5184px\" \/>\t\t\t\t\t\t\t\t\n\n\t\t\t\t\t\t\t\t\t\t\t\t\t\t\t<\/a>\n\t\t\t\t\t\t\t\t\t\t\t\t<\/div>\n\t\t\t\t\t\t\t\t\t\t\t<div class=\"wd-gallery-item\">\n\t\t\t\t\t\t\t\t\t\t\t\t\t\t<a href=\"https:\/\/hardouvelis.gr\/wp-content\/uploads\/2021\/04\/Gikas-Hardouvelis-at-ESM-June-2014.jpg\" data-elementor-open-lightbox=\"no\" data-index=\"4\" data-width=\"600\" data-height=\"399\"  title=\"European Stability Mechanism (ESM) Meeting, June 19, 2014, Luxembourg City, Luxembourg. (from left back) Mr Harris Georgiades, Minister of Finance, Cyprus, Mr Michael Noonan, Minister of Finance, Ireland, Mr Gikas Hardouvelis, Minister of Finance, Greece, Ms Maria Lu\u00eds Casanova Morgado Dias de Albuquerque, Minister of Finance, Portugal, Mr Klaus Regling, ESM Managing Director, Mr Peter Ka\u017eim\u00edr, Minister of Finance, Slovakia\">\n\t\t\t\t\t\t\t\t\n\t\t\t\t\t\t\t\t\t\t\t\t\t\t\t\t\t<img loading=\"lazy\" decoding=\"async\" width=\"600\" height=\"399\" src=\"https:\/\/hardouvelis.gr\/wp-content\/uploads\/2021\/04\/Gikas-Hardouvelis-at-ESM-June-2014.jpg\" class=\"wd-gallery-image image-4 attachment-full\" alt=\"\" title=\"European Stability Mechanism (ESM) Meeting, June 19, 2014, Luxembourg City, Luxembourg. (from left back) Mr Harris Georgiades, Minister of Finance, Cyprus, Mr Michael Noonan, Minister of Finance, Ireland, Mr Gikas Hardouvelis, Minister of Finance, Greece, Ms Maria Lu\u00eds Casanova Morgado Dias de Albuquerque, Minister of Finance, Portugal, Mr Klaus Regling, ESM Managing Director, Mr Peter Ka\u017eim\u00edr, Minister of Finance, Slovakia\" srcset=\"https:\/\/hardouvelis.gr\/wp-content\/uploads\/2021\/04\/Gikas-Hardouvelis-at-ESM-June-2014.jpg 600w, https:\/\/hardouvelis.gr\/wp-content\/uploads\/2021\/04\/Gikas-Hardouvelis-at-ESM-June-2014-300x200.jpg 300w, https:\/\/hardouvelis.gr\/wp-content\/uploads\/2021\/04\/Gikas-Hardouvelis-at-ESM-June-2014-272x182.jpg 272w\" sizes=\"auto, (max-width: 600px) 100vw, 600px\" \/>\t\t\t\t\t\t\t\t\n\n\t\t\t\t\t\t\t\t\t\t\t\t\t\t\t<\/a>\n\t\t\t\t\t\t\t\t\t\t\t\t<\/div>\n\t\t\t\t\t\t\t\t\t\t\t<div class=\"wd-gallery-item\">\n\t\t\t\t\t\t\t\t\t\t\t\t\t\t<a href=\"https:\/\/hardouvelis.gr\/wp-content\/uploads\/2021\/04\/Gikas-Hardouvelis-at-ESM-June-19-2014.jpg\" data-elementor-open-lightbox=\"no\" data-index=\"5\" data-width=\"919\" data-height=\"613\"  title=\"European Stability Mechanism (ESM) Meeting, June 19, 2014, Luxembourg City, Luxembourg(1st row from left) Dr. Thomas Steffen, Alternate ESM Governor, Germany, Mr Rado Genorio, Ambassador - Permanent Representative of the Republic of Slovenia to the EU, Mr Peter Ka\u017eim\u00edr, Minister of Finance, Slovakia, Mr I\u00f1igo Fernandez de Mesa Vargas, ESM Director for Spain, Mr J\u00fcrgen Ligi, Minister of Finance, Estonia (middle row row from left) Mr Michael Noonan, Minister of Finance, Ireland, Mr Gikas Hardouvelis, Minister of Finance, Greece, Mr Jeroen Dijsselbloem, Chairman of the Board of Governors ESM, President of the Eurogroup, Mr Klaus Regling, ESM Managing Director, Ms Maria Lu\u00eds Casanova Morgado Dias de Albuquerque, Minister of Finance, Portugal, Mr Pier Carlo Padoan, Minister of Finance, Italy, Mr Jozef Kortleven, Counselor, General, ESM Director, Belgium (top row from left) Mr Michael Spindelegger, Minister of Finance, Austria, Mr Harris Georgiades, Minister of Finance, Cyprus, Mr Michel Sapin, Minister of Finance, France, Mr Andris Vilks, Minister of Finance, Latvia, Mr Tuomas Saarenheimo, ESM Alte\">\n\t\t\t\t\t\t\t\t\n\t\t\t\t\t\t\t\t\t\t\t\t\t\t\t\t\t<img loading=\"lazy\" decoding=\"async\" width=\"919\" height=\"613\" src=\"https:\/\/hardouvelis.gr\/wp-content\/uploads\/2021\/04\/Gikas-Hardouvelis-at-ESM-June-19-2014.jpg\" class=\"wd-gallery-image image-5 attachment-full\" alt=\"\" title=\"European Stability Mechanism (ESM) Meeting, June 19, 2014, Luxembourg City, Luxembourg(1st row from left) Dr. Thomas Steffen, Alternate ESM Governor, Germany, Mr Rado Genorio, Ambassador - Permanent Representative of the Republic of Slovenia to the EU, Mr Peter Ka\u017eim\u00edr, Minister of Finance, Slovakia, Mr I\u00f1igo Fernandez de Mesa Vargas, ESM Director for Spain, Mr J\u00fcrgen Ligi, Minister of Finance, Estonia (middle row row from left) Mr Michael Noonan, Minister of Finance, Ireland, Mr Gikas Hardouvelis, Minister of Finance, Greece, Mr Jeroen Dijsselbloem, Chairman of the Board of Governors ESM, President of the Eurogroup, Mr Klaus Regling, ESM Managing Director, Ms Maria Lu\u00eds Casanova Morgado Dias de Albuquerque, Minister of Finance, Portugal, Mr Pier Carlo Padoan, Minister of Finance, Italy, Mr Jozef Kortleven, Counselor, General, ESM Director, Belgium (top row from left) Mr Michael Spindelegger, Minister of Finance, Austria, Mr Harris Georgiades, Minister of Finance, Cyprus, Mr Michel Sapin, Minister of Finance, France, Mr Andris Vilks, Minister of Finance, Latvia, Mr Tuomas Saarenheimo, ESM Alte\" srcset=\"https:\/\/hardouvelis.gr\/wp-content\/uploads\/2021\/04\/Gikas-Hardouvelis-at-ESM-June-19-2014.jpg 919w, https:\/\/hardouvelis.gr\/wp-content\/uploads\/2021\/04\/Gikas-Hardouvelis-at-ESM-June-19-2014-300x200.jpg 300w, https:\/\/hardouvelis.gr\/wp-content\/uploads\/2021\/04\/Gikas-Hardouvelis-at-ESM-June-19-2014-768x512.jpg 768w, https:\/\/hardouvelis.gr\/wp-content\/uploads\/2021\/04\/Gikas-Hardouvelis-at-ESM-June-19-2014-272x182.jpg 272w\" sizes=\"auto, (max-width: 919px) 100vw, 919px\" \/>\t\t\t\t\t\t\t\t\n\n\t\t\t\t\t\t\t\t\t\t\t\t\t\t\t<\/a>\n\t\t\t\t\t\t\t\t\t\t\t\t<\/div>\n\t\t\t\t\t\t\t\t\t\t\t<div class=\"wd-gallery-item\">\n\t\t\t\t\t\t\t\t\t\t\t\t\t\t<a href=\"https:\/\/hardouvelis.gr\/wp-content\/uploads\/2021\/04\/20150126_165922-1-e1619467178345.jpg\" data-elementor-open-lightbox=\"no\" data-index=\"6\" data-width=\"3264\" data-height=\"1836\"  title=\"Gikas Hardouvelis, Greek Minister of Finance at Eurogroup, 2014, Brussels, Belgium\">\n\t\t\t\t\t\t\t\t\n\t\t\t\t\t\t\t\t\t\t\t\t\t\t\t\t\t<img loading=\"lazy\" decoding=\"async\" width=\"3264\" height=\"1836\" src=\"https:\/\/hardouvelis.gr\/wp-content\/uploads\/2021\/04\/20150126_165922-1-e1619467178345.jpg\" class=\"wd-gallery-image image-6 attachment-full\" alt=\"\" title=\"Gikas Hardouvelis, Greek Minister of Finance at Eurogroup, 2014, Brussels, Belgium\" srcset=\"https:\/\/hardouvelis.gr\/wp-content\/uploads\/2021\/04\/20150126_165922-1-e1619467178345.jpg 3264w, https:\/\/hardouvelis.gr\/wp-content\/uploads\/2021\/04\/20150126_165922-1-e1619467178345-300x169.jpg 300w, https:\/\/hardouvelis.gr\/wp-content\/uploads\/2021\/04\/20150126_165922-1-e1619467178345-768x432.jpg 768w, https:\/\/hardouvelis.gr\/wp-content\/uploads\/2021\/04\/20150126_165922-1-e1619467178345-1024x576.jpg 1024w\" sizes=\"auto, (max-width: 3264px) 100vw, 3264px\" \/>\t\t\t\t\t\t\t\t\n\n\t\t\t\t\t\t\t\t\t\t\t\t\t\t\t<\/a>\n\t\t\t\t\t\t\t\t\t\t\t\t<\/div>\n\t\t\t\t\t\t\t\t\t\t\t<div class=\"wd-gallery-item\">\n\t\t\t\t\t\t\t\t\t\t\t\t\t\t<a href=\"https:\/\/hardouvelis.gr\/wp-content\/uploads\/2021\/04\/15102963196_b920ce7208_o.jpeg\" data-elementor-open-lightbox=\"no\" data-index=\"7\" data-width=\"534\" data-height=\"481\"  title=\"Gikas Hardouvelis, Greek Minister of Finance and Angel Gurr\u00eda, Secretary-General of the OECD, in the OECD offices, September 3, 2014, Paris, France\">\n\t\t\t\t\t\t\t\t\n\t\t\t\t\t\t\t\t\t\t\t\t\t\t\t\t\t<img loading=\"lazy\" decoding=\"async\" width=\"534\" height=\"481\" src=\"https:\/\/hardouvelis.gr\/wp-content\/uploads\/2021\/04\/15102963196_b920ce7208_o.jpeg\" class=\"wd-gallery-image image-7 attachment-full\" alt=\"\" title=\"Gikas Hardouvelis, Greek Minister of Finance and Angel Gurr\u00eda, Secretary-General of the OECD, in the OECD offices, September 3, 2014, Paris, France\" srcset=\"https:\/\/hardouvelis.gr\/wp-content\/uploads\/2021\/04\/15102963196_b920ce7208_o.jpeg 534w, https:\/\/hardouvelis.gr\/wp-content\/uploads\/2021\/04\/15102963196_b920ce7208_o-300x270.jpeg 300w\" sizes=\"auto, (max-width: 534px) 100vw, 534px\" \/>\t\t\t\t\t\t\t\t\n\n\t\t\t\t\t\t\t\t\t\t\t\t\t\t\t<\/a>\n\t\t\t\t\t\t\t\t\t\t\t\t<\/div>\n\t\t\t\t\t\t\t\t\t\t\t<div class=\"wd-gallery-item\">\n\t\t\t\t\t\t\t\t\t\t\t\t\t\t<a href=\"https:\/\/hardouvelis.gr\/wp-content\/uploads\/2021\/04\/IMG_2774-1.jpg\" data-elementor-open-lightbox=\"no\" data-index=\"8\" data-width=\"3264\" data-height=\"2448\"  title=\"Gikas Hardouvelis, Greek Minister of Finance, signs the book of visitors in the OECD headquarters in Paris, with Angel Gurr\u00eda, Secretary-General of the OECD, September 3, 2014, OECD, Paris, France\">\n\t\t\t\t\t\t\t\t\n\t\t\t\t\t\t\t\t\t\t\t\t\t\t\t\t\t<img loading=\"lazy\" decoding=\"async\" width=\"3264\" height=\"2448\" src=\"https:\/\/hardouvelis.gr\/wp-content\/uploads\/2021\/04\/IMG_2774-1.jpg\" class=\"wd-gallery-image image-8 attachment-full\" alt=\"\" title=\"Gikas Hardouvelis, Greek Minister of Finance, signs the book of visitors in the OECD headquarters in Paris, with Angel Gurr\u00eda, Secretary-General of the OECD, September 3, 2014, OECD, Paris, France\" srcset=\"https:\/\/hardouvelis.gr\/wp-content\/uploads\/2021\/04\/IMG_2774-1.jpg 3264w, https:\/\/hardouvelis.gr\/wp-content\/uploads\/2021\/04\/IMG_2774-1-300x225.jpg 300w, https:\/\/hardouvelis.gr\/wp-content\/uploads\/2021\/04\/IMG_2774-1-768x576.jpg 768w, https:\/\/hardouvelis.gr\/wp-content\/uploads\/2021\/04\/IMG_2774-1-1024x768.jpg 1024w, https:\/\/hardouvelis.gr\/wp-content\/uploads\/2021\/04\/IMG_2774-1-350x263.jpg 350w, https:\/\/hardouvelis.gr\/wp-content\/uploads\/2021\/04\/IMG_2774-1-780x586.jpg 780w, https:\/\/hardouvelis.gr\/wp-content\/uploads\/2021\/04\/IMG_2774-1-250x188.jpg 250w\" sizes=\"auto, (max-width: 3264px) 100vw, 3264px\" \/>\t\t\t\t\t\t\t\t\n\n\t\t\t\t\t\t\t\t\t\t\t\t\t\t\t<\/a>\n\t\t\t\t\t\t\t\t\t\t\t\t<\/div>\n\t\t\t\t\t\t\t\t\t\t\t<div class=\"wd-gallery-item\">\n\t\t\t\t\t\t\t\t\t\t\t\t\t\t<a href=\"https:\/\/hardouvelis.gr\/wp-content\/uploads\/2021\/04\/IMG_2506.jpg\" data-elementor-open-lightbox=\"no\" data-index=\"9\" data-width=\"3264\" data-height=\"2448\"  title=\"In front of reporters, following the ECOFIN meeting in Luxembourg, Gikas Hardouvelis, Greek Finance Minster, representing the EU Presidency with Olli Rehn, EU Commissioner for Economic and Monetary Affairs\">\n\t\t\t\t\t\t\t\t\n\t\t\t\t\t\t\t\t\t\t\t\t\t\t\t\t\t<img loading=\"lazy\" decoding=\"async\" width=\"3264\" height=\"2448\" src=\"https:\/\/hardouvelis.gr\/wp-content\/uploads\/2021\/04\/IMG_2506.jpg\" class=\"wd-gallery-image image-9 attachment-full\" alt=\"\" title=\"In front of reporters, following the ECOFIN meeting in Luxembourg, Gikas Hardouvelis, Greek Finance Minster, representing the EU Presidency with Olli Rehn, EU Commissioner for Economic and Monetary Affairs\" srcset=\"https:\/\/hardouvelis.gr\/wp-content\/uploads\/2021\/04\/IMG_2506.jpg 3264w, https:\/\/hardouvelis.gr\/wp-content\/uploads\/2021\/04\/IMG_2506-300x225.jpg 300w, https:\/\/hardouvelis.gr\/wp-content\/uploads\/2021\/04\/IMG_2506-768x576.jpg 768w, https:\/\/hardouvelis.gr\/wp-content\/uploads\/2021\/04\/IMG_2506-1024x768.jpg 1024w, https:\/\/hardouvelis.gr\/wp-content\/uploads\/2021\/04\/IMG_2506-350x263.jpg 350w, https:\/\/hardouvelis.gr\/wp-content\/uploads\/2021\/04\/IMG_2506-780x586.jpg 780w, https:\/\/hardouvelis.gr\/wp-content\/uploads\/2021\/04\/IMG_2506-250x188.jpg 250w\" sizes=\"auto, (max-width: 3264px) 100vw, 3264px\" \/>\t\t\t\t\t\t\t\t\n\n\t\t\t\t\t\t\t\t\t\t\t\t\t\t\t<\/a>\n\t\t\t\t\t\t\t\t\t\t\t\t<\/div>\n\t\t\t\t\t\t\t\t\t\t\t<div class=\"wd-gallery-item\">\n\t\t\t\t\t\t\t\t\t\t\t\t\t\t<a href=\"https:\/\/hardouvelis.gr\/wp-content\/uploads\/2021\/04\/2014-12-09-10.40.35.jpg\" data-elementor-open-lightbox=\"no\" data-index=\"10\" data-width=\"3264\" data-height=\"2448\"  title=\"Gikas Hardouvelis, Greek Minister of Finance, with Tassos Anastasatos, the Euro-Working Group Greek Representative in and ECOFIN intermission, December 9, 2014,  Brussels, Belgium.\">\n\t\t\t\t\t\t\t\t\n\t\t\t\t\t\t\t\t\t\t\t\t\t\t\t\t\t<img loading=\"lazy\" decoding=\"async\" width=\"3264\" height=\"2448\" src=\"https:\/\/hardouvelis.gr\/wp-content\/uploads\/2021\/04\/2014-12-09-10.40.35.jpg\" class=\"wd-gallery-image image-10 attachment-full\" alt=\"\" title=\"Gikas Hardouvelis, Greek Minister of Finance, with Tassos Anastasatos, the Euro-Working Group Greek Representative in and ECOFIN intermission, December 9, 2014,  Brussels, Belgium.\" srcset=\"https:\/\/hardouvelis.gr\/wp-content\/uploads\/2021\/04\/2014-12-09-10.40.35.jpg 3264w, https:\/\/hardouvelis.gr\/wp-content\/uploads\/2021\/04\/2014-12-09-10.40.35-300x225.jpg 300w, https:\/\/hardouvelis.gr\/wp-content\/uploads\/2021\/04\/2014-12-09-10.40.35-768x576.jpg 768w, https:\/\/hardouvelis.gr\/wp-content\/uploads\/2021\/04\/2014-12-09-10.40.35-1024x768.jpg 1024w, https:\/\/hardouvelis.gr\/wp-content\/uploads\/2021\/04\/2014-12-09-10.40.35-350x263.jpg 350w, https:\/\/hardouvelis.gr\/wp-content\/uploads\/2021\/04\/2014-12-09-10.40.35-780x586.jpg 780w, https:\/\/hardouvelis.gr\/wp-content\/uploads\/2021\/04\/2014-12-09-10.40.35-250x188.jpg 250w\" sizes=\"auto, (max-width: 3264px) 100vw, 3264px\" \/>\t\t\t\t\t\t\t\t\n\n\t\t\t\t\t\t\t\t\t\t\t\t\t\t\t<\/a>\n\t\t\t\t\t\t\t\t\t\t\t\t<\/div>\n\t\t\t\t\t\t\t\t\t\t\t<div class=\"wd-gallery-item\">\n\t\t\t\t\t\t\t\t\t\t\t\t\t\t<a href=\"https:\/\/hardouvelis.gr\/wp-content\/uploads\/2021\/05\/IMG-9412.jpg\" data-elementor-open-lightbox=\"no\" data-index=\"11\" data-width=\"1018\" data-height=\"913\"  title=\"Gikas Hardouvelis, Minister of Finance, with Werner Hoyer, EIB President at a Press Conference on September 18, 2014, in Athens, Greece.\">\n\t\t\t\t\t\t\t\t\n\t\t\t\t\t\t\t\t\t\t\t\t\t\t\t\t\t<img loading=\"lazy\" decoding=\"async\" width=\"1018\" height=\"913\" src=\"https:\/\/hardouvelis.gr\/wp-content\/uploads\/2021\/05\/IMG-9412.jpg\" class=\"wd-gallery-image image-11 attachment-full\" alt=\"\" title=\"Gikas Hardouvelis, Minister of Finance, with Werner Hoyer, EIB President at a Press Conference on September 18, 2014, in Athens, Greece.\" srcset=\"https:\/\/hardouvelis.gr\/wp-content\/uploads\/2021\/05\/IMG-9412.jpg 1018w, https:\/\/hardouvelis.gr\/wp-content\/uploads\/2021\/05\/IMG-9412-300x269.jpg 300w, https:\/\/hardouvelis.gr\/wp-content\/uploads\/2021\/05\/IMG-9412-768x689.jpg 768w\" sizes=\"auto, (max-width: 1018px) 100vw, 1018px\" \/>\t\t\t\t\t\t\t\t\n\n\t\t\t\t\t\t\t\t\t\t\t\t\t\t\t<\/a>\n\t\t\t\t\t\t\t\t\t\t\t\t<\/div>\n\t\t\t\t\t\t\t\t\t\t\t<div class=\"wd-gallery-item\">\n\t\t\t\t\t\t\t\t\t\t\t\t\t\t<a href=\"https:\/\/hardouvelis.gr\/wp-content\/uploads\/2021\/05\/Gikas-Hardouvelis-greeting-Vener-Hoyer-President-of-European-Investment-Bank-EIB-during-his-official-visit-at-the-Ministry-of-Finance-September-2014-Athens-Greece.jpg\" data-elementor-open-lightbox=\"no\" data-index=\"12\" data-width=\"1252\" data-height=\"917\"  title=\"Gikas Hardouvelis, Greek Minister of Finance, greeting  Werner Hoyer, President of European Investment Bank (EIB), as he enters  his office on September 18, 2014, in the Greek Ministry of Finance, in Athens, Greece.\">\n\t\t\t\t\t\t\t\t\n\t\t\t\t\t\t\t\t\t\t\t\t\t\t\t\t\t<img loading=\"lazy\" decoding=\"async\" width=\"1252\" height=\"917\" src=\"https:\/\/hardouvelis.gr\/wp-content\/uploads\/2021\/05\/Gikas-Hardouvelis-greeting-Vener-Hoyer-President-of-European-Investment-Bank-EIB-during-his-official-visit-at-the-Ministry-of-Finance-September-2014-Athens-Greece.jpg\" class=\"wd-gallery-image image-12 attachment-full\" alt=\"\" title=\"Gikas Hardouvelis, Greek Minister of Finance, greeting  Werner Hoyer, President of European Investment Bank (EIB), as he enters  his office on September 18, 2014, in the Greek Ministry of Finance, in Athens, Greece.\" srcset=\"https:\/\/hardouvelis.gr\/wp-content\/uploads\/2021\/05\/Gikas-Hardouvelis-greeting-Vener-Hoyer-President-of-European-Investment-Bank-EIB-during-his-official-visit-at-the-Ministry-of-Finance-September-2014-Athens-Greece.jpg 1252w, https:\/\/hardouvelis.gr\/wp-content\/uploads\/2021\/05\/Gikas-Hardouvelis-greeting-Vener-Hoyer-President-of-European-Investment-Bank-EIB-during-his-official-visit-at-the-Ministry-of-Finance-September-2014-Athens-Greece-300x220.jpg 300w, https:\/\/hardouvelis.gr\/wp-content\/uploads\/2021\/05\/Gikas-Hardouvelis-greeting-Vener-Hoyer-President-of-European-Investment-Bank-EIB-during-his-official-visit-at-the-Ministry-of-Finance-September-2014-Athens-Greece-768x563.jpg 768w, https:\/\/hardouvelis.gr\/wp-content\/uploads\/2021\/05\/Gikas-Hardouvelis-greeting-Vener-Hoyer-President-of-European-Investment-Bank-EIB-during-his-official-visit-at-the-Ministry-of-Finance-September-2014-Athens-Greece-1024x750.jpg 1024w\" sizes=\"auto, (max-width: 1252px) 100vw, 1252px\" \/>\t\t\t\t\t\t\t\t\n\n\t\t\t\t\t\t\t\t\t\t\t\t\t\t\t<\/a>\n\t\t\t\t\t\t\t\t\t\t\t\t<\/div>\n\t\t\t\t\t\t\t\t\t\t\t<div class=\"wd-gallery-item\">\n\t\t\t\t\t\t\t\t\t\t\t\t\t\t<a href=\"https:\/\/hardouvelis.gr\/wp-content\/uploads\/2021\/04\/ML_Greek_Roadshow_Bloomberg_0237_0-en.JPG.jpg\" data-elementor-open-lightbox=\"no\" data-index=\"13\" data-width=\"2000\" data-height=\"3000\"  title=\"Gikas Hardouvelis, Greek Minister of Finance, speaker at the 9th Annual Greek Roadshow by Athens Stock Exchange, September 18-19, 2014, London, UK\">\n\t\t\t\t\t\t\t\t\n\t\t\t\t\t\t\t\t\t\t\t\t\t\t\t\t\t<img loading=\"lazy\" decoding=\"async\" width=\"2000\" height=\"3000\" src=\"https:\/\/hardouvelis.gr\/wp-content\/uploads\/2021\/04\/ML_Greek_Roadshow_Bloomberg_0237_0-en.JPG.jpg\" class=\"wd-gallery-image image-13 attachment-full\" alt=\"\" title=\"Gikas Hardouvelis, Greek Minister of Finance, speaker at the 9th Annual Greek Roadshow by Athens Stock Exchange, September 18-19, 2014, London, UK\" srcset=\"https:\/\/hardouvelis.gr\/wp-content\/uploads\/2021\/04\/ML_Greek_Roadshow_Bloomberg_0237_0-en.JPG.jpg 2000w, https:\/\/hardouvelis.gr\/wp-content\/uploads\/2021\/04\/ML_Greek_Roadshow_Bloomberg_0237_0-en.JPG-200x300.jpg 200w, https:\/\/hardouvelis.gr\/wp-content\/uploads\/2021\/04\/ML_Greek_Roadshow_Bloomberg_0237_0-en.JPG-768x1152.jpg 768w, https:\/\/hardouvelis.gr\/wp-content\/uploads\/2021\/04\/ML_Greek_Roadshow_Bloomberg_0237_0-en.JPG-683x1024.jpg 683w\" sizes=\"auto, (max-width: 2000px) 100vw, 2000px\" \/>\t\t\t\t\t\t\t\t\n\n\t\t\t\t\t\t\t\t\t\t\t\t\t\t\t<\/a>\n\t\t\t\t\t\t\t\t\t\t\t\t<\/div>\n\t\t\t\t\t\t\t\t\t\t\t<div class=\"wd-gallery-item\">\n\t\t\t\t\t\t\t\t\t\t\t\t\t\t<a href=\"https:\/\/hardouvelis.gr\/wp-content\/uploads\/2021\/05\/ML_Greek_Roadshow_Bloomberg_0236_Sep-19-2014.jpg\" data-elementor-open-lightbox=\"no\" data-index=\"14\" data-width=\"3000\" data-height=\"2000\"  title=\"Gikas Hardouvelis addresses the audience of the 9th Annual Greek Roadshow, organized by the Athens Stock Exchange, September 18-19, 2014, London, UK\">\n\t\t\t\t\t\t\t\t\n\t\t\t\t\t\t\t\t\t\t\t\t\t\t\t\t\t<img loading=\"lazy\" decoding=\"async\" width=\"3000\" height=\"2000\" src=\"https:\/\/hardouvelis.gr\/wp-content\/uploads\/2021\/05\/ML_Greek_Roadshow_Bloomberg_0236_Sep-19-2014.jpg\" class=\"wd-gallery-image image-14 attachment-full\" alt=\"\" title=\"Gikas Hardouvelis addresses the audience of the 9th Annual Greek Roadshow, organized by the Athens Stock Exchange, September 18-19, 2014, London, UK\" srcset=\"https:\/\/hardouvelis.gr\/wp-content\/uploads\/2021\/05\/ML_Greek_Roadshow_Bloomberg_0236_Sep-19-2014.jpg 3000w, https:\/\/hardouvelis.gr\/wp-content\/uploads\/2021\/05\/ML_Greek_Roadshow_Bloomberg_0236_Sep-19-2014-300x200.jpg 300w, https:\/\/hardouvelis.gr\/wp-content\/uploads\/2021\/05\/ML_Greek_Roadshow_Bloomberg_0236_Sep-19-2014-768x512.jpg 768w, https:\/\/hardouvelis.gr\/wp-content\/uploads\/2021\/05\/ML_Greek_Roadshow_Bloomberg_0236_Sep-19-2014-1024x683.jpg 1024w, https:\/\/hardouvelis.gr\/wp-content\/uploads\/2021\/05\/ML_Greek_Roadshow_Bloomberg_0236_Sep-19-2014-272x182.jpg 272w\" sizes=\"auto, (max-width: 3000px) 100vw, 3000px\" \/>\t\t\t\t\t\t\t\t\n\n\t\t\t\t\t\t\t\t\t\t\t\t\t\t\t<\/a>\n\t\t\t\t\t\t\t\t\t\t\t\t<\/div>\n\t\t\t\t\t\t\t\t\t\t\t<div class=\"wd-gallery-item\">\n\t\t\t\t\t\t\t\t\t\t\t\t\t\t<a href=\"https:\/\/hardouvelis.gr\/wp-content\/uploads\/2021\/05\/ELLHNOAMERICNIKOEPIMELITIRIO02DEC2014.jpg\" data-elementor-open-lightbox=\"no\" data-index=\"15\" data-width=\"622\" data-height=\"414\"  title=\"Gikas Hardouvelis, speaker at the \u201c25th Greek Economy Conference: The Greek Economy at a Turning Point: Setting a national Agenda for Economic Development.&quot; by the American -Hellenic Chamber of Commerce, December 2, 2014, Athens, Greece\">\n\t\t\t\t\t\t\t\t\n\t\t\t\t\t\t\t\t\t\t\t\t\t\t\t\t\t<img loading=\"lazy\" decoding=\"async\" width=\"622\" height=\"414\" src=\"https:\/\/hardouvelis.gr\/wp-content\/uploads\/2021\/05\/ELLHNOAMERICNIKOEPIMELITIRIO02DEC2014.jpg\" class=\"wd-gallery-image image-15 attachment-full\" alt=\"\" title=\"Gikas Hardouvelis, speaker at the \u201c25th Greek Economy Conference: The Greek Economy at a Turning Point: Setting a national Agenda for Economic Development.&quot; by the American -Hellenic Chamber of Commerce, December 2, 2014, Athens, Greece\" srcset=\"https:\/\/hardouvelis.gr\/wp-content\/uploads\/2021\/05\/ELLHNOAMERICNIKOEPIMELITIRIO02DEC2014.jpg 622w, https:\/\/hardouvelis.gr\/wp-content\/uploads\/2021\/05\/ELLHNOAMERICNIKOEPIMELITIRIO02DEC2014-300x200.jpg 300w, https:\/\/hardouvelis.gr\/wp-content\/uploads\/2021\/05\/ELLHNOAMERICNIKOEPIMELITIRIO02DEC2014-272x182.jpg 272w\" sizes=\"auto, (max-width: 622px) 100vw, 622px\" \/>\t\t\t\t\t\t\t\t\n\n\t\t\t\t\t\t\t\t\t\t\t\t\t\t\t<\/a>\n\t\t\t\t\t\t\t\t\t\t\t\t<\/div>\n\t\t\t\t\t\t\t\t\t\t\t<div class=\"wd-gallery-item\">\n\t\t\t\t\t\t\t\t\t\t\t\t\t\t<a href=\"https:\/\/hardouvelis.gr\/wp-content\/uploads\/2021\/05\/18th-Roundtable-with-the-Government-of-Greece-July-10-2014.jpg\" data-elementor-open-lightbox=\"no\" data-index=\"16\" data-width=\"721\" data-height=\"480\"  title=\"Gikas Hardouvelis, speaker at the Economist Event: \u201c18th roundtable with the Government of Greece: The Big Rethink for Europe - The Big Turning Point for Greece,\u201d July 9, 2014, Athens, Greece.\">\n\t\t\t\t\t\t\t\t\n\t\t\t\t\t\t\t\t\t\t\t\t\t\t\t\t\t<img loading=\"lazy\" decoding=\"async\" width=\"721\" height=\"480\" src=\"https:\/\/hardouvelis.gr\/wp-content\/uploads\/2021\/05\/18th-Roundtable-with-the-Government-of-Greece-July-10-2014.jpg\" class=\"wd-gallery-image image-16 attachment-full\" alt=\"\" title=\"Gikas Hardouvelis, speaker at the Economist Event: \u201c18th roundtable with the Government of Greece: The Big Rethink for Europe - The Big Turning Point for Greece,\u201d July 9, 2014, Athens, Greece.\" srcset=\"https:\/\/hardouvelis.gr\/wp-content\/uploads\/2021\/05\/18th-Roundtable-with-the-Government-of-Greece-July-10-2014.jpg 721w, https:\/\/hardouvelis.gr\/wp-content\/uploads\/2021\/05\/18th-Roundtable-with-the-Government-of-Greece-July-10-2014-300x200.jpg 300w, https:\/\/hardouvelis.gr\/wp-content\/uploads\/2021\/05\/18th-Roundtable-with-the-Government-of-Greece-July-10-2014-272x182.jpg 272w\" sizes=\"auto, (max-width: 721px) 100vw, 721px\" \/>\t\t\t\t\t\t\t\t\n\n\t\t\t\t\t\t\t\t\t\t\t\t\t\t\t<\/a>\n\t\t\t\t\t\t\t\t\t\t\t\t<\/div>\n\t\t\t\t\t\t\t\t\t\t\t<div class=\"wd-gallery-item\">\n\t\t\t\t\t\t\t\t\t\t\t\t\t\t<a href=\"https:\/\/hardouvelis.gr\/wp-content\/uploads\/2021\/04\/\u03a3\u03c5\u03bd\u03b4\u03b5\u03c3\u03bc\u03bf\u03c2_\u0391\u0395_\u0395\u03a0\u0395_\u0391\u0398\u0397\u039d\u0391\u03aa\u039a\u0397-\u039b\u0395\u03a3\u03a7\u0397_2014.jpg\" data-elementor-open-lightbox=\"no\" data-index=\"17\" data-width=\"960\" data-height=\"720\"  title=\"Gikas Hardouvelis with Representatives of the Greek Association of S.A. and Ltd Companies at the Athens Club, December 2014, Athens, Greece\">\n\t\t\t\t\t\t\t\t\n\t\t\t\t\t\t\t\t\t\t\t\t\t\t\t\t\t<img loading=\"lazy\" decoding=\"async\" width=\"960\" height=\"720\" src=\"https:\/\/hardouvelis.gr\/wp-content\/uploads\/2021\/04\/\u03a3\u03c5\u03bd\u03b4\u03b5\u03c3\u03bc\u03bf\u03c2_\u0391\u0395_\u0395\u03a0\u0395_\u0391\u0398\u0397\u039d\u0391\u03aa\u039a\u0397-\u039b\u0395\u03a3\u03a7\u0397_2014.jpg\" class=\"wd-gallery-image image-17 attachment-full\" alt=\"\" title=\"Gikas Hardouvelis with Representatives of the Greek Association of S.A. and Ltd Companies at the Athens Club, December 2014, Athens, Greece\" srcset=\"https:\/\/hardouvelis.gr\/wp-content\/uploads\/2021\/04\/\u03a3\u03c5\u03bd\u03b4\u03b5\u03c3\u03bc\u03bf\u03c2_\u0391\u0395_\u0395\u03a0\u0395_\u0391\u0398\u0397\u039d\u0391\u03aa\u039a\u0397-\u039b\u0395\u03a3\u03a7\u0397_2014.jpg 960w, https:\/\/hardouvelis.gr\/wp-content\/uploads\/2021\/04\/\u03a3\u03c5\u03bd\u03b4\u03b5\u03c3\u03bc\u03bf\u03c2_\u0391\u0395_\u0395\u03a0\u0395_\u0391\u0398\u0397\u039d\u0391\u03aa\u039a\u0397-\u039b\u0395\u03a3\u03a7\u0397_2014-300x225.jpg 300w, https:\/\/hardouvelis.gr\/wp-content\/uploads\/2021\/04\/\u03a3\u03c5\u03bd\u03b4\u03b5\u03c3\u03bc\u03bf\u03c2_\u0391\u0395_\u0395\u03a0\u0395_\u0391\u0398\u0397\u039d\u0391\u03aa\u039a\u0397-\u039b\u0395\u03a3\u03a7\u0397_2014-768x576.jpg 768w, https:\/\/hardouvelis.gr\/wp-content\/uploads\/2021\/04\/\u03a3\u03c5\u03bd\u03b4\u03b5\u03c3\u03bc\u03bf\u03c2_\u0391\u0395_\u0395\u03a0\u0395_\u0391\u0398\u0397\u039d\u0391\u03aa\u039a\u0397-\u039b\u0395\u03a3\u03a7\u0397_2014-350x263.jpg 350w, https:\/\/hardouvelis.gr\/wp-content\/uploads\/2021\/04\/\u03a3\u03c5\u03bd\u03b4\u03b5\u03c3\u03bc\u03bf\u03c2_\u0391\u0395_\u0395\u03a0\u0395_\u0391\u0398\u0397\u039d\u0391\u03aa\u039a\u0397-\u039b\u0395\u03a3\u03a7\u0397_2014-780x586.jpg 780w, https:\/\/hardouvelis.gr\/wp-content\/uploads\/2021\/04\/\u03a3\u03c5\u03bd\u03b4\u03b5\u03c3\u03bc\u03bf\u03c2_\u0391\u0395_\u0395\u03a0\u0395_\u0391\u0398\u0397\u039d\u0391\u03aa\u039a\u0397-\u039b\u0395\u03a3\u03a7\u0397_2014-250x188.jpg 250w\" sizes=\"auto, (max-width: 960px) 100vw, 960px\" \/>\t\t\t\t\t\t\t\t\n\n\t\t\t\t\t\t\t\t\t\t\t\t\t\t\t<\/a>\n\t\t\t\t\t\t\t\t\t\t\t\t<\/div>\n\t\t\t\t\t\t\t\t\t\t\t<div class=\"wd-gallery-item\">\n\t\t\t\t\t\t\t\t\t\t\t\t\t\t<a href=\"https:\/\/hardouvelis.gr\/wp-content\/uploads\/2021\/05\/SEV-JULY-2014.jpg\" data-elementor-open-lightbox=\"no\" data-index=\"18\" data-width=\"3264\" data-height=\"2448\"  title=\"Gikas Hardouvelis with Theodoros Fessas, Chairman of  Hellenic Federation of Enterprises or SEV (left) and with Haris Kyriazis, Deputy Chairman of SEV, at SEV premises, July 21, 2014, Athens, Greece\">\n\t\t\t\t\t\t\t\t\n\t\t\t\t\t\t\t\t\t\t\t\t\t\t\t\t\t<img loading=\"lazy\" decoding=\"async\" width=\"3264\" height=\"2448\" src=\"https:\/\/hardouvelis.gr\/wp-content\/uploads\/2021\/05\/SEV-JULY-2014.jpg\" class=\"wd-gallery-image image-18 attachment-full\" alt=\"\" title=\"Gikas Hardouvelis with Theodoros Fessas, Chairman of  Hellenic Federation of Enterprises or SEV (left) and with Haris Kyriazis, Deputy Chairman of SEV, at SEV premises, July 21, 2014, Athens, Greece\" srcset=\"https:\/\/hardouvelis.gr\/wp-content\/uploads\/2021\/05\/SEV-JULY-2014.jpg 3264w, https:\/\/hardouvelis.gr\/wp-content\/uploads\/2021\/05\/SEV-JULY-2014-300x225.jpg 300w, https:\/\/hardouvelis.gr\/wp-content\/uploads\/2021\/05\/SEV-JULY-2014-768x576.jpg 768w, https:\/\/hardouvelis.gr\/wp-content\/uploads\/2021\/05\/SEV-JULY-2014-1024x768.jpg 1024w, https:\/\/hardouvelis.gr\/wp-content\/uploads\/2021\/05\/SEV-JULY-2014-350x263.jpg 350w, https:\/\/hardouvelis.gr\/wp-content\/uploads\/2021\/05\/SEV-JULY-2014-780x586.jpg 780w, https:\/\/hardouvelis.gr\/wp-content\/uploads\/2021\/05\/SEV-JULY-2014-250x188.jpg 250w\" sizes=\"auto, (max-width: 3264px) 100vw, 3264px\" \/>\t\t\t\t\t\t\t\t\n\n\t\t\t\t\t\t\t\t\t\t\t\t\t\t\t<\/a>\n\t\t\t\t\t\t\t\t\t\t\t\t<\/div>\n\t\t\t\t\t\t\t\t\t\t\t<div class=\"wd-gallery-item\">\n\t\t\t\t\t\t\t\t\t\t\t\t\t\t<a href=\"https:\/\/hardouvelis.gr\/wp-content\/uploads\/2021\/05\/\u0394\u0395\u0398_-SEP-2014_2D09CE4A133FD0C90BE2F906773EAEB0.jpg\" data-elementor-open-lightbox=\"no\" data-index=\"19\" data-width=\"622\" data-height=\"414\"  title=\"Gikas Hardouvelis giving a speech during the \u201c79th Thessaloniki International Fair\u201d, at Makedonia Palace Hotel, September 2014, Thessaloniki, Greece\">\n\t\t\t\t\t\t\t\t\n\t\t\t\t\t\t\t\t\t\t\t\t\t\t\t\t\t<img loading=\"lazy\" decoding=\"async\" width=\"622\" height=\"414\" src=\"https:\/\/hardouvelis.gr\/wp-content\/uploads\/2021\/05\/\u0394\u0395\u0398_-SEP-2014_2D09CE4A133FD0C90BE2F906773EAEB0.jpg\" class=\"wd-gallery-image image-19 attachment-full\" alt=\"\" title=\"Gikas Hardouvelis giving a speech during the \u201c79th Thessaloniki International Fair\u201d, at Makedonia Palace Hotel, September 2014, Thessaloniki, Greece\" srcset=\"https:\/\/hardouvelis.gr\/wp-content\/uploads\/2021\/05\/\u0394\u0395\u0398_-SEP-2014_2D09CE4A133FD0C90BE2F906773EAEB0.jpg 622w, https:\/\/hardouvelis.gr\/wp-content\/uploads\/2021\/05\/\u0394\u0395\u0398_-SEP-2014_2D09CE4A133FD0C90BE2F906773EAEB0-300x200.jpg 300w, https:\/\/hardouvelis.gr\/wp-content\/uploads\/2021\/05\/\u0394\u0395\u0398_-SEP-2014_2D09CE4A133FD0C90BE2F906773EAEB0-272x182.jpg 272w\" sizes=\"auto, (max-width: 622px) 100vw, 622px\" \/>\t\t\t\t\t\t\t\t\n\n\t\t\t\t\t\t\t\t\t\t\t\t\t\t\t<\/a>\n\t\t\t\t\t\t\t\t\t\t\t\t<\/div>\n\t\t\t\t\t\t\t\t\t\t\t<div class=\"wd-gallery-item\">\n\t\t\t\t\t\t\t\t\t\t\t\t\t\t<a href=\"https:\/\/hardouvelis.gr\/wp-content\/uploads\/2021\/05\/capital-and-vision-Ocr-2014.jpg\" data-elementor-open-lightbox=\"no\" data-index=\"20\" data-width=\"3504\" data-height=\"2336\"  title=\"Gikas Hardouvelis, speaker at \u201cCapital and Vision Conference: \u201cInnovation and Entrepreneurship: The next step.\u201d October 31, 2014, Athens Greece\">\n\t\t\t\t\t\t\t\t\n\t\t\t\t\t\t\t\t\t\t\t\t\t\t\t\t\t<img loading=\"lazy\" decoding=\"async\" width=\"3504\" height=\"2336\" src=\"https:\/\/hardouvelis.gr\/wp-content\/uploads\/2021\/05\/capital-and-vision-Ocr-2014.jpg\" class=\"wd-gallery-image image-20 attachment-full\" alt=\"\" title=\"Gikas Hardouvelis, speaker at \u201cCapital and Vision Conference: \u201cInnovation and Entrepreneurship: The next step.\u201d October 31, 2014, Athens Greece\" srcset=\"https:\/\/hardouvelis.gr\/wp-content\/uploads\/2021\/05\/capital-and-vision-Ocr-2014.jpg 3504w, https:\/\/hardouvelis.gr\/wp-content\/uploads\/2021\/05\/capital-and-vision-Ocr-2014-300x200.jpg 300w, https:\/\/hardouvelis.gr\/wp-content\/uploads\/2021\/05\/capital-and-vision-Ocr-2014-768x512.jpg 768w, https:\/\/hardouvelis.gr\/wp-content\/uploads\/2021\/05\/capital-and-vision-Ocr-2014-1024x683.jpg 1024w, https:\/\/hardouvelis.gr\/wp-content\/uploads\/2021\/05\/capital-and-vision-Ocr-2014-272x182.jpg 272w\" sizes=\"auto, (max-width: 3504px) 100vw, 3504px\" \/>\t\t\t\t\t\t\t\t\n\n\t\t\t\t\t\t\t\t\t\t\t\t\t\t\t<\/a>\n\t\t\t\t\t\t\t\t\t\t\t\t<\/div>\n\t\t\t\t\t\t\t\t\t\t\t<div class=\"wd-gallery-item\">\n\t\t\t\t\t\t\t\t\t\t\t\t\t\t<a href=\"https:\/\/hardouvelis.gr\/wp-content\/uploads\/2021\/04\/Gikas-Hardouvelis-with-the-President-of-the-Hellenic-Republic-Karolos-Papoulias-and-the-Governor-of-the-Bank-of-Greece-Yiannis-Stournaras.jpg\" data-elementor-open-lightbox=\"no\" data-index=\"21\" data-width=\"820\" data-height=\"457\"  title=\"(from left) Gikas Hardouvelis, Minister of Finance, with Karolos Papoulias, President of the Hellenic Republic, and Yiannis Stournaras, Governor of the Bank of Greece, Athens, Greece\">\n\t\t\t\t\t\t\t\t\n\t\t\t\t\t\t\t\t\t\t\t\t\t\t\t\t\t<img loading=\"lazy\" decoding=\"async\" width=\"820\" height=\"457\" src=\"https:\/\/hardouvelis.gr\/wp-content\/uploads\/2021\/04\/Gikas-Hardouvelis-with-the-President-of-the-Hellenic-Republic-Karolos-Papoulias-and-the-Governor-of-the-Bank-of-Greece-Yiannis-Stournaras.jpg\" class=\"wd-gallery-image image-21 attachment-full\" alt=\"\" title=\"(from left) Gikas Hardouvelis, Minister of Finance, with Karolos Papoulias, President of the Hellenic Republic, and Yiannis Stournaras, Governor of the Bank of Greece, Athens, Greece\" srcset=\"https:\/\/hardouvelis.gr\/wp-content\/uploads\/2021\/04\/Gikas-Hardouvelis-with-the-President-of-the-Hellenic-Republic-Karolos-Papoulias-and-the-Governor-of-the-Bank-of-Greece-Yiannis-Stournaras.jpg 820w, https:\/\/hardouvelis.gr\/wp-content\/uploads\/2021\/04\/Gikas-Hardouvelis-with-the-President-of-the-Hellenic-Republic-Karolos-Papoulias-and-the-Governor-of-the-Bank-of-Greece-Yiannis-Stournaras-300x167.jpg 300w, https:\/\/hardouvelis.gr\/wp-content\/uploads\/2021\/04\/Gikas-Hardouvelis-with-the-President-of-the-Hellenic-Republic-Karolos-Papoulias-and-the-Governor-of-the-Bank-of-Greece-Yiannis-Stournaras-768x428.jpg 768w\" sizes=\"auto, (max-width: 820px) 100vw, 820px\" \/>\t\t\t\t\t\t\t\t\n\n\t\t\t\t\t\t\t\t\t\t\t\t\t\t\t<\/a>\n\t\t\t\t\t\t\t\t\t\t\t\t<\/div>\n\t\t\t\t\t\t\t\t\t\t\t<div class=\"wd-gallery-item\">\n\t\t\t\t\t\t\t\t\t\t\t\t\t\t<a href=\"https:\/\/hardouvelis.gr\/wp-content\/uploads\/2018\/02\/img_2014-11-21_\u03ba\u03b1\u03c4\u03b1\u03b8\u03b5\u03c3\u03b7-\u03c0\u03c1\u03bf\u03cb\u03c0\u03bf\u03bb\u03bf\u03b3\u03b9\u03c3\u03bc\u03bf\u03cd1.jpg\" data-elementor-open-lightbox=\"no\" data-index=\"22\" data-width=\"2953\" data-height=\"1969\"  title=\"G. Hardouvelis, Finance Minister, presenting the Government Budget for 2015 in the Hellenic Parliament, November 21, 2014, Athens, Greece\">\n\t\t\t\t\t\t\t\t\n\t\t\t\t\t\t\t\t\t\t\t\t\t\t\t\t\t<img loading=\"lazy\" decoding=\"async\" width=\"2953\" height=\"1969\" src=\"https:\/\/hardouvelis.gr\/wp-content\/uploads\/2018\/02\/img_2014-11-21_\u03ba\u03b1\u03c4\u03b1\u03b8\u03b5\u03c3\u03b7-\u03c0\u03c1\u03bf\u03cb\u03c0\u03bf\u03bb\u03bf\u03b3\u03b9\u03c3\u03bc\u03bf\u03cd1.jpg\" class=\"wd-gallery-image image-22 attachment-full\" alt=\"\" title=\"G. Hardouvelis, Finance Minister, presenting the Government Budget for 2015 in the Hellenic Parliament, November 21, 2014, Athens, Greece\" srcset=\"https:\/\/hardouvelis.gr\/wp-content\/uploads\/2018\/02\/img_2014-11-21_\u03ba\u03b1\u03c4\u03b1\u03b8\u03b5\u03c3\u03b7-\u03c0\u03c1\u03bf\u03cb\u03c0\u03bf\u03bb\u03bf\u03b3\u03b9\u03c3\u03bc\u03bf\u03cd1.jpg 2953w, https:\/\/hardouvelis.gr\/wp-content\/uploads\/2018\/02\/img_2014-11-21_\u03ba\u03b1\u03c4\u03b1\u03b8\u03b5\u03c3\u03b7-\u03c0\u03c1\u03bf\u03cb\u03c0\u03bf\u03bb\u03bf\u03b3\u03b9\u03c3\u03bc\u03bf\u03cd1-300x200.jpg 300w, https:\/\/hardouvelis.gr\/wp-content\/uploads\/2018\/02\/img_2014-11-21_\u03ba\u03b1\u03c4\u03b1\u03b8\u03b5\u03c3\u03b7-\u03c0\u03c1\u03bf\u03cb\u03c0\u03bf\u03bb\u03bf\u03b3\u03b9\u03c3\u03bc\u03bf\u03cd1-768x512.jpg 768w, https:\/\/hardouvelis.gr\/wp-content\/uploads\/2018\/02\/img_2014-11-21_\u03ba\u03b1\u03c4\u03b1\u03b8\u03b5\u03c3\u03b7-\u03c0\u03c1\u03bf\u03cb\u03c0\u03bf\u03bb\u03bf\u03b3\u03b9\u03c3\u03bc\u03bf\u03cd1-1024x683.jpg 1024w, https:\/\/hardouvelis.gr\/wp-content\/uploads\/2018\/02\/img_2014-11-21_\u03ba\u03b1\u03c4\u03b1\u03b8\u03b5\u03c3\u03b7-\u03c0\u03c1\u03bf\u03cb\u03c0\u03bf\u03bb\u03bf\u03b3\u03b9\u03c3\u03bc\u03bf\u03cd1-272x182.jpg 272w\" sizes=\"auto, (max-width: 2953px) 100vw, 2953px\" \/>\t\t\t\t\t\t\t\t\n\n\t\t\t\t\t\t\t\t\t\t\t\t\t\t\t<\/a>\n\t\t\t\t\t\t\t\t\t\t\t\t<\/div>\n\t\t\t\t\t\t\t\t\t\t\t<div class=\"wd-gallery-item\">\n\t\t\t\t\t\t\t\t\t\t\t\t\t\t<a href=\"https:\/\/hardouvelis.gr\/wp-content\/uploads\/2018\/02\/xardoubelis-ruthmisi-gia-tous-pleistiriasmous.w_l.jpg\" data-elementor-open-lightbox=\"no\" data-index=\"23\" data-width=\"777\" data-height=\"437\"  title=\"Gikas Hardouvelis, Minister of Finance, during his speech at Hellenic Parliament, October 2014\">\n\t\t\t\t\t\t\t\t\n\t\t\t\t\t\t\t\t\t\t\t\t\t\t\t\t\t<img loading=\"lazy\" decoding=\"async\" width=\"777\" height=\"437\" src=\"https:\/\/hardouvelis.gr\/wp-content\/uploads\/2018\/02\/xardoubelis-ruthmisi-gia-tous-pleistiriasmous.w_l.jpg\" class=\"wd-gallery-image image-23 attachment-full\" alt=\"\" title=\"Gikas Hardouvelis, Minister of Finance, during his speech at Hellenic Parliament, October 2014\" srcset=\"https:\/\/hardouvelis.gr\/wp-content\/uploads\/2018\/02\/xardoubelis-ruthmisi-gia-tous-pleistiriasmous.w_l.jpg 777w, https:\/\/hardouvelis.gr\/wp-content\/uploads\/2018\/02\/xardoubelis-ruthmisi-gia-tous-pleistiriasmous.w_l-300x169.jpg 300w, https:\/\/hardouvelis.gr\/wp-content\/uploads\/2018\/02\/xardoubelis-ruthmisi-gia-tous-pleistiriasmous.w_l-768x432.jpg 768w\" sizes=\"auto, (max-width: 777px) 100vw, 777px\" \/>\t\t\t\t\t\t\t\t\n\n\t\t\t\t\t\t\t\t\t\t\t\t\t\t\t<\/a>\n\t\t\t\t\t\t\t\t\t\t\t\t<\/div>\n\t\t\t\t\t\t\t\t\t\t\t<div class=\"wd-gallery-item\">\n\t\t\t\t\t\t\t\t\t\t\t\t\t\t<a href=\"https:\/\/hardouvelis.gr\/wp-content\/uploads\/2021\/04\/Gikas-Hardouvelis-with-Prime-Minister-Antonis-Samaras-and-Deputy-Prime-Minister-E.-Venizelos-3.jpeg\" data-elementor-open-lightbox=\"no\" data-index=\"24\" data-width=\"314\" data-height=\"161\"  title=\"Gikas Hardouvelis, Minister of Finance, with Antonis Samaras, Prime Minister, and Evangelos Venizelos, Deputy Prime Minister, 2014, Athens, Greece\">\n\t\t\t\t\t\t\t\t\n\t\t\t\t\t\t\t\t\t\t\t\t\t\t\t\t\t<img loading=\"lazy\" decoding=\"async\" width=\"314\" height=\"161\" src=\"https:\/\/hardouvelis.gr\/wp-content\/uploads\/2021\/04\/Gikas-Hardouvelis-with-Prime-Minister-Antonis-Samaras-and-Deputy-Prime-Minister-E.-Venizelos-3.jpeg\" class=\"wd-gallery-image image-24 attachment-full\" alt=\"\" title=\"Gikas Hardouvelis, Minister of Finance, with Antonis Samaras, Prime Minister, and Evangelos Venizelos, Deputy Prime Minister, 2014, Athens, Greece\" srcset=\"https:\/\/hardouvelis.gr\/wp-content\/uploads\/2021\/04\/Gikas-Hardouvelis-with-Prime-Minister-Antonis-Samaras-and-Deputy-Prime-Minister-E.-Venizelos-3.jpeg 314w, https:\/\/hardouvelis.gr\/wp-content\/uploads\/2021\/04\/Gikas-Hardouvelis-with-Prime-Minister-Antonis-Samaras-and-Deputy-Prime-Minister-E.-Venizelos-3-300x154.jpeg 300w\" sizes=\"auto, (max-width: 314px) 100vw, 314px\" \/>\t\t\t\t\t\t\t\t\n\n\t\t\t\t\t\t\t\t\t\t\t\t\t\t\t<\/a>\n\t\t\t\t\t\t\t\t\t\t\t\t<\/div>\n\t\t\t\t\t\t\t\t\t\t\t<div class=\"wd-gallery-item\">\n\t\t\t\t\t\t\t\t\t\t\t\t\t\t<a href=\"https:\/\/hardouvelis.gr\/wp-content\/uploads\/2018\/02\/xardoyvelis-samaras-5701409051096.jpg\" data-elementor-open-lightbox=\"no\" data-index=\"25\" data-width=\"2184\" data-height=\"1456\"  title=\"Gikas Hardouvelis, Minister of Finance, with Antonis Samaras, Prime Minister, 2014, Athens, Greece 2014\">\n\t\t\t\t\t\t\t\t\n\t\t\t\t\t\t\t\t\t\t\t\t\t\t\t\t\t<img loading=\"lazy\" decoding=\"async\" width=\"2184\" height=\"1456\" src=\"https:\/\/hardouvelis.gr\/wp-content\/uploads\/2018\/02\/xardoyvelis-samaras-5701409051096.jpg\" class=\"wd-gallery-image image-25 attachment-full\" alt=\"\" title=\"Gikas Hardouvelis, Minister of Finance, with Antonis Samaras, Prime Minister, 2014, Athens, Greece 2014\" srcset=\"https:\/\/hardouvelis.gr\/wp-content\/uploads\/2018\/02\/xardoyvelis-samaras-5701409051096.jpg 2184w, https:\/\/hardouvelis.gr\/wp-content\/uploads\/2018\/02\/xardoyvelis-samaras-5701409051096-300x200.jpg 300w, https:\/\/hardouvelis.gr\/wp-content\/uploads\/2018\/02\/xardoyvelis-samaras-5701409051096-768x512.jpg 768w, https:\/\/hardouvelis.gr\/wp-content\/uploads\/2018\/02\/xardoyvelis-samaras-5701409051096-1024x683.jpg 1024w, https:\/\/hardouvelis.gr\/wp-content\/uploads\/2018\/02\/xardoyvelis-samaras-5701409051096-272x182.jpg 272w\" sizes=\"auto, (max-width: 2184px) 100vw, 2184px\" \/>\t\t\t\t\t\t\t\t\n\n\t\t\t\t\t\t\t\t\t\t\t\t\t\t\t<\/a>\n\t\t\t\t\t\t\t\t\t\t\t\t<\/div>\n\t\t\t\t\t\t\t\t\t\t\t<div class=\"wd-gallery-item\">\n\t\t\t\t\t\t\t\t\t\t\t\t\t\t<a href=\"https:\/\/hardouvelis.gr\/wp-content\/uploads\/2017\/12\/140207_Nouvel_Observateur_Kathimerini_Hardouvelis_1.jpg\" data-elementor-open-lightbox=\"no\" data-index=\"26\" data-width=\"1000\" data-height=\"667\"  title=\"\u201cLes journ\u00e9es d\u2019ath\u00e8nes organis\u00e9es: Oser la D\u00e9mocratie\u201d by Le Nouvel Observateur and Kathimerini, Panel: \u201cL\u2019Europe sans l\u2019euro?\u201d (from left) Gikas Hardouvelis, Jean-Marc Daniel, February 7, 2014, Athens, Greece\">\n\t\t\t\t\t\t\t\t\n\t\t\t\t\t\t\t\t\t\t\t\t\t\t\t\t\t<img loading=\"lazy\" decoding=\"async\" width=\"1000\" height=\"667\" src=\"https:\/\/hardouvelis.gr\/wp-content\/uploads\/2017\/12\/140207_Nouvel_Observateur_Kathimerini_Hardouvelis_1.jpg\" class=\"wd-gallery-image image-26 attachment-full\" alt=\"\" title=\"\u201cLes journ\u00e9es d\u2019ath\u00e8nes organis\u00e9es: Oser la D\u00e9mocratie\u201d by Le Nouvel Observateur and Kathimerini, Panel: \u201cL\u2019Europe sans l\u2019euro?\u201d (from left) Gikas Hardouvelis, Jean-Marc Daniel, February 7, 2014, Athens, Greece\" srcset=\"https:\/\/hardouvelis.gr\/wp-content\/uploads\/2017\/12\/140207_Nouvel_Observateur_Kathimerini_Hardouvelis_1.jpg 1000w, https:\/\/hardouvelis.gr\/wp-content\/uploads\/2017\/12\/140207_Nouvel_Observateur_Kathimerini_Hardouvelis_1-300x200.jpg 300w, https:\/\/hardouvelis.gr\/wp-content\/uploads\/2017\/12\/140207_Nouvel_Observateur_Kathimerini_Hardouvelis_1-768x512.jpg 768w, https:\/\/hardouvelis.gr\/wp-content\/uploads\/2017\/12\/140207_Nouvel_Observateur_Kathimerini_Hardouvelis_1-272x182.jpg 272w\" sizes=\"auto, (max-width: 1000px) 100vw, 1000px\" \/>\t\t\t\t\t\t\t\t\n\n\t\t\t\t\t\t\t\t\t\t\t\t\t\t\t<\/a>\n\t\t\t\t\t\t\t\t\t\t\t\t<\/div>\n\t\t\t\t\t\t\t\t\t\t\t<div class=\"wd-gallery-item\">\n\t\t\t\t\t\t\t\t\t\t\t\t\t\t<a href=\"https:\/\/hardouvelis.gr\/wp-content\/uploads\/2017\/12\/140207_Nouvel_Observateur_Kathimerini_Hardouvelis_2.jpg\" data-elementor-open-lightbox=\"no\" data-index=\"27\" data-width=\"1000\" data-height=\"667\"  title=\"\u201cLes journ\u00e9es d\u2019ath\u00e8nes organis\u00e9es: Oser la D\u00e9mocratie\u201d by Le Nouvel Observateur and Kathimerini, Gikas Hardouvelis speaker at the Panel: \u201cL\u2019Europe sans l\u2019euro?\u201d, February 7, 2014, Athens, Greece\">\n\t\t\t\t\t\t\t\t\n\t\t\t\t\t\t\t\t\t\t\t\t\t\t\t\t\t<img loading=\"lazy\" decoding=\"async\" width=\"1000\" height=\"667\" src=\"https:\/\/hardouvelis.gr\/wp-content\/uploads\/2017\/12\/140207_Nouvel_Observateur_Kathimerini_Hardouvelis_2.jpg\" class=\"wd-gallery-image image-27 attachment-full\" alt=\"\" title=\"\u201cLes journ\u00e9es d\u2019ath\u00e8nes organis\u00e9es: Oser la D\u00e9mocratie\u201d by Le Nouvel Observateur and Kathimerini, Gikas Hardouvelis speaker at the Panel: \u201cL\u2019Europe sans l\u2019euro?\u201d, February 7, 2014, Athens, Greece\" srcset=\"https:\/\/hardouvelis.gr\/wp-content\/uploads\/2017\/12\/140207_Nouvel_Observateur_Kathimerini_Hardouvelis_2.jpg 1000w, https:\/\/hardouvelis.gr\/wp-content\/uploads\/2017\/12\/140207_Nouvel_Observateur_Kathimerini_Hardouvelis_2-300x200.jpg 300w, https:\/\/hardouvelis.gr\/wp-content\/uploads\/2017\/12\/140207_Nouvel_Observateur_Kathimerini_Hardouvelis_2-768x512.jpg 768w, https:\/\/hardouvelis.gr\/wp-content\/uploads\/2017\/12\/140207_Nouvel_Observateur_Kathimerini_Hardouvelis_2-272x182.jpg 272w\" sizes=\"auto, (max-width: 1000px) 100vw, 1000px\" \/>\t\t\t\t\t\t\t\t\n\n\t\t\t\t\t\t\t\t\t\t\t\t\t\t\t<\/a>\n\t\t\t\t\t\t\t\t\t\t\t\t<\/div>\n\t\t\t\t\t\t\t\t\t\t\t<div class=\"wd-gallery-item\">\n\t\t\t\t\t\t\t\t\t\t\t\t\t\t<a href=\"https:\/\/hardouvelis.gr\/wp-content\/uploads\/2017\/12\/140207_Nouvel_Observateur_Kathimerini_Hardouvelis_3.jpg\" data-elementor-open-lightbox=\"no\" data-index=\"28\" data-width=\"1000\" data-height=\"667\"  title=\"\u201cLes journ\u00e9es d\u2019ath\u00e8nes organis\u00e9es: Oser la D\u00e9mocratie\u201d by Le Nouvel Observateur and Kathimerini, Panel: \u201cL\u2019Europe sans l\u2019euro?\u201d (from left) George Pagoulatos , Dan O\u2019Brien, Gikas Hardouvelis, Jean-Marc Daniel , Kostas Botopoulos, February 7, 2014, Athens, Greece\">\n\t\t\t\t\t\t\t\t\n\t\t\t\t\t\t\t\t\t\t\t\t\t\t\t\t\t<img loading=\"lazy\" decoding=\"async\" width=\"1000\" height=\"667\" src=\"https:\/\/hardouvelis.gr\/wp-content\/uploads\/2017\/12\/140207_Nouvel_Observateur_Kathimerini_Hardouvelis_3.jpg\" class=\"wd-gallery-image image-28 attachment-full\" alt=\"\" title=\"\u201cLes journ\u00e9es d\u2019ath\u00e8nes organis\u00e9es: Oser la D\u00e9mocratie\u201d by Le Nouvel Observateur and Kathimerini, Panel: \u201cL\u2019Europe sans l\u2019euro?\u201d (from left) George Pagoulatos , Dan O\u2019Brien, Gikas Hardouvelis, Jean-Marc Daniel , Kostas Botopoulos, February 7, 2014, Athens, Greece\" srcset=\"https:\/\/hardouvelis.gr\/wp-content\/uploads\/2017\/12\/140207_Nouvel_Observateur_Kathimerini_Hardouvelis_3.jpg 1000w, https:\/\/hardouvelis.gr\/wp-content\/uploads\/2017\/12\/140207_Nouvel_Observateur_Kathimerini_Hardouvelis_3-300x200.jpg 300w, https:\/\/hardouvelis.gr\/wp-content\/uploads\/2017\/12\/140207_Nouvel_Observateur_Kathimerini_Hardouvelis_3-768x512.jpg 768w, https:\/\/hardouvelis.gr\/wp-content\/uploads\/2017\/12\/140207_Nouvel_Observateur_Kathimerini_Hardouvelis_3-272x182.jpg 272w\" sizes=\"auto, (max-width: 1000px) 100vw, 1000px\" \/>\t\t\t\t\t\t\t\t\n\n\t\t\t\t\t\t\t\t\t\t\t\t\t\t\t<\/a>\n\t\t\t\t\t\t\t\t\t\t\t\t<\/div>\n\t\t\t\t\t\t\t\t\t\t\t<div class=\"wd-gallery-item\">\n\t\t\t\t\t\t\t\t\t\t\t\t\t\t<a href=\"https:\/\/hardouvelis.gr\/wp-content\/uploads\/2021\/05\/forum-economique-francophone-oct-23-2014.jpg\" data-elementor-open-lightbox=\"no\" data-index=\"29\" data-width=\"622\" data-height=\"423\"  title=\"Gikas Hardouvelis, speaker at \u201cFrancophone Business Forum Conference\u201d, October 23, 2014, Athens, Greece\">\n\t\t\t\t\t\t\t\t\n\t\t\t\t\t\t\t\t\t\t\t\t\t\t\t\t\t<img loading=\"lazy\" decoding=\"async\" width=\"622\" height=\"423\" src=\"https:\/\/hardouvelis.gr\/wp-content\/uploads\/2021\/05\/forum-economique-francophone-oct-23-2014.jpg\" class=\"wd-gallery-image image-29 attachment-full\" alt=\"\" title=\"Gikas Hardouvelis, speaker at \u201cFrancophone Business Forum Conference\u201d, October 23, 2014, Athens, Greece\" srcset=\"https:\/\/hardouvelis.gr\/wp-content\/uploads\/2021\/05\/forum-economique-francophone-oct-23-2014.jpg 622w, https:\/\/hardouvelis.gr\/wp-content\/uploads\/2021\/05\/forum-economique-francophone-oct-23-2014-300x204.jpg 300w\" sizes=\"auto, (max-width: 622px) 100vw, 622px\" \/>\t\t\t\t\t\t\t\t\n\n\t\t\t\t\t\t\t\t\t\t\t\t\t\t\t<\/a>\n\t\t\t\t\t\t\t\t\t\t\t\t<\/div>\n\t\t\t\t\t\t\t\t\t\t\t<div class=\"wd-gallery-item\">\n\t\t\t\t\t\t\t\t\t\t\t\t\t\t<a href=\"https:\/\/hardouvelis.gr\/wp-content\/uploads\/2021\/05\/GH-forum-economique-francophone-oct-23-2014.jpg\" data-elementor-open-lightbox=\"no\" data-index=\"30\" data-width=\"958\" data-height=\"598\"  title=\"Gikas Hardouvelis, speaker at \u201cFrancophone Business Forum Conference\u201d, October 23, 2014, Athens, Greece\">\n\t\t\t\t\t\t\t\t\n\t\t\t\t\t\t\t\t\t\t\t\t\t\t\t\t\t<img loading=\"lazy\" decoding=\"async\" width=\"958\" height=\"598\" src=\"https:\/\/hardouvelis.gr\/wp-content\/uploads\/2021\/05\/GH-forum-economique-francophone-oct-23-2014.jpg\" class=\"wd-gallery-image image-30 attachment-full\" alt=\"\" title=\"Gikas Hardouvelis, speaker at \u201cFrancophone Business Forum Conference\u201d, October 23, 2014, Athens, Greece\" srcset=\"https:\/\/hardouvelis.gr\/wp-content\/uploads\/2021\/05\/GH-forum-economique-francophone-oct-23-2014.jpg 958w, https:\/\/hardouvelis.gr\/wp-content\/uploads\/2021\/05\/GH-forum-economique-francophone-oct-23-2014-300x187.jpg 300w, https:\/\/hardouvelis.gr\/wp-content\/uploads\/2021\/05\/GH-forum-economique-francophone-oct-23-2014-768x479.jpg 768w\" sizes=\"auto, (max-width: 958px) 100vw, 958px\" \/>\t\t\t\t\t\t\t\t\n\n\t\t\t\t\t\t\t\t\t\t\t\t\t\t\t<\/a>\n\t\t\t\t\t\t\t\t\t\t\t\t<\/div>\n\t\t\t\t\t\t\t\t\t\t\t<div class=\"wd-gallery-item\">\n\t\t\t\t\t\t\t\t\t\t\t\t\t\t<a href=\"https:\/\/hardouvelis.gr\/wp-content\/uploads\/2017\/12\/140113_Book_Presentation_1.jpg\" data-elementor-open-lightbox=\"no\" data-index=\"31\" data-width=\"500\" data-height=\"333\"  title=\"Book Presentation, January 13, 2014\">\n\t\t\t\t\t\t\t\t\n\t\t\t\t\t\t\t\t\t\t\t\t\t\t\t\t\t<img loading=\"lazy\" decoding=\"async\" width=\"500\" height=\"333\" src=\"https:\/\/hardouvelis.gr\/wp-content\/uploads\/2017\/12\/140113_Book_Presentation_1.jpg\" class=\"wd-gallery-image image-31 attachment-full\" alt=\"\" title=\"Book Presentation, January 13, 2014\" srcset=\"https:\/\/hardouvelis.gr\/wp-content\/uploads\/2017\/12\/140113_Book_Presentation_1.jpg 500w, https:\/\/hardouvelis.gr\/wp-content\/uploads\/2017\/12\/140113_Book_Presentation_1-300x200.jpg 300w, https:\/\/hardouvelis.gr\/wp-content\/uploads\/2017\/12\/140113_Book_Presentation_1-272x182.jpg 272w\" sizes=\"auto, (max-width: 500px) 100vw, 500px\" \/>\t\t\t\t\t\t\t\t\n\n\t\t\t\t\t\t\t\t\t\t\t\t\t\t\t<\/a>\n\t\t\t\t\t\t\t\t\t\t\t\t<\/div>\n\t\t\t\t\t\t\t\t\t\t\t<div class=\"wd-gallery-item\">\n\t\t\t\t\t\t\t\t\t\t\t\t\t\t<a href=\"https:\/\/hardouvelis.gr\/wp-content\/uploads\/2017\/12\/140113_Book_Presentation_3.jpg\" data-elementor-open-lightbox=\"no\" data-index=\"32\" data-width=\"500\" data-height=\"333\"  title=\"Elena Panayotarea\u2019s Book Presentation: \u201cGreece in the Euro: Economic Delinquency or System Failure?\u201d, January 13, 2014, Athens, Greece (from left) Loukas Tsoukalis, Elena Panayotarea, Kyriakos Mitsotakis, Gikas Hardouvelis\">\n\t\t\t\t\t\t\t\t\n\t\t\t\t\t\t\t\t\t\t\t\t\t\t\t\t\t<img loading=\"lazy\" decoding=\"async\" width=\"500\" height=\"333\" src=\"https:\/\/hardouvelis.gr\/wp-content\/uploads\/2017\/12\/140113_Book_Presentation_3.jpg\" class=\"wd-gallery-image image-32 attachment-full\" alt=\"\" title=\"Elena Panayotarea\u2019s Book Presentation: \u201cGreece in the Euro: Economic Delinquency or System Failure?\u201d, January 13, 2014, Athens, Greece (from left) Loukas Tsoukalis, Elena Panayotarea, Kyriakos Mitsotakis, Gikas Hardouvelis\" srcset=\"https:\/\/hardouvelis.gr\/wp-content\/uploads\/2017\/12\/140113_Book_Presentation_3.jpg 500w, https:\/\/hardouvelis.gr\/wp-content\/uploads\/2017\/12\/140113_Book_Presentation_3-300x200.jpg 300w, https:\/\/hardouvelis.gr\/wp-content\/uploads\/2017\/12\/140113_Book_Presentation_3-272x182.jpg 272w\" sizes=\"auto, (max-width: 500px) 100vw, 500px\" \/>\t\t\t\t\t\t\t\t\n\n\t\t\t\t\t\t\t\t\t\t\t\t\t\t\t<\/a>\n\t\t\t\t\t\t\t\t\t\t\t\t<\/div>\n\t\t\t\t\t\t\t\t\t\t\t<div class=\"wd-gallery-item\">\n\t\t\t\t\t\t\t\t\t\t\t\t\t\t<a href=\"https:\/\/hardouvelis.gr\/wp-content\/uploads\/2017\/12\/140113_Book_Presentation_4.jpg\" data-elementor-open-lightbox=\"no\" data-index=\"33\" data-width=\"500\" data-height=\"333\"  title=\"Elena Panayotarea\u2019s Book Presentation: \u201cGreece in the Euro: Economic Delinquency or System Failure?\u201d, January 13, 2014, Athens, Greece (from left) Kyriakos Mitsotakis, Gikas Hardouvelis\">\n\t\t\t\t\t\t\t\t\n\t\t\t\t\t\t\t\t\t\t\t\t\t\t\t\t\t<img loading=\"lazy\" decoding=\"async\" width=\"500\" height=\"333\" src=\"https:\/\/hardouvelis.gr\/wp-content\/uploads\/2017\/12\/140113_Book_Presentation_4.jpg\" class=\"wd-gallery-image image-33 attachment-full\" alt=\"\" title=\"Elena Panayotarea\u2019s Book Presentation: \u201cGreece in the Euro: Economic Delinquency or System Failure?\u201d, January 13, 2014, Athens, Greece (from left) Kyriakos Mitsotakis, Gikas Hardouvelis\" srcset=\"https:\/\/hardouvelis.gr\/wp-content\/uploads\/2017\/12\/140113_Book_Presentation_4.jpg 500w, https:\/\/hardouvelis.gr\/wp-content\/uploads\/2017\/12\/140113_Book_Presentation_4-300x200.jpg 300w, https:\/\/hardouvelis.gr\/wp-content\/uploads\/2017\/12\/140113_Book_Presentation_4-272x182.jpg 272w\" sizes=\"auto, (max-width: 500px) 100vw, 500px\" \/>\t\t\t\t\t\t\t\t\n\n\t\t\t\t\t\t\t\t\t\t\t\t\t\t\t<\/a>\n\t\t\t\t\t\t\t\t\t\t\t\t<\/div>\n\t\t\t\t\t\t\t\t\t\t\t\t<\/div>\n\t\t<\/div>\n\t\t\t\t[\/vc_tta_section][vc_tta_section title=&#8221;2013&#8243; tab_id=&#8221;1684152633405-ba198a14-e889&#8243;]\t\t<div id=\"gallery_881\" class=\"wd-images-gallery wd-rs-6462214ba2c1c wd-justify-center wd-items-middle view-justified photoswipe-images\" >\n\t\t\t<div class=\"gallery-images\">\n\t\t\t\t\t\t\t\t\t\t\t\t\t\t\t<div class=\"wd-gallery-item\">\n\t\t\t\t\t\t\t\t\t\t\t\t\t\t<a href=\"https:\/\/hardouvelis.gr\/wp-content\/uploads\/2021\/04\/Gikas-Hardouvelis-with-Michael-Bloomberg-Yiannos_Grammatidis-left-and-Socrates-Lazaridis-right-New-York-City-June-6-2013.jpg\" data-elementor-open-lightbox=\"no\" data-index=\"1\" data-width=\"2592\" data-height=\"1936\"  title=\"Gikas Hardouvelis with Michael Bloomberg, Mayor of New York City, Yiannos Gramatidis, Chairman of American-Hellenic Chamber of Commerce (left) and Socrates Lazaridis, Chairman of the Athens Stock Exchange (right) at  the 2nd Greek Investment Forum, on June 6, 2013, in New York City, USA\">\n\t\t\t\t\t\t\t\t\n\t\t\t\t\t\t\t\t\t\t\t\t\t\t\t\t\t<img loading=\"lazy\" decoding=\"async\" width=\"2592\" height=\"1936\" src=\"https:\/\/hardouvelis.gr\/wp-content\/uploads\/2021\/04\/Gikas-Hardouvelis-with-Michael-Bloomberg-Yiannos_Grammatidis-left-and-Socrates-Lazaridis-right-New-York-City-June-6-2013.jpg\" class=\"wd-gallery-image image-1 attachment-full\" alt=\"\" title=\"Gikas Hardouvelis with Michael Bloomberg, Mayor of New York City, Yiannos Gramatidis, Chairman of American-Hellenic Chamber of Commerce (left) and Socrates Lazaridis, Chairman of the Athens Stock Exchange (right) at  the 2nd Greek Investment Forum, on June 6, 2013, in New York City, USA\" srcset=\"https:\/\/hardouvelis.gr\/wp-content\/uploads\/2021\/04\/Gikas-Hardouvelis-with-Michael-Bloomberg-Yiannos_Grammatidis-left-and-Socrates-Lazaridis-right-New-York-City-June-6-2013.jpg 2592w, https:\/\/hardouvelis.gr\/wp-content\/uploads\/2021\/04\/Gikas-Hardouvelis-with-Michael-Bloomberg-Yiannos_Grammatidis-left-and-Socrates-Lazaridis-right-New-York-City-June-6-2013-300x224.jpg 300w, https:\/\/hardouvelis.gr\/wp-content\/uploads\/2021\/04\/Gikas-Hardouvelis-with-Michael-Bloomberg-Yiannos_Grammatidis-left-and-Socrates-Lazaridis-right-New-York-City-June-6-2013-768x574.jpg 768w, https:\/\/hardouvelis.gr\/wp-content\/uploads\/2021\/04\/Gikas-Hardouvelis-with-Michael-Bloomberg-Yiannos_Grammatidis-left-and-Socrates-Lazaridis-right-New-York-City-June-6-2013-1024x765.jpg 1024w, https:\/\/hardouvelis.gr\/wp-content\/uploads\/2021\/04\/Gikas-Hardouvelis-with-Michael-Bloomberg-Yiannos_Grammatidis-left-and-Socrates-Lazaridis-right-New-York-City-June-6-2013-250x188.jpg 250w\" sizes=\"auto, (max-width: 2592px) 100vw, 2592px\" \/>\t\t\t\t\t\t\t\t\n\n\t\t\t\t\t\t\t\t\t\t\t\t\t\t\t<\/a>\n\t\t\t\t\t\t\t\t\t\t\t\t<\/div>\n\t\t\t\t\t\t\t\t\t\t\t<div class=\"wd-gallery-item\">\n\t\t\t\t\t\t\t\t\t\t\t\t\t\t<a href=\"https:\/\/hardouvelis.gr\/wp-content\/uploads\/2021\/04\/Gikas-Hardouvelis_speaks.jpg\" data-elementor-open-lightbox=\"no\" data-index=\"2\" data-width=\"1024\" data-height=\"681\"  title=\"Gikas Hardouvelis, speaker at the 2nd Greek Investment Forum in NYC, on June 5, 2013, in New York City, USA\">\n\t\t\t\t\t\t\t\t\n\t\t\t\t\t\t\t\t\t\t\t\t\t\t\t\t\t<img loading=\"lazy\" decoding=\"async\" width=\"1024\" height=\"681\" src=\"https:\/\/hardouvelis.gr\/wp-content\/uploads\/2021\/04\/Gikas-Hardouvelis_speaks.jpg\" class=\"wd-gallery-image image-2 attachment-full\" alt=\"\" title=\"Gikas Hardouvelis, speaker at the 2nd Greek Investment Forum in NYC, on June 5, 2013, in New York City, USA\" srcset=\"https:\/\/hardouvelis.gr\/wp-content\/uploads\/2021\/04\/Gikas-Hardouvelis_speaks.jpg 1024w, https:\/\/hardouvelis.gr\/wp-content\/uploads\/2021\/04\/Gikas-Hardouvelis_speaks-300x200.jpg 300w, https:\/\/hardouvelis.gr\/wp-content\/uploads\/2021\/04\/Gikas-Hardouvelis_speaks-768x511.jpg 768w, https:\/\/hardouvelis.gr\/wp-content\/uploads\/2021\/04\/Gikas-Hardouvelis_speaks-272x182.jpg 272w\" sizes=\"auto, (max-width: 1024px) 100vw, 1024px\" \/>\t\t\t\t\t\t\t\t\n\n\t\t\t\t\t\t\t\t\t\t\t\t\t\t\t<\/a>\n\t\t\t\t\t\t\t\t\t\t\t\t<\/div>\n\t\t\t\t\t\t\t\t\t\t\t<div class=\"wd-gallery-item\">\n\t\t\t\t\t\t\t\t\t\t\t\t\t\t<a href=\"https:\/\/hardouvelis.gr\/wp-content\/uploads\/2021\/04\/June-5-2013-New-York-City-Conference-on-Greek-capital-markets-Gikas-Hardouvelis_Dan-Antonuci_CHERYL-CASONE.jpg\" data-elementor-open-lightbox=\"no\" data-index=\"3\" data-width=\"1024\" data-height=\"681\"  title=\"Gikas Hardouvelis, speaker at the 2nd Greek Investment Forum, with Dan Antonuci and Cheryl Casone, on June 5, 2013, in New York City, USA\">\n\t\t\t\t\t\t\t\t\n\t\t\t\t\t\t\t\t\t\t\t\t\t\t\t\t\t<img loading=\"lazy\" decoding=\"async\" width=\"1024\" height=\"681\" src=\"https:\/\/hardouvelis.gr\/wp-content\/uploads\/2021\/04\/June-5-2013-New-York-City-Conference-on-Greek-capital-markets-Gikas-Hardouvelis_Dan-Antonuci_CHERYL-CASONE.jpg\" class=\"wd-gallery-image image-3 attachment-full\" alt=\"\" title=\"Gikas Hardouvelis, speaker at the 2nd Greek Investment Forum, with Dan Antonuci and Cheryl Casone, on June 5, 2013, in New York City, USA\" srcset=\"https:\/\/hardouvelis.gr\/wp-content\/uploads\/2021\/04\/June-5-2013-New-York-City-Conference-on-Greek-capital-markets-Gikas-Hardouvelis_Dan-Antonuci_CHERYL-CASONE.jpg 1024w, https:\/\/hardouvelis.gr\/wp-content\/uploads\/2021\/04\/June-5-2013-New-York-City-Conference-on-Greek-capital-markets-Gikas-Hardouvelis_Dan-Antonuci_CHERYL-CASONE-300x200.jpg 300w, https:\/\/hardouvelis.gr\/wp-content\/uploads\/2021\/04\/June-5-2013-New-York-City-Conference-on-Greek-capital-markets-Gikas-Hardouvelis_Dan-Antonuci_CHERYL-CASONE-768x511.jpg 768w, https:\/\/hardouvelis.gr\/wp-content\/uploads\/2021\/04\/June-5-2013-New-York-City-Conference-on-Greek-capital-markets-Gikas-Hardouvelis_Dan-Antonuci_CHERYL-CASONE-272x182.jpg 272w\" sizes=\"auto, (max-width: 1024px) 100vw, 1024px\" \/>\t\t\t\t\t\t\t\t\n\n\t\t\t\t\t\t\t\t\t\t\t\t\t\t\t<\/a>\n\t\t\t\t\t\t\t\t\t\t\t\t<\/div>\n\t\t\t\t\t\t\t\t\t\t\t<div class=\"wd-gallery-item\">\n\t\t\t\t\t\t\t\t\t\t\t\t\t\t<a href=\"https:\/\/hardouvelis.gr\/wp-content\/uploads\/2021\/04\/2013-July-4th-celebration-with-American-Ambassador-his-spouse.jpg\" data-elementor-open-lightbox=\"no\" data-index=\"4\" data-width=\"640\" data-height=\"427\"  title=\"With Daniel Bennett Smith, the U.S. Ambassador to Greece, and his spouse during the July 4th Celebration at the US Embassy in Athens, on July 2, 2013, in Athens, Greece\">\n\t\t\t\t\t\t\t\t\n\t\t\t\t\t\t\t\t\t\t\t\t\t\t\t\t\t<img loading=\"lazy\" decoding=\"async\" width=\"640\" height=\"427\" src=\"https:\/\/hardouvelis.gr\/wp-content\/uploads\/2021\/04\/2013-July-4th-celebration-with-American-Ambassador-his-spouse.jpg\" class=\"wd-gallery-image image-4 attachment-full\" alt=\"\" title=\"With Daniel Bennett Smith, the U.S. Ambassador to Greece, and his spouse during the July 4th Celebration at the US Embassy in Athens, on July 2, 2013, in Athens, Greece\" srcset=\"https:\/\/hardouvelis.gr\/wp-content\/uploads\/2021\/04\/2013-July-4th-celebration-with-American-Ambassador-his-spouse.jpg 640w, https:\/\/hardouvelis.gr\/wp-content\/uploads\/2021\/04\/2013-July-4th-celebration-with-American-Ambassador-his-spouse-300x200.jpg 300w, https:\/\/hardouvelis.gr\/wp-content\/uploads\/2021\/04\/2013-July-4th-celebration-with-American-Ambassador-his-spouse-272x182.jpg 272w\" sizes=\"auto, (max-width: 640px) 100vw, 640px\" \/>\t\t\t\t\t\t\t\t\n\n\t\t\t\t\t\t\t\t\t\t\t\t\t\t\t<\/a>\n\t\t\t\t\t\t\t\t\t\t\t\t<\/div>\n\t\t\t\t\t\t\t\t\t\t\t<div class=\"wd-gallery-item\">\n\t\t\t\t\t\t\t\t\t\t\t\t\t\t<a href=\"https:\/\/hardouvelis.gr\/wp-content\/uploads\/2021\/04\/Nov-21-2013-Eurobank-Cyprus-conference-_M.Louis_G.Hardouvelis_Ch.Megalou_F.Karavias.jpg\" data-elementor-open-lightbox=\"no\" data-index=\"5\" data-width=\"2848\" data-height=\"3108\"  title=\"Eurobank Cyprus Conference with Eurobank executives, (from left) M. Louis, G. Hardouvelis, Ch. Megalou, F. Karavias, on November 21, 2013,  in Nicosia, Cyprus\">\n\t\t\t\t\t\t\t\t\n\t\t\t\t\t\t\t\t\t\t\t\t\t\t\t\t\t<img loading=\"lazy\" decoding=\"async\" width=\"2848\" height=\"3108\" src=\"https:\/\/hardouvelis.gr\/wp-content\/uploads\/2021\/04\/Nov-21-2013-Eurobank-Cyprus-conference-_M.Louis_G.Hardouvelis_Ch.Megalou_F.Karavias.jpg\" class=\"wd-gallery-image image-5 attachment-full\" alt=\"\" title=\"Eurobank Cyprus Conference with Eurobank executives, (from left) M. Louis, G. Hardouvelis, Ch. Megalou, F. Karavias, on November 21, 2013,  in Nicosia, Cyprus\" srcset=\"https:\/\/hardouvelis.gr\/wp-content\/uploads\/2021\/04\/Nov-21-2013-Eurobank-Cyprus-conference-_M.Louis_G.Hardouvelis_Ch.Megalou_F.Karavias.jpg 2848w, https:\/\/hardouvelis.gr\/wp-content\/uploads\/2021\/04\/Nov-21-2013-Eurobank-Cyprus-conference-_M.Louis_G.Hardouvelis_Ch.Megalou_F.Karavias-275x300.jpg 275w, https:\/\/hardouvelis.gr\/wp-content\/uploads\/2021\/04\/Nov-21-2013-Eurobank-Cyprus-conference-_M.Louis_G.Hardouvelis_Ch.Megalou_F.Karavias-768x838.jpg 768w, https:\/\/hardouvelis.gr\/wp-content\/uploads\/2021\/04\/Nov-21-2013-Eurobank-Cyprus-conference-_M.Louis_G.Hardouvelis_Ch.Megalou_F.Karavias-938x1024.jpg 938w\" sizes=\"auto, (max-width: 2848px) 100vw, 2848px\" \/>\t\t\t\t\t\t\t\t\n\n\t\t\t\t\t\t\t\t\t\t\t\t\t\t\t<\/a>\n\t\t\t\t\t\t\t\t\t\t\t\t<\/div>\n\t\t\t\t\t\t\t\t\t\t\t<div class=\"wd-gallery-item\">\n\t\t\t\t\t\t\t\t\t\t\t\t\t\t<a href=\"https:\/\/hardouvelis.gr\/wp-content\/uploads\/2021\/04\/May-23-24-2013-Bank-of-Greece-conference-on-the-Crisis.jpg\" data-elementor-open-lightbox=\"no\" data-index=\"6\" data-width=\"4032\" data-height=\"3024\"  title=\"Conference, entitled: \u201cThe Crisis in the Euro Area,\u201d organized by the Bank of Greece. Group photo with conference speakers and discussants. May 23-24, 2013, Athens, Greece\">\n\t\t\t\t\t\t\t\t\n\t\t\t\t\t\t\t\t\t\t\t\t\t\t\t\t\t<img loading=\"lazy\" decoding=\"async\" width=\"4032\" height=\"3024\" src=\"https:\/\/hardouvelis.gr\/wp-content\/uploads\/2021\/04\/May-23-24-2013-Bank-of-Greece-conference-on-the-Crisis.jpg\" class=\"wd-gallery-image image-6 attachment-full\" alt=\"\" title=\"Conference, entitled: \u201cThe Crisis in the Euro Area,\u201d organized by the Bank of Greece. Group photo with conference speakers and discussants. May 23-24, 2013, Athens, Greece\" srcset=\"https:\/\/hardouvelis.gr\/wp-content\/uploads\/2021\/04\/May-23-24-2013-Bank-of-Greece-conference-on-the-Crisis.jpg 4032w, https:\/\/hardouvelis.gr\/wp-content\/uploads\/2021\/04\/May-23-24-2013-Bank-of-Greece-conference-on-the-Crisis-300x225.jpg 300w, https:\/\/hardouvelis.gr\/wp-content\/uploads\/2021\/04\/May-23-24-2013-Bank-of-Greece-conference-on-the-Crisis-768x576.jpg 768w, https:\/\/hardouvelis.gr\/wp-content\/uploads\/2021\/04\/May-23-24-2013-Bank-of-Greece-conference-on-the-Crisis-1024x768.jpg 1024w, https:\/\/hardouvelis.gr\/wp-content\/uploads\/2021\/04\/May-23-24-2013-Bank-of-Greece-conference-on-the-Crisis-350x263.jpg 350w, https:\/\/hardouvelis.gr\/wp-content\/uploads\/2021\/04\/May-23-24-2013-Bank-of-Greece-conference-on-the-Crisis-780x586.jpg 780w, https:\/\/hardouvelis.gr\/wp-content\/uploads\/2021\/04\/May-23-24-2013-Bank-of-Greece-conference-on-the-Crisis-250x188.jpg 250w\" sizes=\"auto, (max-width: 4032px) 100vw, 4032px\" \/>\t\t\t\t\t\t\t\t\n\n\t\t\t\t\t\t\t\t\t\t\t\t\t\t\t<\/a>\n\t\t\t\t\t\t\t\t\t\t\t\t<\/div>\n\t\t\t\t\t\t\t\t\t\t\t<div class=\"wd-gallery-item\">\n\t\t\t\t\t\t\t\t\t\t\t\t\t\t<a href=\"https:\/\/hardouvelis.gr\/wp-content\/uploads\/2021\/04\/Jan-9-2013-with-Eurobank-Research-Team.jpg\" data-elementor-open-lightbox=\"no\" data-index=\"7\" data-width=\"2592\" data-height=\"1936\"  title=\"With Eurobank Research Team, on January 9, 2013, in Athens, Greece\">\n\t\t\t\t\t\t\t\t\n\t\t\t\t\t\t\t\t\t\t\t\t\t\t\t\t\t<img loading=\"lazy\" decoding=\"async\" width=\"2592\" height=\"1936\" src=\"https:\/\/hardouvelis.gr\/wp-content\/uploads\/2021\/04\/Jan-9-2013-with-Eurobank-Research-Team.jpg\" class=\"wd-gallery-image image-7 attachment-full\" alt=\"\" title=\"With Eurobank Research Team, on January 9, 2013, in Athens, Greece\" srcset=\"https:\/\/hardouvelis.gr\/wp-content\/uploads\/2021\/04\/Jan-9-2013-with-Eurobank-Research-Team.jpg 2592w, https:\/\/hardouvelis.gr\/wp-content\/uploads\/2021\/04\/Jan-9-2013-with-Eurobank-Research-Team-300x224.jpg 300w, https:\/\/hardouvelis.gr\/wp-content\/uploads\/2021\/04\/Jan-9-2013-with-Eurobank-Research-Team-768x574.jpg 768w, https:\/\/hardouvelis.gr\/wp-content\/uploads\/2021\/04\/Jan-9-2013-with-Eurobank-Research-Team-1024x765.jpg 1024w, https:\/\/hardouvelis.gr\/wp-content\/uploads\/2021\/04\/Jan-9-2013-with-Eurobank-Research-Team-250x188.jpg 250w\" sizes=\"auto, (max-width: 2592px) 100vw, 2592px\" \/>\t\t\t\t\t\t\t\t\n\n\t\t\t\t\t\t\t\t\t\t\t\t\t\t\t<\/a>\n\t\t\t\t\t\t\t\t\t\t\t\t<\/div>\n\t\t\t\t\t\t\t\t\t\t\t\t<\/div>\n\t\t<\/div>\n\t\t\t\t[\/vc_tta_section][vc_tta_section title=&#8221;2012&#8243; tab_id=&#8221;1684152717336-26e0236c-0f3d&#8221;]\t\t<div id=\"gallery_972\" class=\"wd-images-gallery wd-rs-646221a294070 wd-justify-center wd-items-middle view-justified photoswipe-images\" >\n\t\t\t<div class=\"gallery-images\">\n\t\t\t\t\t\t\t\t\t\t\t\t\t\t\t<div class=\"wd-gallery-item\">\n\t\t\t\t\t\t\t\t\t\t\t\t\t\t<a href=\"https:\/\/hardouvelis.gr\/wp-content\/uploads\/2021\/04\/Nov-1-2012-MEGARONPLUS-Eurobank-event-with-J-Pisani-Ferry-and-M-Pigasse.jpg\" data-elementor-open-lightbox=\"no\" data-index=\"1\" data-width=\"792\" data-height=\"419\"  title=\"Conference entitled: \u201cEurope, Eurozone and Greece: from crisis to growth\u201d; organized by Megaron Plus and Eurobank. Speakers (from left), Gikas Hardouvelis, Jean Pisani-Ferry, Mathieu Pigasse, and Nikos Karamouzis, on November 1, 2012, at the Megaron Music Hall, in Athens, Greece \u00a9Haris Akriviadis\">\n\t\t\t\t\t\t\t\t\n\t\t\t\t\t\t\t\t\t\t\t\t\t\t\t\t\t<img loading=\"lazy\" decoding=\"async\" width=\"792\" height=\"419\" src=\"https:\/\/hardouvelis.gr\/wp-content\/uploads\/2021\/04\/Nov-1-2012-MEGARONPLUS-Eurobank-event-with-J-Pisani-Ferry-and-M-Pigasse.jpg\" class=\"wd-gallery-image image-1 attachment-full\" alt=\"\" title=\"Conference entitled: \u201cEurope, Eurozone and Greece: from crisis to growth\u201d; organized by Megaron Plus and Eurobank. Speakers (from left), Gikas Hardouvelis, Jean Pisani-Ferry, Mathieu Pigasse, and Nikos Karamouzis, on November 1, 2012, at the Megaron Music Hall, in Athens, Greece \u00a9Haris Akriviadis\" srcset=\"https:\/\/hardouvelis.gr\/wp-content\/uploads\/2021\/04\/Nov-1-2012-MEGARONPLUS-Eurobank-event-with-J-Pisani-Ferry-and-M-Pigasse.jpg 792w, https:\/\/hardouvelis.gr\/wp-content\/uploads\/2021\/04\/Nov-1-2012-MEGARONPLUS-Eurobank-event-with-J-Pisani-Ferry-and-M-Pigasse-300x159.jpg 300w, https:\/\/hardouvelis.gr\/wp-content\/uploads\/2021\/04\/Nov-1-2012-MEGARONPLUS-Eurobank-event-with-J-Pisani-Ferry-and-M-Pigasse-768x406.jpg 768w\" sizes=\"auto, (max-width: 792px) 100vw, 792px\" \/>\t\t\t\t\t\t\t\t\n\n\t\t\t\t\t\t\t\t\t\t\t\t\t\t\t<\/a>\n\t\t\t\t\t\t\t\t\t\t\t\t<\/div>\n\t\t\t\t\t\t\t\t\t\t\t<div class=\"wd-gallery-item\">\n\t\t\t\t\t\t\t\t\t\t\t\t\t\t<a href=\"https:\/\/hardouvelis.gr\/wp-content\/uploads\/2021\/04\/DSC00147.jpg\" data-elementor-open-lightbox=\"no\" data-index=\"2\" data-width=\"4608\" data-height=\"3456\"  title=\"At the IESE Business School, in Barcelona, with Professor Xavier Vives, on June 27, 2012\">\n\t\t\t\t\t\t\t\t\n\t\t\t\t\t\t\t\t\t\t\t\t\t\t\t\t\t<img loading=\"lazy\" decoding=\"async\" width=\"4608\" height=\"3456\" src=\"https:\/\/hardouvelis.gr\/wp-content\/uploads\/2021\/04\/DSC00147.jpg\" class=\"wd-gallery-image image-2 attachment-full\" alt=\"\" title=\"At the IESE Business School, in Barcelona, with Professor Xavier Vives, on June 27, 2012\" srcset=\"https:\/\/hardouvelis.gr\/wp-content\/uploads\/2021\/04\/DSC00147.jpg 4608w, https:\/\/hardouvelis.gr\/wp-content\/uploads\/2021\/04\/DSC00147-300x225.jpg 300w, https:\/\/hardouvelis.gr\/wp-content\/uploads\/2021\/04\/DSC00147-768x576.jpg 768w, https:\/\/hardouvelis.gr\/wp-content\/uploads\/2021\/04\/DSC00147-1024x768.jpg 1024w, https:\/\/hardouvelis.gr\/wp-content\/uploads\/2021\/04\/DSC00147-350x263.jpg 350w, https:\/\/hardouvelis.gr\/wp-content\/uploads\/2021\/04\/DSC00147-780x586.jpg 780w, https:\/\/hardouvelis.gr\/wp-content\/uploads\/2021\/04\/DSC00147-250x188.jpg 250w\" sizes=\"auto, (max-width: 4608px) 100vw, 4608px\" \/>\t\t\t\t\t\t\t\t\n\n\t\t\t\t\t\t\t\t\t\t\t\t\t\t\t<\/a>\n\t\t\t\t\t\t\t\t\t\t\t\t<\/div>\n\t\t\t\t\t\t\t\t\t\t\t<div class=\"wd-gallery-item\">\n\t\t\t\t\t\t\t\t\t\t\t\t\t\t<a href=\"https:\/\/hardouvelis.gr\/wp-content\/uploads\/2021\/04\/DSC00160.jpg\" data-elementor-open-lightbox=\"no\" data-index=\"3\" data-width=\"4608\" data-height=\"3456\"  title=\"1.5\tGikas Hardouvelis during his lecture: \u201cGREXIT: A possibility that carries significant costs\u201d, with Professors Xavier Vives and Morten Olsen, on June 27, 2012, at the IESE Business School, in Barcelona, Spain\">\n\t\t\t\t\t\t\t\t\n\t\t\t\t\t\t\t\t\t\t\t\t\t\t\t\t\t<img loading=\"lazy\" decoding=\"async\" width=\"4608\" height=\"3456\" src=\"https:\/\/hardouvelis.gr\/wp-content\/uploads\/2021\/04\/DSC00160.jpg\" class=\"wd-gallery-image image-3 attachment-full\" alt=\"\" title=\"1.5\tGikas Hardouvelis during his lecture: \u201cGREXIT: A possibility that carries significant costs\u201d, with Professors Xavier Vives and Morten Olsen, on June 27, 2012, at the IESE Business School, in Barcelona, Spain\" srcset=\"https:\/\/hardouvelis.gr\/wp-content\/uploads\/2021\/04\/DSC00160.jpg 4608w, https:\/\/hardouvelis.gr\/wp-content\/uploads\/2021\/04\/DSC00160-300x225.jpg 300w, https:\/\/hardouvelis.gr\/wp-content\/uploads\/2021\/04\/DSC00160-768x576.jpg 768w, https:\/\/hardouvelis.gr\/wp-content\/uploads\/2021\/04\/DSC00160-1024x768.jpg 1024w, https:\/\/hardouvelis.gr\/wp-content\/uploads\/2021\/04\/DSC00160-350x263.jpg 350w, https:\/\/hardouvelis.gr\/wp-content\/uploads\/2021\/04\/DSC00160-780x586.jpg 780w, https:\/\/hardouvelis.gr\/wp-content\/uploads\/2021\/04\/DSC00160-250x188.jpg 250w\" sizes=\"auto, (max-width: 4608px) 100vw, 4608px\" \/>\t\t\t\t\t\t\t\t\n\n\t\t\t\t\t\t\t\t\t\t\t\t\t\t\t<\/a>\n\t\t\t\t\t\t\t\t\t\t\t\t<\/div>\n\t\t\t\t\t\t\t\t\t\t\t<div class=\"wd-gallery-item\">\n\t\t\t\t\t\t\t\t\t\t\t\t\t\t<a href=\"https:\/\/hardouvelis.gr\/wp-content\/uploads\/2021\/04\/IMG_4764.jpg\" data-elementor-open-lightbox=\"no\" data-index=\"4\" data-width=\"5616\" data-height=\"3744\"  title=\"Gikas Hardouvelis, speaker at Economist Conference, entitled \u201cCredit Risk Management for Banking and Business: Finding liquidity\u201d, November 9,2012, Athens, Greece\">\n\t\t\t\t\t\t\t\t\n\t\t\t\t\t\t\t\t\t\t\t\t\t\t\t\t\t<img loading=\"lazy\" decoding=\"async\" width=\"5616\" height=\"3744\" src=\"https:\/\/hardouvelis.gr\/wp-content\/uploads\/2021\/04\/IMG_4764.jpg\" class=\"wd-gallery-image image-4 attachment-full\" alt=\"\" title=\"Gikas Hardouvelis, speaker at Economist Conference, entitled \u201cCredit Risk Management for Banking and Business: Finding liquidity\u201d, November 9,2012, Athens, Greece\" srcset=\"https:\/\/hardouvelis.gr\/wp-content\/uploads\/2021\/04\/IMG_4764.jpg 5616w, https:\/\/hardouvelis.gr\/wp-content\/uploads\/2021\/04\/IMG_4764-300x200.jpg 300w, https:\/\/hardouvelis.gr\/wp-content\/uploads\/2021\/04\/IMG_4764-768x512.jpg 768w, https:\/\/hardouvelis.gr\/wp-content\/uploads\/2021\/04\/IMG_4764-1024x683.jpg 1024w, https:\/\/hardouvelis.gr\/wp-content\/uploads\/2021\/04\/IMG_4764-272x182.jpg 272w\" sizes=\"auto, (max-width: 5616px) 100vw, 5616px\" \/>\t\t\t\t\t\t\t\t\n\n\t\t\t\t\t\t\t\t\t\t\t\t\t\t\t<\/a>\n\t\t\t\t\t\t\t\t\t\t\t\t<\/div>\n\t\t\t\t\t\t\t\t\t\t\t<div class=\"wd-gallery-item\">\n\t\t\t\t\t\t\t\t\t\t\t\t\t\t<a href=\"https:\/\/hardouvelis.gr\/wp-content\/uploads\/2021\/04\/IMG_4771.jpg\" data-elementor-open-lightbox=\"no\" data-index=\"5\" data-width=\"5616\" data-height=\"3744\"  title=\"At the Economist Conference : \u201cCredit Risk Management for Banking and Business, Finding liquidity\u201d, November 9, 2012, (from left to right), Professors Michael Jacobides, Christos Gortsos and Gikas Hardouvelis.\">\n\t\t\t\t\t\t\t\t\n\t\t\t\t\t\t\t\t\t\t\t\t\t\t\t\t\t<img loading=\"lazy\" decoding=\"async\" width=\"5616\" height=\"3744\" src=\"https:\/\/hardouvelis.gr\/wp-content\/uploads\/2021\/04\/IMG_4771.jpg\" class=\"wd-gallery-image image-5 attachment-full\" alt=\"\" title=\"At the Economist Conference : \u201cCredit Risk Management for Banking and Business, Finding liquidity\u201d, November 9, 2012, (from left to right), Professors Michael Jacobides, Christos Gortsos and Gikas Hardouvelis.\" srcset=\"https:\/\/hardouvelis.gr\/wp-content\/uploads\/2021\/04\/IMG_4771.jpg 5616w, https:\/\/hardouvelis.gr\/wp-content\/uploads\/2021\/04\/IMG_4771-300x200.jpg 300w, https:\/\/hardouvelis.gr\/wp-content\/uploads\/2021\/04\/IMG_4771-768x512.jpg 768w, https:\/\/hardouvelis.gr\/wp-content\/uploads\/2021\/04\/IMG_4771-1024x683.jpg 1024w, https:\/\/hardouvelis.gr\/wp-content\/uploads\/2021\/04\/IMG_4771-272x182.jpg 272w\" sizes=\"auto, (max-width: 5616px) 100vw, 5616px\" \/>\t\t\t\t\t\t\t\t\n\n\t\t\t\t\t\t\t\t\t\t\t\t\t\t\t<\/a>\n\t\t\t\t\t\t\t\t\t\t\t\t<\/div>\n\t\t\t\t\t\t\t\t\t\t\t<div class=\"wd-gallery-item\">\n\t\t\t\t\t\t\t\t\t\t\t\t\t\t<a href=\"https:\/\/hardouvelis.gr\/wp-content\/uploads\/2021\/05\/MG_4016.jpg\" data-elementor-open-lightbox=\"no\" data-index=\"6\" data-width=\"3504\" data-height=\"2336\"  title=\"Gikas Hardouvelis, speaker at Capital and Vision Conference, September 29, 2012, Athens Greece\">\n\t\t\t\t\t\t\t\t\n\t\t\t\t\t\t\t\t\t\t\t\t\t\t\t\t\t<img loading=\"lazy\" decoding=\"async\" width=\"3504\" height=\"2336\" src=\"https:\/\/hardouvelis.gr\/wp-content\/uploads\/2021\/05\/MG_4016.jpg\" class=\"wd-gallery-image image-6 attachment-full\" alt=\"\" title=\"Gikas Hardouvelis, speaker at Capital and Vision Conference, September 29, 2012, Athens Greece\" srcset=\"https:\/\/hardouvelis.gr\/wp-content\/uploads\/2021\/05\/MG_4016.jpg 3504w, https:\/\/hardouvelis.gr\/wp-content\/uploads\/2021\/05\/MG_4016-300x200.jpg 300w, https:\/\/hardouvelis.gr\/wp-content\/uploads\/2021\/05\/MG_4016-768x512.jpg 768w, https:\/\/hardouvelis.gr\/wp-content\/uploads\/2021\/05\/MG_4016-1024x683.jpg 1024w, https:\/\/hardouvelis.gr\/wp-content\/uploads\/2021\/05\/MG_4016-272x182.jpg 272w\" sizes=\"auto, (max-width: 3504px) 100vw, 3504px\" \/>\t\t\t\t\t\t\t\t\n\n\t\t\t\t\t\t\t\t\t\t\t\t\t\t\t<\/a>\n\t\t\t\t\t\t\t\t\t\t\t\t<\/div>\n\t\t\t\t\t\t\t\t\t\t\t<div class=\"wd-gallery-item\">\n\t\t\t\t\t\t\t\t\t\t\t\t\t\t<a href=\"https:\/\/hardouvelis.gr\/wp-content\/uploads\/2021\/04\/Oct-31-2012-ICAP-lecture.jpg\" data-elementor-open-lightbox=\"no\" data-index=\"7\" data-width=\"2247\" data-height=\"1498\"  title=\"Gikas Hardouvelis speaker at the 5th  Symposium on Credit Risk Management by ICAP. October 31, 2012, Athens, Greece\">\n\t\t\t\t\t\t\t\t\n\t\t\t\t\t\t\t\t\t\t\t\t\t\t\t\t\t<img loading=\"lazy\" decoding=\"async\" width=\"2247\" height=\"1498\" src=\"https:\/\/hardouvelis.gr\/wp-content\/uploads\/2021\/04\/Oct-31-2012-ICAP-lecture.jpg\" class=\"wd-gallery-image image-7 attachment-full\" alt=\"\" title=\"Gikas Hardouvelis speaker at the 5th  Symposium on Credit Risk Management by ICAP. October 31, 2012, Athens, Greece\" srcset=\"https:\/\/hardouvelis.gr\/wp-content\/uploads\/2021\/04\/Oct-31-2012-ICAP-lecture.jpg 2247w, https:\/\/hardouvelis.gr\/wp-content\/uploads\/2021\/04\/Oct-31-2012-ICAP-lecture-300x200.jpg 300w, https:\/\/hardouvelis.gr\/wp-content\/uploads\/2021\/04\/Oct-31-2012-ICAP-lecture-768x512.jpg 768w, https:\/\/hardouvelis.gr\/wp-content\/uploads\/2021\/04\/Oct-31-2012-ICAP-lecture-1024x683.jpg 1024w, https:\/\/hardouvelis.gr\/wp-content\/uploads\/2021\/04\/Oct-31-2012-ICAP-lecture-272x182.jpg 272w\" sizes=\"auto, (max-width: 2247px) 100vw, 2247px\" \/>\t\t\t\t\t\t\t\t\n\n\t\t\t\t\t\t\t\t\t\t\t\t\t\t\t<\/a>\n\t\t\t\t\t\t\t\t\t\t\t\t<\/div>\n\t\t\t\t\t\t\t\t\t\t\t<div class=\"wd-gallery-item\">\n\t\t\t\t\t\t\t\t\t\t\t\t\t\t<a href=\"https:\/\/hardouvelis.gr\/wp-content\/uploads\/2021\/04\/Winter-2012-with-Prime-Minister-Lucas-Papademos.jpg\" data-elementor-open-lightbox=\"no\" data-index=\"8\" data-width=\"4032\" data-height=\"3024\"  title=\"Gikas Hardouvelis with the Prime Minister Lucas Papademos, Winter 2012, Athens, Greece\">\n\t\t\t\t\t\t\t\t\n\t\t\t\t\t\t\t\t\t\t\t\t\t\t\t\t\t<img loading=\"lazy\" decoding=\"async\" width=\"4032\" height=\"3024\" src=\"https:\/\/hardouvelis.gr\/wp-content\/uploads\/2021\/04\/Winter-2012-with-Prime-Minister-Lucas-Papademos.jpg\" class=\"wd-gallery-image image-8 attachment-full\" alt=\"\" title=\"Gikas Hardouvelis with the Prime Minister Lucas Papademos, Winter 2012, Athens, Greece\" srcset=\"https:\/\/hardouvelis.gr\/wp-content\/uploads\/2021\/04\/Winter-2012-with-Prime-Minister-Lucas-Papademos.jpg 4032w, https:\/\/hardouvelis.gr\/wp-content\/uploads\/2021\/04\/Winter-2012-with-Prime-Minister-Lucas-Papademos-300x225.jpg 300w, https:\/\/hardouvelis.gr\/wp-content\/uploads\/2021\/04\/Winter-2012-with-Prime-Minister-Lucas-Papademos-768x576.jpg 768w, https:\/\/hardouvelis.gr\/wp-content\/uploads\/2021\/04\/Winter-2012-with-Prime-Minister-Lucas-Papademos-1024x768.jpg 1024w, https:\/\/hardouvelis.gr\/wp-content\/uploads\/2021\/04\/Winter-2012-with-Prime-Minister-Lucas-Papademos-350x263.jpg 350w, https:\/\/hardouvelis.gr\/wp-content\/uploads\/2021\/04\/Winter-2012-with-Prime-Minister-Lucas-Papademos-780x586.jpg 780w, https:\/\/hardouvelis.gr\/wp-content\/uploads\/2021\/04\/Winter-2012-with-Prime-Minister-Lucas-Papademos-250x188.jpg 250w\" sizes=\"auto, (max-width: 4032px) 100vw, 4032px\" \/>\t\t\t\t\t\t\t\t\n\n\t\t\t\t\t\t\t\t\t\t\t\t\t\t\t<\/a>\n\t\t\t\t\t\t\t\t\t\t\t\t<\/div>\n\t\t\t\t\t\t\t\t\t\t\t<div class=\"wd-gallery-item\">\n\t\t\t\t\t\t\t\t\t\t\t\t\t\t<a href=\"https:\/\/hardouvelis.gr\/wp-content\/uploads\/2021\/04\/May-4-2012-with-Prime-Minister-Papademos-and-the-team-of-the-Economic-Office-1.jpg\" data-elementor-open-lightbox=\"no\" data-index=\"9\" data-width=\"3397\" data-height=\"2040\"  title=\"Prime Minister Lucas Papademos with Gikas Hardouvelis, the Director of his Economic Office and the Economic Office Team, in 2012 at the Maximos Mansion, in Athens, Greece\">\n\t\t\t\t\t\t\t\t\n\t\t\t\t\t\t\t\t\t\t\t\t\t\t\t\t\t<img loading=\"lazy\" decoding=\"async\" width=\"3397\" height=\"2040\" src=\"https:\/\/hardouvelis.gr\/wp-content\/uploads\/2021\/04\/May-4-2012-with-Prime-Minister-Papademos-and-the-team-of-the-Economic-Office-1.jpg\" class=\"wd-gallery-image image-9 attachment-full\" alt=\"\" title=\"Prime Minister Lucas Papademos with Gikas Hardouvelis, the Director of his Economic Office and the Economic Office Team, in 2012 at the Maximos Mansion, in Athens, Greece\" srcset=\"https:\/\/hardouvelis.gr\/wp-content\/uploads\/2021\/04\/May-4-2012-with-Prime-Minister-Papademos-and-the-team-of-the-Economic-Office-1.jpg 3397w, https:\/\/hardouvelis.gr\/wp-content\/uploads\/2021\/04\/May-4-2012-with-Prime-Minister-Papademos-and-the-team-of-the-Economic-Office-1-300x180.jpg 300w, https:\/\/hardouvelis.gr\/wp-content\/uploads\/2021\/04\/May-4-2012-with-Prime-Minister-Papademos-and-the-team-of-the-Economic-Office-1-768x461.jpg 768w, https:\/\/hardouvelis.gr\/wp-content\/uploads\/2021\/04\/May-4-2012-with-Prime-Minister-Papademos-and-the-team-of-the-Economic-Office-1-1024x615.jpg 1024w\" sizes=\"auto, (max-width: 3397px) 100vw, 3397px\" \/>\t\t\t\t\t\t\t\t\n\n\t\t\t\t\t\t\t\t\t\t\t\t\t\t\t<\/a>\n\t\t\t\t\t\t\t\t\t\t\t\t<\/div>\n\t\t\t\t\t\t\t\t\t\t\t<div class=\"wd-gallery-item\">\n\t\t\t\t\t\t\t\t\t\t\t\t\t\t<a href=\"https:\/\/hardouvelis.gr\/wp-content\/uploads\/2021\/04\/May-4-2012-with-team-of-advisers-economists-in-PM-office-1.jpg\" data-elementor-open-lightbox=\"no\" data-index=\"10\" data-width=\"3310\" data-height=\"2472\"  title=\"Gikas Hardouvelis, Director of the Prime Minister\u2019s Economic office, with the Economic Office Team at the Maximos Mansion, 2012, Athens, Greece\">\n\t\t\t\t\t\t\t\t\n\t\t\t\t\t\t\t\t\t\t\t\t\t\t\t\t\t<img loading=\"lazy\" decoding=\"async\" width=\"3310\" height=\"2472\" src=\"https:\/\/hardouvelis.gr\/wp-content\/uploads\/2021\/04\/May-4-2012-with-team-of-advisers-economists-in-PM-office-1.jpg\" class=\"wd-gallery-image image-10 attachment-full\" alt=\"\" title=\"Gikas Hardouvelis, Director of the Prime Minister\u2019s Economic office, with the Economic Office Team at the Maximos Mansion, 2012, Athens, Greece\" srcset=\"https:\/\/hardouvelis.gr\/wp-content\/uploads\/2021\/04\/May-4-2012-with-team-of-advisers-economists-in-PM-office-1.jpg 3310w, https:\/\/hardouvelis.gr\/wp-content\/uploads\/2021\/04\/May-4-2012-with-team-of-advisers-economists-in-PM-office-1-300x224.jpg 300w, https:\/\/hardouvelis.gr\/wp-content\/uploads\/2021\/04\/May-4-2012-with-team-of-advisers-economists-in-PM-office-1-768x574.jpg 768w, https:\/\/hardouvelis.gr\/wp-content\/uploads\/2021\/04\/May-4-2012-with-team-of-advisers-economists-in-PM-office-1-1024x765.jpg 1024w, https:\/\/hardouvelis.gr\/wp-content\/uploads\/2021\/04\/May-4-2012-with-team-of-advisers-economists-in-PM-office-1-250x188.jpg 250w\" sizes=\"auto, (max-width: 3310px) 100vw, 3310px\" \/>\t\t\t\t\t\t\t\t\n\n\t\t\t\t\t\t\t\t\t\t\t\t\t\t\t<\/a>\n\t\t\t\t\t\t\t\t\t\t\t\t<\/div>\n\t\t\t\t\t\t\t\t\t\t\t<div class=\"wd-gallery-item\">\n\t\t\t\t\t\t\t\t\t\t\t\t\t\t<a href=\"https:\/\/hardouvelis.gr\/wp-content\/uploads\/2021\/04\/May-7-2012-Prime-Minister-Economic-Office-goodbye-lunch.jpg\" data-elementor-open-lightbox=\"no\" data-index=\"11\" data-width=\"4224\" data-height=\"2816\"  title=\"Gikas Hardouvelis with the Prime Minister\u2019s Economic Office Team during the goodbye lunch, on May 7, 2012, in Athens, Greece\">\n\t\t\t\t\t\t\t\t\n\t\t\t\t\t\t\t\t\t\t\t\t\t\t\t\t\t<img loading=\"lazy\" decoding=\"async\" width=\"4224\" height=\"2816\" src=\"https:\/\/hardouvelis.gr\/wp-content\/uploads\/2021\/04\/May-7-2012-Prime-Minister-Economic-Office-goodbye-lunch.jpg\" class=\"wd-gallery-image image-11 attachment-full\" alt=\"\" title=\"Gikas Hardouvelis with the Prime Minister\u2019s Economic Office Team during the goodbye lunch, on May 7, 2012, in Athens, Greece\" srcset=\"https:\/\/hardouvelis.gr\/wp-content\/uploads\/2021\/04\/May-7-2012-Prime-Minister-Economic-Office-goodbye-lunch.jpg 4224w, https:\/\/hardouvelis.gr\/wp-content\/uploads\/2021\/04\/May-7-2012-Prime-Minister-Economic-Office-goodbye-lunch-300x200.jpg 300w, https:\/\/hardouvelis.gr\/wp-content\/uploads\/2021\/04\/May-7-2012-Prime-Minister-Economic-Office-goodbye-lunch-768x512.jpg 768w, https:\/\/hardouvelis.gr\/wp-content\/uploads\/2021\/04\/May-7-2012-Prime-Minister-Economic-Office-goodbye-lunch-1024x683.jpg 1024w, https:\/\/hardouvelis.gr\/wp-content\/uploads\/2021\/04\/May-7-2012-Prime-Minister-Economic-Office-goodbye-lunch-272x182.jpg 272w\" sizes=\"auto, (max-width: 4224px) 100vw, 4224px\" \/>\t\t\t\t\t\t\t\t\n\n\t\t\t\t\t\t\t\t\t\t\t\t\t\t\t<\/a>\n\t\t\t\t\t\t\t\t\t\t\t\t<\/div>\n\t\t\t\t\t\t\t\t\t\t\t\t<\/div>\n\t\t<\/div>\n\t\t\t\t[\/vc_tta_section][vc_tta_section title=&#8221;2011&#8243; tab_id=&#8221;1684152834633-70376c9e-d91e&#8221;]\t\t<div id=\"gallery_291\" class=\"wd-images-gallery wd-rs-6462221a350e4 wd-justify-center wd-items-middle view-justified photoswipe-images\" >\n\t\t\t<div class=\"gallery-images\">\n\t\t\t\t\t\t\t\t\t\t\t\t\t\t\t<div class=\"wd-gallery-item\">\n\t\t\t\t\t\t\t\t\t\t\t\t\t\t<a href=\"https:\/\/hardouvelis.gr\/wp-content\/uploads\/2021\/04\/Dec-23-2011-Maximou-from-left-Pantelis-Kapsis_Gikas-Hardouvelis_Shanna-Papademos_Prime-Minister-Lucas-Papademos.jpg\" data-elementor-open-lightbox=\"no\" data-index=\"1\" data-width=\"4896\" data-height=\"3264\"  title=\"(from left) Pantelis Kapsis, Gikas Hardouvelis, Shanna Papademos, and Prime Minister Lucas Papademos, December 23, 2011, Maximos Mansion, Athens, Greece\">\n\t\t\t\t\t\t\t\t\n\t\t\t\t\t\t\t\t\t\t\t\t\t\t\t\t\t<img loading=\"lazy\" decoding=\"async\" width=\"4896\" height=\"3264\" src=\"https:\/\/hardouvelis.gr\/wp-content\/uploads\/2021\/04\/Dec-23-2011-Maximou-from-left-Pantelis-Kapsis_Gikas-Hardouvelis_Shanna-Papademos_Prime-Minister-Lucas-Papademos.jpg\" class=\"wd-gallery-image image-1 attachment-full\" alt=\"\" title=\"(from left) Pantelis Kapsis, Gikas Hardouvelis, Shanna Papademos, and Prime Minister Lucas Papademos, December 23, 2011, Maximos Mansion, Athens, Greece\" srcset=\"https:\/\/hardouvelis.gr\/wp-content\/uploads\/2021\/04\/Dec-23-2011-Maximou-from-left-Pantelis-Kapsis_Gikas-Hardouvelis_Shanna-Papademos_Prime-Minister-Lucas-Papademos.jpg 4896w, https:\/\/hardouvelis.gr\/wp-content\/uploads\/2021\/04\/Dec-23-2011-Maximou-from-left-Pantelis-Kapsis_Gikas-Hardouvelis_Shanna-Papademos_Prime-Minister-Lucas-Papademos-300x200.jpg 300w, https:\/\/hardouvelis.gr\/wp-content\/uploads\/2021\/04\/Dec-23-2011-Maximou-from-left-Pantelis-Kapsis_Gikas-Hardouvelis_Shanna-Papademos_Prime-Minister-Lucas-Papademos-768x512.jpg 768w, https:\/\/hardouvelis.gr\/wp-content\/uploads\/2021\/04\/Dec-23-2011-Maximou-from-left-Pantelis-Kapsis_Gikas-Hardouvelis_Shanna-Papademos_Prime-Minister-Lucas-Papademos-1024x683.jpg 1024w, https:\/\/hardouvelis.gr\/wp-content\/uploads\/2021\/04\/Dec-23-2011-Maximou-from-left-Pantelis-Kapsis_Gikas-Hardouvelis_Shanna-Papademos_Prime-Minister-Lucas-Papademos-272x182.jpg 272w\" sizes=\"auto, (max-width: 4896px) 100vw, 4896px\" \/>\t\t\t\t\t\t\t\t\n\n\t\t\t\t\t\t\t\t\t\t\t\t\t\t\t<\/a>\n\t\t\t\t\t\t\t\t\t\t\t\t<\/div>\n\t\t\t\t\t\t\t\t\t\t\t<div class=\"wd-gallery-item\">\n\t\t\t\t\t\t\t\t\t\t\t\t\t\t<a href=\"https:\/\/hardouvelis.gr\/wp-content\/uploads\/2021\/04\/\u03a72641.jpg\" data-elementor-open-lightbox=\"no\" data-index=\"2\" data-width=\"4896\" data-height=\"3264\"  title=\"Christmas Carols for the  Prime Minister, Maximos Mansion, December 24, 2011, Athens, Greece\">\n\t\t\t\t\t\t\t\t\n\t\t\t\t\t\t\t\t\t\t\t\t\t\t\t\t\t<img loading=\"lazy\" decoding=\"async\" width=\"4896\" height=\"3264\" src=\"https:\/\/hardouvelis.gr\/wp-content\/uploads\/2021\/04\/\u03a72641.jpg\" class=\"wd-gallery-image image-2 attachment-full\" alt=\"\" title=\"Christmas Carols for the  Prime Minister, Maximos Mansion, December 24, 2011, Athens, Greece\" srcset=\"https:\/\/hardouvelis.gr\/wp-content\/uploads\/2021\/04\/\u03a72641.jpg 4896w, https:\/\/hardouvelis.gr\/wp-content\/uploads\/2021\/04\/\u03a72641-300x200.jpg 300w, https:\/\/hardouvelis.gr\/wp-content\/uploads\/2021\/04\/\u03a72641-768x512.jpg 768w, https:\/\/hardouvelis.gr\/wp-content\/uploads\/2021\/04\/\u03a72641-1024x683.jpg 1024w, https:\/\/hardouvelis.gr\/wp-content\/uploads\/2021\/04\/\u03a72641-272x182.jpg 272w\" sizes=\"auto, (max-width: 4896px) 100vw, 4896px\" \/>\t\t\t\t\t\t\t\t\n\n\t\t\t\t\t\t\t\t\t\t\t\t\t\t\t<\/a>\n\t\t\t\t\t\t\t\t\t\t\t\t<\/div>\n\t\t\t\t\t\t\t\t\t\t\t<div class=\"wd-gallery-item\">\n\t\t\t\t\t\t\t\t\t\t\t\t\t\t<a href=\"https:\/\/hardouvelis.gr\/wp-content\/uploads\/2021\/04\/\u03a72685.jpg\" data-elementor-open-lightbox=\"no\" data-index=\"3\" data-width=\"4896\" data-height=\"3264\"  title=\"Christmas Carols for the Prime Minister, Maximos Mansion, December 24, 2011, Athens, Greece\">\n\t\t\t\t\t\t\t\t\n\t\t\t\t\t\t\t\t\t\t\t\t\t\t\t\t\t<img loading=\"lazy\" decoding=\"async\" width=\"4896\" height=\"3264\" src=\"https:\/\/hardouvelis.gr\/wp-content\/uploads\/2021\/04\/\u03a72685.jpg\" class=\"wd-gallery-image image-3 attachment-full\" alt=\"\" title=\"Christmas Carols for the Prime Minister, Maximos Mansion, December 24, 2011, Athens, Greece\" srcset=\"https:\/\/hardouvelis.gr\/wp-content\/uploads\/2021\/04\/\u03a72685.jpg 4896w, https:\/\/hardouvelis.gr\/wp-content\/uploads\/2021\/04\/\u03a72685-300x200.jpg 300w, https:\/\/hardouvelis.gr\/wp-content\/uploads\/2021\/04\/\u03a72685-768x512.jpg 768w, https:\/\/hardouvelis.gr\/wp-content\/uploads\/2021\/04\/\u03a72685-1024x683.jpg 1024w, https:\/\/hardouvelis.gr\/wp-content\/uploads\/2021\/04\/\u03a72685-272x182.jpg 272w\" sizes=\"auto, (max-width: 4896px) 100vw, 4896px\" \/>\t\t\t\t\t\t\t\t\n\n\t\t\t\t\t\t\t\t\t\t\t\t\t\t\t<\/a>\n\t\t\t\t\t\t\t\t\t\t\t\t<\/div>\n\t\t\t\t\t\t\t\t\t\t\t<div class=\"wd-gallery-item\">\n\t\t\t\t\t\t\t\t\t\t\t\t\t\t<a href=\"https:\/\/hardouvelis.gr\/wp-content\/uploads\/2021\/04\/ONE-DAY-CRUISE-1.jpg\" data-elementor-open-lightbox=\"no\" data-index=\"4\" data-width=\"940\" data-height=\"1237\"  title=\"An excursion after an academic conference to the nearby Greek islands with  Economist Stephen Cecchetti (of Brandeis University and the Bank for International Settlements)\">\n\t\t\t\t\t\t\t\t\n\t\t\t\t\t\t\t\t\t\t\t\t\t\t\t\t\t<img loading=\"lazy\" decoding=\"async\" width=\"940\" height=\"1237\" src=\"https:\/\/hardouvelis.gr\/wp-content\/uploads\/2021\/04\/ONE-DAY-CRUISE-1.jpg\" class=\"wd-gallery-image image-4 attachment-full\" alt=\"\" title=\"An excursion after an academic conference to the nearby Greek islands with  Economist Stephen Cecchetti (of Brandeis University and the Bank for International Settlements)\" srcset=\"https:\/\/hardouvelis.gr\/wp-content\/uploads\/2021\/04\/ONE-DAY-CRUISE-1.jpg 940w, https:\/\/hardouvelis.gr\/wp-content\/uploads\/2021\/04\/ONE-DAY-CRUISE-1-228x300.jpg 228w, https:\/\/hardouvelis.gr\/wp-content\/uploads\/2021\/04\/ONE-DAY-CRUISE-1-768x1011.jpg 768w, https:\/\/hardouvelis.gr\/wp-content\/uploads\/2021\/04\/ONE-DAY-CRUISE-1-778x1024.jpg 778w\" sizes=\"auto, (max-width: 940px) 100vw, 940px\" \/>\t\t\t\t\t\t\t\t\n\n\t\t\t\t\t\t\t\t\t\t\t\t\t\t\t<\/a>\n\t\t\t\t\t\t\t\t\t\t\t\t<\/div>\n\t\t\t\t\t\t\t\t\t\t\t<div class=\"wd-gallery-item\">\n\t\t\t\t\t\t\t\t\t\t\t\t\t\t<a href=\"https:\/\/hardouvelis.gr\/wp-content\/uploads\/2021\/04\/Apr-2011-FT-Conference-Pavlos-Mylonas_Gikas-Hardouvelis.jpg\" data-elementor-open-lightbox=\"no\" data-index=\"5\" data-width=\"1024\" data-height=\"682\"  title=\"Financial Times Conference on Banking, (from left), Pavlos Milonas and Gikas Hardouvelis, April 2011\">\n\t\t\t\t\t\t\t\t\n\t\t\t\t\t\t\t\t\t\t\t\t\t\t\t\t\t<img loading=\"lazy\" decoding=\"async\" width=\"1024\" height=\"682\" src=\"https:\/\/hardouvelis.gr\/wp-content\/uploads\/2021\/04\/Apr-2011-FT-Conference-Pavlos-Mylonas_Gikas-Hardouvelis.jpg\" class=\"wd-gallery-image image-5 attachment-full\" alt=\"\" title=\"Financial Times Conference on Banking, (from left), Pavlos Milonas and Gikas Hardouvelis, April 2011\" srcset=\"https:\/\/hardouvelis.gr\/wp-content\/uploads\/2021\/04\/Apr-2011-FT-Conference-Pavlos-Mylonas_Gikas-Hardouvelis.jpg 1024w, https:\/\/hardouvelis.gr\/wp-content\/uploads\/2021\/04\/Apr-2011-FT-Conference-Pavlos-Mylonas_Gikas-Hardouvelis-300x200.jpg 300w, https:\/\/hardouvelis.gr\/wp-content\/uploads\/2021\/04\/Apr-2011-FT-Conference-Pavlos-Mylonas_Gikas-Hardouvelis-768x512.jpg 768w, https:\/\/hardouvelis.gr\/wp-content\/uploads\/2021\/04\/Apr-2011-FT-Conference-Pavlos-Mylonas_Gikas-Hardouvelis-272x182.jpg 272w\" sizes=\"auto, (max-width: 1024px) 100vw, 1024px\" \/>\t\t\t\t\t\t\t\t\n\n\t\t\t\t\t\t\t\t\t\t\t\t\t\t\t<\/a>\n\t\t\t\t\t\t\t\t\t\t\t\t<\/div>\n\t\t\t\t\t\t\t\t\t\t\t<div class=\"wd-gallery-item\">\n\t\t\t\t\t\t\t\t\t\t\t\t\t\t<a href=\"https:\/\/hardouvelis.gr\/wp-content\/uploads\/2021\/04\/July-6-2011-Hardouvelis-Gortsos-Book-Presentation-Hellenic-Bank-Association-discussion-at-NBG.jpg\" data-elementor-open-lightbox=\"no\" data-index=\"6\" data-width=\"4011\" data-height=\"2832\"  title=\"Hardouvelis on the podium during the Hardouvelis-Gortsos Book Presentation, organized by the Hellenic Bank Association at NBG, on July 6 2011, in Athens, Greece\">\n\t\t\t\t\t\t\t\t\n\t\t\t\t\t\t\t\t\t\t\t\t\t\t\t\t\t<img loading=\"lazy\" decoding=\"async\" width=\"4011\" height=\"2832\" src=\"https:\/\/hardouvelis.gr\/wp-content\/uploads\/2021\/04\/July-6-2011-Hardouvelis-Gortsos-Book-Presentation-Hellenic-Bank-Association-discussion-at-NBG.jpg\" class=\"wd-gallery-image image-6 attachment-full\" alt=\"\" title=\"Hardouvelis on the podium during the Hardouvelis-Gortsos Book Presentation, organized by the Hellenic Bank Association at NBG, on July 6 2011, in Athens, Greece\" srcset=\"https:\/\/hardouvelis.gr\/wp-content\/uploads\/2021\/04\/July-6-2011-Hardouvelis-Gortsos-Book-Presentation-Hellenic-Bank-Association-discussion-at-NBG.jpg 4011w, https:\/\/hardouvelis.gr\/wp-content\/uploads\/2021\/04\/July-6-2011-Hardouvelis-Gortsos-Book-Presentation-Hellenic-Bank-Association-discussion-at-NBG-300x212.jpg 300w, https:\/\/hardouvelis.gr\/wp-content\/uploads\/2021\/04\/July-6-2011-Hardouvelis-Gortsos-Book-Presentation-Hellenic-Bank-Association-discussion-at-NBG-768x542.jpg 768w, https:\/\/hardouvelis.gr\/wp-content\/uploads\/2021\/04\/July-6-2011-Hardouvelis-Gortsos-Book-Presentation-Hellenic-Bank-Association-discussion-at-NBG-1024x723.jpg 1024w\" sizes=\"auto, (max-width: 4011px) 100vw, 4011px\" \/>\t\t\t\t\t\t\t\t\n\n\t\t\t\t\t\t\t\t\t\t\t\t\t\t\t<\/a>\n\t\t\t\t\t\t\t\t\t\t\t\t<\/div>\n\t\t\t\t\t\t\t\t\t\t\t<div class=\"wd-gallery-item\">\n\t\t\t\t\t\t\t\t\t\t\t\t\t\t<a href=\"https:\/\/hardouvelis.gr\/wp-content\/uploads\/2021\/04\/July-6-2011-Hardouvelis-Gortsos-Book-Presentation-on-the-Crisis-Ch.Gortsos-V.Rapanos-B.Papademetriou-G.Hardouvelis.jpg\" data-elementor-open-lightbox=\"no\" data-index=\"7\" data-width=\"4032\" data-height=\"3024\"  title=\"Hardouvelis-Gortsos Book Presentation, organized by the Hellenic Bank Association at NBG, on July 6 2011, in Athens, Greece, (from left) Ch. Gortsos, V. Rappanos, B. Papademetriou and G. Hardouvelis.\">\n\t\t\t\t\t\t\t\t\n\t\t\t\t\t\t\t\t\t\t\t\t\t\t\t\t\t<img loading=\"lazy\" decoding=\"async\" width=\"4032\" height=\"3024\" src=\"https:\/\/hardouvelis.gr\/wp-content\/uploads\/2021\/04\/July-6-2011-Hardouvelis-Gortsos-Book-Presentation-on-the-Crisis-Ch.Gortsos-V.Rapanos-B.Papademetriou-G.Hardouvelis.jpg\" class=\"wd-gallery-image image-7 attachment-full\" alt=\"\" title=\"Hardouvelis-Gortsos Book Presentation, organized by the Hellenic Bank Association at NBG, on July 6 2011, in Athens, Greece, (from left) Ch. Gortsos, V. Rappanos, B. Papademetriou and G. Hardouvelis.\" srcset=\"https:\/\/hardouvelis.gr\/wp-content\/uploads\/2021\/04\/July-6-2011-Hardouvelis-Gortsos-Book-Presentation-on-the-Crisis-Ch.Gortsos-V.Rapanos-B.Papademetriou-G.Hardouvelis.jpg 4032w, https:\/\/hardouvelis.gr\/wp-content\/uploads\/2021\/04\/July-6-2011-Hardouvelis-Gortsos-Book-Presentation-on-the-Crisis-Ch.Gortsos-V.Rapanos-B.Papademetriou-G.Hardouvelis-300x225.jpg 300w, https:\/\/hardouvelis.gr\/wp-content\/uploads\/2021\/04\/July-6-2011-Hardouvelis-Gortsos-Book-Presentation-on-the-Crisis-Ch.Gortsos-V.Rapanos-B.Papademetriou-G.Hardouvelis-768x576.jpg 768w, https:\/\/hardouvelis.gr\/wp-content\/uploads\/2021\/04\/July-6-2011-Hardouvelis-Gortsos-Book-Presentation-on-the-Crisis-Ch.Gortsos-V.Rapanos-B.Papademetriou-G.Hardouvelis-1024x768.jpg 1024w, https:\/\/hardouvelis.gr\/wp-content\/uploads\/2021\/04\/July-6-2011-Hardouvelis-Gortsos-Book-Presentation-on-the-Crisis-Ch.Gortsos-V.Rapanos-B.Papademetriou-G.Hardouvelis-350x263.jpg 350w, https:\/\/hardouvelis.gr\/wp-content\/uploads\/2021\/04\/July-6-2011-Hardouvelis-Gortsos-Book-Presentation-on-the-Crisis-Ch.Gortsos-V.Rapanos-B.Papademetriou-G.Hardouvelis-780x586.jpg 780w, https:\/\/hardouvelis.gr\/wp-content\/uploads\/2021\/04\/July-6-2011-Hardouvelis-Gortsos-Book-Presentation-on-the-Crisis-Ch.Gortsos-V.Rapanos-B.Papademetriou-G.Hardouvelis-250x188.jpg 250w\" sizes=\"auto, (max-width: 4032px) 100vw, 4032px\" \/>\t\t\t\t\t\t\t\t\n\n\t\t\t\t\t\t\t\t\t\t\t\t\t\t\t<\/a>\n\t\t\t\t\t\t\t\t\t\t\t\t<\/div>\n\t\t\t\t\t\t\t\t\t\t\t<div class=\"wd-gallery-item\">\n\t\t\t\t\t\t\t\t\t\t\t\t\t\t<a href=\"https:\/\/hardouvelis.gr\/wp-content\/uploads\/2021\/04\/March-21-2011-Panelists-in-the-Hardouvelis-Karamouzis-Book-Presentation-on-the-Crisis.jpg\" data-elementor-open-lightbox=\"no\" data-index=\"8\" data-width=\"800\" data-height=\"533\"  title=\"Hardouvelis-Karamouzis Book Presentation on the Greek Crisis, (from left), Sp. Theodoropoulos, A. Iliades, V. Rappanos, P. Kapsis, N. Karamouzis, G. Hardouvelis, and E. Livanis, on March 21, 2011, in Athens, Greece\">\n\t\t\t\t\t\t\t\t\n\t\t\t\t\t\t\t\t\t\t\t\t\t\t\t\t\t<img loading=\"lazy\" decoding=\"async\" width=\"800\" height=\"533\" src=\"https:\/\/hardouvelis.gr\/wp-content\/uploads\/2021\/04\/March-21-2011-Panelists-in-the-Hardouvelis-Karamouzis-Book-Presentation-on-the-Crisis.jpg\" class=\"wd-gallery-image image-8 attachment-full\" alt=\"\" title=\"Hardouvelis-Karamouzis Book Presentation on the Greek Crisis, (from left), Sp. Theodoropoulos, A. Iliades, V. Rappanos, P. Kapsis, N. Karamouzis, G. Hardouvelis, and E. Livanis, on March 21, 2011, in Athens, Greece\" srcset=\"https:\/\/hardouvelis.gr\/wp-content\/uploads\/2021\/04\/March-21-2011-Panelists-in-the-Hardouvelis-Karamouzis-Book-Presentation-on-the-Crisis.jpg 800w, https:\/\/hardouvelis.gr\/wp-content\/uploads\/2021\/04\/March-21-2011-Panelists-in-the-Hardouvelis-Karamouzis-Book-Presentation-on-the-Crisis-300x200.jpg 300w, https:\/\/hardouvelis.gr\/wp-content\/uploads\/2021\/04\/March-21-2011-Panelists-in-the-Hardouvelis-Karamouzis-Book-Presentation-on-the-Crisis-768x512.jpg 768w, https:\/\/hardouvelis.gr\/wp-content\/uploads\/2021\/04\/March-21-2011-Panelists-in-the-Hardouvelis-Karamouzis-Book-Presentation-on-the-Crisis-272x182.jpg 272w\" sizes=\"auto, (max-width: 800px) 100vw, 800px\" \/>\t\t\t\t\t\t\t\t\n\n\t\t\t\t\t\t\t\t\t\t\t\t\t\t\t<\/a>\n\t\t\t\t\t\t\t\t\t\t\t\t<\/div>\n\t\t\t\t\t\t\t\t\t\t\t<div class=\"wd-gallery-item\">\n\t\t\t\t\t\t\t\t\t\t\t\t\t\t<a href=\"https:\/\/hardouvelis.gr\/wp-content\/uploads\/2021\/04\/March-21-2011-Audience-in-Hardouvelis-Karamouzis-Book-Presenttion-on-the-Crisis.jpg\" data-elementor-open-lightbox=\"no\" data-index=\"9\" data-width=\"800\" data-height=\"533\"  title=\"Audience from the Hardouvelis-Karamouzis Book Presentation on the Greek Crisis, on March 21, 2011, in Athens, Greece\">\n\t\t\t\t\t\t\t\t\n\t\t\t\t\t\t\t\t\t\t\t\t\t\t\t\t\t<img loading=\"lazy\" decoding=\"async\" width=\"800\" height=\"533\" src=\"https:\/\/hardouvelis.gr\/wp-content\/uploads\/2021\/04\/March-21-2011-Audience-in-Hardouvelis-Karamouzis-Book-Presenttion-on-the-Crisis.jpg\" class=\"wd-gallery-image image-9 attachment-full\" alt=\"\" title=\"Audience from the Hardouvelis-Karamouzis Book Presentation on the Greek Crisis, on March 21, 2011, in Athens, Greece\" srcset=\"https:\/\/hardouvelis.gr\/wp-content\/uploads\/2021\/04\/March-21-2011-Audience-in-Hardouvelis-Karamouzis-Book-Presenttion-on-the-Crisis.jpg 800w, https:\/\/hardouvelis.gr\/wp-content\/uploads\/2021\/04\/March-21-2011-Audience-in-Hardouvelis-Karamouzis-Book-Presenttion-on-the-Crisis-300x200.jpg 300w, https:\/\/hardouvelis.gr\/wp-content\/uploads\/2021\/04\/March-21-2011-Audience-in-Hardouvelis-Karamouzis-Book-Presenttion-on-the-Crisis-768x512.jpg 768w, https:\/\/hardouvelis.gr\/wp-content\/uploads\/2021\/04\/March-21-2011-Audience-in-Hardouvelis-Karamouzis-Book-Presenttion-on-the-Crisis-272x182.jpg 272w\" sizes=\"auto, (max-width: 800px) 100vw, 800px\" \/>\t\t\t\t\t\t\t\t\n\n\t\t\t\t\t\t\t\t\t\t\t\t\t\t\t<\/a>\n\t\t\t\t\t\t\t\t\t\t\t\t<\/div>\n\t\t\t\t\t\t\t\t\t\t\t\t<\/div>\n\t\t<\/div>\n\t\t\t\t[\/vc_tta_section][vc_tta_section title=&#8221;2010 &#8211; 2009&#8243; tab_id=&#8221;1684152960532-55bbe988-1018&#8243;]\t\t<div id=\"gallery_634\" class=\"wd-images-gallery wd-rs-6462229634663 wd-justify-center wd-items-middle view-justified photoswipe-images\" >\n\t\t\t<div class=\"gallery-images\">\n\t\t\t\t\t\t\t\t\t\t\t\t\t\t\t<div class=\"wd-gallery-item\">\n\t\t\t\t\t\t\t\t\t\t\t\t\t\t<a href=\"https:\/\/hardouvelis.gr\/wp-content\/uploads\/2021\/04\/May-11-2010-Gikas-Hardouvelis_with-journalist-Thomas-Friedman.jpg\" data-elementor-open-lightbox=\"no\" data-index=\"1\" data-width=\"4224\" data-height=\"3168\"  title=\"Gikas Hardouvelis with Thomas Friedman, political commentator and weekly columnist for the New York Times, May 11,2010, in Hardouvelis\u2019 Eurobank office, Athens, Greece\">\n\t\t\t\t\t\t\t\t\n\t\t\t\t\t\t\t\t\t\t\t\t\t\t\t\t\t<img loading=\"lazy\" decoding=\"async\" width=\"4224\" height=\"3168\" src=\"https:\/\/hardouvelis.gr\/wp-content\/uploads\/2021\/04\/May-11-2010-Gikas-Hardouvelis_with-journalist-Thomas-Friedman.jpg\" class=\"wd-gallery-image image-1 attachment-full\" alt=\"\" title=\"Gikas Hardouvelis with Thomas Friedman, political commentator and weekly columnist for the New York Times, May 11,2010, in Hardouvelis\u2019 Eurobank office, Athens, Greece\" srcset=\"https:\/\/hardouvelis.gr\/wp-content\/uploads\/2021\/04\/May-11-2010-Gikas-Hardouvelis_with-journalist-Thomas-Friedman.jpg 4224w, https:\/\/hardouvelis.gr\/wp-content\/uploads\/2021\/04\/May-11-2010-Gikas-Hardouvelis_with-journalist-Thomas-Friedman-300x225.jpg 300w, https:\/\/hardouvelis.gr\/wp-content\/uploads\/2021\/04\/May-11-2010-Gikas-Hardouvelis_with-journalist-Thomas-Friedman-768x576.jpg 768w, https:\/\/hardouvelis.gr\/wp-content\/uploads\/2021\/04\/May-11-2010-Gikas-Hardouvelis_with-journalist-Thomas-Friedman-1024x768.jpg 1024w, https:\/\/hardouvelis.gr\/wp-content\/uploads\/2021\/04\/May-11-2010-Gikas-Hardouvelis_with-journalist-Thomas-Friedman-350x263.jpg 350w, https:\/\/hardouvelis.gr\/wp-content\/uploads\/2021\/04\/May-11-2010-Gikas-Hardouvelis_with-journalist-Thomas-Friedman-780x586.jpg 780w, https:\/\/hardouvelis.gr\/wp-content\/uploads\/2021\/04\/May-11-2010-Gikas-Hardouvelis_with-journalist-Thomas-Friedman-250x188.jpg 250w\" sizes=\"auto, (max-width: 4224px) 100vw, 4224px\" \/>\t\t\t\t\t\t\t\t\n\n\t\t\t\t\t\t\t\t\t\t\t\t\t\t\t<\/a>\n\t\t\t\t\t\t\t\t\t\t\t\t<\/div>\n\t\t\t\t\t\t\t\t\t\t\t<div class=\"wd-gallery-item\">\n\t\t\t\t\t\t\t\t\t\t\t\t\t\t<a href=\"https:\/\/hardouvelis.gr\/wp-content\/uploads\/2021\/05\/Hardoubelis-II-_Serbian-Economic-Summit.jpg\" data-elementor-open-lightbox=\"no\" data-index=\"2\" data-width=\"1920\" data-height=\"1281\"  title=\"Conference on \u201cThe Post-Crisis Global Economic Environment &amp; the SEE Region,\u201d on October 5, 2010, in Belgrade, Serbia. From left: Kori Udovi\u010dki (Assistant Secretary General of the UN, Assistant Administrator and Director of the Bureau for Europe and CIS of UNDP), Gikas Hardouvelis, and Mirko Cvetkovic (Prime Minister of Serbia).\">\n\t\t\t\t\t\t\t\t\n\t\t\t\t\t\t\t\t\t\t\t\t\t\t\t\t\t<img loading=\"lazy\" decoding=\"async\" width=\"1920\" height=\"1281\" src=\"https:\/\/hardouvelis.gr\/wp-content\/uploads\/2021\/05\/Hardoubelis-II-_Serbian-Economic-Summit.jpg\" class=\"wd-gallery-image image-2 attachment-full\" alt=\"\" title=\"Conference on \u201cThe Post-Crisis Global Economic Environment &amp; the SEE Region,\u201d on October 5, 2010, in Belgrade, Serbia. From left: Kori Udovi\u010dki (Assistant Secretary General of the UN, Assistant Administrator and Director of the Bureau for Europe and CIS of UNDP), Gikas Hardouvelis, and Mirko Cvetkovic (Prime Minister of Serbia).\" srcset=\"https:\/\/hardouvelis.gr\/wp-content\/uploads\/2021\/05\/Hardoubelis-II-_Serbian-Economic-Summit.jpg 1920w, https:\/\/hardouvelis.gr\/wp-content\/uploads\/2021\/05\/Hardoubelis-II-_Serbian-Economic-Summit-300x200.jpg 300w, https:\/\/hardouvelis.gr\/wp-content\/uploads\/2021\/05\/Hardoubelis-II-_Serbian-Economic-Summit-768x512.jpg 768w, https:\/\/hardouvelis.gr\/wp-content\/uploads\/2021\/05\/Hardoubelis-II-_Serbian-Economic-Summit-1024x683.jpg 1024w, https:\/\/hardouvelis.gr\/wp-content\/uploads\/2021\/05\/Hardoubelis-II-_Serbian-Economic-Summit-272x182.jpg 272w\" sizes=\"auto, (max-width: 1920px) 100vw, 1920px\" \/>\t\t\t\t\t\t\t\t\n\n\t\t\t\t\t\t\t\t\t\t\t\t\t\t\t<\/a>\n\t\t\t\t\t\t\t\t\t\t\t\t<\/div>\n\t\t\t\t\t\t\t\t\t\t\t<div class=\"wd-gallery-item\">\n\t\t\t\t\t\t\t\t\t\t\t\t\t\t<a href=\"https:\/\/hardouvelis.gr\/wp-content\/uploads\/2021\/04\/Jan-21-2010-Financial-Times-Conference-on-Banking-in-a-Crisis.jpg\" data-elementor-open-lightbox=\"no\" data-index=\"3\" data-width=\"1280\" data-height=\"852\"  title=\"Jan 21-2010 Financial Times Conference on Banking in a Crisis\">\n\t\t\t\t\t\t\t\t\n\t\t\t\t\t\t\t\t\t\t\t\t\t\t\t\t\t<img loading=\"lazy\" decoding=\"async\" width=\"1280\" height=\"852\" src=\"https:\/\/hardouvelis.gr\/wp-content\/uploads\/2021\/04\/Jan-21-2010-Financial-Times-Conference-on-Banking-in-a-Crisis.jpg\" class=\"wd-gallery-image image-3 attachment-full\" alt=\"\" title=\"Jan 21-2010 Financial Times Conference on Banking in a Crisis\" srcset=\"https:\/\/hardouvelis.gr\/wp-content\/uploads\/2021\/04\/Jan-21-2010-Financial-Times-Conference-on-Banking-in-a-Crisis.jpg 1280w, https:\/\/hardouvelis.gr\/wp-content\/uploads\/2021\/04\/Jan-21-2010-Financial-Times-Conference-on-Banking-in-a-Crisis-300x200.jpg 300w, https:\/\/hardouvelis.gr\/wp-content\/uploads\/2021\/04\/Jan-21-2010-Financial-Times-Conference-on-Banking-in-a-Crisis-768x511.jpg 768w, https:\/\/hardouvelis.gr\/wp-content\/uploads\/2021\/04\/Jan-21-2010-Financial-Times-Conference-on-Banking-in-a-Crisis-1024x682.jpg 1024w, https:\/\/hardouvelis.gr\/wp-content\/uploads\/2021\/04\/Jan-21-2010-Financial-Times-Conference-on-Banking-in-a-Crisis-272x182.jpg 272w\" sizes=\"auto, (max-width: 1280px) 100vw, 1280px\" \/>\t\t\t\t\t\t\t\t\n\n\t\t\t\t\t\t\t\t\t\t\t\t\t\t\t<\/a>\n\t\t\t\t\t\t\t\t\t\t\t\t<\/div>\n\t\t\t\t\t\t\t\t\t\t\t<div class=\"wd-gallery-item\">\n\t\t\t\t\t\t\t\t\t\t\t\t\t\t<a href=\"https:\/\/hardouvelis.gr\/wp-content\/uploads\/2021\/04\/March-18-2009-Athens-Conference-lecture_The-Financial-crisis-Managing-in-Challenging-times-with-Paul-Krugman.jpg\" data-elementor-open-lightbox=\"no\" data-index=\"4\" data-width=\"1732\" data-height=\"1155\"  title=\"Gikas Hardouvelis speaker at the Pro-thesis Athens Conference: \u201cThe Financial Crisis: Managing in Challenging Times\u201d with Paul Krugman, March 18, 2009, Athens, Greece\">\n\t\t\t\t\t\t\t\t\n\t\t\t\t\t\t\t\t\t\t\t\t\t\t\t\t\t<img loading=\"lazy\" decoding=\"async\" width=\"1732\" height=\"1155\" src=\"https:\/\/hardouvelis.gr\/wp-content\/uploads\/2021\/04\/March-18-2009-Athens-Conference-lecture_The-Financial-crisis-Managing-in-Challenging-times-with-Paul-Krugman.jpg\" class=\"wd-gallery-image image-4 attachment-full\" alt=\"\" title=\"Gikas Hardouvelis speaker at the Pro-thesis Athens Conference: \u201cThe Financial Crisis: Managing in Challenging Times\u201d with Paul Krugman, March 18, 2009, Athens, Greece\" srcset=\"https:\/\/hardouvelis.gr\/wp-content\/uploads\/2021\/04\/March-18-2009-Athens-Conference-lecture_The-Financial-crisis-Managing-in-Challenging-times-with-Paul-Krugman.jpg 1732w, https:\/\/hardouvelis.gr\/wp-content\/uploads\/2021\/04\/March-18-2009-Athens-Conference-lecture_The-Financial-crisis-Managing-in-Challenging-times-with-Paul-Krugman-300x200.jpg 300w, https:\/\/hardouvelis.gr\/wp-content\/uploads\/2021\/04\/March-18-2009-Athens-Conference-lecture_The-Financial-crisis-Managing-in-Challenging-times-with-Paul-Krugman-768x512.jpg 768w, https:\/\/hardouvelis.gr\/wp-content\/uploads\/2021\/04\/March-18-2009-Athens-Conference-lecture_The-Financial-crisis-Managing-in-Challenging-times-with-Paul-Krugman-1024x683.jpg 1024w, https:\/\/hardouvelis.gr\/wp-content\/uploads\/2021\/04\/March-18-2009-Athens-Conference-lecture_The-Financial-crisis-Managing-in-Challenging-times-with-Paul-Krugman-272x182.jpg 272w\" sizes=\"auto, (max-width: 1732px) 100vw, 1732px\" \/>\t\t\t\t\t\t\t\t\n\n\t\t\t\t\t\t\t\t\t\t\t\t\t\t\t<\/a>\n\t\t\t\t\t\t\t\t\t\t\t\t<\/div>\n\t\t\t\t\t\t\t\t\t\t\t<div class=\"wd-gallery-item\">\n\t\t\t\t\t\t\t\t\t\t\t\t\t\t<a href=\"https:\/\/hardouvelis.gr\/wp-content\/uploads\/2021\/04\/Finance-Minister-Dr.-Ghikas-Hardouvelis-and-Basil-Tsaras.jpg\" data-elementor-open-lightbox=\"no\" data-index=\"5\" data-width=\"647\" data-height=\"600\"  title=\"Gikas Hardouvelis with Basil Tsaras at the Pro-thesis Athens Conference: \u201cThe Financial Crisis: Managing in Challenging Times\u201d with Paul Krugman, March 18, 2009, Athens, Greece\">\n\t\t\t\t\t\t\t\t\n\t\t\t\t\t\t\t\t\t\t\t\t\t\t\t\t\t<img loading=\"lazy\" decoding=\"async\" width=\"647\" height=\"600\" src=\"https:\/\/hardouvelis.gr\/wp-content\/uploads\/2021\/04\/Finance-Minister-Dr.-Ghikas-Hardouvelis-and-Basil-Tsaras.jpg\" class=\"wd-gallery-image image-5 attachment-full\" alt=\"\" title=\"Gikas Hardouvelis with Basil Tsaras at the Pro-thesis Athens Conference: \u201cThe Financial Crisis: Managing in Challenging Times\u201d with Paul Krugman, March 18, 2009, Athens, Greece\" srcset=\"https:\/\/hardouvelis.gr\/wp-content\/uploads\/2021\/04\/Finance-Minister-Dr.-Ghikas-Hardouvelis-and-Basil-Tsaras.jpg 647w, https:\/\/hardouvelis.gr\/wp-content\/uploads\/2021\/04\/Finance-Minister-Dr.-Ghikas-Hardouvelis-and-Basil-Tsaras-300x278.jpg 300w\" sizes=\"auto, (max-width: 647px) 100vw, 647px\" \/>\t\t\t\t\t\t\t\t\n\n\t\t\t\t\t\t\t\t\t\t\t\t\t\t\t<\/a>\n\t\t\t\t\t\t\t\t\t\t\t\t<\/div>\n\t\t\t\t\t\t\t\t\t\t\t<div class=\"wd-gallery-item\">\n\t\t\t\t\t\t\t\t\t\t\t\t\t\t<a href=\"https:\/\/hardouvelis.gr\/wp-content\/uploads\/2021\/04\/Nov-26-2009-with-Japanese-Ambassador-and-his-spouse-after-the-lecture-in-Megaron.jpg\" data-elementor-open-lightbox=\"no\" data-index=\"6\" data-width=\"617\" data-height=\"408\"  title=\"Gikas Hardouvelis with Takanori Kitamura, Japanese Ambassador (left), and his spouse (right), after a lecture on Japanese Business Management: \u201cFacing the Post-Crisis New Global Economic Environment\u201d organized at the Athens Music Hall (Megaron) on November 26, 2009, in Athens, Greece\">\n\t\t\t\t\t\t\t\t\n\t\t\t\t\t\t\t\t\t\t\t\t\t\t\t\t\t<img loading=\"lazy\" decoding=\"async\" width=\"617\" height=\"408\" src=\"https:\/\/hardouvelis.gr\/wp-content\/uploads\/2021\/04\/Nov-26-2009-with-Japanese-Ambassador-and-his-spouse-after-the-lecture-in-Megaron.jpg\" class=\"wd-gallery-image image-6 attachment-full\" alt=\"\" title=\"Gikas Hardouvelis with Takanori Kitamura, Japanese Ambassador (left), and his spouse (right), after a lecture on Japanese Business Management: \u201cFacing the Post-Crisis New Global Economic Environment\u201d organized at the Athens Music Hall (Megaron) on November 26, 2009, in Athens, Greece\" srcset=\"https:\/\/hardouvelis.gr\/wp-content\/uploads\/2021\/04\/Nov-26-2009-with-Japanese-Ambassador-and-his-spouse-after-the-lecture-in-Megaron.jpg 617w, https:\/\/hardouvelis.gr\/wp-content\/uploads\/2021\/04\/Nov-26-2009-with-Japanese-Ambassador-and-his-spouse-after-the-lecture-in-Megaron-300x198.jpg 300w\" sizes=\"auto, (max-width: 617px) 100vw, 617px\" \/>\t\t\t\t\t\t\t\t\n\n\t\t\t\t\t\t\t\t\t\t\t\t\t\t\t<\/a>\n\t\t\t\t\t\t\t\t\t\t\t\t<\/div>\n\t\t\t\t\t\t\t\t\t\t\t<div class=\"wd-gallery-item\">\n\t\t\t\t\t\t\t\t\t\t\t\t\t\t<a href=\"https:\/\/hardouvelis.gr\/wp-content\/uploads\/2021\/04\/Sept-24-2010-Conference-from-left-Gikas-Hardouvelis-Christos-Gortsos-Costas-Meghir-Dimitris-Vayanos.jpg\" data-elementor-open-lightbox=\"no\" data-index=\"7\" data-width=\"3822\" data-height=\"2536\"  title=\"Sept 24 2010 Conference, from left - Gikas Hardouvelis, Christos Gortsos, Costas Meghir, Dimitris Vayanos\">\n\t\t\t\t\t\t\t\t\n\t\t\t\t\t\t\t\t\t\t\t\t\t\t\t\t\t<img loading=\"lazy\" decoding=\"async\" width=\"3822\" height=\"2536\" src=\"https:\/\/hardouvelis.gr\/wp-content\/uploads\/2021\/04\/Sept-24-2010-Conference-from-left-Gikas-Hardouvelis-Christos-Gortsos-Costas-Meghir-Dimitris-Vayanos.jpg\" class=\"wd-gallery-image image-7 attachment-full\" alt=\"\" title=\"Sept 24 2010 Conference, from left - Gikas Hardouvelis, Christos Gortsos, Costas Meghir, Dimitris Vayanos\" srcset=\"https:\/\/hardouvelis.gr\/wp-content\/uploads\/2021\/04\/Sept-24-2010-Conference-from-left-Gikas-Hardouvelis-Christos-Gortsos-Costas-Meghir-Dimitris-Vayanos.jpg 3822w, https:\/\/hardouvelis.gr\/wp-content\/uploads\/2021\/04\/Sept-24-2010-Conference-from-left-Gikas-Hardouvelis-Christos-Gortsos-Costas-Meghir-Dimitris-Vayanos-300x199.jpg 300w, https:\/\/hardouvelis.gr\/wp-content\/uploads\/2021\/04\/Sept-24-2010-Conference-from-left-Gikas-Hardouvelis-Christos-Gortsos-Costas-Meghir-Dimitris-Vayanos-768x510.jpg 768w, https:\/\/hardouvelis.gr\/wp-content\/uploads\/2021\/04\/Sept-24-2010-Conference-from-left-Gikas-Hardouvelis-Christos-Gortsos-Costas-Meghir-Dimitris-Vayanos-1024x679.jpg 1024w\" sizes=\"auto, (max-width: 3822px) 100vw, 3822px\" \/>\t\t\t\t\t\t\t\t\n\n\t\t\t\t\t\t\t\t\t\t\t\t\t\t\t<\/a>\n\t\t\t\t\t\t\t\t\t\t\t\t<\/div>\n\t\t\t\t\t\t\t\t\t\t\t<div class=\"wd-gallery-item\">\n\t\t\t\t\t\t\t\t\t\t\t\t\t\t<a href=\"https:\/\/hardouvelis.gr\/wp-content\/uploads\/2021\/04\/Feb-18-2009-in-the-Czech-Embassy-from-the-left-Massourakis-Varvitsiotis-Zombanakis-Hardouvelis-Mylonas.bmp\" data-elementor-open-lightbox=\"no\" data-index=\"8\" data-width=\"1392\" data-height=\"778\"  title=\"Round-Table Discussion on \u201cProspects of the Greek Economy and the Financial Sector in Greece\u201d hosted by the Embassy of the Czech Republic in Athens. (from left) M. Massourakis, M. Varvitsiotis, M. Zombanakis, G. Hardouvelis, P. Mylonas. February 11, 2009, Athens, Greece\">\n\t\t\t\t\t\t\t\t\n\t\t\t\t\t\t\t\t\t\t\t\t\t\t\t\t\t<img loading=\"lazy\" decoding=\"async\" width=\"1392\" height=\"778\" src=\"https:\/\/hardouvelis.gr\/wp-content\/uploads\/2021\/04\/Feb-18-2009-in-the-Czech-Embassy-from-the-left-Massourakis-Varvitsiotis-Zombanakis-Hardouvelis-Mylonas.bmp\" class=\"wd-gallery-image image-8 attachment-full\" alt=\"\" title=\"Round-Table Discussion on \u201cProspects of the Greek Economy and the Financial Sector in Greece\u201d hosted by the Embassy of the Czech Republic in Athens. (from left) M. Massourakis, M. Varvitsiotis, M. Zombanakis, G. Hardouvelis, P. Mylonas. February 11, 2009, Athens, Greece\" \/>\t\t\t\t\t\t\t\t\n\n\t\t\t\t\t\t\t\t\t\t\t\t\t\t\t<\/a>\n\t\t\t\t\t\t\t\t\t\t\t\t<\/div>\n\t\t\t\t\t\t\t\t\t\t\t<div class=\"wd-gallery-item\">\n\t\t\t\t\t\t\t\t\t\t\t\t\t\t<a href=\"https:\/\/hardouvelis.gr\/wp-content\/uploads\/2021\/04\/Apr-7-2009_SEV-Forum_from-left-Nikos-Haritakis-Antonis-Karakousis-Gikas-Hardouvelis-Nikos-Angelopoulos.jpg\" data-elementor-open-lightbox=\"no\" data-index=\"9\" data-width=\"1062\" data-height=\"705\"  title=\"9th Open Forum on the Global Financial Crisis, organized by SEV (Hellenic Federation of Enterprises). (from left) Nikos Haritakis, Antonis Karakousis, Gikas Hardouvelis, Nikos Angelopoulos, April 7, 2009, Athens, Greece\">\n\t\t\t\t\t\t\t\t\n\t\t\t\t\t\t\t\t\t\t\t\t\t\t\t\t\t<img loading=\"lazy\" decoding=\"async\" width=\"1062\" height=\"705\" src=\"https:\/\/hardouvelis.gr\/wp-content\/uploads\/2021\/04\/Apr-7-2009_SEV-Forum_from-left-Nikos-Haritakis-Antonis-Karakousis-Gikas-Hardouvelis-Nikos-Angelopoulos.jpg\" class=\"wd-gallery-image image-9 attachment-full\" alt=\"\" title=\"9th Open Forum on the Global Financial Crisis, organized by SEV (Hellenic Federation of Enterprises). (from left) Nikos Haritakis, Antonis Karakousis, Gikas Hardouvelis, Nikos Angelopoulos, April 7, 2009, Athens, Greece\" srcset=\"https:\/\/hardouvelis.gr\/wp-content\/uploads\/2021\/04\/Apr-7-2009_SEV-Forum_from-left-Nikos-Haritakis-Antonis-Karakousis-Gikas-Hardouvelis-Nikos-Angelopoulos.jpg 1062w, https:\/\/hardouvelis.gr\/wp-content\/uploads\/2021\/04\/Apr-7-2009_SEV-Forum_from-left-Nikos-Haritakis-Antonis-Karakousis-Gikas-Hardouvelis-Nikos-Angelopoulos-300x199.jpg 300w, https:\/\/hardouvelis.gr\/wp-content\/uploads\/2021\/04\/Apr-7-2009_SEV-Forum_from-left-Nikos-Haritakis-Antonis-Karakousis-Gikas-Hardouvelis-Nikos-Angelopoulos-768x510.jpg 768w, https:\/\/hardouvelis.gr\/wp-content\/uploads\/2021\/04\/Apr-7-2009_SEV-Forum_from-left-Nikos-Haritakis-Antonis-Karakousis-Gikas-Hardouvelis-Nikos-Angelopoulos-1024x680.jpg 1024w, https:\/\/hardouvelis.gr\/wp-content\/uploads\/2021\/04\/Apr-7-2009_SEV-Forum_from-left-Nikos-Haritakis-Antonis-Karakousis-Gikas-Hardouvelis-Nikos-Angelopoulos-272x182.jpg 272w\" sizes=\"auto, (max-width: 1062px) 100vw, 1062px\" \/>\t\t\t\t\t\t\t\t\n\n\t\t\t\t\t\t\t\t\t\t\t\t\t\t\t<\/a>\n\t\t\t\t\t\t\t\t\t\t\t\t<\/div>\n\t\t\t\t\t\t\t\t\t\t\t<div class=\"wd-gallery-item\">\n\t\t\t\t\t\t\t\t\t\t\t\t\t\t<a href=\"https:\/\/hardouvelis.gr\/wp-content\/uploads\/2021\/04\/07-04-09_Forum_Workgroup-I_5735.jpg\" data-elementor-open-lightbox=\"no\" data-index=\"10\" data-width=\"1062\" data-height=\"705\"  title=\"9th Open Forum on Global Financial Crisis, organized by SEV (Hellenic Federation of Enterprises), April 7, 2009, Athens, Greece\">\n\t\t\t\t\t\t\t\t\n\t\t\t\t\t\t\t\t\t\t\t\t\t\t\t\t\t<img loading=\"lazy\" decoding=\"async\" width=\"1062\" height=\"705\" src=\"https:\/\/hardouvelis.gr\/wp-content\/uploads\/2021\/04\/07-04-09_Forum_Workgroup-I_5735.jpg\" class=\"wd-gallery-image image-10 attachment-full\" alt=\"\" title=\"9th Open Forum on Global Financial Crisis, organized by SEV (Hellenic Federation of Enterprises), April 7, 2009, Athens, Greece\" srcset=\"https:\/\/hardouvelis.gr\/wp-content\/uploads\/2021\/04\/07-04-09_Forum_Workgroup-I_5735.jpg 1062w, https:\/\/hardouvelis.gr\/wp-content\/uploads\/2021\/04\/07-04-09_Forum_Workgroup-I_5735-300x199.jpg 300w, https:\/\/hardouvelis.gr\/wp-content\/uploads\/2021\/04\/07-04-09_Forum_Workgroup-I_5735-768x510.jpg 768w, https:\/\/hardouvelis.gr\/wp-content\/uploads\/2021\/04\/07-04-09_Forum_Workgroup-I_5735-1024x680.jpg 1024w, https:\/\/hardouvelis.gr\/wp-content\/uploads\/2021\/04\/07-04-09_Forum_Workgroup-I_5735-272x182.jpg 272w\" sizes=\"auto, (max-width: 1062px) 100vw, 1062px\" \/>\t\t\t\t\t\t\t\t\n\n\t\t\t\t\t\t\t\t\t\t\t\t\t\t\t<\/a>\n\t\t\t\t\t\t\t\t\t\t\t\t<\/div>\n\t\t\t\t\t\t\t\t\t\t\t<div class=\"wd-gallery-item\">\n\t\t\t\t\t\t\t\t\t\t\t\t\t\t<a href=\"https:\/\/hardouvelis.gr\/wp-content\/uploads\/2021\/04\/07-04-09_Forum_Workgroup-I_5741.jpg\" data-elementor-open-lightbox=\"no\" data-index=\"11\" data-width=\"1062\" data-height=\"705\"  title=\"9th Open Forum on Global Financial Crisis, organized by SEV (Hellenic Federation of Enterprises). (from left) Antonis Karakousis, Gikas Hardouvelis, Nikos Angelopoulos, April 7, 2009, Athens, Greece\">\n\t\t\t\t\t\t\t\t\n\t\t\t\t\t\t\t\t\t\t\t\t\t\t\t\t\t<img loading=\"lazy\" decoding=\"async\" width=\"1062\" height=\"705\" src=\"https:\/\/hardouvelis.gr\/wp-content\/uploads\/2021\/04\/07-04-09_Forum_Workgroup-I_5741.jpg\" class=\"wd-gallery-image image-11 attachment-full\" alt=\"\" title=\"9th Open Forum on Global Financial Crisis, organized by SEV (Hellenic Federation of Enterprises). (from left) Antonis Karakousis, Gikas Hardouvelis, Nikos Angelopoulos, April 7, 2009, Athens, Greece\" srcset=\"https:\/\/hardouvelis.gr\/wp-content\/uploads\/2021\/04\/07-04-09_Forum_Workgroup-I_5741.jpg 1062w, https:\/\/hardouvelis.gr\/wp-content\/uploads\/2021\/04\/07-04-09_Forum_Workgroup-I_5741-300x199.jpg 300w, https:\/\/hardouvelis.gr\/wp-content\/uploads\/2021\/04\/07-04-09_Forum_Workgroup-I_5741-768x510.jpg 768w, https:\/\/hardouvelis.gr\/wp-content\/uploads\/2021\/04\/07-04-09_Forum_Workgroup-I_5741-1024x680.jpg 1024w, https:\/\/hardouvelis.gr\/wp-content\/uploads\/2021\/04\/07-04-09_Forum_Workgroup-I_5741-272x182.jpg 272w\" sizes=\"auto, (max-width: 1062px) 100vw, 1062px\" \/>\t\t\t\t\t\t\t\t\n\n\t\t\t\t\t\t\t\t\t\t\t\t\t\t\t<\/a>\n\t\t\t\t\t\t\t\t\t\t\t\t<\/div>\n\t\t\t\t\t\t\t\t\t\t\t<div class=\"wd-gallery-item\">\n\t\t\t\t\t\t\t\t\t\t\t\t\t\t<a href=\"https:\/\/hardouvelis.gr\/wp-content\/uploads\/2021\/04\/Sept-12-2010-Gikas-Hardouvelis-with-long-time-collaborator-and-PhD-economist-Theodore-Stamatiou-on-his-wedding-day.jpg\" data-elementor-open-lightbox=\"no\" data-index=\"12\" data-width=\"4224\" data-height=\"3168\"  title=\"With Theodore Stamatiou, a long-time collaborator and PhD Economist, on his wedding day, September 12, 2010, Athens, Greece\">\n\t\t\t\t\t\t\t\t\n\t\t\t\t\t\t\t\t\t\t\t\t\t\t\t\t\t<img loading=\"lazy\" decoding=\"async\" width=\"4224\" height=\"3168\" src=\"https:\/\/hardouvelis.gr\/wp-content\/uploads\/2021\/04\/Sept-12-2010-Gikas-Hardouvelis-with-long-time-collaborator-and-PhD-economist-Theodore-Stamatiou-on-his-wedding-day.jpg\" class=\"wd-gallery-image image-12 attachment-full\" alt=\"\" title=\"With Theodore Stamatiou, a long-time collaborator and PhD Economist, on his wedding day, September 12, 2010, Athens, Greece\" srcset=\"https:\/\/hardouvelis.gr\/wp-content\/uploads\/2021\/04\/Sept-12-2010-Gikas-Hardouvelis-with-long-time-collaborator-and-PhD-economist-Theodore-Stamatiou-on-his-wedding-day.jpg 4224w, https:\/\/hardouvelis.gr\/wp-content\/uploads\/2021\/04\/Sept-12-2010-Gikas-Hardouvelis-with-long-time-collaborator-and-PhD-economist-Theodore-Stamatiou-on-his-wedding-day-300x225.jpg 300w, https:\/\/hardouvelis.gr\/wp-content\/uploads\/2021\/04\/Sept-12-2010-Gikas-Hardouvelis-with-long-time-collaborator-and-PhD-economist-Theodore-Stamatiou-on-his-wedding-day-768x576.jpg 768w, https:\/\/hardouvelis.gr\/wp-content\/uploads\/2021\/04\/Sept-12-2010-Gikas-Hardouvelis-with-long-time-collaborator-and-PhD-economist-Theodore-Stamatiou-on-his-wedding-day-1024x768.jpg 1024w, https:\/\/hardouvelis.gr\/wp-content\/uploads\/2021\/04\/Sept-12-2010-Gikas-Hardouvelis-with-long-time-collaborator-and-PhD-economist-Theodore-Stamatiou-on-his-wedding-day-350x263.jpg 350w, https:\/\/hardouvelis.gr\/wp-content\/uploads\/2021\/04\/Sept-12-2010-Gikas-Hardouvelis-with-long-time-collaborator-and-PhD-economist-Theodore-Stamatiou-on-his-wedding-day-780x586.jpg 780w, https:\/\/hardouvelis.gr\/wp-content\/uploads\/2021\/04\/Sept-12-2010-Gikas-Hardouvelis-with-long-time-collaborator-and-PhD-economist-Theodore-Stamatiou-on-his-wedding-day-250x188.jpg 250w\" sizes=\"auto, (max-width: 4224px) 100vw, 4224px\" \/>\t\t\t\t\t\t\t\t\n\n\t\t\t\t\t\t\t\t\t\t\t\t\t\t\t<\/a>\n\t\t\t\t\t\t\t\t\t\t\t\t<\/div>\n\t\t\t\t\t\t\t\t\t\t\t<div class=\"wd-gallery-item\">\n\t\t\t\t\t\t\t\t\t\t\t\t\t\t<a href=\"https:\/\/hardouvelis.gr\/wp-content\/uploads\/2021\/04\/Sept-12-2010-Finance-Dept.-Professors-Panos-Staikouras_George_Skiadopoulos_Gikas-Hardouvelis.jpg\" data-elementor-open-lightbox=\"no\" data-index=\"13\" data-width=\"4224\" data-height=\"3168\"  title=\"With Professors from the  Department of Banking and Finance, University of Piraeus (from left), Panos Staikouras, George Skiadopoulos, Gikas Hardouvelis, September 12, 2010, Athens, Greece\">\n\t\t\t\t\t\t\t\t\n\t\t\t\t\t\t\t\t\t\t\t\t\t\t\t\t\t<img loading=\"lazy\" decoding=\"async\" width=\"4224\" height=\"3168\" src=\"https:\/\/hardouvelis.gr\/wp-content\/uploads\/2021\/04\/Sept-12-2010-Finance-Dept.-Professors-Panos-Staikouras_George_Skiadopoulos_Gikas-Hardouvelis.jpg\" class=\"wd-gallery-image image-13 attachment-full\" alt=\"\" title=\"With Professors from the  Department of Banking and Finance, University of Piraeus (from left), Panos Staikouras, George Skiadopoulos, Gikas Hardouvelis, September 12, 2010, Athens, Greece\" srcset=\"https:\/\/hardouvelis.gr\/wp-content\/uploads\/2021\/04\/Sept-12-2010-Finance-Dept.-Professors-Panos-Staikouras_George_Skiadopoulos_Gikas-Hardouvelis.jpg 4224w, https:\/\/hardouvelis.gr\/wp-content\/uploads\/2021\/04\/Sept-12-2010-Finance-Dept.-Professors-Panos-Staikouras_George_Skiadopoulos_Gikas-Hardouvelis-300x225.jpg 300w, https:\/\/hardouvelis.gr\/wp-content\/uploads\/2021\/04\/Sept-12-2010-Finance-Dept.-Professors-Panos-Staikouras_George_Skiadopoulos_Gikas-Hardouvelis-768x576.jpg 768w, https:\/\/hardouvelis.gr\/wp-content\/uploads\/2021\/04\/Sept-12-2010-Finance-Dept.-Professors-Panos-Staikouras_George_Skiadopoulos_Gikas-Hardouvelis-1024x768.jpg 1024w, https:\/\/hardouvelis.gr\/wp-content\/uploads\/2021\/04\/Sept-12-2010-Finance-Dept.-Professors-Panos-Staikouras_George_Skiadopoulos_Gikas-Hardouvelis-350x263.jpg 350w, https:\/\/hardouvelis.gr\/wp-content\/uploads\/2021\/04\/Sept-12-2010-Finance-Dept.-Professors-Panos-Staikouras_George_Skiadopoulos_Gikas-Hardouvelis-780x586.jpg 780w, https:\/\/hardouvelis.gr\/wp-content\/uploads\/2021\/04\/Sept-12-2010-Finance-Dept.-Professors-Panos-Staikouras_George_Skiadopoulos_Gikas-Hardouvelis-250x188.jpg 250w\" sizes=\"auto, (max-width: 4224px) 100vw, 4224px\" \/>\t\t\t\t\t\t\t\t\n\n\t\t\t\t\t\t\t\t\t\t\t\t\t\t\t<\/a>\n\t\t\t\t\t\t\t\t\t\t\t\t<\/div>\n\t\t\t\t\t\t\t\t\t\t\t<div class=\"wd-gallery-item\">\n\t\t\t\t\t\t\t\t\t\t\t\t\t\t<a href=\"https:\/\/hardouvelis.gr\/wp-content\/uploads\/2021\/04\/Jan-10-2009-Finance-Dept-George-Skiadopoulos_Manolis-Tsiritakis_Nikos-Kourogenis_Nikolas-Apergis_George-Katsimbris_Gikas-Hardouvelis.jpg\" data-elementor-open-lightbox=\"no\" data-index=\"14\" data-width=\"4224\" data-height=\"3168\"  title=\"With Professors of the Department of Banking &amp;Finance, University of Piraeus, (from left) George Skiadopoulos, Manolis Tsiritakis, Nikos Kourogenis, Nikos Apergis, George Katsimbris, and Gikas Hardouvelis, on January 10, 2009, Piraeus, Greece\">\n\t\t\t\t\t\t\t\t\n\t\t\t\t\t\t\t\t\t\t\t\t\t\t\t\t\t<img loading=\"lazy\" decoding=\"async\" width=\"4224\" height=\"3168\" src=\"https:\/\/hardouvelis.gr\/wp-content\/uploads\/2021\/04\/Jan-10-2009-Finance-Dept-George-Skiadopoulos_Manolis-Tsiritakis_Nikos-Kourogenis_Nikolas-Apergis_George-Katsimbris_Gikas-Hardouvelis.jpg\" class=\"wd-gallery-image image-14 attachment-full\" alt=\"\" title=\"With Professors of the Department of Banking &amp;Finance, University of Piraeus, (from left) George Skiadopoulos, Manolis Tsiritakis, Nikos Kourogenis, Nikos Apergis, George Katsimbris, and Gikas Hardouvelis, on January 10, 2009, Piraeus, Greece\" srcset=\"https:\/\/hardouvelis.gr\/wp-content\/uploads\/2021\/04\/Jan-10-2009-Finance-Dept-George-Skiadopoulos_Manolis-Tsiritakis_Nikos-Kourogenis_Nikolas-Apergis_George-Katsimbris_Gikas-Hardouvelis.jpg 4224w, https:\/\/hardouvelis.gr\/wp-content\/uploads\/2021\/04\/Jan-10-2009-Finance-Dept-George-Skiadopoulos_Manolis-Tsiritakis_Nikos-Kourogenis_Nikolas-Apergis_George-Katsimbris_Gikas-Hardouvelis-300x225.jpg 300w, https:\/\/hardouvelis.gr\/wp-content\/uploads\/2021\/04\/Jan-10-2009-Finance-Dept-George-Skiadopoulos_Manolis-Tsiritakis_Nikos-Kourogenis_Nikolas-Apergis_George-Katsimbris_Gikas-Hardouvelis-768x576.jpg 768w, https:\/\/hardouvelis.gr\/wp-content\/uploads\/2021\/04\/Jan-10-2009-Finance-Dept-George-Skiadopoulos_Manolis-Tsiritakis_Nikos-Kourogenis_Nikolas-Apergis_George-Katsimbris_Gikas-Hardouvelis-1024x768.jpg 1024w, https:\/\/hardouvelis.gr\/wp-content\/uploads\/2021\/04\/Jan-10-2009-Finance-Dept-George-Skiadopoulos_Manolis-Tsiritakis_Nikos-Kourogenis_Nikolas-Apergis_George-Katsimbris_Gikas-Hardouvelis-350x263.jpg 350w, https:\/\/hardouvelis.gr\/wp-content\/uploads\/2021\/04\/Jan-10-2009-Finance-Dept-George-Skiadopoulos_Manolis-Tsiritakis_Nikos-Kourogenis_Nikolas-Apergis_George-Katsimbris_Gikas-Hardouvelis-780x586.jpg 780w, https:\/\/hardouvelis.gr\/wp-content\/uploads\/2021\/04\/Jan-10-2009-Finance-Dept-George-Skiadopoulos_Manolis-Tsiritakis_Nikos-Kourogenis_Nikolas-Apergis_George-Katsimbris_Gikas-Hardouvelis-250x188.jpg 250w\" sizes=\"auto, (max-width: 4224px) 100vw, 4224px\" \/>\t\t\t\t\t\t\t\t\n\n\t\t\t\t\t\t\t\t\t\t\t\t\t\t\t<\/a>\n\t\t\t\t\t\t\t\t\t\t\t\t<\/div>\n\t\t\t\t\t\t\t\t\t\t\t<div class=\"wd-gallery-item\">\n\t\t\t\t\t\t\t\t\t\t\t\t\t\t<a href=\"https:\/\/hardouvelis.gr\/wp-content\/uploads\/2021\/04\/Easter-2009_Rewarding_our_Poulithra-Arcadia-Greece-1950s-1960s-village-elementary-school-teachers-Evangelos-and-Matina-Tsembelis.jpg\" data-elementor-open-lightbox=\"no\" data-index=\"15\" data-width=\"4224\" data-height=\"3168\"  title=\"Rewarding our elementary school (1950s-1960s) teachers, Evangelos and Matina Tsembelis of the village (Poulithra) elementary  school, during  Easter 2009, in Poulithra, Arcadia, Greece\">\n\t\t\t\t\t\t\t\t\n\t\t\t\t\t\t\t\t\t\t\t\t\t\t\t\t\t<img loading=\"lazy\" decoding=\"async\" width=\"4224\" height=\"3168\" src=\"https:\/\/hardouvelis.gr\/wp-content\/uploads\/2021\/04\/Easter-2009_Rewarding_our_Poulithra-Arcadia-Greece-1950s-1960s-village-elementary-school-teachers-Evangelos-and-Matina-Tsembelis.jpg\" class=\"wd-gallery-image image-15 attachment-full\" alt=\"\" title=\"Rewarding our elementary school (1950s-1960s) teachers, Evangelos and Matina Tsembelis of the village (Poulithra) elementary  school, during  Easter 2009, in Poulithra, Arcadia, Greece\" srcset=\"https:\/\/hardouvelis.gr\/wp-content\/uploads\/2021\/04\/Easter-2009_Rewarding_our_Poulithra-Arcadia-Greece-1950s-1960s-village-elementary-school-teachers-Evangelos-and-Matina-Tsembelis.jpg 4224w, https:\/\/hardouvelis.gr\/wp-content\/uploads\/2021\/04\/Easter-2009_Rewarding_our_Poulithra-Arcadia-Greece-1950s-1960s-village-elementary-school-teachers-Evangelos-and-Matina-Tsembelis-300x225.jpg 300w, https:\/\/hardouvelis.gr\/wp-content\/uploads\/2021\/04\/Easter-2009_Rewarding_our_Poulithra-Arcadia-Greece-1950s-1960s-village-elementary-school-teachers-Evangelos-and-Matina-Tsembelis-768x576.jpg 768w, https:\/\/hardouvelis.gr\/wp-content\/uploads\/2021\/04\/Easter-2009_Rewarding_our_Poulithra-Arcadia-Greece-1950s-1960s-village-elementary-school-teachers-Evangelos-and-Matina-Tsembelis-1024x768.jpg 1024w, https:\/\/hardouvelis.gr\/wp-content\/uploads\/2021\/04\/Easter-2009_Rewarding_our_Poulithra-Arcadia-Greece-1950s-1960s-village-elementary-school-teachers-Evangelos-and-Matina-Tsembelis-350x263.jpg 350w, https:\/\/hardouvelis.gr\/wp-content\/uploads\/2021\/04\/Easter-2009_Rewarding_our_Poulithra-Arcadia-Greece-1950s-1960s-village-elementary-school-teachers-Evangelos-and-Matina-Tsembelis-780x586.jpg 780w, https:\/\/hardouvelis.gr\/wp-content\/uploads\/2021\/04\/Easter-2009_Rewarding_our_Poulithra-Arcadia-Greece-1950s-1960s-village-elementary-school-teachers-Evangelos-and-Matina-Tsembelis-250x188.jpg 250w\" sizes=\"auto, (max-width: 4224px) 100vw, 4224px\" \/>\t\t\t\t\t\t\t\t\n\n\t\t\t\t\t\t\t\t\t\t\t\t\t\t\t<\/a>\n\t\t\t\t\t\t\t\t\t\t\t\t<\/div>\n\t\t\t\t\t\t\t\t\t\t\t<div class=\"wd-gallery-item\">\n\t\t\t\t\t\t\t\t\t\t\t\t\t\t<a href=\"https:\/\/hardouvelis.gr\/wp-content\/uploads\/2021\/04\/Gikas-Hardouvelis-Leonidio-Arcadia-Greece-2009.jpg\" data-elementor-open-lightbox=\"no\" data-index=\"16\" data-width=\"520\" data-height=\"683\"  title=\"Unveiling the Mayor of 25 years  Stylianos Merikakis\u2019 statue at Leonidio, on May 31, 2009.  From left: Mayor Dimitris Tsigounis and Gikas Hardouvelis, in Leonidion, Arcadia, Greece\">\n\t\t\t\t\t\t\t\t\n\t\t\t\t\t\t\t\t\t\t\t\t\t\t\t\t\t<img loading=\"lazy\" decoding=\"async\" width=\"520\" height=\"683\" src=\"https:\/\/hardouvelis.gr\/wp-content\/uploads\/2021\/04\/Gikas-Hardouvelis-Leonidio-Arcadia-Greece-2009.jpg\" class=\"wd-gallery-image image-16 attachment-full\" alt=\"\" title=\"Unveiling the Mayor of 25 years  Stylianos Merikakis\u2019 statue at Leonidio, on May 31, 2009.  From left: Mayor Dimitris Tsigounis and Gikas Hardouvelis, in Leonidion, Arcadia, Greece\" srcset=\"https:\/\/hardouvelis.gr\/wp-content\/uploads\/2021\/04\/Gikas-Hardouvelis-Leonidio-Arcadia-Greece-2009.jpg 520w, https:\/\/hardouvelis.gr\/wp-content\/uploads\/2021\/04\/Gikas-Hardouvelis-Leonidio-Arcadia-Greece-2009-228x300.jpg 228w\" sizes=\"auto, (max-width: 520px) 100vw, 520px\" \/>\t\t\t\t\t\t\t\t\n\n\t\t\t\t\t\t\t\t\t\t\t\t\t\t\t<\/a>\n\t\t\t\t\t\t\t\t\t\t\t\t<\/div>\n\t\t\t\t\t\t\t\t\t\t\t<div class=\"wd-gallery-item\">\n\t\t\t\t\t\t\t\t\t\t\t\t\t\t<a href=\"https:\/\/hardouvelis.gr\/wp-content\/uploads\/2021\/04\/Gikas-Hardouvelis_speech_-Leonidio-Arcadia-Greece-2009.jpg\" data-elementor-open-lightbox=\"no\" data-index=\"17\" data-width=\"912\" data-height=\"626\"  title=\"Gikas Hardouvelis discusses  the Mayor Stylianos Merikakis\u2019 25-year contribution to the local region and community, on May 31, 2009, in Leonidion, Arcadia, Greece\">\n\t\t\t\t\t\t\t\t\n\t\t\t\t\t\t\t\t\t\t\t\t\t\t\t\t\t<img loading=\"lazy\" decoding=\"async\" width=\"912\" height=\"626\" src=\"https:\/\/hardouvelis.gr\/wp-content\/uploads\/2021\/04\/Gikas-Hardouvelis_speech_-Leonidio-Arcadia-Greece-2009.jpg\" class=\"wd-gallery-image image-17 attachment-full\" alt=\"\" title=\"Gikas Hardouvelis discusses  the Mayor Stylianos Merikakis\u2019 25-year contribution to the local region and community, on May 31, 2009, in Leonidion, Arcadia, Greece\" srcset=\"https:\/\/hardouvelis.gr\/wp-content\/uploads\/2021\/04\/Gikas-Hardouvelis_speech_-Leonidio-Arcadia-Greece-2009.jpg 912w, https:\/\/hardouvelis.gr\/wp-content\/uploads\/2021\/04\/Gikas-Hardouvelis_speech_-Leonidio-Arcadia-Greece-2009-300x206.jpg 300w, https:\/\/hardouvelis.gr\/wp-content\/uploads\/2021\/04\/Gikas-Hardouvelis_speech_-Leonidio-Arcadia-Greece-2009-768x527.jpg 768w\" sizes=\"auto, (max-width: 912px) 100vw, 912px\" \/>\t\t\t\t\t\t\t\t\n\n\t\t\t\t\t\t\t\t\t\t\t\t\t\t\t<\/a>\n\t\t\t\t\t\t\t\t\t\t\t\t<\/div>\n\t\t\t\t\t\t\t\t\t\t\t<div class=\"wd-gallery-item\">\n\t\t\t\t\t\t\t\t\t\t\t\t\t\t<a href=\"https:\/\/hardouvelis.gr\/wp-content\/uploads\/2021\/04\/ANATOLIA.jpg\" data-elementor-open-lightbox=\"no\" data-index=\"18\" data-width=\"4224\" data-height=\"3168\"  title=\"Gikas Hardouvelis being nominated the \u201cAlumnus of the Year 2010\u201d by Anatolia College, in recognition of his outstanding accomplishments and contribution to his Alma Mater\u2019s ideals and vision, on May 29, 2010, in Thessaloniki, Greece\">\n\t\t\t\t\t\t\t\t\n\t\t\t\t\t\t\t\t\t\t\t\t\t\t\t\t\t<img loading=\"lazy\" decoding=\"async\" width=\"4224\" height=\"3168\" src=\"https:\/\/hardouvelis.gr\/wp-content\/uploads\/2021\/04\/ANATOLIA.jpg\" class=\"wd-gallery-image image-18 attachment-full\" alt=\"\" title=\"Gikas Hardouvelis being nominated the \u201cAlumnus of the Year 2010\u201d by Anatolia College, in recognition of his outstanding accomplishments and contribution to his Alma Mater\u2019s ideals and vision, on May 29, 2010, in Thessaloniki, Greece\" srcset=\"https:\/\/hardouvelis.gr\/wp-content\/uploads\/2021\/04\/ANATOLIA.jpg 4224w, https:\/\/hardouvelis.gr\/wp-content\/uploads\/2021\/04\/ANATOLIA-300x225.jpg 300w, https:\/\/hardouvelis.gr\/wp-content\/uploads\/2021\/04\/ANATOLIA-768x576.jpg 768w, https:\/\/hardouvelis.gr\/wp-content\/uploads\/2021\/04\/ANATOLIA-1024x768.jpg 1024w, https:\/\/hardouvelis.gr\/wp-content\/uploads\/2021\/04\/ANATOLIA-350x263.jpg 350w, https:\/\/hardouvelis.gr\/wp-content\/uploads\/2021\/04\/ANATOLIA-780x586.jpg 780w, https:\/\/hardouvelis.gr\/wp-content\/uploads\/2021\/04\/ANATOLIA-250x188.jpg 250w\" sizes=\"auto, (max-width: 4224px) 100vw, 4224px\" \/>\t\t\t\t\t\t\t\t\n\n\t\t\t\t\t\t\t\t\t\t\t\t\t\t\t<\/a>\n\t\t\t\t\t\t\t\t\t\t\t\t<\/div>\n\t\t\t\t\t\t\t\t\t\t\t<div class=\"wd-gallery-item\">\n\t\t\t\t\t\t\t\t\t\t\t\t\t\t<a href=\"https:\/\/hardouvelis.gr\/wp-content\/uploads\/2021\/04\/ANATOLIA-1.jpg\" data-elementor-open-lightbox=\"no\" data-index=\"19\" data-width=\"3591\" data-height=\"2457\"  title=\"ANATGikas Hardouvelis being nominated   the \u201cAlumnus of the Year 2010\u201d by Anatolia College, in recognition of his outstanding accomplishments and contribution to his Alma Mater\u2019s ideals and vision, on May 29, 2010, in Thessaloniki, GreeceOLIA (1)\">\n\t\t\t\t\t\t\t\t\n\t\t\t\t\t\t\t\t\t\t\t\t\t\t\t\t\t<img loading=\"lazy\" decoding=\"async\" width=\"3591\" height=\"2457\" src=\"https:\/\/hardouvelis.gr\/wp-content\/uploads\/2021\/04\/ANATOLIA-1.jpg\" class=\"wd-gallery-image image-19 attachment-full\" alt=\"\" title=\"ANATGikas Hardouvelis being nominated   the \u201cAlumnus of the Year 2010\u201d by Anatolia College, in recognition of his outstanding accomplishments and contribution to his Alma Mater\u2019s ideals and vision, on May 29, 2010, in Thessaloniki, GreeceOLIA (1)\" srcset=\"https:\/\/hardouvelis.gr\/wp-content\/uploads\/2021\/04\/ANATOLIA-1.jpg 3591w, https:\/\/hardouvelis.gr\/wp-content\/uploads\/2021\/04\/ANATOLIA-1-300x205.jpg 300w, https:\/\/hardouvelis.gr\/wp-content\/uploads\/2021\/04\/ANATOLIA-1-768x525.jpg 768w, https:\/\/hardouvelis.gr\/wp-content\/uploads\/2021\/04\/ANATOLIA-1-1024x701.jpg 1024w\" sizes=\"auto, (max-width: 3591px) 100vw, 3591px\" \/>\t\t\t\t\t\t\t\t\n\n\t\t\t\t\t\t\t\t\t\t\t\t\t\t\t<\/a>\n\t\t\t\t\t\t\t\t\t\t\t\t<\/div>\n\t\t\t\t\t\t\t\t\t\t\t<div class=\"wd-gallery-item\">\n\t\t\t\t\t\t\t\t\t\t\t\t\t\t<a href=\"https:\/\/hardouvelis.gr\/wp-content\/uploads\/2021\/04\/Gikas-Hardouvelis-speaker-at-American-Hellenic-Chamber-of-Commerce-2009.jpg\" data-elementor-open-lightbox=\"no\" data-index=\"20\" data-width=\"541\" data-height=\"768\"  title=\"Gikas Hardouvelis speaks on \u201cGreek banks after the crisis,\u201d during the American Hellenic Chamber of Commerce Conference on the Greek economy, on December 1, 2009, in Athens, Greece.\">\n\t\t\t\t\t\t\t\t\n\t\t\t\t\t\t\t\t\t\t\t\t\t\t\t\t\t<img loading=\"lazy\" decoding=\"async\" width=\"541\" height=\"768\" src=\"https:\/\/hardouvelis.gr\/wp-content\/uploads\/2021\/04\/Gikas-Hardouvelis-speaker-at-American-Hellenic-Chamber-of-Commerce-2009.jpg\" class=\"wd-gallery-image image-20 attachment-full\" alt=\"\" title=\"Gikas Hardouvelis speaks on \u201cGreek banks after the crisis,\u201d during the American Hellenic Chamber of Commerce Conference on the Greek economy, on December 1, 2009, in Athens, Greece.\" srcset=\"https:\/\/hardouvelis.gr\/wp-content\/uploads\/2021\/04\/Gikas-Hardouvelis-speaker-at-American-Hellenic-Chamber-of-Commerce-2009.jpg 541w, https:\/\/hardouvelis.gr\/wp-content\/uploads\/2021\/04\/Gikas-Hardouvelis-speaker-at-American-Hellenic-Chamber-of-Commerce-2009-211x300.jpg 211w\" sizes=\"auto, (max-width: 541px) 100vw, 541px\" \/>\t\t\t\t\t\t\t\t\n\n\t\t\t\t\t\t\t\t\t\t\t\t\t\t\t<\/a>\n\t\t\t\t\t\t\t\t\t\t\t\t<\/div>\n\t\t\t\t\t\t\t\t\t\t\t<div class=\"wd-gallery-item\">\n\t\t\t\t\t\t\t\t\t\t\t\t\t\t<a href=\"https:\/\/hardouvelis.gr\/wp-content\/uploads\/2021\/04\/\u0397\u03bc\u03b5\u03c1\u03af\u03b4\u03b1-\u03a3\u03c5\u03bd\u03b4\u03ad\u03c3\u03bc\u03bf\u03c5-\u0395\u03ba\u03c0\u03c1\u03bf\u03c3\u03ce\u03c0\u03c9\u03bd-\u03ba\u03b1\u03b9-\u03a3\u03c4\u03b5\u03bb\u03b5\u03c7\u03ce\u03bd-\u0391\u03c6\u03b1\u03bb\u03b9\u03c3\u03c4\u03b9\u03ba\u03ce\u03bd-\u0395\u03c4\u03b1\u03b9\u03c1\u03b9\u03ce\u03bd-27.1.2010-6.jpg\" data-elementor-open-lightbox=\"no\" data-index=\"21\" data-width=\"809\" data-height=\"557\"  title=\"Gikas Hardouvelis\u2019 lecture: \u201cGlobal Crisis &amp; Greek Financial System\u201d at SESAE (Association of Representatives &amp; Executives of Insurance Companies) Conference, January 27, 2010, Thessaloniki, Greece\">\n\t\t\t\t\t\t\t\t\n\t\t\t\t\t\t\t\t\t\t\t\t\t\t\t\t\t<img loading=\"lazy\" decoding=\"async\" width=\"809\" height=\"557\" src=\"https:\/\/hardouvelis.gr\/wp-content\/uploads\/2021\/04\/\u0397\u03bc\u03b5\u03c1\u03af\u03b4\u03b1-\u03a3\u03c5\u03bd\u03b4\u03ad\u03c3\u03bc\u03bf\u03c5-\u0395\u03ba\u03c0\u03c1\u03bf\u03c3\u03ce\u03c0\u03c9\u03bd-\u03ba\u03b1\u03b9-\u03a3\u03c4\u03b5\u03bb\u03b5\u03c7\u03ce\u03bd-\u0391\u03c6\u03b1\u03bb\u03b9\u03c3\u03c4\u03b9\u03ba\u03ce\u03bd-\u0395\u03c4\u03b1\u03b9\u03c1\u03b9\u03ce\u03bd-27.1.2010-6.jpg\" class=\"wd-gallery-image image-21 attachment-full\" alt=\"\" title=\"Gikas Hardouvelis\u2019 lecture: \u201cGlobal Crisis &amp; Greek Financial System\u201d at SESAE (Association of Representatives &amp; Executives of Insurance Companies) Conference, January 27, 2010, Thessaloniki, Greece\" srcset=\"https:\/\/hardouvelis.gr\/wp-content\/uploads\/2021\/04\/\u0397\u03bc\u03b5\u03c1\u03af\u03b4\u03b1-\u03a3\u03c5\u03bd\u03b4\u03ad\u03c3\u03bc\u03bf\u03c5-\u0395\u03ba\u03c0\u03c1\u03bf\u03c3\u03ce\u03c0\u03c9\u03bd-\u03ba\u03b1\u03b9-\u03a3\u03c4\u03b5\u03bb\u03b5\u03c7\u03ce\u03bd-\u0391\u03c6\u03b1\u03bb\u03b9\u03c3\u03c4\u03b9\u03ba\u03ce\u03bd-\u0395\u03c4\u03b1\u03b9\u03c1\u03b9\u03ce\u03bd-27.1.2010-6.jpg 809w, https:\/\/hardouvelis.gr\/wp-content\/uploads\/2021\/04\/\u0397\u03bc\u03b5\u03c1\u03af\u03b4\u03b1-\u03a3\u03c5\u03bd\u03b4\u03ad\u03c3\u03bc\u03bf\u03c5-\u0395\u03ba\u03c0\u03c1\u03bf\u03c3\u03ce\u03c0\u03c9\u03bd-\u03ba\u03b1\u03b9-\u03a3\u03c4\u03b5\u03bb\u03b5\u03c7\u03ce\u03bd-\u0391\u03c6\u03b1\u03bb\u03b9\u03c3\u03c4\u03b9\u03ba\u03ce\u03bd-\u0395\u03c4\u03b1\u03b9\u03c1\u03b9\u03ce\u03bd-27.1.2010-6-300x207.jpg 300w, https:\/\/hardouvelis.gr\/wp-content\/uploads\/2021\/04\/\u0397\u03bc\u03b5\u03c1\u03af\u03b4\u03b1-\u03a3\u03c5\u03bd\u03b4\u03ad\u03c3\u03bc\u03bf\u03c5-\u0395\u03ba\u03c0\u03c1\u03bf\u03c3\u03ce\u03c0\u03c9\u03bd-\u03ba\u03b1\u03b9-\u03a3\u03c4\u03b5\u03bb\u03b5\u03c7\u03ce\u03bd-\u0391\u03c6\u03b1\u03bb\u03b9\u03c3\u03c4\u03b9\u03ba\u03ce\u03bd-\u0395\u03c4\u03b1\u03b9\u03c1\u03b9\u03ce\u03bd-27.1.2010-6-768x529.jpg 768w\" sizes=\"auto, (max-width: 809px) 100vw, 809px\" \/>\t\t\t\t\t\t\t\t\n\n\t\t\t\t\t\t\t\t\t\t\t\t\t\t\t<\/a>\n\t\t\t\t\t\t\t\t\t\t\t\t<\/div>\n\t\t\t\t\t\t\t\t\t\t\t\t<\/div>\n\t\t<\/div>\n\t\t\t\t[\/vc_tta_section][vc_tta_section title=&#8221;2008 &#8211; 2005&#8243; tab_id=&#8221;1684153288753-a022fc37-391d&#8221;]\t\t<div id=\"gallery_358\" class=\"wd-images-gallery wd-rs-646223e464bf5 wd-justify-center wd-items-middle view-justified photoswipe-images\" >\n\t\t\t<div class=\"gallery-images\">\n\t\t\t\t\t\t\t\t\t\t\t\t\t\t\t<div class=\"wd-gallery-item\">\n\t\t\t\t\t\t\t\t\t\t\t\t\t\t<a href=\"https:\/\/hardouvelis.gr\/wp-content\/uploads\/2021\/04\/Gikas-Hardouvelis-with-Nobel-Laureate-Myron-Scholes_EFA-CONF-Aug-2008-1.jpg\" data-elementor-open-lightbox=\"no\" data-index=\"1\" data-width=\"961\" data-height=\"664\"  title=\"Gikas Hardouvelis with Nobel Laureate Myron Scholes at the 35th Annual Meeting of the European Finance Association, on August 27, 2008, in Athens, Greece\">\n\t\t\t\t\t\t\t\t\n\t\t\t\t\t\t\t\t\t\t\t\t\t\t\t\t\t<img loading=\"lazy\" decoding=\"async\" width=\"961\" height=\"664\" src=\"https:\/\/hardouvelis.gr\/wp-content\/uploads\/2021\/04\/Gikas-Hardouvelis-with-Nobel-Laureate-Myron-Scholes_EFA-CONF-Aug-2008-1.jpg\" class=\"wd-gallery-image image-1 attachment-full\" alt=\"\" title=\"Gikas Hardouvelis with Nobel Laureate Myron Scholes at the 35th Annual Meeting of the European Finance Association, on August 27, 2008, in Athens, Greece\" srcset=\"https:\/\/hardouvelis.gr\/wp-content\/uploads\/2021\/04\/Gikas-Hardouvelis-with-Nobel-Laureate-Myron-Scholes_EFA-CONF-Aug-2008-1.jpg 961w, https:\/\/hardouvelis.gr\/wp-content\/uploads\/2021\/04\/Gikas-Hardouvelis-with-Nobel-Laureate-Myron-Scholes_EFA-CONF-Aug-2008-1-300x207.jpg 300w, https:\/\/hardouvelis.gr\/wp-content\/uploads\/2021\/04\/Gikas-Hardouvelis-with-Nobel-Laureate-Myron-Scholes_EFA-CONF-Aug-2008-1-768x531.jpg 768w\" sizes=\"auto, (max-width: 961px) 100vw, 961px\" \/>\t\t\t\t\t\t\t\t\n\n\t\t\t\t\t\t\t\t\t\t\t\t\t\t\t<\/a>\n\t\t\t\t\t\t\t\t\t\t\t\t<\/div>\n\t\t\t\t\t\t\t\t\t\t\t<div class=\"wd-gallery-item\">\n\t\t\t\t\t\t\t\t\t\t\t\t\t\t<a href=\"https:\/\/hardouvelis.gr\/wp-content\/uploads\/2021\/04\/Gikas-Hardouvelis-with-Nobel-Laureate-Myron-Scholes_EFA-CONF-Aug-2008.jpg\" data-elementor-open-lightbox=\"no\" data-index=\"2\" data-width=\"425\" data-height=\"283\"  title=\"Gikas Hardouvelis with Nobel Laureate Myron Scholes at the 35th Annual Meeting of the European Finance Association, on August 27, 2008, in Athens, Greece\">\n\t\t\t\t\t\t\t\t\n\t\t\t\t\t\t\t\t\t\t\t\t\t\t\t\t\t<img loading=\"lazy\" decoding=\"async\" width=\"425\" height=\"283\" src=\"https:\/\/hardouvelis.gr\/wp-content\/uploads\/2021\/04\/Gikas-Hardouvelis-with-Nobel-Laureate-Myron-Scholes_EFA-CONF-Aug-2008.jpg\" class=\"wd-gallery-image image-2 attachment-full\" alt=\"\" title=\"Gikas Hardouvelis with Nobel Laureate Myron Scholes at the 35th Annual Meeting of the European Finance Association, on August 27, 2008, in Athens, Greece\" srcset=\"https:\/\/hardouvelis.gr\/wp-content\/uploads\/2021\/04\/Gikas-Hardouvelis-with-Nobel-Laureate-Myron-Scholes_EFA-CONF-Aug-2008.jpg 425w, https:\/\/hardouvelis.gr\/wp-content\/uploads\/2021\/04\/Gikas-Hardouvelis-with-Nobel-Laureate-Myron-Scholes_EFA-CONF-Aug-2008-300x200.jpg 300w, https:\/\/hardouvelis.gr\/wp-content\/uploads\/2021\/04\/Gikas-Hardouvelis-with-Nobel-Laureate-Myron-Scholes_EFA-CONF-Aug-2008-272x182.jpg 272w\" sizes=\"auto, (max-width: 425px) 100vw, 425px\" \/>\t\t\t\t\t\t\t\t\n\n\t\t\t\t\t\t\t\t\t\t\t\t\t\t\t<\/a>\n\t\t\t\t\t\t\t\t\t\t\t\t<\/div>\n\t\t\t\t\t\t\t\t\t\t\t<div class=\"wd-gallery-item\">\n\t\t\t\t\t\t\t\t\t\t\t\t\t\t<a href=\"https:\/\/hardouvelis.gr\/wp-content\/uploads\/2021\/05\/with-Greenspan.jpg\" data-elementor-open-lightbox=\"no\" data-index=\"3\" data-width=\"1006\" data-height=\"692\"  title=\"Gikas Hardouvelis, as the moderator of the Capital Leaders Forum: \u201cInterviewing Alan Greenspan\u201d, in live connection with Alan Greenspan, on May 20, 2008, in the Athens Music Hall, Athens, Greece.\">\n\t\t\t\t\t\t\t\t\n\t\t\t\t\t\t\t\t\t\t\t\t\t\t\t\t\t<img loading=\"lazy\" decoding=\"async\" width=\"1006\" height=\"692\" src=\"https:\/\/hardouvelis.gr\/wp-content\/uploads\/2021\/05\/with-Greenspan.jpg\" class=\"wd-gallery-image image-3 attachment-full\" alt=\"\" title=\"Gikas Hardouvelis, as the moderator of the Capital Leaders Forum: \u201cInterviewing Alan Greenspan\u201d, in live connection with Alan Greenspan, on May 20, 2008, in the Athens Music Hall, Athens, Greece.\" srcset=\"https:\/\/hardouvelis.gr\/wp-content\/uploads\/2021\/05\/with-Greenspan.jpg 1006w, https:\/\/hardouvelis.gr\/wp-content\/uploads\/2021\/05\/with-Greenspan-300x206.jpg 300w, https:\/\/hardouvelis.gr\/wp-content\/uploads\/2021\/05\/with-Greenspan-768x528.jpg 768w\" sizes=\"auto, (max-width: 1006px) 100vw, 1006px\" \/>\t\t\t\t\t\t\t\t\n\n\t\t\t\t\t\t\t\t\t\t\t\t\t\t\t<\/a>\n\t\t\t\t\t\t\t\t\t\t\t\t<\/div>\n\t\t\t\t\t\t\t\t\t\t\t<div class=\"wd-gallery-item\">\n\t\t\t\t\t\t\t\t\t\t\t\t\t\t<a href=\"https:\/\/hardouvelis.gr\/wp-content\/uploads\/2021\/05\/GH-with-Greenspan.jpg\" data-elementor-open-lightbox=\"no\" data-index=\"4\" data-width=\"624\" data-height=\"498\"  title=\"Gikas Hardouvelis, as the moderator of the Capital Leaders Forum: \u201cInterviewing Alan Greenspan\u201d, in live connection with Alan Greenspan, on May 20, 2008, in the Athens Music Hall, Athens, Greece.\">\n\t\t\t\t\t\t\t\t\n\t\t\t\t\t\t\t\t\t\t\t\t\t\t\t\t\t<img loading=\"lazy\" decoding=\"async\" width=\"624\" height=\"498\" src=\"https:\/\/hardouvelis.gr\/wp-content\/uploads\/2021\/05\/GH-with-Greenspan.jpg\" class=\"wd-gallery-image image-4 attachment-full\" alt=\"\" title=\"Gikas Hardouvelis, as the moderator of the Capital Leaders Forum: \u201cInterviewing Alan Greenspan\u201d, in live connection with Alan Greenspan, on May 20, 2008, in the Athens Music Hall, Athens, Greece.\" srcset=\"https:\/\/hardouvelis.gr\/wp-content\/uploads\/2021\/05\/GH-with-Greenspan.jpg 624w, https:\/\/hardouvelis.gr\/wp-content\/uploads\/2021\/05\/GH-with-Greenspan-300x239.jpg 300w\" sizes=\"auto, (max-width: 624px) 100vw, 624px\" \/>\t\t\t\t\t\t\t\t\n\n\t\t\t\t\t\t\t\t\t\t\t\t\t\t\t<\/a>\n\t\t\t\t\t\t\t\t\t\t\t\t<\/div>\n\t\t\t\t\t\t\t\t\t\t\t<div class=\"wd-gallery-item\">\n\t\t\t\t\t\t\t\t\t\t\t\t\t\t<a href=\"https:\/\/hardouvelis.gr\/wp-content\/uploads\/2021\/04\/1.with-Professor-Jeffrey-Sachs-in-EASE-conference.jpg\" data-elementor-open-lightbox=\"no\" data-index=\"5\" data-width=\"334\" data-height=\"468\"  title=\"Gikas Hardouvelis with Professor Jeffrey Sachs at EASE (Association of Chief Executive Officers) Conference, on May 19, 2005, in Athens, Greece\">\n\t\t\t\t\t\t\t\t\n\t\t\t\t\t\t\t\t\t\t\t\t\t\t\t\t\t<img loading=\"lazy\" decoding=\"async\" width=\"334\" height=\"468\" src=\"https:\/\/hardouvelis.gr\/wp-content\/uploads\/2021\/04\/1.with-Professor-Jeffrey-Sachs-in-EASE-conference.jpg\" class=\"wd-gallery-image image-5 attachment-full\" alt=\"\" title=\"Gikas Hardouvelis with Professor Jeffrey Sachs at EASE (Association of Chief Executive Officers) Conference, on May 19, 2005, in Athens, Greece\" srcset=\"https:\/\/hardouvelis.gr\/wp-content\/uploads\/2021\/04\/1.with-Professor-Jeffrey-Sachs-in-EASE-conference.jpg 334w, https:\/\/hardouvelis.gr\/wp-content\/uploads\/2021\/04\/1.with-Professor-Jeffrey-Sachs-in-EASE-conference-214x300.jpg 214w\" sizes=\"auto, (max-width: 334px) 100vw, 334px\" \/>\t\t\t\t\t\t\t\t\n\n\t\t\t\t\t\t\t\t\t\t\t\t\t\t\t<\/a>\n\t\t\t\t\t\t\t\t\t\t\t\t<\/div>\n\t\t\t\t\t\t\t\t\t\t\t<div class=\"wd-gallery-item\">\n\t\t\t\t\t\t\t\t\t\t\t\t\t\t<a href=\"https:\/\/hardouvelis.gr\/wp-content\/uploads\/2021\/04\/2.EASE-Conference-Pelagidis-Boutaris-Sachs-Hardouvelis-Bitros.jpg\" data-elementor-open-lightbox=\"no\" data-index=\"6\" data-width=\"627\" data-height=\"459\"  title=\"Gikas Hardouvelis, speaker at EASE (Association of Chief Executive Officers) Conference,(from left) Th. Pelagidis, Y. Boutaris, G. Hardouvelis, J. Sachs, G. Bitros, on May 19, 2005, in Athens, Greece\">\n\t\t\t\t\t\t\t\t\n\t\t\t\t\t\t\t\t\t\t\t\t\t\t\t\t\t<img loading=\"lazy\" decoding=\"async\" width=\"627\" height=\"459\" src=\"https:\/\/hardouvelis.gr\/wp-content\/uploads\/2021\/04\/2.EASE-Conference-Pelagidis-Boutaris-Sachs-Hardouvelis-Bitros.jpg\" class=\"wd-gallery-image image-6 attachment-full\" alt=\"\" title=\"Gikas Hardouvelis, speaker at EASE (Association of Chief Executive Officers) Conference,(from left) Th. Pelagidis, Y. Boutaris, G. Hardouvelis, J. Sachs, G. Bitros, on May 19, 2005, in Athens, Greece\" srcset=\"https:\/\/hardouvelis.gr\/wp-content\/uploads\/2021\/04\/2.EASE-Conference-Pelagidis-Boutaris-Sachs-Hardouvelis-Bitros.jpg 627w, https:\/\/hardouvelis.gr\/wp-content\/uploads\/2021\/04\/2.EASE-Conference-Pelagidis-Boutaris-Sachs-Hardouvelis-Bitros-300x220.jpg 300w\" sizes=\"auto, (max-width: 627px) 100vw, 627px\" \/>\t\t\t\t\t\t\t\t\n\n\t\t\t\t\t\t\t\t\t\t\t\t\t\t\t<\/a>\n\t\t\t\t\t\t\t\t\t\t\t\t<\/div>\n\t\t\t\t\t\t\t\t\t\t\t<div class=\"wd-gallery-item\">\n\t\t\t\t\t\t\t\t\t\t\t\t\t\t<a href=\"https:\/\/hardouvelis.gr\/wp-content\/uploads\/2021\/04\/1.awarding-Best-Paper-authors-in-2008-European-Finance-Association.jpg\" data-elementor-open-lightbox=\"no\" data-index=\"7\" data-width=\"622\" data-height=\"435\"  title=\"Prof. Gikas Hardouvelis presents the Best Conference Paper Prize to Prof. Amit Seru (left) and Prof. Vikrant  Vig (right) during  the 35th Annual Meeting of the European Finance Association, on August 27, 2008, in Athens, Greece\">\n\t\t\t\t\t\t\t\t\n\t\t\t\t\t\t\t\t\t\t\t\t\t\t\t\t\t<img loading=\"lazy\" decoding=\"async\" width=\"622\" height=\"435\" src=\"https:\/\/hardouvelis.gr\/wp-content\/uploads\/2021\/04\/1.awarding-Best-Paper-authors-in-2008-European-Finance-Association.jpg\" class=\"wd-gallery-image image-7 attachment-full\" alt=\"\" title=\"Prof. Gikas Hardouvelis presents the Best Conference Paper Prize to Prof. Amit Seru (left) and Prof. Vikrant  Vig (right) during  the 35th Annual Meeting of the European Finance Association, on August 27, 2008, in Athens, Greece\" srcset=\"https:\/\/hardouvelis.gr\/wp-content\/uploads\/2021\/04\/1.awarding-Best-Paper-authors-in-2008-European-Finance-Association.jpg 622w, https:\/\/hardouvelis.gr\/wp-content\/uploads\/2021\/04\/1.awarding-Best-Paper-authors-in-2008-European-Finance-Association-300x210.jpg 300w\" sizes=\"auto, (max-width: 622px) 100vw, 622px\" \/>\t\t\t\t\t\t\t\t\n\n\t\t\t\t\t\t\t\t\t\t\t\t\t\t\t<\/a>\n\t\t\t\t\t\t\t\t\t\t\t\t<\/div>\n\t\t\t\t\t\t\t\t\t\t\t<div class=\"wd-gallery-item\">\n\t\t\t\t\t\t\t\t\t\t\t\t\t\t<a href=\"https:\/\/hardouvelis.gr\/wp-content\/uploads\/2021\/04\/4.Multinational-Finance-Society-meetings-in-Athens.jpg\" data-elementor-open-lightbox=\"no\" data-index=\"8\" data-width=\"623\" data-height=\"424\"  title=\"Post conference  dinner during the Multinational Finance Society annual meetings in Athens, Greece\">\n\t\t\t\t\t\t\t\t\n\t\t\t\t\t\t\t\t\t\t\t\t\t\t\t\t\t<img loading=\"lazy\" decoding=\"async\" width=\"623\" height=\"424\" src=\"https:\/\/hardouvelis.gr\/wp-content\/uploads\/2021\/04\/4.Multinational-Finance-Society-meetings-in-Athens.jpg\" class=\"wd-gallery-image image-8 attachment-full\" alt=\"\" title=\"Post conference  dinner during the Multinational Finance Society annual meetings in Athens, Greece\" srcset=\"https:\/\/hardouvelis.gr\/wp-content\/uploads\/2021\/04\/4.Multinational-Finance-Society-meetings-in-Athens.jpg 623w, https:\/\/hardouvelis.gr\/wp-content\/uploads\/2021\/04\/4.Multinational-Finance-Society-meetings-in-Athens-300x204.jpg 300w\" sizes=\"auto, (max-width: 623px) 100vw, 623px\" \/>\t\t\t\t\t\t\t\t\n\n\t\t\t\t\t\t\t\t\t\t\t\t\t\t\t<\/a>\n\t\t\t\t\t\t\t\t\t\t\t\t<\/div>\n\t\t\t\t\t\t\t\t\t\t\t<div class=\"wd-gallery-item\">\n\t\t\t\t\t\t\t\t\t\t\t\t\t\t<a href=\"https:\/\/hardouvelis.gr\/wp-content\/uploads\/2021\/04\/August-2008-with-Professor-Maria-Vassalou-organizer-of-European-Finance-Association-meetings-in-Athens.jpg\" data-elementor-open-lightbox=\"no\" data-index=\"9\" data-width=\"337\" data-height=\"480\"  title=\"With Professor Maria Vassalou, organizer of the 35th Annual Meeting of the European Finance Association, on August 27, 2008, in Athens, Greece\">\n\t\t\t\t\t\t\t\t\n\t\t\t\t\t\t\t\t\t\t\t\t\t\t\t\t\t<img loading=\"lazy\" decoding=\"async\" width=\"337\" height=\"480\" src=\"https:\/\/hardouvelis.gr\/wp-content\/uploads\/2021\/04\/August-2008-with-Professor-Maria-Vassalou-organizer-of-European-Finance-Association-meetings-in-Athens.jpg\" class=\"wd-gallery-image image-9 attachment-full\" alt=\"\" title=\"With Professor Maria Vassalou, organizer of the 35th Annual Meeting of the European Finance Association, on August 27, 2008, in Athens, Greece\" srcset=\"https:\/\/hardouvelis.gr\/wp-content\/uploads\/2021\/04\/August-2008-with-Professor-Maria-Vassalou-organizer-of-European-Finance-Association-meetings-in-Athens.jpg 337w, https:\/\/hardouvelis.gr\/wp-content\/uploads\/2021\/04\/August-2008-with-Professor-Maria-Vassalou-organizer-of-European-Finance-Association-meetings-in-Athens-211x300.jpg 211w\" sizes=\"auto, (max-width: 337px) 100vw, 337px\" \/>\t\t\t\t\t\t\t\t\n\n\t\t\t\t\t\t\t\t\t\t\t\t\t\t\t<\/a>\n\t\t\t\t\t\t\t\t\t\t\t\t<\/div>\n\t\t\t\t\t\t\t\t\t\t\t<div class=\"wd-gallery-item\">\n\t\t\t\t\t\t\t\t\t\t\t\t\t\t<a href=\"https:\/\/hardouvelis.gr\/wp-content\/uploads\/2021\/04\/DSCN1860-1.jpg\" data-elementor-open-lightbox=\"no\" data-index=\"10\" data-width=\"2272\" data-height=\"1704\"  title=\"Dinner with Sa\u00efd Business School Professors after a seminar at the Sa\u00efd Business School, Oxford University,  on May 12, 2005,  UK\">\n\t\t\t\t\t\t\t\t\n\t\t\t\t\t\t\t\t\t\t\t\t\t\t\t\t\t<img loading=\"lazy\" decoding=\"async\" width=\"2272\" height=\"1704\" src=\"https:\/\/hardouvelis.gr\/wp-content\/uploads\/2021\/04\/DSCN1860-1.jpg\" class=\"wd-gallery-image image-10 attachment-full\" alt=\"\" title=\"Dinner with Sa\u00efd Business School Professors after a seminar at the Sa\u00efd Business School, Oxford University,  on May 12, 2005,  UK\" srcset=\"https:\/\/hardouvelis.gr\/wp-content\/uploads\/2021\/04\/DSCN1860-1.jpg 2272w, https:\/\/hardouvelis.gr\/wp-content\/uploads\/2021\/04\/DSCN1860-1-300x225.jpg 300w, https:\/\/hardouvelis.gr\/wp-content\/uploads\/2021\/04\/DSCN1860-1-768x576.jpg 768w, https:\/\/hardouvelis.gr\/wp-content\/uploads\/2021\/04\/DSCN1860-1-1024x768.jpg 1024w, https:\/\/hardouvelis.gr\/wp-content\/uploads\/2021\/04\/DSCN1860-1-350x263.jpg 350w, https:\/\/hardouvelis.gr\/wp-content\/uploads\/2021\/04\/DSCN1860-1-780x586.jpg 780w, https:\/\/hardouvelis.gr\/wp-content\/uploads\/2021\/04\/DSCN1860-1-250x188.jpg 250w\" sizes=\"auto, (max-width: 2272px) 100vw, 2272px\" \/>\t\t\t\t\t\t\t\t\n\n\t\t\t\t\t\t\t\t\t\t\t\t\t\t\t<\/a>\n\t\t\t\t\t\t\t\t\t\t\t\t<\/div>\n\t\t\t\t\t\t\t\t\t\t\t<div class=\"wd-gallery-item\">\n\t\t\t\t\t\t\t\t\t\t\t\t\t\t<a href=\"https:\/\/hardouvelis.gr\/wp-content\/uploads\/2021\/04\/3.Sept-23-2008-FT_Conference-in-Athens.jpg\" data-elementor-open-lightbox=\"no\" data-index=\"11\" data-width=\"3184\" data-height=\"2120\"  title=\"Gikas Hardouvelis speaker at Financial Times Conference: \u201cBanking on Greece: Maximizing opportunities for growth and expansion,\u201d on September 23, 2008, in Athens, Greece\">\n\t\t\t\t\t\t\t\t\n\t\t\t\t\t\t\t\t\t\t\t\t\t\t\t\t\t<img loading=\"lazy\" decoding=\"async\" width=\"3184\" height=\"2120\" src=\"https:\/\/hardouvelis.gr\/wp-content\/uploads\/2021\/04\/3.Sept-23-2008-FT_Conference-in-Athens.jpg\" class=\"wd-gallery-image image-11 attachment-full\" alt=\"\" title=\"Gikas Hardouvelis speaker at Financial Times Conference: \u201cBanking on Greece: Maximizing opportunities for growth and expansion,\u201d on September 23, 2008, in Athens, Greece\" srcset=\"https:\/\/hardouvelis.gr\/wp-content\/uploads\/2021\/04\/3.Sept-23-2008-FT_Conference-in-Athens.jpg 3184w, https:\/\/hardouvelis.gr\/wp-content\/uploads\/2021\/04\/3.Sept-23-2008-FT_Conference-in-Athens-300x200.jpg 300w, https:\/\/hardouvelis.gr\/wp-content\/uploads\/2021\/04\/3.Sept-23-2008-FT_Conference-in-Athens-768x511.jpg 768w, https:\/\/hardouvelis.gr\/wp-content\/uploads\/2021\/04\/3.Sept-23-2008-FT_Conference-in-Athens-1024x682.jpg 1024w, https:\/\/hardouvelis.gr\/wp-content\/uploads\/2021\/04\/3.Sept-23-2008-FT_Conference-in-Athens-272x182.jpg 272w\" sizes=\"auto, (max-width: 3184px) 100vw, 3184px\" \/>\t\t\t\t\t\t\t\t\n\n\t\t\t\t\t\t\t\t\t\t\t\t\t\t\t<\/a>\n\t\t\t\t\t\t\t\t\t\t\t\t<\/div>\n\t\t\t\t\t\t\t\t\t\t\t<div class=\"wd-gallery-item\">\n\t\t\t\t\t\t\t\t\t\t\t\t\t\t<a href=\"https:\/\/hardouvelis.gr\/wp-content\/uploads\/2021\/04\/0104.jpg\" data-elementor-open-lightbox=\"no\" data-index=\"12\" data-width=\"2246\" data-height=\"1498\"  title=\"Eurobank private banking speaker on June 2, 2008 at Anatolia College, in Thessaloniki, Greece\">\n\t\t\t\t\t\t\t\t\n\t\t\t\t\t\t\t\t\t\t\t\t\t\t\t\t\t<img loading=\"lazy\" decoding=\"async\" width=\"2246\" height=\"1498\" src=\"https:\/\/hardouvelis.gr\/wp-content\/uploads\/2021\/04\/0104.jpg\" class=\"wd-gallery-image image-12 attachment-full\" alt=\"\" title=\"Eurobank private banking speaker on June 2, 2008 at Anatolia College, in Thessaloniki, Greece\" srcset=\"https:\/\/hardouvelis.gr\/wp-content\/uploads\/2021\/04\/0104.jpg 2246w, https:\/\/hardouvelis.gr\/wp-content\/uploads\/2021\/04\/0104-300x200.jpg 300w, https:\/\/hardouvelis.gr\/wp-content\/uploads\/2021\/04\/0104-768x512.jpg 768w, https:\/\/hardouvelis.gr\/wp-content\/uploads\/2021\/04\/0104-1024x683.jpg 1024w, https:\/\/hardouvelis.gr\/wp-content\/uploads\/2021\/04\/0104-272x182.jpg 272w\" sizes=\"auto, (max-width: 2246px) 100vw, 2246px\" \/>\t\t\t\t\t\t\t\t\n\n\t\t\t\t\t\t\t\t\t\t\t\t\t\t\t<\/a>\n\t\t\t\t\t\t\t\t\t\t\t\t<\/div>\n\t\t\t\t\t\t\t\t\t\t\t<div class=\"wd-gallery-item\">\n\t\t\t\t\t\t\t\t\t\t\t\t\t\t<a href=\"https:\/\/hardouvelis.gr\/wp-content\/uploads\/2021\/04\/0124.jpg\" data-elementor-open-lightbox=\"no\" data-index=\"13\" data-width=\"2246\" data-height=\"1498\"  title=\"The Anatolia audience of a Eurobank Private Banking conference on June 2, 2008 at Anatolia College, in Thessaloniki, Greece\">\n\t\t\t\t\t\t\t\t\n\t\t\t\t\t\t\t\t\t\t\t\t\t\t\t\t\t<img loading=\"lazy\" decoding=\"async\" width=\"2246\" height=\"1498\" src=\"https:\/\/hardouvelis.gr\/wp-content\/uploads\/2021\/04\/0124.jpg\" class=\"wd-gallery-image image-13 attachment-full\" alt=\"\" title=\"The Anatolia audience of a Eurobank Private Banking conference on June 2, 2008 at Anatolia College, in Thessaloniki, Greece\" srcset=\"https:\/\/hardouvelis.gr\/wp-content\/uploads\/2021\/04\/0124.jpg 2246w, https:\/\/hardouvelis.gr\/wp-content\/uploads\/2021\/04\/0124-300x200.jpg 300w, https:\/\/hardouvelis.gr\/wp-content\/uploads\/2021\/04\/0124-768x512.jpg 768w, https:\/\/hardouvelis.gr\/wp-content\/uploads\/2021\/04\/0124-1024x683.jpg 1024w, https:\/\/hardouvelis.gr\/wp-content\/uploads\/2021\/04\/0124-272x182.jpg 272w\" sizes=\"auto, (max-width: 2246px) 100vw, 2246px\" \/>\t\t\t\t\t\t\t\t\n\n\t\t\t\t\t\t\t\t\t\t\t\t\t\t\t<\/a>\n\t\t\t\t\t\t\t\t\t\t\t\t<\/div>\n\t\t\t\t\t\t\t\t\t\t\t<div class=\"wd-gallery-item\">\n\t\t\t\t\t\t\t\t\t\t\t\t\t\t<a href=\"https:\/\/hardouvelis.gr\/wp-content\/uploads\/2021\/04\/Jan-20-2006-Eurobank-Research-Department-Conference-on-Real-Estate.jpg\" data-elementor-open-lightbox=\"no\" data-index=\"14\" data-width=\"2244\" data-height=\"1500\"  title=\"Global Real Estate conference organized by the Eurobank Research Department on January 20, 2006 in Athens, Greece.  Group photo, from left: K. Tsatsaronis, I. Markus, N. Karamouzis, N. Nanopoulos, D. Malliaropulos, M. Iacoviello, G. Hardouvelis, J. McCarthy, F. Restoy, M. Walton\">\n\t\t\t\t\t\t\t\t\n\t\t\t\t\t\t\t\t\t\t\t\t\t\t\t\t\t<img loading=\"lazy\" decoding=\"async\" width=\"2244\" height=\"1500\" src=\"https:\/\/hardouvelis.gr\/wp-content\/uploads\/2021\/04\/Jan-20-2006-Eurobank-Research-Department-Conference-on-Real-Estate.jpg\" class=\"wd-gallery-image image-14 attachment-full\" alt=\"\" title=\"Global Real Estate conference organized by the Eurobank Research Department on January 20, 2006 in Athens, Greece.  Group photo, from left: K. Tsatsaronis, I. Markus, N. Karamouzis, N. Nanopoulos, D. Malliaropulos, M. Iacoviello, G. Hardouvelis, J. McCarthy, F. Restoy, M. Walton\" srcset=\"https:\/\/hardouvelis.gr\/wp-content\/uploads\/2021\/04\/Jan-20-2006-Eurobank-Research-Department-Conference-on-Real-Estate.jpg 2244w, https:\/\/hardouvelis.gr\/wp-content\/uploads\/2021\/04\/Jan-20-2006-Eurobank-Research-Department-Conference-on-Real-Estate-300x201.jpg 300w, https:\/\/hardouvelis.gr\/wp-content\/uploads\/2021\/04\/Jan-20-2006-Eurobank-Research-Department-Conference-on-Real-Estate-768x513.jpg 768w, https:\/\/hardouvelis.gr\/wp-content\/uploads\/2021\/04\/Jan-20-2006-Eurobank-Research-Department-Conference-on-Real-Estate-1024x684.jpg 1024w, https:\/\/hardouvelis.gr\/wp-content\/uploads\/2021\/04\/Jan-20-2006-Eurobank-Research-Department-Conference-on-Real-Estate-272x182.jpg 272w\" sizes=\"auto, (max-width: 2244px) 100vw, 2244px\" \/>\t\t\t\t\t\t\t\t\n\n\t\t\t\t\t\t\t\t\t\t\t\t\t\t\t<\/a>\n\t\t\t\t\t\t\t\t\t\t\t\t<\/div>\n\t\t\t\t\t\t\t\t\t\t\t<div class=\"wd-gallery-item\">\n\t\t\t\t\t\t\t\t\t\t\t\t\t\t<a href=\"https:\/\/hardouvelis.gr\/wp-content\/uploads\/2021\/04\/Jan-20-2006-MatteoIacoviello-Kostas-Tsatsaronis-Gikas-Hardouvelis-Fernando-Restoy.jpg\" data-elementor-open-lightbox=\"no\" data-index=\"15\" data-width=\"640\" data-height=\"433\"  title=\"Global Real Estate conference organized by the Eurobank Research Department on January 20, 2006 in Athens, Greece.  From left:  Matteo Iacoviello, Kostas Tsatsaronis, Gikas Hardouvelis, Fernando Restoy\">\n\t\t\t\t\t\t\t\t\n\t\t\t\t\t\t\t\t\t\t\t\t\t\t\t\t\t<img loading=\"lazy\" decoding=\"async\" width=\"640\" height=\"433\" src=\"https:\/\/hardouvelis.gr\/wp-content\/uploads\/2021\/04\/Jan-20-2006-MatteoIacoviello-Kostas-Tsatsaronis-Gikas-Hardouvelis-Fernando-Restoy.jpg\" class=\"wd-gallery-image image-15 attachment-full\" alt=\"\" title=\"Global Real Estate conference organized by the Eurobank Research Department on January 20, 2006 in Athens, Greece.  From left:  Matteo Iacoviello, Kostas Tsatsaronis, Gikas Hardouvelis, Fernando Restoy\" srcset=\"https:\/\/hardouvelis.gr\/wp-content\/uploads\/2021\/04\/Jan-20-2006-MatteoIacoviello-Kostas-Tsatsaronis-Gikas-Hardouvelis-Fernando-Restoy.jpg 640w, https:\/\/hardouvelis.gr\/wp-content\/uploads\/2021\/04\/Jan-20-2006-MatteoIacoviello-Kostas-Tsatsaronis-Gikas-Hardouvelis-Fernando-Restoy-300x203.jpg 300w\" sizes=\"auto, (max-width: 640px) 100vw, 640px\" \/>\t\t\t\t\t\t\t\t\n\n\t\t\t\t\t\t\t\t\t\t\t\t\t\t\t<\/a>\n\t\t\t\t\t\t\t\t\t\t\t\t<\/div>\n\t\t\t\t\t\t\t\t\t\t\t<div class=\"wd-gallery-item\">\n\t\t\t\t\t\t\t\t\t\t\t\t\t\t<a href=\"https:\/\/hardouvelis.gr\/wp-content\/uploads\/2021\/04\/5.KPMG-conference-on-Insurance.jpg\" data-elementor-open-lightbox=\"no\" data-index=\"16\" data-width=\"1623\" data-height=\"1189\"  title=\"Hardouvelis as a speaker at the KPMG 5th CFO Forum,  \u201cThe Business Environment in Greece: Risks and Opportunities,\u201d on May 23, 2006, in Athens, Greece\">\n\t\t\t\t\t\t\t\t\n\t\t\t\t\t\t\t\t\t\t\t\t\t\t\t\t\t<img loading=\"lazy\" decoding=\"async\" width=\"1623\" height=\"1189\" src=\"https:\/\/hardouvelis.gr\/wp-content\/uploads\/2021\/04\/5.KPMG-conference-on-Insurance.jpg\" class=\"wd-gallery-image image-16 attachment-full\" alt=\"\" title=\"Hardouvelis as a speaker at the KPMG 5th CFO Forum,  \u201cThe Business Environment in Greece: Risks and Opportunities,\u201d on May 23, 2006, in Athens, Greece\" srcset=\"https:\/\/hardouvelis.gr\/wp-content\/uploads\/2021\/04\/5.KPMG-conference-on-Insurance.jpg 1623w, https:\/\/hardouvelis.gr\/wp-content\/uploads\/2021\/04\/5.KPMG-conference-on-Insurance-300x220.jpg 300w, https:\/\/hardouvelis.gr\/wp-content\/uploads\/2021\/04\/5.KPMG-conference-on-Insurance-768x563.jpg 768w, https:\/\/hardouvelis.gr\/wp-content\/uploads\/2021\/04\/5.KPMG-conference-on-Insurance-1024x750.jpg 1024w\" sizes=\"auto, (max-width: 1623px) 100vw, 1623px\" \/>\t\t\t\t\t\t\t\t\n\n\t\t\t\t\t\t\t\t\t\t\t\t\t\t\t<\/a>\n\t\t\t\t\t\t\t\t\t\t\t\t<\/div>\n\t\t\t\t\t\t\t\t\t\t\t<div class=\"wd-gallery-item\">\n\t\t\t\t\t\t\t\t\t\t\t\t\t\t<a href=\"https:\/\/hardouvelis.gr\/wp-content\/uploads\/2021\/04\/Kitty-Michael-Dukakis-discuss-with-Gikas-Hardouvelis-and-Susan-Bezjian-Hardouvelis.jpg\" data-elementor-open-lightbox=\"no\" data-index=\"17\" data-width=\"626\" data-height=\"417\"  title=\"Kitty and Michael Dukakis in conversation with Gikas and Susan Bezjian Hardouvelis at the US embassy in Athens\">\n\t\t\t\t\t\t\t\t\n\t\t\t\t\t\t\t\t\t\t\t\t\t\t\t\t\t<img loading=\"lazy\" decoding=\"async\" width=\"626\" height=\"417\" src=\"https:\/\/hardouvelis.gr\/wp-content\/uploads\/2021\/04\/Kitty-Michael-Dukakis-discuss-with-Gikas-Hardouvelis-and-Susan-Bezjian-Hardouvelis.jpg\" class=\"wd-gallery-image image-17 attachment-full\" alt=\"\" title=\"Kitty and Michael Dukakis in conversation with Gikas and Susan Bezjian Hardouvelis at the US embassy in Athens\" srcset=\"https:\/\/hardouvelis.gr\/wp-content\/uploads\/2021\/04\/Kitty-Michael-Dukakis-discuss-with-Gikas-Hardouvelis-and-Susan-Bezjian-Hardouvelis.jpg 626w, https:\/\/hardouvelis.gr\/wp-content\/uploads\/2021\/04\/Kitty-Michael-Dukakis-discuss-with-Gikas-Hardouvelis-and-Susan-Bezjian-Hardouvelis-300x200.jpg 300w, https:\/\/hardouvelis.gr\/wp-content\/uploads\/2021\/04\/Kitty-Michael-Dukakis-discuss-with-Gikas-Hardouvelis-and-Susan-Bezjian-Hardouvelis-272x182.jpg 272w\" sizes=\"auto, (max-width: 626px) 100vw, 626px\" \/>\t\t\t\t\t\t\t\t\n\n\t\t\t\t\t\t\t\t\t\t\t\t\t\t\t<\/a>\n\t\t\t\t\t\t\t\t\t\t\t\t<\/div>\n\t\t\t\t\t\t\t\t\t\t\t<div class=\"wd-gallery-item\">\n\t\t\t\t\t\t\t\t\t\t\t\t\t\t<a href=\"https:\/\/hardouvelis.gr\/wp-content\/uploads\/2021\/04\/Gikas-Hardouvelis-with-Michael-Dukakis.jpg\" data-elementor-open-lightbox=\"no\" data-index=\"18\" data-width=\"614\" data-height=\"408\"  title=\"Gikas Hardouvelis with Michael Dukakis at the US embassy in Athens\">\n\t\t\t\t\t\t\t\t\n\t\t\t\t\t\t\t\t\t\t\t\t\t\t\t\t\t<img loading=\"lazy\" decoding=\"async\" width=\"614\" height=\"408\" src=\"https:\/\/hardouvelis.gr\/wp-content\/uploads\/2021\/04\/Gikas-Hardouvelis-with-Michael-Dukakis.jpg\" class=\"wd-gallery-image image-18 attachment-full\" alt=\"\" title=\"Gikas Hardouvelis with Michael Dukakis at the US embassy in Athens\" srcset=\"https:\/\/hardouvelis.gr\/wp-content\/uploads\/2021\/04\/Gikas-Hardouvelis-with-Michael-Dukakis.jpg 614w, https:\/\/hardouvelis.gr\/wp-content\/uploads\/2021\/04\/Gikas-Hardouvelis-with-Michael-Dukakis-300x199.jpg 300w, https:\/\/hardouvelis.gr\/wp-content\/uploads\/2021\/04\/Gikas-Hardouvelis-with-Michael-Dukakis-272x182.jpg 272w\" sizes=\"auto, (max-width: 614px) 100vw, 614px\" \/>\t\t\t\t\t\t\t\t\n\n\t\t\t\t\t\t\t\t\t\t\t\t\t\t\t<\/a>\n\t\t\t\t\t\t\t\t\t\t\t\t<\/div>\n\t\t\t\t\t\t\t\t\t\t\t<div class=\"wd-gallery-item\">\n\t\t\t\t\t\t\t\t\t\t\t\t\t\t<a href=\"https:\/\/hardouvelis.gr\/wp-content\/uploads\/2021\/05\/2806.jpg\" data-elementor-open-lightbox=\"no\" data-index=\"19\" data-width=\"1772\" data-height=\"1181\"  title=\"Gikas Hardouvelis giving a speech on the \u201cGlobal Financial Crisis and its Economic Impact\u201d at the American -Hellenic Chamber of Commerce, Thessaloniki, Greece, March 31, 2008\">\n\t\t\t\t\t\t\t\t\n\t\t\t\t\t\t\t\t\t\t\t\t\t\t\t\t\t<img loading=\"lazy\" decoding=\"async\" width=\"1772\" height=\"1181\" src=\"https:\/\/hardouvelis.gr\/wp-content\/uploads\/2021\/05\/2806.jpg\" class=\"wd-gallery-image image-19 attachment-full\" alt=\"\" title=\"Gikas Hardouvelis giving a speech on the \u201cGlobal Financial Crisis and its Economic Impact\u201d at the American -Hellenic Chamber of Commerce, Thessaloniki, Greece, March 31, 2008\" srcset=\"https:\/\/hardouvelis.gr\/wp-content\/uploads\/2021\/05\/2806.jpg 1772w, https:\/\/hardouvelis.gr\/wp-content\/uploads\/2021\/05\/2806-300x200.jpg 300w, https:\/\/hardouvelis.gr\/wp-content\/uploads\/2021\/05\/2806-768x512.jpg 768w, https:\/\/hardouvelis.gr\/wp-content\/uploads\/2021\/05\/2806-1024x682.jpg 1024w, https:\/\/hardouvelis.gr\/wp-content\/uploads\/2021\/05\/2806-272x182.jpg 272w\" sizes=\"auto, (max-width: 1772px) 100vw, 1772px\" \/>\t\t\t\t\t\t\t\t\n\n\t\t\t\t\t\t\t\t\t\t\t\t\t\t\t<\/a>\n\t\t\t\t\t\t\t\t\t\t\t\t<\/div>\n\t\t\t\t\t\t\t\t\t\t\t<div class=\"wd-gallery-item\">\n\t\t\t\t\t\t\t\t\t\t\t\t\t\t<a href=\"https:\/\/hardouvelis.gr\/wp-content\/uploads\/2021\/05\/2819.jpg\" data-elementor-open-lightbox=\"no\" data-index=\"20\" data-width=\"1772\" data-height=\"1181\"  title=\"Audience attending \u201cGlobal Financial Crisis and Economic Impact\u201d at American -Hellenic Chamber of Commerce Thessaloniki, March 31, 2008\">\n\t\t\t\t\t\t\t\t\n\t\t\t\t\t\t\t\t\t\t\t\t\t\t\t\t\t<img loading=\"lazy\" decoding=\"async\" width=\"1772\" height=\"1181\" src=\"https:\/\/hardouvelis.gr\/wp-content\/uploads\/2021\/05\/2819.jpg\" class=\"wd-gallery-image image-20 attachment-full\" alt=\"\" title=\"Audience attending \u201cGlobal Financial Crisis and Economic Impact\u201d at American -Hellenic Chamber of Commerce Thessaloniki, March 31, 2008\" srcset=\"https:\/\/hardouvelis.gr\/wp-content\/uploads\/2021\/05\/2819.jpg 1772w, https:\/\/hardouvelis.gr\/wp-content\/uploads\/2021\/05\/2819-300x200.jpg 300w, https:\/\/hardouvelis.gr\/wp-content\/uploads\/2021\/05\/2819-768x512.jpg 768w, https:\/\/hardouvelis.gr\/wp-content\/uploads\/2021\/05\/2819-1024x682.jpg 1024w, https:\/\/hardouvelis.gr\/wp-content\/uploads\/2021\/05\/2819-272x182.jpg 272w\" sizes=\"auto, (max-width: 1772px) 100vw, 1772px\" \/>\t\t\t\t\t\t\t\t\n\n\t\t\t\t\t\t\t\t\t\t\t\t\t\t\t<\/a>\n\t\t\t\t\t\t\t\t\t\t\t\t<\/div>\n\t\t\t\t\t\t\t\t\t\t\t<div class=\"wd-gallery-item\">\n\t\t\t\t\t\t\t\t\t\t\t\t\t\t<a href=\"https:\/\/hardouvelis.gr\/wp-content\/uploads\/2021\/05\/2815.jpg\" data-elementor-open-lightbox=\"no\" data-index=\"21\" data-width=\"1772\" data-height=\"1181\"  title=\"Audience attending \u201cGlobal Financial Crisis and Economic Impact\u201d at American -Hellenic Chamber of Commerce Thessaloniki, March 31, 2008\">\n\t\t\t\t\t\t\t\t\n\t\t\t\t\t\t\t\t\t\t\t\t\t\t\t\t\t<img loading=\"lazy\" decoding=\"async\" width=\"1772\" height=\"1181\" src=\"https:\/\/hardouvelis.gr\/wp-content\/uploads\/2021\/05\/2815.jpg\" class=\"wd-gallery-image image-21 attachment-full\" alt=\"\" title=\"Audience attending \u201cGlobal Financial Crisis and Economic Impact\u201d at American -Hellenic Chamber of Commerce Thessaloniki, March 31, 2008\" srcset=\"https:\/\/hardouvelis.gr\/wp-content\/uploads\/2021\/05\/2815.jpg 1772w, https:\/\/hardouvelis.gr\/wp-content\/uploads\/2021\/05\/2815-300x200.jpg 300w, https:\/\/hardouvelis.gr\/wp-content\/uploads\/2021\/05\/2815-768x512.jpg 768w, https:\/\/hardouvelis.gr\/wp-content\/uploads\/2021\/05\/2815-1024x682.jpg 1024w, https:\/\/hardouvelis.gr\/wp-content\/uploads\/2021\/05\/2815-272x182.jpg 272w\" sizes=\"auto, (max-width: 1772px) 100vw, 1772px\" \/>\t\t\t\t\t\t\t\t\n\n\t\t\t\t\t\t\t\t\t\t\t\t\t\t\t<\/a>\n\t\t\t\t\t\t\t\t\t\t\t\t<\/div>\n\t\t\t\t\t\t\t\t\t\t\t<div class=\"wd-gallery-item\">\n\t\t\t\t\t\t\t\t\t\t\t\t\t\t<a href=\"https:\/\/hardouvelis.gr\/wp-content\/uploads\/2021\/04\/Nikolopoulos-Hardouvelis-Stournaras-Mrsnik-American-Hellenic-Chamber-of-Commerce.jpg\" data-elementor-open-lightbox=\"no\" data-index=\"22\" data-width=\"640\" data-height=\"469\"  title=\"American Hellenic Chamber of Commerce, discussion on the International Financial Crisis, from Left:  Greg Nikolopoulos (moderator), Gikas Hardouvelis, Yannis Stournaras, and Marko Mrsnik,  on November 24, 2008, in Athens, Greece.\">\n\t\t\t\t\t\t\t\t\n\t\t\t\t\t\t\t\t\t\t\t\t\t\t\t\t\t<img loading=\"lazy\" decoding=\"async\" width=\"640\" height=\"469\" src=\"https:\/\/hardouvelis.gr\/wp-content\/uploads\/2021\/04\/Nikolopoulos-Hardouvelis-Stournaras-Mrsnik-American-Hellenic-Chamber-of-Commerce.jpg\" class=\"wd-gallery-image image-22 attachment-full\" alt=\"\" title=\"American Hellenic Chamber of Commerce, discussion on the International Financial Crisis, from Left:  Greg Nikolopoulos (moderator), Gikas Hardouvelis, Yannis Stournaras, and Marko Mrsnik,  on November 24, 2008, in Athens, Greece.\" srcset=\"https:\/\/hardouvelis.gr\/wp-content\/uploads\/2021\/04\/Nikolopoulos-Hardouvelis-Stournaras-Mrsnik-American-Hellenic-Chamber-of-Commerce.jpg 640w, https:\/\/hardouvelis.gr\/wp-content\/uploads\/2021\/04\/Nikolopoulos-Hardouvelis-Stournaras-Mrsnik-American-Hellenic-Chamber-of-Commerce-300x220.jpg 300w\" sizes=\"auto, (max-width: 640px) 100vw, 640px\" \/>\t\t\t\t\t\t\t\t\n\n\t\t\t\t\t\t\t\t\t\t\t\t\t\t\t<\/a>\n\t\t\t\t\t\t\t\t\t\t\t\t<\/div>\n\t\t\t\t\t\t\t\t\t\t\t\t<\/div>\n\t\t<\/div>\n\t\t\t\t[\/vc_tta_section][vc_tta_section title=&#8221;2004 &#8211; 2000&#8243; tab_id=&#8221;1684153584830-5d8c5d83-bec7&#8243;]\t\t<div id=\"gallery_996\" class=\"wd-images-gallery wd-rs-64622517136d6 wd-justify-center wd-items-middle view-justified photoswipe-images\" >\n\t\t\t<div class=\"gallery-images\">\n\t\t\t\t\t\t\t\t\t\t\t\t\t\t\t<div class=\"wd-gallery-item\">\n\t\t\t\t\t\t\t\t\t\t\t\t\t\t<a href=\"https:\/\/hardouvelis.gr\/wp-content\/uploads\/2021\/04\/June-3-2002-greeting-Mr.-ZHU-Rongji-Prime-Minister-of-the-Peoples-Republic-of-China-PM-Simitis-on-the-right.jpg\" data-elementor-open-lightbox=\"no\" data-index=\"1\" data-width=\"1639\" data-height=\"1186\"  title=\"Gikas Hardouvelis greeting Mr. Zhu Rongji, Premier of the People&#039;s Republic of China, and Costas Simitis, Greek Prime Minister (on the right), during an official visit in China, June 3, 2002, China\">\n\t\t\t\t\t\t\t\t\n\t\t\t\t\t\t\t\t\t\t\t\t\t\t\t\t\t<img loading=\"lazy\" decoding=\"async\" width=\"1639\" height=\"1186\" src=\"https:\/\/hardouvelis.gr\/wp-content\/uploads\/2021\/04\/June-3-2002-greeting-Mr.-ZHU-Rongji-Prime-Minister-of-the-Peoples-Republic-of-China-PM-Simitis-on-the-right.jpg\" class=\"wd-gallery-image image-1 attachment-full\" alt=\"\" title=\"Gikas Hardouvelis greeting Mr. Zhu Rongji, Premier of the People&#039;s Republic of China, and Costas Simitis, Greek Prime Minister (on the right), during an official visit in China, June 3, 2002, China\" srcset=\"https:\/\/hardouvelis.gr\/wp-content\/uploads\/2021\/04\/June-3-2002-greeting-Mr.-ZHU-Rongji-Prime-Minister-of-the-Peoples-Republic-of-China-PM-Simitis-on-the-right.jpg 1639w, https:\/\/hardouvelis.gr\/wp-content\/uploads\/2021\/04\/June-3-2002-greeting-Mr.-ZHU-Rongji-Prime-Minister-of-the-Peoples-Republic-of-China-PM-Simitis-on-the-right-300x217.jpg 300w, https:\/\/hardouvelis.gr\/wp-content\/uploads\/2021\/04\/June-3-2002-greeting-Mr.-ZHU-Rongji-Prime-Minister-of-the-Peoples-Republic-of-China-PM-Simitis-on-the-right-768x556.jpg 768w, https:\/\/hardouvelis.gr\/wp-content\/uploads\/2021\/04\/June-3-2002-greeting-Mr.-ZHU-Rongji-Prime-Minister-of-the-Peoples-Republic-of-China-PM-Simitis-on-the-right-1024x741.jpg 1024w\" sizes=\"auto, (max-width: 1639px) 100vw, 1639px\" \/>\t\t\t\t\t\t\t\t\n\n\t\t\t\t\t\t\t\t\t\t\t\t\t\t\t<\/a>\n\t\t\t\t\t\t\t\t\t\t\t\t<\/div>\n\t\t\t\t\t\t\t\t\t\t\t<div class=\"wd-gallery-item\">\n\t\t\t\t\t\t\t\t\t\t\t\t\t\t<a href=\"https:\/\/hardouvelis.gr\/wp-content\/uploads\/2021\/04\/June-3-2002-Greeting-Mr.-Jiang-Zemin-President-of-the-Peoples-Republic-of-China_-PM-Simitis-_For.-Min-Papandreou-in-the-background.jpg\" data-elementor-open-lightbox=\"no\" data-index=\"2\" data-width=\"1643\" data-height=\"1179\"  title=\"Gikas Hardouvelis greeting Mr. Jiang Zemin President of the People&#039;s Republic of China during an official visit in China with Costas Simitis, Greek Prime Minister (centre), and G. Papandreou, Minister of Foreign Affairs, June 3, 2002, China\">\n\t\t\t\t\t\t\t\t\n\t\t\t\t\t\t\t\t\t\t\t\t\t\t\t\t\t<img loading=\"lazy\" decoding=\"async\" width=\"1643\" height=\"1179\" src=\"https:\/\/hardouvelis.gr\/wp-content\/uploads\/2021\/04\/June-3-2002-Greeting-Mr.-Jiang-Zemin-President-of-the-Peoples-Republic-of-China_-PM-Simitis-_For.-Min-Papandreou-in-the-background.jpg\" class=\"wd-gallery-image image-2 attachment-full\" alt=\"\" title=\"Gikas Hardouvelis greeting Mr. Jiang Zemin President of the People&#039;s Republic of China during an official visit in China with Costas Simitis, Greek Prime Minister (centre), and G. Papandreou, Minister of Foreign Affairs, June 3, 2002, China\" srcset=\"https:\/\/hardouvelis.gr\/wp-content\/uploads\/2021\/04\/June-3-2002-Greeting-Mr.-Jiang-Zemin-President-of-the-Peoples-Republic-of-China_-PM-Simitis-_For.-Min-Papandreou-in-the-background.jpg 1643w, https:\/\/hardouvelis.gr\/wp-content\/uploads\/2021\/04\/June-3-2002-Greeting-Mr.-Jiang-Zemin-President-of-the-Peoples-Republic-of-China_-PM-Simitis-_For.-Min-Papandreou-in-the-background-300x215.jpg 300w, https:\/\/hardouvelis.gr\/wp-content\/uploads\/2021\/04\/June-3-2002-Greeting-Mr.-Jiang-Zemin-President-of-the-Peoples-Republic-of-China_-PM-Simitis-_For.-Min-Papandreou-in-the-background-768x551.jpg 768w, https:\/\/hardouvelis.gr\/wp-content\/uploads\/2021\/04\/June-3-2002-Greeting-Mr.-Jiang-Zemin-President-of-the-Peoples-Republic-of-China_-PM-Simitis-_For.-Min-Papandreou-in-the-background-1024x735.jpg 1024w\" sizes=\"auto, (max-width: 1643px) 100vw, 1643px\" \/>\t\t\t\t\t\t\t\t\n\n\t\t\t\t\t\t\t\t\t\t\t\t\t\t\t<\/a>\n\t\t\t\t\t\t\t\t\t\t\t\t<\/div>\n\t\t\t\t\t\t\t\t\t\t\t<div class=\"wd-gallery-item\">\n\t\t\t\t\t\t\t\t\t\t\t\t\t\t<a href=\"https:\/\/hardouvelis.gr\/wp-content\/uploads\/2021\/04\/\u03a7\u03b1\u03c1\u03b4\u03bf\u03cd\u03b2\u03b5\u03bb\u03b7\u03c2-\u0398\u03ad\u03bc\u03b5\u03bb\u03b7\u03c2-\u03a3\u03b7\u03bc\u03af\u03c4\u03b7\u03c2.png\" data-elementor-open-lightbox=\"no\" data-index=\"3\" data-width=\"638\" data-height=\"419\"  title=\"Gikas Hardouvelis (left), Nikos Themelis (centre) and Costas Simitis, Greek Prime Minister, during an official visit in China, June 3, 2002\">\n\t\t\t\t\t\t\t\t\n\t\t\t\t\t\t\t\t\t\t\t\t\t\t\t\t\t<img loading=\"lazy\" decoding=\"async\" width=\"638\" height=\"419\" src=\"https:\/\/hardouvelis.gr\/wp-content\/uploads\/2021\/04\/\u03a7\u03b1\u03c1\u03b4\u03bf\u03cd\u03b2\u03b5\u03bb\u03b7\u03c2-\u0398\u03ad\u03bc\u03b5\u03bb\u03b7\u03c2-\u03a3\u03b7\u03bc\u03af\u03c4\u03b7\u03c2.png\" class=\"wd-gallery-image image-3 attachment-full\" alt=\"\" title=\"Gikas Hardouvelis (left), Nikos Themelis (centre) and Costas Simitis, Greek Prime Minister, during an official visit in China, June 3, 2002\" srcset=\"https:\/\/hardouvelis.gr\/wp-content\/uploads\/2021\/04\/\u03a7\u03b1\u03c1\u03b4\u03bf\u03cd\u03b2\u03b5\u03bb\u03b7\u03c2-\u0398\u03ad\u03bc\u03b5\u03bb\u03b7\u03c2-\u03a3\u03b7\u03bc\u03af\u03c4\u03b7\u03c2.png 638w, https:\/\/hardouvelis.gr\/wp-content\/uploads\/2021\/04\/\u03a7\u03b1\u03c1\u03b4\u03bf\u03cd\u03b2\u03b5\u03bb\u03b7\u03c2-\u0398\u03ad\u03bc\u03b5\u03bb\u03b7\u03c2-\u03a3\u03b7\u03bc\u03af\u03c4\u03b7\u03c2-300x197.png 300w\" sizes=\"auto, (max-width: 638px) 100vw, 638px\" \/>\t\t\t\t\t\t\t\t\n\n\t\t\t\t\t\t\t\t\t\t\t\t\t\t\t<\/a>\n\t\t\t\t\t\t\t\t\t\t\t\t<\/div>\n\t\t\t\t\t\t\t\t\t\t\t<div class=\"wd-gallery-item\">\n\t\t\t\t\t\t\t\t\t\t\t\t\t\t<a href=\"https:\/\/hardouvelis.gr\/wp-content\/uploads\/2021\/04\/April-2004-Economic-Office-of-the-Prime-Minister-fro-left-Sp-Zarkos-I-Gkionis-G-Hardouvelis-Th-Sampaniotis-Ph-Sachinidis.jpg\" data-elementor-open-lightbox=\"no\" data-index=\"4\" data-width=\"1024\" data-height=\"768\"  title=\"The Economics Office Team of the Prime Minister, from left:  Spyros Zarkos, Ioannis Gkionis, Gikas Hardouvelis (the director), Theodossios Sampaniotis, and Philippos Sachinidis, in the Stathatos Mansion, Athens, March 2004\">\n\t\t\t\t\t\t\t\t\n\t\t\t\t\t\t\t\t\t\t\t\t\t\t\t\t\t<img loading=\"lazy\" decoding=\"async\" width=\"1024\" height=\"768\" src=\"https:\/\/hardouvelis.gr\/wp-content\/uploads\/2021\/04\/April-2004-Economic-Office-of-the-Prime-Minister-fro-left-Sp-Zarkos-I-Gkionis-G-Hardouvelis-Th-Sampaniotis-Ph-Sachinidis.jpg\" class=\"wd-gallery-image image-4 attachment-full\" alt=\"\" title=\"The Economics Office Team of the Prime Minister, from left:  Spyros Zarkos, Ioannis Gkionis, Gikas Hardouvelis (the director), Theodossios Sampaniotis, and Philippos Sachinidis, in the Stathatos Mansion, Athens, March 2004\" srcset=\"https:\/\/hardouvelis.gr\/wp-content\/uploads\/2021\/04\/April-2004-Economic-Office-of-the-Prime-Minister-fro-left-Sp-Zarkos-I-Gkionis-G-Hardouvelis-Th-Sampaniotis-Ph-Sachinidis.jpg 1024w, https:\/\/hardouvelis.gr\/wp-content\/uploads\/2021\/04\/April-2004-Economic-Office-of-the-Prime-Minister-fro-left-Sp-Zarkos-I-Gkionis-G-Hardouvelis-Th-Sampaniotis-Ph-Sachinidis-300x225.jpg 300w, https:\/\/hardouvelis.gr\/wp-content\/uploads\/2021\/04\/April-2004-Economic-Office-of-the-Prime-Minister-fro-left-Sp-Zarkos-I-Gkionis-G-Hardouvelis-Th-Sampaniotis-Ph-Sachinidis-768x576.jpg 768w, https:\/\/hardouvelis.gr\/wp-content\/uploads\/2021\/04\/April-2004-Economic-Office-of-the-Prime-Minister-fro-left-Sp-Zarkos-I-Gkionis-G-Hardouvelis-Th-Sampaniotis-Ph-Sachinidis-350x263.jpg 350w, https:\/\/hardouvelis.gr\/wp-content\/uploads\/2021\/04\/April-2004-Economic-Office-of-the-Prime-Minister-fro-left-Sp-Zarkos-I-Gkionis-G-Hardouvelis-Th-Sampaniotis-Ph-Sachinidis-780x586.jpg 780w, https:\/\/hardouvelis.gr\/wp-content\/uploads\/2021\/04\/April-2004-Economic-Office-of-the-Prime-Minister-fro-left-Sp-Zarkos-I-Gkionis-G-Hardouvelis-Th-Sampaniotis-Ph-Sachinidis-250x188.jpg 250w\" sizes=\"auto, (max-width: 1024px) 100vw, 1024px\" \/>\t\t\t\t\t\t\t\t\n\n\t\t\t\t\t\t\t\t\t\t\t\t\t\t\t<\/a>\n\t\t\t\t\t\t\t\t\t\t\t\t<\/div>\n\t\t\t\t\t\t\t\t\t\t\t<div class=\"wd-gallery-item\">\n\t\t\t\t\t\t\t\t\t\t\t\t\t\t<a href=\"https:\/\/hardouvelis.gr\/wp-content\/uploads\/2021\/04\/June-2004-Cyprus-Academic-Council-Professors-of-International-Institute-of-Management.jpg\" data-elementor-open-lightbox=\"no\" data-index=\"5\" data-width=\"2272\" data-height=\"1704\"  title=\"Members of the Cyprus Institute of Management Academic Council, from left: Costas Markides, Theodore Panayotou (Dean, sitting), Gikas Hardouvelis, Gorge Constantinides, Panayiotis Theodossiou (sitting), December 2004\">\n\t\t\t\t\t\t\t\t\n\t\t\t\t\t\t\t\t\t\t\t\t\t\t\t\t\t<img loading=\"lazy\" decoding=\"async\" width=\"2272\" height=\"1704\" src=\"https:\/\/hardouvelis.gr\/wp-content\/uploads\/2021\/04\/June-2004-Cyprus-Academic-Council-Professors-of-International-Institute-of-Management.jpg\" class=\"wd-gallery-image image-5 attachment-full\" alt=\"\" title=\"Members of the Cyprus Institute of Management Academic Council, from left: Costas Markides, Theodore Panayotou (Dean, sitting), Gikas Hardouvelis, Gorge Constantinides, Panayiotis Theodossiou (sitting), December 2004\" srcset=\"https:\/\/hardouvelis.gr\/wp-content\/uploads\/2021\/04\/June-2004-Cyprus-Academic-Council-Professors-of-International-Institute-of-Management.jpg 2272w, https:\/\/hardouvelis.gr\/wp-content\/uploads\/2021\/04\/June-2004-Cyprus-Academic-Council-Professors-of-International-Institute-of-Management-300x225.jpg 300w, https:\/\/hardouvelis.gr\/wp-content\/uploads\/2021\/04\/June-2004-Cyprus-Academic-Council-Professors-of-International-Institute-of-Management-768x576.jpg 768w, https:\/\/hardouvelis.gr\/wp-content\/uploads\/2021\/04\/June-2004-Cyprus-Academic-Council-Professors-of-International-Institute-of-Management-1024x768.jpg 1024w, https:\/\/hardouvelis.gr\/wp-content\/uploads\/2021\/04\/June-2004-Cyprus-Academic-Council-Professors-of-International-Institute-of-Management-350x263.jpg 350w, https:\/\/hardouvelis.gr\/wp-content\/uploads\/2021\/04\/June-2004-Cyprus-Academic-Council-Professors-of-International-Institute-of-Management-780x586.jpg 780w, https:\/\/hardouvelis.gr\/wp-content\/uploads\/2021\/04\/June-2004-Cyprus-Academic-Council-Professors-of-International-Institute-of-Management-250x188.jpg 250w\" sizes=\"auto, (max-width: 2272px) 100vw, 2272px\" \/>\t\t\t\t\t\t\t\t\n\n\t\t\t\t\t\t\t\t\t\t\t\t\t\t\t<\/a>\n\t\t\t\t\t\t\t\t\t\t\t\t<\/div>\n\t\t\t\t\t\t\t\t\t\t\t<div class=\"wd-gallery-item\">\n\t\t\t\t\t\t\t\t\t\t\t\t\t\t<a href=\"https:\/\/hardouvelis.gr\/wp-content\/uploads\/2021\/04\/Christmas-2003-Univeristy-of-Piraeus-Finance-Dept-students.jpg\" data-elementor-open-lightbox=\"no\" data-index=\"6\" data-width=\"2288\" data-height=\"1712\"  title=\"University of Piraeus, Department of Banking and Finance students on a pre-Christmas gathering in 2004\">\n\t\t\t\t\t\t\t\t\n\t\t\t\t\t\t\t\t\t\t\t\t\t\t\t\t\t<img loading=\"lazy\" decoding=\"async\" width=\"2288\" height=\"1712\" src=\"https:\/\/hardouvelis.gr\/wp-content\/uploads\/2021\/04\/Christmas-2003-Univeristy-of-Piraeus-Finance-Dept-students.jpg\" class=\"wd-gallery-image image-6 attachment-full\" alt=\"\" title=\"University of Piraeus, Department of Banking and Finance students on a pre-Christmas gathering in 2004\" srcset=\"https:\/\/hardouvelis.gr\/wp-content\/uploads\/2021\/04\/Christmas-2003-Univeristy-of-Piraeus-Finance-Dept-students.jpg 2288w, https:\/\/hardouvelis.gr\/wp-content\/uploads\/2021\/04\/Christmas-2003-Univeristy-of-Piraeus-Finance-Dept-students-300x224.jpg 300w, https:\/\/hardouvelis.gr\/wp-content\/uploads\/2021\/04\/Christmas-2003-Univeristy-of-Piraeus-Finance-Dept-students-768x575.jpg 768w, https:\/\/hardouvelis.gr\/wp-content\/uploads\/2021\/04\/Christmas-2003-Univeristy-of-Piraeus-Finance-Dept-students-1024x766.jpg 1024w, https:\/\/hardouvelis.gr\/wp-content\/uploads\/2021\/04\/Christmas-2003-Univeristy-of-Piraeus-Finance-Dept-students-350x263.jpg 350w, https:\/\/hardouvelis.gr\/wp-content\/uploads\/2021\/04\/Christmas-2003-Univeristy-of-Piraeus-Finance-Dept-students-250x188.jpg 250w\" sizes=\"auto, (max-width: 2288px) 100vw, 2288px\" \/>\t\t\t\t\t\t\t\t\n\n\t\t\t\t\t\t\t\t\t\t\t\t\t\t\t<\/a>\n\t\t\t\t\t\t\t\t\t\t\t\t<\/div>\n\t\t\t\t\t\t\t\t\t\t\t\t<\/div>\n\t\t<\/div>\n\t\t\t\t[\/vc_tta_section][\/vc_tta_tabs][\/vc_column][vc_column][\/vc_column][\/vc_row]<\/p>\n<p><\/p>\n<\/div>","protected":false},"excerpt":{"rendered":"<p>[vc_row][vc_column][vc_tta_tabs active_section=&#8221;1&#8243; el_id=&#8221;photos-collection&#8221;][vc_tta_section title=&#8221;2025&#8243; tab_id=&#8221;1721822880461-aa10c484-04e8&#8243;][\/vc_tta_section][vc_tta_section title=&#8221;2024&#8243; tab_id=&#8221;1749832876983-f08beabe-89d2&#8243;][\/vc_tta_section][vc_tta_section title=&#8221;2023&#8243; tab_id=&#8221;1721732725498-246e4871-024d&#8221;][\/vc_tta_section][vc_tta_section title=&#8221;2020&#8243; tab_id=&#8221;1684148964080-58cd8576-0131&#8243;][\/vc_tta_section][vc_tta_section title=&#8221;2019&#8243; tab_id=&#8221;1684148964092-a160107b-0759&#8243;][\/vc_tta_section][vc_tta_section title=&#8221;2018 &#8211; 2017&#8243; tab_id=&#8221;1684149576551-2521da9d-6e22&#8243;][\/vc_tta_section][vc_tta_section title=&#8221;2016&#8243; tab_id=&#8221;1684151666877-975659c2-2d4a&#8221;][\/vc_tta_section][vc_tta_section title=&#8221;2015&#8243;<\/p>\n","protected":false},"author":1,"featured_media":4399,"parent":0,"menu_order":0,"comment_status":"closed","ping_status":"closed","template":"","meta":{"_acf_changed":false,"footnotes":""},"yst_prominent_words":[],"class_list":["post-385","page","type-page","status-publish","has-post-thumbnail","hentry"],"acf":[],"_links":{"self":[{"href":"https:\/\/hardouvelis.gr\/el\/wp-json\/wp\/v2\/pages\/385","targetHints":{"allow":["GET"]}}],"collection":[{"href":"https:\/\/hardouvelis.gr\/el\/wp-json\/wp\/v2\/pages"}],"about":[{"href":"https:\/\/hardouvelis.gr\/el\/wp-json\/wp\/v2\/types\/page"}],"author":[{"embeddable":true,"href":"https:\/\/hardouvelis.gr\/el\/wp-json\/wp\/v2\/users\/1"}],"replies":[{"embeddable":true,"href":"https:\/\/hardouvelis.gr\/el\/wp-json\/wp\/v2\/comments?post=385"}],"version-history":[{"count":249,"href":"https:\/\/hardouvelis.gr\/el\/wp-json\/wp\/v2\/pages\/385\/revisions"}],"predecessor-version":[{"id":5070,"href":"https:\/\/hardouvelis.gr\/el\/wp-json\/wp\/v2\/pages\/385\/revisions\/5070"}],"wp:featuredmedia":[{"embeddable":true,"href":"https:\/\/hardouvelis.gr\/el\/wp-json\/wp\/v2\/media\/4399"}],"wp:attachment":[{"href":"https:\/\/hardouvelis.gr\/el\/wp-json\/wp\/v2\/media?parent=385"}],"wp:term":[{"taxonomy":"yst_prominent_words","embeddable":true,"href":"https:\/\/hardouvelis.gr\/el\/wp-json\/wp\/v2\/yst_prominent_words?post=385"}],"curies":[{"name":"wp","href":"https:\/\/api.w.org\/{rel}","templated":true}]}}